{"id":1487,"date":"2018-05-10T10:17:08","date_gmt":"2018-05-10T09:17:08","guid":{"rendered":"https:\/\/ifesworld.org\/word-world\/numero-5-la-violence-envers-les-femmes-a-luniversite\/"},"modified":"2019-12-16T15:42:25","modified_gmt":"2019-12-16T15:42:25","slug":"numero-5-la-violence-envers-les-femmes-a-luniversite","status":"publish","type":"word_world","link":"https:\/\/ifesworld.org\/fr\/journal\/numero-5-la-violence-envers-les-femmes-a-luniversite\/","title":{"rendered":"Num\u00e9ro 5: La violence envers les femmes \u00e0 l\u2019universit\u00e9"},"content":{"rendered":"<p>Avec l\u2019abondance de hashtags #MoiAussi qui occupent actuellement l\u2019attention des m\u00e9dias d\u2019information et du public en g\u00e9n\u00e9ral, le moment nous semble parfait \u00e0 l\u2019IFES pour nous joindre \u00e0 la conversation actuelle sur la violence sexuelle. Dans la pr\u00e9sente \u00e9dition, la violence envers les femmes sur les campus universitaires est abord\u00e9e par quatre femmes originaires de l\u2019Inde, d\u2019Afrique du Sud, des \u00c9tats-Unis et du Br\u00e9sil. Bien qu\u2019il s\u2019agisse de quatre continents diff\u00e9rents et que ces femmes m\u00e8nent des vies diff\u00e9rentes, leurs histoires et leurs r\u00e9flexions traitent de th\u00e8mes universels. Elles nous disent que la violence sexuelle est tr\u00e8s r\u00e9pandue sur les campus et qu\u2019elle est rarement rapport\u00e9e&nbsp;; aussi, que trop peu est fait pour pr\u00e9venir ce fl\u00e9au et venir en aide aux victimes&nbsp;; et aussi que la religion joue un r\u00f4le d\u00e9terminant dans la culture du viol qui pr\u00e9vaut dans les milieux universitaires\u200a\u2014\u200abien qu\u2019elle puisse \u00eatre \u00e9galement une force permettant d\u2019\u00e9radiquer ce fl\u00e9au.<\/p>\n<p>Plusieurs trouvent difficile de discuter de violence sexuelle. Plusieurs trouvent encore plus difficile de reconna\u00eetre le r\u00f4le que peut jouer la religion dans la violence sexuelle. Mais ce que #MoiAussi nous a d\u00e9montr\u00e9, c\u2019est que la violence sexuelle envers les femmes est beaucoup plus fr\u00e9quente que la soci\u00e9t\u00e9 est pr\u00eate \u00e0 l\u2019admettre. En lisant ces articles et en r\u00e9fl\u00e9chissant aux questions pr\u00e9par\u00e9es en vue de la discussion, vous ferez peut-\u00eatre le pas d\u00e9cisif de vous joindre \u00e0 la communaut\u00e9 de gens qui condamnent toute forme de violence, qui accordent une valeur \u00e9gale aux hommes et aux femmes, et qui s\u2019efforcent d\u2019aimer et de soutenir les victimes de maltraitance de mani\u00e8re inconditionnelle.<\/p>\n<p>En me demandant de servir en tant qu\u2019\u00e9ditrice invit\u00e9e pour le pr\u00e9sent num\u00e9ro, l\u2019\u00e9diteur de <em>Parole et Monde, <\/em>Robert W. Heimburger, m\u2019a \u00e9galement demand\u00e9 d\u2019y r\u00e9diger un article. <a href=\"https:\/\/ifesworld.org\/fr\/journal\/quest-ce-que-la-culture-du-viol-sur-le-campus-elisabet-le-roux\/\"><strong>Mon papier<\/strong><\/a> traite du ph\u00e9nom\u00e8ne de la culture du viol qui pr\u00e9vaut dans le contexte des universit\u00e9s d\u2019Afrique du Sud. Expliquant les origines et le sens de l\u2019expression controvers\u00e9e \u00ab&nbsp;culture du viol sur les campus&nbsp;\u00bb, mon article explique pourquoi la violence sexuelle est si r\u00e9pandue dans les milieux universitaires. Il examine \u00e9galement le r\u00f4le de la religion dans le fait que cette culture se r\u00e9pand si facilement&nbsp;; il rappelle que la religion est aussi une source d\u2019espoir, et montre comment elle peut contribuer \u00e0 l\u2019\u00e9radication de ce fl\u00e9au qu\u2019est le viol.<\/p>\n<p><a href=\"https:\/\/ifesworld.org\/fr\/journal\/les-filles-au-dela-dipanema-deborah-vieira\/\"><strong>Deborah Vieira<\/strong><\/a> nous parle du Br\u00e9sil et nous d\u00e9voile comment les universit\u00e9s font fi de la violence faite aux femmes sur les campus. Elle r\u00e9v\u00e8le la complicit\u00e9 des chr\u00e9tiens dans ce mal commis, identifiant diff\u00e9rentes croyances et attitudes n\u00e9fastes qui trouvent leur justification dans des convictions religieuses. Elle se tourne ensuite vers la Bible pour expliquer pourquoi les choses ne devraient pas se passer ainsi et elle cite l\u2019exemple des groupes ABUB, le mouvement de l\u2019IFES au Br\u00e9sil, pour illustrer comment des \u00e9tudiants chr\u00e9tiens peuvent contrer ce ph\u00e9nom\u00e8ne du viol de mani\u00e8re positive et constructive.<\/p>\n<p><a href=\"https:\/\/ifesworld.org\/fr\/journal\/laffaire-de-tout-le-monde-kendall-cox\/\"><strong>Kendall Cox<\/strong><\/a> s\u2019inspire de son exp\u00e9rience d\u2019\u00e9tudiante d\u2019abord, puis de professeure \u00e0 l\u2019universit\u00e9 de l\u2019\u00c9tat de Virginie, aux \u00c9tats-Unis, pour examiner comment la violence sexuelle pr\u00e9vaut sur les diff\u00e9rents campus universitaires. R\u00e9fl\u00e9chissant sur les interventions de passants et t\u00e9moins de tels \u00e9v\u00e9nements, elle souligne comment de nombreuses r\u00e9actions de chr\u00e9tiens \u00e0 cet enjeu du viol enveniment les choses, surtout pour les victimes de tels actes. Elle invite les chr\u00e9tiens \u00e0 \u00ab&nbsp;pleurer avec ceux et celles qui pleurent&nbsp;\u00bb et \u00e0 exprimer leur col\u00e8re devant l\u2019injustice et la violence auxquelles les femmes sont expos\u00e9es.<\/p>\n<p><a href=\"https:\/\/ifesworld.org\/fr\/journal\/la-violence-masculine-envers-les-femmes-sur-les-campus-jamila-koshy\/\"><strong>Jamila Koshy<\/strong><\/a> s\u2019inspire de l\u2019histoire biblique de Tamar comme guide d\u2019une discussion sur la violence faite aux femmes sur les campus. Elle nous montre \u00e0 quel point ce r\u00e9cit si peu souvent lu et m\u00e9dit\u00e9\u200a\u2014\u200aparce qu\u2019il est terrifiant\u200a\u2014\u200aa beaucoup \u00e0 nous apprendre sur la mani\u00e8re funeste dont les structures sociales de pouvoir patriarcal maltraitent les femmes. Puis, elle poursuit sa pens\u00e9e en montrant comment les chr\u00e9tiens devraient r\u00e9agir devant une telle violence et \u00e0 l\u2019\u00e9gard des victimes de cette maltraitance.<\/p>\n<p>Notre souhait le plus cher est que ces r\u00e9flexions sur la violence sexuelle sur les campus vous inspirent et vous guident dans votre r\u00e9flexion et vos interventions.<\/p>\n<p><strong>Elisabet le Roux,<\/strong> <strong>\u00e9ditrice invit\u00e9e<\/strong><br>\n<a href=\"mailto:wordandworld@ifesworld.org\" target=\"_blank\" rel=\"noopener noreferrer\">wordandworld@ifesworld.org<\/a><\/p>\n\n<div class=\"wp-block block-acf-ifesbutton\">\n<div class=\"\">\n    <a id=\"btn-block_5d67a964786ee\" target=\"\" href=\"https:\/\/ifes.world\/2zuSdCI\" class=\"btn btn--cta-link\">\n        <span>\n                    <span class=\"icon\"><svg class=\"icon\"><use xlink:href=\"#chevron-circle-right-solid\"\/><\/svg><\/span>\n        T\u00e9l\u00e9charger le 5e num\u00e9ro de Parole et Monde (PDF)        <\/span>\n    <\/a>\n<\/div>\n\n<\/div>\n\n<div class=\"wp-block block-core-paragraph\">\n<p class=\"wp-block-paragraph\"><a rel=\"noreferrer noopener\" aria-label=\"Abonnez-vous \u00e0 la liste de diffusion pour \u00eatre inform\u00e9 de la parution des prochains num\u00e9ros. (opens in a new tab)\" href=\"https:\/\/ifes.typeform.com\/to\/gbKvf5\" target=\"_blank\">Abonnez-vous \u00e0 la liste de diffusion pour \u00eatre inform\u00e9 de la parution des prochains num\u00e9ros.<\/a><\/p>\n<\/div>\n\n<div class=\"wp-block block-core-paragraph\">\n<p class=\"wp-block-paragraph\"><a href=\"https:\/\/facebook.com\/groups\/ifeswordandworld\/\" target=\"_blank\" rel=\"noreferrer noopener\" aria-label=\"Lisez cette parution avec d\u2019autres, et participez \u00e0 la conversation dans le groupe Facebook Parole et Monde. (opens in a new tab)\">Lisez cette parution avec d\u2019autres, et participez \u00e0 la conversation dans le groupe Facebook Parole et Monde.<\/a><\/p>\n<\/div>","protected":false},"featured_media":1526,"template":"","area":[],"theme":[1228],"class_list":["post-1487","word_world","type-word_world","status-publish","has-post-thumbnail","hentry","theme-parole-et-monde"],"acf":[],"yoast_head":"<!-- This site is optimized with the Yoast SEO plugin v27.2 - https:\/\/yoast.com\/product\/yoast-seo-wordpress\/ -->\n<title>Num\u00e9ro 5: La violence envers les femmes \u00e0 l\u2019universit\u00e9 &#183; IFES<\/title>\n<meta name=\"description\" content=\"Avec l\u2019abondance de hashtags #MoiAussi qui occupent actuellement l\u2019attention des m\u00e9dias d\u2019information et du public en g\u00e9n\u00e9ral, le moment nous semble\" \/>\n<meta name=\"robots\" content=\"index, follow, max-snippet:-1, max-image-preview:large, max-video-preview:-1\" \/>\n<link rel=\"canonical\" href=\"https:\/\/ifesworld.org\/en\/journal\/issue-5-violence-against-women-in-the-university\/\" \/>\n<meta property=\"og:locale\" content=\"fr_FR\" \/>\n<meta property=\"og:type\" content=\"article\" \/>\n<meta property=\"og:title\" content=\"Num\u00e9ro 5: La violence envers les femmes \u00e0 l\u2019universit\u00e9 &#183; IFES\" \/>\n<meta property=\"og:description\" content=\"Avec l\u2019abondance de hashtags #MoiAussi qui occupent actuellement l\u2019attention des m\u00e9dias d\u2019information et du public en g\u00e9n\u00e9ral, le moment nous semble\" \/>\n<meta property=\"og:url\" content=\"https:\/\/ifesworld.org\/en\/journal\/issue-5-violence-against-women-in-the-university\/\" \/>\n<meta property=\"og:site_name\" content=\"IFES\" \/>\n<meta property=\"article:modified_time\" content=\"2019-12-16T15:42:25+00:00\" \/>\n<meta property=\"og:image\" content=\"https:\/\/ifesworld.org\/wp-content\/uploads\/2019\/05\/ccd36-1zhlnoyplodniuaz_j4wc5a.jpeg\" \/>\n\t<meta property=\"og:image:width\" content=\"1200\" \/>\n\t<meta property=\"og:image:height\" content=\"437\" \/>\n\t<meta property=\"og:image:type\" content=\"image\/jpeg\" \/>\n<meta name=\"twitter:card\" content=\"summary_large_image\" \/>\n<meta name=\"twitter:label1\" content=\"Dur\u00e9e de lecture estim\u00e9e\" \/>\n\t<meta name=\"twitter:data1\" content=\"4 minutes\" \/>\n<script type=\"application\/ld+json\" class=\"yoast-schema-graph\">{\"@context\":\"https:\/\/schema.org\",\"@graph\":[{\"@type\":\"WebPage\",\"@id\":\"https:\/\/ifesworld.org\/en\/journal\/issue-5-violence-against-women-in-the-university\/\",\"url\":\"https:\/\/ifesworld.org\/en\/journal\/issue-5-violence-against-women-in-the-university\/\",\"name\":\"Num\u00e9ro 5: La violence envers les femmes \u00e0 l\u2019universit\u00e9 &#183; IFES\",\"isPartOf\":{\"@id\":\"https:\/\/ifesworld.org\/es\/#website\"},\"primaryImageOfPage\":{\"@id\":\"https:\/\/ifesworld.org\/en\/journal\/issue-5-violence-against-women-in-the-university\/#primaryimage\"},\"image\":{\"@id\":\"https:\/\/ifesworld.org\/en\/journal\/issue-5-violence-against-women-in-the-university\/#primaryimage\"},\"thumbnailUrl\":\"https:\/\/ifesworld.org\/wp-content\/uploads\/2019\/05\/ccd36-1zhlnoyplodniuaz_j4wc5a.jpeg\",\"datePublished\":\"2018-05-10T09:17:08+00:00\",\"dateModified\":\"2019-12-16T15:42:25+00:00\",\"description\":\"Avec l\u2019abondance de hashtags #MoiAussi qui occupent actuellement l\u2019attention des m\u00e9dias d\u2019information et du public en g\u00e9n\u00e9ral, le moment nous semble\",\"breadcrumb\":{\"@id\":\"https:\/\/ifesworld.org\/en\/journal\/issue-5-violence-against-women-in-the-university\/#breadcrumb\"},\"inLanguage\":\"fr-FR\",\"potentialAction\":[{\"@type\":\"ReadAction\",\"target\":[\"https:\/\/ifesworld.org\/en\/journal\/issue-5-violence-against-women-in-the-university\/\"]}]},{\"@type\":\"ImageObject\",\"inLanguage\":\"fr-FR\",\"@id\":\"https:\/\/ifesworld.org\/en\/journal\/issue-5-violence-against-women-in-the-university\/#primaryimage\",\"url\":\"https:\/\/ifesworld.org\/wp-content\/uploads\/2019\/05\/ccd36-1zhlnoyplodniuaz_j4wc5a.jpeg\",\"contentUrl\":\"https:\/\/ifesworld.org\/wp-content\/uploads\/2019\/05\/ccd36-1zhlnoyplodniuaz_j4wc5a.jpeg\",\"width\":1200,\"height\":437},{\"@type\":\"BreadcrumbList\",\"@id\":\"https:\/\/ifesworld.org\/en\/journal\/issue-5-violence-against-women-in-the-university\/#breadcrumb\",\"itemListElement\":[{\"@type\":\"ListItem\",\"position\":1,\"name\":\"Home\",\"item\":\"https:\/\/ifesworld.org\/fr\/\"},{\"@type\":\"ListItem\",\"position\":2,\"name\":\"Parole et Monde\",\"item\":\"https:\/\/ifesworld.org\/fr\/journal\/\"},{\"@type\":\"ListItem\",\"position\":3,\"name\":\"Num\u00e9ro 5: La violence envers les femmes \u00e0 l\u2019universit\u00e9\"}]},{\"@type\":\"WebSite\",\"@id\":\"https:\/\/ifesworld.org\/es\/#website\",\"url\":\"https:\/\/ifesworld.org\/es\/\",\"name\":\"IFES\",\"description\":\"A movement of students sharing and living out the good news of Jesus Christ. Locally. Nationally. Globally.\",\"publisher\":{\"@id\":\"https:\/\/ifesworld.org\/es\/#organization\"},\"potentialAction\":[{\"@type\":\"SearchAction\",\"target\":{\"@type\":\"EntryPoint\",\"urlTemplate\":\"https:\/\/ifesworld.org\/es\/?s={search_term_string}\"},\"query-input\":{\"@type\":\"PropertyValueSpecification\",\"valueRequired\":true,\"valueName\":\"search_term_string\"}}],\"inLanguage\":\"fr-FR\"},{\"@type\":\"Organization\",\"@id\":\"https:\/\/ifesworld.org\/es\/#organization\",\"name\":\"IFES \u00b7 International Fellowship of Evangelical Students\",\"url\":\"https:\/\/ifesworld.org\/es\/\",\"logo\":{\"@type\":\"ImageObject\",\"inLanguage\":\"fr-FR\",\"@id\":\"https:\/\/ifesworld.org\/es\/#\/schema\/logo\/image\/\",\"url\":\"https:\/\/ifesworld.org\/wp-content\/uploads\/2019\/06\/ifeslogo.png\",\"contentUrl\":\"https:\/\/ifesworld.org\/wp-content\/uploads\/2019\/06\/ifeslogo.png\",\"width\":262,\"height\":262,\"caption\":\"IFES \u00b7 International Fellowship of Evangelical Students\"},\"image\":{\"@id\":\"https:\/\/ifesworld.org\/es\/#\/schema\/logo\/image\/\"}}]}<\/script>\n<!-- \/ Yoast SEO plugin. -->","yoast_head_json":{"title":"Num\u00e9ro 5: La violence envers les femmes \u00e0 l\u2019universit\u00e9 &#183; IFES","description":"Avec l\u2019abondance de hashtags #MoiAussi qui occupent actuellement l\u2019attention des m\u00e9dias d\u2019information et du public en g\u00e9n\u00e9ral, le moment nous semble","robots":{"index":"index","follow":"follow","max-snippet":"max-snippet:-1","max-image-preview":"max-image-preview:large","max-video-preview":"max-video-preview:-1"},"canonical":"https:\/\/ifesworld.org\/en\/journal\/issue-5-violence-against-women-in-the-university\/","og_locale":"fr_FR","og_type":"article","og_title":"Num\u00e9ro 5: La violence envers les femmes \u00e0 l\u2019universit\u00e9 &#183; IFES","og_description":"Avec l\u2019abondance de hashtags #MoiAussi qui occupent actuellement l\u2019attention des m\u00e9dias d\u2019information et du public en g\u00e9n\u00e9ral, le moment nous semble","og_url":"https:\/\/ifesworld.org\/en\/journal\/issue-5-violence-against-women-in-the-university\/","og_site_name":"IFES","article_modified_time":"2019-12-16T15:42:25+00:00","og_image":[{"width":1200,"height":437,"url":"https:\/\/ifesworld.org\/wp-content\/uploads\/2019\/05\/ccd36-1zhlnoyplodniuaz_j4wc5a.jpeg","type":"image\/jpeg"}],"twitter_card":"summary_large_image","twitter_misc":{"Dur\u00e9e de lecture estim\u00e9e":"4 minutes"},"schema":{"@context":"https:\/\/schema.org","@graph":[{"@type":"WebPage","@id":"https:\/\/ifesworld.org\/en\/journal\/issue-5-violence-against-women-in-the-university\/","url":"https:\/\/ifesworld.org\/en\/journal\/issue-5-violence-against-women-in-the-university\/","name":"Num\u00e9ro 5: La violence envers les femmes \u00e0 l\u2019universit\u00e9 &#183; IFES","isPartOf":{"@id":"https:\/\/ifesworld.org\/es\/#website"},"primaryImageOfPage":{"@id":"https:\/\/ifesworld.org\/en\/journal\/issue-5-violence-against-women-in-the-university\/#primaryimage"},"image":{"@id":"https:\/\/ifesworld.org\/en\/journal\/issue-5-violence-against-women-in-the-university\/#primaryimage"},"thumbnailUrl":"https:\/\/ifesworld.org\/wp-content\/uploads\/2019\/05\/ccd36-1zhlnoyplodniuaz_j4wc5a.jpeg","datePublished":"2018-05-10T09:17:08+00:00","dateModified":"2019-12-16T15:42:25+00:00","description":"Avec l\u2019abondance de hashtags #MoiAussi qui occupent actuellement l\u2019attention des m\u00e9dias d\u2019information et du public en g\u00e9n\u00e9ral, le moment nous semble","breadcrumb":{"@id":"https:\/\/ifesworld.org\/en\/journal\/issue-5-violence-against-women-in-the-university\/#breadcrumb"},"inLanguage":"fr-FR","potentialAction":[{"@type":"ReadAction","target":["https:\/\/ifesworld.org\/en\/journal\/issue-5-violence-against-women-in-the-university\/"]}]},{"@type":"ImageObject","inLanguage":"fr-FR","@id":"https:\/\/ifesworld.org\/en\/journal\/issue-5-violence-against-women-in-the-university\/#primaryimage","url":"https:\/\/ifesworld.org\/wp-content\/uploads\/2019\/05\/ccd36-1zhlnoyplodniuaz_j4wc5a.jpeg","contentUrl":"https:\/\/ifesworld.org\/wp-content\/uploads\/2019\/05\/ccd36-1zhlnoyplodniuaz_j4wc5a.jpeg","width":1200,"height":437},{"@type":"BreadcrumbList","@id":"https:\/\/ifesworld.org\/en\/journal\/issue-5-violence-against-women-in-the-university\/#breadcrumb","itemListElement":[{"@type":"ListItem","position":1,"name":"Home","item":"https:\/\/ifesworld.org\/fr\/"},{"@type":"ListItem","position":2,"name":"Parole et Monde","item":"https:\/\/ifesworld.org\/fr\/journal\/"},{"@type":"ListItem","position":3,"name":"Num\u00e9ro 5: La violence envers les femmes \u00e0 l\u2019universit\u00e9"}]},{"@type":"WebSite","@id":"https:\/\/ifesworld.org\/es\/#website","url":"https:\/\/ifesworld.org\/es\/","name":"IFES","description":"A movement of students sharing and living out the good news of Jesus Christ. Locally. Nationally. Globally.","publisher":{"@id":"https:\/\/ifesworld.org\/es\/#organization"},"potentialAction":[{"@type":"SearchAction","target":{"@type":"EntryPoint","urlTemplate":"https:\/\/ifesworld.org\/es\/?s={search_term_string}"},"query-input":{"@type":"PropertyValueSpecification","valueRequired":true,"valueName":"search_term_string"}}],"inLanguage":"fr-FR"},{"@type":"Organization","@id":"https:\/\/ifesworld.org\/es\/#organization","name":"IFES \u00b7 International Fellowship of Evangelical Students","url":"https:\/\/ifesworld.org\/es\/","logo":{"@type":"ImageObject","inLanguage":"fr-FR","@id":"https:\/\/ifesworld.org\/es\/#\/schema\/logo\/image\/","url":"https:\/\/ifesworld.org\/wp-content\/uploads\/2019\/06\/ifeslogo.png","contentUrl":"https:\/\/ifesworld.org\/wp-content\/uploads\/2019\/06\/ifeslogo.png","width":262,"height":262,"caption":"IFES \u00b7 International Fellowship of Evangelical Students"},"image":{"@id":"https:\/\/ifesworld.org\/es\/#\/schema\/logo\/image\/"}}]}},"_links":{"self":[{"href":"https:\/\/ifesworld.org\/fr\/wp-json\/wp\/v2\/word_world\/1487","targetHints":{"allow":["GET"]}}],"collection":[{"href":"https:\/\/ifesworld.org\/fr\/wp-json\/wp\/v2\/word_world"}],"about":[{"href":"https:\/\/ifesworld.org\/fr\/wp-json\/wp\/v2\/types\/word_world"}],"wp:featuredmedia":[{"embeddable":true,"href":"https:\/\/ifesworld.org\/fr\/wp-json\/wp\/v2\/media\/1526"}],"wp:attachment":[{"href":"https:\/\/ifesworld.org\/fr\/wp-json\/wp\/v2\/media?parent=1487"}],"wp:term":[{"taxonomy":"area","embeddable":true,"href":"https:\/\/ifesworld.org\/fr\/wp-json\/wp\/v2\/area?post=1487"},{"taxonomy":"theme","embeddable":true,"href":"https:\/\/ifesworld.org\/fr\/wp-json\/wp\/v2\/theme?post=1487"}],"curies":[{"name":"wp","href":"https:\/\/api.w.org\/{rel}","templated":true}]}}