{"id":1454,"date":"2017-05-10T15:31:01","date_gmt":"2017-05-10T14:31:01","guid":{"rendered":"https:\/\/ifesworld.org\/word-world\/parole-et-monde-pourquoi-ce-nom\/"},"modified":"2025-10-24T12:05:57","modified_gmt":"2025-10-24T11:05:57","slug":"parole-et-monde-pourquoi-ce-nom","status":"publish","type":"word_world","link":"https:\/\/ifesworld.org\/fr\/journal\/parole-et-monde-pourquoi-ce-nom\/","title":{"rendered":"Parole et Monde: pourquoi ce nom ?"},"content":{"rendered":"<div class=\"wp-block block-core-paragraph\">\n<p class=\"wp-block-paragraph\">John Stott, pasteur, enseignant et ami de nombreux membres de l\u2019IFES, nous conseille une \u00ab&nbsp;double \u00e9coute&nbsp;: l\u2019\u00e9coute de la Parole de Dieu et l\u2019\u00e9coute des voix du monde moderne, de ses cris de col\u00e8re, de souffrance et de d\u00e9sespoir.&nbsp;\u00bb S\u2019inspirant de ces propos, <em>Parole et Monde<\/em> d\u00e9signe depuis 2003 des ateliers sp\u00e9cifiques pendant l\u2019Assembl\u00e9e mondiale de l\u2019IFES.<\/p>\n<\/div>\n\n<div class=\"wp-block block-core-paragraph\">\n<p class=\"wp-block-paragraph\">Dans l\u2019\u00c9vangile de Jean, le th\u00e8me de la Parole et du Monde est central. Cet \u00e9vangile s\u2019inspire du portrait de Dieu dress\u00e9 dans l\u2019Ancien Testament, comme \u00e9tant celui qui \u00ab&nbsp;parle et les choses viennent \u00e0 l\u2019existence&nbsp;\u00bb, qui parle \u00e0 Isra\u00ebl, et de la Parole qui est lumi\u00e8re, envoy\u00e9e pour gu\u00e9rir. Dans Jean, <strong>la Parole<\/strong> \u00e9tait d\u00e8s le commencement, elle \u00e9tait avec Dieu et elle \u00e9tait Dieu&nbsp;; cette Parole est devenue chair, de l\u2019\u00e9toffe de ce monde. J\u00e9sus-Christ est cette Parole, et les paroles qu\u2019il prononce apportent la vie \u00e9ternelle \u00e0 celles et ceux qui les entendent et y croient. Dans Jean, <strong>le monde<\/strong> est ce qu\u2019il est uniquement par cette Parole. Le monde est venu \u00e0 l\u2019existence par la Parole, et le monde est sauv\u00e9 par la Parole. Le P\u00e8re a envoy\u00e9 la Parole dans le monde pour que J\u00e9sus lui annonce la v\u00e9rit\u00e9&nbsp;: le monde manque de justice et de droiture et m\u00e9rite d\u2019\u00eatre jug\u00e9. Le P\u00e8re a envoy\u00e9 la Parole dans le monde dans un acte d\u2019amour, pour le sauver et le restaurer et lui rendre son int\u00e9grit\u00e9. Le don de la Parole au monde, c\u2019est la vie dans toute sa pl\u00e9nitude.<\/p>\n<\/div>\n\n<div class=\"wp-block block-core-paragraph\">\n<p class=\"wp-block-paragraph\">\u00c9couter \u00e0 la fois la Parole et le monde, c\u2019est donc voir le monde venir \u00e0 l\u2019existence \u00e0 travers la Parole\u2026 un monde qui crie son d\u00e9sespoir et son ali\u00e9nation, et qui revient pleinement \u00e0 la vie \u00e0 travers la Parole. C\u2019est cette \u00e9coute que <em>Parole et Monde<\/em> souhaite encourager.<\/p>\n<\/div>\n\n<div class=\"wp-block block-core-paragraph\">\n<p class=\"wp-block-paragraph\"><em>Parole et Monde<\/em> s\u2019inspire d\u2019anciennes publications comme le <em>Journal de l\u2019IFES <\/em>et la <em>Revue de l\u2019IFES. <\/em>Nous voudrions publier deux ou trois num\u00e9ros par an, en sollicitant diverses voix du monde entier pour traiter de probl\u00e8mes actuels. <em>Parole et Monde<\/em> a pour but de permettre \u00e0 toutes les personnes impliqu\u00e9es dans le minist\u00e8re \u00e9tudiant de se nourrir de l\u2019\u00c9vangile et \u00eatre attentives au monde qui entoure les \u00e9tudiants.<\/p>\n<\/div>\n\n<div class=\"wp-block block-core-heading\">\n<h4 class=\"wp-block-heading\">Commencez la lecture&nbsp;:<\/h4>\n<\/div>\n\n<div class=\"wp-block block-core-list\">\n<ul class=\"wp-block-list\"><div class=\"wp-block block-core-list-item\">\n<li><a href=\"https:\/\/fr.ifesjournal.org\/migration-et-la-foi\/home\" target=\"_blank\" rel=\"noopener noreferrer\">Num\u00e9ro 1 \/ La migration \u00e0 travers les yeux de la foi \/ mai 2016<\/a><\/li>\n<\/div>\n\n<div class=\"wp-block block-core-list-item\">\n<li><a href=\"https:\/\/fr.ifesjournal.org\/bible\/home\" target=\"_blank\" rel=\"noopener noreferrer\">Num\u00e9ro 2 \/ Lire la Bible en contexte \/ d\u00e9cembre 2016<\/a><\/li>\n<\/div>\n\n<div class=\"wp-block block-core-list-item\">\n<li><a href=\"https:\/\/fr.ifesjournal.org\/persecution\/home\" target=\"_blank\" rel=\"noopener noreferrer\">Num\u00e9ro 3 \/ La pers\u00e9cution et la souffrance \/ mai 2017<\/a><\/li>\n<\/div>\n\n<div class=\"wp-block block-core-list-item\">\n<li><a href=\"https:\/\/fr.ifesjournal.org\/t%C3%A9moins\/home\" target=\"_blank\" rel=\"noopener noreferrer\">Num\u00e9ro 4 \/ Vous serez mes t\u00e9moins \/ novembre 2017<\/a><\/li>\n<\/div>\n\n<div class=\"wp-block block-core-list-item\">\n<li><a href=\"https:\/\/fr.ifesjournal.org\/la-violence-envers-les-femmes\/home\" target=\"_blank\" rel=\"noopener noreferrer\">Num\u00e9ro 5 \/ La violence envers les femmes \u00e0 l\u2019universit\u00e9 \/ mai 2018<\/a><\/li>\n<\/div><\/ul>\n<\/div>\n\n<div class=\"wp-block block-core-paragraph\">\n<p class=\"wp-block-paragraph\"><strong>Contact<\/strong>: <a href=\"mailto:wordandworld@ifesworld.org\" target=\"_blank\" rel=\"noopener noreferrer\">wordandworld@ifesworld.org<\/a><\/p>\n<\/div>\n\n<div class=\"wp-block block-core-separator\">\n<hr class=\"wp-block-separator has-alpha-channel-opacity\"\/>\n<\/div>\n\n<div class=\"wp-block block-core-paragraph\">\n<p class=\"wp-block-paragraph\">Parole et Monde vise \u00e0 promouvoir la r\u00e9flexion au sein du r\u00e9seau IFES et de ceux qui sont impliqu\u00e9s dans le minist\u00e8re des \u00e9tudiants universitaires.<\/p>\n<\/div>\n\n<div class=\"wp-block block-core-paragraph\">\n<p class=\"wp-block-paragraph\">Nous voulons \u00eatre nourris par l&rsquo;\u00e9vangile et attentifs au monde dans lequel vivent les \u00e9tudiants.<\/p>\n<\/div>\n\n<div class=\"wp-block block-core-paragraph\">\n<p class=\"wp-block-paragraph\">Nous publions des \u00e9ditions centr\u00e9es sur un sujet et recueillons des t\u00e9moignages du monde entier pour r\u00e9fl\u00e9chir sur ce sujet.<\/p>\n<\/div>\n\n<div class=\"wp-block block-core-paragraph\">\n<p class=\"wp-block-paragraph\">Parole et Monde ne vise pas \u00e0 remplacer l&rsquo;\u00e9criture th\u00e9ologique d\u00e9j\u00e0 en place au sein des mouvements nationaux de l&rsquo;IFES, mais \u00e0 en inspirer davantage<\/p>\n<\/div>\n\n<div class=\"wp-block block-core-heading\">\n<h4 class=\"wp-block-heading\"><strong>\u00c9quipe \u00e9ditoriale<\/strong><\/h4>\n<\/div>\n\n<div class=\"wp-block block-core-list\">\n<ul class=\"wp-block-list\"><div class=\"wp-block block-core-list-item\">\n<li>Timoth\u00e9e Joset, R\u00e9dacteur<\/li>\n<\/div>\n\n<div class=\"wp-block block-core-list-item\">\n<li>Jasmine Foo, R\u00e9dactrice assistante<\/li>\n<\/div>\n\n<div class=\"wp-block block-core-list-item\">\n<li>Eliza Justice, Correctrice<\/li>\n<\/div><\/ul>\n<\/div>\n\n<div class=\"wp-block block-core-paragraph\">\n<p class=\"wp-block-paragraph\"><strong>Contact&nbsp;:<\/strong> <a href=\"mailto:wordandworld@ifesworld.org\" target=\"_blank\" rel=\"noopener noreferrer\">wordandworld@ifesworld.org<\/a><\/p>\n<\/div>\n\n<div class=\"wp-block block-core-paragraph\">\n<p class=\"wp-block-paragraph\">Rejoignez la discussion sur <a href=\"https:\/\/www.facebook.com\/groups\/ifeswordandworld\" target=\"_blank\" rel=\"noopener noreferrer\">fb.com\/ifesjournal<\/a><\/p>\n<\/div>\n\n<div class=\"wp-block block-core-paragraph\">\n<p class=\"wp-block-paragraph\">Pour en savoir plus&nbsp;: <a href=\"https:\/\/ifesworld.org\/fr\/pioneer\/en\/\" target=\"_blank\" rel=\"noopener noreferrer\"><strong>ifesworld.org<\/strong><\/a><\/p>\n<\/div>\n\n<div class=\"wp-block block-core-paragraph\">\n<p class=\"wp-block-paragraph\"><em>Parole et Monde <\/em>est publi\u00e9 sous licence <a href=\"https:\/\/creativecommons.org\/licenses\/by-nd\/4.0\/deed.fr\" target=\"_blank\" rel=\"noopener noreferrer\"><em>Creative Commons (Attribution\u200a\u2014\u200aPas de Modification 4.0 International).<\/em><\/a><\/p>\n<\/div>\n\n<div class=\"wp-block block-core-paragraph\">\n<p class=\"wp-block-paragraph\">Nous vous encourageons \u00e0 partager et \u00e0 distribuer ce contenu, sous r\u00e9serve d\u2019en indiquer la source, de fournir un lien vers la licence concern\u00e9e et de pr\u00e9ciser si tous changements qui y ont \u00e9t\u00e9 apport\u00e9s. Vous pouvez proc\u00e9der de la mani\u00e8re qui vous semble raisonnable, mais pas de mani\u00e8re \u00e0 sugg\u00e9rer que le titulaire des droits approuve vos propos ou votre utilisation du contenu. Vous n\u2019\u00eates pas autoris\u00e9 \u00e0 diffuser une version modifi\u00e9e, transform\u00e9e ou adapt\u00e9e de ce contenu.<\/p>\n<\/div>\n\n<div class=\"wp-block block-core-paragraph\">\n<p class=\"wp-block-paragraph\">Sauf mention contraire, les citations bibliques sont tir\u00e9es de <em>La Bible Du Semeur<\/em> Copyright \u00a9 1992, 1999 <a href=\"http:\/\/www.biblica.com\/\" target=\"_blank\" rel=\"noopener noreferrer\">Biblica, Inc.\u00ae<\/a> Reproduit avec aimable autorisation. Tous droits r\u00e9serv\u00e9s.<\/p>\n<\/div>","protected":false},"featured_media":1479,"template":"","area":[],"theme":[],"class_list":["post-1454","word_world","type-word_world","status-publish","has-post-thumbnail","hentry"],"acf":[],"yoast_head":"<!-- This site is optimized with the Yoast SEO plugin v27.2 - https:\/\/yoast.com\/product\/yoast-seo-wordpress\/ -->\n<title>Parole et Monde: pourquoi ce nom ? &#183; IFES<\/title>\n<meta name=\"description\" content=\"John Stott, pasteur, enseignant et ami de nombreux membres de l\u2019IFES, nous conseille une \u00ab&nbsp;double \u00e9coute&nbsp;: l\u2019\u00e9coute de la Parole de Dieu et\" \/>\n<meta name=\"robots\" content=\"index, follow, max-snippet:-1, max-image-preview:large, max-video-preview:-1\" \/>\n<link rel=\"canonical\" href=\"https:\/\/ifesworld.org\/fr\/journal\/parole-et-monde-pourquoi-ce-nom\/\" \/>\n<meta property=\"og:locale\" content=\"fr_FR\" \/>\n<meta property=\"og:type\" content=\"article\" \/>\n<meta property=\"og:title\" content=\"Parole et Monde: pourquoi ce nom ? &#183; IFES\" \/>\n<meta property=\"og:description\" content=\"John Stott, pasteur, enseignant et ami de nombreux membres de l\u2019IFES, nous conseille une \u00ab&nbsp;double \u00e9coute&nbsp;: l\u2019\u00e9coute de la Parole de Dieu et\" \/>\n<meta property=\"og:url\" content=\"https:\/\/ifesworld.org\/fr\/journal\/parole-et-monde-pourquoi-ce-nom\/\" \/>\n<meta property=\"og:site_name\" content=\"IFES\" \/>\n<meta property=\"article:modified_time\" content=\"2025-10-24T11:05:57+00:00\" \/>\n<meta property=\"og:image\" content=\"https:\/\/ifesworld.org\/wp-content\/uploads\/2019\/05\/90c6d-16texbi1chkecbfnw2tz0ja.jpeg\" \/>\n\t<meta property=\"og:image:width\" content=\"1181\" \/>\n\t<meta property=\"og:image:height\" content=\"415\" \/>\n\t<meta property=\"og:image:type\" content=\"image\/jpeg\" \/>\n<meta name=\"twitter:card\" content=\"summary_large_image\" \/>\n<meta name=\"twitter:label1\" content=\"Dur\u00e9e de lecture estim\u00e9e\" \/>\n\t<meta name=\"twitter:data1\" content=\"4 minutes\" \/>\n<script type=\"application\/ld+json\" class=\"yoast-schema-graph\">{\"@context\":\"https:\/\/schema.org\",\"@graph\":[{\"@type\":\"WebPage\",\"@id\":\"https:\/\/ifesworld.org\/fr\/journal\/parole-et-monde-pourquoi-ce-nom\/\",\"url\":\"https:\/\/ifesworld.org\/fr\/journal\/parole-et-monde-pourquoi-ce-nom\/\",\"name\":\"Parole et Monde: pourquoi ce nom ? &#183; IFES\",\"isPartOf\":{\"@id\":\"https:\/\/ifesworld.org\/es\/#website\"},\"primaryImageOfPage\":{\"@id\":\"https:\/\/ifesworld.org\/fr\/journal\/parole-et-monde-pourquoi-ce-nom\/#primaryimage\"},\"image\":{\"@id\":\"https:\/\/ifesworld.org\/fr\/journal\/parole-et-monde-pourquoi-ce-nom\/#primaryimage\"},\"thumbnailUrl\":\"https:\/\/ifesworld.org\/wp-content\/uploads\/2019\/05\/90c6d-16texbi1chkecbfnw2tz0ja.jpeg\",\"datePublished\":\"2017-05-10T14:31:01+00:00\",\"dateModified\":\"2025-10-24T11:05:57+00:00\",\"description\":\"John Stott, pasteur, enseignant et ami de nombreux membres de l\u2019IFES, nous conseille une \u00ab&nbsp;double \u00e9coute&nbsp;: l\u2019\u00e9coute de la Parole de Dieu et\",\"breadcrumb\":{\"@id\":\"https:\/\/ifesworld.org\/fr\/journal\/parole-et-monde-pourquoi-ce-nom\/#breadcrumb\"},\"inLanguage\":\"fr-FR\",\"potentialAction\":[{\"@type\":\"ReadAction\",\"target\":[\"https:\/\/ifesworld.org\/fr\/journal\/parole-et-monde-pourquoi-ce-nom\/\"]}]},{\"@type\":\"ImageObject\",\"inLanguage\":\"fr-FR\",\"@id\":\"https:\/\/ifesworld.org\/fr\/journal\/parole-et-monde-pourquoi-ce-nom\/#primaryimage\",\"url\":\"https:\/\/ifesworld.org\/wp-content\/uploads\/2019\/05\/90c6d-16texbi1chkecbfnw2tz0ja.jpeg\",\"contentUrl\":\"https:\/\/ifesworld.org\/wp-content\/uploads\/2019\/05\/90c6d-16texbi1chkecbfnw2tz0ja.jpeg\",\"width\":1181,\"height\":415},{\"@type\":\"BreadcrumbList\",\"@id\":\"https:\/\/ifesworld.org\/fr\/journal\/parole-et-monde-pourquoi-ce-nom\/#breadcrumb\",\"itemListElement\":[{\"@type\":\"ListItem\",\"position\":1,\"name\":\"Home\",\"item\":\"https:\/\/ifesworld.org\/fr\/\"},{\"@type\":\"ListItem\",\"position\":2,\"name\":\"Parole et Monde\",\"item\":\"https:\/\/ifesworld.org\/fr\/journal\/\"},{\"@type\":\"ListItem\",\"position\":3,\"name\":\"Parole et Monde: pourquoi ce nom ?\"}]},{\"@type\":\"WebSite\",\"@id\":\"https:\/\/ifesworld.org\/es\/#website\",\"url\":\"https:\/\/ifesworld.org\/es\/\",\"name\":\"IFES\",\"description\":\"A movement of students sharing and living out the good news of Jesus Christ. Locally. Nationally. Globally.\",\"publisher\":{\"@id\":\"https:\/\/ifesworld.org\/es\/#organization\"},\"potentialAction\":[{\"@type\":\"SearchAction\",\"target\":{\"@type\":\"EntryPoint\",\"urlTemplate\":\"https:\/\/ifesworld.org\/es\/?s={search_term_string}\"},\"query-input\":{\"@type\":\"PropertyValueSpecification\",\"valueRequired\":true,\"valueName\":\"search_term_string\"}}],\"inLanguage\":\"fr-FR\"},{\"@type\":\"Organization\",\"@id\":\"https:\/\/ifesworld.org\/es\/#organization\",\"name\":\"IFES \u00b7 International Fellowship of Evangelical Students\",\"url\":\"https:\/\/ifesworld.org\/es\/\",\"logo\":{\"@type\":\"ImageObject\",\"inLanguage\":\"fr-FR\",\"@id\":\"https:\/\/ifesworld.org\/es\/#\/schema\/logo\/image\/\",\"url\":\"https:\/\/ifesworld.org\/wp-content\/uploads\/2019\/06\/ifeslogo.png\",\"contentUrl\":\"https:\/\/ifesworld.org\/wp-content\/uploads\/2019\/06\/ifeslogo.png\",\"width\":262,\"height\":262,\"caption\":\"IFES \u00b7 International Fellowship of Evangelical Students\"},\"image\":{\"@id\":\"https:\/\/ifesworld.org\/es\/#\/schema\/logo\/image\/\"}}]}<\/script>\n<!-- \/ Yoast SEO plugin. -->","yoast_head_json":{"title":"Parole et Monde: pourquoi ce nom ? &#183; IFES","description":"John Stott, pasteur, enseignant et ami de nombreux membres de l\u2019IFES, nous conseille une \u00ab&nbsp;double \u00e9coute&nbsp;: l\u2019\u00e9coute de la Parole de Dieu et","robots":{"index":"index","follow":"follow","max-snippet":"max-snippet:-1","max-image-preview":"max-image-preview:large","max-video-preview":"max-video-preview:-1"},"canonical":"https:\/\/ifesworld.org\/fr\/journal\/parole-et-monde-pourquoi-ce-nom\/","og_locale":"fr_FR","og_type":"article","og_title":"Parole et Monde: pourquoi ce nom ? &#183; IFES","og_description":"John Stott, pasteur, enseignant et ami de nombreux membres de l\u2019IFES, nous conseille une \u00ab&nbsp;double \u00e9coute&nbsp;: l\u2019\u00e9coute de la Parole de Dieu et","og_url":"https:\/\/ifesworld.org\/fr\/journal\/parole-et-monde-pourquoi-ce-nom\/","og_site_name":"IFES","article_modified_time":"2025-10-24T11:05:57+00:00","og_image":[{"width":1181,"height":415,"url":"https:\/\/ifesworld.org\/wp-content\/uploads\/2019\/05\/90c6d-16texbi1chkecbfnw2tz0ja.jpeg","type":"image\/jpeg"}],"twitter_card":"summary_large_image","twitter_misc":{"Dur\u00e9e de lecture estim\u00e9e":"4 minutes"},"schema":{"@context":"https:\/\/schema.org","@graph":[{"@type":"WebPage","@id":"https:\/\/ifesworld.org\/fr\/journal\/parole-et-monde-pourquoi-ce-nom\/","url":"https:\/\/ifesworld.org\/fr\/journal\/parole-et-monde-pourquoi-ce-nom\/","name":"Parole et Monde: pourquoi ce nom ? &#183; IFES","isPartOf":{"@id":"https:\/\/ifesworld.org\/es\/#website"},"primaryImageOfPage":{"@id":"https:\/\/ifesworld.org\/fr\/journal\/parole-et-monde-pourquoi-ce-nom\/#primaryimage"},"image":{"@id":"https:\/\/ifesworld.org\/fr\/journal\/parole-et-monde-pourquoi-ce-nom\/#primaryimage"},"thumbnailUrl":"https:\/\/ifesworld.org\/wp-content\/uploads\/2019\/05\/90c6d-16texbi1chkecbfnw2tz0ja.jpeg","datePublished":"2017-05-10T14:31:01+00:00","dateModified":"2025-10-24T11:05:57+00:00","description":"John Stott, pasteur, enseignant et ami de nombreux membres de l\u2019IFES, nous conseille une \u00ab&nbsp;double \u00e9coute&nbsp;: l\u2019\u00e9coute de la Parole de Dieu et","breadcrumb":{"@id":"https:\/\/ifesworld.org\/fr\/journal\/parole-et-monde-pourquoi-ce-nom\/#breadcrumb"},"inLanguage":"fr-FR","potentialAction":[{"@type":"ReadAction","target":["https:\/\/ifesworld.org\/fr\/journal\/parole-et-monde-pourquoi-ce-nom\/"]}]},{"@type":"ImageObject","inLanguage":"fr-FR","@id":"https:\/\/ifesworld.org\/fr\/journal\/parole-et-monde-pourquoi-ce-nom\/#primaryimage","url":"https:\/\/ifesworld.org\/wp-content\/uploads\/2019\/05\/90c6d-16texbi1chkecbfnw2tz0ja.jpeg","contentUrl":"https:\/\/ifesworld.org\/wp-content\/uploads\/2019\/05\/90c6d-16texbi1chkecbfnw2tz0ja.jpeg","width":1181,"height":415},{"@type":"BreadcrumbList","@id":"https:\/\/ifesworld.org\/fr\/journal\/parole-et-monde-pourquoi-ce-nom\/#breadcrumb","itemListElement":[{"@type":"ListItem","position":1,"name":"Home","item":"https:\/\/ifesworld.org\/fr\/"},{"@type":"ListItem","position":2,"name":"Parole et Monde","item":"https:\/\/ifesworld.org\/fr\/journal\/"},{"@type":"ListItem","position":3,"name":"Parole et Monde: pourquoi ce nom ?"}]},{"@type":"WebSite","@id":"https:\/\/ifesworld.org\/es\/#website","url":"https:\/\/ifesworld.org\/es\/","name":"IFES","description":"A movement of students sharing and living out the good news of Jesus Christ. Locally. Nationally. Globally.","publisher":{"@id":"https:\/\/ifesworld.org\/es\/#organization"},"potentialAction":[{"@type":"SearchAction","target":{"@type":"EntryPoint","urlTemplate":"https:\/\/ifesworld.org\/es\/?s={search_term_string}"},"query-input":{"@type":"PropertyValueSpecification","valueRequired":true,"valueName":"search_term_string"}}],"inLanguage":"fr-FR"},{"@type":"Organization","@id":"https:\/\/ifesworld.org\/es\/#organization","name":"IFES \u00b7 International Fellowship of Evangelical Students","url":"https:\/\/ifesworld.org\/es\/","logo":{"@type":"ImageObject","inLanguage":"fr-FR","@id":"https:\/\/ifesworld.org\/es\/#\/schema\/logo\/image\/","url":"https:\/\/ifesworld.org\/wp-content\/uploads\/2019\/06\/ifeslogo.png","contentUrl":"https:\/\/ifesworld.org\/wp-content\/uploads\/2019\/06\/ifeslogo.png","width":262,"height":262,"caption":"IFES \u00b7 International Fellowship of Evangelical Students"},"image":{"@id":"https:\/\/ifesworld.org\/es\/#\/schema\/logo\/image\/"}}]}},"_links":{"self":[{"href":"https:\/\/ifesworld.org\/fr\/wp-json\/wp\/v2\/word_world\/1454","targetHints":{"allow":["GET"]}}],"collection":[{"href":"https:\/\/ifesworld.org\/fr\/wp-json\/wp\/v2\/word_world"}],"about":[{"href":"https:\/\/ifesworld.org\/fr\/wp-json\/wp\/v2\/types\/word_world"}],"wp:featuredmedia":[{"embeddable":true,"href":"https:\/\/ifesworld.org\/fr\/wp-json\/wp\/v2\/media\/1479"}],"wp:attachment":[{"href":"https:\/\/ifesworld.org\/fr\/wp-json\/wp\/v2\/media?parent=1454"}],"wp:term":[{"taxonomy":"area","embeddable":true,"href":"https:\/\/ifesworld.org\/fr\/wp-json\/wp\/v2\/area?post=1454"},{"taxonomy":"theme","embeddable":true,"href":"https:\/\/ifesworld.org\/fr\/wp-json\/wp\/v2\/theme?post=1454"}],"curies":[{"name":"wp","href":"https:\/\/api.w.org\/{rel}","templated":true}]}}