{"id":1453,"date":"2017-05-10T15:31:03","date_gmt":"2017-05-10T14:31:03","guid":{"rendered":"https:\/\/ifesworld.org\/word-world\/numero-1-la-migration-a-travers-les-yeux-de-la-foi\/"},"modified":"2019-12-16T14:14:14","modified_gmt":"2019-12-16T14:14:14","slug":"numero-1-la-migration-a-travers-les-yeux-de-la-foi","status":"publish","type":"word_world","link":"https:\/\/ifesworld.org\/fr\/journal\/numero-1-la-migration-a-travers-les-yeux-de-la-foi\/","title":{"rendered":"Num\u00e9ro 1 : La migration \u00e0 travers les yeux de la foi"},"content":{"rendered":"<p>\u00c0 une \u00e9poque o\u00f9 l\u2019immigration massive transforme le visage des nations et des \u00e9glises, de la Colombie \u00e0 la Syrie et des Philippines aux \u00c9tats-Unis, comment pouvons-nous voir Dieu \u00e0 l\u2019\u0153uvre \u00e0 travers ces d\u00e9placements&nbsp;?<\/p>\n<p>Tim Adams, Secr\u00e9taire g\u00e9n\u00e9ral adjoint de l\u2019IFES, m\u2019a demand\u00e9 de r\u00e9diger une r\u00e9flexion <a href=\"https:\/\/ifesworld.org\/fr\/journal\/la-migration-a-travers-les-yeux-de-la-foi-le-peuple-de-dieu-les-territoires-nationaux-et-les\/\"><strong>th\u00e9ologique sur la migration<\/strong><\/a>. Nous sommes heureux de pouvoir vous proposer les r\u00e9ponses de <a href=\"https:\/\/ifesworld.org\/fr\/journal\/reponse-questions-essentielles-a-se-poser-au-sujet-de-la-crise-migratoire-en-europe-chawkat\/\"><strong>Chawkat Moucarry<\/strong><\/a>, \u00e9rudit chr\u00e9tien syrien, et de <a href=\"https:\/\/ifesworld.org\/fr\/journal\/reponse-la-migration-a-travers-les-yeux-de-la-foi-revd-dr-chris-wright\/\"><strong>Chris Wright<\/strong><\/a>, th\u00e9ologien britannique sp\u00e9cialiste de l\u2019Ancien Testament.<\/p>\n<p>Vous y trouverez des supports pour la discussion en groupe, des lectures et des questions. Vous trouverez \u00e9galement une liste de lectures compl\u00e9mentaires sur la migration.<\/p>\n<figure><img decoding=\"async\" src=\"https:\/\/ifesworld.org\/wp-content\/uploads\/2019\/05\/e8842-1sjeiut9ved0kdyifugtszw.jpeg\" data-width=\"499\" data-height=\"81\"><\/figure>\n<p><strong>Robert W Heimburger<\/strong>, R\u00e9dacteur<\/p>\n<p><a href=\"mailto:wordandworld@ifesworld.org\" target=\"_blank\" rel=\"noopener noreferrer\">wordandworld@ifesworld.org<\/a><\/p>\n<h4>Rejoignez la discussion sur la migration<\/h4>\n<p><em>Parole et Monde<\/em> vise \u00e0 faciliter des conversations th\u00e9ologiques sur le monde dans lequel les \u00e9tudiants vivent. Pendant votre lecture, vous pouvez surligner certaines phrases et laisser des commentaires sur ce que vous lisez. Vous trouverez dans chaque num\u00e9ro des questions de discussion \u00e0 utiliser en groupe.<\/p>\n\n<div class=\"wp-block block-acf-ifesbutton\">\n<div class=\"\">\n    <a id=\"btn-block_5d67b8f50af78\" target=\"\" href=\" http:\/\/ifesworld.org\/wp-content\/uploads\/2019\/08\/IFES-Parole-et-Monde-Num\u00e9ro-1-La-migration-\u00e0-travers-les-yeux-de-la-foi.pdf\" class=\"btn btn--cta-link\">\n        <span>\n                    <span class=\"icon\"><svg class=\"icon\"><use xlink:href=\"#chevron-circle-right-solid\"\/><\/svg><\/span>\n        T\u00e9l\u00e9charger le 1er num\u00e9ro de Parole et Monde (PDF)        <\/span>\n    <\/a>\n<\/div>\n\n<\/div>\n\n<div class=\"wp-block block-core-paragraph\">\n<p class=\"wp-block-paragraph\"><a href=\"https:\/\/ifes.typeform.com\/to\/opvJ8d\" target=\"_blank\" rel=\"noreferrer noopener\">Abonnez-vous \u00e0 la liste de diffusion pour \u00eatre inform\u00e9 de la parution des prochains num\u00e9ros.<\/a><\/p>\n<\/div>\n\n<div class=\"wp-block block-core-paragraph\">\n<p class=\"wp-block-paragraph\"><a href=\"https:\/\/www.facebook.com\/groups\/ifeswordandworld\/\" target=\"_blank\" rel=\"noreferrer noopener\">Lisez cette parution avec d\u2019autres, et participez \u00e0 la conversation dans le groupe Facebook Parole et Monde.<\/a><\/p>\n<\/div>","protected":false},"featured_media":1482,"template":"","area":[],"theme":[1228],"class_list":["post-1453","word_world","type-word_world","status-publish","has-post-thumbnail","hentry","theme-parole-et-monde"],"acf":[],"yoast_head":"<!-- This site is optimized with the Yoast SEO plugin v27.2 - https:\/\/yoast.com\/product\/yoast-seo-wordpress\/ -->\n<title>Num\u00e9ro 1 : La migration \u00e0 travers les yeux de la foi &#183; IFES<\/title>\n<meta name=\"description\" content=\"\u00c0 une \u00e9poque o\u00f9 l\u2019immigration massive transforme le visage des nations et des \u00e9glises, de la Colombie \u00e0 la Syrie et des Philippines aux \u00c9tats-Unis,\" \/>\n<meta name=\"robots\" content=\"index, follow, max-snippet:-1, max-image-preview:large, max-video-preview:-1\" \/>\n<link rel=\"canonical\" href=\"https:\/\/ifesworld.org\/fr\/journal\/numero-1-la-migration-a-travers-les-yeux-de-la-foi\/\" \/>\n<meta property=\"og:locale\" content=\"fr_FR\" \/>\n<meta property=\"og:type\" content=\"article\" \/>\n<meta property=\"og:title\" content=\"Num\u00e9ro 1 : La migration \u00e0 travers les yeux de la foi &#183; IFES\" \/>\n<meta property=\"og:description\" content=\"\u00c0 une \u00e9poque o\u00f9 l\u2019immigration massive transforme le visage des nations et des \u00e9glises, de la Colombie \u00e0 la Syrie et des Philippines aux \u00c9tats-Unis,\" \/>\n<meta property=\"og:url\" content=\"https:\/\/ifesworld.org\/fr\/journal\/numero-1-la-migration-a-travers-les-yeux-de-la-foi\/\" \/>\n<meta property=\"og:site_name\" content=\"IFES\" \/>\n<meta property=\"article:modified_time\" content=\"2019-12-16T14:14:14+00:00\" \/>\n<meta property=\"og:image\" content=\"https:\/\/ifesworld.org\/wp-content\/uploads\/2019\/05\/4a82f-18oxssio1_etgsyieve9khw.jpeg\" \/>\n\t<meta property=\"og:image:width\" content=\"1200\" \/>\n\t<meta property=\"og:image:height\" content=\"800\" \/>\n\t<meta property=\"og:image:type\" content=\"image\/jpeg\" \/>\n<meta name=\"twitter:card\" content=\"summary_large_image\" \/>\n<meta name=\"twitter:label1\" content=\"Dur\u00e9e de lecture estim\u00e9e\" \/>\n\t<meta name=\"twitter:data1\" content=\"1 minute\" \/>\n<script type=\"application\/ld+json\" class=\"yoast-schema-graph\">{\"@context\":\"https:\/\/schema.org\",\"@graph\":[{\"@type\":\"WebPage\",\"@id\":\"https:\/\/ifesworld.org\/fr\/journal\/numero-1-la-migration-a-travers-les-yeux-de-la-foi\/\",\"url\":\"https:\/\/ifesworld.org\/fr\/journal\/numero-1-la-migration-a-travers-les-yeux-de-la-foi\/\",\"name\":\"Num\u00e9ro 1 : La migration \u00e0 travers les yeux de la foi &#183; IFES\",\"isPartOf\":{\"@id\":\"https:\/\/ifesworld.org\/es\/#website\"},\"primaryImageOfPage\":{\"@id\":\"https:\/\/ifesworld.org\/fr\/journal\/numero-1-la-migration-a-travers-les-yeux-de-la-foi\/#primaryimage\"},\"image\":{\"@id\":\"https:\/\/ifesworld.org\/fr\/journal\/numero-1-la-migration-a-travers-les-yeux-de-la-foi\/#primaryimage\"},\"thumbnailUrl\":\"https:\/\/ifesworld.org\/wp-content\/uploads\/2019\/05\/4a82f-18oxssio1_etgsyieve9khw.jpeg\",\"datePublished\":\"2017-05-10T14:31:03+00:00\",\"dateModified\":\"2019-12-16T14:14:14+00:00\",\"description\":\"\u00c0 une \u00e9poque o\u00f9 l\u2019immigration massive transforme le visage des nations et des \u00e9glises, de la Colombie \u00e0 la Syrie et des Philippines aux \u00c9tats-Unis,\",\"breadcrumb\":{\"@id\":\"https:\/\/ifesworld.org\/fr\/journal\/numero-1-la-migration-a-travers-les-yeux-de-la-foi\/#breadcrumb\"},\"inLanguage\":\"fr-FR\",\"potentialAction\":[{\"@type\":\"ReadAction\",\"target\":[\"https:\/\/ifesworld.org\/fr\/journal\/numero-1-la-migration-a-travers-les-yeux-de-la-foi\/\"]}]},{\"@type\":\"ImageObject\",\"inLanguage\":\"fr-FR\",\"@id\":\"https:\/\/ifesworld.org\/fr\/journal\/numero-1-la-migration-a-travers-les-yeux-de-la-foi\/#primaryimage\",\"url\":\"https:\/\/ifesworld.org\/wp-content\/uploads\/2019\/05\/4a82f-18oxssio1_etgsyieve9khw.jpeg\",\"contentUrl\":\"https:\/\/ifesworld.org\/wp-content\/uploads\/2019\/05\/4a82f-18oxssio1_etgsyieve9khw.jpeg\",\"width\":1200,\"height\":800},{\"@type\":\"BreadcrumbList\",\"@id\":\"https:\/\/ifesworld.org\/fr\/journal\/numero-1-la-migration-a-travers-les-yeux-de-la-foi\/#breadcrumb\",\"itemListElement\":[{\"@type\":\"ListItem\",\"position\":1,\"name\":\"Home\",\"item\":\"https:\/\/ifesworld.org\/fr\/\"},{\"@type\":\"ListItem\",\"position\":2,\"name\":\"Parole et Monde\",\"item\":\"https:\/\/ifesworld.org\/fr\/journal\/\"},{\"@type\":\"ListItem\",\"position\":3,\"name\":\"Num\u00e9ro 1 : La migration \u00e0 travers les yeux de la foi\"}]},{\"@type\":\"WebSite\",\"@id\":\"https:\/\/ifesworld.org\/es\/#website\",\"url\":\"https:\/\/ifesworld.org\/es\/\",\"name\":\"IFES\",\"description\":\"A movement of students sharing and living out the good news of Jesus Christ. Locally. Nationally. Globally.\",\"publisher\":{\"@id\":\"https:\/\/ifesworld.org\/es\/#organization\"},\"potentialAction\":[{\"@type\":\"SearchAction\",\"target\":{\"@type\":\"EntryPoint\",\"urlTemplate\":\"https:\/\/ifesworld.org\/es\/?s={search_term_string}\"},\"query-input\":{\"@type\":\"PropertyValueSpecification\",\"valueRequired\":true,\"valueName\":\"search_term_string\"}}],\"inLanguage\":\"fr-FR\"},{\"@type\":\"Organization\",\"@id\":\"https:\/\/ifesworld.org\/es\/#organization\",\"name\":\"IFES \u00b7 International Fellowship of Evangelical Students\",\"url\":\"https:\/\/ifesworld.org\/es\/\",\"logo\":{\"@type\":\"ImageObject\",\"inLanguage\":\"fr-FR\",\"@id\":\"https:\/\/ifesworld.org\/es\/#\/schema\/logo\/image\/\",\"url\":\"https:\/\/ifesworld.org\/wp-content\/uploads\/2019\/06\/ifeslogo.png\",\"contentUrl\":\"https:\/\/ifesworld.org\/wp-content\/uploads\/2019\/06\/ifeslogo.png\",\"width\":262,\"height\":262,\"caption\":\"IFES \u00b7 International Fellowship of Evangelical Students\"},\"image\":{\"@id\":\"https:\/\/ifesworld.org\/es\/#\/schema\/logo\/image\/\"}}]}<\/script>\n<!-- \/ Yoast SEO plugin. -->","yoast_head_json":{"title":"Num\u00e9ro 1 : La migration \u00e0 travers les yeux de la foi &#183; IFES","description":"\u00c0 une \u00e9poque o\u00f9 l\u2019immigration massive transforme le visage des nations et des \u00e9glises, de la Colombie \u00e0 la Syrie et des Philippines aux \u00c9tats-Unis,","robots":{"index":"index","follow":"follow","max-snippet":"max-snippet:-1","max-image-preview":"max-image-preview:large","max-video-preview":"max-video-preview:-1"},"canonical":"https:\/\/ifesworld.org\/fr\/journal\/numero-1-la-migration-a-travers-les-yeux-de-la-foi\/","og_locale":"fr_FR","og_type":"article","og_title":"Num\u00e9ro 1 : La migration \u00e0 travers les yeux de la foi &#183; IFES","og_description":"\u00c0 une \u00e9poque o\u00f9 l\u2019immigration massive transforme le visage des nations et des \u00e9glises, de la Colombie \u00e0 la Syrie et des Philippines aux \u00c9tats-Unis,","og_url":"https:\/\/ifesworld.org\/fr\/journal\/numero-1-la-migration-a-travers-les-yeux-de-la-foi\/","og_site_name":"IFES","article_modified_time":"2019-12-16T14:14:14+00:00","og_image":[{"width":1200,"height":800,"url":"https:\/\/ifesworld.org\/wp-content\/uploads\/2019\/05\/4a82f-18oxssio1_etgsyieve9khw.jpeg","type":"image\/jpeg"}],"twitter_card":"summary_large_image","twitter_misc":{"Dur\u00e9e de lecture estim\u00e9e":"1 minute"},"schema":{"@context":"https:\/\/schema.org","@graph":[{"@type":"WebPage","@id":"https:\/\/ifesworld.org\/fr\/journal\/numero-1-la-migration-a-travers-les-yeux-de-la-foi\/","url":"https:\/\/ifesworld.org\/fr\/journal\/numero-1-la-migration-a-travers-les-yeux-de-la-foi\/","name":"Num\u00e9ro 1 : La migration \u00e0 travers les yeux de la foi &#183; IFES","isPartOf":{"@id":"https:\/\/ifesworld.org\/es\/#website"},"primaryImageOfPage":{"@id":"https:\/\/ifesworld.org\/fr\/journal\/numero-1-la-migration-a-travers-les-yeux-de-la-foi\/#primaryimage"},"image":{"@id":"https:\/\/ifesworld.org\/fr\/journal\/numero-1-la-migration-a-travers-les-yeux-de-la-foi\/#primaryimage"},"thumbnailUrl":"https:\/\/ifesworld.org\/wp-content\/uploads\/2019\/05\/4a82f-18oxssio1_etgsyieve9khw.jpeg","datePublished":"2017-05-10T14:31:03+00:00","dateModified":"2019-12-16T14:14:14+00:00","description":"\u00c0 une \u00e9poque o\u00f9 l\u2019immigration massive transforme le visage des nations et des \u00e9glises, de la Colombie \u00e0 la Syrie et des Philippines aux \u00c9tats-Unis,","breadcrumb":{"@id":"https:\/\/ifesworld.org\/fr\/journal\/numero-1-la-migration-a-travers-les-yeux-de-la-foi\/#breadcrumb"},"inLanguage":"fr-FR","potentialAction":[{"@type":"ReadAction","target":["https:\/\/ifesworld.org\/fr\/journal\/numero-1-la-migration-a-travers-les-yeux-de-la-foi\/"]}]},{"@type":"ImageObject","inLanguage":"fr-FR","@id":"https:\/\/ifesworld.org\/fr\/journal\/numero-1-la-migration-a-travers-les-yeux-de-la-foi\/#primaryimage","url":"https:\/\/ifesworld.org\/wp-content\/uploads\/2019\/05\/4a82f-18oxssio1_etgsyieve9khw.jpeg","contentUrl":"https:\/\/ifesworld.org\/wp-content\/uploads\/2019\/05\/4a82f-18oxssio1_etgsyieve9khw.jpeg","width":1200,"height":800},{"@type":"BreadcrumbList","@id":"https:\/\/ifesworld.org\/fr\/journal\/numero-1-la-migration-a-travers-les-yeux-de-la-foi\/#breadcrumb","itemListElement":[{"@type":"ListItem","position":1,"name":"Home","item":"https:\/\/ifesworld.org\/fr\/"},{"@type":"ListItem","position":2,"name":"Parole et Monde","item":"https:\/\/ifesworld.org\/fr\/journal\/"},{"@type":"ListItem","position":3,"name":"Num\u00e9ro 1 : La migration \u00e0 travers les yeux de la foi"}]},{"@type":"WebSite","@id":"https:\/\/ifesworld.org\/es\/#website","url":"https:\/\/ifesworld.org\/es\/","name":"IFES","description":"A movement of students sharing and living out the good news of Jesus Christ. Locally. Nationally. Globally.","publisher":{"@id":"https:\/\/ifesworld.org\/es\/#organization"},"potentialAction":[{"@type":"SearchAction","target":{"@type":"EntryPoint","urlTemplate":"https:\/\/ifesworld.org\/es\/?s={search_term_string}"},"query-input":{"@type":"PropertyValueSpecification","valueRequired":true,"valueName":"search_term_string"}}],"inLanguage":"fr-FR"},{"@type":"Organization","@id":"https:\/\/ifesworld.org\/es\/#organization","name":"IFES \u00b7 International Fellowship of Evangelical Students","url":"https:\/\/ifesworld.org\/es\/","logo":{"@type":"ImageObject","inLanguage":"fr-FR","@id":"https:\/\/ifesworld.org\/es\/#\/schema\/logo\/image\/","url":"https:\/\/ifesworld.org\/wp-content\/uploads\/2019\/06\/ifeslogo.png","contentUrl":"https:\/\/ifesworld.org\/wp-content\/uploads\/2019\/06\/ifeslogo.png","width":262,"height":262,"caption":"IFES \u00b7 International Fellowship of Evangelical Students"},"image":{"@id":"https:\/\/ifesworld.org\/es\/#\/schema\/logo\/image\/"}}]}},"_links":{"self":[{"href":"https:\/\/ifesworld.org\/fr\/wp-json\/wp\/v2\/word_world\/1453","targetHints":{"allow":["GET"]}}],"collection":[{"href":"https:\/\/ifesworld.org\/fr\/wp-json\/wp\/v2\/word_world"}],"about":[{"href":"https:\/\/ifesworld.org\/fr\/wp-json\/wp\/v2\/types\/word_world"}],"wp:featuredmedia":[{"embeddable":true,"href":"https:\/\/ifesworld.org\/fr\/wp-json\/wp\/v2\/media\/1482"}],"wp:attachment":[{"href":"https:\/\/ifesworld.org\/fr\/wp-json\/wp\/v2\/media?parent=1453"}],"wp:term":[{"taxonomy":"area","embeddable":true,"href":"https:\/\/ifesworld.org\/fr\/wp-json\/wp\/v2\/area?post=1453"},{"taxonomy":"theme","embeddable":true,"href":"https:\/\/ifesworld.org\/fr\/wp-json\/wp\/v2\/theme?post=1453"}],"curies":[{"name":"wp","href":"https:\/\/api.w.org\/{rel}","templated":true}]}}