{"id":9729,"date":"2019-11-05T12:02:43","date_gmt":"2019-11-05T12:02:43","guid":{"rendered":"https:\/\/ifesworld.org\/?post_type=prayerline&#038;p=9729"},"modified":"2019-11-05T12:02:49","modified_gmt":"2019-11-05T12:02:49","slug":"lorsque-les-portes-de-luniversite-restent-closes","status":"publish","type":"prayerline","link":"https:\/\/ifesworld.org\/fr\/prayerline\/lorsque-les-portes-de-luniversite-restent-closes\/","title":{"rendered":"Lorsque les portes de l&rsquo;universit\u00e9 restent closes"},"content":{"rendered":"<div class=\"wp-block block-core-paragraph\">\n<p class=\"wp-block-paragraph\">Descheny, \u00e9tudiant et \u00e9quipier, se rend au\nbureau du GBEUH Ha\u00efti le c\u0153ur lourd. La voie express est jonch\u00e9e de voitures\nbr\u00fbl\u00e9es, de vitres bris\u00e9es et de pneus fumants. Ce sont les pires\nmanifestations que le pays ait connues depuis trente ans. Ni la population, ni\nle pr\u00e9sident contre qui elle manifestent, ne sont pr\u00eats \u00e0 l\u00e2cher. Les portes\ndes universit\u00e9s sont ferm\u00e9es et les r\u00e9unions d&rsquo;\u00e9tudiants chr\u00e9tiens sur les\ncampus ont d\u00fb s&rsquo;interrompre.<\/p>\n<\/div>\n\n<div class=\"wp-block block-core-paragraph\">\n<p class=\"wp-block-paragraph\">Bon nombre des \u00e9tudiants du GBEUH, le\nmouvement de l&rsquo;IFES en Ha\u00efti, estiment qu&rsquo;ils ont un r\u00f4le actif \u00e0 jouer en tant\nque citoyens chr\u00e9tiens. Mais il est de plus en plus dangereux de sortir dans la\nrue. Inquiets pour leurs \u00e9tudes et pour leur pays, les \u00e9tudiants du GBEUH se\ntournent vers la pri\u00e8re, par le biais de r\u00e9unions virtuelles sur WhatsApp.<\/p>\n<\/div>\n\n<div class=\"wp-block block-core-paragraph\">\n<p class=\"wp-block-paragraph\">Descheny nous explique pourquoi&nbsp;:<\/p>\n<\/div>\n\n<div class=\"wp-block block-core-quote\">\n<blockquote class=\"wp-block-quote is-layout-flow wp-block-quote-is-layout-flow\"><p>\u00ab&nbsp;L&rsquo;ensemble de la population est confront\u00e9e au d\u00e9couragement, au d\u00e9sespoir et \u00e0 l&rsquo;ins\u00e9curit\u00e9. Mais ce qui nous encourage et nous fortifie, c&rsquo;est notre foi en J\u00e9sus, le Nazar\u00e9en, qui sait calmer les temp\u00eates et apporter la paix.&nbsp;\u00bb<\/p><\/blockquote>\n<\/div>\n\n<div class=\"wp-block block-core-list\">\n<ul class=\"wp-block-list\"><li>Priez que les \u00e9tudiants, le personnel et les membres du conseil du GBEUH soient fortifi\u00e9s, et qu&rsquo;ils continuent \u00e0 prier et \u00e0 d\u00e9pendre de Dieu en ces temps difficiles. <br><\/li><li>Priez pour une sagesse particuli\u00e8re pour Descheny en tant que leader, alors qu&rsquo;il s\u2019efforce d&rsquo;encourager et de soutenir les \u00e9tudiants.<br><\/li><li>Priez pour la stabilit\u00e9 politique et sociale en Ha\u00efti.<\/li><\/ul>\n<\/div>\n\n<div class=\"wp-block block-core-paragraph\">\n<p class=\"wp-block-paragraph\">Merci de prier avec nous ! <\/p>\n<\/div>","protected":false},"featured_media":9591,"template":"","area":[454,480],"theme":[1262],"class_list":["post-9729","prayerline","type-prayerline","status-publish","has-post-thumbnail","hentry","area-caribbean","area-haiti","theme-action-sociale"],"acf":[],"yoast_head":"<!-- This site is optimized with the Yoast SEO plugin v27.2 - https:\/\/yoast.com\/product\/yoast-seo-wordpress\/ -->\n<title>Lorsque les portes de l&#039;universit\u00e9 restent closes &#183; IFES Prayerline<\/title>\n<meta name=\"description\" content=\"Descheny, \u00e9tudiant et \u00e9quipier, se rend au bureau du GBEUH Ha\u00efti le c\u0153ur lourd. La voie express est jonch\u00e9e de voitures br\u00fbl\u00e9es, de vitres bris\u00e9es et de\" \/>\n<meta name=\"robots\" content=\"index, follow, max-snippet:-1, max-image-preview:large, max-video-preview:-1\" \/>\n<link rel=\"canonical\" href=\"https:\/\/ifesworld.org\/fr\/prayerline\/lorsque-les-portes-de-luniversite-restent-closes\/\" \/>\n<meta property=\"og:locale\" content=\"fr_FR\" \/>\n<meta property=\"og:type\" content=\"article\" \/>\n<meta property=\"og:title\" content=\"Lorsque les portes de l&#039;universit\u00e9 restent closes &#183; IFES Prayerline\" \/>\n<meta property=\"og:description\" content=\"Descheny, \u00e9tudiant et \u00e9quipier, se rend au bureau du GBEUH Ha\u00efti le c\u0153ur lourd. La voie express est jonch\u00e9e de voitures br\u00fbl\u00e9es, de vitres bris\u00e9es et de\" \/>\n<meta property=\"og:url\" content=\"https:\/\/ifesworld.org\/fr\/prayerline\/lorsque-les-portes-de-luniversite-restent-closes\/\" \/>\n<meta property=\"og:site_name\" content=\"IFES\" \/>\n<meta property=\"article:modified_time\" content=\"2019-11-05T12:02:49+00:00\" \/>\n<meta property=\"og:image\" content=\"https:\/\/ifesworld.org\/wp-content\/uploads\/2019\/10\/191105-PL-Haiti.jpg\" \/>\n\t<meta property=\"og:image:width\" content=\"1200\" \/>\n\t<meta property=\"og:image:height\" content=\"676\" \/>\n\t<meta property=\"og:image:type\" content=\"image\/jpeg\" \/>\n<meta name=\"twitter:card\" content=\"summary_large_image\" \/>\n<meta name=\"twitter:label1\" content=\"Dur\u00e9e de lecture estim\u00e9e\" \/>\n\t<meta name=\"twitter:data1\" content=\"1 minute\" \/>\n<script type=\"application\/ld+json\" class=\"yoast-schema-graph\">{\"@context\":\"https:\/\/schema.org\",\"@graph\":[{\"@type\":\"WebPage\",\"@id\":\"https:\/\/ifesworld.org\/fr\/prayerline\/lorsque-les-portes-de-luniversite-restent-closes\/\",\"url\":\"https:\/\/ifesworld.org\/fr\/prayerline\/lorsque-les-portes-de-luniversite-restent-closes\/\",\"name\":\"Lorsque les portes de l'universit\u00e9 restent closes &#183; IFES Prayerline\",\"isPartOf\":{\"@id\":\"https:\/\/ifesworld.org\/es\/#website\"},\"primaryImageOfPage\":{\"@id\":\"https:\/\/ifesworld.org\/fr\/prayerline\/lorsque-les-portes-de-luniversite-restent-closes\/#primaryimage\"},\"image\":{\"@id\":\"https:\/\/ifesworld.org\/fr\/prayerline\/lorsque-les-portes-de-luniversite-restent-closes\/#primaryimage\"},\"thumbnailUrl\":\"https:\/\/ifesworld.org\/wp-content\/uploads\/2019\/10\/191105-PL-Haiti.jpg\",\"datePublished\":\"2019-11-05T12:02:43+00:00\",\"dateModified\":\"2019-11-05T12:02:49+00:00\",\"description\":\"Descheny, \u00e9tudiant et \u00e9quipier, se rend au bureau du GBEUH Ha\u00efti le c\u0153ur lourd. La voie express est jonch\u00e9e de voitures br\u00fbl\u00e9es, de vitres bris\u00e9es et de\",\"breadcrumb\":{\"@id\":\"https:\/\/ifesworld.org\/fr\/prayerline\/lorsque-les-portes-de-luniversite-restent-closes\/#breadcrumb\"},\"inLanguage\":\"fr-FR\",\"potentialAction\":[{\"@type\":\"ReadAction\",\"target\":[\"https:\/\/ifesworld.org\/fr\/prayerline\/lorsque-les-portes-de-luniversite-restent-closes\/\"]}]},{\"@type\":\"ImageObject\",\"inLanguage\":\"fr-FR\",\"@id\":\"https:\/\/ifesworld.org\/fr\/prayerline\/lorsque-les-portes-de-luniversite-restent-closes\/#primaryimage\",\"url\":\"https:\/\/ifesworld.org\/wp-content\/uploads\/2019\/10\/191105-PL-Haiti.jpg\",\"contentUrl\":\"https:\/\/ifesworld.org\/wp-content\/uploads\/2019\/10\/191105-PL-Haiti.jpg\",\"width\":1200,\"height\":676,\"caption\":\"191105 PL - Haiti\"},{\"@type\":\"BreadcrumbList\",\"@id\":\"https:\/\/ifesworld.org\/fr\/prayerline\/lorsque-les-portes-de-luniversite-restent-closes\/#breadcrumb\",\"itemListElement\":[{\"@type\":\"ListItem\",\"position\":1,\"name\":\"Home\",\"item\":\"https:\/\/ifesworld.org\/fr\/\"},{\"@type\":\"ListItem\",\"position\":2,\"name\":\"Prayerline\",\"item\":\"https:\/\/ifesworld.org\/en\/prayerline\/\"},{\"@type\":\"ListItem\",\"position\":3,\"name\":\"Lorsque les portes de l&rsquo;universit\u00e9 restent closes\"}]},{\"@type\":\"WebSite\",\"@id\":\"https:\/\/ifesworld.org\/es\/#website\",\"url\":\"https:\/\/ifesworld.org\/es\/\",\"name\":\"IFES\",\"description\":\"A movement of students sharing and living out the good news of Jesus Christ. Locally. Nationally. Globally.\",\"publisher\":{\"@id\":\"https:\/\/ifesworld.org\/es\/#organization\"},\"potentialAction\":[{\"@type\":\"SearchAction\",\"target\":{\"@type\":\"EntryPoint\",\"urlTemplate\":\"https:\/\/ifesworld.org\/es\/?s={search_term_string}\"},\"query-input\":{\"@type\":\"PropertyValueSpecification\",\"valueRequired\":true,\"valueName\":\"search_term_string\"}}],\"inLanguage\":\"fr-FR\"},{\"@type\":\"Organization\",\"@id\":\"https:\/\/ifesworld.org\/es\/#organization\",\"name\":\"IFES \u00b7 International Fellowship of Evangelical Students\",\"url\":\"https:\/\/ifesworld.org\/es\/\",\"logo\":{\"@type\":\"ImageObject\",\"inLanguage\":\"fr-FR\",\"@id\":\"https:\/\/ifesworld.org\/es\/#\/schema\/logo\/image\/\",\"url\":\"https:\/\/ifesworld.org\/wp-content\/uploads\/2019\/06\/ifeslogo.png\",\"contentUrl\":\"https:\/\/ifesworld.org\/wp-content\/uploads\/2019\/06\/ifeslogo.png\",\"width\":262,\"height\":262,\"caption\":\"IFES \u00b7 International Fellowship of Evangelical Students\"},\"image\":{\"@id\":\"https:\/\/ifesworld.org\/es\/#\/schema\/logo\/image\/\"}}]}<\/script>\n<!-- \/ Yoast SEO plugin. -->","yoast_head_json":{"title":"Lorsque les portes de l'universit\u00e9 restent closes &#183; IFES Prayerline","description":"Descheny, \u00e9tudiant et \u00e9quipier, se rend au bureau du GBEUH Ha\u00efti le c\u0153ur lourd. La voie express est jonch\u00e9e de voitures br\u00fbl\u00e9es, de vitres bris\u00e9es et de","robots":{"index":"index","follow":"follow","max-snippet":"max-snippet:-1","max-image-preview":"max-image-preview:large","max-video-preview":"max-video-preview:-1"},"canonical":"https:\/\/ifesworld.org\/fr\/prayerline\/lorsque-les-portes-de-luniversite-restent-closes\/","og_locale":"fr_FR","og_type":"article","og_title":"Lorsque les portes de l'universit\u00e9 restent closes &#183; IFES Prayerline","og_description":"Descheny, \u00e9tudiant et \u00e9quipier, se rend au bureau du GBEUH Ha\u00efti le c\u0153ur lourd. La voie express est jonch\u00e9e de voitures br\u00fbl\u00e9es, de vitres bris\u00e9es et de","og_url":"https:\/\/ifesworld.org\/fr\/prayerline\/lorsque-les-portes-de-luniversite-restent-closes\/","og_site_name":"IFES","article_modified_time":"2019-11-05T12:02:49+00:00","og_image":[{"width":1200,"height":676,"url":"https:\/\/ifesworld.org\/wp-content\/uploads\/2019\/10\/191105-PL-Haiti.jpg","type":"image\/jpeg"}],"twitter_card":"summary_large_image","twitter_misc":{"Dur\u00e9e de lecture estim\u00e9e":"1 minute"},"schema":{"@context":"https:\/\/schema.org","@graph":[{"@type":"WebPage","@id":"https:\/\/ifesworld.org\/fr\/prayerline\/lorsque-les-portes-de-luniversite-restent-closes\/","url":"https:\/\/ifesworld.org\/fr\/prayerline\/lorsque-les-portes-de-luniversite-restent-closes\/","name":"Lorsque les portes de l'universit\u00e9 restent closes &#183; IFES Prayerline","isPartOf":{"@id":"https:\/\/ifesworld.org\/es\/#website"},"primaryImageOfPage":{"@id":"https:\/\/ifesworld.org\/fr\/prayerline\/lorsque-les-portes-de-luniversite-restent-closes\/#primaryimage"},"image":{"@id":"https:\/\/ifesworld.org\/fr\/prayerline\/lorsque-les-portes-de-luniversite-restent-closes\/#primaryimage"},"thumbnailUrl":"https:\/\/ifesworld.org\/wp-content\/uploads\/2019\/10\/191105-PL-Haiti.jpg","datePublished":"2019-11-05T12:02:43+00:00","dateModified":"2019-11-05T12:02:49+00:00","description":"Descheny, \u00e9tudiant et \u00e9quipier, se rend au bureau du GBEUH Ha\u00efti le c\u0153ur lourd. La voie express est jonch\u00e9e de voitures br\u00fbl\u00e9es, de vitres bris\u00e9es et de","breadcrumb":{"@id":"https:\/\/ifesworld.org\/fr\/prayerline\/lorsque-les-portes-de-luniversite-restent-closes\/#breadcrumb"},"inLanguage":"fr-FR","potentialAction":[{"@type":"ReadAction","target":["https:\/\/ifesworld.org\/fr\/prayerline\/lorsque-les-portes-de-luniversite-restent-closes\/"]}]},{"@type":"ImageObject","inLanguage":"fr-FR","@id":"https:\/\/ifesworld.org\/fr\/prayerline\/lorsque-les-portes-de-luniversite-restent-closes\/#primaryimage","url":"https:\/\/ifesworld.org\/wp-content\/uploads\/2019\/10\/191105-PL-Haiti.jpg","contentUrl":"https:\/\/ifesworld.org\/wp-content\/uploads\/2019\/10\/191105-PL-Haiti.jpg","width":1200,"height":676,"caption":"191105 PL - Haiti"},{"@type":"BreadcrumbList","@id":"https:\/\/ifesworld.org\/fr\/prayerline\/lorsque-les-portes-de-luniversite-restent-closes\/#breadcrumb","itemListElement":[{"@type":"ListItem","position":1,"name":"Home","item":"https:\/\/ifesworld.org\/fr\/"},{"@type":"ListItem","position":2,"name":"Prayerline","item":"https:\/\/ifesworld.org\/en\/prayerline\/"},{"@type":"ListItem","position":3,"name":"Lorsque les portes de l&rsquo;universit\u00e9 restent closes"}]},{"@type":"WebSite","@id":"https:\/\/ifesworld.org\/es\/#website","url":"https:\/\/ifesworld.org\/es\/","name":"IFES","description":"A movement of students sharing and living out the good news of Jesus Christ. Locally. Nationally. Globally.","publisher":{"@id":"https:\/\/ifesworld.org\/es\/#organization"},"potentialAction":[{"@type":"SearchAction","target":{"@type":"EntryPoint","urlTemplate":"https:\/\/ifesworld.org\/es\/?s={search_term_string}"},"query-input":{"@type":"PropertyValueSpecification","valueRequired":true,"valueName":"search_term_string"}}],"inLanguage":"fr-FR"},{"@type":"Organization","@id":"https:\/\/ifesworld.org\/es\/#organization","name":"IFES \u00b7 International Fellowship of Evangelical Students","url":"https:\/\/ifesworld.org\/es\/","logo":{"@type":"ImageObject","inLanguage":"fr-FR","@id":"https:\/\/ifesworld.org\/es\/#\/schema\/logo\/image\/","url":"https:\/\/ifesworld.org\/wp-content\/uploads\/2019\/06\/ifeslogo.png","contentUrl":"https:\/\/ifesworld.org\/wp-content\/uploads\/2019\/06\/ifeslogo.png","width":262,"height":262,"caption":"IFES \u00b7 International Fellowship of Evangelical Students"},"image":{"@id":"https:\/\/ifesworld.org\/es\/#\/schema\/logo\/image\/"}}]}},"_links":{"self":[{"href":"https:\/\/ifesworld.org\/fr\/wp-json\/wp\/v2\/prayerline\/9729","targetHints":{"allow":["GET"]}}],"collection":[{"href":"https:\/\/ifesworld.org\/fr\/wp-json\/wp\/v2\/prayerline"}],"about":[{"href":"https:\/\/ifesworld.org\/fr\/wp-json\/wp\/v2\/types\/prayerline"}],"wp:featuredmedia":[{"embeddable":true,"href":"https:\/\/ifesworld.org\/fr\/wp-json\/wp\/v2\/media\/9591"}],"wp:attachment":[{"href":"https:\/\/ifesworld.org\/fr\/wp-json\/wp\/v2\/media?parent=9729"}],"wp:term":[{"taxonomy":"area","embeddable":true,"href":"https:\/\/ifesworld.org\/fr\/wp-json\/wp\/v2\/area?post=9729"},{"taxonomy":"theme","embeddable":true,"href":"https:\/\/ifesworld.org\/fr\/wp-json\/wp\/v2\/theme?post=9729"}],"curies":[{"name":"wp","href":"https:\/\/api.w.org\/{rel}","templated":true}]}}