{"id":7202,"date":"2019-07-09T10:55:39","date_gmt":"2019-07-09T10:55:39","guid":{"rendered":"https:\/\/ifesworld.org\/?post_type=prayerline&#038;p=7202"},"modified":"2019-07-09T10:55:39","modified_gmt":"2019-07-09T10:55:39","slug":"priez-pour-godfree-et-dautres-participants-a-lassemblee-mondiale","status":"publish","type":"prayerline","link":"https:\/\/ifesworld.org\/fr\/prayerline\/priez-pour-godfree-et-dautres-participants-a-lassemblee-mondiale\/","title":{"rendered":"Priez pour Godfree et d\u2019autres participants \u00e0 l\u2019Assembl\u00e9e mondiale"},"content":{"rendered":"<div class=\"wp-block block-core-quote\">\n<blockquote class=\"wp-block-quote is-layout-flow wp-block-quote-is-layout-flow\"><p> <em>J\u2019esp\u00e9rais avoir un compagnon de chambre adonn\u00e9 \u00e0 la pri\u00e8re \u00e0 l\u2019universit\u00e9. Mais lorsque j\u2019ai d\u00e9but\u00e9 mon programme d\u2019\u00e9tudes, Dieu m\u2019a donn\u00e9\u00a0tout\u00a0le contraire. Moses n\u2019\u00e9tait pas croyant. Il \u00e9tait plut\u00f4t port\u00e9 \u00e0 s\u2019enivrer et \u00e0 faire la f\u00eate.\u00a0C\u2019est pourquoi j\u2019ai commenc\u00e9 \u00e0 prier pour lui.<\/em>\u00a0<\/p><p><em>Moses\u00a0est\u00a0un \u00e9tudiant international\u00a0originaire de la Guin\u00e9e \u00e9quatoriale. Il avait beaucoup de questions en rapport avec ma foi. Par son entremise, j\u2019ai fait la connaissance d\u2019autres \u00e9tudiants internationaux de la Guin\u00e9e \u00e9quatoriale et je les ai invit\u00e9s \u00e0 nos activit\u00e9s en priant pour eux afin qu\u2019ils re\u00e7oivent J\u00e9sus-Christ.<\/em>\u00a0<\/p><p><em>L\u2019ann\u00e9e derni\u00e8re, Dieu a r\u00e9pondu \u00e0 mes pri\u00e8res. Moses et d\u2019autres \u00e9tudiants internationaux\u00a0sont venus\u00a0\u00e0 la foi en J\u00e9sus-Christ.\u00a0Ils sont maintenant actifs pour\u00a0partager\u00a0l\u2019\u00c9vangile sur le campus.<\/em>\u00a0 <\/p><\/blockquote>\n<\/div>\n\n<div class=\"wp-block block-core-paragraph\">\n<p class=\"wp-block-paragraph\">Godfree, un \u00e9tudiant de FOCUS\u00a0Zimbabwe, participe \u00e0 l\u2019Assembl\u00e9e mondiale cette semaine.\u00a0Il est l\u00e0 pour partager son histoire\u00a0et\u00a0pour encourager d\u2019autres \u00e0\u00a0atteindre les \u00e9tudiants internationaux.\u00a0Il est \u00e9galement l\u00e0 pour apprendre. Pour capter de nouvelles id\u00e9es. Pour\u00a0d\u00e9couvrir\u00a0qu\u2019il fait partie d\u2019un mouvement\u00a0mondial en pleine croissance d\u2019\u00e9tudiants comme lui,\u00a0d\u00e9sireux de\u00a0partager avec leurs amis la Bonne Nouvelle de J\u00e9sus.\u00a0 <\/p>\n<\/div>\n\n<div class=\"wp-block block-core-paragraph\">\n<p class=\"wp-block-paragraph\">  Joignez-vous \u00e0 nous dans la pri\u00e8re pour\u00a0Godfree\u00a0et d\u2019autres participants \u00e0 l\u2019Assembl\u00e9e mondiale\u202f:\u00a0 <\/p>\n<\/div>\n\n<ul style=\"font-weight: 400;\">\n<li data-leveltext=\"-\" data-font=\"Open Sans\" data-listid=\"22\" aria-setsize=\"-1\" data-aria-posinset=\"0\" data-aria-level=\"1\"><span data-contrast=\"none\">Remerciez Dieu pour les \u00e9tudiants internation<\/span><span data-contrast=\"none\">aux de l\u2019universit\u00e9 de\u00a0<\/span><span data-contrast=\"none\">Godfree<\/span><span data-contrast=\"none\">\u00a0et priez que ces nouveaux croyants puissent<\/span><span data-contrast=\"none\">\u00a0<\/span><span data-contrast=\"none\">demeure<\/span><span data-contrast=\"none\">r<\/span><span data-contrast=\"none\">\u00a0pr\u00e8s de J\u00e9sus dans leur marche avec lui, maintenant et lorsqu\u2019ils retourneront en Guin\u00e9e \u00e9quatoriale.<\/span><span data-ccp-props=\"{&quot;201341983&quot;:2,&quot;335559739&quot;:120,&quot;335559740&quot;:240}\">\u00a0<\/span><\/li>\n<li data-leveltext=\"-\" data-font=\"Open Sans\" data-listid=\"22\" aria-setsize=\"-1\" data-aria-posinset=\"0\" data-aria-level=\"1\"><span data-contrast=\"none\">Remerciez Dieu pour les 1\u202f200 participants\u00a0<\/span><span data-contrast=\"none\">qui sont venus de plus de 170 pays pour assister \u00e0 l\u2019Assembl\u00e9e mondiale. Remerciez Dieu pour la s\u00e9curit\u00e9 dans les d\u00e9placements et les moments riches de communion et d\u2019enseignement v\u00e9cus jusqu\u2019ici.<\/span><span data-ccp-props=\"{&quot;201341983&quot;:2,&quot;335559739&quot;:120,&quot;335559740&quot;:240}\">\u00a0<\/span><\/li>\n<li data-leveltext=\"-\" data-font=\"Open Sans\" data-listid=\"22\" aria-setsize=\"-1\" data-aria-posinset=\"0\" data-aria-level=\"1\"><span data-contrast=\"none\">Priez que chaque participant puisse rencontrer J\u00e9sus\u00a0<\/span><span data-contrast=\"none\">\u00e0 travers la m\u00e9ditation de sa Parole et quitte l\u2019\u00e9v\u00e9nement en \u00e9tant mieux \u00e9quip\u00e9 et plus inspir\u00e9 que jamais \u00e0 se faire un messager d\u2019esp\u00e9rance au sein des universit\u00e9s du monde entier.<\/span><span data-ccp-props=\"{&quot;201341983&quot;:2,&quot;335559739&quot;:120,&quot;335559740&quot;:240}\">\u00a0<\/span><\/li>\n<\/ul>\n<p>Merci de prier avec nous !<\/p>","protected":false},"featured_media":7200,"template":"","area":[456,537],"theme":[1256],"class_list":["post-7202","prayerline","type-prayerline","status-publish","has-post-thumbnail","hentry","area-epsa","area-zimbabwe","theme-ministere-parmi-les-etudiants-internationaux"],"acf":[],"yoast_head":"<!-- This site is optimized with the Yoast SEO plugin v27.2 - https:\/\/yoast.com\/product\/yoast-seo-wordpress\/ -->\n<title>Priez pour Godfree et d\u2019autres participants \u00e0 l\u2019Assembl\u00e9e mondiale &#183; IFES Prayerline<\/title>\n<meta name=\"description\" content=\"J\u2019esp\u00e9rais avoir un compagnon de chambre adonn\u00e9 \u00e0 la pri\u00e8re \u00e0 l\u2019universit\u00e9. Mais lorsque j\u2019ai d\u00e9but\u00e9 mon programme d\u2019\u00e9tudes, Dieu m\u2019a donn\u00e9\u00a0tout\u00a0le\" \/>\n<meta name=\"robots\" content=\"index, follow, max-snippet:-1, max-image-preview:large, max-video-preview:-1\" \/>\n<link rel=\"canonical\" href=\"https:\/\/ifesworld.org\/fr\/prayerline\/priez-pour-godfree-et-dautres-participants-a-lassemblee-mondiale\/\" \/>\n<meta property=\"og:locale\" content=\"fr_FR\" \/>\n<meta property=\"og:type\" content=\"article\" \/>\n<meta property=\"og:title\" content=\"Priez pour Godfree et d\u2019autres participants \u00e0 l\u2019Assembl\u00e9e mondiale &#183; IFES Prayerline\" \/>\n<meta property=\"og:description\" content=\"J\u2019esp\u00e9rais avoir un compagnon de chambre adonn\u00e9 \u00e0 la pri\u00e8re \u00e0 l\u2019universit\u00e9. Mais lorsque j\u2019ai d\u00e9but\u00e9 mon programme d\u2019\u00e9tudes, Dieu m\u2019a donn\u00e9\u00a0tout\u00a0le\" \/>\n<meta property=\"og:url\" content=\"https:\/\/ifesworld.org\/fr\/prayerline\/priez-pour-godfree-et-dautres-participants-a-lassemblee-mondiale\/\" \/>\n<meta property=\"og:site_name\" content=\"IFES\" \/>\n<meta property=\"og:image\" content=\"https:\/\/ifesworld.org\/wp-content\/uploads\/2019\/07\/190709-Godfree-Shuro.jpg\" \/>\n\t<meta property=\"og:image:width\" content=\"1090\" \/>\n\t<meta property=\"og:image:height\" content=\"613\" \/>\n\t<meta property=\"og:image:type\" content=\"image\/jpeg\" \/>\n<meta name=\"twitter:card\" content=\"summary_large_image\" \/>\n<meta name=\"twitter:label1\" content=\"Dur\u00e9e de lecture estim\u00e9e\" \/>\n\t<meta name=\"twitter:data1\" content=\"2 minutes\" \/>\n<script type=\"application\/ld+json\" class=\"yoast-schema-graph\">{\"@context\":\"https:\/\/schema.org\",\"@graph\":[{\"@type\":\"WebPage\",\"@id\":\"https:\/\/ifesworld.org\/fr\/prayerline\/priez-pour-godfree-et-dautres-participants-a-lassemblee-mondiale\/\",\"url\":\"https:\/\/ifesworld.org\/fr\/prayerline\/priez-pour-godfree-et-dautres-participants-a-lassemblee-mondiale\/\",\"name\":\"Priez pour Godfree et d\u2019autres participants \u00e0 l\u2019Assembl\u00e9e mondiale &#183; IFES Prayerline\",\"isPartOf\":{\"@id\":\"https:\/\/ifesworld.org\/es\/#website\"},\"primaryImageOfPage\":{\"@id\":\"https:\/\/ifesworld.org\/fr\/prayerline\/priez-pour-godfree-et-dautres-participants-a-lassemblee-mondiale\/#primaryimage\"},\"image\":{\"@id\":\"https:\/\/ifesworld.org\/fr\/prayerline\/priez-pour-godfree-et-dautres-participants-a-lassemblee-mondiale\/#primaryimage\"},\"thumbnailUrl\":\"https:\/\/ifesworld.org\/wp-content\/uploads\/2019\/07\/190709-Godfree-Shuro.jpg\",\"datePublished\":\"2019-07-09T10:55:39+00:00\",\"description\":\"J\u2019esp\u00e9rais avoir un compagnon de chambre adonn\u00e9 \u00e0 la pri\u00e8re \u00e0 l\u2019universit\u00e9. Mais lorsque j\u2019ai d\u00e9but\u00e9 mon programme d\u2019\u00e9tudes, Dieu m\u2019a donn\u00e9\u00a0tout\u00a0le\",\"breadcrumb\":{\"@id\":\"https:\/\/ifesworld.org\/fr\/prayerline\/priez-pour-godfree-et-dautres-participants-a-lassemblee-mondiale\/#breadcrumb\"},\"inLanguage\":\"fr-FR\",\"potentialAction\":[{\"@type\":\"ReadAction\",\"target\":[\"https:\/\/ifesworld.org\/fr\/prayerline\/priez-pour-godfree-et-dautres-participants-a-lassemblee-mondiale\/\"]}]},{\"@type\":\"ImageObject\",\"inLanguage\":\"fr-FR\",\"@id\":\"https:\/\/ifesworld.org\/fr\/prayerline\/priez-pour-godfree-et-dautres-participants-a-lassemblee-mondiale\/#primaryimage\",\"url\":\"https:\/\/ifesworld.org\/wp-content\/uploads\/2019\/07\/190709-Godfree-Shuro.jpg\",\"contentUrl\":\"https:\/\/ifesworld.org\/wp-content\/uploads\/2019\/07\/190709-Godfree-Shuro.jpg\",\"width\":1090,\"height\":613},{\"@type\":\"BreadcrumbList\",\"@id\":\"https:\/\/ifesworld.org\/fr\/prayerline\/priez-pour-godfree-et-dautres-participants-a-lassemblee-mondiale\/#breadcrumb\",\"itemListElement\":[{\"@type\":\"ListItem\",\"position\":1,\"name\":\"Home\",\"item\":\"https:\/\/ifesworld.org\/fr\/\"},{\"@type\":\"ListItem\",\"position\":2,\"name\":\"Prayerline\",\"item\":\"https:\/\/ifesworld.org\/en\/prayerline\/\"},{\"@type\":\"ListItem\",\"position\":3,\"name\":\"Priez pour Godfree et d\u2019autres participants \u00e0 l\u2019Assembl\u00e9e mondiale\"}]},{\"@type\":\"WebSite\",\"@id\":\"https:\/\/ifesworld.org\/es\/#website\",\"url\":\"https:\/\/ifesworld.org\/es\/\",\"name\":\"IFES\",\"description\":\"A movement of students sharing and living out the good news of Jesus Christ. Locally. Nationally. Globally.\",\"publisher\":{\"@id\":\"https:\/\/ifesworld.org\/es\/#organization\"},\"potentialAction\":[{\"@type\":\"SearchAction\",\"target\":{\"@type\":\"EntryPoint\",\"urlTemplate\":\"https:\/\/ifesworld.org\/es\/?s={search_term_string}\"},\"query-input\":{\"@type\":\"PropertyValueSpecification\",\"valueRequired\":true,\"valueName\":\"search_term_string\"}}],\"inLanguage\":\"fr-FR\"},{\"@type\":\"Organization\",\"@id\":\"https:\/\/ifesworld.org\/es\/#organization\",\"name\":\"IFES \u00b7 International Fellowship of Evangelical Students\",\"url\":\"https:\/\/ifesworld.org\/es\/\",\"logo\":{\"@type\":\"ImageObject\",\"inLanguage\":\"fr-FR\",\"@id\":\"https:\/\/ifesworld.org\/es\/#\/schema\/logo\/image\/\",\"url\":\"https:\/\/ifesworld.org\/wp-content\/uploads\/2019\/06\/ifeslogo.png\",\"contentUrl\":\"https:\/\/ifesworld.org\/wp-content\/uploads\/2019\/06\/ifeslogo.png\",\"width\":262,\"height\":262,\"caption\":\"IFES \u00b7 International Fellowship of Evangelical Students\"},\"image\":{\"@id\":\"https:\/\/ifesworld.org\/es\/#\/schema\/logo\/image\/\"}}]}<\/script>\n<!-- \/ Yoast SEO plugin. -->","yoast_head_json":{"title":"Priez pour Godfree et d\u2019autres participants \u00e0 l\u2019Assembl\u00e9e mondiale &#183; IFES Prayerline","description":"J\u2019esp\u00e9rais avoir un compagnon de chambre adonn\u00e9 \u00e0 la pri\u00e8re \u00e0 l\u2019universit\u00e9. Mais lorsque j\u2019ai d\u00e9but\u00e9 mon programme d\u2019\u00e9tudes, Dieu m\u2019a donn\u00e9\u00a0tout\u00a0le","robots":{"index":"index","follow":"follow","max-snippet":"max-snippet:-1","max-image-preview":"max-image-preview:large","max-video-preview":"max-video-preview:-1"},"canonical":"https:\/\/ifesworld.org\/fr\/prayerline\/priez-pour-godfree-et-dautres-participants-a-lassemblee-mondiale\/","og_locale":"fr_FR","og_type":"article","og_title":"Priez pour Godfree et d\u2019autres participants \u00e0 l\u2019Assembl\u00e9e mondiale &#183; IFES Prayerline","og_description":"J\u2019esp\u00e9rais avoir un compagnon de chambre adonn\u00e9 \u00e0 la pri\u00e8re \u00e0 l\u2019universit\u00e9. Mais lorsque j\u2019ai d\u00e9but\u00e9 mon programme d\u2019\u00e9tudes, Dieu m\u2019a donn\u00e9\u00a0tout\u00a0le","og_url":"https:\/\/ifesworld.org\/fr\/prayerline\/priez-pour-godfree-et-dautres-participants-a-lassemblee-mondiale\/","og_site_name":"IFES","og_image":[{"width":1090,"height":613,"url":"https:\/\/ifesworld.org\/wp-content\/uploads\/2019\/07\/190709-Godfree-Shuro.jpg","type":"image\/jpeg"}],"twitter_card":"summary_large_image","twitter_misc":{"Dur\u00e9e de lecture estim\u00e9e":"2 minutes"},"schema":{"@context":"https:\/\/schema.org","@graph":[{"@type":"WebPage","@id":"https:\/\/ifesworld.org\/fr\/prayerline\/priez-pour-godfree-et-dautres-participants-a-lassemblee-mondiale\/","url":"https:\/\/ifesworld.org\/fr\/prayerline\/priez-pour-godfree-et-dautres-participants-a-lassemblee-mondiale\/","name":"Priez pour Godfree et d\u2019autres participants \u00e0 l\u2019Assembl\u00e9e mondiale &#183; IFES Prayerline","isPartOf":{"@id":"https:\/\/ifesworld.org\/es\/#website"},"primaryImageOfPage":{"@id":"https:\/\/ifesworld.org\/fr\/prayerline\/priez-pour-godfree-et-dautres-participants-a-lassemblee-mondiale\/#primaryimage"},"image":{"@id":"https:\/\/ifesworld.org\/fr\/prayerline\/priez-pour-godfree-et-dautres-participants-a-lassemblee-mondiale\/#primaryimage"},"thumbnailUrl":"https:\/\/ifesworld.org\/wp-content\/uploads\/2019\/07\/190709-Godfree-Shuro.jpg","datePublished":"2019-07-09T10:55:39+00:00","description":"J\u2019esp\u00e9rais avoir un compagnon de chambre adonn\u00e9 \u00e0 la pri\u00e8re \u00e0 l\u2019universit\u00e9. Mais lorsque j\u2019ai d\u00e9but\u00e9 mon programme d\u2019\u00e9tudes, Dieu m\u2019a donn\u00e9\u00a0tout\u00a0le","breadcrumb":{"@id":"https:\/\/ifesworld.org\/fr\/prayerline\/priez-pour-godfree-et-dautres-participants-a-lassemblee-mondiale\/#breadcrumb"},"inLanguage":"fr-FR","potentialAction":[{"@type":"ReadAction","target":["https:\/\/ifesworld.org\/fr\/prayerline\/priez-pour-godfree-et-dautres-participants-a-lassemblee-mondiale\/"]}]},{"@type":"ImageObject","inLanguage":"fr-FR","@id":"https:\/\/ifesworld.org\/fr\/prayerline\/priez-pour-godfree-et-dautres-participants-a-lassemblee-mondiale\/#primaryimage","url":"https:\/\/ifesworld.org\/wp-content\/uploads\/2019\/07\/190709-Godfree-Shuro.jpg","contentUrl":"https:\/\/ifesworld.org\/wp-content\/uploads\/2019\/07\/190709-Godfree-Shuro.jpg","width":1090,"height":613},{"@type":"BreadcrumbList","@id":"https:\/\/ifesworld.org\/fr\/prayerline\/priez-pour-godfree-et-dautres-participants-a-lassemblee-mondiale\/#breadcrumb","itemListElement":[{"@type":"ListItem","position":1,"name":"Home","item":"https:\/\/ifesworld.org\/fr\/"},{"@type":"ListItem","position":2,"name":"Prayerline","item":"https:\/\/ifesworld.org\/en\/prayerline\/"},{"@type":"ListItem","position":3,"name":"Priez pour Godfree et d\u2019autres participants \u00e0 l\u2019Assembl\u00e9e mondiale"}]},{"@type":"WebSite","@id":"https:\/\/ifesworld.org\/es\/#website","url":"https:\/\/ifesworld.org\/es\/","name":"IFES","description":"A movement of students sharing and living out the good news of Jesus Christ. Locally. Nationally. Globally.","publisher":{"@id":"https:\/\/ifesworld.org\/es\/#organization"},"potentialAction":[{"@type":"SearchAction","target":{"@type":"EntryPoint","urlTemplate":"https:\/\/ifesworld.org\/es\/?s={search_term_string}"},"query-input":{"@type":"PropertyValueSpecification","valueRequired":true,"valueName":"search_term_string"}}],"inLanguage":"fr-FR"},{"@type":"Organization","@id":"https:\/\/ifesworld.org\/es\/#organization","name":"IFES \u00b7 International Fellowship of Evangelical Students","url":"https:\/\/ifesworld.org\/es\/","logo":{"@type":"ImageObject","inLanguage":"fr-FR","@id":"https:\/\/ifesworld.org\/es\/#\/schema\/logo\/image\/","url":"https:\/\/ifesworld.org\/wp-content\/uploads\/2019\/06\/ifeslogo.png","contentUrl":"https:\/\/ifesworld.org\/wp-content\/uploads\/2019\/06\/ifeslogo.png","width":262,"height":262,"caption":"IFES \u00b7 International Fellowship of Evangelical Students"},"image":{"@id":"https:\/\/ifesworld.org\/es\/#\/schema\/logo\/image\/"}}]}},"_links":{"self":[{"href":"https:\/\/ifesworld.org\/fr\/wp-json\/wp\/v2\/prayerline\/7202","targetHints":{"allow":["GET"]}}],"collection":[{"href":"https:\/\/ifesworld.org\/fr\/wp-json\/wp\/v2\/prayerline"}],"about":[{"href":"https:\/\/ifesworld.org\/fr\/wp-json\/wp\/v2\/types\/prayerline"}],"wp:featuredmedia":[{"embeddable":true,"href":"https:\/\/ifesworld.org\/fr\/wp-json\/wp\/v2\/media\/7200"}],"wp:attachment":[{"href":"https:\/\/ifesworld.org\/fr\/wp-json\/wp\/v2\/media?parent=7202"}],"wp:term":[{"taxonomy":"area","embeddable":true,"href":"https:\/\/ifesworld.org\/fr\/wp-json\/wp\/v2\/area?post=7202"},{"taxonomy":"theme","embeddable":true,"href":"https:\/\/ifesworld.org\/fr\/wp-json\/wp\/v2\/theme?post=7202"}],"curies":[{"name":"wp","href":"https:\/\/api.w.org\/{rel}","templated":true}]}}