{"id":54554,"date":"2026-09-01T10:53:37","date_gmt":"2026-09-01T09:53:37","guid":{"rendered":"https:\/\/ifesworld.org\/?post_type=prayerline&#038;p=54554"},"modified":"2026-09-01T10:53:38","modified_gmt":"2026-09-01T09:53:38","slug":"lanxiete-interrompue","status":"publish","type":"prayerline","link":"https:\/\/ifesworld.org\/fr\/prayerline\/lanxiete-interrompue\/","title":{"rendered":"L\u2019anxi\u00e9t\u00e9 interrompue"},"content":{"rendered":"<div class=\"wp-block block-core-paragraph\">\n<p class=\"wp-block-paragraph\">Steve* s\u2019inqui\u00e8te depuis plusieurs jours : la pression pour trouver un stage le terrasse. Il faut r\u00e9diger le CV parfait. Postuler \u00e0 n\u2019en plus finir. Attendre crisp\u00e9. Les entretiens sont \u00e9prouvants. La concurrence est \u00e9vidente.<\/p>\n<\/div>\n\n<div class=\"wp-block block-core-paragraph\">\n<p class=\"wp-block-paragraph\">Puis il a aper\u00e7u un message sur Instagram :<\/p>\n<\/div>\n\n<div class=\"wp-block block-core-paragraph\">\n<p class=\"wp-block-paragraph\"><a href=\"https:\/\/www.instagram.com\/p\/C9n47yKtYp_\/?utm_source=ig_web_copy_link&amp;igsh=MzRlODBiNWFlZA==\" target=\"_blank\" rel=\"noopener\"><em>Une pri\u00e8re lorsque vous posez votre candidature pour une coop\u00e9rative ou un poste<\/em><\/a>.<\/p>\n<\/div>\n\n<div class=\"wp-block block-core-paragraph\">\n<p class=\"wp-block-paragraph\">Elle provenait du compte de l\u2019Union locale, le groupe <a href=\"https:\/\/ivcf.ca\/\">d\u2019IVCF Canada<\/a> \u00e0 l\u2019Universit\u00e9 de Victoria.<\/p>\n<\/div>\n\n<div class=\"wp-block block-core-paragraph\">\n<p class=\"wp-block-paragraph\">Il a d\u00e9couvert quelque chose au cours de sa lecture.<\/p>\n<\/div>\n\n<div class=\"wp-block block-core-heading wp-elements-b087bda744930c1c67fb684c2e6e2b76\">\n<h2 class=\"wp-block-heading has-north-america-color has-text-color has-link-color wp-elements-b087bda744930c1c67fb684c2e6e2b76\"><strong>Pri\u00e8re dans le fil d&rsquo;actualit\u00e9<\/strong><\/h2>\n<\/div>\n\n<div class=\"wp-block block-core-paragraph\">\n<p class=\"wp-block-paragraph\">La lamentation a fait \u00e9cho chez lui :<\/p>\n<\/div>\n\n<div class=\"wp-block block-core-paragraph\">\n<p class=\"wp-block-paragraph\"><em>\u00ab Pourquoi c\u2019est si \u00e9puisant de postuler pour une coop\u00e9rative ?\u00bb\u2026 \u00ab Ne voulais-tu pas que le travail ait du sens ? \/ Tout \u00e7a ressemble plus \u00e0 des \u00e9pines et des chardons.\u00bb<\/em><\/p>\n<\/div>\n\n<div class=\"wp-block block-core-paragraph\">\n<p class=\"wp-block-paragraph\">Il s\u2019est repenti :<\/p>\n<\/div>\n\n<div class=\"wp-block block-core-paragraph\">\n<p class=\"wp-block-paragraph\"><em>\u00ab Je confesse que je veux contr\u00f4ler la cr\u00e9ation\u2026 Je confesse que j\u2019ai peur de ma vocation humaine, avec toute sa mortalit\u00e9 et ses limites\u2026 Je reconnais mes craintes quand je rumine \u00bb<\/em><\/p>\n<\/div>\n\n<div class=\"wp-block block-core-paragraph\">\n<p class=\"wp-block-paragraph\">Et cette v\u00e9rit\u00e9 lui a apport\u00e9 du repos :<\/p>\n<\/div>\n\n<div class=\"wp-block block-core-paragraph\">\n<p class=\"wp-block-paragraph\"><em>\u00ab Ton amour est fid\u00e8le, tu es lent \u00e0 la col\u00e8re, rev\u00eats-moi de ta patience \/ En tant que Berger des bergers, ton r\u00e8gne est plein de bont\u00e9. \u00bb.<\/em><\/p>\n<\/div>\n\n<div class=\"wp-block block-core-heading wp-elements-6b82deadbdff45aab328bef8fe157525\">\n<h2 class=\"wp-block-heading has-north-america-color has-text-color has-link-color wp-elements-6b82deadbdff45aab328bef8fe157525\"><strong>L\u2019omnipr\u00e9sence de Dieu<\/strong><\/h2>\n<\/div>\n\n<div class=\"wp-block block-core-paragraph\">\n<p class=\"wp-block-paragraph\">Steve a envoy\u00e9 un message \u00e0 son \u00e9quipier, Alan.<\/p>\n<\/div>\n\n<div class=\"wp-block block-core-paragraph\">\n<p class=\"wp-block-paragraph\">Il voulait qu\u2019il sache que sa pri\u00e8re lui avait donn\u00e9 du r\u00e9pit face \u00e0 l\u2019anxi\u00e9t\u00e9. Les mots \u00e0 l\u2019\u00e9cran l\u2019avaient aid\u00e9 \u00e0 reconna\u00eetre que Dieu \u00e9tait bien \u00e0 ses c\u00f4t\u00e9s alors qu\u2019il cherchait un stage.<\/p>\n<\/div>\n\n<div class=\"wp-block block-core-paragraph\">\n<p class=\"wp-block-paragraph\">Pendant la semaine suivante, Steve a repris cette pri\u00e8re mot pour mot alors qu\u2019il attendait les r\u00e9ponses. Il a \u00e9t\u00e9 affermi et a pers\u00e9v\u00e9r\u00e9 pendant deux mois suppl\u00e9mentaires.<\/p>\n<\/div>\n\n<div class=\"wp-block block-core-paragraph\">\n<p class=\"wp-block-paragraph\">Alan \u00e9tait ravi en tant qu\u2019auteur de la pri\u00e8re. Au cours des deux derni\u00e8res ann\u00e9es, le compte <a href=\"https:\/\/www.instagram.com\/uvic_ivcf\/\">uvic_ivcf <\/a>a publi\u00e9 pr\u00e8s de 30 de ses pri\u00e8res. Il dit :<\/p>\n<\/div>\n\n<div class=\"wp-block block-core-paragraph\">\n<p class=\"wp-block-paragraph\"><em>\u00ab L\u2019\u00e8re num\u00e9rique nous a ouvert de nouvelles portes. Des espaces personnels et priv\u00e9s des \u00e9tudiants tels que les chambres, les cuisines et leurs trajets deviennent des endroits o\u00f9 ils ressentent la pr\u00e9sence de Dieu et re\u00e7oivent Sa r\u00e9ponse\u00bb.<\/em><\/p>\n<\/div>\n\n<div class=\"wp-block block-core-heading wp-elements-122b1f0d43a5e4c345fbec9c279f1a7a\">\n<h2 class=\"wp-block-heading has-north-america-color has-text-color has-link-color wp-elements-122b1f0d43a5e4c345fbec9c279f1a7a\"><strong>Une bonne connexion<\/strong><\/h2>\n<\/div>\n\n<div class=\"wp-block block-core-paragraph\">\n<p class=\"wp-block-paragraph\">Alan ne souhaite pas que ses liturgies num\u00e9riques remplacent le minist\u00e8re incarn\u00e9. Il les per\u00e7oit comme \u00ab un pont \u00bb qui aide sa communaut\u00e9 \u00e9tudiante bien-aim\u00e9e \u00e0 faire le lien entre sa foi et son quotidien, que ce soit un de <a href=\"https:\/\/www.instagram.com\/p\/DFDrnAHReqY\/?utm_source=ig_web_copy_link&amp;igsh=MzRlODBiNWFlZA==\">ces lundis o\u00f9 on se dit que rien ne va <\/a>ou <a href=\"https:\/\/www.instagram.com\/p\/DDQLeTXSgjn\/?utm_source=ig_web_copy_link&amp;igsh=MzRlODBiNWFlZA==\">ces instants o\u00f9 on ressent qu\u2019on n\u2019a pas assez r\u00e9vis\u00e9<\/a>.<\/p>\n<\/div>\n\n<div class=\"wp-block block-core-paragraph\">\n<p class=\"wp-block-paragraph\">Il explique\u00a0:<\/p>\n<\/div>\n\n<div class=\"wp-block block-core-paragraph\">\n<p class=\"wp-block-paragraph\"><em>\u00ab Je vais d\u2019abord \u00e9couter les \u00e9tudiants que je rencontre, leurs histoires et leurs craintes. Alors que j\u2019interc\u00e8de pour eux je me retrouve \u00e0 \u00e9crire sous l\u2019inspiration de l\u2019Esprit saint. J\u2019essaie d\u2019ins\u00e9rer leurs histoires dans les r\u00e9cits bibliques sur l\u2019identit\u00e9 de Dieu pour qu\u2019ils voient le lien entre Son histoire et la leur. \u00bb<\/em><\/p>\n<\/div>\n\n<div class=\"wp-block block-core-paragraph\">\n<p class=\"wp-block-paragraph\">Le support num\u00e9rique offre un autre avantage :<\/p>\n<\/div>\n\n<div class=\"wp-block block-core-paragraph\">\n<p class=\"wp-block-paragraph\"><em>\u00ab Une version papier peut finir oubli\u00e9e dans une poche, mais il est d\u00e9sormais plus difficile de perdre ces pri\u00e8res l\u00e0 o\u00f9 elles se trouvent. Telle une fresque d\u2019une basilique, elles sont accessibles au public, pour cette g\u00e9n\u00e9ration et celles \u00e0 venir. \u00bb<\/em><\/p>\n<\/div>\n\n<div class=\"wp-block block-core-paragraph\">\n<p class=\"wp-block-paragraph\">Voici une nouvelle occasion d&rsquo;interrompre l&rsquo;anxi\u00e9t\u00e9 et de trouver davantage de paix en Christ.\u00a0\u00a0<\/p>\n<\/div>\n\n<div class=\"wp-block block-core-heading wp-elements-488bf259e161675a3c6e1e6200e2bb34\">\n<h2 class=\"wp-block-heading has-north-america-color has-text-color has-link-color wp-elements-488bf259e161675a3c6e1e6200e2bb34\"><strong>Priez<\/strong><\/h2>\n<\/div>\n\n<div class=\"wp-block block-core-list\">\n<ul class=\"wp-block-list\"><div class=\"wp-block block-core-list-item\">\n<li>Merci Seigneur pour cette Union du campus qui associe la communaut\u00e9 en chair et en os au minist\u00e8re num\u00e9rique pour enseigner et t\u00e9moigner, nous rendons gr\u00e2ce \u00e0 Dieu pour le t\u00e9moignage de Steve et pour les pri\u00e8res d\u2019Alan sur Instagram.<\/li>\n<\/div><\/ul>\n<\/div>\n\n<div class=\"wp-block block-core-list\">\n<ul class=\"wp-block-list\"><div class=\"wp-block block-core-list-item\">\n<li>Priez pour ces cinq maisons communautaires qui servent de centres d\u2019accueil et d\u2019\u00e9vang\u00e9lisation : \u00ab un espace o\u00f9 les nouveaux \u00e9tudiants peuvent s\u2019impr\u00e9gner du t\u00e9moignage vivant et des t\u00e9moignages de l\u2019\u0153uvre du Christ sur la croix \u00bb. Priez que les \u00e9tudiants en qu\u00eate spirituelle et ceux qui ne sont pas croyants s&rsquo;engagent dans des \u00e9tudes bibliques et d\u00e9cident de suivre J\u00e9sus.<\/li>\n<\/div><\/ul>\n<\/div>\n\n<div class=\"wp-block block-core-list\">\n<ul class=\"wp-block-list\"><div class=\"wp-block block-core-list-item\">\n<li>Et priez que les \u00e9tudiants chr\u00e9tiens, sous l\u2019emprise du \u00ab mode survie \u00bb, r\u00e9fl\u00e9chissent \u00e0 comment devenir des communaut\u00e9s \u00e9panouies et fid\u00e8les, anim\u00e9es par le Saint-Esprit.<\/li>\n<\/div><\/ul>\n<\/div>\n\n<div class=\"wp-block block-core-paragraph\">\n<p class=\"wp-block-paragraph\">*Nom modifi\u00e9 pour des raisons de confidentialit\u00e9.<\/p>\n<\/div>","protected":false},"featured_media":54550,"template":"","area":[956,1153],"theme":[],"class_list":["post-54554","prayerline","type-prayerline","status-publish","has-post-thumbnail","hentry","area-amerique-du-nord","area-canada-amerique-du-nord"],"acf":[],"yoast_head":"<!-- This site is optimized with the Yoast SEO plugin v27.8 - https:\/\/yoast.com\/product\/yoast-seo-wordpress\/ -->\n<title>L\u2019anxi\u00e9t\u00e9 interrompue &#183; IFES Prayerline<\/title>\n<meta name=\"description\" content=\"Steve* s\u2019inqui\u00e8te depuis plusieurs jours : la pression pour trouver un stage le terrasse. Il faut r\u00e9diger le CV parfait. Postuler \u00e0 n\u2019en plus finir.\" \/>\n<meta name=\"robots\" content=\"index, follow, max-snippet:-1, max-image-preview:large, max-video-preview:-1\" \/>\n<link rel=\"canonical\" href=\"https:\/\/ifesworld.org\/fr\/prayerline\/lanxiete-interrompue\/\" \/>\n<meta property=\"og:locale\" content=\"fr_FR\" \/>\n<meta property=\"og:type\" content=\"article\" \/>\n<meta property=\"og:title\" content=\"L\u2019anxi\u00e9t\u00e9 interrompue &#183; IFES Prayerline\" \/>\n<meta property=\"og:description\" content=\"Steve* s\u2019inqui\u00e8te depuis plusieurs jours : la pression pour trouver un stage le terrasse. Il faut r\u00e9diger le CV parfait. Postuler \u00e0 n\u2019en plus finir.\" \/>\n<meta property=\"og:url\" content=\"https:\/\/ifesworld.org\/fr\/prayerline\/lanxiete-interrompue\/\" \/>\n<meta property=\"og:site_name\" content=\"IFES\" \/>\n<meta property=\"article:modified_time\" content=\"2026-09-01T09:53:38+00:00\" \/>\n<meta property=\"og:image\" content=\"https:\/\/ifesworld.org\/wp-content\/uploads\/2026\/08\/Fall-retreat-group.jpg\" \/>\n\t<meta property=\"og:image:width\" content=\"1976\" \/>\n\t<meta property=\"og:image:height\" content=\"1318\" \/>\n\t<meta property=\"og:image:type\" content=\"image\/jpeg\" \/>\n<meta name=\"twitter:card\" content=\"summary_large_image\" \/>\n<meta name=\"twitter:label1\" content=\"Dur\u00e9e de lecture estim\u00e9e\" \/>\n\t<meta name=\"twitter:data1\" content=\"4 minutes\" \/>\n<script type=\"application\/ld+json\" class=\"yoast-schema-graph\">{\"@context\":\"https:\\\/\\\/schema.org\",\"@graph\":[{\"@type\":\"WebPage\",\"@id\":\"https:\\\/\\\/ifesworld.org\\\/fr\\\/prayerline\\\/lanxiete-interrompue\\\/\",\"url\":\"https:\\\/\\\/ifesworld.org\\\/fr\\\/prayerline\\\/lanxiete-interrompue\\\/\",\"name\":\"L\u2019anxi\u00e9t\u00e9 interrompue &#183; IFES Prayerline\",\"isPartOf\":{\"@id\":\"https:\\\/\\\/ifesworld.org\\\/es\\\/#website\"},\"primaryImageOfPage\":{\"@id\":\"https:\\\/\\\/ifesworld.org\\\/fr\\\/prayerline\\\/lanxiete-interrompue\\\/#primaryimage\"},\"image\":{\"@id\":\"https:\\\/\\\/ifesworld.org\\\/fr\\\/prayerline\\\/lanxiete-interrompue\\\/#primaryimage\"},\"thumbnailUrl\":\"https:\\\/\\\/ifesworld.org\\\/wp-content\\\/uploads\\\/2026\\\/08\\\/Fall-retreat-group.jpg\",\"datePublished\":\"2026-09-01T09:53:37+00:00\",\"dateModified\":\"2026-09-01T09:53:38+00:00\",\"description\":\"Steve* s\u2019inqui\u00e8te depuis plusieurs jours : la pression pour trouver un stage le terrasse. Il faut r\u00e9diger le CV parfait. Postuler \u00e0 n\u2019en plus finir.\",\"breadcrumb\":{\"@id\":\"https:\\\/\\\/ifesworld.org\\\/fr\\\/prayerline\\\/lanxiete-interrompue\\\/#breadcrumb\"},\"inLanguage\":\"fr-FR\",\"potentialAction\":[{\"@type\":\"ReadAction\",\"target\":[\"https:\\\/\\\/ifesworld.org\\\/fr\\\/prayerline\\\/lanxiete-interrompue\\\/\"]}]},{\"@type\":\"ImageObject\",\"inLanguage\":\"fr-FR\",\"@id\":\"https:\\\/\\\/ifesworld.org\\\/fr\\\/prayerline\\\/lanxiete-interrompue\\\/#primaryimage\",\"url\":\"https:\\\/\\\/ifesworld.org\\\/wp-content\\\/uploads\\\/2026\\\/08\\\/Fall-retreat-group.jpg\",\"contentUrl\":\"https:\\\/\\\/ifesworld.org\\\/wp-content\\\/uploads\\\/2026\\\/08\\\/Fall-retreat-group.jpg\",\"width\":1976,\"height\":1318},{\"@type\":\"BreadcrumbList\",\"@id\":\"https:\\\/\\\/ifesworld.org\\\/fr\\\/prayerline\\\/lanxiete-interrompue\\\/#breadcrumb\",\"itemListElement\":[{\"@type\":\"ListItem\",\"position\":1,\"name\":\"Home\",\"item\":\"https:\\\/\\\/ifesworld.org\\\/fr\\\/\"},{\"@type\":\"ListItem\",\"position\":2,\"name\":\"Prayerline\",\"item\":\"https:\\\/\\\/ifesworld.org\\\/en\\\/prayerline\\\/\"},{\"@type\":\"ListItem\",\"position\":3,\"name\":\"L\u2019anxi\u00e9t\u00e9 interrompue\"}]},{\"@type\":\"WebSite\",\"@id\":\"https:\\\/\\\/ifesworld.org\\\/es\\\/#website\",\"url\":\"https:\\\/\\\/ifesworld.org\\\/es\\\/\",\"name\":\"IFES\",\"description\":\"A movement of students sharing and living out the good news of Jesus Christ. Locally. Nationally. Globally.\",\"publisher\":{\"@id\":\"https:\\\/\\\/ifesworld.org\\\/es\\\/#organization\"},\"potentialAction\":[{\"@type\":\"SearchAction\",\"target\":{\"@type\":\"EntryPoint\",\"urlTemplate\":\"https:\\\/\\\/ifesworld.org\\\/es\\\/?s={search_term_string}\"},\"query-input\":{\"@type\":\"PropertyValueSpecification\",\"valueRequired\":true,\"valueName\":\"search_term_string\"}}],\"inLanguage\":\"fr-FR\"},{\"@type\":\"Organization\",\"@id\":\"https:\\\/\\\/ifesworld.org\\\/es\\\/#organization\",\"name\":\"IFES \u00b7 International Fellowship of Evangelical Students\",\"url\":\"https:\\\/\\\/ifesworld.org\\\/es\\\/\",\"logo\":{\"@type\":\"ImageObject\",\"inLanguage\":\"fr-FR\",\"@id\":\"https:\\\/\\\/ifesworld.org\\\/es\\\/#\\\/schema\\\/logo\\\/image\\\/\",\"url\":\"https:\\\/\\\/ifesworld.org\\\/wp-content\\\/uploads\\\/2019\\\/06\\\/ifeslogo.png\",\"contentUrl\":\"https:\\\/\\\/ifesworld.org\\\/wp-content\\\/uploads\\\/2019\\\/06\\\/ifeslogo.png\",\"width\":262,\"height\":262,\"caption\":\"IFES \u00b7 International Fellowship of Evangelical Students\"},\"image\":{\"@id\":\"https:\\\/\\\/ifesworld.org\\\/es\\\/#\\\/schema\\\/logo\\\/image\\\/\"}}]}<\/script>\n<!-- \/ Yoast SEO plugin. -->","yoast_head_json":{"title":"L\u2019anxi\u00e9t\u00e9 interrompue &#183; IFES Prayerline","description":"Steve* s\u2019inqui\u00e8te depuis plusieurs jours : la pression pour trouver un stage le terrasse. Il faut r\u00e9diger le CV parfait. Postuler \u00e0 n\u2019en plus finir.","robots":{"index":"index","follow":"follow","max-snippet":"max-snippet:-1","max-image-preview":"max-image-preview:large","max-video-preview":"max-video-preview:-1"},"canonical":"https:\/\/ifesworld.org\/fr\/prayerline\/lanxiete-interrompue\/","og_locale":"fr_FR","og_type":"article","og_title":"L\u2019anxi\u00e9t\u00e9 interrompue &#183; IFES Prayerline","og_description":"Steve* s\u2019inqui\u00e8te depuis plusieurs jours : la pression pour trouver un stage le terrasse. Il faut r\u00e9diger le CV parfait. Postuler \u00e0 n\u2019en plus finir.","og_url":"https:\/\/ifesworld.org\/fr\/prayerline\/lanxiete-interrompue\/","og_site_name":"IFES","article_modified_time":"2026-09-01T09:53:38+00:00","og_image":[{"width":1976,"height":1318,"url":"https:\/\/ifesworld.org\/wp-content\/uploads\/2026\/08\/Fall-retreat-group.jpg","type":"image\/jpeg"}],"twitter_card":"summary_large_image","twitter_misc":{"Dur\u00e9e de lecture estim\u00e9e":"4 minutes"},"schema":{"@context":"https:\/\/schema.org","@graph":[{"@type":"WebPage","@id":"https:\/\/ifesworld.org\/fr\/prayerline\/lanxiete-interrompue\/","url":"https:\/\/ifesworld.org\/fr\/prayerline\/lanxiete-interrompue\/","name":"L\u2019anxi\u00e9t\u00e9 interrompue &#183; IFES Prayerline","isPartOf":{"@id":"https:\/\/ifesworld.org\/es\/#website"},"primaryImageOfPage":{"@id":"https:\/\/ifesworld.org\/fr\/prayerline\/lanxiete-interrompue\/#primaryimage"},"image":{"@id":"https:\/\/ifesworld.org\/fr\/prayerline\/lanxiete-interrompue\/#primaryimage"},"thumbnailUrl":"https:\/\/ifesworld.org\/wp-content\/uploads\/2026\/08\/Fall-retreat-group.jpg","datePublished":"2026-09-01T09:53:37+00:00","dateModified":"2026-09-01T09:53:38+00:00","description":"Steve* s\u2019inqui\u00e8te depuis plusieurs jours : la pression pour trouver un stage le terrasse. Il faut r\u00e9diger le CV parfait. Postuler \u00e0 n\u2019en plus finir.","breadcrumb":{"@id":"https:\/\/ifesworld.org\/fr\/prayerline\/lanxiete-interrompue\/#breadcrumb"},"inLanguage":"fr-FR","potentialAction":[{"@type":"ReadAction","target":["https:\/\/ifesworld.org\/fr\/prayerline\/lanxiete-interrompue\/"]}]},{"@type":"ImageObject","inLanguage":"fr-FR","@id":"https:\/\/ifesworld.org\/fr\/prayerline\/lanxiete-interrompue\/#primaryimage","url":"https:\/\/ifesworld.org\/wp-content\/uploads\/2026\/08\/Fall-retreat-group.jpg","contentUrl":"https:\/\/ifesworld.org\/wp-content\/uploads\/2026\/08\/Fall-retreat-group.jpg","width":1976,"height":1318},{"@type":"BreadcrumbList","@id":"https:\/\/ifesworld.org\/fr\/prayerline\/lanxiete-interrompue\/#breadcrumb","itemListElement":[{"@type":"ListItem","position":1,"name":"Home","item":"https:\/\/ifesworld.org\/fr\/"},{"@type":"ListItem","position":2,"name":"Prayerline","item":"https:\/\/ifesworld.org\/en\/prayerline\/"},{"@type":"ListItem","position":3,"name":"L\u2019anxi\u00e9t\u00e9 interrompue"}]},{"@type":"WebSite","@id":"https:\/\/ifesworld.org\/es\/#website","url":"https:\/\/ifesworld.org\/es\/","name":"IFES","description":"A movement of students sharing and living out the good news of Jesus Christ. Locally. Nationally. Globally.","publisher":{"@id":"https:\/\/ifesworld.org\/es\/#organization"},"potentialAction":[{"@type":"SearchAction","target":{"@type":"EntryPoint","urlTemplate":"https:\/\/ifesworld.org\/es\/?s={search_term_string}"},"query-input":{"@type":"PropertyValueSpecification","valueRequired":true,"valueName":"search_term_string"}}],"inLanguage":"fr-FR"},{"@type":"Organization","@id":"https:\/\/ifesworld.org\/es\/#organization","name":"IFES \u00b7 International Fellowship of Evangelical Students","url":"https:\/\/ifesworld.org\/es\/","logo":{"@type":"ImageObject","inLanguage":"fr-FR","@id":"https:\/\/ifesworld.org\/es\/#\/schema\/logo\/image\/","url":"https:\/\/ifesworld.org\/wp-content\/uploads\/2019\/06\/ifeslogo.png","contentUrl":"https:\/\/ifesworld.org\/wp-content\/uploads\/2019\/06\/ifeslogo.png","width":262,"height":262,"caption":"IFES \u00b7 International Fellowship of Evangelical Students"},"image":{"@id":"https:\/\/ifesworld.org\/es\/#\/schema\/logo\/image\/"}}]}},"_links":{"self":[{"href":"https:\/\/ifesworld.org\/fr\/wp-json\/wp\/v2\/prayerline\/54554","targetHints":{"allow":["GET"]}}],"collection":[{"href":"https:\/\/ifesworld.org\/fr\/wp-json\/wp\/v2\/prayerline"}],"about":[{"href":"https:\/\/ifesworld.org\/fr\/wp-json\/wp\/v2\/types\/prayerline"}],"wp:featuredmedia":[{"embeddable":true,"href":"https:\/\/ifesworld.org\/fr\/wp-json\/wp\/v2\/media\/54550"}],"wp:attachment":[{"href":"https:\/\/ifesworld.org\/fr\/wp-json\/wp\/v2\/media?parent=54554"}],"wp:term":[{"taxonomy":"area","embeddable":true,"href":"https:\/\/ifesworld.org\/fr\/wp-json\/wp\/v2\/area?post=54554"},{"taxonomy":"theme","embeddable":true,"href":"https:\/\/ifesworld.org\/fr\/wp-json\/wp\/v2\/theme?post=54554"}],"curies":[{"name":"wp","href":"https:\/\/api.w.org\/{rel}","templated":true}]}}