{"id":51996,"date":"2026-04-28T08:21:15","date_gmt":"2026-04-28T07:21:15","guid":{"rendered":"https:\/\/ifesworld.org\/?post_type=prayerline&#038;p=51996"},"modified":"2026-04-28T08:21:16","modified_gmt":"2026-04-28T07:21:16","slug":"une-evangelisation-renouvelee","status":"publish","type":"prayerline","link":"https:\/\/ifesworld.org\/fr\/prayerline\/une-evangelisation-renouvelee\/","title":{"rendered":"Une \u00e9vang\u00e9lisation renouvel\u00e9e"},"content":{"rendered":"<div class=\"wp-block block-core-paragraph\">\n<p class=\"wp-block-paragraph\"><em>\u00ab\u202fJe r\u00e9fl\u00e9chissais aux m\u00e9thodes agressives utilis\u00e9es depuis des d\u00e9cennies, de v\u00e9ritables menaces sorties tout droit de l\u2019enfer. Je pensais \u00e0 la m\u00e9fiance profond\u00e9ment ancr\u00e9e \u00e0 l\u2019\u00e9gard de l\u2019\u00c9glise cor\u00e9enne. Et un doute persistait au fond de moi\u202f: \u00ab\u00a0Le silence ne serait-il pas un meilleur moyen de partager l\u2019\u00c9vangile\u202f?\u00a0\u00bb\u202f\u00bb<\/em>&nbsp;<\/p>\n<\/div>\n\n<div class=\"wp-block block-core-paragraph\">\n<p class=\"wp-block-paragraph\">Ce sentiment plein d\u2019honn\u00eatet\u00e9 provient d\u2019un \u00e9quipier de&nbsp;<a href=\"https:\/\/ivf.or.kr\/\" target=\"_blank\" rel=\"noreferrer noopener\">l\u2019IVF, le mouvement de l\u2019IFES en Cor\u00e9e du Sud<\/a>. Une telle r\u00e9ticence \u00e0 lancer des discussions au sujet du Christ n\u2019est pas rare sur les campus.&nbsp;&nbsp;<\/p>\n<\/div>\n\n<div class=\"wp-block block-core-paragraph\">\n<p class=\"wp-block-paragraph\">C\u2019est pourquoi au mois de janvier, l\u2019IVF a choisi pour son camp le th\u00e8me&nbsp;<em>\u00ab\u202fConfirmer l\u2019ADN d\u2019un \u00e9vang\u00e9liste en moi\u202f\u00bb<\/em>. \u00c9tudiants et employ\u00e9s pourraient-ils red\u00e9couvrir la joie de l\u2019\u00c9vangile et gagner de l\u2019assurance pour en parler\u202f?&nbsp;<\/p>\n<\/div>\n\n<div class=\"wp-block block-core-heading wp-elements-3ea808b2e9c5e97d1d80814dc7fb973c\">\n<h2 class=\"wp-block-heading has-east-asia-color has-text-color has-link-color wp-elements-3ea808b2e9c5e97d1d80814dc7fb973c\"><strong>Trouver les mots<\/strong>&nbsp;<\/h2>\n<\/div>\n\n<div class=\"wp-block block-core-paragraph\">\n<p class=\"wp-block-paragraph\">Pour favoriser l\u2019implication personnelle, des sessions d\u2019interaction biblique ont remplac\u00e9 les enseignements habituellement donn\u00e9s par des orateurs. Gr\u00e2ce \u00e0 cette m\u00e9thode, les 130\u202fparticipants (\u00e9tudiants, \u00e9quipiers et dipl\u00f4m\u00e9s de tout le pays) ont non seulement \u00e9tudi\u00e9 des exemples d\u2019\u00e9vang\u00e9listes bibliques, mais aussi r\u00e9fl\u00e9chi aux liens entre ces histoires et les leurs.&nbsp;<\/p>\n<\/div>\n\n<div class=\"wp-block block-core-paragraph\">\n<p class=\"wp-block-paragraph\">En compl\u00e9ment, des ateliers ont abord\u00e9 l\u2019\u00e9volution du vocabulaire d\u2019\u00e9vang\u00e9lisation et examin\u00e9 des mani\u00e8res de pr\u00e9senter l\u2019\u00c9vangile dans un langage de tous les jours. Selon l\u2019\u00e9quipe organisatrice du camp\u202f:&nbsp;<\/p>\n<\/div>\n\n<div class=\"wp-block block-core-paragraph\">\n<p class=\"wp-block-paragraph\"><em>\u00ab\u202fLes \u00e9tudiants ont surmont\u00e9 leurs craintes un peu floues par rapport \u00e0 l\u2019\u00e9vang\u00e9lisation. Ils ont commenc\u00e9 \u00e0 utiliser un langage qu\u2019ils connaissaient pour parler de l\u2019\u00c9vangile\u202f; pas comme une doctrine abstraite, mais comme de l\u2019amour partag\u00e9 dans le cadre d\u2019une relation.\u202f\u00bb<\/em>&nbsp;<\/p>\n<\/div>\n\n<div class=\"wp-block block-core-heading wp-elements-8bc4d8500f62464e6c266e5f1daf4364\">\n<h2 class=\"wp-block-heading has-east-asia-color has-text-color has-link-color wp-elements-8bc4d8500f62464e6c266e5f1daf4364\"><strong>Pr\u00eats \u00e0 parler<\/strong>&nbsp;<\/h2>\n<\/div>\n\n<div class=\"wp-block block-core-paragraph\">\n<p class=\"wp-block-paragraph\">Les retours des \u00e9tudiants ont montr\u00e9 qu\u2019un d\u00e9clic s\u2019\u00e9tait produit dans leur attitude\u202f:&nbsp;<\/p>\n<\/div>\n\n<div class=\"wp-block block-core-paragraph\">\n<p class=\"wp-block-paragraph\"><em>\u00ab\u202fAvant, m\u00eame le mot \u00ab\u00a0\u00e9vang\u00e9lisation\u00a0\u00bb me mettait mal \u00e0 l\u2019aise. Mais maintenant, je m\u2019int\u00e9resse \u00e0 certaines m\u00e9thodes pour les mettre en pratique.\u202f\u00bb<\/em>&nbsp;<\/p>\n<\/div>\n\n<div class=\"wp-block block-core-paragraph\">\n<p class=\"wp-block-paragraph\"><em>\u00ab\u202fAvant, en tant que leader \u00e9tudiant, je ne pensais qu\u2019au minimum requis, du genre\u202f: \u00ab\u00a0Qu\u2019est-ce qu\u2019il faut faire au minimum\u202f?\u00a0\u00bb. Mais maintenant, je me&nbsp;dit\u202f: \u00ab\u00a0Jusqu\u2019o\u00f9 peut-on aller\u202f?\u00a0\u00bb&nbsp;<\/em>&nbsp;<\/p>\n<\/div>\n\n<div class=\"wp-block block-core-paragraph\">\n<p class=\"wp-block-paragraph\">Et l\u2019\u00e9quipier\u202f?&nbsp;<\/p>\n<\/div>\n\n<div class=\"wp-block block-core-paragraph\">\n<p class=\"wp-block-paragraph\"><em>\u00ab\u202fPendant ces quatre jours, je me suis immerg\u00e9 dans l\u2019\u00e9tude et la pratique de l\u2019\u00e9vang\u00e9lisation. Les c\u0153urs sinc\u00e8res des employ\u00e9s et leur message (c\u2019est-\u00e0-dire, que l\u2019\u00c9vangile se partage par la \u00ab\u202fpr\u00e9sence\u202f\u00bb et du \u00ab\u202ftemps investi\u202f\u00bb) m\u2019ont sorti de mes doutes.\u202f\u00bb&nbsp;<\/em>&nbsp;<\/p>\n<\/div>\n\n<div class=\"wp-block block-core-heading wp-elements-7cb4be7c13985518b98c97511f464b63\">\n<h2 class=\"wp-block-heading has-east-asia-color has-text-color has-link-color wp-elements-7cb4be7c13985518b98c97511f464b63\"><strong>Une discussion en continu<\/strong>&nbsp;<\/h2>\n<\/div>\n\n<div class=\"wp-block block-core-paragraph\">\n<p class=\"wp-block-paragraph\">Ce camp concernant l\u2019\u00e9vang\u00e9lisation \u00e9tait une \u00e9tape importante de la vision de l\u2019IVF \u00e0 l\u2019horizon\u202f2030, intitul\u00e9e\u202f: \u00ab\u202fUne communaut\u00e9 d\u2019\u00e9vang\u00e9lisation\u202f\u00bb. Le camp sur le m\u00eame th\u00e8me pr\u00e9vu l\u2019ann\u00e9e prochaine \u00e0 l\u2019\u00e9chelle nationale le sera tout autant. Au mois de mai, les \u00e9tudiants et les \u00e9quipiers de nombreux campus auront \u00e9galement l\u2019occasion de laisser parler leur \u00ab\u202fADN d\u2019\u00e9vang\u00e9liste\u202f\u00bb au cours d\u2019une semaine d\u2019\u00e9vang\u00e9lisation.&nbsp;<\/p>\n<\/div>\n\n<div class=\"wp-block block-core-paragraph\">\n<p class=\"wp-block-paragraph\">Les cartes d\u2019\u00e9vang\u00e9lisation sont l\u2019un des outils qu\u2019ils seront en mesure d\u2019utiliser. La version beta de ces cartes a \u00e9t\u00e9 test\u00e9e et peaufin\u00e9e par des participants du camp. \u00c0 pr\u00e9sent, elle est en cours de distribution aupr\u00e8s des groupes de l\u2019IVF. Le mouvement national esp\u00e8re que cette aide pratique pour raconter l\u2019\u00c9vangile redirigera l\u2019enthousiasme suscit\u00e9 au camp vers des d\u00e9marches d\u2019\u00e9vang\u00e9lisation en continu sur les campus.&nbsp;<\/p>\n<\/div>\n\n<div class=\"wp-block block-core-heading wp-elements-00a8a2fe0e3153dec80ea111050fcfb3\">\n<h2 class=\"wp-block-heading has-east-asia-color has-text-color has-link-color wp-elements-00a8a2fe0e3153dec80ea111050fcfb3\"><strong>Priez&nbsp;<\/strong>&nbsp;<\/h2>\n<\/div>\n\n<div class=\"wp-block block-core-list\">\n<ul class=\"wp-block-list\"><div class=\"wp-block block-core-list-item\">\n<li>Remerciez Dieu pour ce camp qui a renouvel\u00e9 le regard des uns et des autres sur l\u2019\u00e9vang\u00e9lisation. Priez que les participants rev\u00eatent leur appel en tant que missionnaires \u00e0 l\u2019universit\u00e9. Demandez \u00e0 Dieu de les aider \u00e0 formuler leur v\u00e9cu par rapport \u00e0 l\u2019\u00c9vangile dans un langage de tous les jours.\u00a0<\/li>\n<\/div><\/ul>\n<\/div>\n\n<div class=\"wp-block block-core-list\">\n<ul class=\"wp-block-list\"><div class=\"wp-block block-core-list-item\">\n<li>Remerciez Dieu pour le d\u00e9veloppement en cours d\u2019outils d\u2019\u00e9vang\u00e9lisation contextualis\u00e9s. Priez Dieu d\u2019accorder sa sagesse dans la cr\u00e9ation et l\u2019am\u00e9lioration de ces ressources\u202f; que ce mat\u00e9riel soit en ad\u00e9quation avec le paysage spirituel sur les diff\u00e9rents campus du pays.\u00a0<\/li>\n<\/div><\/ul>\n<\/div>\n\n<div class=\"wp-block block-core-list\">\n<ul class=\"wp-block-list\"><div class=\"wp-block block-core-list-item\">\n<li>Priez que la passion n\u00e9e au camp se d\u00e9verse dans la semaine d\u2019\u00e9vang\u00e9lisation et porte beaucoup de fruit. Enfin, priez pour l\u2019organisation du camp national pr\u00e9vu l\u2019ann\u00e9e prochaine. Que cet \u00e9v\u00e9nement serve lui aussi de catalyseur pour d\u00e9velopper une communaut\u00e9 d\u2019\u00e9vang\u00e9lisation.\u00a0\u00a0<\/li>\n<\/div><\/ul>\n<\/div>","protected":false},"featured_media":51993,"template":"","area":[949,989],"theme":[],"class_list":["post-51996","prayerline","type-prayerline","status-publish","has-post-thumbnail","hentry","area-asie-de-lest","area-coree-du-sud"],"acf":[],"yoast_head":"<!-- This site is optimized with the Yoast SEO plugin v27.2 - https:\/\/yoast.com\/product\/yoast-seo-wordpress\/ -->\n<title>Une \u00e9vang\u00e9lisation renouvel\u00e9e &#183; IFES Prayerline<\/title>\n<meta name=\"description\" content=\"\u00ab\u202fJe r\u00e9fl\u00e9chissais aux m\u00e9thodes agressives utilis\u00e9es depuis des d\u00e9cennies, de v\u00e9ritables menaces sorties tout droit de l\u2019enfer. Je pensais \u00e0 la m\u00e9fiance\" \/>\n<meta name=\"robots\" content=\"index, follow, max-snippet:-1, max-image-preview:large, max-video-preview:-1\" \/>\n<link rel=\"canonical\" href=\"https:\/\/ifesworld.org\/fr\/prayerline\/une-evangelisation-renouvelee\/\" \/>\n<meta property=\"og:locale\" content=\"fr_FR\" \/>\n<meta property=\"og:type\" content=\"article\" \/>\n<meta property=\"og:title\" content=\"Une \u00e9vang\u00e9lisation renouvel\u00e9e &#183; IFES Prayerline\" \/>\n<meta property=\"og:description\" content=\"\u00ab\u202fJe r\u00e9fl\u00e9chissais aux m\u00e9thodes agressives utilis\u00e9es depuis des d\u00e9cennies, de v\u00e9ritables menaces sorties tout droit de l\u2019enfer. Je pensais \u00e0 la m\u00e9fiance\" \/>\n<meta property=\"og:url\" content=\"https:\/\/ifesworld.org\/fr\/prayerline\/une-evangelisation-renouvelee\/\" \/>\n<meta property=\"og:site_name\" content=\"IFES\" \/>\n<meta property=\"article:modified_time\" content=\"2026-04-28T07:21:16+00:00\" \/>\n<meta property=\"og:image\" content=\"https:\/\/ifesworld.org\/wp-content\/uploads\/2026\/04\/banner-option-1-scaled.jpg\" \/>\n\t<meta property=\"og:image:width\" content=\"2560\" \/>\n\t<meta property=\"og:image:height\" content=\"1707\" \/>\n\t<meta property=\"og:image:type\" content=\"image\/jpeg\" \/>\n<meta name=\"twitter:card\" content=\"summary_large_image\" \/>\n<meta name=\"twitter:label1\" content=\"Dur\u00e9e de lecture estim\u00e9e\" \/>\n\t<meta name=\"twitter:data1\" content=\"3 minutes\" \/>\n<script type=\"application\/ld+json\" class=\"yoast-schema-graph\">{\"@context\":\"https:\/\/schema.org\",\"@graph\":[{\"@type\":\"WebPage\",\"@id\":\"https:\/\/ifesworld.org\/fr\/prayerline\/une-evangelisation-renouvelee\/\",\"url\":\"https:\/\/ifesworld.org\/fr\/prayerline\/une-evangelisation-renouvelee\/\",\"name\":\"Une \u00e9vang\u00e9lisation renouvel\u00e9e &#183; IFES Prayerline\",\"isPartOf\":{\"@id\":\"https:\/\/ifesworld.org\/es\/#website\"},\"primaryImageOfPage\":{\"@id\":\"https:\/\/ifesworld.org\/fr\/prayerline\/une-evangelisation-renouvelee\/#primaryimage\"},\"image\":{\"@id\":\"https:\/\/ifesworld.org\/fr\/prayerline\/une-evangelisation-renouvelee\/#primaryimage\"},\"thumbnailUrl\":\"https:\/\/ifesworld.org\/wp-content\/uploads\/2026\/04\/banner-option-1-scaled.jpg\",\"datePublished\":\"2026-04-28T07:21:15+00:00\",\"dateModified\":\"2026-04-28T07:21:16+00:00\",\"description\":\"\u00ab\u202fJe r\u00e9fl\u00e9chissais aux m\u00e9thodes agressives utilis\u00e9es depuis des d\u00e9cennies, de v\u00e9ritables menaces sorties tout droit de l\u2019enfer. Je pensais \u00e0 la m\u00e9fiance\",\"breadcrumb\":{\"@id\":\"https:\/\/ifesworld.org\/fr\/prayerline\/une-evangelisation-renouvelee\/#breadcrumb\"},\"inLanguage\":\"fr-FR\",\"potentialAction\":[{\"@type\":\"ReadAction\",\"target\":[\"https:\/\/ifesworld.org\/fr\/prayerline\/une-evangelisation-renouvelee\/\"]}]},{\"@type\":\"ImageObject\",\"inLanguage\":\"fr-FR\",\"@id\":\"https:\/\/ifesworld.org\/fr\/prayerline\/une-evangelisation-renouvelee\/#primaryimage\",\"url\":\"https:\/\/ifesworld.org\/wp-content\/uploads\/2026\/04\/banner-option-1-scaled.jpg\",\"contentUrl\":\"https:\/\/ifesworld.org\/wp-content\/uploads\/2026\/04\/banner-option-1-scaled.jpg\",\"width\":2560,\"height\":1707},{\"@type\":\"BreadcrumbList\",\"@id\":\"https:\/\/ifesworld.org\/fr\/prayerline\/une-evangelisation-renouvelee\/#breadcrumb\",\"itemListElement\":[{\"@type\":\"ListItem\",\"position\":1,\"name\":\"Home\",\"item\":\"https:\/\/ifesworld.org\/fr\/\"},{\"@type\":\"ListItem\",\"position\":2,\"name\":\"Prayerline\",\"item\":\"https:\/\/ifesworld.org\/en\/prayerline\/\"},{\"@type\":\"ListItem\",\"position\":3,\"name\":\"Une \u00e9vang\u00e9lisation renouvel\u00e9e\"}]},{\"@type\":\"WebSite\",\"@id\":\"https:\/\/ifesworld.org\/es\/#website\",\"url\":\"https:\/\/ifesworld.org\/es\/\",\"name\":\"IFES\",\"description\":\"A movement of students sharing and living out the good news of Jesus Christ. Locally. Nationally. Globally.\",\"publisher\":{\"@id\":\"https:\/\/ifesworld.org\/es\/#organization\"},\"potentialAction\":[{\"@type\":\"SearchAction\",\"target\":{\"@type\":\"EntryPoint\",\"urlTemplate\":\"https:\/\/ifesworld.org\/es\/?s={search_term_string}\"},\"query-input\":{\"@type\":\"PropertyValueSpecification\",\"valueRequired\":true,\"valueName\":\"search_term_string\"}}],\"inLanguage\":\"fr-FR\"},{\"@type\":\"Organization\",\"@id\":\"https:\/\/ifesworld.org\/es\/#organization\",\"name\":\"IFES \u00b7 International Fellowship of Evangelical Students\",\"url\":\"https:\/\/ifesworld.org\/es\/\",\"logo\":{\"@type\":\"ImageObject\",\"inLanguage\":\"fr-FR\",\"@id\":\"https:\/\/ifesworld.org\/es\/#\/schema\/logo\/image\/\",\"url\":\"https:\/\/ifesworld.org\/wp-content\/uploads\/2019\/06\/ifeslogo.png\",\"contentUrl\":\"https:\/\/ifesworld.org\/wp-content\/uploads\/2019\/06\/ifeslogo.png\",\"width\":262,\"height\":262,\"caption\":\"IFES \u00b7 International Fellowship of Evangelical Students\"},\"image\":{\"@id\":\"https:\/\/ifesworld.org\/es\/#\/schema\/logo\/image\/\"}}]}<\/script>\n<!-- \/ Yoast SEO plugin. -->","yoast_head_json":{"title":"Une \u00e9vang\u00e9lisation renouvel\u00e9e &#183; IFES Prayerline","description":"\u00ab\u202fJe r\u00e9fl\u00e9chissais aux m\u00e9thodes agressives utilis\u00e9es depuis des d\u00e9cennies, de v\u00e9ritables menaces sorties tout droit de l\u2019enfer. Je pensais \u00e0 la m\u00e9fiance","robots":{"index":"index","follow":"follow","max-snippet":"max-snippet:-1","max-image-preview":"max-image-preview:large","max-video-preview":"max-video-preview:-1"},"canonical":"https:\/\/ifesworld.org\/fr\/prayerline\/une-evangelisation-renouvelee\/","og_locale":"fr_FR","og_type":"article","og_title":"Une \u00e9vang\u00e9lisation renouvel\u00e9e &#183; IFES Prayerline","og_description":"\u00ab\u202fJe r\u00e9fl\u00e9chissais aux m\u00e9thodes agressives utilis\u00e9es depuis des d\u00e9cennies, de v\u00e9ritables menaces sorties tout droit de l\u2019enfer. Je pensais \u00e0 la m\u00e9fiance","og_url":"https:\/\/ifesworld.org\/fr\/prayerline\/une-evangelisation-renouvelee\/","og_site_name":"IFES","article_modified_time":"2026-04-28T07:21:16+00:00","og_image":[{"width":2560,"height":1707,"url":"https:\/\/ifesworld.org\/wp-content\/uploads\/2026\/04\/banner-option-1-scaled.jpg","type":"image\/jpeg"}],"twitter_card":"summary_large_image","twitter_misc":{"Dur\u00e9e de lecture estim\u00e9e":"3 minutes"},"schema":{"@context":"https:\/\/schema.org","@graph":[{"@type":"WebPage","@id":"https:\/\/ifesworld.org\/fr\/prayerline\/une-evangelisation-renouvelee\/","url":"https:\/\/ifesworld.org\/fr\/prayerline\/une-evangelisation-renouvelee\/","name":"Une \u00e9vang\u00e9lisation renouvel\u00e9e &#183; IFES Prayerline","isPartOf":{"@id":"https:\/\/ifesworld.org\/es\/#website"},"primaryImageOfPage":{"@id":"https:\/\/ifesworld.org\/fr\/prayerline\/une-evangelisation-renouvelee\/#primaryimage"},"image":{"@id":"https:\/\/ifesworld.org\/fr\/prayerline\/une-evangelisation-renouvelee\/#primaryimage"},"thumbnailUrl":"https:\/\/ifesworld.org\/wp-content\/uploads\/2026\/04\/banner-option-1-scaled.jpg","datePublished":"2026-04-28T07:21:15+00:00","dateModified":"2026-04-28T07:21:16+00:00","description":"\u00ab\u202fJe r\u00e9fl\u00e9chissais aux m\u00e9thodes agressives utilis\u00e9es depuis des d\u00e9cennies, de v\u00e9ritables menaces sorties tout droit de l\u2019enfer. Je pensais \u00e0 la m\u00e9fiance","breadcrumb":{"@id":"https:\/\/ifesworld.org\/fr\/prayerline\/une-evangelisation-renouvelee\/#breadcrumb"},"inLanguage":"fr-FR","potentialAction":[{"@type":"ReadAction","target":["https:\/\/ifesworld.org\/fr\/prayerline\/une-evangelisation-renouvelee\/"]}]},{"@type":"ImageObject","inLanguage":"fr-FR","@id":"https:\/\/ifesworld.org\/fr\/prayerline\/une-evangelisation-renouvelee\/#primaryimage","url":"https:\/\/ifesworld.org\/wp-content\/uploads\/2026\/04\/banner-option-1-scaled.jpg","contentUrl":"https:\/\/ifesworld.org\/wp-content\/uploads\/2026\/04\/banner-option-1-scaled.jpg","width":2560,"height":1707},{"@type":"BreadcrumbList","@id":"https:\/\/ifesworld.org\/fr\/prayerline\/une-evangelisation-renouvelee\/#breadcrumb","itemListElement":[{"@type":"ListItem","position":1,"name":"Home","item":"https:\/\/ifesworld.org\/fr\/"},{"@type":"ListItem","position":2,"name":"Prayerline","item":"https:\/\/ifesworld.org\/en\/prayerline\/"},{"@type":"ListItem","position":3,"name":"Une \u00e9vang\u00e9lisation renouvel\u00e9e"}]},{"@type":"WebSite","@id":"https:\/\/ifesworld.org\/es\/#website","url":"https:\/\/ifesworld.org\/es\/","name":"IFES","description":"A movement of students sharing and living out the good news of Jesus Christ. Locally. Nationally. Globally.","publisher":{"@id":"https:\/\/ifesworld.org\/es\/#organization"},"potentialAction":[{"@type":"SearchAction","target":{"@type":"EntryPoint","urlTemplate":"https:\/\/ifesworld.org\/es\/?s={search_term_string}"},"query-input":{"@type":"PropertyValueSpecification","valueRequired":true,"valueName":"search_term_string"}}],"inLanguage":"fr-FR"},{"@type":"Organization","@id":"https:\/\/ifesworld.org\/es\/#organization","name":"IFES \u00b7 International Fellowship of Evangelical Students","url":"https:\/\/ifesworld.org\/es\/","logo":{"@type":"ImageObject","inLanguage":"fr-FR","@id":"https:\/\/ifesworld.org\/es\/#\/schema\/logo\/image\/","url":"https:\/\/ifesworld.org\/wp-content\/uploads\/2019\/06\/ifeslogo.png","contentUrl":"https:\/\/ifesworld.org\/wp-content\/uploads\/2019\/06\/ifeslogo.png","width":262,"height":262,"caption":"IFES \u00b7 International Fellowship of Evangelical Students"},"image":{"@id":"https:\/\/ifesworld.org\/es\/#\/schema\/logo\/image\/"}}]}},"_links":{"self":[{"href":"https:\/\/ifesworld.org\/fr\/wp-json\/wp\/v2\/prayerline\/51996","targetHints":{"allow":["GET"]}}],"collection":[{"href":"https:\/\/ifesworld.org\/fr\/wp-json\/wp\/v2\/prayerline"}],"about":[{"href":"https:\/\/ifesworld.org\/fr\/wp-json\/wp\/v2\/types\/prayerline"}],"wp:featuredmedia":[{"embeddable":true,"href":"https:\/\/ifesworld.org\/fr\/wp-json\/wp\/v2\/media\/51993"}],"wp:attachment":[{"href":"https:\/\/ifesworld.org\/fr\/wp-json\/wp\/v2\/media?parent=51996"}],"wp:term":[{"taxonomy":"area","embeddable":true,"href":"https:\/\/ifesworld.org\/fr\/wp-json\/wp\/v2\/area?post=51996"},{"taxonomy":"theme","embeddable":true,"href":"https:\/\/ifesworld.org\/fr\/wp-json\/wp\/v2\/theme?post=51996"}],"curies":[{"name":"wp","href":"https:\/\/api.w.org\/{rel}","templated":true}]}}