{"id":43653,"date":"2024-11-26T08:00:00","date_gmt":"2024-11-26T08:00:00","guid":{"rendered":"https:\/\/ifesworld.org\/?post_type=prayerline&#038;p=43653"},"modified":"2024-11-25T18:51:02","modified_gmt":"2024-11-25T18:51:02","slug":"du-manguier-a-la-salle-de-classe","status":"publish","type":"prayerline","link":"https:\/\/ifesworld.org\/fr\/prayerline\/du-manguier-a-la-salle-de-classe\/","title":{"rendered":"Du manguier \u00e0 la salle de classe"},"content":{"rendered":"<div class=\"wp-block block-core-paragraph\">\n<p class=\"wp-block-paragraph\">Alors que Putri se dirigeait vers une salle de classe \u00e0 l\u2019Universidade da Paz (UNPAZ) \u00e0 Dili au Timor oriental, elle a entendu un bruit rare sur le campus. Son c\u0153ur battait fort car le son lui \u00e9tait familier et cher. Des chants d\u2019adoration.&nbsp;<\/p>\n<\/div>\n\n<div class=\"wp-block block-core-paragraph\">\n<p class=\"wp-block-paragraph\">Ce jour marquait la premi\u00e8re fois que les \u00e9tudiants de leur mouvement de l\u2019IFES (<a href=\"https:\/\/hyperlink&quot;https\/\/www.facebook.com\/SEEtimorleste%22\" target=\"_blank\" rel=\"noreferrer noopener\">Sulimutuk Estudante Evanjeliku, SEE<\/a>) avaient la permission de tenir une r\u00e9union en salle. C\u2019\u00e9tait la r\u00e9ponse \u00e0 neuf ann\u00e9es de pri\u00e8re\u202f: ce qui avait commenc\u00e9 comme un rassemblement vuln\u00e9rable sous un manguier \u00e9tait d\u00e9sormais un groupe reconnu sur le campus.&nbsp;&nbsp;<\/p>\n<\/div>\n\n<div class=\"wp-block block-core-heading wp-elements-4e088a619a36330e431d820ed3860752\">\n<h2 class=\"wp-block-heading has-east-asia-color has-text-color has-link-color wp-elements-4e088a619a36330e431d820ed3860752\"><strong>Du manguier&#8230;<\/strong>&nbsp;<\/h2>\n<\/div>\n\n<div class=\"wp-block block-core-paragraph\">\n<p class=\"wp-block-paragraph\">M\u00eame si le Timor oriental est un pays majoritairement catholique, les \u00e9tudiants qui participent \u00e0 des groupes chr\u00e9tiens sont souvent victimes de ridicule et de pers\u00e9cution de la part de leurs pairs, et rencontrent aussi la m\u00e9fiance des autorit\u00e9s universitaires. Certains sont m\u00eame excommuni\u00e9s par leur famille. Et la culture de bandes pr\u00e9valente ne fait qu\u2019augmenter leurs craintes.&nbsp;<\/p>\n<\/div>\n\n<div class=\"wp-block block-core-paragraph\">\n<p class=\"wp-block-paragraph\">\u00ab\u202fBeaucoup d\u2019\u00e9tudiants ici sont craintifs ou timides quand on les invite \u00e0 venir en apprendre sur Christ\u202f\u00bb, explique Egas, ancien leader \u00e9tudiant du groupe SEE \u00e0 UNPAZ. Au d\u00e9but, ils se retrouvaient hors du campus, <a href=\"https:\/\/www.instagram.com\/p\/CUfdGWvhHKC\/?utm_source=ig_web_copy_link&amp;igsh=MzRlODBiNWFlZA==\" target=\"_blank\" rel=\"noreferrer noopener\">\u00e0 l\u2019ombre d\u2019un manguier<\/a>. M\u00eame l\u00e0, ce n\u2019\u00e9tait pas facile\u202f: ils tenaient \u00e0 peine 30 minutes avant d\u2019\u00eatre chass\u00e9s.&nbsp;&nbsp;<\/p>\n<\/div>\n\n<div class=\"wp-block block-core-paragraph\">\n<p class=\"wp-block-paragraph\">Mais le groupe est rest\u00e9 fid\u00e8le et a vu la provision de Dieu\u202f: ils ont pu se retrouver dans une petite v\u00e9randa au seuil du bureau du Professeur Samuel, un conf\u00e9rencier chr\u00e9tien.&nbsp;<\/p>\n<\/div>\n\n<div class=\"wp-block block-core-heading wp-elements-c61635dca1dafc4b170febb6d926a127\">\n<h2 class=\"wp-block-heading has-east-asia-color has-text-color has-link-color wp-elements-c61635dca1dafc4b170febb6d926a127\"><strong>&#8230;\u00e0 la salle de classe<\/strong>&nbsp;<\/h2>\n<\/div>\n\n<div class=\"wp-block block-core-paragraph\">\n<p class=\"wp-block-paragraph\">Quelques mois plus tard, la v\u00e9randa a \u00e9t\u00e9 ferm\u00e9e pour cr\u00e9er plus de bureaux. Mais le groupe ne s\u2019est pas d\u00e9courag\u00e9\u202f: Putri et ses camarades sont all\u00e9s frapper \u00e0 la porte de la salle de radio. Et Dieu a touch\u00e9 les c\u0153urs. On leur a donn\u00e9 un espace pour les s\u00e9ances d\u2019\u00e9tude biblique et <a href=\"https:\/\/ifesworld.org\/fr\/prayerline\/les-amis-de-tome-rejoignent-ses-etudes-bibliques\/?switch_language=fr\" target=\"_blank\" rel=\"noreferrer noopener\">le groupe a continu\u00e9 \u00e0 grandir<\/a>.&nbsp;&nbsp;<\/p>\n<\/div>\n\n<div class=\"wp-block block-core-paragraph\">\n<p class=\"wp-block-paragraph\">Mais Dieu n\u2019avait pas encore fini.&nbsp;&nbsp;<\/p>\n<\/div>\n\n<div class=\"wp-block block-core-paragraph\">\n<p class=\"wp-block-paragraph\">Lorsque des conf\u00e9renciers de l\u2019UNPAZ ont remarqu\u00e9 certains \u00e9tudiants se promenant avec des Bibles dans des s\u00e9quences de vid\u00e9osurveillance, ils ont commenc\u00e9 \u00e0 poser des questions. Prof Samuel leur a r\u00e9pondu\u202f: \u00ab\u202fIls font l\u2019\u0153uvre du Seigneur. Ils sont dirig\u00e9s par le Saint-Esprit. Ne leur cr\u00e9ez pas de probl\u00e8mes.\u202f\u00bb&nbsp;&nbsp;<\/p>\n<\/div>\n\n<div class=\"wp-block block-core-paragraph\">\n<p class=\"wp-block-paragraph\">Puis, lors d\u2019une r\u00e9union du personnel de l\u2019UNPAZ, il s\u2019est av\u00e9r\u00e9 que plusieurs conf\u00e9renciers fr\u00e9quentaient en fait des \u00e9glises \u00e9vang\u00e9liques. En cons\u00e9quence, un professeur catholique a propos\u00e9 que ces membres du personnel s\u2019unissent aux \u00e9tudiants qui se promenaient avec des Bibles. La porte de la salle de classe \u00e9tant d\u00e9sormais \u2019d\u00e9bloqu\u00e9e\u2019, Prof Samuel et les principaux \u00e9tudiants de SEE ont lanc\u00e9 leur premi\u00e8re r\u00e9union hebdomadaire.&nbsp;<\/p>\n<\/div>\n\n<div class=\"wp-block block-core-paragraph\">\n<p class=\"wp-block-paragraph\">Et c\u2019est ainsi qu\u2019au son de l\u2019adoration, Putri est entr\u00e9e joyeusement \u00e0 ce premier rassemblement en salle pour partager la vision du minist\u00e8re parmi les \u00e9tudiants avec 20 \u00e9tudiants et conf\u00e9renciers. Elle conclut\u202f:&nbsp;&nbsp;<\/p>\n<\/div>\n\n<div class=\"wp-block block-core-paragraph\">\n<p class=\"wp-block-paragraph\"><em>\u00ab\u202fLorsque nous accomplissons avec fid\u00e9lit\u00e9 notre part et que nous donnons le meilleur de nous-m\u00eames \u00e0 Dieu, il est effectivement fid\u00e8le. Rendons-lui honneur, louange et gr\u00e2ce pour la perc\u00e9e qu\u2019il nous a accord\u00e9e.\u202f\u00bb&nbsp;&nbsp;<\/em>&nbsp;<\/p>\n<\/div>\n\n<div class=\"wp-block block-core-heading wp-elements-ecbd574ca785ea072bdaed8ba4cf242a\">\n<h2 class=\"wp-block-heading has-east-asia-color has-text-color has-link-color wp-elements-ecbd574ca785ea072bdaed8ba4cf242a\"><strong>Prier<\/strong>&nbsp;<\/h2>\n<\/div>\n\n<div class=\"wp-block block-core-list\">\n<ul class=\"wp-block-list\"><div class=\"wp-block block-core-list-item\">\n<li>Rendez gr\u00e2ce pour l\u2019\u0153uvre fid\u00e8le de Dieu qui a permis au groupe SEE \u00e0 l\u2019UNPAZ d\u2019\u00eatre reconnu par les autorit\u00e9s universitaires, d\u2019obtenir une salle de classe et de s\u2019afficher sur le campus. Priez que les quatre autres groupes sur les campus du Timor oriental vivent des perc\u00e9es similaires.\u00a0\u00a0<\/li>\n<\/div><\/ul>\n<\/div>\n\n<div class=\"wp-block block-core-list\">\n<ul class=\"wp-block-list\"><div class=\"wp-block block-core-list-item\">\n<li>Demandez au Seigneur d\u2019\u00e9tablir une foi courageuse dans cette atmosph\u00e8re de crainte et de m\u00e9fiance. Et priez que le statut officiel du groupe \u00e0 l\u2019UNPAZ encourage les \u00e9tudiants appr\u00e9hensifs d\u2019y participer.\u00a0\u00a0<\/li>\n<\/div><\/ul>\n<\/div>\n\n<div class=\"wp-block block-core-list\">\n<ul class=\"wp-block-list\"><div class=\"wp-block block-core-list-item\">\n<li>Priez pour le personnel de SEE qui projette de lancer un minist\u00e8re dans les \u00e9coles secondaires en f\u00e9vrier, notamment \u00e0 Dili et Same\u202f: qu\u2019il rencontre aussi des c\u0153urs et des portes ouvertes.\u00a0<\/li>\n<\/div><\/ul>\n<\/div>","protected":false},"featured_media":43512,"template":"","area":[455,508],"theme":[],"class_list":["post-43653","prayerline","type-prayerline","status-publish","has-post-thumbnail","hentry","area-east-asia","area-timor-leste"],"acf":[],"yoast_head":"<!-- This site is optimized with the Yoast SEO plugin v27.2 - https:\/\/yoast.com\/product\/yoast-seo-wordpress\/ -->\n<title>Du manguier \u00e0 la salle de classe &#183; IFES Prayerline<\/title>\n<meta name=\"description\" content=\"Alors que Putri se dirigeait vers une salle de classe \u00e0 l\u2019Universidade da Paz (UNPAZ) \u00e0 Dili au Timor oriental, elle a entendu un bruit rare sur le\" \/>\n<meta name=\"robots\" content=\"index, follow, max-snippet:-1, max-image-preview:large, max-video-preview:-1\" \/>\n<link rel=\"canonical\" href=\"https:\/\/ifesworld.org\/fr\/prayerline\/du-manguier-a-la-salle-de-classe\/\" \/>\n<meta property=\"og:locale\" content=\"fr_FR\" \/>\n<meta property=\"og:type\" content=\"article\" \/>\n<meta property=\"og:title\" content=\"Du manguier \u00e0 la salle de classe &#183; IFES Prayerline\" \/>\n<meta property=\"og:description\" content=\"Alors que Putri se dirigeait vers une salle de classe \u00e0 l\u2019Universidade da Paz (UNPAZ) \u00e0 Dili au Timor oriental, elle a entendu un bruit rare sur le\" \/>\n<meta property=\"og:url\" content=\"https:\/\/ifesworld.org\/fr\/prayerline\/du-manguier-a-la-salle-de-classe\/\" \/>\n<meta property=\"og:site_name\" content=\"IFES\" \/>\n<meta property=\"og:image\" content=\"https:\/\/ifesworld.org\/wp-content\/uploads\/2024\/11\/IMG-20240719-WA0014-e1732526659157.jpg\" \/>\n\t<meta property=\"og:image:width\" content=\"2560\" \/>\n\t<meta property=\"og:image:height\" content=\"1540\" \/>\n\t<meta property=\"og:image:type\" content=\"image\/jpeg\" \/>\n<meta name=\"twitter:card\" content=\"summary_large_image\" \/>\n<meta name=\"twitter:label1\" content=\"Dur\u00e9e de lecture estim\u00e9e\" \/>\n\t<meta name=\"twitter:data1\" content=\"3 minutes\" \/>\n<script type=\"application\/ld+json\" class=\"yoast-schema-graph\">{\"@context\":\"https:\/\/schema.org\",\"@graph\":[{\"@type\":\"WebPage\",\"@id\":\"https:\/\/ifesworld.org\/fr\/prayerline\/du-manguier-a-la-salle-de-classe\/\",\"url\":\"https:\/\/ifesworld.org\/fr\/prayerline\/du-manguier-a-la-salle-de-classe\/\",\"name\":\"Du manguier \u00e0 la salle de classe &#183; IFES Prayerline\",\"isPartOf\":{\"@id\":\"https:\/\/ifesworld.org\/es\/#website\"},\"primaryImageOfPage\":{\"@id\":\"https:\/\/ifesworld.org\/fr\/prayerline\/du-manguier-a-la-salle-de-classe\/#primaryimage\"},\"image\":{\"@id\":\"https:\/\/ifesworld.org\/fr\/prayerline\/du-manguier-a-la-salle-de-classe\/#primaryimage\"},\"thumbnailUrl\":\"https:\/\/ifesworld.org\/wp-content\/uploads\/2024\/11\/IMG-20240719-WA0014-e1732526659157.jpg\",\"datePublished\":\"2024-11-26T08:00:00+00:00\",\"description\":\"Alors que Putri se dirigeait vers une salle de classe \u00e0 l\u2019Universidade da Paz (UNPAZ) \u00e0 Dili au Timor oriental, elle a entendu un bruit rare sur le\",\"breadcrumb\":{\"@id\":\"https:\/\/ifesworld.org\/fr\/prayerline\/du-manguier-a-la-salle-de-classe\/#breadcrumb\"},\"inLanguage\":\"fr-FR\",\"potentialAction\":[{\"@type\":\"ReadAction\",\"target\":[\"https:\/\/ifesworld.org\/fr\/prayerline\/du-manguier-a-la-salle-de-classe\/\"]}]},{\"@type\":\"ImageObject\",\"inLanguage\":\"fr-FR\",\"@id\":\"https:\/\/ifesworld.org\/fr\/prayerline\/du-manguier-a-la-salle-de-classe\/#primaryimage\",\"url\":\"https:\/\/ifesworld.org\/wp-content\/uploads\/2024\/11\/IMG-20240719-WA0014-e1732526659157.jpg\",\"contentUrl\":\"https:\/\/ifesworld.org\/wp-content\/uploads\/2024\/11\/IMG-20240719-WA0014-e1732526659157.jpg\",\"width\":2560,\"height\":1540},{\"@type\":\"BreadcrumbList\",\"@id\":\"https:\/\/ifesworld.org\/fr\/prayerline\/du-manguier-a-la-salle-de-classe\/#breadcrumb\",\"itemListElement\":[{\"@type\":\"ListItem\",\"position\":1,\"name\":\"Home\",\"item\":\"https:\/\/ifesworld.org\/fr\/\"},{\"@type\":\"ListItem\",\"position\":2,\"name\":\"Prayerline\",\"item\":\"https:\/\/ifesworld.org\/en\/prayerline\/\"},{\"@type\":\"ListItem\",\"position\":3,\"name\":\"Du manguier \u00e0 la salle de classe\"}]},{\"@type\":\"WebSite\",\"@id\":\"https:\/\/ifesworld.org\/es\/#website\",\"url\":\"https:\/\/ifesworld.org\/es\/\",\"name\":\"IFES\",\"description\":\"A movement of students sharing and living out the good news of Jesus Christ. Locally. Nationally. Globally.\",\"publisher\":{\"@id\":\"https:\/\/ifesworld.org\/es\/#organization\"},\"potentialAction\":[{\"@type\":\"SearchAction\",\"target\":{\"@type\":\"EntryPoint\",\"urlTemplate\":\"https:\/\/ifesworld.org\/es\/?s={search_term_string}\"},\"query-input\":{\"@type\":\"PropertyValueSpecification\",\"valueRequired\":true,\"valueName\":\"search_term_string\"}}],\"inLanguage\":\"fr-FR\"},{\"@type\":\"Organization\",\"@id\":\"https:\/\/ifesworld.org\/es\/#organization\",\"name\":\"IFES \u00b7 International Fellowship of Evangelical Students\",\"url\":\"https:\/\/ifesworld.org\/es\/\",\"logo\":{\"@type\":\"ImageObject\",\"inLanguage\":\"fr-FR\",\"@id\":\"https:\/\/ifesworld.org\/es\/#\/schema\/logo\/image\/\",\"url\":\"https:\/\/ifesworld.org\/wp-content\/uploads\/2019\/06\/ifeslogo.png\",\"contentUrl\":\"https:\/\/ifesworld.org\/wp-content\/uploads\/2019\/06\/ifeslogo.png\",\"width\":262,\"height\":262,\"caption\":\"IFES \u00b7 International Fellowship of Evangelical Students\"},\"image\":{\"@id\":\"https:\/\/ifesworld.org\/es\/#\/schema\/logo\/image\/\"}}]}<\/script>\n<!-- \/ Yoast SEO plugin. -->","yoast_head_json":{"title":"Du manguier \u00e0 la salle de classe &#183; IFES Prayerline","description":"Alors que Putri se dirigeait vers une salle de classe \u00e0 l\u2019Universidade da Paz (UNPAZ) \u00e0 Dili au Timor oriental, elle a entendu un bruit rare sur le","robots":{"index":"index","follow":"follow","max-snippet":"max-snippet:-1","max-image-preview":"max-image-preview:large","max-video-preview":"max-video-preview:-1"},"canonical":"https:\/\/ifesworld.org\/fr\/prayerline\/du-manguier-a-la-salle-de-classe\/","og_locale":"fr_FR","og_type":"article","og_title":"Du manguier \u00e0 la salle de classe &#183; IFES Prayerline","og_description":"Alors que Putri se dirigeait vers une salle de classe \u00e0 l\u2019Universidade da Paz (UNPAZ) \u00e0 Dili au Timor oriental, elle a entendu un bruit rare sur le","og_url":"https:\/\/ifesworld.org\/fr\/prayerline\/du-manguier-a-la-salle-de-classe\/","og_site_name":"IFES","og_image":[{"width":2560,"height":1540,"url":"https:\/\/ifesworld.org\/wp-content\/uploads\/2024\/11\/IMG-20240719-WA0014-e1732526659157.jpg","type":"image\/jpeg"}],"twitter_card":"summary_large_image","twitter_misc":{"Dur\u00e9e de lecture estim\u00e9e":"3 minutes"},"schema":{"@context":"https:\/\/schema.org","@graph":[{"@type":"WebPage","@id":"https:\/\/ifesworld.org\/fr\/prayerline\/du-manguier-a-la-salle-de-classe\/","url":"https:\/\/ifesworld.org\/fr\/prayerline\/du-manguier-a-la-salle-de-classe\/","name":"Du manguier \u00e0 la salle de classe &#183; IFES Prayerline","isPartOf":{"@id":"https:\/\/ifesworld.org\/es\/#website"},"primaryImageOfPage":{"@id":"https:\/\/ifesworld.org\/fr\/prayerline\/du-manguier-a-la-salle-de-classe\/#primaryimage"},"image":{"@id":"https:\/\/ifesworld.org\/fr\/prayerline\/du-manguier-a-la-salle-de-classe\/#primaryimage"},"thumbnailUrl":"https:\/\/ifesworld.org\/wp-content\/uploads\/2024\/11\/IMG-20240719-WA0014-e1732526659157.jpg","datePublished":"2024-11-26T08:00:00+00:00","description":"Alors que Putri se dirigeait vers une salle de classe \u00e0 l\u2019Universidade da Paz (UNPAZ) \u00e0 Dili au Timor oriental, elle a entendu un bruit rare sur le","breadcrumb":{"@id":"https:\/\/ifesworld.org\/fr\/prayerline\/du-manguier-a-la-salle-de-classe\/#breadcrumb"},"inLanguage":"fr-FR","potentialAction":[{"@type":"ReadAction","target":["https:\/\/ifesworld.org\/fr\/prayerline\/du-manguier-a-la-salle-de-classe\/"]}]},{"@type":"ImageObject","inLanguage":"fr-FR","@id":"https:\/\/ifesworld.org\/fr\/prayerline\/du-manguier-a-la-salle-de-classe\/#primaryimage","url":"https:\/\/ifesworld.org\/wp-content\/uploads\/2024\/11\/IMG-20240719-WA0014-e1732526659157.jpg","contentUrl":"https:\/\/ifesworld.org\/wp-content\/uploads\/2024\/11\/IMG-20240719-WA0014-e1732526659157.jpg","width":2560,"height":1540},{"@type":"BreadcrumbList","@id":"https:\/\/ifesworld.org\/fr\/prayerline\/du-manguier-a-la-salle-de-classe\/#breadcrumb","itemListElement":[{"@type":"ListItem","position":1,"name":"Home","item":"https:\/\/ifesworld.org\/fr\/"},{"@type":"ListItem","position":2,"name":"Prayerline","item":"https:\/\/ifesworld.org\/en\/prayerline\/"},{"@type":"ListItem","position":3,"name":"Du manguier \u00e0 la salle de classe"}]},{"@type":"WebSite","@id":"https:\/\/ifesworld.org\/es\/#website","url":"https:\/\/ifesworld.org\/es\/","name":"IFES","description":"A movement of students sharing and living out the good news of Jesus Christ. Locally. Nationally. Globally.","publisher":{"@id":"https:\/\/ifesworld.org\/es\/#organization"},"potentialAction":[{"@type":"SearchAction","target":{"@type":"EntryPoint","urlTemplate":"https:\/\/ifesworld.org\/es\/?s={search_term_string}"},"query-input":{"@type":"PropertyValueSpecification","valueRequired":true,"valueName":"search_term_string"}}],"inLanguage":"fr-FR"},{"@type":"Organization","@id":"https:\/\/ifesworld.org\/es\/#organization","name":"IFES \u00b7 International Fellowship of Evangelical Students","url":"https:\/\/ifesworld.org\/es\/","logo":{"@type":"ImageObject","inLanguage":"fr-FR","@id":"https:\/\/ifesworld.org\/es\/#\/schema\/logo\/image\/","url":"https:\/\/ifesworld.org\/wp-content\/uploads\/2019\/06\/ifeslogo.png","contentUrl":"https:\/\/ifesworld.org\/wp-content\/uploads\/2019\/06\/ifeslogo.png","width":262,"height":262,"caption":"IFES \u00b7 International Fellowship of Evangelical Students"},"image":{"@id":"https:\/\/ifesworld.org\/es\/#\/schema\/logo\/image\/"}}]}},"_links":{"self":[{"href":"https:\/\/ifesworld.org\/fr\/wp-json\/wp\/v2\/prayerline\/43653","targetHints":{"allow":["GET"]}}],"collection":[{"href":"https:\/\/ifesworld.org\/fr\/wp-json\/wp\/v2\/prayerline"}],"about":[{"href":"https:\/\/ifesworld.org\/fr\/wp-json\/wp\/v2\/types\/prayerline"}],"wp:featuredmedia":[{"embeddable":true,"href":"https:\/\/ifesworld.org\/fr\/wp-json\/wp\/v2\/media\/43512"}],"wp:attachment":[{"href":"https:\/\/ifesworld.org\/fr\/wp-json\/wp\/v2\/media?parent=43653"}],"wp:term":[{"taxonomy":"area","embeddable":true,"href":"https:\/\/ifesworld.org\/fr\/wp-json\/wp\/v2\/area?post=43653"},{"taxonomy":"theme","embeddable":true,"href":"https:\/\/ifesworld.org\/fr\/wp-json\/wp\/v2\/theme?post=43653"}],"curies":[{"name":"wp","href":"https:\/\/api.w.org\/{rel}","templated":true}]}}