{"id":41965,"date":"2015-09-10T08:00:00","date_gmt":"2015-09-10T07:00:00","guid":{"rendered":"https:\/\/ifesworld.org\/?post_type=prayerline&#038;p=41965"},"modified":"2024-09-05T13:52:41","modified_gmt":"2024-09-05T12:52:41","slug":"devrions-nous-abuser-des-nouveaux-etudiants","status":"publish","type":"prayerline","link":"https:\/\/ifesworld.org\/fr\/prayerline\/devrions-nous-abuser-des-nouveaux-etudiants\/","title":{"rendered":"Devrions-nous abuser des nouveaux \u00e9tudiants?"},"content":{"rendered":"<div class=\"wp-block block-core-group\">\n<div class=\"wp-block-group\"><div class=\"wp-block-group__inner-container is-layout-constrained wp-block-group-is-layout-constrained\"><div class=\"wp-block block-core-paragraph\">\n<p class=\"wp-block-paragraph\">Dans de nombreux endroits du monde, les \u00e9tudiants subissent diff\u00e9rents types de \u00ab&nbsp;rite d\u2019initiation&nbsp;\u00bb lorsqu\u2019ils int\u00e8grent l\u2019universit\u00e9. Parfois, ces rites sont plut\u00f4t inoffensifs (porter des v\u00eatements embarrassants, manger de la nourriture bizarre ou fonctionner sans sommeil. Mais souvent le c\u00f4t\u00e9 amusant de la chose (appel\u00e9 bizutage) est beaucoup plus intense&nbsp; et implique la consommation d\u2019\u00e9normes quantit\u00e9s d\u2019alcool, de racisme, d\u2019abus sexuel, d\u2019actes ill\u00e9gaux et d\u2019humiliations intenses.<br><br>Les \u00e9tudiants de l\u2019ABUB Br\u00e9sil ont d\u00e9cid\u00e9 qu\u2019ils prendraient position contre de tels rites d\u2019initiation, connus l\u00e0-bas comme les&nbsp;<em>trote<\/em>. Dans d\u2019autres parties du monde, le&nbsp;<em>trote<\/em>&nbsp;a provoqu\u00e9 des blessures physiques et un traumatisme psychologique&nbsp;; dans certains cas, la mort.<br><br>Qu\u2019est-ce qui a fait que ces \u00e9tudiants d\u00e9cident de passer \u00e0 l\u2019action&nbsp;? Ils ont particip\u00e9 \u00e0 un programme de d\u00e9veloppement de leadership qui a dur\u00e9 trois semaines plus t\u00f4t dans l\u2019ann\u00e9e. Au cours de ce programme, ils ont \u00e9tudi\u00e9 le livre des Actes. Le th\u00e8me de cette rencontre \u00e9tait tir\u00e9 du premier chapitre&nbsp;: \u00ab&nbsp;\u2026&nbsp;<em>et vous serez mes t\u00e9moins.<\/em>&nbsp;\u00bb Lorsqu\u2019ils ont \u00e9t\u00e9 mis au d\u00e9fi pour voir le livre des Actes comme un livre qui se poursuit et auquel ils apportent leur contribution, les \u00e9tudiants ont d\u00e9cid\u00e9 de passer \u00e0 l\u2019acte !<br><br>Premi\u00e8rement, une lettre ouverte \u00e0 l\u2019universit\u00e9 a \u00e9t\u00e9 \u00e9crite et sign\u00e9e par 56 \u00e9tudiants. Dans cette lettre, ils disaient prendre fermement position contre le&nbsp;<em>trote<\/em>.<br><\/p>\n<\/div>\n\n<div class=\"wp-block block-core-quote\">\n<blockquote class=\"wp-block-quote is-layout-flow wp-block-quote-is-layout-flow\"><div class=\"wp-block block-core-paragraph\">\n<p class=\"wp-block-paragraph\">\u00ab&nbsp;<em>En tant qu\u2019\u00e9tudiants qui t\u00e9moignent de Christ \u00e0 l\u2019universit\u00e9, nous voulons exprimer dans cette lettre ouverte nos plaintes et notre d\u00e9saccord contre tout sorte d\u2019actions violentes, d\u00e9moralisantes portant atteinte aux personnes. Ces actions sont guid\u00e9es par des valeurs hi\u00e9rarchiques sur lesquelles les pratiques abusives du trote se basent. Nous refusons d\u2019accepter cette logique oppressive qui l\u00e9gitimise un traitement humiliant et agressif de ceux qui se joignent \u00e0 la vie acad\u00e9mique ou de ceux qui sont d\u00e9j\u00e0 \u00e9tudiants.<\/em><br><br><em>Les rites d\u2019initiation ne sont pas le probl\u00e8me, mais la mani\u00e8re dont elles se d\u00e9roulent et le sens qu\u2019elles prennent dans le contexte universitaire. L\u2019universit\u00e9 est un espace qui devrait \u00eatre un lieu d\u2019acceptation et d\u2019accueil, mais au lieu de cela, ces rites font la promotion de l\u2019oppression, de la d\u00e9moralisation et de la violence.&nbsp;\u00bb<\/em><\/p>\n<\/div><\/blockquote>\n<\/div><\/div>\n<\/div><\/div>\n\n<div class=\"wp-block block-core-paragraph\">\n<p class=\"wp-block-paragraph\"><\/p>\n<\/div>\n\n<div class=\"wp-block block-core-paragraph aligncenter\">\n<p class=\"has-text-align-center wp-block-paragraph\"><em><img loading=\"lazy\" decoding=\"async\" height=\"211\" width=\"600\" src=\"https:\/\/gallery.mailchimp.com\/5a0f7f0908df46b0b54cab07d\/images\/829937c1-7106-429c-832a-7c3ad44c39fc.jpg\"><\/em><br><em>Les \u00e9tudiants de l\u2019ABUB Br\u00e9sil \u00e0 l\u2019universit\u00e9 de l\u2019Uberaba-MG organisent un pique-nique d\u2019accueil, enocuragent les photos de c\u00e9l\u00e9bration, et offrent des accolades gratuites aux \u00e9tudiants de premi\u00e8re ann\u00e9e<\/em><\/p>\n<\/div>\n\n<div class=\"wp-block block-core-paragraph\">\n<p class=\"wp-block-paragraph\">Cette lettre a \u00e9t\u00e9 diffus\u00e9e dans les groupes de l\u2019ABUB dans le pays. Les \u00e9tudiants ont r\u00e9pondu en d\u00e9marrant des alternatives au trote. Un groupe, avec le soutien officiel de l\u2019universit\u00e9, a cr\u00e9\u00e9 un guide pour les nouveaux \u00e9tudiants avec des informations sur l\u2019universit\u00e9 ainsi que sur l\u2019ABUB. Certains groupes ont \u00e9galement organis\u00e9 des activit\u00e9s diverses \u2013 le jonglage, le th\u00e9\u00e2tre, des groupes et de la nourriture.<br><br>Plusieurs groupes ont sponsoris\u00e9 le \u00ab&nbsp;trote hug&nbsp;\u00bb, des accolades gratuites, et un manuel sur la vie universitaire. D\u2019autres groupes ont juste essay\u00e9 d\u2019\u00eatre pr\u00e9sents et disponibles pour aider, tout en parlant de leur foi et en donnant des Bibles.<br><br>Ana a parl\u00e9 des fruits de l\u2019accueil des nouveaux \u00e9tudiants:<\/p>\n<\/div>\n\n<div class=\"wp-block block-core-quote\">\n<blockquote class=\"wp-block-quote is-layout-flow wp-block-quote-is-layout-flow\"><div class=\"wp-block block-core-paragraph\">\n<p class=\"wp-block-paragraph\">\u00ab&nbsp;<em>Apr\u00e8s avoir rencontr\u00e9 les \u00e9tudiants de premi\u00e8re ann\u00e9e, plusieurs sont venus \u00e0 nous en demandant des informations sur le logement. C\u2019est une tr\u00e8s bonne fa\u00e7on de garder le contact. L\u2019an pass\u00e9, un \u00e9tudiant est venu \u00e0 nous de cette fa\u00e7on en commen\u00e7ant \u00e0 aller \u00e0 nos rencontres et il a accept\u00e9 Christ.&nbsp;<\/em>\u00bb<\/p>\n<\/div><\/blockquote>\n<\/div>\n\n<div class=\"wp-block block-core-paragraph\">\n<p class=\"wp-block-paragraph\">Cette lettre ouverte conclut ainsi : \u00ab<em>&nbsp;Nous sommes appel\u00e9s \u00e0 \u00eatre des agents de la r\u00e9conciliation&nbsp;et \u00e0 amener la puissance de l\u2019amour et de la vie qui est en Christ ainsi que ses pratiques anim\u00e9es par \u00ab&nbsp;les forces de la mort&nbsp;\u00bb.<\/em><br><br>Merci de prier pour les \u00e9tudiants de l\u2019ABUB alors qu\u2019ils cherchent \u00e0 \u00eatre ceux qui accueillent les nouvelles personnes et font la promotion de la r\u00e9conciliation. Et dans la mesure o\u00f9 les universit\u00e9s de l\u2019h\u00e9misph\u00e8re nord commencent ce mois-ci et le mois prochain, merci de prier pour les mouvements de l\u2019IFES afin qu\u2019ils prennent position contre l\u2019injustice, l\u2019abus, le racisme et la haine, quoi qu\u2019il en co\u00fbte, m\u00eame si cela veut dire \u00eatre impopulaire dans sa prise de position contre le bizutage.<\/p>\n<\/div>\n\n<div class=\"wp-block block-core-paragraph\">\n<p class=\"wp-block-paragraph\">Merci de vos pri\u00e8res.<\/p>\n<\/div>\n\n<div class=\"wp-block block-core-quote\">\n<blockquote class=\"wp-block-quote is-layout-flow wp-block-quote-is-layout-flow\"><div class=\"wp-block block-core-paragraph\">\n<p class=\"wp-block-paragraph\"><\/p>\n<\/div><\/blockquote>\n<\/div>\n\n<div class=\"wp-block block-core-paragraph\">\n<p class=\"wp-block-paragraph\"><em>\u00c9crit par Penny Vinden pour l&rsquo;IFES<\/em><\/p>\n<\/div>","protected":false},"featured_media":41963,"template":"","area":[460,622],"theme":[],"class_list":["post-41965","prayerline","type-prayerline","status-publish","has-post-thumbnail","hentry","area-latin-america","area-brazil"],"acf":[],"yoast_head":"<!-- This site is optimized with the Yoast SEO plugin v27.2 - https:\/\/yoast.com\/product\/yoast-seo-wordpress\/ -->\n<title>Devrions-nous abuser des nouveaux \u00e9tudiants? &#183; IFES Prayerline<\/title>\n<meta name=\"description\" content=\"Dans de nombreux endroits du monde, les \u00e9tudiants subissent diff\u00e9rents types de \u00ab&nbsp;rite d\u2019initiation&nbsp;\u00bb lorsqu\u2019ils int\u00e8grent l\u2019universit\u00e9.\" \/>\n<meta name=\"robots\" content=\"index, follow, max-snippet:-1, max-image-preview:large, max-video-preview:-1\" \/>\n<link rel=\"canonical\" href=\"https:\/\/ifesworld.org\/en\/prayerline\/should-we-abuse-incoming-students\/\" \/>\n<meta property=\"og:locale\" content=\"fr_FR\" \/>\n<meta property=\"og:type\" content=\"article\" \/>\n<meta property=\"og:title\" content=\"Devrions-nous abuser des nouveaux \u00e9tudiants? &#183; IFES Prayerline\" \/>\n<meta property=\"og:description\" content=\"Dans de nombreux endroits du monde, les \u00e9tudiants subissent diff\u00e9rents types de \u00ab&nbsp;rite d\u2019initiation&nbsp;\u00bb lorsqu\u2019ils int\u00e8grent l\u2019universit\u00e9.\" \/>\n<meta property=\"og:url\" content=\"https:\/\/ifesworld.org\/en\/prayerline\/should-we-abuse-incoming-students\/\" \/>\n<meta property=\"og:site_name\" content=\"IFES\" \/>\n<meta property=\"article:modified_time\" content=\"2024-09-05T12:52:41+00:00\" \/>\n<meta property=\"og:image\" content=\"https:\/\/ifesworld.org\/wp-content\/uploads\/2024\/09\/abub.jpg\" \/>\n\t<meta property=\"og:image:width\" content=\"850\" \/>\n\t<meta property=\"og:image:height\" content=\"300\" \/>\n\t<meta property=\"og:image:type\" content=\"image\/jpeg\" \/>\n<meta name=\"twitter:card\" content=\"summary_large_image\" \/>\n<meta name=\"twitter:label1\" content=\"Dur\u00e9e de lecture estim\u00e9e\" \/>\n\t<meta name=\"twitter:data1\" content=\"3 minutes\" \/>\n<script type=\"application\/ld+json\" class=\"yoast-schema-graph\">{\"@context\":\"https:\/\/schema.org\",\"@graph\":[{\"@type\":\"WebPage\",\"@id\":\"https:\/\/ifesworld.org\/en\/prayerline\/should-we-abuse-incoming-students\/\",\"url\":\"https:\/\/ifesworld.org\/en\/prayerline\/should-we-abuse-incoming-students\/\",\"name\":\"Devrions-nous abuser des nouveaux \u00e9tudiants? &#183; IFES Prayerline\",\"isPartOf\":{\"@id\":\"https:\/\/ifesworld.org\/es\/#website\"},\"primaryImageOfPage\":{\"@id\":\"https:\/\/ifesworld.org\/en\/prayerline\/should-we-abuse-incoming-students\/#primaryimage\"},\"image\":{\"@id\":\"https:\/\/ifesworld.org\/en\/prayerline\/should-we-abuse-incoming-students\/#primaryimage\"},\"thumbnailUrl\":\"https:\/\/ifesworld.org\/wp-content\/uploads\/2024\/09\/abub.jpg\",\"datePublished\":\"2015-09-10T07:00:00+00:00\",\"dateModified\":\"2024-09-05T12:52:41+00:00\",\"description\":\"Dans de nombreux endroits du monde, les \u00e9tudiants subissent diff\u00e9rents types de \u00ab&nbsp;rite d\u2019initiation&nbsp;\u00bb lorsqu\u2019ils int\u00e8grent l\u2019universit\u00e9.\",\"breadcrumb\":{\"@id\":\"https:\/\/ifesworld.org\/en\/prayerline\/should-we-abuse-incoming-students\/#breadcrumb\"},\"inLanguage\":\"fr-FR\",\"potentialAction\":[{\"@type\":\"ReadAction\",\"target\":[\"https:\/\/ifesworld.org\/en\/prayerline\/should-we-abuse-incoming-students\/\"]}]},{\"@type\":\"ImageObject\",\"inLanguage\":\"fr-FR\",\"@id\":\"https:\/\/ifesworld.org\/en\/prayerline\/should-we-abuse-incoming-students\/#primaryimage\",\"url\":\"https:\/\/ifesworld.org\/wp-content\/uploads\/2024\/09\/abub.jpg\",\"contentUrl\":\"https:\/\/ifesworld.org\/wp-content\/uploads\/2024\/09\/abub.jpg\",\"width\":850,\"height\":300},{\"@type\":\"BreadcrumbList\",\"@id\":\"https:\/\/ifesworld.org\/en\/prayerline\/should-we-abuse-incoming-students\/#breadcrumb\",\"itemListElement\":[{\"@type\":\"ListItem\",\"position\":1,\"name\":\"Home\",\"item\":\"https:\/\/ifesworld.org\/fr\/\"},{\"@type\":\"ListItem\",\"position\":2,\"name\":\"Prayerline\",\"item\":\"https:\/\/ifesworld.org\/en\/prayerline\/\"},{\"@type\":\"ListItem\",\"position\":3,\"name\":\"Devrions-nous abuser des nouveaux \u00e9tudiants?\"}]},{\"@type\":\"WebSite\",\"@id\":\"https:\/\/ifesworld.org\/es\/#website\",\"url\":\"https:\/\/ifesworld.org\/es\/\",\"name\":\"IFES\",\"description\":\"A movement of students sharing and living out the good news of Jesus Christ. Locally. Nationally. Globally.\",\"publisher\":{\"@id\":\"https:\/\/ifesworld.org\/es\/#organization\"},\"potentialAction\":[{\"@type\":\"SearchAction\",\"target\":{\"@type\":\"EntryPoint\",\"urlTemplate\":\"https:\/\/ifesworld.org\/es\/?s={search_term_string}\"},\"query-input\":{\"@type\":\"PropertyValueSpecification\",\"valueRequired\":true,\"valueName\":\"search_term_string\"}}],\"inLanguage\":\"fr-FR\"},{\"@type\":\"Organization\",\"@id\":\"https:\/\/ifesworld.org\/es\/#organization\",\"name\":\"IFES \u00b7 International Fellowship of Evangelical Students\",\"url\":\"https:\/\/ifesworld.org\/es\/\",\"logo\":{\"@type\":\"ImageObject\",\"inLanguage\":\"fr-FR\",\"@id\":\"https:\/\/ifesworld.org\/es\/#\/schema\/logo\/image\/\",\"url\":\"https:\/\/ifesworld.org\/wp-content\/uploads\/2019\/06\/ifeslogo.png\",\"contentUrl\":\"https:\/\/ifesworld.org\/wp-content\/uploads\/2019\/06\/ifeslogo.png\",\"width\":262,\"height\":262,\"caption\":\"IFES \u00b7 International Fellowship of Evangelical Students\"},\"image\":{\"@id\":\"https:\/\/ifesworld.org\/es\/#\/schema\/logo\/image\/\"}}]}<\/script>\n<!-- \/ Yoast SEO plugin. -->","yoast_head_json":{"title":"Devrions-nous abuser des nouveaux \u00e9tudiants? &#183; IFES Prayerline","description":"Dans de nombreux endroits du monde, les \u00e9tudiants subissent diff\u00e9rents types de \u00ab&nbsp;rite d\u2019initiation&nbsp;\u00bb lorsqu\u2019ils int\u00e8grent l\u2019universit\u00e9.","robots":{"index":"index","follow":"follow","max-snippet":"max-snippet:-1","max-image-preview":"max-image-preview:large","max-video-preview":"max-video-preview:-1"},"canonical":"https:\/\/ifesworld.org\/en\/prayerline\/should-we-abuse-incoming-students\/","og_locale":"fr_FR","og_type":"article","og_title":"Devrions-nous abuser des nouveaux \u00e9tudiants? &#183; IFES Prayerline","og_description":"Dans de nombreux endroits du monde, les \u00e9tudiants subissent diff\u00e9rents types de \u00ab&nbsp;rite d\u2019initiation&nbsp;\u00bb lorsqu\u2019ils int\u00e8grent l\u2019universit\u00e9.","og_url":"https:\/\/ifesworld.org\/en\/prayerline\/should-we-abuse-incoming-students\/","og_site_name":"IFES","article_modified_time":"2024-09-05T12:52:41+00:00","og_image":[{"width":850,"height":300,"url":"https:\/\/ifesworld.org\/wp-content\/uploads\/2024\/09\/abub.jpg","type":"image\/jpeg"}],"twitter_card":"summary_large_image","twitter_misc":{"Dur\u00e9e de lecture estim\u00e9e":"3 minutes"},"schema":{"@context":"https:\/\/schema.org","@graph":[{"@type":"WebPage","@id":"https:\/\/ifesworld.org\/en\/prayerline\/should-we-abuse-incoming-students\/","url":"https:\/\/ifesworld.org\/en\/prayerline\/should-we-abuse-incoming-students\/","name":"Devrions-nous abuser des nouveaux \u00e9tudiants? &#183; IFES Prayerline","isPartOf":{"@id":"https:\/\/ifesworld.org\/es\/#website"},"primaryImageOfPage":{"@id":"https:\/\/ifesworld.org\/en\/prayerline\/should-we-abuse-incoming-students\/#primaryimage"},"image":{"@id":"https:\/\/ifesworld.org\/en\/prayerline\/should-we-abuse-incoming-students\/#primaryimage"},"thumbnailUrl":"https:\/\/ifesworld.org\/wp-content\/uploads\/2024\/09\/abub.jpg","datePublished":"2015-09-10T07:00:00+00:00","dateModified":"2024-09-05T12:52:41+00:00","description":"Dans de nombreux endroits du monde, les \u00e9tudiants subissent diff\u00e9rents types de \u00ab&nbsp;rite d\u2019initiation&nbsp;\u00bb lorsqu\u2019ils int\u00e8grent l\u2019universit\u00e9.","breadcrumb":{"@id":"https:\/\/ifesworld.org\/en\/prayerline\/should-we-abuse-incoming-students\/#breadcrumb"},"inLanguage":"fr-FR","potentialAction":[{"@type":"ReadAction","target":["https:\/\/ifesworld.org\/en\/prayerline\/should-we-abuse-incoming-students\/"]}]},{"@type":"ImageObject","inLanguage":"fr-FR","@id":"https:\/\/ifesworld.org\/en\/prayerline\/should-we-abuse-incoming-students\/#primaryimage","url":"https:\/\/ifesworld.org\/wp-content\/uploads\/2024\/09\/abub.jpg","contentUrl":"https:\/\/ifesworld.org\/wp-content\/uploads\/2024\/09\/abub.jpg","width":850,"height":300},{"@type":"BreadcrumbList","@id":"https:\/\/ifesworld.org\/en\/prayerline\/should-we-abuse-incoming-students\/#breadcrumb","itemListElement":[{"@type":"ListItem","position":1,"name":"Home","item":"https:\/\/ifesworld.org\/fr\/"},{"@type":"ListItem","position":2,"name":"Prayerline","item":"https:\/\/ifesworld.org\/en\/prayerline\/"},{"@type":"ListItem","position":3,"name":"Devrions-nous abuser des nouveaux \u00e9tudiants?"}]},{"@type":"WebSite","@id":"https:\/\/ifesworld.org\/es\/#website","url":"https:\/\/ifesworld.org\/es\/","name":"IFES","description":"A movement of students sharing and living out the good news of Jesus Christ. Locally. Nationally. Globally.","publisher":{"@id":"https:\/\/ifesworld.org\/es\/#organization"},"potentialAction":[{"@type":"SearchAction","target":{"@type":"EntryPoint","urlTemplate":"https:\/\/ifesworld.org\/es\/?s={search_term_string}"},"query-input":{"@type":"PropertyValueSpecification","valueRequired":true,"valueName":"search_term_string"}}],"inLanguage":"fr-FR"},{"@type":"Organization","@id":"https:\/\/ifesworld.org\/es\/#organization","name":"IFES \u00b7 International Fellowship of Evangelical Students","url":"https:\/\/ifesworld.org\/es\/","logo":{"@type":"ImageObject","inLanguage":"fr-FR","@id":"https:\/\/ifesworld.org\/es\/#\/schema\/logo\/image\/","url":"https:\/\/ifesworld.org\/wp-content\/uploads\/2019\/06\/ifeslogo.png","contentUrl":"https:\/\/ifesworld.org\/wp-content\/uploads\/2019\/06\/ifeslogo.png","width":262,"height":262,"caption":"IFES \u00b7 International Fellowship of Evangelical Students"},"image":{"@id":"https:\/\/ifesworld.org\/es\/#\/schema\/logo\/image\/"}}]}},"_links":{"self":[{"href":"https:\/\/ifesworld.org\/fr\/wp-json\/wp\/v2\/prayerline\/41965","targetHints":{"allow":["GET"]}}],"collection":[{"href":"https:\/\/ifesworld.org\/fr\/wp-json\/wp\/v2\/prayerline"}],"about":[{"href":"https:\/\/ifesworld.org\/fr\/wp-json\/wp\/v2\/types\/prayerline"}],"wp:featuredmedia":[{"embeddable":true,"href":"https:\/\/ifesworld.org\/fr\/wp-json\/wp\/v2\/media\/41963"}],"wp:attachment":[{"href":"https:\/\/ifesworld.org\/fr\/wp-json\/wp\/v2\/media?parent=41965"}],"wp:term":[{"taxonomy":"area","embeddable":true,"href":"https:\/\/ifesworld.org\/fr\/wp-json\/wp\/v2\/area?post=41965"},{"taxonomy":"theme","embeddable":true,"href":"https:\/\/ifesworld.org\/fr\/wp-json\/wp\/v2\/theme?post=41965"}],"curies":[{"name":"wp","href":"https:\/\/api.w.org\/{rel}","templated":true}]}}