{"id":39633,"date":"2016-12-08T16:25:00","date_gmt":"2016-12-08T16:25:00","guid":{"rendered":"https:\/\/ifesworld.org\/?post_type=prayerline&#038;p=39633"},"modified":"2024-07-23T16:28:30","modified_gmt":"2024-07-23T15:28:30","slug":"protestation-contre-les-frais-dinscription-universitaires-prendre-une-position-chretienne","status":"publish","type":"prayerline","link":"https:\/\/ifesworld.org\/fr\/prayerline\/protestation-contre-les-frais-dinscription-universitaires-prendre-une-position-chretienne\/","title":{"rendered":"Protestation contre les frais d&rsquo;inscription universitaires : prendre une position chr\u00e9tienne"},"content":{"rendered":"<div class=\"wp-block block-core-paragraph\">\n<p class=\"wp-block-paragraph\">Des \u00e9tudiants emp\u00each\u00e9s d\u2019aller \u00e0 l\u2019universit\u00e9 parce qu\u2019ils ne peuvent s\u2019acquitter des frais d\u2019inscription ? Nous savons que c\u2019est une r\u00e9alit\u00e9 dans le monde entier.<\/p>\n<\/div>\n\n<div class=\"wp-block block-core-paragraph\">\n<p class=\"wp-block-paragraph\">Au cours de l\u2019ann\u00e9e pass\u00e9e, il y a eu des manifestations concernant les frais d\u2019inscription en Afrique du Sud derri\u00e8re le slogan #FeesMustFall. Dans les deux derniers mois, les troubles sont devenus violents en certains endroits.<\/p>\n<\/div>\n\n<div class=\"wp-block block-core-paragraph\">\n<p class=\"wp-block-paragraph\">Mais les manifestations ne sont pas simplement une question de frais d\u2019inscription comme Zuko Gabela, le Secr\u00e9taire g\u00e9n\u00e9ral du SCO, me l\u2019a fait remarqu\u00e9. \u00ab L\u2019Afrique du Sud a la plus grande in\u00e9galit\u00e9 de revenus au monde, comme le montre le\u00a0<a href=\"http:\/\/www.bbc.co.uk\/news\/blogs-magazine-monitor-31847943\" target=\"_blank\" rel=\"noreferrer noopener\">Coefficient Gini<\/a>\u00a0bien connu.<\/p>\n<\/div>\n\n<div class=\"wp-block block-core-paragraph\">\n<p class=\"wp-block-paragraph\">\u00ab Notre pauvret\u00e9 a une couleur. L\u2019\u00e9ducation est un outil qui peut instaurer l\u2019estime de soi, la dignit\u00e9 et la confiance en soi du peuple africain autochtone. Malheureusement, l\u2019enseignement sup\u00e9rieur est \u00e0 pr\u00e9sent tr\u00e8s cher et n\u2019est accessible qu\u2019\u00e0 quelques-uns \u2013 d\u2019o\u00f9 la s\u00e9rie de manifestations \u00bb.<\/p>\n<\/div>\n\n<div class=\"wp-block block-core-paragraph\">\n<p class=\"wp-block-paragraph\">Zuko d\u00e9plore cependant que \u00ab les actions irresponsables de la communaut\u00e9 \u00e9tudiante aient sali une cause noble et propre, et que des incendies criminelles et des destructions de propri\u00e9t\u00e9 ont \u00e9t\u00e9 exacerb\u00e9s par la main lourde de la police et des forces de s\u00e9curit\u00e9. \u00bb&nbsp;<\/p>\n<\/div>\n\n<div class=\"wp-block block-core-paragraph\">\n<p class=\"wp-block-paragraph\">Le SCO s\u2019oppose fermement \u00e0 la violence L\u2019\u00e9quipier du SCO Motseki Sosibo et certains partenaires du SCO se sont tenus sur la br\u00e8che sur les campus en tant que T\u00e9moins de la Paix et de la Justice sous l\u2019\u00e9gide de l\u2019Initiative pour le leadership chr\u00e9tien en Afrique du Sud. Le fait d\u2019avoir des observateurs pr\u00e9sents a jou\u00e9 un r\u00f4le important pour d\u00e9samorcer la violence. Et certains servent en tant que m\u00e9diateurs en \u00e9tant en interaction avec les \u00e9tudiants et la direction des universit\u00e9s.<\/p>\n<\/div>\n\n<div class=\"wp-block block-core-paragraph\">\n<p class=\"wp-block-paragraph\">Sibabalo Mtonga, un \u00e9tudiant de deuxi\u00e8me ann\u00e9e en droit \u00e0 l\u2019Universit\u00e9 de Western Cape et membre du SCO avait ceci \u00e0 dire : \u00ab Dans le pass\u00e9, les chr\u00e9tiens \u00e9taient vus comme des personnes qui s\u2019isolaient toujours de telles initiatives. Et je suis fier de dire que de telles histoires et de tels st\u00e9r\u00e9otypes ont \u00e9t\u00e9 d\u00e9mentis.<\/p>\n<\/div>\n\n<div class=\"wp-block block-core-paragraph\">\n<p class=\"wp-block-paragraph\">Les gens appr\u00e9cient \u00e0 pr\u00e9sent le r\u00f4le des chr\u00e9tiens. Les membres du SCO fa\u00e7onnent une marche \u00e0 suivre et contribuent positivement au succ\u00e8s du mouvement actuel. Les chr\u00e9tiens ont g\u00e9n\u00e9ralement la mauvaise habitude de rester invisibles. Nous sommes heureux que ceci ne soit pas le cas avec le SCO. Nous sommes fiers et nous assumons pleinement le fait d\u2019\u00eatre chr\u00e9tiens. \u00bb<\/p>\n<\/div>\n\n<div class=\"wp-block block-core-paragraph\">\n<p class=\"wp-block-paragraph\">Motseki ajoute : \u00ab C\u2019est un objectif clair du SCO d\u2019\u00eatre impliqu\u00e9 activement dans des questions auxquelles sont confront\u00e9s les \u00e9tudiants dans leurs institutions respectives. Nous croyons que le changement vient avec la pri\u00e8re et l\u2019unit\u00e9. Merci donc de prier pour nous alors que nous cherchons \u00e0 servir Christ en \u00e9tant pertinent pour les communaut\u00e9s \u00e9tudiantes des diff\u00e9rentes universit\u00e9s. \u00bb<\/p>\n<\/div>\n\n<div class=\"wp-block block-core-paragraph\">\n<p class=\"wp-block-paragraph\">Emma Brewster, ancienne \u00e9quipi\u00e8re du SCO, s\u2019est tenue aux c\u00f4t\u00e9s de Motseki et des autres ces derniers jours. Elle se tient \u00e0 ses c\u00f4t\u00e9s \u00e0 pr\u00e9sent qu\u2019il demande \u00e0 la famille de l\u2019IFES de prier. \u00ab Ces derniers mois, de nombreux \u00e9tudiants et des chercheurs ont v\u00e9cu des traumatismes. Ils ont besoin d\u2019\u00eatre accompagn\u00e9s, des espaces pour \u00eatre entendus et gu\u00e9ris. Priez aussi pour les \u00e9tudiants chr\u00e9tiens afin qu\u2019ils soient sel et lumi\u00e8re. Priez que de nombreux fils\/files prodigues que nous avons rencontr\u00e9s afin qu\u2019ils reviennent au P\u00e8re. Priez pour les non-chr\u00e9tiens qui ont \u00e9t\u00e9 touch\u00e9s par le t\u00e9moignage chr\u00e9tien sur le campus qui a conduit \u00e0 de nombreuses conversations.<\/p>\n<\/div>\n\n<div class=\"wp-block block-core-paragraph\">\n<p class=\"wp-block-paragraph\">Et bien s\u00fbr, pour reprendre les mots de Zuko \u00ab priez pour le d\u00e9ploiement paisible d\u2019un enseignement de qualit\u00e9 inclusif et accessible \u00bb.<\/p>\n<\/div>","protected":false},"featured_media":39626,"template":"","area":[456,529],"theme":[1224],"class_list":["post-39633","prayerline","type-prayerline","status-publish","has-post-thumbnail","hentry","area-epsa","area-south-africa","theme-interagir-avec-luniversite"],"acf":[],"yoast_head":"<!-- This site is optimized with the Yoast SEO plugin v27.2 - https:\/\/yoast.com\/product\/yoast-seo-wordpress\/ -->\n<title>Protestation contre les frais d&#039;inscription universitaires : prendre une position chr\u00e9tienne &#183; IFES Prayerline<\/title>\n<meta name=\"description\" content=\"Des \u00e9tudiants emp\u00each\u00e9s d\u2019aller \u00e0 l\u2019universit\u00e9 parce qu\u2019ils ne peuvent s\u2019acquitter des frais d\u2019inscription ? Nous savons que c\u2019est une r\u00e9alit\u00e9 dans le\" \/>\n<meta name=\"robots\" content=\"index, follow, max-snippet:-1, max-image-preview:large, max-video-preview:-1\" \/>\n<link rel=\"canonical\" href=\"https:\/\/ifesworld.org\/fr\/prayerline\/protestation-contre-les-frais-dinscription-universitaires-prendre-une-position-chretienne\/\" \/>\n<meta property=\"og:locale\" content=\"fr_FR\" \/>\n<meta property=\"og:type\" content=\"article\" \/>\n<meta property=\"og:title\" content=\"Protestation contre les frais d&#039;inscription universitaires : prendre une position chr\u00e9tienne &#183; IFES Prayerline\" \/>\n<meta property=\"og:description\" content=\"Des \u00e9tudiants emp\u00each\u00e9s d\u2019aller \u00e0 l\u2019universit\u00e9 parce qu\u2019ils ne peuvent s\u2019acquitter des frais d\u2019inscription ? Nous savons que c\u2019est une r\u00e9alit\u00e9 dans le\" \/>\n<meta property=\"og:url\" content=\"https:\/\/ifesworld.org\/fr\/prayerline\/protestation-contre-les-frais-dinscription-universitaires-prendre-une-position-chretienne\/\" \/>\n<meta property=\"og:site_name\" content=\"IFES\" \/>\n<meta property=\"article:modified_time\" content=\"2024-07-23T15:28:30+00:00\" \/>\n<meta property=\"og:image\" content=\"https:\/\/ifesworld.org\/wp-content\/uploads\/2016\/12\/protests.jpg\" \/>\n\t<meta property=\"og:image:width\" content=\"850\" \/>\n\t<meta property=\"og:image:height\" content=\"300\" \/>\n\t<meta property=\"og:image:type\" content=\"image\/jpeg\" \/>\n<meta name=\"twitter:card\" content=\"summary_large_image\" \/>\n<meta name=\"twitter:label1\" content=\"Dur\u00e9e de lecture estim\u00e9e\" \/>\n\t<meta name=\"twitter:data1\" content=\"3 minutes\" \/>\n<script type=\"application\/ld+json\" class=\"yoast-schema-graph\">{\"@context\":\"https:\/\/schema.org\",\"@graph\":[{\"@type\":\"WebPage\",\"@id\":\"https:\/\/ifesworld.org\/fr\/prayerline\/protestation-contre-les-frais-dinscription-universitaires-prendre-une-position-chretienne\/\",\"url\":\"https:\/\/ifesworld.org\/fr\/prayerline\/protestation-contre-les-frais-dinscription-universitaires-prendre-une-position-chretienne\/\",\"name\":\"Protestation contre les frais d'inscription universitaires : prendre une position chr\u00e9tienne &#183; IFES Prayerline\",\"isPartOf\":{\"@id\":\"https:\/\/ifesworld.org\/es\/#website\"},\"primaryImageOfPage\":{\"@id\":\"https:\/\/ifesworld.org\/fr\/prayerline\/protestation-contre-les-frais-dinscription-universitaires-prendre-une-position-chretienne\/#primaryimage\"},\"image\":{\"@id\":\"https:\/\/ifesworld.org\/fr\/prayerline\/protestation-contre-les-frais-dinscription-universitaires-prendre-une-position-chretienne\/#primaryimage\"},\"thumbnailUrl\":\"https:\/\/ifesworld.org\/wp-content\/uploads\/2016\/12\/protests.jpg\",\"datePublished\":\"2016-12-08T16:25:00+00:00\",\"dateModified\":\"2024-07-23T15:28:30+00:00\",\"description\":\"Des \u00e9tudiants emp\u00each\u00e9s d\u2019aller \u00e0 l\u2019universit\u00e9 parce qu\u2019ils ne peuvent s\u2019acquitter des frais d\u2019inscription ? Nous savons que c\u2019est une r\u00e9alit\u00e9 dans le\",\"breadcrumb\":{\"@id\":\"https:\/\/ifesworld.org\/fr\/prayerline\/protestation-contre-les-frais-dinscription-universitaires-prendre-une-position-chretienne\/#breadcrumb\"},\"inLanguage\":\"fr-FR\",\"potentialAction\":[{\"@type\":\"ReadAction\",\"target\":[\"https:\/\/ifesworld.org\/fr\/prayerline\/protestation-contre-les-frais-dinscription-universitaires-prendre-une-position-chretienne\/\"]}]},{\"@type\":\"ImageObject\",\"inLanguage\":\"fr-FR\",\"@id\":\"https:\/\/ifesworld.org\/fr\/prayerline\/protestation-contre-les-frais-dinscription-universitaires-prendre-une-position-chretienne\/#primaryimage\",\"url\":\"https:\/\/ifesworld.org\/wp-content\/uploads\/2016\/12\/protests.jpg\",\"contentUrl\":\"https:\/\/ifesworld.org\/wp-content\/uploads\/2016\/12\/protests.jpg\",\"width\":850,\"height\":300},{\"@type\":\"BreadcrumbList\",\"@id\":\"https:\/\/ifesworld.org\/fr\/prayerline\/protestation-contre-les-frais-dinscription-universitaires-prendre-une-position-chretienne\/#breadcrumb\",\"itemListElement\":[{\"@type\":\"ListItem\",\"position\":1,\"name\":\"Home\",\"item\":\"https:\/\/ifesworld.org\/fr\/\"},{\"@type\":\"ListItem\",\"position\":2,\"name\":\"Prayerline\",\"item\":\"https:\/\/ifesworld.org\/en\/prayerline\/\"},{\"@type\":\"ListItem\",\"position\":3,\"name\":\"Protestation contre les frais d&rsquo;inscription universitaires : prendre une position chr\u00e9tienne\"}]},{\"@type\":\"WebSite\",\"@id\":\"https:\/\/ifesworld.org\/es\/#website\",\"url\":\"https:\/\/ifesworld.org\/es\/\",\"name\":\"IFES\",\"description\":\"A movement of students sharing and living out the good news of Jesus Christ. Locally. Nationally. Globally.\",\"publisher\":{\"@id\":\"https:\/\/ifesworld.org\/es\/#organization\"},\"potentialAction\":[{\"@type\":\"SearchAction\",\"target\":{\"@type\":\"EntryPoint\",\"urlTemplate\":\"https:\/\/ifesworld.org\/es\/?s={search_term_string}\"},\"query-input\":{\"@type\":\"PropertyValueSpecification\",\"valueRequired\":true,\"valueName\":\"search_term_string\"}}],\"inLanguage\":\"fr-FR\"},{\"@type\":\"Organization\",\"@id\":\"https:\/\/ifesworld.org\/es\/#organization\",\"name\":\"IFES \u00b7 International Fellowship of Evangelical Students\",\"url\":\"https:\/\/ifesworld.org\/es\/\",\"logo\":{\"@type\":\"ImageObject\",\"inLanguage\":\"fr-FR\",\"@id\":\"https:\/\/ifesworld.org\/es\/#\/schema\/logo\/image\/\",\"url\":\"https:\/\/ifesworld.org\/wp-content\/uploads\/2019\/06\/ifeslogo.png\",\"contentUrl\":\"https:\/\/ifesworld.org\/wp-content\/uploads\/2019\/06\/ifeslogo.png\",\"width\":262,\"height\":262,\"caption\":\"IFES \u00b7 International Fellowship of Evangelical Students\"},\"image\":{\"@id\":\"https:\/\/ifesworld.org\/es\/#\/schema\/logo\/image\/\"}}]}<\/script>\n<!-- \/ Yoast SEO plugin. -->","yoast_head_json":{"title":"Protestation contre les frais d'inscription universitaires : prendre une position chr\u00e9tienne &#183; IFES Prayerline","description":"Des \u00e9tudiants emp\u00each\u00e9s d\u2019aller \u00e0 l\u2019universit\u00e9 parce qu\u2019ils ne peuvent s\u2019acquitter des frais d\u2019inscription ? Nous savons que c\u2019est une r\u00e9alit\u00e9 dans le","robots":{"index":"index","follow":"follow","max-snippet":"max-snippet:-1","max-image-preview":"max-image-preview:large","max-video-preview":"max-video-preview:-1"},"canonical":"https:\/\/ifesworld.org\/fr\/prayerline\/protestation-contre-les-frais-dinscription-universitaires-prendre-une-position-chretienne\/","og_locale":"fr_FR","og_type":"article","og_title":"Protestation contre les frais d'inscription universitaires : prendre une position chr\u00e9tienne &#183; IFES Prayerline","og_description":"Des \u00e9tudiants emp\u00each\u00e9s d\u2019aller \u00e0 l\u2019universit\u00e9 parce qu\u2019ils ne peuvent s\u2019acquitter des frais d\u2019inscription ? Nous savons que c\u2019est une r\u00e9alit\u00e9 dans le","og_url":"https:\/\/ifesworld.org\/fr\/prayerline\/protestation-contre-les-frais-dinscription-universitaires-prendre-une-position-chretienne\/","og_site_name":"IFES","article_modified_time":"2024-07-23T15:28:30+00:00","og_image":[{"width":850,"height":300,"url":"https:\/\/ifesworld.org\/wp-content\/uploads\/2016\/12\/protests.jpg","type":"image\/jpeg"}],"twitter_card":"summary_large_image","twitter_misc":{"Dur\u00e9e de lecture estim\u00e9e":"3 minutes"},"schema":{"@context":"https:\/\/schema.org","@graph":[{"@type":"WebPage","@id":"https:\/\/ifesworld.org\/fr\/prayerline\/protestation-contre-les-frais-dinscription-universitaires-prendre-une-position-chretienne\/","url":"https:\/\/ifesworld.org\/fr\/prayerline\/protestation-contre-les-frais-dinscription-universitaires-prendre-une-position-chretienne\/","name":"Protestation contre les frais d'inscription universitaires : prendre une position chr\u00e9tienne &#183; IFES Prayerline","isPartOf":{"@id":"https:\/\/ifesworld.org\/es\/#website"},"primaryImageOfPage":{"@id":"https:\/\/ifesworld.org\/fr\/prayerline\/protestation-contre-les-frais-dinscription-universitaires-prendre-une-position-chretienne\/#primaryimage"},"image":{"@id":"https:\/\/ifesworld.org\/fr\/prayerline\/protestation-contre-les-frais-dinscription-universitaires-prendre-une-position-chretienne\/#primaryimage"},"thumbnailUrl":"https:\/\/ifesworld.org\/wp-content\/uploads\/2016\/12\/protests.jpg","datePublished":"2016-12-08T16:25:00+00:00","dateModified":"2024-07-23T15:28:30+00:00","description":"Des \u00e9tudiants emp\u00each\u00e9s d\u2019aller \u00e0 l\u2019universit\u00e9 parce qu\u2019ils ne peuvent s\u2019acquitter des frais d\u2019inscription ? Nous savons que c\u2019est une r\u00e9alit\u00e9 dans le","breadcrumb":{"@id":"https:\/\/ifesworld.org\/fr\/prayerline\/protestation-contre-les-frais-dinscription-universitaires-prendre-une-position-chretienne\/#breadcrumb"},"inLanguage":"fr-FR","potentialAction":[{"@type":"ReadAction","target":["https:\/\/ifesworld.org\/fr\/prayerline\/protestation-contre-les-frais-dinscription-universitaires-prendre-une-position-chretienne\/"]}]},{"@type":"ImageObject","inLanguage":"fr-FR","@id":"https:\/\/ifesworld.org\/fr\/prayerline\/protestation-contre-les-frais-dinscription-universitaires-prendre-une-position-chretienne\/#primaryimage","url":"https:\/\/ifesworld.org\/wp-content\/uploads\/2016\/12\/protests.jpg","contentUrl":"https:\/\/ifesworld.org\/wp-content\/uploads\/2016\/12\/protests.jpg","width":850,"height":300},{"@type":"BreadcrumbList","@id":"https:\/\/ifesworld.org\/fr\/prayerline\/protestation-contre-les-frais-dinscription-universitaires-prendre-une-position-chretienne\/#breadcrumb","itemListElement":[{"@type":"ListItem","position":1,"name":"Home","item":"https:\/\/ifesworld.org\/fr\/"},{"@type":"ListItem","position":2,"name":"Prayerline","item":"https:\/\/ifesworld.org\/en\/prayerline\/"},{"@type":"ListItem","position":3,"name":"Protestation contre les frais d&rsquo;inscription universitaires : prendre une position chr\u00e9tienne"}]},{"@type":"WebSite","@id":"https:\/\/ifesworld.org\/es\/#website","url":"https:\/\/ifesworld.org\/es\/","name":"IFES","description":"A movement of students sharing and living out the good news of Jesus Christ. Locally. Nationally. Globally.","publisher":{"@id":"https:\/\/ifesworld.org\/es\/#organization"},"potentialAction":[{"@type":"SearchAction","target":{"@type":"EntryPoint","urlTemplate":"https:\/\/ifesworld.org\/es\/?s={search_term_string}"},"query-input":{"@type":"PropertyValueSpecification","valueRequired":true,"valueName":"search_term_string"}}],"inLanguage":"fr-FR"},{"@type":"Organization","@id":"https:\/\/ifesworld.org\/es\/#organization","name":"IFES \u00b7 International Fellowship of Evangelical Students","url":"https:\/\/ifesworld.org\/es\/","logo":{"@type":"ImageObject","inLanguage":"fr-FR","@id":"https:\/\/ifesworld.org\/es\/#\/schema\/logo\/image\/","url":"https:\/\/ifesworld.org\/wp-content\/uploads\/2019\/06\/ifeslogo.png","contentUrl":"https:\/\/ifesworld.org\/wp-content\/uploads\/2019\/06\/ifeslogo.png","width":262,"height":262,"caption":"IFES \u00b7 International Fellowship of Evangelical Students"},"image":{"@id":"https:\/\/ifesworld.org\/es\/#\/schema\/logo\/image\/"}}]}},"_links":{"self":[{"href":"https:\/\/ifesworld.org\/fr\/wp-json\/wp\/v2\/prayerline\/39633","targetHints":{"allow":["GET"]}}],"collection":[{"href":"https:\/\/ifesworld.org\/fr\/wp-json\/wp\/v2\/prayerline"}],"about":[{"href":"https:\/\/ifesworld.org\/fr\/wp-json\/wp\/v2\/types\/prayerline"}],"wp:featuredmedia":[{"embeddable":true,"href":"https:\/\/ifesworld.org\/fr\/wp-json\/wp\/v2\/media\/39626"}],"wp:attachment":[{"href":"https:\/\/ifesworld.org\/fr\/wp-json\/wp\/v2\/media?parent=39633"}],"wp:term":[{"taxonomy":"area","embeddable":true,"href":"https:\/\/ifesworld.org\/fr\/wp-json\/wp\/v2\/area?post=39633"},{"taxonomy":"theme","embeddable":true,"href":"https:\/\/ifesworld.org\/fr\/wp-json\/wp\/v2\/theme?post=39633"}],"curies":[{"name":"wp","href":"https:\/\/api.w.org\/{rel}","templated":true}]}}