{"id":34968,"date":"2024-03-19T04:18:00","date_gmt":"2024-03-19T04:18:00","guid":{"rendered":"https:\/\/ifesworld.org\/?post_type=prayerline&#038;p=34968"},"modified":"2024-03-18T16:22:35","modified_gmt":"2024-03-18T16:22:35","slug":"lever-une-generation-integre","status":"publish","type":"prayerline","link":"https:\/\/ifesworld.org\/fr\/prayerline\/lever-une-generation-integre\/","title":{"rendered":"Lever une g\u00e9n\u00e9ration int\u00e8gre"},"content":{"rendered":"<div class=\"wp-block block-core-paragraph\">\n<p class=\"wp-block-paragraph\">Ellen Napala a une vision. Et, en tant que Secr\u00e9taire g\u00e9n\u00e9rale de <a href=\"https:\/\/www.scommalawi.org\/\">l\u2019Organisation Chr\u00e9tienne des \u00e9tudiants du Malawi (Student Christian Organisation of Malawi, SCOM)<\/a>, un mouvement national de l\u2019IFES, elle a aussi beaucoup de responsabilit\u00e9s. Mais elle ne perd pas de vue la finalit\u00e9 de tout cela. \u00ab&nbsp;Je veux que tout le monde ressente la pr\u00e9sence des enfants de Dieu, qu\u2019on voie leur lumi\u00e8re&nbsp;\u00bb, dit-elle.<\/p>\n<\/div>\n\n<div class=\"wp-block block-core-paragraph\">\n<p class=\"wp-block-paragraph\">Il y a grand besoin de cette pr\u00e9sence et de cette lumi\u00e8re \u2013 tout autant sur le plan social que le plan moral.<\/p>\n<\/div>\n\n<div class=\"wp-block block-core-paragraph\">\n<p class=\"wp-block-paragraph\">M\u00eame si d\u2019\u00e9normes progr\u00e8s ont \u00e9t\u00e9 r\u00e9alis\u00e9s dans le combat contre l\u2019\u00e9pid\u00e9mie du SIDA dans le pays, les taux de VIH sont toujours parmi les plus \u00e9lev\u00e9s au monde. Face aux cons\u00e9quences du r\u00e9chauffement mondial (par ex. les cyclones), de la Covid-19 et des in\u00e9galit\u00e9s sociales omnipr\u00e9sentes, les \u00e9tudiants ont besoin d\u2019une foi qui servira ces r\u00e9alit\u00e9s sociales \u2013 sur le campus et ailleurs.<\/p>\n<\/div>\n\n<div class=\"wp-block block-core-paragraph\">\n<p class=\"wp-block-paragraph\">Cette conviction a \u00e9t\u00e9 un fil conducteur tout au long des 20 ann\u00e9es de minist\u00e8re qu\u2019Ellen a v\u00e9cu au sein de SCOM. En tant que membre du personnel, elle dirigeait le d\u00e9partement du d\u00e9veloppement social de SCOM, notamment l\u2019engagement avec les programmes de pr\u00e9vention du VIH. D\u2019ailleurs, quand on lui a demand\u00e9 quelque temps plus tard de devenir Secr\u00e9taire g\u00e9n\u00e9rale, elle \u00e9tait quelque peu r\u00e9ticente car elle craignait que ce nouveau r\u00f4le l\u2019emp\u00eacherait d\u2019entretenir ces interactions communautaires qui dynamisent les \u00e9tudiants et les communaut\u00e9s vers une transformation holistique.<\/p>\n<\/div>\n\n<div class=\"wp-block block-core-paragraph\">\n<p class=\"wp-block-paragraph\">Malheureusement, \u00e0 cause d\u2019un manque de financement, certains programmes d\u2019action sociale ont cess\u00e9 mais le travail de d\u00e9veloppement social est rest\u00e9 au c\u0153ur de son temps \u00e0 la t\u00eate du mouvement. \u00c0 l\u2019universit\u00e9 d\u2019agriculture et de ressources naturelles de Lilongwe, SCOM \u2013 avec le soutien de l\u2019\u00e9glise presbyt\u00e9rienne en Irlande \u2013 offre actuellement des repas et un logement \u00e0 21 \u00e9tudiants moins favoris\u00e9s qui devraient autrement se d\u00e9brouiller seuls. De plus, en f\u00e9vrier, deux dipl\u00f4m\u00e9s de SCOM ont fait don de 600 pins qui ont ensuite \u00e9t\u00e9 plant\u00e9s par les \u00e9l\u00e8ves d\u2019\u00e9coles secondaires&nbsp;: \u00ab&nbsp;un bel acte d\u2019intendance qui \u00e9tale l\u2019amour de Dieu et cultive la terre qu\u2019il nous a confi\u00e9e&nbsp;\u00bb.<\/p>\n<\/div>\n\n<div class=\"wp-block block-core-paragraph\">\n<p class=\"wp-block-paragraph\">Le besoin moral urge aussi. Le comportement impie de nombreux pr\u00e9tendus chr\u00e9tiens a affaibli le t\u00e9moignage de SCOM et de l\u2019\u00e9glise au Malawi. Ellen esp\u00e8re donc un renouveau qui va bien au-del\u00e0 d\u2019\u00e9tudiants qui d\u00e9clarent leur foi en J\u00e9sus&nbsp;: elle veut voir les \u00e9tudiants et dipl\u00f4m\u00e9s de SCOM vivre des vies qui sont d\u00e9vou\u00e9es \u00e0 J\u00e9sus et qui brillent de saintet\u00e9. Voil\u00e0 pourquoi le focus du minist\u00e8re de SCOM cette ann\u00e9e est \u00ab&nbsp;Lever une g\u00e9n\u00e9ration int\u00e8gre&nbsp;\u00bb. Sous ce th\u00e8me, Ellen et le personnel r\u00e9gional de l\u2019IFES ont organis\u00e9 des sessions sur l\u2019excellence acad\u00e9mique, le sexe et les relations dans cinq \u00e9tablissements p\u00e9dagogique \u00e0 Ntchisi au d\u00e9but du mois. Gr\u00e2ce \u00e0 celles-ci et \u00e0 d\u2019autres visites semblables, non seulement les \u00e9tudiants se tournent vers Christ mais ils s\u2019engagent aussi \u00e0 la puret\u00e9 sexuelle.<\/p>\n<\/div>\n\n<div class=\"wp-block block-core-paragraph\">\n<p class=\"wp-block-paragraph\">C\u2019est une vision qui change la vie et transforme la soci\u00e9t\u00e9.<\/p>\n<\/div>\n\n<div class=\"wp-block block-core-paragraph\">\n<p class=\"wp-block-paragraph\">Pourriez-vous prier pour Ellen, le personnel et les \u00e9tudiants de SCOM dans leurs efforts pour lever une g\u00e9n\u00e9ration int\u00e8gre qui d\u00e9montre des actions saintes et un comportement qui ressemble \u00e0 Christ&nbsp;?<\/p>\n<\/div>\n\n<div class=\"wp-block block-core-list\">\n<ul class=\"wp-block-list\"><div class=\"wp-block block-core-list-item\">\n<li>Rendez gr\u00e2ce pour Ellen et sa vision claire \u2013 et pour les diff\u00e9rents moyens que SCOM interagit avec les questions sociales, le changement climatique et l\u2019int\u00e9grit\u00e9 chr\u00e9tienne. Le r\u00f4le de Secr\u00e9taire g\u00e9n\u00e9rale peut toutefois \u00eatre exigeant sur le plan physique et \u00e9puisant sur le plan \u00e9motionnel&nbsp;: demandez au Seigneur de donner \u00e0 Ellen une nouvelle force et une gr\u00e2ce particuli\u00e8re.<\/li>\n<\/div>\n\n<div class=\"wp-block block-core-list-item\">\n<li>Les groupes SCOM dans l\u2019ensemble du pays ont tendance \u00e0 \u00eatre tr\u00e8s ind\u00e9pendants et l\u2019\u00e9quipe du personnel cherche donc \u00e0 d\u00e9velopper une plus forte solidarit\u00e9 et une vision commune, ainsi qu\u2019une connexion plus forte avec l\u2019IFES. Priez que plus d\u2019\u00e9tudiants comme Lakina, qui a particip\u00e9 \u00e0 l\u2019Assembl\u00e9e mondiale l\u2019ann\u00e9e pass\u00e9e (voyez <a href=\"https:\/\/youtu.be\/-NZvESCKm1Y?si=gDSkRsFXfdslvtwz\">ici<\/a>), r\u00e9colteront les b\u00e9n\u00e9fices d\u2019une communion \u00e9largie.<\/li>\n<\/div>\n\n<div class=\"wp-block block-core-list-item\">\n<li>Priez que le Seigneur subvienne aux besoins de SCOM alors que le mouvement cherche \u00e0 mobiliser des ressources. Depuis la pand\u00e9mie, l\u2019\u00e9quipe du personnel a d\u00fb \u00eatre r\u00e9duite de 17 \u00e0 11 membres. Demandez \u00e0 Dieu de pourvoir les effectifs requis et les fonds pour les programmes d\u2019actions sociales et ainsi permettre que la pr\u00e9sence et la lumi\u00e8re de Dieu se fassent de plus en plus ressentir.<\/li>\n<\/div><\/ul>\n<\/div>","protected":false},"featured_media":34967,"template":"","area":[456,522],"theme":[1224],"class_list":["post-34968","prayerline","type-prayerline","status-publish","has-post-thumbnail","hentry","area-epsa","area-malawi","theme-interagir-avec-luniversite"],"acf":[],"yoast_head":"<!-- This site is optimized with the Yoast SEO plugin v27.2 - https:\/\/yoast.com\/product\/yoast-seo-wordpress\/ -->\n<title>Lever une g\u00e9n\u00e9ration int\u00e8gre &#183; IFES Prayerline<\/title>\n<meta name=\"description\" content=\"Ellen Napala a une vision. Et, en tant que Secr\u00e9taire g\u00e9n\u00e9rale de l\u2019Organisation Chr\u00e9tienne des \u00e9tudiants du Malawi (Student Christian Organisation of\" \/>\n<meta name=\"robots\" content=\"index, follow, max-snippet:-1, max-image-preview:large, max-video-preview:-1\" \/>\n<link rel=\"canonical\" href=\"https:\/\/ifesworld.org\/en\/prayerline\/raising-an-upright-generation\/\" \/>\n<meta property=\"og:locale\" content=\"fr_FR\" \/>\n<meta property=\"og:type\" content=\"article\" \/>\n<meta property=\"og:title\" content=\"Lever une g\u00e9n\u00e9ration int\u00e8gre &#183; IFES Prayerline\" \/>\n<meta property=\"og:description\" content=\"Ellen Napala a une vision. Et, en tant que Secr\u00e9taire g\u00e9n\u00e9rale de l\u2019Organisation Chr\u00e9tienne des \u00e9tudiants du Malawi (Student Christian Organisation of\" \/>\n<meta property=\"og:url\" content=\"https:\/\/ifesworld.org\/en\/prayerline\/raising-an-upright-generation\/\" \/>\n<meta property=\"og:site_name\" content=\"IFES\" \/>\n<meta property=\"og:image\" content=\"https:\/\/ifesworld.org\/wp-content\/uploads\/2024\/03\/SCOM-delegates-at-WA23.jpg\" \/>\n\t<meta property=\"og:image:width\" content=\"1600\" \/>\n\t<meta property=\"og:image:height\" content=\"1066\" \/>\n\t<meta property=\"og:image:type\" content=\"image\/jpeg\" \/>\n<meta name=\"twitter:card\" content=\"summary_large_image\" \/>\n<meta name=\"twitter:label1\" content=\"Dur\u00e9e de lecture estim\u00e9e\" \/>\n\t<meta name=\"twitter:data1\" content=\"4 minutes\" \/>\n<script type=\"application\/ld+json\" class=\"yoast-schema-graph\">{\"@context\":\"https:\/\/schema.org\",\"@graph\":[{\"@type\":\"WebPage\",\"@id\":\"https:\/\/ifesworld.org\/en\/prayerline\/raising-an-upright-generation\/\",\"url\":\"https:\/\/ifesworld.org\/en\/prayerline\/raising-an-upright-generation\/\",\"name\":\"Lever une g\u00e9n\u00e9ration int\u00e8gre &#183; IFES Prayerline\",\"isPartOf\":{\"@id\":\"https:\/\/ifesworld.org\/es\/#website\"},\"primaryImageOfPage\":{\"@id\":\"https:\/\/ifesworld.org\/en\/prayerline\/raising-an-upright-generation\/#primaryimage\"},\"image\":{\"@id\":\"https:\/\/ifesworld.org\/en\/prayerline\/raising-an-upright-generation\/#primaryimage\"},\"thumbnailUrl\":\"https:\/\/ifesworld.org\/wp-content\/uploads\/2024\/03\/SCOM-delegates-at-WA23.jpg\",\"datePublished\":\"2024-03-19T04:18:00+00:00\",\"description\":\"Ellen Napala a une vision. Et, en tant que Secr\u00e9taire g\u00e9n\u00e9rale de l\u2019Organisation Chr\u00e9tienne des \u00e9tudiants du Malawi (Student Christian Organisation of\",\"breadcrumb\":{\"@id\":\"https:\/\/ifesworld.org\/en\/prayerline\/raising-an-upright-generation\/#breadcrumb\"},\"inLanguage\":\"fr-FR\",\"potentialAction\":[{\"@type\":\"ReadAction\",\"target\":[\"https:\/\/ifesworld.org\/en\/prayerline\/raising-an-upright-generation\/\"]}]},{\"@type\":\"ImageObject\",\"inLanguage\":\"fr-FR\",\"@id\":\"https:\/\/ifesworld.org\/en\/prayerline\/raising-an-upright-generation\/#primaryimage\",\"url\":\"https:\/\/ifesworld.org\/wp-content\/uploads\/2024\/03\/SCOM-delegates-at-WA23.jpg\",\"contentUrl\":\"https:\/\/ifesworld.org\/wp-content\/uploads\/2024\/03\/SCOM-delegates-at-WA23.jpg\",\"width\":1600,\"height\":1066},{\"@type\":\"BreadcrumbList\",\"@id\":\"https:\/\/ifesworld.org\/en\/prayerline\/raising-an-upright-generation\/#breadcrumb\",\"itemListElement\":[{\"@type\":\"ListItem\",\"position\":1,\"name\":\"Home\",\"item\":\"https:\/\/ifesworld.org\/fr\/\"},{\"@type\":\"ListItem\",\"position\":2,\"name\":\"Prayerline\",\"item\":\"https:\/\/ifesworld.org\/en\/prayerline\/\"},{\"@type\":\"ListItem\",\"position\":3,\"name\":\"Lever une g\u00e9n\u00e9ration int\u00e8gre\"}]},{\"@type\":\"WebSite\",\"@id\":\"https:\/\/ifesworld.org\/es\/#website\",\"url\":\"https:\/\/ifesworld.org\/es\/\",\"name\":\"IFES\",\"description\":\"A movement of students sharing and living out the good news of Jesus Christ. Locally. Nationally. Globally.\",\"publisher\":{\"@id\":\"https:\/\/ifesworld.org\/es\/#organization\"},\"potentialAction\":[{\"@type\":\"SearchAction\",\"target\":{\"@type\":\"EntryPoint\",\"urlTemplate\":\"https:\/\/ifesworld.org\/es\/?s={search_term_string}\"},\"query-input\":{\"@type\":\"PropertyValueSpecification\",\"valueRequired\":true,\"valueName\":\"search_term_string\"}}],\"inLanguage\":\"fr-FR\"},{\"@type\":\"Organization\",\"@id\":\"https:\/\/ifesworld.org\/es\/#organization\",\"name\":\"IFES \u00b7 International Fellowship of Evangelical Students\",\"url\":\"https:\/\/ifesworld.org\/es\/\",\"logo\":{\"@type\":\"ImageObject\",\"inLanguage\":\"fr-FR\",\"@id\":\"https:\/\/ifesworld.org\/es\/#\/schema\/logo\/image\/\",\"url\":\"https:\/\/ifesworld.org\/wp-content\/uploads\/2019\/06\/ifeslogo.png\",\"contentUrl\":\"https:\/\/ifesworld.org\/wp-content\/uploads\/2019\/06\/ifeslogo.png\",\"width\":262,\"height\":262,\"caption\":\"IFES \u00b7 International Fellowship of Evangelical Students\"},\"image\":{\"@id\":\"https:\/\/ifesworld.org\/es\/#\/schema\/logo\/image\/\"}}]}<\/script>\n<!-- \/ Yoast SEO plugin. -->","yoast_head_json":{"title":"Lever une g\u00e9n\u00e9ration int\u00e8gre &#183; IFES Prayerline","description":"Ellen Napala a une vision. Et, en tant que Secr\u00e9taire g\u00e9n\u00e9rale de l\u2019Organisation Chr\u00e9tienne des \u00e9tudiants du Malawi (Student Christian Organisation of","robots":{"index":"index","follow":"follow","max-snippet":"max-snippet:-1","max-image-preview":"max-image-preview:large","max-video-preview":"max-video-preview:-1"},"canonical":"https:\/\/ifesworld.org\/en\/prayerline\/raising-an-upright-generation\/","og_locale":"fr_FR","og_type":"article","og_title":"Lever une g\u00e9n\u00e9ration int\u00e8gre &#183; IFES Prayerline","og_description":"Ellen Napala a une vision. Et, en tant que Secr\u00e9taire g\u00e9n\u00e9rale de l\u2019Organisation Chr\u00e9tienne des \u00e9tudiants du Malawi (Student Christian Organisation of","og_url":"https:\/\/ifesworld.org\/en\/prayerline\/raising-an-upright-generation\/","og_site_name":"IFES","og_image":[{"width":1600,"height":1066,"url":"https:\/\/ifesworld.org\/wp-content\/uploads\/2024\/03\/SCOM-delegates-at-WA23.jpg","type":"image\/jpeg"}],"twitter_card":"summary_large_image","twitter_misc":{"Dur\u00e9e de lecture estim\u00e9e":"4 minutes"},"schema":{"@context":"https:\/\/schema.org","@graph":[{"@type":"WebPage","@id":"https:\/\/ifesworld.org\/en\/prayerline\/raising-an-upright-generation\/","url":"https:\/\/ifesworld.org\/en\/prayerline\/raising-an-upright-generation\/","name":"Lever une g\u00e9n\u00e9ration int\u00e8gre &#183; IFES Prayerline","isPartOf":{"@id":"https:\/\/ifesworld.org\/es\/#website"},"primaryImageOfPage":{"@id":"https:\/\/ifesworld.org\/en\/prayerline\/raising-an-upright-generation\/#primaryimage"},"image":{"@id":"https:\/\/ifesworld.org\/en\/prayerline\/raising-an-upright-generation\/#primaryimage"},"thumbnailUrl":"https:\/\/ifesworld.org\/wp-content\/uploads\/2024\/03\/SCOM-delegates-at-WA23.jpg","datePublished":"2024-03-19T04:18:00+00:00","description":"Ellen Napala a une vision. Et, en tant que Secr\u00e9taire g\u00e9n\u00e9rale de l\u2019Organisation Chr\u00e9tienne des \u00e9tudiants du Malawi (Student Christian Organisation of","breadcrumb":{"@id":"https:\/\/ifesworld.org\/en\/prayerline\/raising-an-upright-generation\/#breadcrumb"},"inLanguage":"fr-FR","potentialAction":[{"@type":"ReadAction","target":["https:\/\/ifesworld.org\/en\/prayerline\/raising-an-upright-generation\/"]}]},{"@type":"ImageObject","inLanguage":"fr-FR","@id":"https:\/\/ifesworld.org\/en\/prayerline\/raising-an-upright-generation\/#primaryimage","url":"https:\/\/ifesworld.org\/wp-content\/uploads\/2024\/03\/SCOM-delegates-at-WA23.jpg","contentUrl":"https:\/\/ifesworld.org\/wp-content\/uploads\/2024\/03\/SCOM-delegates-at-WA23.jpg","width":1600,"height":1066},{"@type":"BreadcrumbList","@id":"https:\/\/ifesworld.org\/en\/prayerline\/raising-an-upright-generation\/#breadcrumb","itemListElement":[{"@type":"ListItem","position":1,"name":"Home","item":"https:\/\/ifesworld.org\/fr\/"},{"@type":"ListItem","position":2,"name":"Prayerline","item":"https:\/\/ifesworld.org\/en\/prayerline\/"},{"@type":"ListItem","position":3,"name":"Lever une g\u00e9n\u00e9ration int\u00e8gre"}]},{"@type":"WebSite","@id":"https:\/\/ifesworld.org\/es\/#website","url":"https:\/\/ifesworld.org\/es\/","name":"IFES","description":"A movement of students sharing and living out the good news of Jesus Christ. Locally. Nationally. Globally.","publisher":{"@id":"https:\/\/ifesworld.org\/es\/#organization"},"potentialAction":[{"@type":"SearchAction","target":{"@type":"EntryPoint","urlTemplate":"https:\/\/ifesworld.org\/es\/?s={search_term_string}"},"query-input":{"@type":"PropertyValueSpecification","valueRequired":true,"valueName":"search_term_string"}}],"inLanguage":"fr-FR"},{"@type":"Organization","@id":"https:\/\/ifesworld.org\/es\/#organization","name":"IFES \u00b7 International Fellowship of Evangelical Students","url":"https:\/\/ifesworld.org\/es\/","logo":{"@type":"ImageObject","inLanguage":"fr-FR","@id":"https:\/\/ifesworld.org\/es\/#\/schema\/logo\/image\/","url":"https:\/\/ifesworld.org\/wp-content\/uploads\/2019\/06\/ifeslogo.png","contentUrl":"https:\/\/ifesworld.org\/wp-content\/uploads\/2019\/06\/ifeslogo.png","width":262,"height":262,"caption":"IFES \u00b7 International Fellowship of Evangelical Students"},"image":{"@id":"https:\/\/ifesworld.org\/es\/#\/schema\/logo\/image\/"}}]}},"_links":{"self":[{"href":"https:\/\/ifesworld.org\/fr\/wp-json\/wp\/v2\/prayerline\/34968","targetHints":{"allow":["GET"]}}],"collection":[{"href":"https:\/\/ifesworld.org\/fr\/wp-json\/wp\/v2\/prayerline"}],"about":[{"href":"https:\/\/ifesworld.org\/fr\/wp-json\/wp\/v2\/types\/prayerline"}],"wp:featuredmedia":[{"embeddable":true,"href":"https:\/\/ifesworld.org\/fr\/wp-json\/wp\/v2\/media\/34967"}],"wp:attachment":[{"href":"https:\/\/ifesworld.org\/fr\/wp-json\/wp\/v2\/media?parent=34968"}],"wp:term":[{"taxonomy":"area","embeddable":true,"href":"https:\/\/ifesworld.org\/fr\/wp-json\/wp\/v2\/area?post=34968"},{"taxonomy":"theme","embeddable":true,"href":"https:\/\/ifesworld.org\/fr\/wp-json\/wp\/v2\/theme?post=34968"}],"curies":[{"name":"wp","href":"https:\/\/api.w.org\/{rel}","templated":true}]}}