{"id":2330,"date":"2018-01-16T15:00:00","date_gmt":"2018-01-16T15:00:00","guid":{"rendered":"https:\/\/ifesworld.org\/prayerline\/priez-pour-une-nouvelle-initiative-media-de-lifes\/"},"modified":"2018-01-16T15:00:00","modified_gmt":"2018-01-16T15:00:00","slug":"priez-pour-une-nouvelle-initiative-media-de-lifes","status":"publish","type":"prayerline","link":"https:\/\/ifesworld.org\/fr\/prayerline\/priez-pour-une-nouvelle-initiative-media-de-lifes\/","title":{"rendered":"Priez pour une nouvelle initiative m\u00e9dia de l&rsquo;IFES"},"content":{"rendered":"<table>\n<tbody>\n<tr>\n<td>\n<table>\n<tbody>\n<tr>\n<td>\n<p>\nLa semaine derni\u00e8re, l&rsquo;IFES a lanc\u00e9 <a href=\"https:\/\/medium.com\/ifesopen\/12mots\" target=\"_blank\">The Open Project<\/a>, une nouvelle initiative visant \u00e0 cr\u00e9er du contenu visuel convainquant et \u00e0 utiliser les outils num\u00e9riques actuels pour ouvrir la Bible \u00e0 la g\u00e9n\u00e9ration \u00e9tudiante. <\/p>\n<\/td>\n<\/tr>\n<\/tbody>\n<\/table>\n<\/td>\n<\/tr>\n<\/tbody>\n<\/table>\n<table>\n<tbody>\n<tr>\n<td>\n<table>\n<tbody>\n<tr>\n<td>\n<p>                                        <img decoding=\"async\" align=\"center\" alt=\"\" src=\"https:\/\/ifesworld.org\/wp-content\/uploads\/2019\/05\/deb1e631-746b-4d2f-901a-227694e79380.jpg\" class=\"mcnImage\"><\/p>\n<\/td>\n<\/tr>\n<\/tbody>\n<\/table>\n<\/td>\n<\/tr>\n<\/tbody>\n<\/table>\n<table>\n<tbody>\n<tr>\n<td>\n<table>\n<tbody>\n<tr>\n<td>\n<h2> <\/h2>\n<p>Le premier film sortira progressivement en douze \u00e9pisodes jusqu&rsquo;au dimanche de P\u00e2ques, le 1er avril, avec de br\u00e8ves \u00e9tudes bibliques introductives associ\u00e9es. Nous avons pris douze mots ordinaires pour raconter certains aspects importants de l&rsquo;histoire biblique. Le film sera publi\u00e9 via les m\u00e9dias sociaux. <\/p>\n<ul>\n<li>\n<p>Chaque \u00e9pisode parlera \u00e0 certaines personnes plus qu&rsquo;\u00e0 d&rsquo;autres. Merci de demander au Seigneur d&rsquo;utiliser les \u00e9pisodes pour inviter les \u00e9tudiants \u00e0 faire partie de son extraordinaire histoire. <\/p>\n<\/li>\n<li>\n<p>Priez que les \u00e9tudiants des diff\u00e9rents mouvements et contextes nationaux de l&rsquo;IFES le voient, se saisissent de la vision et l&rsquo;utilisent pour susciter des conversations et ouvrir la Bible avec leurs amis. <\/p>\n<\/li>\n<\/ul>\n<ul>\n<li>\n<p>Priez que les \u00e9tudes bibliques soient bien utilis\u00e9es, qu&rsquo;elles aident les \u00e9tudiants \u00e0 mieux conna\u00eetre J\u00e9sus et \u00e0 lui faire confiance. <\/p>\n<\/li>\n<li>\n<p>Priez que ce projet inspire les \u00e9tudiants \u00e0 faire preuve de cr\u00e9ativit\u00e9 en annon\u00e7ant l&rsquo;\u00c9vangile. <\/p>\n<\/li>\n<\/ul>\n<\/td>\n<\/tr>\n<\/tbody>\n<\/table>\n<\/td>\n<\/tr>\n<\/tbody>\n<\/table>\n<table>\n<tbody>\n<tr>\n<td>\n<table>\n<tbody>\n<tr>\n<td>\n                                <a class=\"mcnButton \" title=\"En savoir plus et commencer \u00e0 regarder \" href=\"https:\/\/medium.com\/ifesopen\/commence-ici-2fb9bed0cc95\" target=\"_blank\">En savoir plus et commencer \u00e0 regarder <\/a>\n                            <\/td>\n<\/tr>\n<\/tbody>\n<\/table>\n<\/td>\n<\/tr>\n<\/tbody>\n<\/table>\n<table>\n<tbody>\n<tr>\n<td>\n<table>\n<tbody>\n<tr>\n<td>\n<table>\n<tbody>\n<tr>\n<td>\n<p>                        <a href=\"https:\/\/fr.ifesprayerline.org\/des-%C3%A9tudiants-form%C3%A9s-pour-vivre-une-vie-fa%C3%A7onn%C3%A9e-par-l%C3%A9vangile-344d1256d279\" title=\"\" class=\"\" target=\"_blank\"><\/p>\n<p>                        <img decoding=\"async\" alt=\"\" src=\"https:\/\/ifesworld.org\/wp-content\/uploads\/2019\/05\/9289a2fe-5526-421a-a2eb-bdb3ee103a17.jpg\" class=\"mcnImage\"><br \/>\n                        <\/a><\/p>\n<\/td>\n<\/tr>\n<\/tbody>\n<\/table>\n<table>\n<tbody>\n<tr>\n<td>\n<div>\n<h2>Des \u00e9tudiants form\u00e9s por vivre une vie fa\u00e7onn\u00e9e par l&rsquo;\u00c9vangile <\/h2>\n<p>Apporter \u00ab une nouvelle essentielle pour toute l&rsquo;existence \u00bb aux campus en Australie. <br \/>\n<a href=\"https:\/\/fr.ifesprayerline.org\/des-%C3%A9tudiants-form%C3%A9s-pour-vivre-une-vie-fa%C3%A7onn%C3%A9e-par-l%C3%A9vangile-344d1256d279\" target=\"_blank\">Lire<\/a><\/div>\n<\/td>\n<\/tr>\n<\/tbody>\n<\/table>\n<\/td>\n<\/tr>\n<\/tbody>\n<\/table>\n<\/td>\n<\/tr>\n<\/tbody>\n<\/table>\n<table>\n<tbody>\n<tr>\n<td>\n<table>\n<tbody>\n<tr>\n<td>\n<table>\n<tbody>\n<tr>\n<td>\n<p>                        <a href=\"https:\/\/fr.ifesprayerline.org\/le-don-de-la-fragilit%C3%A9-%C3%A0-no%C3%ABl-b8f5b268a5df\" title=\"\" class=\"\" target=\"_blank\"><\/p>\n<p>                        <img decoding=\"async\" alt=\"\" src=\"https:\/\/ifesworld.org\/wp-content\/uploads\/2019\/05\/63151bfe-7b03-46c2-9837-2939944b3b4e.jpg\" class=\"mcnImage\"><br \/>\n                        <\/a><\/p>\n<\/td>\n<\/tr>\n<\/tbody>\n<\/table>\n<table>\n<tbody>\n<tr>\n<td>\n<div>\n<h2>Le don de la fragilit\u00e9 \u00e0 No\u00ebl  <\/h2>\n<p>Notre Emmanuel a entendu nos cris<br \/>\n<a href=\"https:\/\/fr.ifesprayerline.org\/le-don-de-la-fragilit%C3%A9-%C3%A0-no%C3%ABl-b8f5b268a5df\" target=\"_blank\">Lire<\/a><\/div>\n<\/td>\n<\/tr>\n<\/tbody>\n<\/table>\n<\/td>\n<\/tr>\n<\/tbody>\n<\/table>\n<\/td>\n<\/tr>\n<\/tbody>\n<\/table>\n<table>\n<tbody>\n<tr>\n<td>\n<table>\n<tbody>\n<tr>\n<td>\n<table>\n<tbody>\n<tr>\n<td>\n<p>                        <a href=\"https:\/\/fr.ifesprayerline.org\/priez-par-rapport-aux-%C3%A9v%C3%A9nements-de-cette-ann%C3%A9e-b6ed0a5e491\" title=\"\" class=\"\" target=\"_blank\"><\/p>\n<p>                        <img decoding=\"async\" alt=\"\" src=\"https:\/\/ifesworld.org\/wp-content\/uploads\/2019\/05\/f999bd21-540b-4ac6-8df9-4ab0bc19a5c1.jpg\" class=\"mcnImage\"><br \/>\n                        <\/a><\/p>\n<\/td>\n<\/tr>\n<\/tbody>\n<\/table>\n<table>\n<tbody>\n<tr>\n<td>\n<div>\n<h2>Priez par rapport aux \u00e9v\u00e9nements de cette ann\u00e9e<\/h2>\n<p>Que la bonne nouvelle soit mise \u00e0 la une en 2017 <br \/>\n<a href=\"https:\/\/fr.ifesprayerline.org\/priez-par-rapport-aux-%C3%A9v%C3%A9nements-de-cette-ann%C3%A9e-b6ed0a5e491\" target=\"_blank\">Lire<\/a><\/div>\n<\/td>\n<\/tr>\n<\/tbody>\n<\/table>\n<\/td>\n<\/tr>\n<\/tbody>\n<\/table>\n<\/td>\n<\/tr>\n<\/tbody>\n<\/table>\n","protected":false},"featured_media":2123,"template":"","area":[],"theme":[],"class_list":["post-2330","prayerline","type-prayerline","status-publish","has-post-thumbnail","hentry"],"acf":[],"yoast_head":"<!-- This site is optimized with the Yoast SEO plugin v27.2 - https:\/\/yoast.com\/product\/yoast-seo-wordpress\/ -->\n<title>Priez pour une nouvelle initiative m\u00e9dia de l&#039;IFES &#183; IFES Prayerline<\/title>\n<meta name=\"description\" content=\"La semaine derni\u00e8re, l&#039;IFES a lanc\u00e9 The Open Project, une nouvelle initiative visant \u00e0 cr\u00e9er du contenu visuel convainquant et \u00e0 utiliser les outils\" \/>\n<meta name=\"robots\" content=\"index, follow, max-snippet:-1, max-image-preview:large, max-video-preview:-1\" \/>\n<link rel=\"canonical\" href=\"https:\/\/ifesworld.org\/fr\/prayerline\/priez-pour-une-nouvelle-initiative-media-de-lifes\/\" \/>\n<meta property=\"og:locale\" content=\"fr_FR\" \/>\n<meta property=\"og:type\" content=\"article\" \/>\n<meta property=\"og:title\" content=\"Priez pour une nouvelle initiative m\u00e9dia de l&#039;IFES &#183; IFES Prayerline\" \/>\n<meta property=\"og:description\" content=\"La semaine derni\u00e8re, l&#039;IFES a lanc\u00e9 The Open Project, une nouvelle initiative visant \u00e0 cr\u00e9er du contenu visuel convainquant et \u00e0 utiliser les outils\" \/>\n<meta property=\"og:url\" content=\"https:\/\/ifesworld.org\/fr\/prayerline\/priez-pour-une-nouvelle-initiative-media-de-lifes\/\" \/>\n<meta property=\"og:site_name\" content=\"IFES\" \/>\n<meta property=\"og:image\" content=\"https:\/\/ifesworld.org\/wp-content\/uploads\/2019\/05\/deb1e631-746b-4d2f-901a-227694e79380.jpg\" \/>\n\t<meta property=\"og:image:width\" content=\"1080\" \/>\n\t<meta property=\"og:image:height\" content=\"459\" \/>\n\t<meta property=\"og:image:type\" content=\"image\/jpeg\" \/>\n<meta name=\"twitter:card\" content=\"summary_large_image\" \/>\n<meta name=\"twitter:label1\" content=\"Dur\u00e9e de lecture estim\u00e9e\" \/>\n\t<meta name=\"twitter:data1\" content=\"1 minute\" \/>\n<script type=\"application\/ld+json\" class=\"yoast-schema-graph\">{\"@context\":\"https:\/\/schema.org\",\"@graph\":[{\"@type\":\"WebPage\",\"@id\":\"https:\/\/ifesworld.org\/fr\/prayerline\/priez-pour-une-nouvelle-initiative-media-de-lifes\/\",\"url\":\"https:\/\/ifesworld.org\/fr\/prayerline\/priez-pour-une-nouvelle-initiative-media-de-lifes\/\",\"name\":\"Priez pour une nouvelle initiative m\u00e9dia de l'IFES &#183; IFES Prayerline\",\"isPartOf\":{\"@id\":\"https:\/\/ifesworld.org\/es\/#website\"},\"primaryImageOfPage\":{\"@id\":\"https:\/\/ifesworld.org\/fr\/prayerline\/priez-pour-une-nouvelle-initiative-media-de-lifes\/#primaryimage\"},\"image\":{\"@id\":\"https:\/\/ifesworld.org\/fr\/prayerline\/priez-pour-une-nouvelle-initiative-media-de-lifes\/#primaryimage\"},\"thumbnailUrl\":\"https:\/\/ifesworld.org\/wp-content\/uploads\/2019\/05\/deb1e631-746b-4d2f-901a-227694e79380.jpg\",\"datePublished\":\"2018-01-16T15:00:00+00:00\",\"description\":\"La semaine derni\u00e8re, l'IFES a lanc\u00e9 The Open Project, une nouvelle initiative visant \u00e0 cr\u00e9er du contenu visuel convainquant et \u00e0 utiliser les outils\",\"breadcrumb\":{\"@id\":\"https:\/\/ifesworld.org\/fr\/prayerline\/priez-pour-une-nouvelle-initiative-media-de-lifes\/#breadcrumb\"},\"inLanguage\":\"fr-FR\",\"potentialAction\":[{\"@type\":\"ReadAction\",\"target\":[\"https:\/\/ifesworld.org\/fr\/prayerline\/priez-pour-une-nouvelle-initiative-media-de-lifes\/\"]}]},{\"@type\":\"ImageObject\",\"inLanguage\":\"fr-FR\",\"@id\":\"https:\/\/ifesworld.org\/fr\/prayerline\/priez-pour-une-nouvelle-initiative-media-de-lifes\/#primaryimage\",\"url\":\"https:\/\/ifesworld.org\/wp-content\/uploads\/2019\/05\/deb1e631-746b-4d2f-901a-227694e79380.jpg\",\"contentUrl\":\"https:\/\/ifesworld.org\/wp-content\/uploads\/2019\/05\/deb1e631-746b-4d2f-901a-227694e79380.jpg\",\"width\":1080,\"height\":459},{\"@type\":\"BreadcrumbList\",\"@id\":\"https:\/\/ifesworld.org\/fr\/prayerline\/priez-pour-une-nouvelle-initiative-media-de-lifes\/#breadcrumb\",\"itemListElement\":[{\"@type\":\"ListItem\",\"position\":1,\"name\":\"Home\",\"item\":\"https:\/\/ifesworld.org\/fr\/\"},{\"@type\":\"ListItem\",\"position\":2,\"name\":\"Prayerline\",\"item\":\"https:\/\/ifesworld.org\/en\/prayerline\/\"},{\"@type\":\"ListItem\",\"position\":3,\"name\":\"Priez pour une nouvelle initiative m\u00e9dia de l&rsquo;IFES\"}]},{\"@type\":\"WebSite\",\"@id\":\"https:\/\/ifesworld.org\/es\/#website\",\"url\":\"https:\/\/ifesworld.org\/es\/\",\"name\":\"IFES\",\"description\":\"A movement of students sharing and living out the good news of Jesus Christ. Locally. Nationally. Globally.\",\"publisher\":{\"@id\":\"https:\/\/ifesworld.org\/es\/#organization\"},\"potentialAction\":[{\"@type\":\"SearchAction\",\"target\":{\"@type\":\"EntryPoint\",\"urlTemplate\":\"https:\/\/ifesworld.org\/es\/?s={search_term_string}\"},\"query-input\":{\"@type\":\"PropertyValueSpecification\",\"valueRequired\":true,\"valueName\":\"search_term_string\"}}],\"inLanguage\":\"fr-FR\"},{\"@type\":\"Organization\",\"@id\":\"https:\/\/ifesworld.org\/es\/#organization\",\"name\":\"IFES \u00b7 International Fellowship of Evangelical Students\",\"url\":\"https:\/\/ifesworld.org\/es\/\",\"logo\":{\"@type\":\"ImageObject\",\"inLanguage\":\"fr-FR\",\"@id\":\"https:\/\/ifesworld.org\/es\/#\/schema\/logo\/image\/\",\"url\":\"https:\/\/ifesworld.org\/wp-content\/uploads\/2019\/06\/ifeslogo.png\",\"contentUrl\":\"https:\/\/ifesworld.org\/wp-content\/uploads\/2019\/06\/ifeslogo.png\",\"width\":262,\"height\":262,\"caption\":\"IFES \u00b7 International Fellowship of Evangelical Students\"},\"image\":{\"@id\":\"https:\/\/ifesworld.org\/es\/#\/schema\/logo\/image\/\"}}]}<\/script>\n<!-- \/ Yoast SEO plugin. -->","yoast_head_json":{"title":"Priez pour une nouvelle initiative m\u00e9dia de l'IFES &#183; IFES Prayerline","description":"La semaine derni\u00e8re, l'IFES a lanc\u00e9 The Open Project, une nouvelle initiative visant \u00e0 cr\u00e9er du contenu visuel convainquant et \u00e0 utiliser les outils","robots":{"index":"index","follow":"follow","max-snippet":"max-snippet:-1","max-image-preview":"max-image-preview:large","max-video-preview":"max-video-preview:-1"},"canonical":"https:\/\/ifesworld.org\/fr\/prayerline\/priez-pour-une-nouvelle-initiative-media-de-lifes\/","og_locale":"fr_FR","og_type":"article","og_title":"Priez pour une nouvelle initiative m\u00e9dia de l'IFES &#183; IFES Prayerline","og_description":"La semaine derni\u00e8re, l'IFES a lanc\u00e9 The Open Project, une nouvelle initiative visant \u00e0 cr\u00e9er du contenu visuel convainquant et \u00e0 utiliser les outils","og_url":"https:\/\/ifesworld.org\/fr\/prayerline\/priez-pour-une-nouvelle-initiative-media-de-lifes\/","og_site_name":"IFES","og_image":[{"width":1080,"height":459,"url":"https:\/\/ifesworld.org\/wp-content\/uploads\/2019\/05\/deb1e631-746b-4d2f-901a-227694e79380.jpg","type":"image\/jpeg"}],"twitter_card":"summary_large_image","twitter_misc":{"Dur\u00e9e de lecture estim\u00e9e":"1 minute"},"schema":{"@context":"https:\/\/schema.org","@graph":[{"@type":"WebPage","@id":"https:\/\/ifesworld.org\/fr\/prayerline\/priez-pour-une-nouvelle-initiative-media-de-lifes\/","url":"https:\/\/ifesworld.org\/fr\/prayerline\/priez-pour-une-nouvelle-initiative-media-de-lifes\/","name":"Priez pour une nouvelle initiative m\u00e9dia de l'IFES &#183; IFES Prayerline","isPartOf":{"@id":"https:\/\/ifesworld.org\/es\/#website"},"primaryImageOfPage":{"@id":"https:\/\/ifesworld.org\/fr\/prayerline\/priez-pour-une-nouvelle-initiative-media-de-lifes\/#primaryimage"},"image":{"@id":"https:\/\/ifesworld.org\/fr\/prayerline\/priez-pour-une-nouvelle-initiative-media-de-lifes\/#primaryimage"},"thumbnailUrl":"https:\/\/ifesworld.org\/wp-content\/uploads\/2019\/05\/deb1e631-746b-4d2f-901a-227694e79380.jpg","datePublished":"2018-01-16T15:00:00+00:00","description":"La semaine derni\u00e8re, l'IFES a lanc\u00e9 The Open Project, une nouvelle initiative visant \u00e0 cr\u00e9er du contenu visuel convainquant et \u00e0 utiliser les outils","breadcrumb":{"@id":"https:\/\/ifesworld.org\/fr\/prayerline\/priez-pour-une-nouvelle-initiative-media-de-lifes\/#breadcrumb"},"inLanguage":"fr-FR","potentialAction":[{"@type":"ReadAction","target":["https:\/\/ifesworld.org\/fr\/prayerline\/priez-pour-une-nouvelle-initiative-media-de-lifes\/"]}]},{"@type":"ImageObject","inLanguage":"fr-FR","@id":"https:\/\/ifesworld.org\/fr\/prayerline\/priez-pour-une-nouvelle-initiative-media-de-lifes\/#primaryimage","url":"https:\/\/ifesworld.org\/wp-content\/uploads\/2019\/05\/deb1e631-746b-4d2f-901a-227694e79380.jpg","contentUrl":"https:\/\/ifesworld.org\/wp-content\/uploads\/2019\/05\/deb1e631-746b-4d2f-901a-227694e79380.jpg","width":1080,"height":459},{"@type":"BreadcrumbList","@id":"https:\/\/ifesworld.org\/fr\/prayerline\/priez-pour-une-nouvelle-initiative-media-de-lifes\/#breadcrumb","itemListElement":[{"@type":"ListItem","position":1,"name":"Home","item":"https:\/\/ifesworld.org\/fr\/"},{"@type":"ListItem","position":2,"name":"Prayerline","item":"https:\/\/ifesworld.org\/en\/prayerline\/"},{"@type":"ListItem","position":3,"name":"Priez pour une nouvelle initiative m\u00e9dia de l&rsquo;IFES"}]},{"@type":"WebSite","@id":"https:\/\/ifesworld.org\/es\/#website","url":"https:\/\/ifesworld.org\/es\/","name":"IFES","description":"A movement of students sharing and living out the good news of Jesus Christ. Locally. Nationally. Globally.","publisher":{"@id":"https:\/\/ifesworld.org\/es\/#organization"},"potentialAction":[{"@type":"SearchAction","target":{"@type":"EntryPoint","urlTemplate":"https:\/\/ifesworld.org\/es\/?s={search_term_string}"},"query-input":{"@type":"PropertyValueSpecification","valueRequired":true,"valueName":"search_term_string"}}],"inLanguage":"fr-FR"},{"@type":"Organization","@id":"https:\/\/ifesworld.org\/es\/#organization","name":"IFES \u00b7 International Fellowship of Evangelical Students","url":"https:\/\/ifesworld.org\/es\/","logo":{"@type":"ImageObject","inLanguage":"fr-FR","@id":"https:\/\/ifesworld.org\/es\/#\/schema\/logo\/image\/","url":"https:\/\/ifesworld.org\/wp-content\/uploads\/2019\/06\/ifeslogo.png","contentUrl":"https:\/\/ifesworld.org\/wp-content\/uploads\/2019\/06\/ifeslogo.png","width":262,"height":262,"caption":"IFES \u00b7 International Fellowship of Evangelical Students"},"image":{"@id":"https:\/\/ifesworld.org\/es\/#\/schema\/logo\/image\/"}}]}},"_links":{"self":[{"href":"https:\/\/ifesworld.org\/fr\/wp-json\/wp\/v2\/prayerline\/2330","targetHints":{"allow":["GET"]}}],"collection":[{"href":"https:\/\/ifesworld.org\/fr\/wp-json\/wp\/v2\/prayerline"}],"about":[{"href":"https:\/\/ifesworld.org\/fr\/wp-json\/wp\/v2\/types\/prayerline"}],"wp:featuredmedia":[{"embeddable":true,"href":"https:\/\/ifesworld.org\/fr\/wp-json\/wp\/v2\/media\/2123"}],"wp:attachment":[{"href":"https:\/\/ifesworld.org\/fr\/wp-json\/wp\/v2\/media?parent=2330"}],"wp:term":[{"taxonomy":"area","embeddable":true,"href":"https:\/\/ifesworld.org\/fr\/wp-json\/wp\/v2\/area?post=2330"},{"taxonomy":"theme","embeddable":true,"href":"https:\/\/ifesworld.org\/fr\/wp-json\/wp\/v2\/theme?post=2330"}],"curies":[{"name":"wp","href":"https:\/\/api.w.org\/{rel}","templated":true}]}}