{"id":17070,"date":"2021-10-26T05:56:00","date_gmt":"2021-10-26T04:56:00","guid":{"rendered":"https:\/\/ifesworld.org\/?post_type=prayerline&#038;p=17070"},"modified":"2021-10-25T15:57:31","modified_gmt":"2021-10-25T14:57:31","slug":"un-combat-peu-ordinaire","status":"publish","type":"prayerline","link":"https:\/\/ifesworld.org\/fr\/prayerline\/un-combat-peu-ordinaire\/","title":{"rendered":"Un combat peu ordinaire"},"content":{"rendered":"<div class=\"wp-block block-core-paragraph\">\n<p class=\"wp-block-paragraph\">Sezim&nbsp;\u00e9tait entour\u00e9e d\u2019anges. Vraiment ! Elle pouvait les voir.&nbsp;&nbsp;<\/p>\n<\/div>\n\n<div class=\"wp-block block-core-paragraph\">\n<p class=\"wp-block-paragraph\">Quelques instants avant, elle s\u2019\u00e9tait sentie \u00e0 bout de souffle. Elle \u00e9tudiait tard dans la nuit pour quatre examens diff\u00e9rents. Cependant, elle n\u2019avait pas beaucoup d\u2019espoir. Dans son pays, si l\u2019on voulait une bonne note, il fallait soudoyer le professeur. C\u2019\u00e9tait une chose avec laquelle&nbsp;Sezim&nbsp;se sentait vraiment mal \u00e0 l\u2019aise depuis qu\u2019elle s\u2019\u00e9tait convertie au christianisme. Elle savait que c\u2019\u00e9tait malhonn\u00eate, mais il lui semblait impossible d\u2019aller \u00e0 contre-courant. Comment pourrait-elle un jour devenir m\u00e9decin si elle ne jouait pas selon les r\u00e8gles du syst\u00e8me ? Toutefois, le Saint-Esprit l\u2019avait persuad\u00e9e. Elle avait d\u00e9cid\u00e9 de s\u2019appuyer uniquement sur les connaissances dans sa t\u00eate plut\u00f4t que sur un pot-de-vin.&nbsp;&nbsp;<\/p>\n<\/div>\n\n<div class=\"wp-block block-core-paragraph\">\n<p class=\"wp-block-paragraph\">La derni\u00e8re fois qu\u2019elle avait refus\u00e9 de payer son professeur, il s\u2019\u00e9tait mis en col\u00e8re. Il avait m\u00eame essay\u00e9 de la faire \u00e9chouer. Il lui avait dit qu\u2019elle pourrait \u00eatre renvoy\u00e9e de l\u2019universit\u00e9 si elle ne le payait pas. Sa m\u00e8re, qui n\u2019\u00e9tait pas chr\u00e9tienne, ne comprenait pas non plus. Elle lui avait demand\u00e9 :&nbsp;<em>\u00ab\u202fPourquoi tu ne peux pas \u00eatre comme tout le monde ?\u202f\u00bb&nbsp;<\/em>Pourtant,&nbsp;Sezim&nbsp;avait d\u00e9cid\u00e9 d\u2019honorer Dieu par ses \u00e9tudes.&nbsp;&nbsp;<\/p>\n<\/div>\n\n<div class=\"wp-block block-core-paragraph\">\n<p class=\"wp-block-paragraph\">Seulement, \u00e0 pr\u00e9sent, il \u00e9tait minuit. L\u2019\u00e9norme quantit\u00e9 de mati\u00e8re que&nbsp;Sezim&nbsp;avait \u00e0 r\u00e9viser \u00e9tait \u00e9puisante. Elle avait donc baiss\u00e9 la t\u00eate pour se reposer. Mais quand elle ouvrit ses yeux, elle vit une chose incroyable.&nbsp;&nbsp;<\/p>\n<\/div>\n\n<div class=\"wp-block block-core-paragraph\">\n<p class=\"wp-block-paragraph\">Un ange entra \u00e0 travers le mur. Puis un autre. Et encore un. Elle se retrouva bient\u00f4t entour\u00e9e d\u2019anges gigantesques. Elle les fixa du regard, mais ils ne la regard\u00e8rent pas. Au lieu de cela, ils regardaient plus loin, comme attentifs \u00e0 quelque chose d\u2019autre, comme s\u2019ils la prot\u00e9geaient. Puis, elle entendit une voix :&nbsp;&nbsp;<\/p>\n<\/div>\n\n<div class=\"wp-block block-core-quote is-style-large\">\n<blockquote class=\"wp-block-quote is-style-large is-layout-flow wp-block-quote-is-layout-flow\"><p><em>\u00ab\u202fSezim, ne t\u2019inqui\u00e8te pas. Dieu te prot\u00e8gera.\u202f\u00bb\u00a0<\/em>\u00a0<\/p><\/blockquote>\n<\/div>\n\n<div class=\"wp-block block-core-paragraph\">\n<p class=\"wp-block-paragraph\">Elle cligna des yeux, essayant de se r\u00e9veiller, mais elle ne dormait pas.&nbsp;&nbsp;<\/p>\n<\/div>\n\n<div class=\"wp-block block-core-paragraph\">\n<p class=\"wp-block-paragraph\">Le lendemain,&nbsp;Sezim&nbsp;passa ses examens. Plus tard, elle alla voir ses notes donn\u00e9es par le professeur qui l\u2019avait menac\u00e9e. Elle d\u00e9couvrit qu\u2019elle avait r\u00e9ussi chacun de ses cours. En fait, ses notes \u00e9taient aussi bonnes que les \u00e9tudiants qui avaient vers\u00e9 un pot-de-vin. Dieu avait pris soin d\u2019elle.&nbsp;&nbsp;<\/p>\n<\/div>\n\n<div class=\"wp-block block-core-paragraph\">\n<p class=\"wp-block-paragraph\">Pour beaucoup d\u2019\u00e9tudiants, le fait de verser des pots-de-vin aux professeurs fait partie de la vie acad\u00e9mique normale. Les \u00e9tudiants qui deviennent chr\u00e9tiens doivent d\u00e9cider s\u2019ils vont continuer \u00e0 contribuer au syst\u00e8me ou bien \u00e0 avoir foi dans le fait que Dieu les portera dans leurs \u00e9tudes. Priez avec nous pour les \u00e9tudiants qui ne veulent pas \u00eatre \u00ab\u202fcomme tout le monde\u202f\u00bb.&nbsp;&nbsp;<\/p>\n<\/div>\n\n<div class=\"wp-block block-core-list\">\n<ul class=\"wp-block-list\"><li>Priez qu&rsquo;ils placent leur foi au-dessus de ce que leurs professeurs, ou m\u00eame leurs parents, veulent qu\u2019ils fassent.&nbsp;<\/li><li>Priez pour le t\u00e9moignage des \u00e9tudiants qui connaissent la corruption sur leur campus ; qu\u2019ils soient encourag\u00e9s, m\u00eame quand c\u2019est dur.&nbsp;<\/li><li>Priez pour&nbsp;Sezim, qui s\u2019appr\u00eate \u00e0 devenir m\u00e9decin. Priez qu\u2019elle continue \u00e0 \u00eatre une lumi\u00e8re dans son domaine.&nbsp;&nbsp;<\/li><\/ul>\n<\/div>","protected":false},"featured_media":17068,"template":"","area":[457],"theme":[],"class_list":["post-17070","prayerline","type-prayerline","status-publish","has-post-thumbnail","hentry","area-eurasia"],"acf":[],"yoast_head":"<!-- This site is optimized with the Yoast SEO plugin v27.2 - https:\/\/yoast.com\/product\/yoast-seo-wordpress\/ -->\n<title>Un combat peu ordinaire &#183; IFES Prayerline<\/title>\n<meta name=\"description\" content=\"Sezim&nbsp;\u00e9tait entour\u00e9e d\u2019anges. Vraiment ! Elle pouvait les voir.&nbsp;&nbsp; Quelques instants avant, elle s\u2019\u00e9tait sentie \u00e0 bout de souffle. Elle\" \/>\n<meta name=\"robots\" content=\"index, follow, max-snippet:-1, max-image-preview:large, max-video-preview:-1\" \/>\n<link rel=\"canonical\" href=\"https:\/\/ifesworld.org\/fr\/prayerline\/un-combat-peu-ordinaire\/\" \/>\n<meta property=\"og:locale\" content=\"fr_FR\" \/>\n<meta property=\"og:type\" content=\"article\" \/>\n<meta property=\"og:title\" content=\"Un combat peu ordinaire &#183; IFES Prayerline\" \/>\n<meta property=\"og:description\" content=\"Sezim&nbsp;\u00e9tait entour\u00e9e d\u2019anges. Vraiment ! Elle pouvait les voir.&nbsp;&nbsp; Quelques instants avant, elle s\u2019\u00e9tait sentie \u00e0 bout de souffle. Elle\" \/>\n<meta property=\"og:url\" content=\"https:\/\/ifesworld.org\/fr\/prayerline\/un-combat-peu-ordinaire\/\" \/>\n<meta property=\"og:site_name\" content=\"IFES\" \/>\n<meta property=\"og:image\" content=\"https:\/\/ifesworld.org\/wp-content\/uploads\/2021\/10\/211019-Sezim-scaled.jpg\" \/>\n\t<meta property=\"og:image:width\" content=\"2560\" \/>\n\t<meta property=\"og:image:height\" content=\"1707\" \/>\n\t<meta property=\"og:image:type\" content=\"image\/jpeg\" \/>\n<meta name=\"twitter:card\" content=\"summary_large_image\" \/>\n<meta name=\"twitter:label1\" content=\"Dur\u00e9e de lecture estim\u00e9e\" \/>\n\t<meta name=\"twitter:data1\" content=\"3 minutes\" \/>\n<script type=\"application\/ld+json\" class=\"yoast-schema-graph\">{\"@context\":\"https:\/\/schema.org\",\"@graph\":[{\"@type\":\"WebPage\",\"@id\":\"https:\/\/ifesworld.org\/fr\/prayerline\/un-combat-peu-ordinaire\/\",\"url\":\"https:\/\/ifesworld.org\/fr\/prayerline\/un-combat-peu-ordinaire\/\",\"name\":\"Un combat peu ordinaire &#183; IFES Prayerline\",\"isPartOf\":{\"@id\":\"https:\/\/ifesworld.org\/es\/#website\"},\"primaryImageOfPage\":{\"@id\":\"https:\/\/ifesworld.org\/fr\/prayerline\/un-combat-peu-ordinaire\/#primaryimage\"},\"image\":{\"@id\":\"https:\/\/ifesworld.org\/fr\/prayerline\/un-combat-peu-ordinaire\/#primaryimage\"},\"thumbnailUrl\":\"https:\/\/ifesworld.org\/wp-content\/uploads\/2021\/10\/211019-Sezim-scaled.jpg\",\"datePublished\":\"2021-10-26T04:56:00+00:00\",\"description\":\"Sezim&nbsp;\u00e9tait entour\u00e9e d\u2019anges. Vraiment ! Elle pouvait les voir.&nbsp;&nbsp; Quelques instants avant, elle s\u2019\u00e9tait sentie \u00e0 bout de souffle. Elle\",\"breadcrumb\":{\"@id\":\"https:\/\/ifesworld.org\/fr\/prayerline\/un-combat-peu-ordinaire\/#breadcrumb\"},\"inLanguage\":\"fr-FR\",\"potentialAction\":[{\"@type\":\"ReadAction\",\"target\":[\"https:\/\/ifesworld.org\/fr\/prayerline\/un-combat-peu-ordinaire\/\"]}]},{\"@type\":\"ImageObject\",\"inLanguage\":\"fr-FR\",\"@id\":\"https:\/\/ifesworld.org\/fr\/prayerline\/un-combat-peu-ordinaire\/#primaryimage\",\"url\":\"https:\/\/ifesworld.org\/wp-content\/uploads\/2021\/10\/211019-Sezim-scaled.jpg\",\"contentUrl\":\"https:\/\/ifesworld.org\/wp-content\/uploads\/2021\/10\/211019-Sezim-scaled.jpg\",\"width\":2560,\"height\":1707},{\"@type\":\"BreadcrumbList\",\"@id\":\"https:\/\/ifesworld.org\/fr\/prayerline\/un-combat-peu-ordinaire\/#breadcrumb\",\"itemListElement\":[{\"@type\":\"ListItem\",\"position\":1,\"name\":\"Home\",\"item\":\"https:\/\/ifesworld.org\/fr\/\"},{\"@type\":\"ListItem\",\"position\":2,\"name\":\"Prayerline\",\"item\":\"https:\/\/ifesworld.org\/en\/prayerline\/\"},{\"@type\":\"ListItem\",\"position\":3,\"name\":\"Un combat peu ordinaire\"}]},{\"@type\":\"WebSite\",\"@id\":\"https:\/\/ifesworld.org\/es\/#website\",\"url\":\"https:\/\/ifesworld.org\/es\/\",\"name\":\"IFES\",\"description\":\"A movement of students sharing and living out the good news of Jesus Christ. Locally. Nationally. Globally.\",\"publisher\":{\"@id\":\"https:\/\/ifesworld.org\/es\/#organization\"},\"potentialAction\":[{\"@type\":\"SearchAction\",\"target\":{\"@type\":\"EntryPoint\",\"urlTemplate\":\"https:\/\/ifesworld.org\/es\/?s={search_term_string}\"},\"query-input\":{\"@type\":\"PropertyValueSpecification\",\"valueRequired\":true,\"valueName\":\"search_term_string\"}}],\"inLanguage\":\"fr-FR\"},{\"@type\":\"Organization\",\"@id\":\"https:\/\/ifesworld.org\/es\/#organization\",\"name\":\"IFES \u00b7 International Fellowship of Evangelical Students\",\"url\":\"https:\/\/ifesworld.org\/es\/\",\"logo\":{\"@type\":\"ImageObject\",\"inLanguage\":\"fr-FR\",\"@id\":\"https:\/\/ifesworld.org\/es\/#\/schema\/logo\/image\/\",\"url\":\"https:\/\/ifesworld.org\/wp-content\/uploads\/2019\/06\/ifeslogo.png\",\"contentUrl\":\"https:\/\/ifesworld.org\/wp-content\/uploads\/2019\/06\/ifeslogo.png\",\"width\":262,\"height\":262,\"caption\":\"IFES \u00b7 International Fellowship of Evangelical Students\"},\"image\":{\"@id\":\"https:\/\/ifesworld.org\/es\/#\/schema\/logo\/image\/\"}}]}<\/script>\n<!-- \/ Yoast SEO plugin. -->","yoast_head_json":{"title":"Un combat peu ordinaire &#183; IFES Prayerline","description":"Sezim&nbsp;\u00e9tait entour\u00e9e d\u2019anges. Vraiment ! Elle pouvait les voir.&nbsp;&nbsp; Quelques instants avant, elle s\u2019\u00e9tait sentie \u00e0 bout de souffle. Elle","robots":{"index":"index","follow":"follow","max-snippet":"max-snippet:-1","max-image-preview":"max-image-preview:large","max-video-preview":"max-video-preview:-1"},"canonical":"https:\/\/ifesworld.org\/fr\/prayerline\/un-combat-peu-ordinaire\/","og_locale":"fr_FR","og_type":"article","og_title":"Un combat peu ordinaire &#183; IFES Prayerline","og_description":"Sezim&nbsp;\u00e9tait entour\u00e9e d\u2019anges. Vraiment ! Elle pouvait les voir.&nbsp;&nbsp; Quelques instants avant, elle s\u2019\u00e9tait sentie \u00e0 bout de souffle. Elle","og_url":"https:\/\/ifesworld.org\/fr\/prayerline\/un-combat-peu-ordinaire\/","og_site_name":"IFES","og_image":[{"width":2560,"height":1707,"url":"https:\/\/ifesworld.org\/wp-content\/uploads\/2021\/10\/211019-Sezim-scaled.jpg","type":"image\/jpeg"}],"twitter_card":"summary_large_image","twitter_misc":{"Dur\u00e9e de lecture estim\u00e9e":"3 minutes"},"schema":{"@context":"https:\/\/schema.org","@graph":[{"@type":"WebPage","@id":"https:\/\/ifesworld.org\/fr\/prayerline\/un-combat-peu-ordinaire\/","url":"https:\/\/ifesworld.org\/fr\/prayerline\/un-combat-peu-ordinaire\/","name":"Un combat peu ordinaire &#183; IFES Prayerline","isPartOf":{"@id":"https:\/\/ifesworld.org\/es\/#website"},"primaryImageOfPage":{"@id":"https:\/\/ifesworld.org\/fr\/prayerline\/un-combat-peu-ordinaire\/#primaryimage"},"image":{"@id":"https:\/\/ifesworld.org\/fr\/prayerline\/un-combat-peu-ordinaire\/#primaryimage"},"thumbnailUrl":"https:\/\/ifesworld.org\/wp-content\/uploads\/2021\/10\/211019-Sezim-scaled.jpg","datePublished":"2021-10-26T04:56:00+00:00","description":"Sezim&nbsp;\u00e9tait entour\u00e9e d\u2019anges. Vraiment ! Elle pouvait les voir.&nbsp;&nbsp; Quelques instants avant, elle s\u2019\u00e9tait sentie \u00e0 bout de souffle. Elle","breadcrumb":{"@id":"https:\/\/ifesworld.org\/fr\/prayerline\/un-combat-peu-ordinaire\/#breadcrumb"},"inLanguage":"fr-FR","potentialAction":[{"@type":"ReadAction","target":["https:\/\/ifesworld.org\/fr\/prayerline\/un-combat-peu-ordinaire\/"]}]},{"@type":"ImageObject","inLanguage":"fr-FR","@id":"https:\/\/ifesworld.org\/fr\/prayerline\/un-combat-peu-ordinaire\/#primaryimage","url":"https:\/\/ifesworld.org\/wp-content\/uploads\/2021\/10\/211019-Sezim-scaled.jpg","contentUrl":"https:\/\/ifesworld.org\/wp-content\/uploads\/2021\/10\/211019-Sezim-scaled.jpg","width":2560,"height":1707},{"@type":"BreadcrumbList","@id":"https:\/\/ifesworld.org\/fr\/prayerline\/un-combat-peu-ordinaire\/#breadcrumb","itemListElement":[{"@type":"ListItem","position":1,"name":"Home","item":"https:\/\/ifesworld.org\/fr\/"},{"@type":"ListItem","position":2,"name":"Prayerline","item":"https:\/\/ifesworld.org\/en\/prayerline\/"},{"@type":"ListItem","position":3,"name":"Un combat peu ordinaire"}]},{"@type":"WebSite","@id":"https:\/\/ifesworld.org\/es\/#website","url":"https:\/\/ifesworld.org\/es\/","name":"IFES","description":"A movement of students sharing and living out the good news of Jesus Christ. Locally. Nationally. Globally.","publisher":{"@id":"https:\/\/ifesworld.org\/es\/#organization"},"potentialAction":[{"@type":"SearchAction","target":{"@type":"EntryPoint","urlTemplate":"https:\/\/ifesworld.org\/es\/?s={search_term_string}"},"query-input":{"@type":"PropertyValueSpecification","valueRequired":true,"valueName":"search_term_string"}}],"inLanguage":"fr-FR"},{"@type":"Organization","@id":"https:\/\/ifesworld.org\/es\/#organization","name":"IFES \u00b7 International Fellowship of Evangelical Students","url":"https:\/\/ifesworld.org\/es\/","logo":{"@type":"ImageObject","inLanguage":"fr-FR","@id":"https:\/\/ifesworld.org\/es\/#\/schema\/logo\/image\/","url":"https:\/\/ifesworld.org\/wp-content\/uploads\/2019\/06\/ifeslogo.png","contentUrl":"https:\/\/ifesworld.org\/wp-content\/uploads\/2019\/06\/ifeslogo.png","width":262,"height":262,"caption":"IFES \u00b7 International Fellowship of Evangelical Students"},"image":{"@id":"https:\/\/ifesworld.org\/es\/#\/schema\/logo\/image\/"}}]}},"_links":{"self":[{"href":"https:\/\/ifesworld.org\/fr\/wp-json\/wp\/v2\/prayerline\/17070","targetHints":{"allow":["GET"]}}],"collection":[{"href":"https:\/\/ifesworld.org\/fr\/wp-json\/wp\/v2\/prayerline"}],"about":[{"href":"https:\/\/ifesworld.org\/fr\/wp-json\/wp\/v2\/types\/prayerline"}],"wp:featuredmedia":[{"embeddable":true,"href":"https:\/\/ifesworld.org\/fr\/wp-json\/wp\/v2\/media\/17068"}],"wp:attachment":[{"href":"https:\/\/ifesworld.org\/fr\/wp-json\/wp\/v2\/media?parent=17070"}],"wp:term":[{"taxonomy":"area","embeddable":true,"href":"https:\/\/ifesworld.org\/fr\/wp-json\/wp\/v2\/area?post=17070"},{"taxonomy":"theme","embeddable":true,"href":"https:\/\/ifesworld.org\/fr\/wp-json\/wp\/v2\/theme?post=17070"}],"curies":[{"name":"wp","href":"https:\/\/api.w.org\/{rel}","templated":true}]}}