{"id":14191,"date":"2020-11-10T05:30:00","date_gmt":"2020-11-10T05:30:00","guid":{"rendered":"https:\/\/ifesworld.org\/?post_type=prayerline&#038;p=14191"},"modified":"2020-11-09T16:22:16","modified_gmt":"2020-11-09T16:22:16","slug":"les-tendances-mondiales-faconnent-le-ministere-parmi-les-etudiants","status":"publish","type":"prayerline","link":"https:\/\/ifesworld.org\/fr\/prayerline\/les-tendances-mondiales-faconnent-le-ministere-parmi-les-etudiants\/","title":{"rendered":"LES TENDANCES MONDIALES FA\u00c7ONNENT LE MINIST\u00e8RE PARMI LES \u00e9TUDIANTS"},"content":{"rendered":"<div class=\"wp-block block-core-paragraph\">\n<p class=\"wp-block-paragraph\">Chaque g\u00e9n\u00e9ration fait face \u00e0 de nouveaux enjeux qui fa\u00e7onnent le monde. Les leaders et le personnel de l&rsquo;IFES ont surv\u00e9cu \u00e0 de nombreux \u00e9v\u00e9nements d&rsquo;importance mondiale, de l\u2019\u00e9pid\u00e9mie du SIDA \u00e0 l\u2019effondrement de l\u2019Union Sovi\u00e9tique et m\u00eame l&rsquo;av\u00e8nement de l\u2019Internet. Tout \u00e9v\u00e9nement d&rsquo;ordre mondial influence comment les \u00e9tudiants per\u00e7oivent la r\u00e9alit\u00e9. Il est donc important que les leaders de l\u2019IFES comprennent les tendances mondiales afin d\u2019atteindre les \u00e9tudiants de mani\u00e8re efficace.<\/p>\n<\/div>\n\n<div class=\"wp-block block-core-paragraph\">\n<p class=\"wp-block-paragraph\">Au long de 2019 et 2020, le personnel dirigeant de l\u2019IFES a associ\u00e9 son expertise \u00e0 des consultations internes au niveau local et aux r\u00e9sultats d&rsquo;\u00e9tudes externes pour identifier onze tendances mondiales qui ont le potentiel d\u2019avoir le plus d&rsquo;impact sur le minist\u00e8re parmi les \u00e9tudiants. Ces recherches ont conduit le personnel \u00e0 cibler l&rsquo;essor du lib\u00e9ralisme, la corruption, la sant\u00e9 mentale, la pauvret\u00e9, l&rsquo;immigration, la protection de la cr\u00e9ation, le paysage de l&rsquo;enseignement sup\u00e9rieur, la pers\u00e9cution, l&rsquo;augmentation du nombre de d\u00e9nominations chr\u00e9tiennes, l&rsquo;expansion de l&rsquo;islam et la violence envers les femmes.<\/p>\n<\/div>\n\n<div class=\"wp-block block-core-paragraph\">\n<p class=\"wp-block-paragraph\">Le personnel a ensuite demand\u00e9 \u00e0 plus de 120 mouvements nationaux d\u2019apporter un \u00e9clairage suppl\u00e9mentaire sur l&rsquo;impact de ces tendances sur les \u00e9tudiants et les campus. Les participants ont indiqu\u00e9 que les principales tendances mondiales qui impactaient les mouvements nationaux \u00e9taient la mont\u00e9e du lib\u00e9ralisme, la corruption, la sant\u00e9 mentale et la pauvret\u00e9.<\/p>\n<\/div>\n\n<div class=\"wp-block block-core-paragraph\">\n<p class=\"wp-block-paragraph\">De plus, les recherches ont r\u00e9v\u00e9l\u00e9 que les \u00e9tudiants de la g\u00e9n\u00e9ration pr\u00e9sente souhaitent que leur vie ait un sens. Ils veulent honorer Dieu dans leur travail, ce qui conduit de nombreux jeunes chr\u00e9tiens \u00e0 s&rsquo;int\u00e9resser \u00e0 la vie de disciple dans les lieux de travail. Ils recherchent des relations authentiques, des mentors et comment avoir un impact.<\/p>\n<\/div>\n\n<div class=\"wp-block block-core-paragraph\">\n<p class=\"wp-block-paragraph\">Le rapport sur les tendances mondiales permettra aux mouvements centraux, r\u00e9gionaux et nationaux de l\u2019IFES de comprendre comment aider les \u00e9tudiants \u00e0 accomplir ces projets. En prenant en compte ces tendances, les leaders du minist\u00e8re parmi les \u00e9tudiants peuvent structurer leur minist\u00e8re de mani\u00e8re \u00e0 \u00e9quiper les \u00e9tudiants pour influencer le monde selon les valeurs de la foi chr\u00e9tienne.<\/p>\n<\/div>\n\n<div class=\"wp-block block-core-paragraph\">\n<p class=\"wp-block-paragraph\">Nous vous invitons <a href=\"https:\/\/ifesworld.org\/wp-content\/uploads\/2020\/08\/IFES-Global-Trends-Report_FR_Final.pdf\" target=\"_blank\" rel=\"noreferrer noopener\" aria-label=\"\u00e0 lire le rapport (opens in a new tab)\">\u00e0 lire le rapport<\/a> et \u00e0 vous joindre \u00e0 nous pour prier pour ceux qui utilisent cet outil pour former leurs plans du minist\u00e8re \u00e0 venir.<\/p>\n<\/div>\n\n<div class=\"wp-block block-core-list\">\n<ul class=\"wp-block-list\"><li>Remerciez le Seigneur pour les efforts soign\u00e9s et diligents des chercheurs et des participants qui ont permis la r\u00e9daction de ce rapport.<\/li><li>Priez au sujet de chacune de ces tendances et demandez que Dieu accorde de la sagesse, du courage et de la cr\u00e9ativit\u00e9 aux \u00e9tudiants et aux leaders qui cherchent \u00e0 \u00eatre des t\u00e9moins fid\u00e8les dans ces contextes.<\/li><li>Priez pour le leadership de l\u2019IFES qui incorpore ces tendances dans le processus de d\u00e9veloppement de la nouvelle strat\u00e9gie \u00e0 long terme de l\u2019IFES.<\/li><\/ul>\n<\/div>","protected":false},"featured_media":14109,"template":"","area":[],"theme":[],"class_list":["post-14191","prayerline","type-prayerline","status-publish","has-post-thumbnail","hentry"],"acf":[],"yoast_head":"<!-- This site is optimized with the Yoast SEO plugin v27.2 - https:\/\/yoast.com\/product\/yoast-seo-wordpress\/ -->\n<title>LES TENDANCES MONDIALES FA\u00c7ONNENT LE MINIST\u00e8RE PARMI LES \u00e9TUDIANTS &#183; IFES Prayerline<\/title>\n<meta name=\"description\" content=\"Chaque g\u00e9n\u00e9ration fait face \u00e0 de nouveaux enjeux qui fa\u00e7onnent le monde. Les leaders et le personnel de l&#039;IFES ont surv\u00e9cu \u00e0 de nombreux \u00e9v\u00e9nements\" \/>\n<meta name=\"robots\" content=\"index, follow, max-snippet:-1, max-image-preview:large, max-video-preview:-1\" \/>\n<link rel=\"canonical\" href=\"https:\/\/ifesworld.org\/fr\/prayerline\/les-tendances-mondiales-faconnent-le-ministere-parmi-les-etudiants\/\" \/>\n<meta property=\"og:locale\" content=\"fr_FR\" \/>\n<meta property=\"og:type\" content=\"article\" \/>\n<meta property=\"og:title\" content=\"LES TENDANCES MONDIALES FA\u00c7ONNENT LE MINIST\u00e8RE PARMI LES \u00e9TUDIANTS &#183; IFES Prayerline\" \/>\n<meta property=\"og:description\" content=\"Chaque g\u00e9n\u00e9ration fait face \u00e0 de nouveaux enjeux qui fa\u00e7onnent le monde. Les leaders et le personnel de l&#039;IFES ont surv\u00e9cu \u00e0 de nombreux \u00e9v\u00e9nements\" \/>\n<meta property=\"og:url\" content=\"https:\/\/ifesworld.org\/fr\/prayerline\/les-tendances-mondiales-faconnent-le-ministere-parmi-les-etudiants\/\" \/>\n<meta property=\"og:site_name\" content=\"IFES\" \/>\n<meta property=\"og:image\" content=\"https:\/\/ifesworld.org\/wp-content\/uploads\/2020\/11\/kyle-glenn-nXt5HtLmlgE-unsplash-scaled.jpg\" \/>\n\t<meta property=\"og:image:width\" content=\"2560\" \/>\n\t<meta property=\"og:image:height\" content=\"1707\" \/>\n\t<meta property=\"og:image:type\" content=\"image\/jpeg\" \/>\n<meta name=\"twitter:card\" content=\"summary_large_image\" \/>\n<meta name=\"twitter:label1\" content=\"Dur\u00e9e de lecture estim\u00e9e\" \/>\n\t<meta name=\"twitter:data1\" content=\"2 minutes\" \/>\n<script type=\"application\/ld+json\" class=\"yoast-schema-graph\">{\"@context\":\"https:\/\/schema.org\",\"@graph\":[{\"@type\":\"WebPage\",\"@id\":\"https:\/\/ifesworld.org\/fr\/prayerline\/les-tendances-mondiales-faconnent-le-ministere-parmi-les-etudiants\/\",\"url\":\"https:\/\/ifesworld.org\/fr\/prayerline\/les-tendances-mondiales-faconnent-le-ministere-parmi-les-etudiants\/\",\"name\":\"LES TENDANCES MONDIALES FA\u00c7ONNENT LE MINIST\u00e8RE PARMI LES \u00e9TUDIANTS &#183; IFES Prayerline\",\"isPartOf\":{\"@id\":\"https:\/\/ifesworld.org\/es\/#website\"},\"primaryImageOfPage\":{\"@id\":\"https:\/\/ifesworld.org\/fr\/prayerline\/les-tendances-mondiales-faconnent-le-ministere-parmi-les-etudiants\/#primaryimage\"},\"image\":{\"@id\":\"https:\/\/ifesworld.org\/fr\/prayerline\/les-tendances-mondiales-faconnent-le-ministere-parmi-les-etudiants\/#primaryimage\"},\"thumbnailUrl\":\"https:\/\/ifesworld.org\/wp-content\/uploads\/2020\/11\/kyle-glenn-nXt5HtLmlgE-unsplash-scaled.jpg\",\"datePublished\":\"2020-11-10T05:30:00+00:00\",\"description\":\"Chaque g\u00e9n\u00e9ration fait face \u00e0 de nouveaux enjeux qui fa\u00e7onnent le monde. Les leaders et le personnel de l'IFES ont surv\u00e9cu \u00e0 de nombreux \u00e9v\u00e9nements\",\"breadcrumb\":{\"@id\":\"https:\/\/ifesworld.org\/fr\/prayerline\/les-tendances-mondiales-faconnent-le-ministere-parmi-les-etudiants\/#breadcrumb\"},\"inLanguage\":\"fr-FR\",\"potentialAction\":[{\"@type\":\"ReadAction\",\"target\":[\"https:\/\/ifesworld.org\/fr\/prayerline\/les-tendances-mondiales-faconnent-le-ministere-parmi-les-etudiants\/\"]}]},{\"@type\":\"ImageObject\",\"inLanguage\":\"fr-FR\",\"@id\":\"https:\/\/ifesworld.org\/fr\/prayerline\/les-tendances-mondiales-faconnent-le-ministere-parmi-les-etudiants\/#primaryimage\",\"url\":\"https:\/\/ifesworld.org\/wp-content\/uploads\/2020\/11\/kyle-glenn-nXt5HtLmlgE-unsplash-scaled.jpg\",\"contentUrl\":\"https:\/\/ifesworld.org\/wp-content\/uploads\/2020\/11\/kyle-glenn-nXt5HtLmlgE-unsplash-scaled.jpg\",\"width\":2560,\"height\":1707},{\"@type\":\"BreadcrumbList\",\"@id\":\"https:\/\/ifesworld.org\/fr\/prayerline\/les-tendances-mondiales-faconnent-le-ministere-parmi-les-etudiants\/#breadcrumb\",\"itemListElement\":[{\"@type\":\"ListItem\",\"position\":1,\"name\":\"Home\",\"item\":\"https:\/\/ifesworld.org\/fr\/\"},{\"@type\":\"ListItem\",\"position\":2,\"name\":\"Prayerline\",\"item\":\"https:\/\/ifesworld.org\/en\/prayerline\/\"},{\"@type\":\"ListItem\",\"position\":3,\"name\":\"LES TENDANCES MONDIALES FA\u00c7ONNENT LE MINIST\u00e8RE PARMI LES \u00e9TUDIANTS\"}]},{\"@type\":\"WebSite\",\"@id\":\"https:\/\/ifesworld.org\/es\/#website\",\"url\":\"https:\/\/ifesworld.org\/es\/\",\"name\":\"IFES\",\"description\":\"A movement of students sharing and living out the good news of Jesus Christ. Locally. Nationally. Globally.\",\"publisher\":{\"@id\":\"https:\/\/ifesworld.org\/es\/#organization\"},\"potentialAction\":[{\"@type\":\"SearchAction\",\"target\":{\"@type\":\"EntryPoint\",\"urlTemplate\":\"https:\/\/ifesworld.org\/es\/?s={search_term_string}\"},\"query-input\":{\"@type\":\"PropertyValueSpecification\",\"valueRequired\":true,\"valueName\":\"search_term_string\"}}],\"inLanguage\":\"fr-FR\"},{\"@type\":\"Organization\",\"@id\":\"https:\/\/ifesworld.org\/es\/#organization\",\"name\":\"IFES \u00b7 International Fellowship of Evangelical Students\",\"url\":\"https:\/\/ifesworld.org\/es\/\",\"logo\":{\"@type\":\"ImageObject\",\"inLanguage\":\"fr-FR\",\"@id\":\"https:\/\/ifesworld.org\/es\/#\/schema\/logo\/image\/\",\"url\":\"https:\/\/ifesworld.org\/wp-content\/uploads\/2019\/06\/ifeslogo.png\",\"contentUrl\":\"https:\/\/ifesworld.org\/wp-content\/uploads\/2019\/06\/ifeslogo.png\",\"width\":262,\"height\":262,\"caption\":\"IFES \u00b7 International Fellowship of Evangelical Students\"},\"image\":{\"@id\":\"https:\/\/ifesworld.org\/es\/#\/schema\/logo\/image\/\"}}]}<\/script>\n<!-- \/ Yoast SEO plugin. -->","yoast_head_json":{"title":"LES TENDANCES MONDIALES FA\u00c7ONNENT LE MINIST\u00e8RE PARMI LES \u00e9TUDIANTS &#183; IFES Prayerline","description":"Chaque g\u00e9n\u00e9ration fait face \u00e0 de nouveaux enjeux qui fa\u00e7onnent le monde. Les leaders et le personnel de l'IFES ont surv\u00e9cu \u00e0 de nombreux \u00e9v\u00e9nements","robots":{"index":"index","follow":"follow","max-snippet":"max-snippet:-1","max-image-preview":"max-image-preview:large","max-video-preview":"max-video-preview:-1"},"canonical":"https:\/\/ifesworld.org\/fr\/prayerline\/les-tendances-mondiales-faconnent-le-ministere-parmi-les-etudiants\/","og_locale":"fr_FR","og_type":"article","og_title":"LES TENDANCES MONDIALES FA\u00c7ONNENT LE MINIST\u00e8RE PARMI LES \u00e9TUDIANTS &#183; IFES Prayerline","og_description":"Chaque g\u00e9n\u00e9ration fait face \u00e0 de nouveaux enjeux qui fa\u00e7onnent le monde. Les leaders et le personnel de l'IFES ont surv\u00e9cu \u00e0 de nombreux \u00e9v\u00e9nements","og_url":"https:\/\/ifesworld.org\/fr\/prayerline\/les-tendances-mondiales-faconnent-le-ministere-parmi-les-etudiants\/","og_site_name":"IFES","og_image":[{"width":2560,"height":1707,"url":"https:\/\/ifesworld.org\/wp-content\/uploads\/2020\/11\/kyle-glenn-nXt5HtLmlgE-unsplash-scaled.jpg","type":"image\/jpeg"}],"twitter_card":"summary_large_image","twitter_misc":{"Dur\u00e9e de lecture estim\u00e9e":"2 minutes"},"schema":{"@context":"https:\/\/schema.org","@graph":[{"@type":"WebPage","@id":"https:\/\/ifesworld.org\/fr\/prayerline\/les-tendances-mondiales-faconnent-le-ministere-parmi-les-etudiants\/","url":"https:\/\/ifesworld.org\/fr\/prayerline\/les-tendances-mondiales-faconnent-le-ministere-parmi-les-etudiants\/","name":"LES TENDANCES MONDIALES FA\u00c7ONNENT LE MINIST\u00e8RE PARMI LES \u00e9TUDIANTS &#183; IFES Prayerline","isPartOf":{"@id":"https:\/\/ifesworld.org\/es\/#website"},"primaryImageOfPage":{"@id":"https:\/\/ifesworld.org\/fr\/prayerline\/les-tendances-mondiales-faconnent-le-ministere-parmi-les-etudiants\/#primaryimage"},"image":{"@id":"https:\/\/ifesworld.org\/fr\/prayerline\/les-tendances-mondiales-faconnent-le-ministere-parmi-les-etudiants\/#primaryimage"},"thumbnailUrl":"https:\/\/ifesworld.org\/wp-content\/uploads\/2020\/11\/kyle-glenn-nXt5HtLmlgE-unsplash-scaled.jpg","datePublished":"2020-11-10T05:30:00+00:00","description":"Chaque g\u00e9n\u00e9ration fait face \u00e0 de nouveaux enjeux qui fa\u00e7onnent le monde. Les leaders et le personnel de l'IFES ont surv\u00e9cu \u00e0 de nombreux \u00e9v\u00e9nements","breadcrumb":{"@id":"https:\/\/ifesworld.org\/fr\/prayerline\/les-tendances-mondiales-faconnent-le-ministere-parmi-les-etudiants\/#breadcrumb"},"inLanguage":"fr-FR","potentialAction":[{"@type":"ReadAction","target":["https:\/\/ifesworld.org\/fr\/prayerline\/les-tendances-mondiales-faconnent-le-ministere-parmi-les-etudiants\/"]}]},{"@type":"ImageObject","inLanguage":"fr-FR","@id":"https:\/\/ifesworld.org\/fr\/prayerline\/les-tendances-mondiales-faconnent-le-ministere-parmi-les-etudiants\/#primaryimage","url":"https:\/\/ifesworld.org\/wp-content\/uploads\/2020\/11\/kyle-glenn-nXt5HtLmlgE-unsplash-scaled.jpg","contentUrl":"https:\/\/ifesworld.org\/wp-content\/uploads\/2020\/11\/kyle-glenn-nXt5HtLmlgE-unsplash-scaled.jpg","width":2560,"height":1707},{"@type":"BreadcrumbList","@id":"https:\/\/ifesworld.org\/fr\/prayerline\/les-tendances-mondiales-faconnent-le-ministere-parmi-les-etudiants\/#breadcrumb","itemListElement":[{"@type":"ListItem","position":1,"name":"Home","item":"https:\/\/ifesworld.org\/fr\/"},{"@type":"ListItem","position":2,"name":"Prayerline","item":"https:\/\/ifesworld.org\/en\/prayerline\/"},{"@type":"ListItem","position":3,"name":"LES TENDANCES MONDIALES FA\u00c7ONNENT LE MINIST\u00e8RE PARMI LES \u00e9TUDIANTS"}]},{"@type":"WebSite","@id":"https:\/\/ifesworld.org\/es\/#website","url":"https:\/\/ifesworld.org\/es\/","name":"IFES","description":"A movement of students sharing and living out the good news of Jesus Christ. Locally. Nationally. Globally.","publisher":{"@id":"https:\/\/ifesworld.org\/es\/#organization"},"potentialAction":[{"@type":"SearchAction","target":{"@type":"EntryPoint","urlTemplate":"https:\/\/ifesworld.org\/es\/?s={search_term_string}"},"query-input":{"@type":"PropertyValueSpecification","valueRequired":true,"valueName":"search_term_string"}}],"inLanguage":"fr-FR"},{"@type":"Organization","@id":"https:\/\/ifesworld.org\/es\/#organization","name":"IFES \u00b7 International Fellowship of Evangelical Students","url":"https:\/\/ifesworld.org\/es\/","logo":{"@type":"ImageObject","inLanguage":"fr-FR","@id":"https:\/\/ifesworld.org\/es\/#\/schema\/logo\/image\/","url":"https:\/\/ifesworld.org\/wp-content\/uploads\/2019\/06\/ifeslogo.png","contentUrl":"https:\/\/ifesworld.org\/wp-content\/uploads\/2019\/06\/ifeslogo.png","width":262,"height":262,"caption":"IFES \u00b7 International Fellowship of Evangelical Students"},"image":{"@id":"https:\/\/ifesworld.org\/es\/#\/schema\/logo\/image\/"}}]}},"_links":{"self":[{"href":"https:\/\/ifesworld.org\/fr\/wp-json\/wp\/v2\/prayerline\/14191","targetHints":{"allow":["GET"]}}],"collection":[{"href":"https:\/\/ifesworld.org\/fr\/wp-json\/wp\/v2\/prayerline"}],"about":[{"href":"https:\/\/ifesworld.org\/fr\/wp-json\/wp\/v2\/types\/prayerline"}],"wp:featuredmedia":[{"embeddable":true,"href":"https:\/\/ifesworld.org\/fr\/wp-json\/wp\/v2\/media\/14109"}],"wp:attachment":[{"href":"https:\/\/ifesworld.org\/fr\/wp-json\/wp\/v2\/media?parent=14191"}],"wp:term":[{"taxonomy":"area","embeddable":true,"href":"https:\/\/ifesworld.org\/fr\/wp-json\/wp\/v2\/area?post=14191"},{"taxonomy":"theme","embeddable":true,"href":"https:\/\/ifesworld.org\/fr\/wp-json\/wp\/v2\/theme?post=14191"}],"curies":[{"name":"wp","href":"https:\/\/api.w.org\/{rel}","templated":true}]}}