{"id":14113,"date":"2020-11-03T05:30:00","date_gmt":"2020-11-03T05:30:00","guid":{"rendered":"https:\/\/ifesworld.org\/?post_type=prayerline&#038;p=14113"},"modified":"2020-11-03T12:50:45","modified_gmt":"2020-11-03T12:50:45","slug":"des-voisins-en-conflit","status":"publish","type":"prayerline","link":"https:\/\/ifesworld.org\/fr\/prayerline\/des-voisins-en-conflit\/","title":{"rendered":"Des voisins en conflit"},"content":{"rendered":"<div class=\"wp-block block-core-paragraph\">\n<p class=\"wp-block-paragraph\">Les \u00e9tudiants d&rsquo;Arm\u00e9nie et d&rsquo;Azerba\u00efdjan sont confront\u00e9s \u00e0 une guerre atroce l&rsquo;un contre l&rsquo;autre. Depuis pr\u00e8s de trente ans, les tensions ethniques se sont acc\u00e9l\u00e9r\u00e9es en raison d\u2019un conflit territorial. Aujourd&rsquo;hui, ce conflit a fait des milliers de victimes militaires dans les deux pays, dont beaucoup sont des \u00e9tudiants. Alors que les \u00e9tudiants sont appel\u00e9s \u00e0 la guerre, les chr\u00e9tiens des deux c\u00f4t\u00e9s prient pour la paix.&nbsp;<\/p>\n<\/div>\n\n<div class=\"wp-block block-core-paragraph\">\n<p class=\"wp-block-paragraph\">Il n&rsquo;y a pas de solution simple. Les \u00e9tudiants des deux pays se sentent partag\u00e9s entre leur amour pour leur patrie et le commandement de Dieu d\u2019aimer leurs ennemis. Pourtant, leurs gouvernements leur demandent de combattre. Dans les ann\u00e9es pass\u00e9es, les c\u0153urs des deux c\u00f4t\u00e9s commen\u00e7aient \u00e0 s\u2019adoucir. Aujourd&rsquo;hui, les dirigeants craignent que tout progr\u00e8s vers la r\u00e9conciliation soit an\u00e9anti. Mais les deux parties font de leur mieux pour soigner les blessures profondes.&nbsp;<\/p>\n<\/div>\n\n<div class=\"wp-block block-core-paragraph\">\n<p class=\"wp-block-paragraph\">Il est difficile pour les \u00e9trangers de savoir comment montrer leur soutien. Sergei, secr\u00e9taire r\u00e9gional pour l&rsquo;Eurasie, estime qu&rsquo;il est important de ne pas prendre parti, mais plut\u00f4t d&rsquo;\u00e9couter tous les deux avec empathie.\u00a0<\/p>\n<\/div>\n\n<div class=\"wp-block block-core-quote\">\n<blockquote class=\"wp-block-quote is-layout-flow wp-block-quote-is-layout-flow\"><p><em>\u00ab Ne cherchons pas \u00e0 trouver des explications pour comprendre les raisons pour lesquelles la situation s&rsquo;est produite. Nous ne voulons pas \u00eatre comme les amis de Job. Donc, au lieu de cela, prions pour les deux pays. Et apprenons \u00e0 faire des choses simples comme demander \u201c Comment vas-tu aujourd&rsquo;hui ? Que se passe-t-il ? \u201d Et accordons-leur toute notre attention. \u00bb<\/em>&nbsp;<\/p><\/blockquote>\n<\/div>\n\n<div class=\"wp-block block-core-paragraph\">\n<p class=\"wp-block-paragraph\">Cette semaine, interc\u00e9dons pour nos fr\u00e8res et s\u0153urs d\u2019Arm\u00e9nie et d\u2019Azerba\u00efdjan. Rejoignez-nous dans la pri\u00e8re pour les sujets suivants :&nbsp;<\/p>\n<\/div>\n\n<div class=\"wp-block block-core-list\">\n<ul class=\"wp-block-list\"><li>Alors que les \u00e9tudiants et les responsables se pressent pour aider ceux qui n&rsquo;ont ni nourriture ni abri, ils sont incapables de faire face \u00e0 leurs propres traumatismes et chagrins. Priez pour la gu\u00e9rison de leur esprit et leur c\u0153ur.&nbsp;<\/li><li>Priez que Dieu donne de la sagesse aux croyants qui sont appel\u00e9s \u00e0 combattre en premi\u00e8re ligne. Demandez \u00e0 Dieu de les aider \u00e0 \u00eatre des t\u00e9moins fid\u00e8les malgr\u00e9 les circonstances.&nbsp;&nbsp;&nbsp;&nbsp;<\/li><li>La semaine derni\u00e8re, le mouvement arm\u00e9nien a appris que l&rsquo;un de ses responsables \u00e9tudiants qui servait en tant que m\u00e9decin avait \u00e9t\u00e9 tu\u00e9. Priez pour eux alors qu&rsquo;ils traversent le deuil. Priez aussi pour ceux des deux pays qui ont perdu des \u00eatres chers&nbsp;<\/li><li>Priez pour que les politiciens concern\u00e9s&nbsp; trouvent un moyen d&rsquo;\u00e9tablir la paix.&nbsp;<\/li><\/ul>\n<\/div>","protected":false},"featured_media":14114,"template":"","area":[538,539,457],"theme":[],"class_list":["post-14113","prayerline","type-prayerline","status-publish","has-post-thumbnail","hentry","area-armenia","area-azerbaijan","area-eurasia"],"acf":[],"yoast_head":"<!-- This site is optimized with the Yoast SEO plugin v27.2 - https:\/\/yoast.com\/product\/yoast-seo-wordpress\/ -->\n<title>Des voisins en conflit &#183; IFES Prayerline<\/title>\n<meta name=\"description\" content=\"Les \u00e9tudiants d&#039;Arm\u00e9nie et d&#039;Azerba\u00efdjan sont confront\u00e9s \u00e0 une guerre atroce l&#039;un contre l&#039;autre. Depuis pr\u00e8s de trente ans, les tensions ethniques se\" \/>\n<meta name=\"robots\" content=\"index, follow, max-snippet:-1, max-image-preview:large, max-video-preview:-1\" \/>\n<link rel=\"canonical\" href=\"https:\/\/ifesworld.org\/fr\/prayerline\/des-voisins-en-conflit\/\" \/>\n<meta property=\"og:locale\" content=\"fr_FR\" \/>\n<meta property=\"og:type\" content=\"article\" \/>\n<meta property=\"og:title\" content=\"Des voisins en conflit &#183; IFES Prayerline\" \/>\n<meta property=\"og:description\" content=\"Les \u00e9tudiants d&#039;Arm\u00e9nie et d&#039;Azerba\u00efdjan sont confront\u00e9s \u00e0 une guerre atroce l&#039;un contre l&#039;autre. Depuis pr\u00e8s de trente ans, les tensions ethniques se\" \/>\n<meta property=\"og:url\" content=\"https:\/\/ifesworld.org\/fr\/prayerline\/des-voisins-en-conflit\/\" \/>\n<meta property=\"og:site_name\" content=\"IFES\" \/>\n<meta property=\"article:modified_time\" content=\"2020-11-03T12:50:45+00:00\" \/>\n<meta property=\"og:image\" content=\"https:\/\/ifesworld.org\/wp-content\/uploads\/2020\/11\/nijwam-swargiary-oMnAKV902LA-unsplash-scaled.jpg\" \/>\n\t<meta property=\"og:image:width\" content=\"2560\" \/>\n\t<meta property=\"og:image:height\" content=\"1709\" \/>\n\t<meta property=\"og:image:type\" content=\"image\/jpeg\" \/>\n<meta name=\"twitter:card\" content=\"summary_large_image\" \/>\n<meta name=\"twitter:label1\" content=\"Dur\u00e9e de lecture estim\u00e9e\" \/>\n\t<meta name=\"twitter:data1\" content=\"2 minutes\" \/>\n<script type=\"application\/ld+json\" class=\"yoast-schema-graph\">{\"@context\":\"https:\/\/schema.org\",\"@graph\":[{\"@type\":\"WebPage\",\"@id\":\"https:\/\/ifesworld.org\/fr\/prayerline\/des-voisins-en-conflit\/\",\"url\":\"https:\/\/ifesworld.org\/fr\/prayerline\/des-voisins-en-conflit\/\",\"name\":\"Des voisins en conflit &#183; IFES Prayerline\",\"isPartOf\":{\"@id\":\"https:\/\/ifesworld.org\/es\/#website\"},\"primaryImageOfPage\":{\"@id\":\"https:\/\/ifesworld.org\/fr\/prayerline\/des-voisins-en-conflit\/#primaryimage\"},\"image\":{\"@id\":\"https:\/\/ifesworld.org\/fr\/prayerline\/des-voisins-en-conflit\/#primaryimage\"},\"thumbnailUrl\":\"https:\/\/ifesworld.org\/wp-content\/uploads\/2020\/11\/nijwam-swargiary-oMnAKV902LA-unsplash-scaled.jpg\",\"datePublished\":\"2020-11-03T05:30:00+00:00\",\"dateModified\":\"2020-11-03T12:50:45+00:00\",\"description\":\"Les \u00e9tudiants d'Arm\u00e9nie et d'Azerba\u00efdjan sont confront\u00e9s \u00e0 une guerre atroce l'un contre l'autre. Depuis pr\u00e8s de trente ans, les tensions ethniques se\",\"breadcrumb\":{\"@id\":\"https:\/\/ifesworld.org\/fr\/prayerline\/des-voisins-en-conflit\/#breadcrumb\"},\"inLanguage\":\"fr-FR\",\"potentialAction\":[{\"@type\":\"ReadAction\",\"target\":[\"https:\/\/ifesworld.org\/fr\/prayerline\/des-voisins-en-conflit\/\"]}]},{\"@type\":\"ImageObject\",\"inLanguage\":\"fr-FR\",\"@id\":\"https:\/\/ifesworld.org\/fr\/prayerline\/des-voisins-en-conflit\/#primaryimage\",\"url\":\"https:\/\/ifesworld.org\/wp-content\/uploads\/2020\/11\/nijwam-swargiary-oMnAKV902LA-unsplash-scaled.jpg\",\"contentUrl\":\"https:\/\/ifesworld.org\/wp-content\/uploads\/2020\/11\/nijwam-swargiary-oMnAKV902LA-unsplash-scaled.jpg\",\"width\":2560,\"height\":1709},{\"@type\":\"BreadcrumbList\",\"@id\":\"https:\/\/ifesworld.org\/fr\/prayerline\/des-voisins-en-conflit\/#breadcrumb\",\"itemListElement\":[{\"@type\":\"ListItem\",\"position\":1,\"name\":\"Home\",\"item\":\"https:\/\/ifesworld.org\/fr\/\"},{\"@type\":\"ListItem\",\"position\":2,\"name\":\"Prayerline\",\"item\":\"https:\/\/ifesworld.org\/en\/prayerline\/\"},{\"@type\":\"ListItem\",\"position\":3,\"name\":\"Des voisins en conflit\"}]},{\"@type\":\"WebSite\",\"@id\":\"https:\/\/ifesworld.org\/es\/#website\",\"url\":\"https:\/\/ifesworld.org\/es\/\",\"name\":\"IFES\",\"description\":\"A movement of students sharing and living out the good news of Jesus Christ. Locally. Nationally. Globally.\",\"publisher\":{\"@id\":\"https:\/\/ifesworld.org\/es\/#organization\"},\"potentialAction\":[{\"@type\":\"SearchAction\",\"target\":{\"@type\":\"EntryPoint\",\"urlTemplate\":\"https:\/\/ifesworld.org\/es\/?s={search_term_string}\"},\"query-input\":{\"@type\":\"PropertyValueSpecification\",\"valueRequired\":true,\"valueName\":\"search_term_string\"}}],\"inLanguage\":\"fr-FR\"},{\"@type\":\"Organization\",\"@id\":\"https:\/\/ifesworld.org\/es\/#organization\",\"name\":\"IFES \u00b7 International Fellowship of Evangelical Students\",\"url\":\"https:\/\/ifesworld.org\/es\/\",\"logo\":{\"@type\":\"ImageObject\",\"inLanguage\":\"fr-FR\",\"@id\":\"https:\/\/ifesworld.org\/es\/#\/schema\/logo\/image\/\",\"url\":\"https:\/\/ifesworld.org\/wp-content\/uploads\/2019\/06\/ifeslogo.png\",\"contentUrl\":\"https:\/\/ifesworld.org\/wp-content\/uploads\/2019\/06\/ifeslogo.png\",\"width\":262,\"height\":262,\"caption\":\"IFES \u00b7 International Fellowship of Evangelical Students\"},\"image\":{\"@id\":\"https:\/\/ifesworld.org\/es\/#\/schema\/logo\/image\/\"}}]}<\/script>\n<!-- \/ Yoast SEO plugin. -->","yoast_head_json":{"title":"Des voisins en conflit &#183; IFES Prayerline","description":"Les \u00e9tudiants d'Arm\u00e9nie et d'Azerba\u00efdjan sont confront\u00e9s \u00e0 une guerre atroce l'un contre l'autre. Depuis pr\u00e8s de trente ans, les tensions ethniques se","robots":{"index":"index","follow":"follow","max-snippet":"max-snippet:-1","max-image-preview":"max-image-preview:large","max-video-preview":"max-video-preview:-1"},"canonical":"https:\/\/ifesworld.org\/fr\/prayerline\/des-voisins-en-conflit\/","og_locale":"fr_FR","og_type":"article","og_title":"Des voisins en conflit &#183; IFES Prayerline","og_description":"Les \u00e9tudiants d'Arm\u00e9nie et d'Azerba\u00efdjan sont confront\u00e9s \u00e0 une guerre atroce l'un contre l'autre. Depuis pr\u00e8s de trente ans, les tensions ethniques se","og_url":"https:\/\/ifesworld.org\/fr\/prayerline\/des-voisins-en-conflit\/","og_site_name":"IFES","article_modified_time":"2020-11-03T12:50:45+00:00","og_image":[{"width":2560,"height":1709,"url":"https:\/\/ifesworld.org\/wp-content\/uploads\/2020\/11\/nijwam-swargiary-oMnAKV902LA-unsplash-scaled.jpg","type":"image\/jpeg"}],"twitter_card":"summary_large_image","twitter_misc":{"Dur\u00e9e de lecture estim\u00e9e":"2 minutes"},"schema":{"@context":"https:\/\/schema.org","@graph":[{"@type":"WebPage","@id":"https:\/\/ifesworld.org\/fr\/prayerline\/des-voisins-en-conflit\/","url":"https:\/\/ifesworld.org\/fr\/prayerline\/des-voisins-en-conflit\/","name":"Des voisins en conflit &#183; IFES Prayerline","isPartOf":{"@id":"https:\/\/ifesworld.org\/es\/#website"},"primaryImageOfPage":{"@id":"https:\/\/ifesworld.org\/fr\/prayerline\/des-voisins-en-conflit\/#primaryimage"},"image":{"@id":"https:\/\/ifesworld.org\/fr\/prayerline\/des-voisins-en-conflit\/#primaryimage"},"thumbnailUrl":"https:\/\/ifesworld.org\/wp-content\/uploads\/2020\/11\/nijwam-swargiary-oMnAKV902LA-unsplash-scaled.jpg","datePublished":"2020-11-03T05:30:00+00:00","dateModified":"2020-11-03T12:50:45+00:00","description":"Les \u00e9tudiants d'Arm\u00e9nie et d'Azerba\u00efdjan sont confront\u00e9s \u00e0 une guerre atroce l'un contre l'autre. Depuis pr\u00e8s de trente ans, les tensions ethniques se","breadcrumb":{"@id":"https:\/\/ifesworld.org\/fr\/prayerline\/des-voisins-en-conflit\/#breadcrumb"},"inLanguage":"fr-FR","potentialAction":[{"@type":"ReadAction","target":["https:\/\/ifesworld.org\/fr\/prayerline\/des-voisins-en-conflit\/"]}]},{"@type":"ImageObject","inLanguage":"fr-FR","@id":"https:\/\/ifesworld.org\/fr\/prayerline\/des-voisins-en-conflit\/#primaryimage","url":"https:\/\/ifesworld.org\/wp-content\/uploads\/2020\/11\/nijwam-swargiary-oMnAKV902LA-unsplash-scaled.jpg","contentUrl":"https:\/\/ifesworld.org\/wp-content\/uploads\/2020\/11\/nijwam-swargiary-oMnAKV902LA-unsplash-scaled.jpg","width":2560,"height":1709},{"@type":"BreadcrumbList","@id":"https:\/\/ifesworld.org\/fr\/prayerline\/des-voisins-en-conflit\/#breadcrumb","itemListElement":[{"@type":"ListItem","position":1,"name":"Home","item":"https:\/\/ifesworld.org\/fr\/"},{"@type":"ListItem","position":2,"name":"Prayerline","item":"https:\/\/ifesworld.org\/en\/prayerline\/"},{"@type":"ListItem","position":3,"name":"Des voisins en conflit"}]},{"@type":"WebSite","@id":"https:\/\/ifesworld.org\/es\/#website","url":"https:\/\/ifesworld.org\/es\/","name":"IFES","description":"A movement of students sharing and living out the good news of Jesus Christ. Locally. Nationally. Globally.","publisher":{"@id":"https:\/\/ifesworld.org\/es\/#organization"},"potentialAction":[{"@type":"SearchAction","target":{"@type":"EntryPoint","urlTemplate":"https:\/\/ifesworld.org\/es\/?s={search_term_string}"},"query-input":{"@type":"PropertyValueSpecification","valueRequired":true,"valueName":"search_term_string"}}],"inLanguage":"fr-FR"},{"@type":"Organization","@id":"https:\/\/ifesworld.org\/es\/#organization","name":"IFES \u00b7 International Fellowship of Evangelical Students","url":"https:\/\/ifesworld.org\/es\/","logo":{"@type":"ImageObject","inLanguage":"fr-FR","@id":"https:\/\/ifesworld.org\/es\/#\/schema\/logo\/image\/","url":"https:\/\/ifesworld.org\/wp-content\/uploads\/2019\/06\/ifeslogo.png","contentUrl":"https:\/\/ifesworld.org\/wp-content\/uploads\/2019\/06\/ifeslogo.png","width":262,"height":262,"caption":"IFES \u00b7 International Fellowship of Evangelical Students"},"image":{"@id":"https:\/\/ifesworld.org\/es\/#\/schema\/logo\/image\/"}}]}},"_links":{"self":[{"href":"https:\/\/ifesworld.org\/fr\/wp-json\/wp\/v2\/prayerline\/14113","targetHints":{"allow":["GET"]}}],"collection":[{"href":"https:\/\/ifesworld.org\/fr\/wp-json\/wp\/v2\/prayerline"}],"about":[{"href":"https:\/\/ifesworld.org\/fr\/wp-json\/wp\/v2\/types\/prayerline"}],"wp:featuredmedia":[{"embeddable":true,"href":"https:\/\/ifesworld.org\/fr\/wp-json\/wp\/v2\/media\/14114"}],"wp:attachment":[{"href":"https:\/\/ifesworld.org\/fr\/wp-json\/wp\/v2\/media?parent=14113"}],"wp:term":[{"taxonomy":"area","embeddable":true,"href":"https:\/\/ifesworld.org\/fr\/wp-json\/wp\/v2\/area?post=14113"},{"taxonomy":"theme","embeddable":true,"href":"https:\/\/ifesworld.org\/fr\/wp-json\/wp\/v2\/theme?post=14113"}],"curies":[{"name":"wp","href":"https:\/\/api.w.org\/{rel}","templated":true}]}}