{"id":14064,"date":"2020-10-27T05:30:00","date_gmt":"2020-10-27T05:30:00","guid":{"rendered":"https:\/\/ifesworld.org\/?post_type=prayerline&#038;p=14064"},"modified":"2023-10-24T20:25:39","modified_gmt":"2023-10-24T19:25:39","slug":"priez-pour-le-nouveau-secretaire-general-de-lifes","status":"publish","type":"prayerline","link":"https:\/\/ifesworld.org\/fr\/prayerline\/priez-pour-le-nouveau-secretaire-general-de-lifes\/","title":{"rendered":"Priez pour le nouveau Secr\u00e9taire g\u00e9n\u00e9ral de l&#39;IFES"},"content":{"rendered":"<div class=\"wp-block block-core-paragraph\">\n<p class=\"wp-block-paragraph\">Apr\u00e8s beaucoup de pri\u00e8re et de demande de discernement, le Conseil d&rsquo;administration de l&rsquo;IFES a re\u00e7u clart\u00e9 et unit\u00e9 pour proposer \u00e0 Tim Adams de devenir le nouveau secr\u00e9taire g\u00e9n\u00e9ral. Tim est actuellement secr\u00e9taire g\u00e9n\u00e9ral adjoint et a servi l&rsquo;IFES pendant pr\u00e8s de 20 ans.\u00a0Il a travaill\u00e9 en \u00e9troite collaboration avec les leaders actuels et anciens de l&rsquo;IFES, tels que le secr\u00e9taire g\u00e9n\u00e9ral par int\u00e9rim Jamil et les anciens secr\u00e9taires g\u00e9n\u00e9raux Daniel Bourdann\u00e9 et Lindsay Brown.\u00a0\u00a0<\/p>\n<\/div>\n\n<div class=\"wp-block block-core-paragraph\">\n<p class=\"wp-block-paragraph\">Les ann\u00e9es de service&nbsp;de Tim au sein de l&rsquo;IFES montrent sa profonde compr\u00e9hension de la mission et ses relations \u00e9tendues \u00e0 travers le r\u00e9seau. Des visites informelles aux mouvements en passant par sa participation \u00e0 de grands \u00e9v\u00e9nements tels que l&rsquo;Assembl\u00e9e mondiale, Tim a connu l&rsquo;IFES dans de nombreux contextes. Au cours de son service au sein de l&rsquo;IFES, il a travaill\u00e9 avec diverses \u00e9quipes pour superviser des projets mondiaux cl\u00e9s tels que D\u00e9fricher de nouveaux territoires, Innovation dans l\u2019\u00e9vang\u00e9lisation, le Groupe consultatif en th\u00e9ologie et le programme de formation en ligne qui en pleine croissance. Tim dirige \u00e9galement l&rsquo;\u00e9quipe du personnel des Bureaux internationaux, qui a lanc\u00e9 le bureau d\u2019Asie en 2016, et veille \u00e0 ce que les services de soutien soient align\u00e9s sur la vision minist\u00e9rielle de l&rsquo;IFES.&nbsp;&nbsp;<\/p>\n<\/div>\n\n<div class=\"wp-block block-core-paragraph\">\n<p class=\"wp-block-paragraph\">Le c\u0153ur de Tim pour le minist\u00e8re de l\u2019IFES et sa vision d\u2019atteindre les \u00e9tudiants avec l\u2019Evangile sont \u00e9vidents.&nbsp;Le Conseil d\u2019administration reconna\u00eet la n\u00e9cessit\u00e9 de renforcer l&rsquo;IFES au milieu des r\u00e9alit\u00e9s changeantes et d&rsquo;unir les mouvements autour d&rsquo;une direction commune du minist\u00e8re. Ils croient que Tim apporte l&rsquo;exp\u00e9rience de leadership chr\u00e9tien, l&rsquo;humilit\u00e9 et la confiance en Dieu pour montrer le chemin. Tim nous raconte :&nbsp;<\/p>\n<\/div>\n\n<div class=\"wp-block block-core-quote\">\n<blockquote class=\"wp-block-quote is-layout-flow wp-block-quote-is-layout-flow\"><div class=\"wp-block block-core-paragraph\">\n<p class=\"wp-block-paragraph\"><em>\u00ab J&rsquo;ai toujours cru que le leadership chr\u00e9tien&nbsp;\u00e9tait fondamentalement une question d&rsquo;intendance. Comme les serviteurs dans Matthieu 25.14-30, Dieu nous a confi\u00e9 une responsabilit\u00e9 importante et nous voulons \u00eatre consid\u00e9r\u00e9s comme \u00ab bons et fid\u00e8les \u00bb lorsque le Seigneur reviendra. En tant que Secr\u00e9taire&nbsp;g\u00e9n\u00e9ral de l&rsquo;IFES, cela signifie rester fid\u00e8le \u00e0 l&rsquo;h\u00e9ritage du minist\u00e8re parmi les \u00e9tudiants, aliment\u00e9 par la pri\u00e8re, centr\u00e9 sur la Bible, centr\u00e9 sur le Christ et ancr\u00e9 localement, qui est la marque de l&rsquo;IFES depuis plus de 70 ans. \u00bb<\/em>&nbsp;<\/p>\n<\/div><\/blockquote>\n<\/div>\n\n<div class=\"wp-block block-core-paragraph\">\n<p class=\"wp-block-paragraph\">R\u00e9jouissez-vous avec nous, car Dieu a r\u00e9pondu \u00e0 notre besoin d&rsquo;un secr\u00e9taire g\u00e9n\u00e9ral. Louez Dieu pour l\u2019engagement dans la pri\u00e8re du Conseil d\u2019administration et du Comit\u00e9 de recherche \u00e0 suivre les conseils de Dieu lors de la prise de cette d\u00e9cision. Louez Dieu pour le leadership fid\u00e8le de Jamil\u00a0et priez pour lui alors qu&rsquo;il reprend son r\u00f4le de Secr\u00e9taire r\u00e9gional MENA. Et enfin, priez avec nous pour Tim et sa famille alors qu\u2019il se pr\u00e9pare \u00e0 assumer ce r\u00f4le en janvier. Tim nous partage les sujets de pri\u00e8re suivants :\u00a0<\/p>\n<\/div>\n\n<div class=\"wp-block block-core-list\">\n<ul class=\"wp-block-list\"><div class=\"wp-block block-core-list-item\">\n<li>\u00ab Je suis reconnaissant \u00e0 Dieu pour mes coll\u00e8gues de l&rsquo;IFES et pour leur partenariat pendant cette p\u00e9riode de changement. Priez pour nous alors que nous entrons dans cette transition et continuons notre minist\u00e8re sans pouvoir voyager.&nbsp;<\/li>\n<\/div><\/ul>\n<\/div>\n\n<div class=\"wp-block block-core-list\">\n<ul class=\"wp-block-list\"><div class=\"wp-block block-core-list-item\">\n<li>Priez pour que Dieu donne de la sagesse et du discernement pendant cette p\u00e9riode de pr\u00e9paration menant au 1er janvier 2021&nbsp;<\/li>\n<\/div>\n\n<div class=\"wp-block block-core-list-item\">\n<li>En me connectant avec le personnel, les \u00e9tudiants et les partenaires, priez pour que je puisse communiquer clairement, bien \u00e9couter et avoir le discernement pour voir ce que Dieu fait parmi nous et o\u00f9 il nous conduit.&nbsp;<\/li>\n<\/div>\n\n<div class=\"wp-block block-core-list-item\">\n<li>Priez pour ma famille. Nous avons d\u00e9m\u00e9nag\u00e9 d\u00e9but septembre et nos trois enfants s\u2019adaptent aux nouvelles \u00e9coles. \u00bb&nbsp;<\/li>\n<\/div><\/ul>\n<\/div>\n\n<div class=\"wp-block block-core-paragraph\">\n<p class=\"wp-block-paragraph\"><\/p>\n<\/div>","protected":false},"featured_media":13589,"template":"","area":[],"theme":[],"class_list":["post-14064","prayerline","type-prayerline","status-publish","has-post-thumbnail","hentry"],"acf":[],"yoast_head":"<!-- This site is optimized with the Yoast SEO plugin v27.2 - https:\/\/yoast.com\/product\/yoast-seo-wordpress\/ -->\n<title>Priez pour le nouveau Secr\u00e9taire g\u00e9n\u00e9ral de l&#039;IFES &#183; IFES Prayerline<\/title>\n<meta name=\"description\" content=\"Apr\u00e8s beaucoup de pri\u00e8re et de demande de discernement, le Conseil d&#039;administration de l&#039;IFES a re\u00e7u clart\u00e9 et unit\u00e9 pour proposer \u00e0 Tim Adams de devenir\" \/>\n<meta name=\"robots\" content=\"index, follow, max-snippet:-1, max-image-preview:large, max-video-preview:-1\" \/>\n<link rel=\"canonical\" href=\"https:\/\/ifesworld.org\/fr\/prayerline\/priez-pour-le-nouveau-secretaire-general-de-lifes\/\" \/>\n<meta property=\"og:locale\" content=\"fr_FR\" \/>\n<meta property=\"og:type\" content=\"article\" \/>\n<meta property=\"og:title\" content=\"Priez pour le nouveau Secr\u00e9taire g\u00e9n\u00e9ral de l&#039;IFES &#183; IFES Prayerline\" \/>\n<meta property=\"og:description\" content=\"Apr\u00e8s beaucoup de pri\u00e8re et de demande de discernement, le Conseil d&#039;administration de l&#039;IFES a re\u00e7u clart\u00e9 et unit\u00e9 pour proposer \u00e0 Tim Adams de devenir\" \/>\n<meta property=\"og:url\" content=\"https:\/\/ifesworld.org\/fr\/prayerline\/priez-pour-le-nouveau-secretaire-general-de-lifes\/\" \/>\n<meta property=\"og:site_name\" content=\"IFES\" \/>\n<meta property=\"article:modified_time\" content=\"2023-10-24T19:25:39+00:00\" \/>\n<meta property=\"og:image\" content=\"https:\/\/ifesworld.org\/wp-content\/uploads\/2020\/10\/NOVO-IFES-20150727-N5D_1857-scaled-e1602513253935.jpg\" \/>\n\t<meta property=\"og:image:width\" content=\"2560\" \/>\n\t<meta property=\"og:image:height\" content=\"1260\" \/>\n\t<meta property=\"og:image:type\" content=\"image\/jpeg\" \/>\n<meta name=\"twitter:card\" content=\"summary_large_image\" \/>\n<meta name=\"twitter:label1\" content=\"Dur\u00e9e de lecture estim\u00e9e\" \/>\n\t<meta name=\"twitter:data1\" content=\"3 minutes\" \/>\n<script type=\"application\/ld+json\" class=\"yoast-schema-graph\">{\"@context\":\"https:\/\/schema.org\",\"@graph\":[{\"@type\":\"WebPage\",\"@id\":\"https:\/\/ifesworld.org\/fr\/prayerline\/priez-pour-le-nouveau-secretaire-general-de-lifes\/\",\"url\":\"https:\/\/ifesworld.org\/fr\/prayerline\/priez-pour-le-nouveau-secretaire-general-de-lifes\/\",\"name\":\"Priez pour le nouveau Secr\u00e9taire g\u00e9n\u00e9ral de l&#39;IFES &#183; IFES Prayerline\",\"isPartOf\":{\"@id\":\"https:\/\/ifesworld.org\/es\/#website\"},\"primaryImageOfPage\":{\"@id\":\"https:\/\/ifesworld.org\/fr\/prayerline\/priez-pour-le-nouveau-secretaire-general-de-lifes\/#primaryimage\"},\"image\":{\"@id\":\"https:\/\/ifesworld.org\/fr\/prayerline\/priez-pour-le-nouveau-secretaire-general-de-lifes\/#primaryimage\"},\"thumbnailUrl\":\"https:\/\/ifesworld.org\/wp-content\/uploads\/2020\/10\/NOVO-IFES-20150727-N5D_1857-scaled-e1602513253935.jpg\",\"datePublished\":\"2020-10-27T05:30:00+00:00\",\"dateModified\":\"2023-10-24T19:25:39+00:00\",\"description\":\"Apr\u00e8s beaucoup de pri\u00e8re et de demande de discernement, le Conseil d'administration de l'IFES a re\u00e7u clart\u00e9 et unit\u00e9 pour proposer \u00e0 Tim Adams de devenir\",\"breadcrumb\":{\"@id\":\"https:\/\/ifesworld.org\/fr\/prayerline\/priez-pour-le-nouveau-secretaire-general-de-lifes\/#breadcrumb\"},\"inLanguage\":\"fr-FR\",\"potentialAction\":[{\"@type\":\"ReadAction\",\"target\":[\"https:\/\/ifesworld.org\/fr\/prayerline\/priez-pour-le-nouveau-secretaire-general-de-lifes\/\"]}]},{\"@type\":\"ImageObject\",\"inLanguage\":\"fr-FR\",\"@id\":\"https:\/\/ifesworld.org\/fr\/prayerline\/priez-pour-le-nouveau-secretaire-general-de-lifes\/#primaryimage\",\"url\":\"https:\/\/ifesworld.org\/wp-content\/uploads\/2020\/10\/NOVO-IFES-20150727-N5D_1857-scaled-e1602513253935.jpg\",\"contentUrl\":\"https:\/\/ifesworld.org\/wp-content\/uploads\/2020\/10\/NOVO-IFES-20150727-N5D_1857-scaled-e1602513253935.jpg\",\"width\":2560,\"height\":1260},{\"@type\":\"BreadcrumbList\",\"@id\":\"https:\/\/ifesworld.org\/fr\/prayerline\/priez-pour-le-nouveau-secretaire-general-de-lifes\/#breadcrumb\",\"itemListElement\":[{\"@type\":\"ListItem\",\"position\":1,\"name\":\"Home\",\"item\":\"https:\/\/ifesworld.org\/fr\/\"},{\"@type\":\"ListItem\",\"position\":2,\"name\":\"Prayerline\",\"item\":\"https:\/\/ifesworld.org\/en\/prayerline\/\"},{\"@type\":\"ListItem\",\"position\":3,\"name\":\"Priez pour le nouveau Secr\u00e9taire g\u00e9n\u00e9ral de l&#39;IFES\"}]},{\"@type\":\"WebSite\",\"@id\":\"https:\/\/ifesworld.org\/es\/#website\",\"url\":\"https:\/\/ifesworld.org\/es\/\",\"name\":\"IFES\",\"description\":\"A movement of students sharing and living out the good news of Jesus Christ. Locally. Nationally. Globally.\",\"publisher\":{\"@id\":\"https:\/\/ifesworld.org\/es\/#organization\"},\"potentialAction\":[{\"@type\":\"SearchAction\",\"target\":{\"@type\":\"EntryPoint\",\"urlTemplate\":\"https:\/\/ifesworld.org\/es\/?s={search_term_string}\"},\"query-input\":{\"@type\":\"PropertyValueSpecification\",\"valueRequired\":true,\"valueName\":\"search_term_string\"}}],\"inLanguage\":\"fr-FR\"},{\"@type\":\"Organization\",\"@id\":\"https:\/\/ifesworld.org\/es\/#organization\",\"name\":\"IFES \u00b7 International Fellowship of Evangelical Students\",\"url\":\"https:\/\/ifesworld.org\/es\/\",\"logo\":{\"@type\":\"ImageObject\",\"inLanguage\":\"fr-FR\",\"@id\":\"https:\/\/ifesworld.org\/es\/#\/schema\/logo\/image\/\",\"url\":\"https:\/\/ifesworld.org\/wp-content\/uploads\/2019\/06\/ifeslogo.png\",\"contentUrl\":\"https:\/\/ifesworld.org\/wp-content\/uploads\/2019\/06\/ifeslogo.png\",\"width\":262,\"height\":262,\"caption\":\"IFES \u00b7 International Fellowship of Evangelical Students\"},\"image\":{\"@id\":\"https:\/\/ifesworld.org\/es\/#\/schema\/logo\/image\/\"}}]}<\/script>\n<!-- \/ Yoast SEO plugin. -->","yoast_head_json":{"title":"Priez pour le nouveau Secr\u00e9taire g\u00e9n\u00e9ral de l&#39;IFES &#183; IFES Prayerline","description":"Apr\u00e8s beaucoup de pri\u00e8re et de demande de discernement, le Conseil d'administration de l'IFES a re\u00e7u clart\u00e9 et unit\u00e9 pour proposer \u00e0 Tim Adams de devenir","robots":{"index":"index","follow":"follow","max-snippet":"max-snippet:-1","max-image-preview":"max-image-preview:large","max-video-preview":"max-video-preview:-1"},"canonical":"https:\/\/ifesworld.org\/fr\/prayerline\/priez-pour-le-nouveau-secretaire-general-de-lifes\/","og_locale":"fr_FR","og_type":"article","og_title":"Priez pour le nouveau Secr\u00e9taire g\u00e9n\u00e9ral de l&#39;IFES &#183; IFES Prayerline","og_description":"Apr\u00e8s beaucoup de pri\u00e8re et de demande de discernement, le Conseil d'administration de l'IFES a re\u00e7u clart\u00e9 et unit\u00e9 pour proposer \u00e0 Tim Adams de devenir","og_url":"https:\/\/ifesworld.org\/fr\/prayerline\/priez-pour-le-nouveau-secretaire-general-de-lifes\/","og_site_name":"IFES","article_modified_time":"2023-10-24T19:25:39+00:00","og_image":[{"width":2560,"height":1260,"url":"https:\/\/ifesworld.org\/wp-content\/uploads\/2020\/10\/NOVO-IFES-20150727-N5D_1857-scaled-e1602513253935.jpg","type":"image\/jpeg"}],"twitter_card":"summary_large_image","twitter_misc":{"Dur\u00e9e de lecture estim\u00e9e":"3 minutes"},"schema":{"@context":"https:\/\/schema.org","@graph":[{"@type":"WebPage","@id":"https:\/\/ifesworld.org\/fr\/prayerline\/priez-pour-le-nouveau-secretaire-general-de-lifes\/","url":"https:\/\/ifesworld.org\/fr\/prayerline\/priez-pour-le-nouveau-secretaire-general-de-lifes\/","name":"Priez pour le nouveau Secr\u00e9taire g\u00e9n\u00e9ral de l&#39;IFES &#183; IFES Prayerline","isPartOf":{"@id":"https:\/\/ifesworld.org\/es\/#website"},"primaryImageOfPage":{"@id":"https:\/\/ifesworld.org\/fr\/prayerline\/priez-pour-le-nouveau-secretaire-general-de-lifes\/#primaryimage"},"image":{"@id":"https:\/\/ifesworld.org\/fr\/prayerline\/priez-pour-le-nouveau-secretaire-general-de-lifes\/#primaryimage"},"thumbnailUrl":"https:\/\/ifesworld.org\/wp-content\/uploads\/2020\/10\/NOVO-IFES-20150727-N5D_1857-scaled-e1602513253935.jpg","datePublished":"2020-10-27T05:30:00+00:00","dateModified":"2023-10-24T19:25:39+00:00","description":"Apr\u00e8s beaucoup de pri\u00e8re et de demande de discernement, le Conseil d'administration de l'IFES a re\u00e7u clart\u00e9 et unit\u00e9 pour proposer \u00e0 Tim Adams de devenir","breadcrumb":{"@id":"https:\/\/ifesworld.org\/fr\/prayerline\/priez-pour-le-nouveau-secretaire-general-de-lifes\/#breadcrumb"},"inLanguage":"fr-FR","potentialAction":[{"@type":"ReadAction","target":["https:\/\/ifesworld.org\/fr\/prayerline\/priez-pour-le-nouveau-secretaire-general-de-lifes\/"]}]},{"@type":"ImageObject","inLanguage":"fr-FR","@id":"https:\/\/ifesworld.org\/fr\/prayerline\/priez-pour-le-nouveau-secretaire-general-de-lifes\/#primaryimage","url":"https:\/\/ifesworld.org\/wp-content\/uploads\/2020\/10\/NOVO-IFES-20150727-N5D_1857-scaled-e1602513253935.jpg","contentUrl":"https:\/\/ifesworld.org\/wp-content\/uploads\/2020\/10\/NOVO-IFES-20150727-N5D_1857-scaled-e1602513253935.jpg","width":2560,"height":1260},{"@type":"BreadcrumbList","@id":"https:\/\/ifesworld.org\/fr\/prayerline\/priez-pour-le-nouveau-secretaire-general-de-lifes\/#breadcrumb","itemListElement":[{"@type":"ListItem","position":1,"name":"Home","item":"https:\/\/ifesworld.org\/fr\/"},{"@type":"ListItem","position":2,"name":"Prayerline","item":"https:\/\/ifesworld.org\/en\/prayerline\/"},{"@type":"ListItem","position":3,"name":"Priez pour le nouveau Secr\u00e9taire g\u00e9n\u00e9ral de l&#39;IFES"}]},{"@type":"WebSite","@id":"https:\/\/ifesworld.org\/es\/#website","url":"https:\/\/ifesworld.org\/es\/","name":"IFES","description":"A movement of students sharing and living out the good news of Jesus Christ. Locally. Nationally. Globally.","publisher":{"@id":"https:\/\/ifesworld.org\/es\/#organization"},"potentialAction":[{"@type":"SearchAction","target":{"@type":"EntryPoint","urlTemplate":"https:\/\/ifesworld.org\/es\/?s={search_term_string}"},"query-input":{"@type":"PropertyValueSpecification","valueRequired":true,"valueName":"search_term_string"}}],"inLanguage":"fr-FR"},{"@type":"Organization","@id":"https:\/\/ifesworld.org\/es\/#organization","name":"IFES \u00b7 International Fellowship of Evangelical Students","url":"https:\/\/ifesworld.org\/es\/","logo":{"@type":"ImageObject","inLanguage":"fr-FR","@id":"https:\/\/ifesworld.org\/es\/#\/schema\/logo\/image\/","url":"https:\/\/ifesworld.org\/wp-content\/uploads\/2019\/06\/ifeslogo.png","contentUrl":"https:\/\/ifesworld.org\/wp-content\/uploads\/2019\/06\/ifeslogo.png","width":262,"height":262,"caption":"IFES \u00b7 International Fellowship of Evangelical Students"},"image":{"@id":"https:\/\/ifesworld.org\/es\/#\/schema\/logo\/image\/"}}]}},"_links":{"self":[{"href":"https:\/\/ifesworld.org\/fr\/wp-json\/wp\/v2\/prayerline\/14064","targetHints":{"allow":["GET"]}}],"collection":[{"href":"https:\/\/ifesworld.org\/fr\/wp-json\/wp\/v2\/prayerline"}],"about":[{"href":"https:\/\/ifesworld.org\/fr\/wp-json\/wp\/v2\/types\/prayerline"}],"wp:featuredmedia":[{"embeddable":true,"href":"https:\/\/ifesworld.org\/fr\/wp-json\/wp\/v2\/media\/13589"}],"wp:attachment":[{"href":"https:\/\/ifesworld.org\/fr\/wp-json\/wp\/v2\/media?parent=14064"}],"wp:term":[{"taxonomy":"area","embeddable":true,"href":"https:\/\/ifesworld.org\/fr\/wp-json\/wp\/v2\/area?post=14064"},{"taxonomy":"theme","embeddable":true,"href":"https:\/\/ifesworld.org\/fr\/wp-json\/wp\/v2\/theme?post=14064"}],"curies":[{"name":"wp","href":"https:\/\/api.w.org\/{rel}","templated":true}]}}