{"id":13292,"date":"2020-09-08T05:10:00","date_gmt":"2020-09-08T04:10:00","guid":{"rendered":"https:\/\/ifesworld.org\/?post_type=prayerline&#038;p=13292"},"modified":"2020-09-07T15:47:03","modified_gmt":"2020-09-07T14:47:03","slug":"des-jeunes-leaders-grandissent-ensemble","status":"publish","type":"prayerline","link":"https:\/\/ifesworld.org\/fr\/prayerline\/des-jeunes-leaders-grandissent-ensemble\/","title":{"rendered":"Des jeunes leaders grandissent ensemble"},"content":{"rendered":"<div class=\"wp-block block-core-paragraph\">\n<p class=\"wp-block-paragraph\">Le minist\u00e8re se poursuit par la multiplication. Nous exp\u00e9rimentons la multiplication lorsque l\u2019on donne aux \u00e9tudiants l\u2019opportunit\u00e9 d\u2019\u00eatre form\u00e9s pour diriger. Tous les deux ans, IFES Europe multiplie ses efforts en investissant dans ses leaders \u00e9tudiants \u00e0 travers la formaci\u00f3n au leadership \u00e9tudiant (SLF). Il s\u2019agit d\u2019une conf\u00e9rence qui propose un mentorat aux jeunes leaders \u00e0 travers l&rsquo;Europe Sem Thomas, de l&rsquo;IFES Belgique, a suivi cette formation en 2009. Maintenant, il est membre du personnel \u00e0 plein temps de son mouvement. Il dit qu&rsquo;il est toujours en contact avec au moins six anciens participants de la R\u00e9gion Flamande. Chaque personne est soit un responsable d&rsquo;\u00e9glise, soit elle a servi dans un mouvement pendant plusieurs ann\u00e9es. Sem nous raconte :<\/p>\n<\/div>\n\n<div class=\"wp-block block-core-quote is-style-default\">\n<blockquote class=\"wp-block-quote is-style-default is-layout-flow wp-block-quote-is-layout-flow\"><p><em>\u00ab Tous ont depuis grandi en tant que leaders. J&rsquo;esp\u00e8re vraiment que SLF aura fa\u00e7onn\u00e9 leur mani\u00e8re de diriger aujourd\u2019hui.\u00a0\u00bb<\/em><\/p><\/blockquote>\n<\/div>\n\n<div class=\"wp-block block-core-paragraph\">\n<p class=\"wp-block-paragraph\">Sem a \u00e9galement vu ses propres \u00e9tudiants grandir apr\u00e8s avoir particip\u00e9 \u00e0 la SLF. Ruth \u00e9tait une \u00e9tudiante chez qui on apercevait un potentiel de leadership. Suite au conseil de participer \u00e0 SLF, Ruth s\u2019y senti \u00e9quip\u00e9e pour s\u2019investir dans des nouveaux r\u00f4les.<\/p>\n<\/div>\n\n<div class=\"wp-block block-core-quote is-style-default\">\n<blockquote class=\"wp-block-quote is-style-default is-layout-flow wp-block-quote-is-layout-flow\"><p><em>\u00ab\u00a0J\u2019ai conseill\u00e9 \u00e0 Ruth de participer \u00e0 SLF afin de l\u2019aider \u00e0 mieux voir le potentiel qu\u2019elle poss\u00e8de. Apr\u00e8s avoir particip\u00e9 \u00e0 la SLF, elle a d\u00e9cid\u00e9 de s&rsquo;impliquer davantage dans son groupe d&rsquo;\u00e9tudiants local, dont elle est devenue pr\u00e9sidente. Plus tard, elle a rejoint notre \u00e9quipe de personnel et est retourn\u00e9e \u00e0 SLF en tant que leader de groupe communautaire. Ensuite, elle est revenue pour faire partie de l&rsquo;\u00e9quipe d&rsquo;organisation.\u00a0\u00bb <\/em><\/p><\/blockquote>\n<\/div>\n\n<div class=\"wp-block block-core-paragraph\">\n<p class=\"wp-block-paragraph\">Cette ann\u00e9e, SLF se d\u00e9roulera d\u2019une fa\u00e7on diff\u00e9rente en raison de la COVID-19. Ce qui \u00e9tait autrefois une conf\u00e9rence de deux semaines a maintenant \u00e9t\u00e9 transform\u00e9 en un cours de 10 mois pour compenser le fait qu\u2019elle sera en ligne. Bien que le format ait chang\u00e9, les objectifs demeurent les m\u00eames. Les participants franchiront les barri\u00e8res culturelles pour collaborer, cr\u00e9er et apprendre tout en \u00e9tant accompagn\u00e9s par un mentor. La formation portera en particulier sur l&rsquo;\u00e9quipement des jeunes leaders pour qu&rsquo;ils s&rsquo;adaptent aux circonstances changeantes.<\/p>\n<\/div>\n\n<div class=\"wp-block block-core-paragraph\">\n<p class=\"wp-block-paragraph\">La SLF commence ce mois-ci, alors cette semaine prions pour les jeunes leaders concern\u00e9s.<\/p>\n<\/div>\n\n<div class=\"wp-block block-core-list\">\n<ul class=\"wp-block-list\"><li>Priez pour le nouveau format en ligne. Priez pour le bon fonctionnement de la technologie et la connexion internet. Priez \u00e9galement pour que les participants ressentent un fort sentiment de communaut\u00e9 avec leurs pairs m\u00eame s&rsquo;ils ne se rencontreront pas en personne.<\/li><li>Priez pour que les participants se sentent guid\u00e9s. Priez que Dieu leur r\u00e9v\u00e8le les domaines dans lesquels ils ont des dons. Priez pour qu&rsquo;ils apprennent comment utiliser ces dons pour servir les autres.Priez pour les organisateurs.<\/li><li>Priez pour qu\u2019ils puissent bien s\u2019adapter \u00e0 ce nouveau format et bien s\u2019organiser tout en ayant plusieurs id\u00e9es cr\u00e9atives. Priez pour que Dieu leur donne de la sagesse pendant qu&rsquo;ils encadrent et guident les participants.<\/li><\/ul>\n<\/div>","protected":false},"featured_media":13289,"template":"","area":[553,458],"theme":[],"class_list":["post-13292","prayerline","type-prayerline","status-publish","has-post-thumbnail","hentry","area-belgium","area-europe"],"acf":[],"yoast_head":"<!-- This site is optimized with the Yoast SEO plugin v27.2 - https:\/\/yoast.com\/product\/yoast-seo-wordpress\/ -->\n<title>Des jeunes leaders grandissent ensemble &#183; IFES Prayerline<\/title>\n<meta name=\"description\" content=\"Le minist\u00e8re se poursuit par la multiplication. Nous exp\u00e9rimentons la multiplication lorsque l\u2019on donne aux \u00e9tudiants l\u2019opportunit\u00e9 d\u2019\u00eatre form\u00e9s pour\" \/>\n<meta name=\"robots\" content=\"index, follow, max-snippet:-1, max-image-preview:large, max-video-preview:-1\" \/>\n<link rel=\"canonical\" href=\"https:\/\/ifesworld.org\/en\/prayerline\/young-leaders-grow-together\/\" \/>\n<meta property=\"og:locale\" content=\"fr_FR\" \/>\n<meta property=\"og:type\" content=\"article\" \/>\n<meta property=\"og:title\" content=\"Des jeunes leaders grandissent ensemble &#183; IFES Prayerline\" \/>\n<meta property=\"og:description\" content=\"Le minist\u00e8re se poursuit par la multiplication. Nous exp\u00e9rimentons la multiplication lorsque l\u2019on donne aux \u00e9tudiants l\u2019opportunit\u00e9 d\u2019\u00eatre form\u00e9s pour\" \/>\n<meta property=\"og:url\" content=\"https:\/\/ifesworld.org\/en\/prayerline\/young-leaders-grow-together\/\" \/>\n<meta property=\"og:site_name\" content=\"IFES\" \/>\n<meta property=\"og:image\" content=\"https:\/\/ifesworld.org\/wp-content\/uploads\/2020\/09\/prayerline-belgium.jpg\" \/>\n\t<meta property=\"og:image:width\" content=\"640\" \/>\n\t<meta property=\"og:image:height\" content=\"427\" \/>\n\t<meta property=\"og:image:type\" content=\"image\/jpeg\" \/>\n<meta name=\"twitter:card\" content=\"summary_large_image\" \/>\n<meta name=\"twitter:label1\" content=\"Dur\u00e9e de lecture estim\u00e9e\" \/>\n\t<meta name=\"twitter:data1\" content=\"3 minutes\" \/>\n<script type=\"application\/ld+json\" class=\"yoast-schema-graph\">{\"@context\":\"https:\/\/schema.org\",\"@graph\":[{\"@type\":\"WebPage\",\"@id\":\"https:\/\/ifesworld.org\/en\/prayerline\/young-leaders-grow-together\/\",\"url\":\"https:\/\/ifesworld.org\/en\/prayerline\/young-leaders-grow-together\/\",\"name\":\"Des jeunes leaders grandissent ensemble &#183; IFES Prayerline\",\"isPartOf\":{\"@id\":\"https:\/\/ifesworld.org\/es\/#website\"},\"primaryImageOfPage\":{\"@id\":\"https:\/\/ifesworld.org\/en\/prayerline\/young-leaders-grow-together\/#primaryimage\"},\"image\":{\"@id\":\"https:\/\/ifesworld.org\/en\/prayerline\/young-leaders-grow-together\/#primaryimage\"},\"thumbnailUrl\":\"https:\/\/ifesworld.org\/wp-content\/uploads\/2020\/09\/prayerline-belgium.jpg\",\"datePublished\":\"2020-09-08T04:10:00+00:00\",\"description\":\"Le minist\u00e8re se poursuit par la multiplication. Nous exp\u00e9rimentons la multiplication lorsque l\u2019on donne aux \u00e9tudiants l\u2019opportunit\u00e9 d\u2019\u00eatre form\u00e9s pour\",\"breadcrumb\":{\"@id\":\"https:\/\/ifesworld.org\/en\/prayerline\/young-leaders-grow-together\/#breadcrumb\"},\"inLanguage\":\"fr-FR\",\"potentialAction\":[{\"@type\":\"ReadAction\",\"target\":[\"https:\/\/ifesworld.org\/en\/prayerline\/young-leaders-grow-together\/\"]}]},{\"@type\":\"ImageObject\",\"inLanguage\":\"fr-FR\",\"@id\":\"https:\/\/ifesworld.org\/en\/prayerline\/young-leaders-grow-together\/#primaryimage\",\"url\":\"https:\/\/ifesworld.org\/wp-content\/uploads\/2020\/09\/prayerline-belgium.jpg\",\"contentUrl\":\"https:\/\/ifesworld.org\/wp-content\/uploads\/2020\/09\/prayerline-belgium.jpg\",\"width\":640,\"height\":427},{\"@type\":\"BreadcrumbList\",\"@id\":\"https:\/\/ifesworld.org\/en\/prayerline\/young-leaders-grow-together\/#breadcrumb\",\"itemListElement\":[{\"@type\":\"ListItem\",\"position\":1,\"name\":\"Home\",\"item\":\"https:\/\/ifesworld.org\/fr\/\"},{\"@type\":\"ListItem\",\"position\":2,\"name\":\"Prayerline\",\"item\":\"https:\/\/ifesworld.org\/en\/prayerline\/\"},{\"@type\":\"ListItem\",\"position\":3,\"name\":\"Des jeunes leaders grandissent ensemble\"}]},{\"@type\":\"WebSite\",\"@id\":\"https:\/\/ifesworld.org\/es\/#website\",\"url\":\"https:\/\/ifesworld.org\/es\/\",\"name\":\"IFES\",\"description\":\"A movement of students sharing and living out the good news of Jesus Christ. Locally. Nationally. Globally.\",\"publisher\":{\"@id\":\"https:\/\/ifesworld.org\/es\/#organization\"},\"potentialAction\":[{\"@type\":\"SearchAction\",\"target\":{\"@type\":\"EntryPoint\",\"urlTemplate\":\"https:\/\/ifesworld.org\/es\/?s={search_term_string}\"},\"query-input\":{\"@type\":\"PropertyValueSpecification\",\"valueRequired\":true,\"valueName\":\"search_term_string\"}}],\"inLanguage\":\"fr-FR\"},{\"@type\":\"Organization\",\"@id\":\"https:\/\/ifesworld.org\/es\/#organization\",\"name\":\"IFES \u00b7 International Fellowship of Evangelical Students\",\"url\":\"https:\/\/ifesworld.org\/es\/\",\"logo\":{\"@type\":\"ImageObject\",\"inLanguage\":\"fr-FR\",\"@id\":\"https:\/\/ifesworld.org\/es\/#\/schema\/logo\/image\/\",\"url\":\"https:\/\/ifesworld.org\/wp-content\/uploads\/2019\/06\/ifeslogo.png\",\"contentUrl\":\"https:\/\/ifesworld.org\/wp-content\/uploads\/2019\/06\/ifeslogo.png\",\"width\":262,\"height\":262,\"caption\":\"IFES \u00b7 International Fellowship of Evangelical Students\"},\"image\":{\"@id\":\"https:\/\/ifesworld.org\/es\/#\/schema\/logo\/image\/\"}}]}<\/script>\n<!-- \/ Yoast SEO plugin. -->","yoast_head_json":{"title":"Des jeunes leaders grandissent ensemble &#183; IFES Prayerline","description":"Le minist\u00e8re se poursuit par la multiplication. Nous exp\u00e9rimentons la multiplication lorsque l\u2019on donne aux \u00e9tudiants l\u2019opportunit\u00e9 d\u2019\u00eatre form\u00e9s pour","robots":{"index":"index","follow":"follow","max-snippet":"max-snippet:-1","max-image-preview":"max-image-preview:large","max-video-preview":"max-video-preview:-1"},"canonical":"https:\/\/ifesworld.org\/en\/prayerline\/young-leaders-grow-together\/","og_locale":"fr_FR","og_type":"article","og_title":"Des jeunes leaders grandissent ensemble &#183; IFES Prayerline","og_description":"Le minist\u00e8re se poursuit par la multiplication. Nous exp\u00e9rimentons la multiplication lorsque l\u2019on donne aux \u00e9tudiants l\u2019opportunit\u00e9 d\u2019\u00eatre form\u00e9s pour","og_url":"https:\/\/ifesworld.org\/en\/prayerline\/young-leaders-grow-together\/","og_site_name":"IFES","og_image":[{"width":640,"height":427,"url":"https:\/\/ifesworld.org\/wp-content\/uploads\/2020\/09\/prayerline-belgium.jpg","type":"image\/jpeg"}],"twitter_card":"summary_large_image","twitter_misc":{"Dur\u00e9e de lecture estim\u00e9e":"3 minutes"},"schema":{"@context":"https:\/\/schema.org","@graph":[{"@type":"WebPage","@id":"https:\/\/ifesworld.org\/en\/prayerline\/young-leaders-grow-together\/","url":"https:\/\/ifesworld.org\/en\/prayerline\/young-leaders-grow-together\/","name":"Des jeunes leaders grandissent ensemble &#183; IFES Prayerline","isPartOf":{"@id":"https:\/\/ifesworld.org\/es\/#website"},"primaryImageOfPage":{"@id":"https:\/\/ifesworld.org\/en\/prayerline\/young-leaders-grow-together\/#primaryimage"},"image":{"@id":"https:\/\/ifesworld.org\/en\/prayerline\/young-leaders-grow-together\/#primaryimage"},"thumbnailUrl":"https:\/\/ifesworld.org\/wp-content\/uploads\/2020\/09\/prayerline-belgium.jpg","datePublished":"2020-09-08T04:10:00+00:00","description":"Le minist\u00e8re se poursuit par la multiplication. Nous exp\u00e9rimentons la multiplication lorsque l\u2019on donne aux \u00e9tudiants l\u2019opportunit\u00e9 d\u2019\u00eatre form\u00e9s pour","breadcrumb":{"@id":"https:\/\/ifesworld.org\/en\/prayerline\/young-leaders-grow-together\/#breadcrumb"},"inLanguage":"fr-FR","potentialAction":[{"@type":"ReadAction","target":["https:\/\/ifesworld.org\/en\/prayerline\/young-leaders-grow-together\/"]}]},{"@type":"ImageObject","inLanguage":"fr-FR","@id":"https:\/\/ifesworld.org\/en\/prayerline\/young-leaders-grow-together\/#primaryimage","url":"https:\/\/ifesworld.org\/wp-content\/uploads\/2020\/09\/prayerline-belgium.jpg","contentUrl":"https:\/\/ifesworld.org\/wp-content\/uploads\/2020\/09\/prayerline-belgium.jpg","width":640,"height":427},{"@type":"BreadcrumbList","@id":"https:\/\/ifesworld.org\/en\/prayerline\/young-leaders-grow-together\/#breadcrumb","itemListElement":[{"@type":"ListItem","position":1,"name":"Home","item":"https:\/\/ifesworld.org\/fr\/"},{"@type":"ListItem","position":2,"name":"Prayerline","item":"https:\/\/ifesworld.org\/en\/prayerline\/"},{"@type":"ListItem","position":3,"name":"Des jeunes leaders grandissent ensemble"}]},{"@type":"WebSite","@id":"https:\/\/ifesworld.org\/es\/#website","url":"https:\/\/ifesworld.org\/es\/","name":"IFES","description":"A movement of students sharing and living out the good news of Jesus Christ. Locally. Nationally. Globally.","publisher":{"@id":"https:\/\/ifesworld.org\/es\/#organization"},"potentialAction":[{"@type":"SearchAction","target":{"@type":"EntryPoint","urlTemplate":"https:\/\/ifesworld.org\/es\/?s={search_term_string}"},"query-input":{"@type":"PropertyValueSpecification","valueRequired":true,"valueName":"search_term_string"}}],"inLanguage":"fr-FR"},{"@type":"Organization","@id":"https:\/\/ifesworld.org\/es\/#organization","name":"IFES \u00b7 International Fellowship of Evangelical Students","url":"https:\/\/ifesworld.org\/es\/","logo":{"@type":"ImageObject","inLanguage":"fr-FR","@id":"https:\/\/ifesworld.org\/es\/#\/schema\/logo\/image\/","url":"https:\/\/ifesworld.org\/wp-content\/uploads\/2019\/06\/ifeslogo.png","contentUrl":"https:\/\/ifesworld.org\/wp-content\/uploads\/2019\/06\/ifeslogo.png","width":262,"height":262,"caption":"IFES \u00b7 International Fellowship of Evangelical Students"},"image":{"@id":"https:\/\/ifesworld.org\/es\/#\/schema\/logo\/image\/"}}]}},"_links":{"self":[{"href":"https:\/\/ifesworld.org\/fr\/wp-json\/wp\/v2\/prayerline\/13292","targetHints":{"allow":["GET"]}}],"collection":[{"href":"https:\/\/ifesworld.org\/fr\/wp-json\/wp\/v2\/prayerline"}],"about":[{"href":"https:\/\/ifesworld.org\/fr\/wp-json\/wp\/v2\/types\/prayerline"}],"wp:featuredmedia":[{"embeddable":true,"href":"https:\/\/ifesworld.org\/fr\/wp-json\/wp\/v2\/media\/13289"}],"wp:attachment":[{"href":"https:\/\/ifesworld.org\/fr\/wp-json\/wp\/v2\/media?parent=13292"}],"wp:term":[{"taxonomy":"area","embeddable":true,"href":"https:\/\/ifesworld.org\/fr\/wp-json\/wp\/v2\/area?post=13292"},{"taxonomy":"theme","embeddable":true,"href":"https:\/\/ifesworld.org\/fr\/wp-json\/wp\/v2\/theme?post=13292"}],"curies":[{"name":"wp","href":"https:\/\/api.w.org\/{rel}","templated":true}]}}