{"id":12265,"date":"2020-05-19T05:30:00","date_gmt":"2020-05-19T04:30:00","guid":{"rendered":"https:\/\/ifesworld.org\/?post_type=prayerline&#038;p=12265"},"modified":"2020-05-29T17:34:32","modified_gmt":"2020-05-29T16:34:32","slug":"le-vanuatu-en-reconstruction","status":"publish","type":"prayerline","link":"https:\/\/ifesworld.org\/fr\/prayerline\/le-vanuatu-en-reconstruction\/","title":{"rendered":"Face aux cons\u00e9quences du cyclone pendant la COVID-19, les \u00e9tudiants se retrouvent confront\u00e9s \u00e0 des probl\u00e8mes de communication"},"content":{"rendered":"<div class=\"wp-block block-core-paragraph\">\n<p class=\"wp-block-paragraph\">Voici le Vanuatu, un endroit qui n\u2019a pas \u00e9t\u00e9 touch\u00e9 par le coronavirus. Surprenant, n\u2019est-ce pas ? Cet \u00c9tat insulaire situ\u00e9 dans le sud de l&rsquo;oc\u00e9an Pacifique est l\u2019un des rares pays qui n\u2019a pas confirm\u00e9 de cas positifs au coronavirus. Cependant, la plus grande protection de l\u2019\u00eele &#8211; l\u2019\u00e9loignement &#8211; est aussi sa plus grande faiblesse.<\/p>\n<\/div>\n\n<div class=\"wp-block block-core-paragraph\">\n<p class=\"wp-block-paragraph\">Ce petit pays avait ferm\u00e9 ses fronti\u00e8res \u00e0 tous les \u00e9trangers, y compris les travailleurs humanitaires, lorsque le cyclone Harold frappa les \u00eeles, d\u00e9truisant les cultures et les infrastructures, et tuant 27 personnes. L&rsquo;\u00e9conomie du pays \u00e9tant si fragile, les dommages caus\u00e9s \u00e0 l&rsquo;approvisionnement alimentaire cr\u00e9eront des probl\u00e8mes majeurs pour ceux qui se trouvent d\u00e9j\u00e0 en difficult\u00e9. Les fronti\u00e8res ferm\u00e9es et les mauvais r\u00e9seaux de communication signifient \u00e9galement que tout soutien \u00e9tranger est consid\u00e9rablement limit\u00e9.<\/p>\n<\/div>\n\n<div class=\"wp-block block-core-paragraph\">\n<p class=\"wp-block-paragraph\">A cause de ces d\u00e9fis, la situation est particuli\u00e8rement frustrante pour Joel et Tiffanie Atwood, les leaders du projet D\u00e9fricher de nouveaux territoires au Vanuatu. Les Atwood se sont install\u00e9s au Vanuatu pour lancer un mouvement de l\u2019IFES parmi les \u00e9tudiants universitaires et pour former les futurs responsables du minist\u00e8re dans les domaines de la th\u00e9ologie et la pr\u00e9dication. Cependant, ils sont actuellement bloqu\u00e9s en Australie en raison de la fermeture des fronti\u00e8res. Joel nous raconte :<\/p>\n<\/div>\n\n<div class=\"wp-block block-core-paragraph\">\n<p class=\"wp-block-paragraph\">\u00ab On se sent bien loin de nos amis ! Actuellement, tous les campus de l\u2019\u00e9ducation sup\u00e9rieure sont ferm\u00e9s et la technologie au Vanuatu n\u2019est pas encore assez efficace pour que le minist\u00e8re continue via des outils num\u00e9riques. \u00bb<\/p>\n<\/div>\n\n<div class=\"wp-block block-core-paragraph\">\n<p class=\"wp-block-paragraph\">M\u00eame \u00e0 distance et sans pouvoir bien communiquer avec leurs amis, les Atwood prient pour que le minist\u00e8re puisse continuer au Vanuatu. Les \u00e9tudiants des \u00eeles doivent utiliser leur propre cr\u00e9ativit\u00e9 pour trouver des moyens de rester connect\u00e9s pendant que la nation se reconstruit.<\/p>\n<\/div>\n\n<div class=\"wp-block block-core-paragraph\">\n<p class=\"wp-block-paragraph\">Prions pour Joel, Tiffanie et l\u2019\u00c9tat de Vanuatu cette semaine :<\/p>\n<\/div>\n\n<div class=\"wp-block block-core-paragraph\">\n<p class=\"wp-block-paragraph\">\u00b7 Priez que Joel et Tiffanie soient encourag\u00e9s pendant qu\u2019ils attendent en Australie. Priez qu&rsquo;ils puissent entrer en contact avec des \u00e9tudiants au Vanuatu.<\/p>\n<\/div>\n\n<div class=\"wp-block block-core-paragraph\">\n<p class=\"wp-block-paragraph\">&nbsp;\u00b7 Priez que les \u00e9tudiants du Vanuatu trouvent des moyens de s&rsquo;encourager mutuellement malgr\u00e9 les difficult\u00e9s de communication.<\/p>\n<\/div>\n\n<div class=\"wp-block block-core-paragraph\">\n<p class=\"wp-block-paragraph\">\u00b7 Demandez \u00e0 Dieu de pourvoir suffisamment en nourriture et en provisions au Vanuatu, car les importations sont limit\u00e9es en raison de la COVID-19.<\/p>\n<\/div>\n\n<div class=\"wp-block block-core-paragraph\">\n<p class=\"wp-block-paragraph\">\u00b7 Priez que la population reste prot\u00e9g\u00e9e contre le coronavirus, car le syst\u00e8me de sant\u00e9 du pays n&rsquo;est pas \u00e9quip\u00e9 pour faire face \u00e0 une pand\u00e9mie.<\/p>\n<\/div>","protected":false},"featured_media":12264,"template":"","area":[464,695],"theme":[],"class_list":["post-12265","prayerline","type-prayerline","status-publish","has-post-thumbnail","hentry","area-south-pacific","area-vanuatu"],"acf":[],"yoast_head":"<!-- This site is optimized with the Yoast SEO plugin v27.2 - https:\/\/yoast.com\/product\/yoast-seo-wordpress\/ -->\n<title>Face aux cons\u00e9quences du cyclone pendant la COVID-19, les \u00e9tudiants se retrouvent confront\u00e9s \u00e0 des probl\u00e8mes de communication &#183; IFES Prayerline<\/title>\n<meta name=\"description\" content=\"Voici le Vanuatu, un endroit qui n\u2019a pas \u00e9t\u00e9 touch\u00e9 par le coronavirus. Surprenant, n\u2019est-ce pas ? Cet \u00c9tat insulaire situ\u00e9 dans le sud de l&#039;oc\u00e9an\" \/>\n<meta name=\"robots\" content=\"index, follow, max-snippet:-1, max-image-preview:large, max-video-preview:-1\" \/>\n<link rel=\"canonical\" href=\"https:\/\/ifesworld.org\/fr\/prayerline\/le-vanuatu-en-reconstruction\/\" \/>\n<meta property=\"og:locale\" content=\"fr_FR\" \/>\n<meta property=\"og:type\" content=\"article\" \/>\n<meta property=\"og:title\" content=\"Face aux cons\u00e9quences du cyclone pendant la COVID-19, les \u00e9tudiants se retrouvent confront\u00e9s \u00e0 des probl\u00e8mes de communication &#183; IFES Prayerline\" \/>\n<meta property=\"og:description\" content=\"Voici le Vanuatu, un endroit qui n\u2019a pas \u00e9t\u00e9 touch\u00e9 par le coronavirus. Surprenant, n\u2019est-ce pas ? Cet \u00c9tat insulaire situ\u00e9 dans le sud de l&#039;oc\u00e9an\" \/>\n<meta property=\"og:url\" content=\"https:\/\/ifesworld.org\/fr\/prayerline\/le-vanuatu-en-reconstruction\/\" \/>\n<meta property=\"og:site_name\" content=\"IFES\" \/>\n<meta property=\"article:modified_time\" content=\"2020-05-29T16:34:32+00:00\" \/>\n<meta property=\"og:image\" content=\"https:\/\/ifesworld.org\/wp-content\/uploads\/2020\/05\/devon-janse-van-rensburg-ro_zNelZ4rE-unsplash-scaled.jpg\" \/>\n\t<meta property=\"og:image:width\" content=\"2560\" \/>\n\t<meta property=\"og:image:height\" content=\"1425\" \/>\n\t<meta property=\"og:image:type\" content=\"image\/jpeg\" \/>\n<meta name=\"twitter:card\" content=\"summary_large_image\" \/>\n<meta name=\"twitter:label1\" content=\"Dur\u00e9e de lecture estim\u00e9e\" \/>\n\t<meta name=\"twitter:data1\" content=\"2 minutes\" \/>\n<script type=\"application\/ld+json\" class=\"yoast-schema-graph\">{\"@context\":\"https:\/\/schema.org\",\"@graph\":[{\"@type\":\"WebPage\",\"@id\":\"https:\/\/ifesworld.org\/fr\/prayerline\/le-vanuatu-en-reconstruction\/\",\"url\":\"https:\/\/ifesworld.org\/fr\/prayerline\/le-vanuatu-en-reconstruction\/\",\"name\":\"Face aux cons\u00e9quences du cyclone pendant la COVID-19, les \u00e9tudiants se retrouvent confront\u00e9s \u00e0 des probl\u00e8mes de communication &#183; IFES Prayerline\",\"isPartOf\":{\"@id\":\"https:\/\/ifesworld.org\/es\/#website\"},\"primaryImageOfPage\":{\"@id\":\"https:\/\/ifesworld.org\/fr\/prayerline\/le-vanuatu-en-reconstruction\/#primaryimage\"},\"image\":{\"@id\":\"https:\/\/ifesworld.org\/fr\/prayerline\/le-vanuatu-en-reconstruction\/#primaryimage\"},\"thumbnailUrl\":\"https:\/\/ifesworld.org\/wp-content\/uploads\/2020\/05\/devon-janse-van-rensburg-ro_zNelZ4rE-unsplash-scaled.jpg\",\"datePublished\":\"2020-05-19T04:30:00+00:00\",\"dateModified\":\"2020-05-29T16:34:32+00:00\",\"description\":\"Voici le Vanuatu, un endroit qui n\u2019a pas \u00e9t\u00e9 touch\u00e9 par le coronavirus. Surprenant, n\u2019est-ce pas ? Cet \u00c9tat insulaire situ\u00e9 dans le sud de l'oc\u00e9an\",\"breadcrumb\":{\"@id\":\"https:\/\/ifesworld.org\/fr\/prayerline\/le-vanuatu-en-reconstruction\/#breadcrumb\"},\"inLanguage\":\"fr-FR\",\"potentialAction\":[{\"@type\":\"ReadAction\",\"target\":[\"https:\/\/ifesworld.org\/fr\/prayerline\/le-vanuatu-en-reconstruction\/\"]}]},{\"@type\":\"ImageObject\",\"inLanguage\":\"fr-FR\",\"@id\":\"https:\/\/ifesworld.org\/fr\/prayerline\/le-vanuatu-en-reconstruction\/#primaryimage\",\"url\":\"https:\/\/ifesworld.org\/wp-content\/uploads\/2020\/05\/devon-janse-van-rensburg-ro_zNelZ4rE-unsplash-scaled.jpg\",\"contentUrl\":\"https:\/\/ifesworld.org\/wp-content\/uploads\/2020\/05\/devon-janse-van-rensburg-ro_zNelZ4rE-unsplash-scaled.jpg\",\"width\":2560,\"height\":1425},{\"@type\":\"BreadcrumbList\",\"@id\":\"https:\/\/ifesworld.org\/fr\/prayerline\/le-vanuatu-en-reconstruction\/#breadcrumb\",\"itemListElement\":[{\"@type\":\"ListItem\",\"position\":1,\"name\":\"Home\",\"item\":\"https:\/\/ifesworld.org\/fr\/\"},{\"@type\":\"ListItem\",\"position\":2,\"name\":\"Prayerline\",\"item\":\"https:\/\/ifesworld.org\/en\/prayerline\/\"},{\"@type\":\"ListItem\",\"position\":3,\"name\":\"Face aux cons\u00e9quences du cyclone pendant la COVID-19, les \u00e9tudiants se retrouvent confront\u00e9s \u00e0 des probl\u00e8mes de communication\"}]},{\"@type\":\"WebSite\",\"@id\":\"https:\/\/ifesworld.org\/es\/#website\",\"url\":\"https:\/\/ifesworld.org\/es\/\",\"name\":\"IFES\",\"description\":\"A movement of students sharing and living out the good news of Jesus Christ. Locally. Nationally. Globally.\",\"publisher\":{\"@id\":\"https:\/\/ifesworld.org\/es\/#organization\"},\"potentialAction\":[{\"@type\":\"SearchAction\",\"target\":{\"@type\":\"EntryPoint\",\"urlTemplate\":\"https:\/\/ifesworld.org\/es\/?s={search_term_string}\"},\"query-input\":{\"@type\":\"PropertyValueSpecification\",\"valueRequired\":true,\"valueName\":\"search_term_string\"}}],\"inLanguage\":\"fr-FR\"},{\"@type\":\"Organization\",\"@id\":\"https:\/\/ifesworld.org\/es\/#organization\",\"name\":\"IFES \u00b7 International Fellowship of Evangelical Students\",\"url\":\"https:\/\/ifesworld.org\/es\/\",\"logo\":{\"@type\":\"ImageObject\",\"inLanguage\":\"fr-FR\",\"@id\":\"https:\/\/ifesworld.org\/es\/#\/schema\/logo\/image\/\",\"url\":\"https:\/\/ifesworld.org\/wp-content\/uploads\/2019\/06\/ifeslogo.png\",\"contentUrl\":\"https:\/\/ifesworld.org\/wp-content\/uploads\/2019\/06\/ifeslogo.png\",\"width\":262,\"height\":262,\"caption\":\"IFES \u00b7 International Fellowship of Evangelical Students\"},\"image\":{\"@id\":\"https:\/\/ifesworld.org\/es\/#\/schema\/logo\/image\/\"}}]}<\/script>\n<!-- \/ Yoast SEO plugin. -->","yoast_head_json":{"title":"Face aux cons\u00e9quences du cyclone pendant la COVID-19, les \u00e9tudiants se retrouvent confront\u00e9s \u00e0 des probl\u00e8mes de communication &#183; IFES Prayerline","description":"Voici le Vanuatu, un endroit qui n\u2019a pas \u00e9t\u00e9 touch\u00e9 par le coronavirus. Surprenant, n\u2019est-ce pas ? Cet \u00c9tat insulaire situ\u00e9 dans le sud de l'oc\u00e9an","robots":{"index":"index","follow":"follow","max-snippet":"max-snippet:-1","max-image-preview":"max-image-preview:large","max-video-preview":"max-video-preview:-1"},"canonical":"https:\/\/ifesworld.org\/fr\/prayerline\/le-vanuatu-en-reconstruction\/","og_locale":"fr_FR","og_type":"article","og_title":"Face aux cons\u00e9quences du cyclone pendant la COVID-19, les \u00e9tudiants se retrouvent confront\u00e9s \u00e0 des probl\u00e8mes de communication &#183; IFES Prayerline","og_description":"Voici le Vanuatu, un endroit qui n\u2019a pas \u00e9t\u00e9 touch\u00e9 par le coronavirus. Surprenant, n\u2019est-ce pas ? Cet \u00c9tat insulaire situ\u00e9 dans le sud de l'oc\u00e9an","og_url":"https:\/\/ifesworld.org\/fr\/prayerline\/le-vanuatu-en-reconstruction\/","og_site_name":"IFES","article_modified_time":"2020-05-29T16:34:32+00:00","og_image":[{"width":2560,"height":1425,"url":"https:\/\/ifesworld.org\/wp-content\/uploads\/2020\/05\/devon-janse-van-rensburg-ro_zNelZ4rE-unsplash-scaled.jpg","type":"image\/jpeg"}],"twitter_card":"summary_large_image","twitter_misc":{"Dur\u00e9e de lecture estim\u00e9e":"2 minutes"},"schema":{"@context":"https:\/\/schema.org","@graph":[{"@type":"WebPage","@id":"https:\/\/ifesworld.org\/fr\/prayerline\/le-vanuatu-en-reconstruction\/","url":"https:\/\/ifesworld.org\/fr\/prayerline\/le-vanuatu-en-reconstruction\/","name":"Face aux cons\u00e9quences du cyclone pendant la COVID-19, les \u00e9tudiants se retrouvent confront\u00e9s \u00e0 des probl\u00e8mes de communication &#183; IFES Prayerline","isPartOf":{"@id":"https:\/\/ifesworld.org\/es\/#website"},"primaryImageOfPage":{"@id":"https:\/\/ifesworld.org\/fr\/prayerline\/le-vanuatu-en-reconstruction\/#primaryimage"},"image":{"@id":"https:\/\/ifesworld.org\/fr\/prayerline\/le-vanuatu-en-reconstruction\/#primaryimage"},"thumbnailUrl":"https:\/\/ifesworld.org\/wp-content\/uploads\/2020\/05\/devon-janse-van-rensburg-ro_zNelZ4rE-unsplash-scaled.jpg","datePublished":"2020-05-19T04:30:00+00:00","dateModified":"2020-05-29T16:34:32+00:00","description":"Voici le Vanuatu, un endroit qui n\u2019a pas \u00e9t\u00e9 touch\u00e9 par le coronavirus. Surprenant, n\u2019est-ce pas ? Cet \u00c9tat insulaire situ\u00e9 dans le sud de l'oc\u00e9an","breadcrumb":{"@id":"https:\/\/ifesworld.org\/fr\/prayerline\/le-vanuatu-en-reconstruction\/#breadcrumb"},"inLanguage":"fr-FR","potentialAction":[{"@type":"ReadAction","target":["https:\/\/ifesworld.org\/fr\/prayerline\/le-vanuatu-en-reconstruction\/"]}]},{"@type":"ImageObject","inLanguage":"fr-FR","@id":"https:\/\/ifesworld.org\/fr\/prayerline\/le-vanuatu-en-reconstruction\/#primaryimage","url":"https:\/\/ifesworld.org\/wp-content\/uploads\/2020\/05\/devon-janse-van-rensburg-ro_zNelZ4rE-unsplash-scaled.jpg","contentUrl":"https:\/\/ifesworld.org\/wp-content\/uploads\/2020\/05\/devon-janse-van-rensburg-ro_zNelZ4rE-unsplash-scaled.jpg","width":2560,"height":1425},{"@type":"BreadcrumbList","@id":"https:\/\/ifesworld.org\/fr\/prayerline\/le-vanuatu-en-reconstruction\/#breadcrumb","itemListElement":[{"@type":"ListItem","position":1,"name":"Home","item":"https:\/\/ifesworld.org\/fr\/"},{"@type":"ListItem","position":2,"name":"Prayerline","item":"https:\/\/ifesworld.org\/en\/prayerline\/"},{"@type":"ListItem","position":3,"name":"Face aux cons\u00e9quences du cyclone pendant la COVID-19, les \u00e9tudiants se retrouvent confront\u00e9s \u00e0 des probl\u00e8mes de communication"}]},{"@type":"WebSite","@id":"https:\/\/ifesworld.org\/es\/#website","url":"https:\/\/ifesworld.org\/es\/","name":"IFES","description":"A movement of students sharing and living out the good news of Jesus Christ. Locally. Nationally. Globally.","publisher":{"@id":"https:\/\/ifesworld.org\/es\/#organization"},"potentialAction":[{"@type":"SearchAction","target":{"@type":"EntryPoint","urlTemplate":"https:\/\/ifesworld.org\/es\/?s={search_term_string}"},"query-input":{"@type":"PropertyValueSpecification","valueRequired":true,"valueName":"search_term_string"}}],"inLanguage":"fr-FR"},{"@type":"Organization","@id":"https:\/\/ifesworld.org\/es\/#organization","name":"IFES \u00b7 International Fellowship of Evangelical Students","url":"https:\/\/ifesworld.org\/es\/","logo":{"@type":"ImageObject","inLanguage":"fr-FR","@id":"https:\/\/ifesworld.org\/es\/#\/schema\/logo\/image\/","url":"https:\/\/ifesworld.org\/wp-content\/uploads\/2019\/06\/ifeslogo.png","contentUrl":"https:\/\/ifesworld.org\/wp-content\/uploads\/2019\/06\/ifeslogo.png","width":262,"height":262,"caption":"IFES \u00b7 International Fellowship of Evangelical Students"},"image":{"@id":"https:\/\/ifesworld.org\/es\/#\/schema\/logo\/image\/"}}]}},"_links":{"self":[{"href":"https:\/\/ifesworld.org\/fr\/wp-json\/wp\/v2\/prayerline\/12265","targetHints":{"allow":["GET"]}}],"collection":[{"href":"https:\/\/ifesworld.org\/fr\/wp-json\/wp\/v2\/prayerline"}],"about":[{"href":"https:\/\/ifesworld.org\/fr\/wp-json\/wp\/v2\/types\/prayerline"}],"wp:featuredmedia":[{"embeddable":true,"href":"https:\/\/ifesworld.org\/fr\/wp-json\/wp\/v2\/media\/12264"}],"wp:attachment":[{"href":"https:\/\/ifesworld.org\/fr\/wp-json\/wp\/v2\/media?parent=12265"}],"wp:term":[{"taxonomy":"area","embeddable":true,"href":"https:\/\/ifesworld.org\/fr\/wp-json\/wp\/v2\/area?post=12265"},{"taxonomy":"theme","embeddable":true,"href":"https:\/\/ifesworld.org\/fr\/wp-json\/wp\/v2\/theme?post=12265"}],"curies":[{"name":"wp","href":"https:\/\/api.w.org\/{rel}","templated":true}]}}