{"id":11322,"date":"2020-02-25T10:42:02","date_gmt":"2020-02-25T10:42:02","guid":{"rendered":"https:\/\/ifesworld.org\/?post_type=prayerline&#038;p=11322"},"modified":"2020-02-25T10:42:03","modified_gmt":"2020-02-25T10:42:03","slug":"tournant-radical-dans-la-vie-de-daria-une-agnostique","status":"publish","type":"prayerline","link":"https:\/\/ifesworld.org\/fr\/prayerline\/tournant-radical-dans-la-vie-de-daria-une-agnostique\/","title":{"rendered":"Tournant radical dans la vie de Daria, une agnostique"},"content":{"rendered":"<div class=\"wp-block block-core-paragraph\">\n<p class=\"wp-block-paragraph\">Daria* est \u00e9tudiante \u00e0 Mykola\u00efv, une ville en Ukraine. Voici son histoire&nbsp;:<\/p>\n<\/div>\n\n<div class=\"wp-block block-core-quote\">\n<blockquote class=\"wp-block-quote is-layout-flow wp-block-quote-is-layout-flow\"><p>\u00ab&nbsp;Je me disais agnostique. Je n\u2019avais jamais vraiment r\u00e9fl\u00e9chi \u00e0 l\u2019existence de Dieu, ni au r\u00f4le de J\u00e9sus dans ma vie. Lorsque je me suis inscrite \u00e0 CCX, le mouvement de l\u2019IFES en Ukraine, je n\u2019avais aucune id\u00e9e de ce \u00e0 quoi je m\u2019inscrivais&nbsp;! Mais au fil du temps, j\u2019ai commenc\u00e9 \u00e0 observer les gens de CCX de plus pr\u00e8s et \u00e0 me demander ce qui les motivait.<br><br>J\u2019ai commenc\u00e9 \u00e0 examiner la foi chr\u00e9tienne, \u00e0 \u00e9tudier la Bible et \u00e0 fr\u00e9quenter l\u2019\u00e9glise. Puis, apr\u00e8s quelque temps, j\u2019ai accept\u00e9 Christ comme le Seigneur de ma vie. Je n\u2019aurais jamais cru que ma vie prendrait un tournant aussi radical. Gr\u00e2ce \u00e0 Dieu et au groupe CCX, qui est g\u00e9nial, j\u2019ai choisi ce chemin. Maintenant, je vois clairement comment Il a chang\u00e9 ma vie, mon attitude envers ma famille et mes amis. Il est certainement vivant&nbsp;!&nbsp;\u00bb<\/p><\/blockquote>\n<\/div>\n\n<div class=\"wp-block block-core-paragraph\">\n<p class=\"wp-block-paragraph\">L\u2019universit\u00e9 de Daria n\u2019avait pas de groupe CCX. Mais gr\u00e2ce au soutien du programme \u00ab&nbsp;<a href=\"https:\/\/ifesworld.org\/fr\/pionnier\/\">D\u00e9fricher de nouveaux territoires<\/a>&nbsp;\u00bb de l\u2019IFES, un nouveau groupe a \u00e9t\u00e9 lanc\u00e9 l\u2019ann\u00e9e derni\u00e8re. Daria anime d\u00e9sormais ce groupe. Prierez-vous pour le minist\u00e8re de CCX Ukraine cette semaine&nbsp;?<\/p>\n<\/div>\n\n<div class=\"wp-block block-core-list\">\n<ul class=\"wp-block-list\"><li>Remerciez Dieu pour Son \u0153uvre dans la vie de Daria. Priez qu\u2019elle anime le groupe cette ann\u00e9e avec sagesse et joie et par la pri\u00e8re.<\/li><li>Priez que plus d&rsquo;\u00e9tudiants rejoignent ce groupe et qu\u2019il ait de bonne relations avec les \u00e9glises locales.<\/li><li>Priez pour le travail pionnier dans d\u2019autres r\u00e9gions de l\u2019Ukraine.<\/li><\/ul>\n<\/div>\n\n<div class=\"wp-block block-core-paragraph\">\n<p class=\"wp-block-paragraph\">*Le nom a \u00e9t\u00e9 chang\u00e9<\/p>\n<\/div>\n\n<div class=\"wp-block block-core-separator\">\n<hr class=\"wp-block-separator\"\/>\n<\/div>\n\n<div class=\"wp-block block-core-paragraph\">\n<p class=\"wp-block-paragraph\"><a href=\"https:\/\/ifesworld.org\/pionnier\/\">D\u00e9couvrez comment l\u2019IFES aide les mouvements \u00e0 lancer de nouveaux groupes \u00e0 travers le monde.<\/a><\/p>\n<\/div>","protected":false},"featured_media":11345,"template":"","area":[457,548],"theme":[],"class_list":["post-11322","prayerline","type-prayerline","status-publish","has-post-thumbnail","hentry","area-eurasia","area-ukraine"],"acf":[],"yoast_head":"<!-- This site is optimized with the Yoast SEO plugin v27.2 - https:\/\/yoast.com\/product\/yoast-seo-wordpress\/ -->\n<title>Tournant radical dans la vie de Daria, une agnostique &#183; IFES Prayerline<\/title>\n<meta name=\"description\" content=\"Daria* est \u00e9tudiante \u00e0 Mykola\u00efv, une ville en Ukraine. Voici son histoire&nbsp;: \u00ab&nbsp;Je me disais agnostique. Je n\u2019avais jamais vraiment r\u00e9fl\u00e9chi \u00e0\" \/>\n<meta name=\"robots\" content=\"index, follow, max-snippet:-1, max-image-preview:large, max-video-preview:-1\" \/>\n<link rel=\"canonical\" href=\"https:\/\/ifesworld.org\/fr\/prayerline\/tournant-radical-dans-la-vie-de-daria-une-agnostique\/\" \/>\n<meta property=\"og:locale\" content=\"fr_FR\" \/>\n<meta property=\"og:type\" content=\"article\" \/>\n<meta property=\"og:title\" content=\"Tournant radical dans la vie de Daria, une agnostique &#183; IFES Prayerline\" \/>\n<meta property=\"og:description\" content=\"Daria* est \u00e9tudiante \u00e0 Mykola\u00efv, une ville en Ukraine. Voici son histoire&nbsp;: \u00ab&nbsp;Je me disais agnostique. Je n\u2019avais jamais vraiment r\u00e9fl\u00e9chi \u00e0\" \/>\n<meta property=\"og:url\" content=\"https:\/\/ifesworld.org\/fr\/prayerline\/tournant-radical-dans-la-vie-de-daria-une-agnostique\/\" \/>\n<meta property=\"og:site_name\" content=\"IFES\" \/>\n<meta property=\"article:modified_time\" content=\"2020-02-25T10:42:03+00:00\" \/>\n<meta property=\"og:image\" content=\"https:\/\/ifesworld.org\/wp-content\/uploads\/2020\/02\/200225-PL-Ukraine.jpg\" \/>\n\t<meta property=\"og:image:width\" content=\"1200\" \/>\n\t<meta property=\"og:image:height\" content=\"675\" \/>\n\t<meta property=\"og:image:type\" content=\"image\/jpeg\" \/>\n<meta name=\"twitter:card\" content=\"summary_large_image\" \/>\n<meta name=\"twitter:label1\" content=\"Dur\u00e9e de lecture estim\u00e9e\" \/>\n\t<meta name=\"twitter:data1\" content=\"2 minutes\" \/>\n<script type=\"application\/ld+json\" class=\"yoast-schema-graph\">{\"@context\":\"https:\/\/schema.org\",\"@graph\":[{\"@type\":\"WebPage\",\"@id\":\"https:\/\/ifesworld.org\/fr\/prayerline\/tournant-radical-dans-la-vie-de-daria-une-agnostique\/\",\"url\":\"https:\/\/ifesworld.org\/fr\/prayerline\/tournant-radical-dans-la-vie-de-daria-une-agnostique\/\",\"name\":\"Tournant radical dans la vie de Daria, une agnostique &#183; IFES Prayerline\",\"isPartOf\":{\"@id\":\"https:\/\/ifesworld.org\/es\/#website\"},\"primaryImageOfPage\":{\"@id\":\"https:\/\/ifesworld.org\/fr\/prayerline\/tournant-radical-dans-la-vie-de-daria-une-agnostique\/#primaryimage\"},\"image\":{\"@id\":\"https:\/\/ifesworld.org\/fr\/prayerline\/tournant-radical-dans-la-vie-de-daria-une-agnostique\/#primaryimage\"},\"thumbnailUrl\":\"https:\/\/ifesworld.org\/wp-content\/uploads\/2020\/02\/200225-PL-Ukraine.jpg\",\"datePublished\":\"2020-02-25T10:42:02+00:00\",\"dateModified\":\"2020-02-25T10:42:03+00:00\",\"description\":\"Daria* est \u00e9tudiante \u00e0 Mykola\u00efv, une ville en Ukraine. Voici son histoire&nbsp;: \u00ab&nbsp;Je me disais agnostique. Je n\u2019avais jamais vraiment r\u00e9fl\u00e9chi \u00e0\",\"breadcrumb\":{\"@id\":\"https:\/\/ifesworld.org\/fr\/prayerline\/tournant-radical-dans-la-vie-de-daria-une-agnostique\/#breadcrumb\"},\"inLanguage\":\"fr-FR\",\"potentialAction\":[{\"@type\":\"ReadAction\",\"target\":[\"https:\/\/ifesworld.org\/fr\/prayerline\/tournant-radical-dans-la-vie-de-daria-une-agnostique\/\"]}]},{\"@type\":\"ImageObject\",\"inLanguage\":\"fr-FR\",\"@id\":\"https:\/\/ifesworld.org\/fr\/prayerline\/tournant-radical-dans-la-vie-de-daria-une-agnostique\/#primaryimage\",\"url\":\"https:\/\/ifesworld.org\/wp-content\/uploads\/2020\/02\/200225-PL-Ukraine.jpg\",\"contentUrl\":\"https:\/\/ifesworld.org\/wp-content\/uploads\/2020\/02\/200225-PL-Ukraine.jpg\",\"width\":1200,\"height\":675},{\"@type\":\"BreadcrumbList\",\"@id\":\"https:\/\/ifesworld.org\/fr\/prayerline\/tournant-radical-dans-la-vie-de-daria-une-agnostique\/#breadcrumb\",\"itemListElement\":[{\"@type\":\"ListItem\",\"position\":1,\"name\":\"Home\",\"item\":\"https:\/\/ifesworld.org\/fr\/\"},{\"@type\":\"ListItem\",\"position\":2,\"name\":\"Prayerline\",\"item\":\"https:\/\/ifesworld.org\/en\/prayerline\/\"},{\"@type\":\"ListItem\",\"position\":3,\"name\":\"Tournant radical dans la vie de Daria, une agnostique\"}]},{\"@type\":\"WebSite\",\"@id\":\"https:\/\/ifesworld.org\/es\/#website\",\"url\":\"https:\/\/ifesworld.org\/es\/\",\"name\":\"IFES\",\"description\":\"A movement of students sharing and living out the good news of Jesus Christ. Locally. Nationally. Globally.\",\"publisher\":{\"@id\":\"https:\/\/ifesworld.org\/es\/#organization\"},\"potentialAction\":[{\"@type\":\"SearchAction\",\"target\":{\"@type\":\"EntryPoint\",\"urlTemplate\":\"https:\/\/ifesworld.org\/es\/?s={search_term_string}\"},\"query-input\":{\"@type\":\"PropertyValueSpecification\",\"valueRequired\":true,\"valueName\":\"search_term_string\"}}],\"inLanguage\":\"fr-FR\"},{\"@type\":\"Organization\",\"@id\":\"https:\/\/ifesworld.org\/es\/#organization\",\"name\":\"IFES \u00b7 International Fellowship of Evangelical Students\",\"url\":\"https:\/\/ifesworld.org\/es\/\",\"logo\":{\"@type\":\"ImageObject\",\"inLanguage\":\"fr-FR\",\"@id\":\"https:\/\/ifesworld.org\/es\/#\/schema\/logo\/image\/\",\"url\":\"https:\/\/ifesworld.org\/wp-content\/uploads\/2019\/06\/ifeslogo.png\",\"contentUrl\":\"https:\/\/ifesworld.org\/wp-content\/uploads\/2019\/06\/ifeslogo.png\",\"width\":262,\"height\":262,\"caption\":\"IFES \u00b7 International Fellowship of Evangelical Students\"},\"image\":{\"@id\":\"https:\/\/ifesworld.org\/es\/#\/schema\/logo\/image\/\"}}]}<\/script>\n<!-- \/ Yoast SEO plugin. -->","yoast_head_json":{"title":"Tournant radical dans la vie de Daria, une agnostique &#183; IFES Prayerline","description":"Daria* est \u00e9tudiante \u00e0 Mykola\u00efv, une ville en Ukraine. Voici son histoire&nbsp;: \u00ab&nbsp;Je me disais agnostique. Je n\u2019avais jamais vraiment r\u00e9fl\u00e9chi \u00e0","robots":{"index":"index","follow":"follow","max-snippet":"max-snippet:-1","max-image-preview":"max-image-preview:large","max-video-preview":"max-video-preview:-1"},"canonical":"https:\/\/ifesworld.org\/fr\/prayerline\/tournant-radical-dans-la-vie-de-daria-une-agnostique\/","og_locale":"fr_FR","og_type":"article","og_title":"Tournant radical dans la vie de Daria, une agnostique &#183; IFES Prayerline","og_description":"Daria* est \u00e9tudiante \u00e0 Mykola\u00efv, une ville en Ukraine. Voici son histoire&nbsp;: \u00ab&nbsp;Je me disais agnostique. Je n\u2019avais jamais vraiment r\u00e9fl\u00e9chi \u00e0","og_url":"https:\/\/ifesworld.org\/fr\/prayerline\/tournant-radical-dans-la-vie-de-daria-une-agnostique\/","og_site_name":"IFES","article_modified_time":"2020-02-25T10:42:03+00:00","og_image":[{"width":1200,"height":675,"url":"https:\/\/ifesworld.org\/wp-content\/uploads\/2020\/02\/200225-PL-Ukraine.jpg","type":"image\/jpeg"}],"twitter_card":"summary_large_image","twitter_misc":{"Dur\u00e9e de lecture estim\u00e9e":"2 minutes"},"schema":{"@context":"https:\/\/schema.org","@graph":[{"@type":"WebPage","@id":"https:\/\/ifesworld.org\/fr\/prayerline\/tournant-radical-dans-la-vie-de-daria-une-agnostique\/","url":"https:\/\/ifesworld.org\/fr\/prayerline\/tournant-radical-dans-la-vie-de-daria-une-agnostique\/","name":"Tournant radical dans la vie de Daria, une agnostique &#183; IFES Prayerline","isPartOf":{"@id":"https:\/\/ifesworld.org\/es\/#website"},"primaryImageOfPage":{"@id":"https:\/\/ifesworld.org\/fr\/prayerline\/tournant-radical-dans-la-vie-de-daria-une-agnostique\/#primaryimage"},"image":{"@id":"https:\/\/ifesworld.org\/fr\/prayerline\/tournant-radical-dans-la-vie-de-daria-une-agnostique\/#primaryimage"},"thumbnailUrl":"https:\/\/ifesworld.org\/wp-content\/uploads\/2020\/02\/200225-PL-Ukraine.jpg","datePublished":"2020-02-25T10:42:02+00:00","dateModified":"2020-02-25T10:42:03+00:00","description":"Daria* est \u00e9tudiante \u00e0 Mykola\u00efv, une ville en Ukraine. Voici son histoire&nbsp;: \u00ab&nbsp;Je me disais agnostique. Je n\u2019avais jamais vraiment r\u00e9fl\u00e9chi \u00e0","breadcrumb":{"@id":"https:\/\/ifesworld.org\/fr\/prayerline\/tournant-radical-dans-la-vie-de-daria-une-agnostique\/#breadcrumb"},"inLanguage":"fr-FR","potentialAction":[{"@type":"ReadAction","target":["https:\/\/ifesworld.org\/fr\/prayerline\/tournant-radical-dans-la-vie-de-daria-une-agnostique\/"]}]},{"@type":"ImageObject","inLanguage":"fr-FR","@id":"https:\/\/ifesworld.org\/fr\/prayerline\/tournant-radical-dans-la-vie-de-daria-une-agnostique\/#primaryimage","url":"https:\/\/ifesworld.org\/wp-content\/uploads\/2020\/02\/200225-PL-Ukraine.jpg","contentUrl":"https:\/\/ifesworld.org\/wp-content\/uploads\/2020\/02\/200225-PL-Ukraine.jpg","width":1200,"height":675},{"@type":"BreadcrumbList","@id":"https:\/\/ifesworld.org\/fr\/prayerline\/tournant-radical-dans-la-vie-de-daria-une-agnostique\/#breadcrumb","itemListElement":[{"@type":"ListItem","position":1,"name":"Home","item":"https:\/\/ifesworld.org\/fr\/"},{"@type":"ListItem","position":2,"name":"Prayerline","item":"https:\/\/ifesworld.org\/en\/prayerline\/"},{"@type":"ListItem","position":3,"name":"Tournant radical dans la vie de Daria, une agnostique"}]},{"@type":"WebSite","@id":"https:\/\/ifesworld.org\/es\/#website","url":"https:\/\/ifesworld.org\/es\/","name":"IFES","description":"A movement of students sharing and living out the good news of Jesus Christ. Locally. Nationally. Globally.","publisher":{"@id":"https:\/\/ifesworld.org\/es\/#organization"},"potentialAction":[{"@type":"SearchAction","target":{"@type":"EntryPoint","urlTemplate":"https:\/\/ifesworld.org\/es\/?s={search_term_string}"},"query-input":{"@type":"PropertyValueSpecification","valueRequired":true,"valueName":"search_term_string"}}],"inLanguage":"fr-FR"},{"@type":"Organization","@id":"https:\/\/ifesworld.org\/es\/#organization","name":"IFES \u00b7 International Fellowship of Evangelical Students","url":"https:\/\/ifesworld.org\/es\/","logo":{"@type":"ImageObject","inLanguage":"fr-FR","@id":"https:\/\/ifesworld.org\/es\/#\/schema\/logo\/image\/","url":"https:\/\/ifesworld.org\/wp-content\/uploads\/2019\/06\/ifeslogo.png","contentUrl":"https:\/\/ifesworld.org\/wp-content\/uploads\/2019\/06\/ifeslogo.png","width":262,"height":262,"caption":"IFES \u00b7 International Fellowship of Evangelical Students"},"image":{"@id":"https:\/\/ifesworld.org\/es\/#\/schema\/logo\/image\/"}}]}},"_links":{"self":[{"href":"https:\/\/ifesworld.org\/fr\/wp-json\/wp\/v2\/prayerline\/11322","targetHints":{"allow":["GET"]}}],"collection":[{"href":"https:\/\/ifesworld.org\/fr\/wp-json\/wp\/v2\/prayerline"}],"about":[{"href":"https:\/\/ifesworld.org\/fr\/wp-json\/wp\/v2\/types\/prayerline"}],"wp:featuredmedia":[{"embeddable":true,"href":"https:\/\/ifesworld.org\/fr\/wp-json\/wp\/v2\/media\/11345"}],"wp:attachment":[{"href":"https:\/\/ifesworld.org\/fr\/wp-json\/wp\/v2\/media?parent=11322"}],"wp:term":[{"taxonomy":"area","embeddable":true,"href":"https:\/\/ifesworld.org\/fr\/wp-json\/wp\/v2\/area?post=11322"},{"taxonomy":"theme","embeddable":true,"href":"https:\/\/ifesworld.org\/fr\/wp-json\/wp\/v2\/theme?post=11322"}],"curies":[{"name":"wp","href":"https:\/\/api.w.org\/{rel}","templated":true}]}}