{"id":10492,"date":"2019-11-26T10:00:42","date_gmt":"2019-11-26T10:00:42","guid":{"rendered":"https:\/\/ifesworld.org\/?post_type=prayerline&#038;p=10492"},"modified":"2019-11-26T12:11:39","modified_gmt":"2019-11-26T12:11:39","slug":"comment-le-programme-de-renforcement-de-la-gouvernance-de-lifes-fait-une-difference","status":"publish","type":"prayerline","link":"https:\/\/ifesworld.org\/fr\/prayerline\/comment-le-programme-de-renforcement-de-la-gouvernance-de-lifes-fait-une-difference\/","title":{"rendered":"Comment le programme de renforcement de la gouvernance de l\u2019IFES fait une diff\u00e9rence"},"content":{"rendered":"<div class=\"wp-block block-core-paragraph\">\n<p class=\"wp-block-paragraph\">Nico a rencontr\u00e9 J\u00e9sus gr\u00e2ce \u00e0 Toto alors\nqu\u2019ils \u00e9taient des coll\u00e8gues, puis les deux sont devenus des amis. Un peu plus\ntard, Toto a quitt\u00e9 son emploi et il a accept\u00e9 de servir en tant que Secr\u00e9taire\ng\u00e9n\u00e9ral du CBUU, le mouvement de l\u2019IFES en Uruguay. Nico \u00e9tait encore jeune\nchr\u00e9tien, mais il avait une certaine exp\u00e9rience en gestion et en\nadministration, c\u2019est pourquoi il s\u2019est propos\u00e9 en tant que b\u00e9n\u00e9vole pour\nsi\u00e9ger dans le conseil d&rsquo;administration du CBUU.<\/p>\n<\/div>\n\n<div class=\"wp-block block-core-paragraph\">\n<p class=\"wp-block-paragraph\">Il savait que les choses pouvaient \u00eatre un peu\nd\u00e9licates d\u00e9sormais. Son ami \u00e9tait maintenant devenu son employ\u00e9. Comment\npourrait-il \u00eatre impartial dans le processus de d\u00e9cision ? Comment pouvait-il\ndire oui ou non librement tout en pr\u00e9servant leur amiti\u00e9 ?<\/p>\n<\/div>\n\n<div class=\"wp-block block-core-paragraph\">\n<p class=\"wp-block-paragraph\">C&rsquo;est l\u00e0 o\u00f9 le programme de renforcement de la\ngouvernance de l\u2019IFES est intervenu en vue de les aider \u00e0 clarifier les\nquestions cruciales suivantes : quelle est la relation entre le conseil\nd&rsquo;administration et le secr\u00e9taire g\u00e9n\u00e9ral ? Comment devraient-ils g\u00e9rer les\nconflits \u00e9ventuels ? En quoi leurs r\u00f4les sont-ils diff\u00e9rents ? Comment\npeuvent-ils travailler en collaboration pour l\u2019avancement du minist\u00e8re parmi\nles \u00e9tudiants en Uruguay ?<\/p>\n<\/div>\n\n<div class=\"wp-block block-core-paragraph\">\n<p class=\"wp-block-paragraph\">Ces questions sont cruciales et elles doivent\n\u00eatre abord\u00e9es et clarifi\u00e9es par chaque conseil d\u2019administration et chaque\nsecr\u00e9taire g\u00e9n\u00e9ral d\u2019un mouvement de l\u2019IFES. Un conseil d&rsquo;administration o\u00f9\nr\u00e8gne l\u2019harmonie engendre un mouvement \u00e9tudiant en bonne sant\u00e9. C&rsquo;est l\u00e0 un\nenjeu tr\u00e8s important.<\/p>\n<\/div>\n\n<div class=\"wp-block block-core-paragraph\">\n<p class=\"wp-block-paragraph\">Allez-vous prier pour l\u2019\u00e9quipe du programme de renforcement de la gouvernance ?<\/p>\n<\/div>\n\n<div class=\"wp-block block-core-list\">\n<ul class=\"wp-block-list\"><li>Priez pour les membres du conseil d&rsquo;administration du CBUU ce weekend, durant leur programme de formation \u00e0 la gouvernance dirig\u00e9 par Carmen, l\u2019une des membres de l\u2019\u00e9quipe du programme de renforcement de la gouvernance. Priez qu\u2019ils soient \u00e9quip\u00e9s en vue de bien diriger, de prendre de sages d\u00e9cisions et de fortifier le mouvement national.<br><\/li><li>Priez pour les r\u00e9cents ou futurs programmes de formation au sein des mouvements du Niger, de la Lituanie, de la Colombie, du Gabon, de la RDC, d&rsquo;Antigua-et-Barbuda, du Ghana, du Burundi et du Guatemala.<\/li><li>Priez pour les conseils d&rsquo;administration et les membres qui les composent, qui suivent actuellement les cours en ligne du renforcement de la gouvernance.<\/li><\/ul>\n<\/div>\n\n<div class=\"wp-block block-core-paragraph\">\n<p class=\"wp-block-paragraph\">Merci de prier avec nous ! <\/p>\n<\/div>","protected":false},"featured_media":10446,"template":"","area":[460,639],"theme":[1250],"class_list":["post-10492","prayerline","type-prayerline","status-publish","has-post-thumbnail","hentry","area-latin-america","area-uruguay","theme-renforcement-de-la-gouvernance"],"acf":[],"yoast_head":"<!-- This site is optimized with the Yoast SEO plugin v27.2 - https:\/\/yoast.com\/product\/yoast-seo-wordpress\/ -->\n<title>Comment le programme de renforcement de la gouvernance de l\u2019IFES fait une diff\u00e9rence &#183; IFES Prayerline<\/title>\n<meta name=\"description\" content=\"Nico a rencontr\u00e9 J\u00e9sus gr\u00e2ce \u00e0 Toto alors qu\u2019ils \u00e9taient des coll\u00e8gues, puis les deux sont devenus des amis. Un peu plus tard, Toto a quitt\u00e9 son emploi et\" \/>\n<meta name=\"robots\" content=\"index, follow, max-snippet:-1, max-image-preview:large, max-video-preview:-1\" \/>\n<link rel=\"canonical\" href=\"https:\/\/ifesworld.org\/fr\/prayerline\/comment-le-programme-de-renforcement-de-la-gouvernance-de-lifes-fait-une-difference\/\" \/>\n<meta property=\"og:locale\" content=\"fr_FR\" \/>\n<meta property=\"og:type\" content=\"article\" \/>\n<meta property=\"og:title\" content=\"Comment le programme de renforcement de la gouvernance de l\u2019IFES fait une diff\u00e9rence &#183; IFES Prayerline\" \/>\n<meta property=\"og:description\" content=\"Nico a rencontr\u00e9 J\u00e9sus gr\u00e2ce \u00e0 Toto alors qu\u2019ils \u00e9taient des coll\u00e8gues, puis les deux sont devenus des amis. Un peu plus tard, Toto a quitt\u00e9 son emploi et\" \/>\n<meta property=\"og:url\" content=\"https:\/\/ifesworld.org\/fr\/prayerline\/comment-le-programme-de-renforcement-de-la-gouvernance-de-lifes-fait-une-difference\/\" \/>\n<meta property=\"og:site_name\" content=\"IFES\" \/>\n<meta property=\"article:modified_time\" content=\"2019-11-26T12:11:39+00:00\" \/>\n<meta property=\"og:image\" content=\"https:\/\/ifesworld.org\/wp-content\/uploads\/2019\/11\/191126-GovDev2.jpg\" \/>\n\t<meta property=\"og:image:width\" content=\"1200\" \/>\n\t<meta property=\"og:image:height\" content=\"675\" \/>\n\t<meta property=\"og:image:type\" content=\"image\/jpeg\" \/>\n<meta name=\"twitter:card\" content=\"summary_large_image\" \/>\n<meta name=\"twitter:label1\" content=\"Dur\u00e9e de lecture estim\u00e9e\" \/>\n\t<meta name=\"twitter:data1\" content=\"2 minutes\" \/>\n<script type=\"application\/ld+json\" class=\"yoast-schema-graph\">{\"@context\":\"https:\/\/schema.org\",\"@graph\":[{\"@type\":\"WebPage\",\"@id\":\"https:\/\/ifesworld.org\/fr\/prayerline\/comment-le-programme-de-renforcement-de-la-gouvernance-de-lifes-fait-une-difference\/\",\"url\":\"https:\/\/ifesworld.org\/fr\/prayerline\/comment-le-programme-de-renforcement-de-la-gouvernance-de-lifes-fait-une-difference\/\",\"name\":\"Comment le programme de renforcement de la gouvernance de l\u2019IFES fait une diff\u00e9rence &#183; IFES Prayerline\",\"isPartOf\":{\"@id\":\"https:\/\/ifesworld.org\/es\/#website\"},\"primaryImageOfPage\":{\"@id\":\"https:\/\/ifesworld.org\/fr\/prayerline\/comment-le-programme-de-renforcement-de-la-gouvernance-de-lifes-fait-une-difference\/#primaryimage\"},\"image\":{\"@id\":\"https:\/\/ifesworld.org\/fr\/prayerline\/comment-le-programme-de-renforcement-de-la-gouvernance-de-lifes-fait-une-difference\/#primaryimage\"},\"thumbnailUrl\":\"https:\/\/ifesworld.org\/wp-content\/uploads\/2019\/11\/191126-GovDev2.jpg\",\"datePublished\":\"2019-11-26T10:00:42+00:00\",\"dateModified\":\"2019-11-26T12:11:39+00:00\",\"description\":\"Nico a rencontr\u00e9 J\u00e9sus gr\u00e2ce \u00e0 Toto alors qu\u2019ils \u00e9taient des coll\u00e8gues, puis les deux sont devenus des amis. Un peu plus tard, Toto a quitt\u00e9 son emploi et\",\"breadcrumb\":{\"@id\":\"https:\/\/ifesworld.org\/fr\/prayerline\/comment-le-programme-de-renforcement-de-la-gouvernance-de-lifes-fait-une-difference\/#breadcrumb\"},\"inLanguage\":\"fr-FR\",\"potentialAction\":[{\"@type\":\"ReadAction\",\"target\":[\"https:\/\/ifesworld.org\/fr\/prayerline\/comment-le-programme-de-renforcement-de-la-gouvernance-de-lifes-fait-une-difference\/\"]}]},{\"@type\":\"ImageObject\",\"inLanguage\":\"fr-FR\",\"@id\":\"https:\/\/ifesworld.org\/fr\/prayerline\/comment-le-programme-de-renforcement-de-la-gouvernance-de-lifes-fait-une-difference\/#primaryimage\",\"url\":\"https:\/\/ifesworld.org\/wp-content\/uploads\/2019\/11\/191126-GovDev2.jpg\",\"contentUrl\":\"https:\/\/ifesworld.org\/wp-content\/uploads\/2019\/11\/191126-GovDev2.jpg\",\"width\":1200,\"height\":675,\"caption\":\"191126 PL GovDev Uruguay\"},{\"@type\":\"BreadcrumbList\",\"@id\":\"https:\/\/ifesworld.org\/fr\/prayerline\/comment-le-programme-de-renforcement-de-la-gouvernance-de-lifes-fait-une-difference\/#breadcrumb\",\"itemListElement\":[{\"@type\":\"ListItem\",\"position\":1,\"name\":\"Home\",\"item\":\"https:\/\/ifesworld.org\/fr\/\"},{\"@type\":\"ListItem\",\"position\":2,\"name\":\"Prayerline\",\"item\":\"https:\/\/ifesworld.org\/en\/prayerline\/\"},{\"@type\":\"ListItem\",\"position\":3,\"name\":\"Comment le programme de renforcement de la gouvernance de l\u2019IFES fait une diff\u00e9rence\"}]},{\"@type\":\"WebSite\",\"@id\":\"https:\/\/ifesworld.org\/es\/#website\",\"url\":\"https:\/\/ifesworld.org\/es\/\",\"name\":\"IFES\",\"description\":\"A movement of students sharing and living out the good news of Jesus Christ. Locally. Nationally. Globally.\",\"publisher\":{\"@id\":\"https:\/\/ifesworld.org\/es\/#organization\"},\"potentialAction\":[{\"@type\":\"SearchAction\",\"target\":{\"@type\":\"EntryPoint\",\"urlTemplate\":\"https:\/\/ifesworld.org\/es\/?s={search_term_string}\"},\"query-input\":{\"@type\":\"PropertyValueSpecification\",\"valueRequired\":true,\"valueName\":\"search_term_string\"}}],\"inLanguage\":\"fr-FR\"},{\"@type\":\"Organization\",\"@id\":\"https:\/\/ifesworld.org\/es\/#organization\",\"name\":\"IFES \u00b7 International Fellowship of Evangelical Students\",\"url\":\"https:\/\/ifesworld.org\/es\/\",\"logo\":{\"@type\":\"ImageObject\",\"inLanguage\":\"fr-FR\",\"@id\":\"https:\/\/ifesworld.org\/es\/#\/schema\/logo\/image\/\",\"url\":\"https:\/\/ifesworld.org\/wp-content\/uploads\/2019\/06\/ifeslogo.png\",\"contentUrl\":\"https:\/\/ifesworld.org\/wp-content\/uploads\/2019\/06\/ifeslogo.png\",\"width\":262,\"height\":262,\"caption\":\"IFES \u00b7 International Fellowship of Evangelical Students\"},\"image\":{\"@id\":\"https:\/\/ifesworld.org\/es\/#\/schema\/logo\/image\/\"}}]}<\/script>\n<!-- \/ Yoast SEO plugin. -->","yoast_head_json":{"title":"Comment le programme de renforcement de la gouvernance de l\u2019IFES fait une diff\u00e9rence &#183; IFES Prayerline","description":"Nico a rencontr\u00e9 J\u00e9sus gr\u00e2ce \u00e0 Toto alors qu\u2019ils \u00e9taient des coll\u00e8gues, puis les deux sont devenus des amis. Un peu plus tard, Toto a quitt\u00e9 son emploi et","robots":{"index":"index","follow":"follow","max-snippet":"max-snippet:-1","max-image-preview":"max-image-preview:large","max-video-preview":"max-video-preview:-1"},"canonical":"https:\/\/ifesworld.org\/fr\/prayerline\/comment-le-programme-de-renforcement-de-la-gouvernance-de-lifes-fait-une-difference\/","og_locale":"fr_FR","og_type":"article","og_title":"Comment le programme de renforcement de la gouvernance de l\u2019IFES fait une diff\u00e9rence &#183; IFES Prayerline","og_description":"Nico a rencontr\u00e9 J\u00e9sus gr\u00e2ce \u00e0 Toto alors qu\u2019ils \u00e9taient des coll\u00e8gues, puis les deux sont devenus des amis. Un peu plus tard, Toto a quitt\u00e9 son emploi et","og_url":"https:\/\/ifesworld.org\/fr\/prayerline\/comment-le-programme-de-renforcement-de-la-gouvernance-de-lifes-fait-une-difference\/","og_site_name":"IFES","article_modified_time":"2019-11-26T12:11:39+00:00","og_image":[{"width":1200,"height":675,"url":"https:\/\/ifesworld.org\/wp-content\/uploads\/2019\/11\/191126-GovDev2.jpg","type":"image\/jpeg"}],"twitter_card":"summary_large_image","twitter_misc":{"Dur\u00e9e de lecture estim\u00e9e":"2 minutes"},"schema":{"@context":"https:\/\/schema.org","@graph":[{"@type":"WebPage","@id":"https:\/\/ifesworld.org\/fr\/prayerline\/comment-le-programme-de-renforcement-de-la-gouvernance-de-lifes-fait-une-difference\/","url":"https:\/\/ifesworld.org\/fr\/prayerline\/comment-le-programme-de-renforcement-de-la-gouvernance-de-lifes-fait-une-difference\/","name":"Comment le programme de renforcement de la gouvernance de l\u2019IFES fait une diff\u00e9rence &#183; IFES Prayerline","isPartOf":{"@id":"https:\/\/ifesworld.org\/es\/#website"},"primaryImageOfPage":{"@id":"https:\/\/ifesworld.org\/fr\/prayerline\/comment-le-programme-de-renforcement-de-la-gouvernance-de-lifes-fait-une-difference\/#primaryimage"},"image":{"@id":"https:\/\/ifesworld.org\/fr\/prayerline\/comment-le-programme-de-renforcement-de-la-gouvernance-de-lifes-fait-une-difference\/#primaryimage"},"thumbnailUrl":"https:\/\/ifesworld.org\/wp-content\/uploads\/2019\/11\/191126-GovDev2.jpg","datePublished":"2019-11-26T10:00:42+00:00","dateModified":"2019-11-26T12:11:39+00:00","description":"Nico a rencontr\u00e9 J\u00e9sus gr\u00e2ce \u00e0 Toto alors qu\u2019ils \u00e9taient des coll\u00e8gues, puis les deux sont devenus des amis. Un peu plus tard, Toto a quitt\u00e9 son emploi et","breadcrumb":{"@id":"https:\/\/ifesworld.org\/fr\/prayerline\/comment-le-programme-de-renforcement-de-la-gouvernance-de-lifes-fait-une-difference\/#breadcrumb"},"inLanguage":"fr-FR","potentialAction":[{"@type":"ReadAction","target":["https:\/\/ifesworld.org\/fr\/prayerline\/comment-le-programme-de-renforcement-de-la-gouvernance-de-lifes-fait-une-difference\/"]}]},{"@type":"ImageObject","inLanguage":"fr-FR","@id":"https:\/\/ifesworld.org\/fr\/prayerline\/comment-le-programme-de-renforcement-de-la-gouvernance-de-lifes-fait-une-difference\/#primaryimage","url":"https:\/\/ifesworld.org\/wp-content\/uploads\/2019\/11\/191126-GovDev2.jpg","contentUrl":"https:\/\/ifesworld.org\/wp-content\/uploads\/2019\/11\/191126-GovDev2.jpg","width":1200,"height":675,"caption":"191126 PL GovDev Uruguay"},{"@type":"BreadcrumbList","@id":"https:\/\/ifesworld.org\/fr\/prayerline\/comment-le-programme-de-renforcement-de-la-gouvernance-de-lifes-fait-une-difference\/#breadcrumb","itemListElement":[{"@type":"ListItem","position":1,"name":"Home","item":"https:\/\/ifesworld.org\/fr\/"},{"@type":"ListItem","position":2,"name":"Prayerline","item":"https:\/\/ifesworld.org\/en\/prayerline\/"},{"@type":"ListItem","position":3,"name":"Comment le programme de renforcement de la gouvernance de l\u2019IFES fait une diff\u00e9rence"}]},{"@type":"WebSite","@id":"https:\/\/ifesworld.org\/es\/#website","url":"https:\/\/ifesworld.org\/es\/","name":"IFES","description":"A movement of students sharing and living out the good news of Jesus Christ. Locally. Nationally. Globally.","publisher":{"@id":"https:\/\/ifesworld.org\/es\/#organization"},"potentialAction":[{"@type":"SearchAction","target":{"@type":"EntryPoint","urlTemplate":"https:\/\/ifesworld.org\/es\/?s={search_term_string}"},"query-input":{"@type":"PropertyValueSpecification","valueRequired":true,"valueName":"search_term_string"}}],"inLanguage":"fr-FR"},{"@type":"Organization","@id":"https:\/\/ifesworld.org\/es\/#organization","name":"IFES \u00b7 International Fellowship of Evangelical Students","url":"https:\/\/ifesworld.org\/es\/","logo":{"@type":"ImageObject","inLanguage":"fr-FR","@id":"https:\/\/ifesworld.org\/es\/#\/schema\/logo\/image\/","url":"https:\/\/ifesworld.org\/wp-content\/uploads\/2019\/06\/ifeslogo.png","contentUrl":"https:\/\/ifesworld.org\/wp-content\/uploads\/2019\/06\/ifeslogo.png","width":262,"height":262,"caption":"IFES \u00b7 International Fellowship of Evangelical Students"},"image":{"@id":"https:\/\/ifesworld.org\/es\/#\/schema\/logo\/image\/"}}]}},"_links":{"self":[{"href":"https:\/\/ifesworld.org\/fr\/wp-json\/wp\/v2\/prayerline\/10492","targetHints":{"allow":["GET"]}}],"collection":[{"href":"https:\/\/ifesworld.org\/fr\/wp-json\/wp\/v2\/prayerline"}],"about":[{"href":"https:\/\/ifesworld.org\/fr\/wp-json\/wp\/v2\/types\/prayerline"}],"wp:featuredmedia":[{"embeddable":true,"href":"https:\/\/ifesworld.org\/fr\/wp-json\/wp\/v2\/media\/10446"}],"wp:attachment":[{"href":"https:\/\/ifesworld.org\/fr\/wp-json\/wp\/v2\/media?parent=10492"}],"wp:term":[{"taxonomy":"area","embeddable":true,"href":"https:\/\/ifesworld.org\/fr\/wp-json\/wp\/v2\/area?post=10492"},{"taxonomy":"theme","embeddable":true,"href":"https:\/\/ifesworld.org\/fr\/wp-json\/wp\/v2\/theme?post=10492"}],"curies":[{"name":"wp","href":"https:\/\/api.w.org\/{rel}","templated":true}]}}