{"id":10363,"date":"2019-11-19T13:12:19","date_gmt":"2019-11-19T13:12:19","guid":{"rendered":"https:\/\/ifesworld.org\/?post_type=prayerline&#038;p=10363"},"modified":"2019-11-19T13:12:20","modified_gmt":"2019-11-19T13:12:20","slug":"risques-au-niveau-de-la-securite-et-barrieres-de-langues","status":"publish","type":"prayerline","link":"https:\/\/ifesworld.org\/fr\/prayerline\/risques-au-niveau-de-la-securite-et-barrieres-de-langues\/","title":{"rendered":"Risques au niveau de la s\u00e9curit\u00e9 et barri\u00e8res de langues"},"content":{"rendered":"<div class=\"wp-block block-core-paragraph\">\n<p class=\"wp-block-paragraph\">Naomi doit faire attention \u00e0 ce qu\u2019elle dit \u00e0 ses amis. M\u00eame un message texte peut \u00eatre intercept\u00e9 par les autorit\u00e9s et attirer leur attention \u00e0 cause du langage chr\u00e9tien qu\u2019il contient. Cela ajoute une tension \u00e0 sa vie quotidienne qu\u2019elle ne connaissait avant le mois de septembre dernier. Naomi a r\u00e9cemment \u00e9lu domicile en Asie de l\u2019Est en tant qu\u2019\u00e9tudiante internationale, afin d\u2019y poursuivre sa formation universitaire en linguistique. Elle nous partage la r\u00e9flexion suivante&nbsp;:<\/p>\n<\/div>\n\n<div class=\"wp-block block-core-quote\">\n<blockquote class=\"wp-block-quote is-layout-flow wp-block-quote-is-layout-flow\"><p>\u00ab Je n\u2019aime pas du tout l\u2019effet que cela produit sur moi. Cela me porte \u00e0 \u00eatre moins encline \u00e0 partager l\u2019\u00c9vangile parce que je suis devenue plus consciente du fait que c\u2019est un sujet sensible. Par contre, je sais que je devrais r\u00e9agir de mani\u00e8re tout \u00e0 fait diff\u00e9rente. Il importe tellement que l\u2019\u00c9vangile soit annonc\u00e9 ici, \u00e9tant donn\u00e9 que tant d\u2019\u00e9tudiants \u2013 locaux et internationaux \u2013 ont besoin d\u2019entendre parler de l\u2019amour et de la gr\u00e2ce salvatrice du Christ. \u00bb<\/p><\/blockquote>\n<\/div>\n\n<div class=\"wp-block block-core-paragraph\">\n<p class=\"wp-block-paragraph\">En d\u00e9pit des dangers, Naomi adore\nson exp\u00e9rience internationale. Elle explique :<\/p>\n<\/div>\n\n<div class=\"wp-block block-core-quote\">\n<blockquote class=\"wp-block-quote is-layout-flow wp-block-quote-is-layout-flow\"><p>\u00ab Dans une classe de 20 \u00e9tudiants, il y a 14 nationalit\u00e9s diff\u00e9rentes repr\u00e9sent\u00e9es. J\u2019ai fait la connaissance d\u2019\u00e9tudiants originaires d\u2019endroits tels que l\u2019Iran, le Soudan, le Nig\u00e9ria et d\u2019autres pays \u00e9galement. Le nombre de langues et de cultures repr\u00e9sent\u00e9es ici constitue une r\u00e9alit\u00e9 tr\u00e8s enrichissante et stimulante, mais cela peut se r\u00e9v\u00e9ler aussi un d\u00e9fi d\u2019apprendre \u00e0 conna\u00eetre les gens plus intimement et \u00e0 d\u00e9passer le niveau des conversations banales avec eux. \u00bb<\/p><\/blockquote>\n<\/div>\n\n<div class=\"wp-block block-core-paragraph\">\n<p class=\"wp-block-paragraph\">Joignez-vous \u00e0 nous dans la pri\u00e8re pour Naomi cette semaine&nbsp;:<\/p>\n<\/div>\n\n<div class=\"wp-block block-core-list\">\n<ul class=\"wp-block-list\"><li>Priez pour Naomi afin qu\u2019elle soit en mesure de s\u2019exprimer avec facilit\u00e9, sensibilit\u00e9 et courage dans ses \u00e9changes avec ses amis et leur annonce l\u2019\u00c9vangile.<br><\/li><li>Priez que Dieu ouvre les yeux des \u00e9tudiants locaux et internationaux et transforme leur c\u0153ur, de sorte qu\u2019ils viennent \u00e0 reconna\u00eetre J\u00e9sus comme leur Seigneur et Sauveur. <br><\/li><li>Priez pour les chr\u00e9tiens locaux qui subissent la pers\u00e9cution afin qu\u2019ils puissent tenir ferme en J\u00e9sus et demeurer dans ses voies en comptant sur sa provision.<\/li><\/ul>\n<\/div>\n\n<div class=\"wp-block block-core-paragraph\">\n<p class=\"wp-block-paragraph\">Merci de prier avec nous !<\/p>\n<\/div>","protected":false},"featured_media":9924,"template":"","area":[455],"theme":[1256],"class_list":["post-10363","prayerline","type-prayerline","status-publish","has-post-thumbnail","hentry","area-east-asia","theme-ministere-parmi-les-etudiants-internationaux"],"acf":[],"yoast_head":"<!-- This site is optimized with the Yoast SEO plugin v27.2 - https:\/\/yoast.com\/product\/yoast-seo-wordpress\/ -->\n<title>Risques au niveau de la s\u00e9curit\u00e9 et barri\u00e8res de langues &#183; IFES Prayerline<\/title>\n<meta name=\"description\" content=\"Naomi doit faire attention \u00e0 ce qu\u2019elle dit \u00e0 ses amis. M\u00eame un message texte peut \u00eatre intercept\u00e9 par les autorit\u00e9s et attirer leur attention \u00e0 cause du\" \/>\n<meta name=\"robots\" content=\"index, follow, max-snippet:-1, max-image-preview:large, max-video-preview:-1\" \/>\n<link rel=\"canonical\" href=\"https:\/\/ifesworld.org\/fr\/prayerline\/risques-au-niveau-de-la-securite-et-barrieres-de-langues\/\" \/>\n<meta property=\"og:locale\" content=\"fr_FR\" \/>\n<meta property=\"og:type\" content=\"article\" \/>\n<meta property=\"og:title\" content=\"Risques au niveau de la s\u00e9curit\u00e9 et barri\u00e8res de langues &#183; IFES Prayerline\" \/>\n<meta property=\"og:description\" content=\"Naomi doit faire attention \u00e0 ce qu\u2019elle dit \u00e0 ses amis. M\u00eame un message texte peut \u00eatre intercept\u00e9 par les autorit\u00e9s et attirer leur attention \u00e0 cause du\" \/>\n<meta property=\"og:url\" content=\"https:\/\/ifesworld.org\/fr\/prayerline\/risques-au-niveau-de-la-securite-et-barrieres-de-langues\/\" \/>\n<meta property=\"og:site_name\" content=\"IFES\" \/>\n<meta property=\"article:modified_time\" content=\"2019-11-19T13:12:20+00:00\" \/>\n<meta property=\"og:image\" content=\"https:\/\/ifesworld.org\/wp-content\/uploads\/2019\/11\/manthan-gupta-vm6ZzC4l94Q-unsplash.jpg\" \/>\n\t<meta property=\"og:image:width\" content=\"1200\" \/>\n\t<meta property=\"og:image:height\" content=\"675\" \/>\n\t<meta property=\"og:image:type\" content=\"image\/jpeg\" \/>\n<meta name=\"twitter:card\" content=\"summary_large_image\" \/>\n<meta name=\"twitter:label1\" content=\"Dur\u00e9e de lecture estim\u00e9e\" \/>\n\t<meta name=\"twitter:data1\" content=\"2 minutes\" \/>\n<script type=\"application\/ld+json\" class=\"yoast-schema-graph\">{\"@context\":\"https:\/\/schema.org\",\"@graph\":[{\"@type\":\"WebPage\",\"@id\":\"https:\/\/ifesworld.org\/fr\/prayerline\/risques-au-niveau-de-la-securite-et-barrieres-de-langues\/\",\"url\":\"https:\/\/ifesworld.org\/fr\/prayerline\/risques-au-niveau-de-la-securite-et-barrieres-de-langues\/\",\"name\":\"Risques au niveau de la s\u00e9curit\u00e9 et barri\u00e8res de langues &#183; IFES Prayerline\",\"isPartOf\":{\"@id\":\"https:\/\/ifesworld.org\/es\/#website\"},\"primaryImageOfPage\":{\"@id\":\"https:\/\/ifesworld.org\/fr\/prayerline\/risques-au-niveau-de-la-securite-et-barrieres-de-langues\/#primaryimage\"},\"image\":{\"@id\":\"https:\/\/ifesworld.org\/fr\/prayerline\/risques-au-niveau-de-la-securite-et-barrieres-de-langues\/#primaryimage\"},\"thumbnailUrl\":\"https:\/\/ifesworld.org\/wp-content\/uploads\/2019\/11\/manthan-gupta-vm6ZzC4l94Q-unsplash.jpg\",\"datePublished\":\"2019-11-19T13:12:19+00:00\",\"dateModified\":\"2019-11-19T13:12:20+00:00\",\"description\":\"Naomi doit faire attention \u00e0 ce qu\u2019elle dit \u00e0 ses amis. M\u00eame un message texte peut \u00eatre intercept\u00e9 par les autorit\u00e9s et attirer leur attention \u00e0 cause du\",\"breadcrumb\":{\"@id\":\"https:\/\/ifesworld.org\/fr\/prayerline\/risques-au-niveau-de-la-securite-et-barrieres-de-langues\/#breadcrumb\"},\"inLanguage\":\"fr-FR\",\"potentialAction\":[{\"@type\":\"ReadAction\",\"target\":[\"https:\/\/ifesworld.org\/fr\/prayerline\/risques-au-niveau-de-la-securite-et-barrieres-de-langues\/\"]}]},{\"@type\":\"ImageObject\",\"inLanguage\":\"fr-FR\",\"@id\":\"https:\/\/ifesworld.org\/fr\/prayerline\/risques-au-niveau-de-la-securite-et-barrieres-de-langues\/#primaryimage\",\"url\":\"https:\/\/ifesworld.org\/wp-content\/uploads\/2019\/11\/manthan-gupta-vm6ZzC4l94Q-unsplash.jpg\",\"contentUrl\":\"https:\/\/ifesworld.org\/wp-content\/uploads\/2019\/11\/manthan-gupta-vm6ZzC4l94Q-unsplash.jpg\",\"width\":1200,\"height\":675,\"caption\":\"191119 PL - East Asia\"},{\"@type\":\"BreadcrumbList\",\"@id\":\"https:\/\/ifesworld.org\/fr\/prayerline\/risques-au-niveau-de-la-securite-et-barrieres-de-langues\/#breadcrumb\",\"itemListElement\":[{\"@type\":\"ListItem\",\"position\":1,\"name\":\"Home\",\"item\":\"https:\/\/ifesworld.org\/fr\/\"},{\"@type\":\"ListItem\",\"position\":2,\"name\":\"Prayerline\",\"item\":\"https:\/\/ifesworld.org\/en\/prayerline\/\"},{\"@type\":\"ListItem\",\"position\":3,\"name\":\"Risques au niveau de la s\u00e9curit\u00e9 et barri\u00e8res de langues\"}]},{\"@type\":\"WebSite\",\"@id\":\"https:\/\/ifesworld.org\/es\/#website\",\"url\":\"https:\/\/ifesworld.org\/es\/\",\"name\":\"IFES\",\"description\":\"A movement of students sharing and living out the good news of Jesus Christ. Locally. Nationally. Globally.\",\"publisher\":{\"@id\":\"https:\/\/ifesworld.org\/es\/#organization\"},\"potentialAction\":[{\"@type\":\"SearchAction\",\"target\":{\"@type\":\"EntryPoint\",\"urlTemplate\":\"https:\/\/ifesworld.org\/es\/?s={search_term_string}\"},\"query-input\":{\"@type\":\"PropertyValueSpecification\",\"valueRequired\":true,\"valueName\":\"search_term_string\"}}],\"inLanguage\":\"fr-FR\"},{\"@type\":\"Organization\",\"@id\":\"https:\/\/ifesworld.org\/es\/#organization\",\"name\":\"IFES \u00b7 International Fellowship of Evangelical Students\",\"url\":\"https:\/\/ifesworld.org\/es\/\",\"logo\":{\"@type\":\"ImageObject\",\"inLanguage\":\"fr-FR\",\"@id\":\"https:\/\/ifesworld.org\/es\/#\/schema\/logo\/image\/\",\"url\":\"https:\/\/ifesworld.org\/wp-content\/uploads\/2019\/06\/ifeslogo.png\",\"contentUrl\":\"https:\/\/ifesworld.org\/wp-content\/uploads\/2019\/06\/ifeslogo.png\",\"width\":262,\"height\":262,\"caption\":\"IFES \u00b7 International Fellowship of Evangelical Students\"},\"image\":{\"@id\":\"https:\/\/ifesworld.org\/es\/#\/schema\/logo\/image\/\"}}]}<\/script>\n<!-- \/ Yoast SEO plugin. -->","yoast_head_json":{"title":"Risques au niveau de la s\u00e9curit\u00e9 et barri\u00e8res de langues &#183; IFES Prayerline","description":"Naomi doit faire attention \u00e0 ce qu\u2019elle dit \u00e0 ses amis. M\u00eame un message texte peut \u00eatre intercept\u00e9 par les autorit\u00e9s et attirer leur attention \u00e0 cause du","robots":{"index":"index","follow":"follow","max-snippet":"max-snippet:-1","max-image-preview":"max-image-preview:large","max-video-preview":"max-video-preview:-1"},"canonical":"https:\/\/ifesworld.org\/fr\/prayerline\/risques-au-niveau-de-la-securite-et-barrieres-de-langues\/","og_locale":"fr_FR","og_type":"article","og_title":"Risques au niveau de la s\u00e9curit\u00e9 et barri\u00e8res de langues &#183; IFES Prayerline","og_description":"Naomi doit faire attention \u00e0 ce qu\u2019elle dit \u00e0 ses amis. M\u00eame un message texte peut \u00eatre intercept\u00e9 par les autorit\u00e9s et attirer leur attention \u00e0 cause du","og_url":"https:\/\/ifesworld.org\/fr\/prayerline\/risques-au-niveau-de-la-securite-et-barrieres-de-langues\/","og_site_name":"IFES","article_modified_time":"2019-11-19T13:12:20+00:00","og_image":[{"width":1200,"height":675,"url":"https:\/\/ifesworld.org\/wp-content\/uploads\/2019\/11\/manthan-gupta-vm6ZzC4l94Q-unsplash.jpg","type":"image\/jpeg"}],"twitter_card":"summary_large_image","twitter_misc":{"Dur\u00e9e de lecture estim\u00e9e":"2 minutes"},"schema":{"@context":"https:\/\/schema.org","@graph":[{"@type":"WebPage","@id":"https:\/\/ifesworld.org\/fr\/prayerline\/risques-au-niveau-de-la-securite-et-barrieres-de-langues\/","url":"https:\/\/ifesworld.org\/fr\/prayerline\/risques-au-niveau-de-la-securite-et-barrieres-de-langues\/","name":"Risques au niveau de la s\u00e9curit\u00e9 et barri\u00e8res de langues &#183; IFES Prayerline","isPartOf":{"@id":"https:\/\/ifesworld.org\/es\/#website"},"primaryImageOfPage":{"@id":"https:\/\/ifesworld.org\/fr\/prayerline\/risques-au-niveau-de-la-securite-et-barrieres-de-langues\/#primaryimage"},"image":{"@id":"https:\/\/ifesworld.org\/fr\/prayerline\/risques-au-niveau-de-la-securite-et-barrieres-de-langues\/#primaryimage"},"thumbnailUrl":"https:\/\/ifesworld.org\/wp-content\/uploads\/2019\/11\/manthan-gupta-vm6ZzC4l94Q-unsplash.jpg","datePublished":"2019-11-19T13:12:19+00:00","dateModified":"2019-11-19T13:12:20+00:00","description":"Naomi doit faire attention \u00e0 ce qu\u2019elle dit \u00e0 ses amis. M\u00eame un message texte peut \u00eatre intercept\u00e9 par les autorit\u00e9s et attirer leur attention \u00e0 cause du","breadcrumb":{"@id":"https:\/\/ifesworld.org\/fr\/prayerline\/risques-au-niveau-de-la-securite-et-barrieres-de-langues\/#breadcrumb"},"inLanguage":"fr-FR","potentialAction":[{"@type":"ReadAction","target":["https:\/\/ifesworld.org\/fr\/prayerline\/risques-au-niveau-de-la-securite-et-barrieres-de-langues\/"]}]},{"@type":"ImageObject","inLanguage":"fr-FR","@id":"https:\/\/ifesworld.org\/fr\/prayerline\/risques-au-niveau-de-la-securite-et-barrieres-de-langues\/#primaryimage","url":"https:\/\/ifesworld.org\/wp-content\/uploads\/2019\/11\/manthan-gupta-vm6ZzC4l94Q-unsplash.jpg","contentUrl":"https:\/\/ifesworld.org\/wp-content\/uploads\/2019\/11\/manthan-gupta-vm6ZzC4l94Q-unsplash.jpg","width":1200,"height":675,"caption":"191119 PL - East Asia"},{"@type":"BreadcrumbList","@id":"https:\/\/ifesworld.org\/fr\/prayerline\/risques-au-niveau-de-la-securite-et-barrieres-de-langues\/#breadcrumb","itemListElement":[{"@type":"ListItem","position":1,"name":"Home","item":"https:\/\/ifesworld.org\/fr\/"},{"@type":"ListItem","position":2,"name":"Prayerline","item":"https:\/\/ifesworld.org\/en\/prayerline\/"},{"@type":"ListItem","position":3,"name":"Risques au niveau de la s\u00e9curit\u00e9 et barri\u00e8res de langues"}]},{"@type":"WebSite","@id":"https:\/\/ifesworld.org\/es\/#website","url":"https:\/\/ifesworld.org\/es\/","name":"IFES","description":"A movement of students sharing and living out the good news of Jesus Christ. Locally. Nationally. Globally.","publisher":{"@id":"https:\/\/ifesworld.org\/es\/#organization"},"potentialAction":[{"@type":"SearchAction","target":{"@type":"EntryPoint","urlTemplate":"https:\/\/ifesworld.org\/es\/?s={search_term_string}"},"query-input":{"@type":"PropertyValueSpecification","valueRequired":true,"valueName":"search_term_string"}}],"inLanguage":"fr-FR"},{"@type":"Organization","@id":"https:\/\/ifesworld.org\/es\/#organization","name":"IFES \u00b7 International Fellowship of Evangelical Students","url":"https:\/\/ifesworld.org\/es\/","logo":{"@type":"ImageObject","inLanguage":"fr-FR","@id":"https:\/\/ifesworld.org\/es\/#\/schema\/logo\/image\/","url":"https:\/\/ifesworld.org\/wp-content\/uploads\/2019\/06\/ifeslogo.png","contentUrl":"https:\/\/ifesworld.org\/wp-content\/uploads\/2019\/06\/ifeslogo.png","width":262,"height":262,"caption":"IFES \u00b7 International Fellowship of Evangelical Students"},"image":{"@id":"https:\/\/ifesworld.org\/es\/#\/schema\/logo\/image\/"}}]}},"_links":{"self":[{"href":"https:\/\/ifesworld.org\/fr\/wp-json\/wp\/v2\/prayerline\/10363","targetHints":{"allow":["GET"]}}],"collection":[{"href":"https:\/\/ifesworld.org\/fr\/wp-json\/wp\/v2\/prayerline"}],"about":[{"href":"https:\/\/ifesworld.org\/fr\/wp-json\/wp\/v2\/types\/prayerline"}],"wp:featuredmedia":[{"embeddable":true,"href":"https:\/\/ifesworld.org\/fr\/wp-json\/wp\/v2\/media\/9924"}],"wp:attachment":[{"href":"https:\/\/ifesworld.org\/fr\/wp-json\/wp\/v2\/media?parent=10363"}],"wp:term":[{"taxonomy":"area","embeddable":true,"href":"https:\/\/ifesworld.org\/fr\/wp-json\/wp\/v2\/area?post=10363"},{"taxonomy":"theme","embeddable":true,"href":"https:\/\/ifesworld.org\/fr\/wp-json\/wp\/v2\/theme?post=10363"}],"curies":[{"name":"wp","href":"https:\/\/api.w.org\/{rel}","templated":true}]}}