{"id":6440,"date":"2019-06-25T13:50:45","date_gmt":"2019-06-25T13:50:45","guid":{"rendered":"https:\/\/ifesworld.org\/?page_id=6440"},"modified":"2019-09-04T14:53:18","modified_gmt":"2019-09-04T14:53:18","slug":"messagers-desperance","status":"publish","type":"page","link":"https:\/\/ifesworld.org\/fr\/messagers-desperance\/","title":{"rendered":"Messagers d\u2019esp\u00e9rance"},"content":{"rendered":"<div class=\"wp-block block-core-group alignfull no-padding-top\">\n<div class=\"wp-block-group alignfull has-white-background-color has-background no-padding-top\"><div class=\"wp-block-group__inner-container\"><div class=\"wp-block-group__inner-container is-layout-flow wp-block-group-is-layout-flow\"><div class=\"wp-block block-core-paragraph\">\n<p class=\"has-text-color has-md-font-size has-accent-color wp-block-paragraph\"> Dans le dernier chapitre de l\u2019\u00c9vangile de Luc, nous trouvons le r\u00e9cit de deux disciples faisant route en direction d\u2019Emma\u00fcs.\u202fQuelques jours auparavant, J\u00e9sus a \u00e9t\u00e9 crucifi\u00e9.\u202fMaintenant, son tombeau&nbsp;est vide et ces deux disciples se trouvent confront\u00e9s \u00e0 un monde hostile et incertain ; ils se questionnent sur la signification de ce qui s&rsquo;est pass\u00e9.&nbsp; <\/p>\n<\/div>\n\n<div class=\"wp-block block-core-paragraph\">\n<p class=\"wp-block-paragraph\"> J\u00e9sus vient \u00e0 leur rencontre et fait route avec eux en les aidant \u00e0 comprendre le sens des \u00c9critures.\u202fCette rencontre renouvelle leur esp\u00e9rance et transforme leur vie.&nbsp;<\/p>\n<\/div>\n\n<div class=\"wp-block block-core-paragraph\">\n<p class=\"wp-block-paragraph\"> Nous vous proposons de visionner cette s\u00e9rie de messages bibliques d&rsquo;\u00e9tudiants de l&rsquo;IFES, de membres du personnel et d&rsquo;invit\u00e9s d&rsquo;Afrique, d&rsquo;Asie, d&rsquo;Europe et des Am\u00e9riques. Nous prions que ce&nbsp;cheminement international unique avec J\u00e9sus renouvellera votre esp\u00e9rance en lui, et&nbsp;renforcera&nbsp;en vous l&rsquo;appel \u00e0 \u00eatre un messager d&rsquo;esp\u00e9rance dans le&nbsp;monde d&rsquo;aujourd&rsquo;hui.&nbsp; <\/p>\n<\/div>\n\n<div class=\"wp-block block-acf-ifesbutton\">\n<div class=\"\">\n    <a id=\"btn-block_5d0cf405e5ef8\" target=\"\" href=\"https:\/\/ifesworld.org\/fr\/assembleemondiale\/\" class=\"btn btn--cta-link\">\n        <span>\n                    <span class=\"icon\"><svg class=\"icon\"><use xlink:href=\"#chevron-circle-right-solid\"\/><\/svg><\/span>\n        En savoir plus sur l&rsquo;Assembl\u00e9e Mondiale de l&rsquo;IFES 2019         <\/span>\n    <\/a>\n<\/div>\n\n<\/div><\/div><\/div>\n<\/div><\/div>\n\n<div class=\"wp-block block-core-group alignfull\">\n<div class=\"wp-block-group alignfull has-white-dark-background-color has-background\"><div class=\"wp-block-group__inner-container\"><div class=\"wp-block-group__inner-container is-layout-flow wp-block-group-is-layout-flow\"><div class=\"wp-block block-core-heading\">\n<h1 class=\"wp-block-heading\"> Luc 24.13-35 \u00b7 cheminer avec j\u00e9sus et les uns avec les autres <\/h1>\n<\/div>\n\n<div class=\"wp-block block-core-heading\">\n<h4 class=\"wp-block-heading\">Sabine kalthoff, Secr\u00e9taire de l\u2019IFES pour l\u2019Interaction avec les \u00c9critures <\/h4>\n<\/div>\n\n<div class=\"wp-block block-acf-spacer\">\n<div id=\"spacer-block_5d1e5de91469c\" class=\"\">\n    <div aria-hidden=\"true\" class=\"wp-block-spacer spacer--md\"><\/div>\n<\/div>\n<\/div>\n\n<div class=\"wp-block block-core-columns has-2-columns\">\n<div class=\"wp-block-columns has-2-columns is-layout-flex wp-container-core-columns-is-layout-8f761849 wp-block-columns-is-layout-flex\">\n<div class=\"wp-block-column is-layout-flow wp-block-column-is-layout-flow\"><div class=\"wp-block block-core-embed-youtube wp-embed-aspect-16-9 wp-has-aspect-ratio\">\n<figure class=\"wp-block-embed-youtube wp-block-embed is-type-video is-provider-youtube wp-embed-aspect-16-9 wp-has-aspect-ratio\"><div class=\"wp-block-embed__wrapper\">\n<iframe loading=\"lazy\" title=\"Luc 24.13-35 \u00b7 Cheminer avec J\u00e9sus et les uns avec les autres\" width=\"740\" height=\"416\" src=\"https:\/\/www.youtube.com\/embed\/svM6uXhwCLU?feature=oembed&#038;cc_load_policy=1\" frameborder=\"0\" allow=\"accelerometer; autoplay; encrypted-media; gyroscope; picture-in-picture\" allowfullscreen><\/iframe>\n<\/div><\/figure>\n<\/div><\/div>\n\n\n\n<div class=\"wp-block-column is-layout-flow wp-block-column-is-layout-flow\"><div class=\"wp-block block-core-paragraph\">\n<p class=\"wp-block-paragraph\"> O\u00f9 en \u00eates-vous dans votre marche avec J\u00e9sus ?&nbsp;Rejoignez-nous dans notre cheminement \u00e0 l&rsquo;Assembl\u00e9e mondiale, en regardant \u00e0 la mani\u00e8re dont le Christ ressuscit\u00e9 chemine avec ses disciples, les transformant en leur expliquant les \u00c9critures et en se r\u00e9v\u00e9lant \u00e0 eux.&nbsp;<\/p>\n<\/div><\/div>\n<\/div>\n<\/div><\/div><\/div>\n<\/div><\/div>\n\n<div class=\"wp-block block-core-group alignfull\">\n<div class=\"wp-block-group alignfull has-white-background-color has-background\"><div class=\"wp-block-group__inner-container\"><div class=\"wp-block-group__inner-container is-layout-flow wp-block-group-is-layout-flow\"><div class=\"wp-block block-core-heading\">\n<h1 class=\"wp-block-heading\">L&rsquo;esp\u00e9rance dans le grand r\u00e9cit de dieu <\/h1>\n<\/div>\n\n<div class=\"wp-block block-core-heading\">\n<h4 class=\"wp-block-heading\"> Dr Chris Wright, directeur des minist\u00e8res internationaux de Langham Partnership&nbsp; <\/h4>\n<\/div>\n\n<div class=\"wp-block block-core-columns has-2-columns\">\n<div class=\"wp-block-columns has-2-columns is-layout-flex wp-container-core-columns-is-layout-8f761849 wp-block-columns-is-layout-flex\">\n<div class=\"wp-block-column is-layout-flow wp-block-column-is-layout-flow\"><div class=\"wp-block block-acf-spacer\">\n<div id=\"spacer-block_5d6fcfa82a3bd\" class=\"\">\n    <div aria-hidden=\"true\" class=\"wp-block-spacer spacer--md\"><\/div>\n<\/div>\n<\/div>\n\n<div class=\"wp-block block-core-embed-youtube wp-embed-aspect-16-9 wp-has-aspect-ratio\">\n<figure class=\"wp-block-embed-youtube wp-block-embed is-type-video is-provider-youtube wp-embed-aspect-16-9 wp-has-aspect-ratio\"><div class=\"wp-block-embed__wrapper\">\n<iframe loading=\"lazy\" title=\"L&#039;esp\u00e9rance dans le grand r\u00e9cit de dieu\" width=\"740\" height=\"416\" src=\"https:\/\/www.youtube.com\/embed\/_bmx34d8J4k?feature=oembed&#038;cc_load_policy=1\" frameborder=\"0\" allow=\"accelerometer; autoplay; encrypted-media; gyroscope; picture-in-picture\" allowfullscreen><\/iframe>\n<\/div><\/figure>\n<\/div><\/div>\n\n\n\n<div class=\"wp-block-column is-layout-flow wp-block-column-is-layout-flow\"><div class=\"wp-block block-core-paragraph\">\n<p class=\"wp-block-paragraph\">Pr\u00eatez l&rsquo;oreille alors que nous explorons le grand r\u00e9cit de la Bible\u202f: une histoire, une histoire vraie, l&rsquo;histoire de Dieu, et notre histoire. C&rsquo;est&nbsp;l\u00e0 o\u00f9 ces questions trouvent r\u00e9ponse. C&rsquo;est l\u00e0 o\u00f9 nous pouvons rencontrer Dieu lui-m\u00eame.&nbsp; <\/p>\n<\/div><\/div>\n<\/div>\n<\/div><\/div><\/div>\n<\/div><\/div>\n\n<div class=\"wp-block block-core-group alignfull\">\n<div class=\"wp-block-group alignfull has-white-dark-background-color has-background\"><div class=\"wp-block-group__inner-container\"><div class=\"wp-block-group__inner-container is-layout-flow wp-block-group-is-layout-flow\"><div class=\"wp-block block-core-heading\">\n<h1 class=\"wp-block-heading\"><strong><em>LUC 24.13-35 \u00b7 RECADR\u00c9 PAR J\u00c9SUS<\/em><\/strong> <\/h1>\n<\/div>\n\n<div class=\"wp-block block-core-heading\">\n<h4 class=\"wp-block-heading\"> Alejandra Ortiz, \u00e9quipe r\u00e9gionale de COMPA et \u00e9quipe des responsables de COMPA Mexique&nbsp; <\/h4>\n<\/div>\n\n<div class=\"wp-block block-acf-spacer\">\n<div id=\"spacer-block_5d4c2f84080d5\" class=\"\">\n    <div aria-hidden=\"true\" class=\"wp-block-spacer spacer--md\"><\/div>\n<\/div>\n<\/div>\n\n<div class=\"wp-block block-core-columns has-2-columns\">\n<div class=\"wp-block-columns has-2-columns is-layout-flex wp-container-core-columns-is-layout-8f761849 wp-block-columns-is-layout-flex\">\n<div class=\"wp-block-column is-layout-flow wp-block-column-is-layout-flow\"><div class=\"wp-block block-core-embed-youtube wp-embed-aspect-16-9 wp-has-aspect-ratio\">\n<figure class=\"wp-block-embed-youtube wp-block-embed is-type-video is-provider-youtube wp-embed-aspect-16-9 wp-has-aspect-ratio\"><div class=\"wp-block-embed__wrapper\">\n<iframe loading=\"lazy\" title=\"Luc 24.13-35 \u00b7 Recadr\u00e9 par J\u00e9sus\" width=\"740\" height=\"416\" src=\"https:\/\/www.youtube.com\/embed\/7-EySjTmz88?feature=oembed&#038;cc_load_policy=1\" frameborder=\"0\" allow=\"accelerometer; autoplay; encrypted-media; gyroscope; picture-in-picture\" allowfullscreen><\/iframe>\n<\/div><\/figure>\n<\/div><\/div>\n\n\n\n<div class=\"wp-block-column is-layout-flow wp-block-column-is-layout-flow\"><div class=\"wp-block block-core-paragraph\">\n<p class=\"wp-block-paragraph\"> Au milieu de leurs doutes et de leurs d\u00e9ceptions, les disciples ont rencontr\u00e9 J\u00e9sus. Pendant qu&rsquo;ils marchent avec J\u00e9sus, lui parlent et partagent le pain avec lui, leur perception de la r\u00e9alit\u00e9 est totalement transform\u00e9e\u202f: ils sont r\u00e9orient\u00e9s, recadr\u00e9s et recentr\u00e9s. Cheminez avec nous et les disciples sur la route d&rsquo;Emma\u00fcs et laissez J\u00e9sus recadrer votre perception de la r\u00e9alit\u00e9.&nbsp; <\/p>\n<\/div><\/div>\n<\/div>\n<\/div><\/div><\/div>\n<\/div><\/div>\n\n<div class=\"wp-block block-acf-spacer\">\n<div id=\"spacer-block_5d484c77c1023\" class=\"\">\n    <div aria-hidden=\"true\" class=\"wp-block-spacer spacer--md\"><\/div>\n<\/div>\n<\/div>\n\n<div class=\"wp-block block-core-group alignfull\">\n<div class=\"wp-block-group alignfull has-white-background-color has-background\"><div class=\"wp-block-group__inner-container\"><div class=\"wp-block-group__inner-container is-layout-flow wp-block-group-is-layout-flow\"><div class=\"wp-block block-core-heading\">\n<h1 class=\"wp-block-heading\"> <strong><em>LUC 7:11 &#8211; 30 \u00b7 SE TENIR \u00c0 UN CARREFOUR<\/em><\/strong><em>&nbsp;<\/em>&nbsp; <\/h1>\n<\/div>\n\n<div class=\"wp-block block-core-heading\">\n<h4 class=\"wp-block-heading\"> Dr Chris Wright, directeur des minist\u00e8res internationaux de Langham Partnership&nbsp; <\/h4>\n<\/div>\n\n<div class=\"wp-block block-acf-spacer\">\n<div id=\"spacer-block_5d4c2f5b080d4\" class=\"\">\n    <div aria-hidden=\"true\" class=\"wp-block-spacer spacer--md\"><\/div>\n<\/div>\n<\/div>\n\n<div class=\"wp-block block-core-columns has-2-columns\">\n<div class=\"wp-block-columns has-2-columns is-layout-flex wp-container-core-columns-is-layout-8f761849 wp-block-columns-is-layout-flex\">\n<div class=\"wp-block-column is-layout-flow wp-block-column-is-layout-flow\"><div class=\"wp-block block-core-embed-youtube wp-embed-aspect-16-9 wp-has-aspect-ratio\">\n<figure class=\"wp-block-embed-youtube wp-block-embed is-type-video is-provider-youtube wp-embed-aspect-16-9 wp-has-aspect-ratio\"><div class=\"wp-block-embed__wrapper\">\n<iframe loading=\"lazy\" title=\"Luc 7:11 - 30 \u00b7 Se tenir \u00e0 un carrefour \u00b7 Dr Chris Wright\" width=\"740\" height=\"416\" src=\"https:\/\/www.youtube.com\/embed\/NOmilmIXwAI?feature=oembed&#038;cc_load_policy=1\" frameborder=\"0\" allow=\"accelerometer; autoplay; encrypted-media; gyroscope; picture-in-picture\" allowfullscreen><\/iframe>\n<\/div><\/figure>\n<\/div><\/div>\n\n\n\n<div class=\"wp-block-column is-layout-flow wp-block-column-is-layout-flow\"><div class=\"wp-block block-core-paragraph\">\n<p class=\"wp-block-paragraph\">Jean-Baptiste \u00e9tait en prison. Les choses se pr\u00e9sentaient plut\u00f4t mal. Cela faisait-il partie du plan de Dieu\u202f? J\u00e9sus pouvait-il encore \u00eatre celui qu&rsquo;il disait \u00eatre\u202f? Explorez avec nous en quoi la r\u00e9ponse de J\u00e9sus donne de l&rsquo;assurance, de l&rsquo;espoir et une mission qui transforme le monde.&nbsp;<\/p>\n<\/div><\/div>\n<\/div>\n<\/div><\/div><\/div>\n<\/div><\/div>\n\n<div class=\"wp-block block-core-group alignfull\">\n<div class=\"wp-block-group alignfull has-white-dark-background-color has-background\"><div class=\"wp-block-group__inner-container\"><div class=\"wp-block-group__inner-container is-layout-flow wp-block-group-is-layout-flow\"><div class=\"wp-block block-core-heading\">\n<h1 class=\"wp-block-heading\"> <strong><em>LUC 9.18-27<\/em><\/strong><\/h1>\n<\/div>\n\n<div class=\"wp-block block-core-heading\">\n<h4 class=\"wp-block-heading\"> Joshua Castillo, \u00e9tudiant membre d&rsquo;Inter-Varsity Canada<\/h4>\n<\/div>\n\n<div class=\"wp-block block-core-columns has-2-columns\">\n<div class=\"wp-block-columns has-2-columns is-layout-flex wp-container-core-columns-is-layout-8f761849 wp-block-columns-is-layout-flex\">\n<div class=\"wp-block-column is-layout-flow wp-block-column-is-layout-flow\"><div class=\"wp-block block-acf-spacer\">\n<div id=\"spacer-block_5d22423e991e5\" class=\"\">\n    <div aria-hidden=\"true\" class=\"wp-block-spacer spacer--md\"><\/div>\n<\/div>\n<\/div>\n\n<div class=\"wp-block block-core-embed-youtube wp-embed-aspect-16-9 wp-has-aspect-ratio\">\n<figure class=\"wp-block-embed-youtube wp-block-embed is-type-video is-provider-youtube wp-embed-aspect-16-9 wp-has-aspect-ratio\"><div class=\"wp-block-embed__wrapper\">\n<iframe loading=\"lazy\" title=\"Luc 9.18-27 \u00b7 Joshua Castillo\" width=\"740\" height=\"416\" src=\"https:\/\/www.youtube.com\/embed\/lrrL0DjtgoA?feature=oembed&#038;cc_load_policy=1\" frameborder=\"0\" allow=\"accelerometer; autoplay; encrypted-media; gyroscope; picture-in-picture\" allowfullscreen><\/iframe>\n<\/div><\/figure>\n<\/div><\/div>\n\n\n\n<div class=\"wp-block-column is-layout-flow wp-block-column-is-layout-flow\"><div class=\"wp-block block-core-paragraph\">\n<p class=\"wp-block-paragraph\">Les foules ont des r\u00e9ponses contradictoires, mais au moins Pierre d\u00e9tient la bonne\u202f! Vraiment\u202f? J\u00e9sus nous propose de d\u00e9couvrir sa v\u00e9ritable identit\u00e9, et bouscule notre compr\u00e9hension de ce que signifie \u00eatre ses disciples.&nbsp;<\/p>\n<\/div><\/div>\n<\/div>\n<\/div><\/div><\/div>\n<\/div><\/div>\n\n<div class=\"wp-block block-core-group alignfull\">\n<div class=\"wp-block-group alignfull has-white-background-color has-background\"><div class=\"wp-block-group__inner-container\"><div class=\"wp-block-group__inner-container is-layout-flow wp-block-group-is-layout-flow\"><div class=\"wp-block block-core-heading\">\n<h1 class=\"wp-block-heading\"><strong><em>LUC 9.28-45<\/em><\/strong>&nbsp;<\/h1>\n<\/div>\n\n<div class=\"wp-block block-core-heading\">\n<h4 class=\"wp-block-heading\"> Vera Minorova, \u00e9tudiante membre du CCX Russie&nbsp; <\/h4>\n<\/div>\n\n<div class=\"wp-block block-core-columns has-2-columns\">\n<div class=\"wp-block-columns has-2-columns is-layout-flex wp-container-core-columns-is-layout-8f761849 wp-block-columns-is-layout-flex\">\n<div class=\"wp-block-column is-layout-flow wp-block-column-is-layout-flow\"><div class=\"wp-block block-acf-spacer\">\n<div id=\"spacer-block_5d224257991e6\" class=\"\">\n    <div aria-hidden=\"true\" class=\"wp-block-spacer spacer--md\"><\/div>\n<\/div>\n<\/div>\n\n<div class=\"wp-block block-core-embed-youtube wp-embed-aspect-16-9 wp-has-aspect-ratio\">\n<figure class=\"wp-block-embed-youtube wp-block-embed is-type-video is-provider-youtube wp-embed-aspect-16-9 wp-has-aspect-ratio\"><div class=\"wp-block-embed__wrapper\">\n<iframe loading=\"lazy\" title=\"Luc 9.28-45 \u00b7 Vera Minorova\" width=\"740\" height=\"416\" src=\"https:\/\/www.youtube.com\/embed\/w7gj_26WchM?feature=oembed&#038;cc_load_policy=1\" frameborder=\"0\" allow=\"accelerometer; autoplay; encrypted-media; gyroscope; picture-in-picture\" allowfullscreen><\/iframe>\n<\/div><\/figure>\n<\/div><\/div>\n\n\n\n<div class=\"wp-block-column is-layout-flow wp-block-column-is-layout-flow\"><div class=\"wp-block block-core-paragraph\">\n<p class=\"wp-block-paragraph\">Les disciples ne comprennent pas encore vraiment qui est J\u00e9sus ou quelle est sa mission. Mais J\u00e9sus les rejoint dans leur fragilit\u00e9, leur manque de foi et leur impuissance\u202f; il leur&nbsp;montre sa gloire. Serons-nous de ceux qui ob\u00e9issent \u00e0 l&rsquo;appel que Dieu adresse \u00e0 ses disciples aujourd&rsquo;hui\u202f: \u00ab\u202f\u00c9coutez attentivement J\u00e9sus\u202f\u00bb\u202f?&nbsp;<\/p>\n<\/div><\/div>\n<\/div>\n<\/div><\/div><\/div>\n<\/div><\/div>\n\n<div class=\"wp-block block-core-group alignfull\">\n<div class=\"wp-block-group alignfull has-white-dark-background-color has-background\"><div class=\"wp-block-group__inner-container\"><div class=\"wp-block-group__inner-container is-layout-flow wp-block-group-is-layout-flow\"><div class=\"wp-block block-core-heading\">\n<h1 class=\"wp-block-heading\"> <strong><em>LUC 9.46-62<\/em><\/strong>&nbsp; <\/h1>\n<\/div>\n\n<div class=\"wp-block block-core-heading\">\n<h4 class=\"wp-block-heading\"> Nanna Kildahl Mathiasen, \u00e9tudiante membre du KFS Danemark&nbsp;&nbsp; <\/h4>\n<\/div>\n\n<div class=\"wp-block block-core-columns has-2-columns\">\n<div class=\"wp-block-columns has-2-columns is-layout-flex wp-container-core-columns-is-layout-8f761849 wp-block-columns-is-layout-flex\">\n<div class=\"wp-block-column is-layout-flow wp-block-column-is-layout-flow\"><div class=\"wp-block block-acf-spacer\">\n<div id=\"spacer-block_5d22426f991e7\" class=\"\">\n    <div aria-hidden=\"true\" class=\"wp-block-spacer spacer--md\"><\/div>\n<\/div>\n<\/div>\n\n<div class=\"wp-block block-core-embed-youtube wp-embed-aspect-16-9 wp-has-aspect-ratio\">\n<figure class=\"wp-block-embed-youtube wp-block-embed is-type-video is-provider-youtube wp-embed-aspect-16-9 wp-has-aspect-ratio\"><div class=\"wp-block-embed__wrapper\">\n<iframe loading=\"lazy\" title=\"Luc 9.46-62 \u00b7 Nanna Kildahl Mathiasen\" width=\"740\" height=\"416\" src=\"https:\/\/www.youtube.com\/embed\/CW4WoTzvI2Y?feature=oembed&#038;cc_load_policy=1\" frameborder=\"0\" allow=\"accelerometer; autoplay; encrypted-media; gyroscope; picture-in-picture\" allowfullscreen><\/iframe>\n<\/div><\/figure>\n<\/div><\/div>\n\n\n\n<div class=\"wp-block-column is-layout-flow wp-block-column-is-layout-flow\"><div class=\"wp-block block-core-paragraph\">\n<p class=\"wp-block-paragraph\">Le royaume de Dieu est un royaume de surprises.&nbsp;Les disciples avaient de grandes attentes concernant le fait de suivre J\u00e9sus. Mais J\u00e9sus, qui pour nous est devenu enfant, puis un paria, a montr\u00e9 un autre chemin. Il nous appelle aujourd&rsquo;hui \u00e0 le suivre et \u00e0 proclamer son royaume plein de surprises.&nbsp;<\/p>\n<\/div><\/div>\n<\/div>\n<\/div><\/div><\/div>\n<\/div><\/div>\n\n<div class=\"wp-block block-core-group alignfull\">\n<div class=\"wp-block-group alignfull has-white-background-color has-background\"><div class=\"wp-block-group__inner-container\"><div class=\"wp-block-group__inner-container is-layout-flow wp-block-group-is-layout-flow\"><div class=\"wp-block block-core-heading\">\n<h1 class=\"wp-block-heading\"> <strong><em>ACTES 1.1-11 \u00b7 L\u2019HISTOIRE NE SE TERMINE PAS ENCORE L\u00c0<\/em><\/strong>&nbsp; <\/h1>\n<\/div>\n\n<div class=\"wp-block block-core-heading\">\n<h4 class=\"wp-block-heading\"> Alex Nanlohy, Secr\u00e9taire g\u00e9n\u00e9ral adjoint de PERKANTAS Indon\u00e9sie&nbsp;&nbsp; <\/h4>\n<\/div>\n\n<div class=\"wp-block block-acf-spacer\">\n<div id=\"spacer-block_5d2467ad0c141\" class=\"\">\n    <div aria-hidden=\"true\" class=\"wp-block-spacer spacer--md\"><\/div>\n<\/div>\n<\/div>\n\n<div class=\"wp-block block-core-columns has-2-columns\">\n<div class=\"wp-block-columns has-2-columns is-layout-flex wp-container-core-columns-is-layout-8f761849 wp-block-columns-is-layout-flex\">\n<div class=\"wp-block-column is-layout-flow wp-block-column-is-layout-flow\"><div class=\"wp-block block-core-embed-youtube wp-embed-aspect-16-9 wp-has-aspect-ratio\">\n<figure class=\"wp-block-embed-youtube wp-block-embed is-type-video is-provider-youtube wp-embed-aspect-16-9 wp-has-aspect-ratio\"><div class=\"wp-block-embed__wrapper\">\n<iframe loading=\"lazy\" title=\"Actes 1.1-11 \u00b7 Alex Nanlohy\" width=\"740\" height=\"416\" src=\"https:\/\/www.youtube.com\/embed\/UTd1nPI7pSM?feature=oembed&#038;cc_load_policy=1\" frameborder=\"0\" allow=\"accelerometer; autoplay; encrypted-media; gyroscope; picture-in-picture\" allowfullscreen><\/iframe>\n<\/div><\/figure>\n<\/div><\/div>\n\n\n\n<div class=\"wp-block-column is-layout-flow wp-block-column-is-layout-flow\"><div class=\"wp-block block-core-paragraph\">\n<p class=\"wp-block-paragraph\">Que s&rsquo;est-il pass\u00e9 ensuite pour les disciples\u202f? Que va-t-il se passer pour nous\u202f? L&rsquo;histoire continue lorsque&nbsp;les disciples de J\u00e9sus, remplis de son Esprit, sont envoy\u00e9s comme t\u00e9moins jusqu&rsquo;aux extr\u00e9mit\u00e9s de la terre.&nbsp;Que donne cette histoire dans le monde\u202f? Que donne-t-elle en Indon\u00e9sie\u202f? Que donnera-t-elle pour toi\u202f?&nbsp; <\/p>\n<\/div><\/div>\n<\/div>\n<\/div><\/div><\/div>\n<\/div><\/div>\n\n<div class=\"wp-block block-core-group alignfull\">\n<div class=\"wp-block-group alignfull has-white-dark-background-color has-background\"><div class=\"wp-block-group__inner-container\"><div class=\"wp-block-group__inner-container is-layout-flow wp-block-group-is-layout-flow\"><div class=\"wp-block block-core-heading\">\n<h1 class=\"wp-block-heading\"> <strong><em>ACTES 1.1-11 \u00b7 QU\u2019EST-CE QUE L\u2019ESP\u00c9RANCE ?<\/em><\/strong>&nbsp; <\/h1>\n<\/div>\n\n<div class=\"wp-block block-core-heading\">\n<h4 class=\"wp-block-heading\"> Janna Louie, dipl\u00f4m\u00e9e membre d&rsquo;InterVarsity\/USA et directrice r\u00e9gionale des minist\u00e8res aupr\u00e8s du corps enseignant&nbsp; <\/h4>\n<\/div>\n\n<div class=\"wp-block block-acf-spacer\">\n<div id=\"spacer-block_5d24681b0c143\" class=\"\">\n    <div aria-hidden=\"true\" class=\"wp-block-spacer spacer--md\"><\/div>\n<\/div>\n<\/div>\n\n<div class=\"wp-block block-core-columns has-2-columns\">\n<div class=\"wp-block-columns has-2-columns is-layout-flex wp-container-core-columns-is-layout-8f761849 wp-block-columns-is-layout-flex\">\n<div class=\"wp-block-column is-layout-flow wp-block-column-is-layout-flow\"><div class=\"wp-block block-core-embed-youtube wp-embed-aspect-16-9 wp-has-aspect-ratio\">\n<figure class=\"wp-block-embed-youtube wp-block-embed is-type-video is-provider-youtube wp-embed-aspect-16-9 wp-has-aspect-ratio\"><div class=\"wp-block-embed__wrapper\">\n<iframe loading=\"lazy\" title=\"Actes 1.1-11 \u00b7 Janna Louie\" width=\"740\" height=\"416\" src=\"https:\/\/www.youtube.com\/embed\/cNL4ktmpEa0?feature=oembed&#038;cc_load_policy=1\" frameborder=\"0\" allow=\"accelerometer; autoplay; encrypted-media; gyroscope; picture-in-picture\" allowfullscreen><\/iframe>\n<\/div><\/figure>\n<\/div><\/div>\n\n\n\n<div class=\"wp-block-column is-layout-flow wp-block-column-is-layout-flow\"><div class=\"wp-block block-core-paragraph\">\n<p class=\"wp-block-paragraph\">Ensemble, penchons-nous sur notre appel en tant que disciples de J\u00e9sus rev\u00eatus de la puissance de l&rsquo;Esprit Saint, notre mission consistant \u00e0&nbsp;nous rendre&nbsp;l\u00e0 o\u00f9 il y a de la souffrance et du d\u00e9sespoir, et \u00e0 communiquer aux autres l&rsquo;esp\u00e9rance du Christ ressuscit\u00e9.&nbsp;  <\/p>\n<\/div><\/div>\n<\/div>\n<\/div><\/div><\/div>\n<\/div><\/div>\n\n<div class=\"wp-block block-core-group alignfull\">\n<div class=\"wp-block-group alignfull has-white-background-color has-background\"><div class=\"wp-block-group__inner-container\"><div class=\"wp-block-group__inner-container is-layout-flow wp-block-group-is-layout-flow\"><div class=\"wp-block block-core-heading\">\n<h1 class=\"wp-block-heading\"> <strong><em>ACTES 3.1-26 \u00b7 NOTRE MISSION EN TANT QUE PORTEURS D\u2019ESP\u00c9RANCE<\/em><\/strong>&nbsp; <\/h1>\n<\/div>\n\n<div class=\"wp-block block-core-heading\">\n<h4 class=\"wp-block-heading\"> Dr Mamusha Fenta, expert&nbsp;de l\u2019exposition biblique et pr\u00e9dicateur en Afrique orientale&nbsp; <\/h4>\n<\/div>\n\n<div class=\"wp-block block-acf-spacer\">\n<div id=\"spacer-block_5d25e93775ec5\" class=\"\">\n    <div aria-hidden=\"true\" class=\"wp-block-spacer spacer--md\"><\/div>\n<\/div>\n<\/div>\n\n<div class=\"wp-block block-core-columns has-2-columns\">\n<div class=\"wp-block-columns has-2-columns is-layout-flex wp-container-core-columns-is-layout-8f761849 wp-block-columns-is-layout-flex\">\n<div class=\"wp-block-column is-layout-flow wp-block-column-is-layout-flow\"><div class=\"wp-block block-core-embed-youtube wp-embed-aspect-16-9 wp-has-aspect-ratio\">\n<figure class=\"wp-block-embed-youtube wp-block-embed is-type-video is-provider-youtube wp-embed-aspect-16-9 wp-has-aspect-ratio\"><div class=\"wp-block-embed__wrapper\">\n<iframe loading=\"lazy\" title=\"Actes 3.1-26 \u00b7 Mamusha Fenta\" width=\"740\" height=\"416\" src=\"https:\/\/www.youtube.com\/embed\/H4SIp8mpyNU?feature=oembed&#038;cc_load_policy=1\" frameborder=\"0\" allow=\"accelerometer; autoplay; encrypted-media; gyroscope; picture-in-picture\" allowfullscreen><\/iframe>\n<\/div><\/figure>\n<\/div><\/div>\n\n\n\n<div class=\"wp-block-column is-layout-flow wp-block-column-is-layout-flow\"><div class=\"wp-block block-core-paragraph\">\n<p class=\"wp-block-paragraph\">Nous rejoignons Pierre et Jean alors qu&rsquo;ils rencontrent un homme bris\u00e9 et apportent un message d&rsquo;esp\u00e9rance \u00e0 un peuple accabl\u00e9. Qu&rsquo;en est-il de nous aujourd&rsquo;hui\u202f? Nous consid\u00e9rons notre appel, en tant que personnes rev\u00eatues de la puissance de l&rsquo;Esprit, comme \u00e9tant de proclamer courageusement un message d&rsquo;esp\u00e9rance, en paroles et en actes, \u00e0 notre monde en souffrance.&nbsp;  <\/p>\n<\/div><\/div>\n<\/div>\n<\/div><\/div><\/div>\n<\/div><\/div>\n\n<div class=\"wp-block block-core-group alignfull\">\n<div class=\"wp-block-group alignfull has-white-dark-background-color has-background\"><div class=\"wp-block-group__inner-container\"><div class=\"wp-block-group__inner-container is-layout-flow wp-block-group-is-layout-flow\"><div class=\"wp-block block-core-heading\">\n<h1 class=\"wp-block-heading\"> <strong><em>ACTES 4.23-31 \u00b7 LA&nbsp;PENTEC\u00d4TE&nbsp;D\u2019ASSURANCE<\/em><\/strong>&nbsp; <\/h1>\n<\/div>\n\n<div class=\"wp-block block-core-heading\">\n<h4 class=\"wp-block-heading\">Augustin Ahoga, IFES Francophone Africa Regional\nSecretary (2007-2019)<\/h4>\n<\/div>\n\n<div class=\"wp-block block-acf-spacer\">\n<div id=\"spacer-block_5d2707676999c\" class=\"\">\n    <div aria-hidden=\"true\" class=\"wp-block-spacer spacer--md\"><\/div>\n<\/div>\n<\/div>\n\n<div class=\"wp-block block-core-columns has-2-columns\">\n<div class=\"wp-block-columns has-2-columns is-layout-flex wp-container-core-columns-is-layout-8f761849 wp-block-columns-is-layout-flex\">\n<div class=\"wp-block-column is-layout-flow wp-block-column-is-layout-flow\"><div class=\"wp-block block-core-embed-youtube wp-embed-aspect-16-9 wp-has-aspect-ratio\">\n<figure class=\"wp-block-embed-youtube wp-block-embed is-type-video is-provider-youtube wp-embed-aspect-16-9 wp-has-aspect-ratio\"><div class=\"wp-block-embed__wrapper\">\n<iframe loading=\"lazy\" title=\"Actes 4.23-31 \u00b7 Augustin Ahoga\" width=\"740\" height=\"416\" src=\"https:\/\/www.youtube.com\/embed\/a0ezu5zOd74?feature=oembed&#038;cc_load_policy=1\" frameborder=\"0\" allow=\"accelerometer; autoplay; encrypted-media; gyroscope; picture-in-picture\" allowfullscreen><\/iframe>\n<\/div><\/figure>\n<\/div><\/div>\n\n\n\n<div class=\"wp-block-column is-layout-flow wp-block-column-is-layout-flow\"><div class=\"wp-block block-core-paragraph\">\n<p class=\"wp-block-paragraph\">Les&nbsp;disciples avaient besoin de courage et d&rsquo;assurance face \u00e0 la pers\u00e9cution, et Dieu les a puissamment visit\u00e9s alors qu&rsquo;ils priaient ensemble. Dans le monde de l&rsquo;IFES aujourd&rsquo;hui, nous aussi avons besoin de courage et d&rsquo;assurance dans nos diff\u00e9rents contextes, afin de pouvoir continuer \u00e0 porter un message d&rsquo;esp\u00e9rance. En nous unissant dans la pri\u00e8re, \u00e0 quoi pouvons-nous nous attendre de la part de Dieu\u202f?&nbsp;  <\/p>\n<\/div><\/div>\n<\/div>\n<\/div><\/div><\/div>\n<\/div><\/div>\n\n<div class=\"wp-block block-core-group alignfull no-padding-top\">\n<div class=\"wp-block-group alignfull has-white-background-color has-background no-padding-top\"><div class=\"wp-block-group__inner-container\"><div class=\"wp-block-group__inner-container is-layout-flow wp-block-group-is-layout-flow\"><div class=\"wp-block block-acf-ifesbutton\">\n<div class=\"\">\n    <a id=\"btn-block_5d0cf563e5ef9\" target=\"\" href=\"#top\" class=\"btn btn--tertiary\">\n        <span>\n        \u2191 Retour haut de page        <\/span>\n    <\/a>\n<\/div>\n\n<\/div>\n\n<div class=\"wp-block block-acf-ifesbutton\">\n<div class=\"\">\n    <a id=\"btn-block_5d0cf5b1e5efa\" target=\"\" href=\"https:\/\/ifesworld.org\/fr\/assembleemondiale\/\" class=\"btn btn--world-student-day\">\n        <span>\n        Voir plus sur l&rsquo;Assembl\u00e9e Mondiale de l&rsquo;ifes 2019         <\/span>\n    <\/a>\n<\/div>\n\n<\/div><\/div><\/div>\n<\/div><\/div>","protected":false},"excerpt":{"rendered":"<p>Dans le dernier chapitre de l\u2019\u00c9vangile de Luc, nous trouvons le r\u00e9cit de deux disciples faisant route en direction d\u2019Emma\u00fcs.\u202fQuelques jours auparavant, J\u00e9sus a \u00e9t\u00e9 crucifi\u00e9.\u202fMaintenant, son tombeau&nbsp;est vide et ces deux disciples se trouvent confront\u00e9s \u00e0 un monde hostile et incertain ; ils se questionnent sur la signification de ce qui s&rsquo;est pass\u00e9.&nbsp; J\u00e9sus&#8230;<\/p>\n","protected":false},"author":2,"featured_media":7138,"parent":0,"menu_order":0,"comment_status":"closed","ping_status":"closed","template":"","meta":{"_acf_changed":false,"_crdt_document":"","inline_featured_image":false,"footnotes":""},"area":[],"theme":[],"class_list":["post-6440","page","type-page","status-publish","has-post-thumbnail","hentry"],"acf":[],"yoast_head":"<!-- This site is optimized with the Yoast SEO plugin v27.2 - https:\/\/yoast.com\/product\/yoast-seo-wordpress\/ -->\n<title>Messagers d\u2019esp\u00e9rance &#183; IFES<\/title>\n<meta name=\"description\" content=\"Dans le dernier chapitre de l\u2019\u00c9vangile de Luc, nous trouvons le r\u00e9cit de deux disciples faisant route en direction d\u2019Emma\u00fcs.\u202fQuelques jours auparavant,\" \/>\n<meta name=\"robots\" content=\"index, follow, max-snippet:-1, max-image-preview:large, max-video-preview:-1\" \/>\n<link rel=\"canonical\" href=\"https:\/\/ifesworld.org\/en\/world-assembly-2019-messengers-of-hope\/\" \/>\n<meta property=\"og:locale\" content=\"fr_FR\" \/>\n<meta property=\"og:type\" content=\"article\" \/>\n<meta property=\"og:title\" content=\"Messagers d\u2019esp\u00e9rance &#183; IFES\" \/>\n<meta property=\"og:description\" content=\"Dans le dernier chapitre de l\u2019\u00c9vangile de Luc, nous trouvons le r\u00e9cit de deux disciples faisant route en direction d\u2019Emma\u00fcs.\u202fQuelques jours auparavant,\" \/>\n<meta property=\"og:url\" content=\"https:\/\/ifesworld.org\/en\/world-assembly-2019-messengers-of-hope\/\" \/>\n<meta property=\"og:site_name\" content=\"IFES\" \/>\n<meta property=\"article:modified_time\" content=\"2019-09-04T14:53:18+00:00\" \/>\n<meta property=\"og:image\" content=\"https:\/\/ifesworld.org\/wp-content\/uploads\/2019\/07\/19wa-Alejandra-Ortiz.jpg\" \/>\n\t<meta property=\"og:image:width\" content=\"1200\" \/>\n\t<meta property=\"og:image:height\" content=\"675\" \/>\n\t<meta property=\"og:image:type\" content=\"image\/jpeg\" \/>\n<meta name=\"twitter:card\" content=\"summary_large_image\" \/>\n<meta name=\"twitter:label1\" content=\"Dur\u00e9e de lecture estim\u00e9e\" \/>\n\t<meta name=\"twitter:data1\" content=\"5 minutes\" \/>\n<script type=\"application\/ld+json\" class=\"yoast-schema-graph\">{\"@context\":\"https:\/\/schema.org\",\"@graph\":[{\"@type\":\"WebPage\",\"@id\":\"https:\/\/ifesworld.org\/en\/world-assembly-2019-messengers-of-hope\/\",\"url\":\"https:\/\/ifesworld.org\/en\/world-assembly-2019-messengers-of-hope\/\",\"name\":\"Messagers d\u2019esp\u00e9rance &#183; IFES\",\"isPartOf\":{\"@id\":\"https:\/\/ifesworld.org\/es\/#website\"},\"primaryImageOfPage\":{\"@id\":\"https:\/\/ifesworld.org\/en\/world-assembly-2019-messengers-of-hope\/#primaryimage\"},\"image\":{\"@id\":\"https:\/\/ifesworld.org\/en\/world-assembly-2019-messengers-of-hope\/#primaryimage\"},\"thumbnailUrl\":\"https:\/\/ifesworld.org\/wp-content\/uploads\/2019\/07\/19wa-Alejandra-Ortiz.jpg\",\"datePublished\":\"2019-06-25T13:50:45+00:00\",\"dateModified\":\"2019-09-04T14:53:18+00:00\",\"description\":\"Dans le dernier chapitre de l\u2019\u00c9vangile de Luc, nous trouvons le r\u00e9cit de deux disciples faisant route en direction d\u2019Emma\u00fcs.\u202fQuelques jours auparavant,\",\"breadcrumb\":{\"@id\":\"https:\/\/ifesworld.org\/en\/world-assembly-2019-messengers-of-hope\/#breadcrumb\"},\"inLanguage\":\"fr-FR\",\"potentialAction\":[{\"@type\":\"ReadAction\",\"target\":[\"https:\/\/ifesworld.org\/en\/world-assembly-2019-messengers-of-hope\/\"]}]},{\"@type\":\"ImageObject\",\"inLanguage\":\"fr-FR\",\"@id\":\"https:\/\/ifesworld.org\/en\/world-assembly-2019-messengers-of-hope\/#primaryimage\",\"url\":\"https:\/\/ifesworld.org\/wp-content\/uploads\/2019\/07\/19wa-Alejandra-Ortiz.jpg\",\"contentUrl\":\"https:\/\/ifesworld.org\/wp-content\/uploads\/2019\/07\/19wa-Alejandra-Ortiz.jpg\",\"width\":1200,\"height\":675},{\"@type\":\"BreadcrumbList\",\"@id\":\"https:\/\/ifesworld.org\/en\/world-assembly-2019-messengers-of-hope\/#breadcrumb\",\"itemListElement\":[{\"@type\":\"ListItem\",\"position\":1,\"name\":\"Home\",\"item\":\"https:\/\/ifesworld.org\/fr\/\"},{\"@type\":\"ListItem\",\"position\":2,\"name\":\"Messagers d\u2019esp\u00e9rance\"}]},{\"@type\":\"WebSite\",\"@id\":\"https:\/\/ifesworld.org\/es\/#website\",\"url\":\"https:\/\/ifesworld.org\/es\/\",\"name\":\"IFES\",\"description\":\"A movement of students sharing and living out the good news of Jesus Christ. Locally. Nationally. Globally.\",\"publisher\":{\"@id\":\"https:\/\/ifesworld.org\/es\/#organization\"},\"potentialAction\":[{\"@type\":\"SearchAction\",\"target\":{\"@type\":\"EntryPoint\",\"urlTemplate\":\"https:\/\/ifesworld.org\/es\/?s={search_term_string}\"},\"query-input\":{\"@type\":\"PropertyValueSpecification\",\"valueRequired\":true,\"valueName\":\"search_term_string\"}}],\"inLanguage\":\"fr-FR\"},{\"@type\":\"Organization\",\"@id\":\"https:\/\/ifesworld.org\/es\/#organization\",\"name\":\"IFES \u00b7 International Fellowship of Evangelical Students\",\"url\":\"https:\/\/ifesworld.org\/es\/\",\"logo\":{\"@type\":\"ImageObject\",\"inLanguage\":\"fr-FR\",\"@id\":\"https:\/\/ifesworld.org\/es\/#\/schema\/logo\/image\/\",\"url\":\"https:\/\/ifesworld.org\/wp-content\/uploads\/2019\/06\/ifeslogo.png\",\"contentUrl\":\"https:\/\/ifesworld.org\/wp-content\/uploads\/2019\/06\/ifeslogo.png\",\"width\":262,\"height\":262,\"caption\":\"IFES \u00b7 International Fellowship of Evangelical Students\"},\"image\":{\"@id\":\"https:\/\/ifesworld.org\/es\/#\/schema\/logo\/image\/\"}}]}<\/script>\n<!-- \/ Yoast SEO plugin. -->","yoast_head_json":{"title":"Messagers d\u2019esp\u00e9rance &#183; IFES","description":"Dans le dernier chapitre de l\u2019\u00c9vangile de Luc, nous trouvons le r\u00e9cit de deux disciples faisant route en direction d\u2019Emma\u00fcs.\u202fQuelques jours auparavant,","robots":{"index":"index","follow":"follow","max-snippet":"max-snippet:-1","max-image-preview":"max-image-preview:large","max-video-preview":"max-video-preview:-1"},"canonical":"https:\/\/ifesworld.org\/en\/world-assembly-2019-messengers-of-hope\/","og_locale":"fr_FR","og_type":"article","og_title":"Messagers d\u2019esp\u00e9rance &#183; IFES","og_description":"Dans le dernier chapitre de l\u2019\u00c9vangile de Luc, nous trouvons le r\u00e9cit de deux disciples faisant route en direction d\u2019Emma\u00fcs.\u202fQuelques jours auparavant,","og_url":"https:\/\/ifesworld.org\/en\/world-assembly-2019-messengers-of-hope\/","og_site_name":"IFES","article_modified_time":"2019-09-04T14:53:18+00:00","og_image":[{"width":1200,"height":675,"url":"https:\/\/ifesworld.org\/wp-content\/uploads\/2019\/07\/19wa-Alejandra-Ortiz.jpg","type":"image\/jpeg"}],"twitter_card":"summary_large_image","twitter_misc":{"Dur\u00e9e de lecture estim\u00e9e":"5 minutes"},"schema":{"@context":"https:\/\/schema.org","@graph":[{"@type":"WebPage","@id":"https:\/\/ifesworld.org\/en\/world-assembly-2019-messengers-of-hope\/","url":"https:\/\/ifesworld.org\/en\/world-assembly-2019-messengers-of-hope\/","name":"Messagers d\u2019esp\u00e9rance &#183; IFES","isPartOf":{"@id":"https:\/\/ifesworld.org\/es\/#website"},"primaryImageOfPage":{"@id":"https:\/\/ifesworld.org\/en\/world-assembly-2019-messengers-of-hope\/#primaryimage"},"image":{"@id":"https:\/\/ifesworld.org\/en\/world-assembly-2019-messengers-of-hope\/#primaryimage"},"thumbnailUrl":"https:\/\/ifesworld.org\/wp-content\/uploads\/2019\/07\/19wa-Alejandra-Ortiz.jpg","datePublished":"2019-06-25T13:50:45+00:00","dateModified":"2019-09-04T14:53:18+00:00","description":"Dans le dernier chapitre de l\u2019\u00c9vangile de Luc, nous trouvons le r\u00e9cit de deux disciples faisant route en direction d\u2019Emma\u00fcs.\u202fQuelques jours auparavant,","breadcrumb":{"@id":"https:\/\/ifesworld.org\/en\/world-assembly-2019-messengers-of-hope\/#breadcrumb"},"inLanguage":"fr-FR","potentialAction":[{"@type":"ReadAction","target":["https:\/\/ifesworld.org\/en\/world-assembly-2019-messengers-of-hope\/"]}]},{"@type":"ImageObject","inLanguage":"fr-FR","@id":"https:\/\/ifesworld.org\/en\/world-assembly-2019-messengers-of-hope\/#primaryimage","url":"https:\/\/ifesworld.org\/wp-content\/uploads\/2019\/07\/19wa-Alejandra-Ortiz.jpg","contentUrl":"https:\/\/ifesworld.org\/wp-content\/uploads\/2019\/07\/19wa-Alejandra-Ortiz.jpg","width":1200,"height":675},{"@type":"BreadcrumbList","@id":"https:\/\/ifesworld.org\/en\/world-assembly-2019-messengers-of-hope\/#breadcrumb","itemListElement":[{"@type":"ListItem","position":1,"name":"Home","item":"https:\/\/ifesworld.org\/fr\/"},{"@type":"ListItem","position":2,"name":"Messagers d\u2019esp\u00e9rance"}]},{"@type":"WebSite","@id":"https:\/\/ifesworld.org\/es\/#website","url":"https:\/\/ifesworld.org\/es\/","name":"IFES","description":"A movement of students sharing and living out the good news of Jesus Christ. Locally. Nationally. Globally.","publisher":{"@id":"https:\/\/ifesworld.org\/es\/#organization"},"potentialAction":[{"@type":"SearchAction","target":{"@type":"EntryPoint","urlTemplate":"https:\/\/ifesworld.org\/es\/?s={search_term_string}"},"query-input":{"@type":"PropertyValueSpecification","valueRequired":true,"valueName":"search_term_string"}}],"inLanguage":"fr-FR"},{"@type":"Organization","@id":"https:\/\/ifesworld.org\/es\/#organization","name":"IFES \u00b7 International Fellowship of Evangelical Students","url":"https:\/\/ifesworld.org\/es\/","logo":{"@type":"ImageObject","inLanguage":"fr-FR","@id":"https:\/\/ifesworld.org\/es\/#\/schema\/logo\/image\/","url":"https:\/\/ifesworld.org\/wp-content\/uploads\/2019\/06\/ifeslogo.png","contentUrl":"https:\/\/ifesworld.org\/wp-content\/uploads\/2019\/06\/ifeslogo.png","width":262,"height":262,"caption":"IFES \u00b7 International Fellowship of Evangelical Students"},"image":{"@id":"https:\/\/ifesworld.org\/es\/#\/schema\/logo\/image\/"}}]}},"_links":{"self":[{"href":"https:\/\/ifesworld.org\/fr\/wp-json\/wp\/v2\/pages\/6440","targetHints":{"allow":["GET"]}}],"collection":[{"href":"https:\/\/ifesworld.org\/fr\/wp-json\/wp\/v2\/pages"}],"about":[{"href":"https:\/\/ifesworld.org\/fr\/wp-json\/wp\/v2\/types\/page"}],"author":[{"embeddable":true,"href":"https:\/\/ifesworld.org\/fr\/wp-json\/wp\/v2\/users\/2"}],"replies":[{"embeddable":true,"href":"https:\/\/ifesworld.org\/fr\/wp-json\/wp\/v2\/comments?post=6440"}],"version-history":[{"count":0,"href":"https:\/\/ifesworld.org\/fr\/wp-json\/wp\/v2\/pages\/6440\/revisions"}],"wp:featuredmedia":[{"embeddable":true,"href":"https:\/\/ifesworld.org\/fr\/wp-json\/wp\/v2\/media\/7138"}],"wp:attachment":[{"href":"https:\/\/ifesworld.org\/fr\/wp-json\/wp\/v2\/media?parent=6440"}],"wp:term":[{"taxonomy":"area","embeddable":true,"href":"https:\/\/ifesworld.org\/fr\/wp-json\/wp\/v2\/area?post=6440"},{"taxonomy":"theme","embeddable":true,"href":"https:\/\/ifesworld.org\/fr\/wp-json\/wp\/v2\/theme?post=6440"}],"curies":[{"name":"wp","href":"https:\/\/api.w.org\/{rel}","templated":true}]}}