{"id":4723,"date":"2019-06-17T16:47:50","date_gmt":"2019-06-17T16:47:50","guid":{"rendered":"https:\/\/ifesworld.org\/penser-en-termes-plus-larges\/"},"modified":"2019-11-26T11:26:50","modified_gmt":"2019-11-26T11:26:50","slug":"penser-en-termes-plus-larges","status":"publish","type":"page","link":"https:\/\/ifesworld.org\/fr\/penser-en-termes-plus-larges\/","title":{"rendered":"Penser en termes plus larges"},"content":{"rendered":"<div class=\"wp-block block-core-group alignfull\">\n<div class=\"wp-block-group alignfull has-white-background-color has-background\"><div class=\"wp-block-group__inner-container\"><div class=\"wp-block-group__inner-container is-layout-flow wp-block-group-is-layout-flow\"><div class=\"wp-block block-core-heading\">\n<h1 class=\"has-primary-color has-text-color wp-block-heading\">Changez l\u2019universit\u00e9 et vous changerez le monde<\/h1>\n<\/div>\n\n<div class=\"wp-block block-core-paragraph\">\n<p class=\"has-text-color has-md-font-size has-accent-color wp-block-paragraph\">La vision mondiale de l\u2019IFES va jusqu\u2019\u00e0 impacter toute la\nsoci\u00e9t\u00e9 pour la gloire de Christ. Cela signifie\navantage que de gagner les \u00e9tudiants pour le royaume : cela signifie voir les valeurs du royaume fa\u00e7onner\nnotre culture et changer le monde.<\/p>\n<\/div>\n\n<div class=\"wp-block block-core-paragraph\">\n<p class=\"wp-block-paragraph\">L\u2019universit\u00e9 est l\u2019endroit o\u00f9 les gens soul\u00e8vent de grandes\nquestions. Les d\u00e9bats qui y ont court aujourd\u2019hui fa\u00e7onneront les d\u00e9cisions des responsables\nde demain.<\/p>\n<\/div>\n\n<div class=\"wp-block block-core-paragraph\">\n<p class=\"wp-block-paragraph\">Nous croyons que l&rsquo;\u00e9vangile a quelque chose de vital \u00e0 dire dans chaque\ndiscipline, depuis la politique, l&rsquo;\u00e9conomie et les sciences jusqu\u2019\u00e0 l&rsquo;\u00e9thique, l\u2019\u00e9ducation et\nl&rsquo;art Nous voulons voir des disciples\nde J\u00e9sus participer en toute confiance et avec conviction aux conversations qui ont cours\ndans leurs universit\u00e9s.<\/p>\n<\/div>\n\n<div class=\"wp-block block-core-paragraph\">\n<p class=\"wp-block-paragraph\">Nous avons un appel en tant qu\u2019ambassadeurs de Christ dans les universit\u00e9s\ndu monde. Notre vision est de voir l\u2019\u00e9vangile transformer nos soci\u00e9t\u00e9s L&rsquo;avenir\nte une g\u00e9n\u00e9ration est en jeu. \nNous devons r\u00e9fl\u00e9chir en termes plus larges.<\/p>\n<\/div><\/div><\/div>\n<\/div><\/div>\n\n<div class=\"wp-block block-core-cover alignfull\">\n<div class=\"wp-block-cover alignfull has-background-dim\" style=\"background-image:url(https:\/\/ifesworld.org\/wp-content\/uploads\/2019\/06\/190130-Big-Issues-Report-pg2.jpg)\"><div class=\"wp-block-cover__inner-container is-layout-flow wp-block-cover-is-layout-flow\"><div class=\"wp-block block-core-paragraph alignright\">\n<p class=\"has-text-align-right wp-block-paragraph\">\u00ab Et si Dieu nous avait mis dans des universit\u00e9s pour un but plus grand ? Qu\u2019en est-il s\u2019il veut que nous soyons fid\u00e8les dans nos \u00e9tudes, pour commencer \u00e0 penser &#8211; o\u00f9 puis-je participer et \u00eatre une b\u00e9n\u00e9diction ? Quels sont les besoins et les enjeux actuels dans mon domaine d&rsquo;\u00e9tude et dans mon universit\u00e9 ? Que puis-je faire pour en faire un lieu plus juste ? \u00bb<br><em>Jeune dipl\u00f4m\u00e9 du LKSB Lettonie<\/em><\/p>\n<\/div><\/div><\/div>\n<\/div>\n\n<div class=\"wp-block block-core-group alignfull\">\n<div class=\"wp-block-group alignfull\"><div class=\"wp-block-group__inner-container\"><div class=\"wp-block-group__inner-container is-layout-flow wp-block-group-is-layout-flow\"><div class=\"wp-block block-core-heading\">\n<h1 class=\"has-primary-color has-text-color wp-block-heading\">S\u2019engager dans les grands enjeux<\/h1>\n<\/div>\n\n<div class=\"wp-block block-core-paragraph\">\n<p class=\"has-text-color has-md-font-size has-accent-color wp-block-paragraph\">Le projet Grands enjeux au sein de l\u2019universit\u00e9 a \u00e9t\u00e9 \u00e9tabli pour\naider les \u00e9tudiants et les professeurs chr\u00e9tiens \u00e0 mieux s\u2019impliquer au sein du monde acad\u00e9mique et\nles grands enjeux de l&rsquo;universit\u00e9 aujourd&rsquo;hui. Le projet donne les opportunit\u00e9s aux\n\u00e9tudiants et aux professeurs des mouvements de l\u2019IFES dans le monde de faire part de leurs id\u00e9es\net de leurs ressources, alors qu\u2019ensemble nous apprenons comment apporter une perspective biblique dans\nnos universit\u00e9s.<\/p>\n<\/div>\n\n<div class=\"wp-block block-core-paragraph\">\n<p class=\"wp-block-paragraph\">L&rsquo;\u00e9quipe du projet a effectu\u00e9 une enqu\u00eate mondiale et de nombreuses\nconsultations r\u00e9gionales. Ces consultations ont \u00e9t\u00e9 une occasion de mettre en exergue\net de f\u00eater la mani\u00e8re dont les mouvements nationaux interagissent d\u2019ores et\nd\u00e9j\u00e0 avec l\u2019universit\u00e9 et d\u2019examiner les besoins pour pouvoir avancer.<\/p>\n<\/div>\n\n<div class=\"wp-block block-acf-ifesbutton\">\n<div class=\"\">\n    <a id=\"btn-block_5d04bf0de7e30\" target=\"_blank\" href=\"https:\/\/bigissues.ifesworld.org\" class=\"btn btn--cta-link\">\n        <span>\n                    <span class=\"icon\"><svg class=\"icon\"><use xlink:href=\"#chevron-circle-right-solid\"\/><\/svg><\/span>\n        Pour des rapports complets et une liste de ressources, visiter le site web du projet        <\/span>\n    <\/a>\n<\/div>\n\n<\/div>\n\n<div class=\"wp-block block-core-paragraph\">\n<p class=\"wp-block-paragraph\">\n\n\n\n\n\n\n\n\n\n\n\n\n\n\n\n\nLe\nprojet Grands enjeux au sein de l\u2019universit\u00e9 a \u00e9t\u00e9 rendu possible gr\u00e2ce au soutien financier de\nla fondation John Templeton.\n\n\n\n<\/p>\n<\/div><\/div><\/div>\n<\/div><\/div>\n\n<div class=\"wp-block block-core-cover alignfull\">\n<div class=\"wp-block-cover alignfull has-background-dim\" style=\"background-image:url(https:\/\/ifesworld.org\/wp-content\/uploads\/2019\/06\/pg-4-Daniel-.jpg)\"><div class=\"wp-block-cover__inner-container is-layout-flow wp-block-cover-is-layout-flow\"><div class=\"wp-block block-core-paragraph alignright\">\n<p class=\"has-text-align-right wp-block-paragraph\">\u00ab Depuis notre cr\u00e9ation, les mouvements de l\u2019IFES sont souvent all\u00e9s sur les campus comme s&rsquo;ils p\u00eachaient dans un lac, sans v\u00e9ritablement se pr\u00e9occuper de l\u2019environnement du lac. Mais notre mission \u00e0 l\u2019universit\u00e9 devrait \u00eatre envisag\u00e9e dans une perspective organique, une perspective d\u2019incarnation. Nous devrions former nos gens \u00e0 prendre part \u00e0 la communaut\u00e9 universitaire et \u00e0 agir pour transformer l&rsquo;universit\u00e9 elle-m\u00eame &#8211; toute l&rsquo;universit\u00e9 &#8211; pour J\u00e9sus. Il s&rsquo;agit d&rsquo;aller \u00e0 l\u2019universit\u00e9 en ayant une perspective holistique, int\u00e9grale. \u00bb<br><em>Daniel Bourdann\u00e9, Secr\u00e9taire g\u00e9n\u00e9ral de l&rsquo;IFES 2007 &#8211; 2019<\/em><\/p>\n<\/div><\/div><\/div>\n<\/div>\n\n<div class=\"wp-block block-core-group alignfull\">\n<div class=\"wp-block-group alignfull\"><div class=\"wp-block-group__inner-container\"><div class=\"wp-block-group__inner-container is-layout-flow wp-block-group-is-layout-flow\"><div class=\"wp-block block-core-heading\">\n<h1 class=\"has-primary-color has-text-color wp-block-heading\">La situation mondiale<\/h1>\n<\/div>\n\n<div class=\"wp-block block-core-paragraph\">\n<p class=\"has-text-color has-md-font-size has-accent-color wp-block-paragraph\">Chaque mouvement national de l\u2019IFES \u0153uvre dans un contexte unique. Ainsi la mani\u00e8re d\u2019interagir avec l&rsquo;universit\u00e9 prendra in\u00e9vitablement diff\u00e9rentes formes.<\/p>\n<\/div>\n\n<div class=\"wp-block block-core-paragraph\">\n<p class=\"wp-block-paragraph\">De nombreuses r\u00e9gions rencontrent de nouveaux d\u00e9fis : les questions du genre et de la sexualit\u00e9, la libert\u00e9 de parole, le pluralisme religieux agressif et une g\u00e9n\u00e9ration d&rsquo;\u00e9tudiants obs\u00e9d\u00e9s par les m\u00e9dias sociaux. D&rsquo;autres r\u00e9gions sont confront\u00e9es \u00e0 des questions plus sp\u00e9cifiques : la guerre au Moyen-Orient ; la propagation de l\u2019islam en Afrique du Nord ; les catastrophes naturelles en Asie de l&rsquo;Est ; la corruption et la destruction de l\u2019environnement en Am\u00e9rique latine.<\/p>\n<\/div>\n\n<div class=\"wp-block block-core-paragraph\">\n<p class=\"wp-block-paragraph\">S\u2019engager\ndans les grands enjeux est essentiel pour le chr\u00e9tien,\nmais loin d&rsquo;aller de soi.<\/p>\n<\/div>\n\n<div class=\"wp-block block-core-paragraph\">\n<p class=\"wp-block-paragraph\">L\u2019IFES veut \u00e9quiper chaque mouvement national pour s\u2019engager dans toute l\u2019universit\u00e9 afin que le message\nde l\u2019\u00e9vangile p\u00e9n\u00e8tre toutes les personnes et tous les aspects de la soci\u00e9t\u00e9.<\/p>\n<\/div>\n\n<div class=\"wp-block block-core-paragraph\">\n<p class=\"has-md-font-size wp-block-paragraph\">Consultez les r\u00e9gions ci-dessous pour d\u00e9couvrir certains des grands enjeux identifi\u00e9s ainsi que des exemples de la mani\u00e8re dont les \u00e9tudiants, le personnel et les professeurs y r\u00e9pondent alors qu\u2019ils cherchent \u00e0 avoir un impact \u00e0 l\u2019universit\u00e9 et plus largement dans la soci\u00e9t\u00e9 pour la gloire du Christ.<\/p>\n<\/div>\n\n<div class=\"wp-block block-core-columns has-3-columns\">\n<div class=\"wp-block-columns has-3-columns is-layout-flex wp-container-core-columns-is-layout-8f761849 wp-block-columns-is-layout-flex\">\n<div class=\"wp-block-column is-layout-flow wp-block-column-is-layout-flow\"><div class=\"wp-block block-acf-ifesbutton\">\n<div class=\"\">\n    <a id=\"btn-block_5d04cbddf9ef5\" target=\"\" href=\"#europe\" class=\"btn btn--europe\">\n        <span>\n        Europe        <\/span>\n    <\/a>\n<\/div>\n\n<\/div>\n\n<div class=\"wp-block block-acf-ifesbutton\">\n<div class=\"\">\n    <a id=\"btn-block_5d04cc4cf9ef8\" target=\"\" href=\"#afrique\" class=\"btn btn--primary\">\n        <span>\n        Afrique        <\/span>\n    <\/a>\n<\/div>\n\n<\/div><\/div>\n\n\n\n<div class=\"wp-block-column is-layout-flow wp-block-column-is-layout-flow\"><div class=\"wp-block block-acf-ifesbutton\">\n<div class=\"\">\n    <a id=\"btn-block_5d04cc6df9ef9\" target=\"\" href=\"#latinamerica\" class=\"btn btn--latin-america\">\n        <span>\n        Am\u00e9rique latine        <\/span>\n    <\/a>\n<\/div>\n\n<\/div>\n\n<div class=\"wp-block block-acf-ifesbutton\">\n<div class=\"\">\n    <a id=\"btn-block_5d04cc81f9efa\" target=\"\" href=\"#northamerica\" class=\"btn btn--north-america\">\n        <span>\n        Am\u00e9rique du Nord        <\/span>\n    <\/a>\n<\/div>\n\n<\/div><\/div>\n\n\n\n<div class=\"wp-block-column is-layout-flow wp-block-column-is-layout-flow\"><div class=\"wp-block block-acf-ifesbutton\">\n<div class=\"\">\n    <a id=\"btn-block_5d04cc9ff9efb\" target=\"\" href=\"#southasia\" class=\"btn btn--south-asia\">\n        <span>\n        Asie du Sud        <\/span>\n    <\/a>\n<\/div>\n\n<\/div>\n\n<div class=\"wp-block block-acf-ifesbutton\">\n<div class=\"\">\n    <a id=\"btn-block_5d04ccb2f9efc\" target=\"\" href=\"#southpacific\" class=\"btn btn--south-pacific\">\n        <span>\n        Pacifique sud        <\/span>\n    <\/a>\n<\/div>\n\n<\/div><\/div>\n<\/div>\n<\/div>\n\n<div class=\"wp-block block-acf-ifesbutton aligncenter\">\n<div class=\"aligncenter\">\n    <a id=\"btn-block_5d04cf48f9efd\" target=\"\" href=\"#conclusion\" class=\"btn btn--cta-link\">\n        <span>\n                    <span class=\"icon\"><svg class=\"icon\"><use xlink:href=\"#chevron-circle-right-solid\"\/><\/svg><\/span>\n        Conclusion : Le chemin devant nous         <\/span>\n    <\/a>\n<\/div>\n\n<\/div><\/div><\/div>\n<\/div><\/div>\n\n<div class=\"wp-block block-core-cover alignfull\">\n<div class=\"wp-block-cover alignfull has-background-dim\" style=\"background-image:url(https:\/\/ifesworld.org\/wp-content\/uploads\/2019\/06\/pg7.jpg)\"><div class=\"wp-block-cover__inner-container is-layout-flow wp-block-cover-is-layout-flow\"><div class=\"wp-block block-core-paragraph\">\n<p class=\"wp-block-paragraph\">\u00ab J&rsquo;ai d\u00e9couvert que sans une compr\u00e9hension approfondie du contexte universitaire, l\u2019impact de notre travail aurait une courte dur\u00e9e de vie. Cependant, si nous consid\u00e9rons l\u2019universit\u00e9 dans son ensemble, alors nous pourrons transformer les \u00e9tudiants alors qu\u2019ils sont \u00e0 l&rsquo;universit\u00e9 et plus tard alors qu\u2019ils vivent dans leurs communaut\u00e9s. Notre responsabilit\u00e9 est de r\u00e9v\u00e9ler Christ dans chaque aspect de la vie universitaire : dans le domaine acad\u00e9mique, social et politique. \u00bb<br><em>\u00c9quipier du TAFES Tanzanie<\/em><\/p>\n<\/div><\/div><\/div>\n<\/div>\n\n<div class=\"wp-block block-core-group alignfull\">\n<div class=\"wp-block-group alignfull\" id=\"europe\"><div class=\"wp-block-group__inner-container\"><div class=\"wp-block-group__inner-container is-layout-flow wp-block-group-is-layout-flow\"><div class=\"wp-block block-core-heading\">\n<h1 class=\"has-europe-color has-text-color wp-block-heading\">Europe<\/h1>\n<\/div>\n\n<div class=\"wp-block block-core-paragraph\">\n<p class=\"has-text-color has-md-font-size has-europe-color wp-block-paragraph\">L\u2019Europe est une des r\u00e9gions qui a connu un \u00e9norme changement au cours de la derni\u00e8re d\u00e9cennie.<\/p>\n<\/div>\n\n<div class=\"wp-block block-core-paragraph\">\n<p class=\"wp-block-paragraph\">Les discussions concernant les questions transgenres et la sexualit\u00e9, la sant\u00e9 mentale, l\u2019immigration et la libert\u00e9 de parole se sont r\u00e9pandues \u00e0 travers les campus sur le continent. Les \u00e9tudiants chr\u00e9tiens ont besoin de trouver des r\u00e9ponses \u00e0 leurs questions qui ne se posaient m\u00eame pas il y a une g\u00e9n\u00e9ration de cela.<\/p>\n<\/div>\n\n<div class=\"wp-block block-core-paragraph\">\n<p class=\"wp-block-paragraph\">Alors que l\u2019Europe passe d\u2019une culture <em>post<\/em>-chr\u00e9tienne \u00e0 une culture \u00e0 pr\u00e9dominance <em>non<\/em>-chr\u00e9tienne, l&rsquo;acc\u00e8s au campus et la libert\u00e9 de parole sont toujours plus menac\u00e9s. Le droit \u00e0 la parole, \u00e0 remettre en question et \u00e0 penser de mani\u00e8re critique &#8211; sans doute le c\u0153ur m\u00eame de l\u2019universit\u00e9, et d&rsquo;ailleurs le point de d\u00e9part de l&rsquo;\u00e9vang\u00e9lisation &#8211; est en danger.<\/p>\n<\/div>\n\n<div class=\"wp-block block-core-paragraph\">\n<p class=\"wp-block-paragraph\">\n\nLes membres de l\u2019UCCF dans une universit\u00e9 de Grande-Bretagne, par exemple, ont eu l\u2019interdiction d&rsquo;avoir un stand lors de la semaine d&rsquo;accueil des nouveaux \u00e9tudiants par peur que cela ne cause \u00ab un pr\u00e9judice potentiel \u00bb aux \u00e9tudiants de premi\u00e8re ann\u00e9e.\n\n<\/p>\n<\/div><\/div><\/div>\n<\/div><\/div>\n\n<div class=\"wp-block block-core-quote\">\n<blockquote class=\"wp-block-quote is-layout-flow wp-block-quote-is-layout-flow\"><p> \u00ab Ce qui est en jeu ici, ce n\u2019est pas juste l&rsquo;int\u00e9grit\u00e9 et la r\u00e9putation de nos universit\u00e9s, mais \u00e9galement les fondements m\u00eame de la pens\u00e9e occidentale, lib\u00e9rale et tout le bien qui l&rsquo;accompagne. Les chr\u00e9tiens, par souci de l\u2019\u00e9panouissement de tous les citoyens, doivent certainement mettre au d\u00e9fi la censure sur le campus lorsqu&rsquo;ils la rencontrent. \u00bb <\/p><cite> <em>Richard Cunningham, Secr\u00e9taire g\u00e9n\u00e9ral de l\u2019UCCF Grande-Bretagne <\/em> <\/cite><\/blockquote>\n<\/div>\n\n\n<figure class=\"wp-block-image\"><img loading=\"lazy\" decoding=\"async\" width=\"1200\" height=\"450\" src=\"https:\/\/ifesworld.org\/wp-content\/uploads\/2019\/06\/PG9STU1.jpg\" alt=\"\" class=\"wp-image-4444\" srcset=\"https:\/\/ifesworld.org\/wp-content\/uploads\/2019\/06\/PG9STU1.jpg 1200w, https:\/\/ifesworld.org\/wp-content\/uploads\/2019\/06\/PG9STU1-300x113.jpg 300w, https:\/\/ifesworld.org\/wp-content\/uploads\/2019\/06\/PG9STU1-768x288.jpg 768w, https:\/\/ifesworld.org\/wp-content\/uploads\/2019\/06\/PG9STU1-1024x384.jpg 1024w\" sizes=\"auto, (max-width: 1200px) 100vw, 1200px\" \/><\/figure>\n\n\n<div class=\"wp-block block-core-paragraph\">\n<p class=\"wp-block-paragraph\"> <\/p>\n<\/div>\n\n<div class=\"wp-block block-core-group alignfull\">\n<div class=\"wp-block-group alignfull has-white-dark-background-color has-background\" id=\"afrique\"><div class=\"wp-block-group__inner-container\"><div class=\"wp-block-group__inner-container is-layout-flow wp-block-group-is-layout-flow\"><div class=\"wp-block block-core-heading\">\n<h1 class=\"has-primary-color has-text-color wp-block-heading\">Afrique<\/h1>\n<\/div>\n\n<div class=\"wp-block block-core-paragraph\">\n<p class=\"has-text-color has-md-font-size has-accent-color wp-block-paragraph\">Les grands enjeux discut\u00e9s dans les r\u00e9gions d\u2019Afrique anglophone et lusophone et d\u2019Afrique francophone ne peuvent \u00eatre abord\u00e9s comme des id\u00e9es abstraites. Ce sont des probl\u00e8mes tangibles, quotidiens qui demandent des solutions pratiques.<\/p>\n<\/div>\n\n<div class=\"wp-block block-core-paragraph\">\n<p class=\"wp-block-paragraph\">La pauvret\u00e9\nsignifie que de nombreux \u00e9tudiants n\u2019ont pas les moyens de payer les frais d&rsquo;inscription ni les ressources. L\u2019instabilit\u00e9 politique\net la pers\u00e9cution des chr\u00e9tiens signifient que les \u00e9tudiants sont en danger L&rsquo;immoralit\u00e9 sexuelle,\nles fautes professionnelles et la corruption font que le campus est souvent un endroit o\u00f9 il est difficile\nd\u2019\u00eatre chr\u00e9tien, et en particulier pour un chr\u00e9tien qui veut\ncontribuer par une perspective biblique aux conversations en cours.<\/p>\n<\/div>\n\n<div class=\"wp-block block-core-paragraph\">\n<p class=\"wp-block-paragraph\">En d\u00e9pit\ndes d\u00e9fis, les \u00e9tudiants, les \u00e9quipiers et les professeurs \u00e0 travers l\u2019Afrique sont engag\u00e9s\ndans des initiatives, d\u00e9termin\u00e9s \u00e0 impacter ces grands enjeux.<\/p>\n<\/div>\n\n<div class=\"wp-block block-core-columns has-2-columns\">\n<div class=\"wp-block-columns has-2-columns is-layout-flex wp-container-core-columns-is-layout-8f761849 wp-block-columns-is-layout-flex\">\n<div class=\"wp-block-column is-layout-flow wp-block-column-is-layout-flow\"><div class=\"wp-block block-core-group\">\n<div class=\"wp-block-group has-francophone-africa-background-color has-background\"><div class=\"wp-block-group__inner-container\"><div class=\"wp-block-group__inner-container is-layout-flow wp-block-group-is-layout-flow\"><div class=\"wp-block block-core-heading\">\n<h2 class=\"has-white-color has-text-color wp-block-heading\">Afrique francophone<\/h2>\n<\/div>\n\n<div class=\"wp-block block-core-paragraph\">\n<p class=\"has-text-color has-md-font-size has-white-color wp-block-paragraph\">M\u00eame avec des ressources et des infrastructures limit\u00e9es, il y a un solide r\u00e9seau de professeurs chr\u00e9tiens en Afrique francophone.<\/p>\n<\/div>\n\n<div class=\"wp-block block-core-paragraph\">\n<p class=\"has-text-color has-white-color wp-block-paragraph\">Les rencontres r\u00e9gionales annuelles donnent aux chercheurs l\u2019opportunit\u00e9 de faire part de leur domaine de recherche et de consid\u00e9rer ensemble comment apporter une perspective chr\u00e9tienne \u00e0 l\u2019universit\u00e9. Les conversations s&rsquo;\u00e9tendent sur un grand nombre de sujets, comme :<\/p>\n<\/div>\n\n<div class=\"wp-block block-core-paragraph\">\n<p class=\"has-text-color has-white-color wp-block-paragraph\">&#8211; Le r\u00f4le du sacr\u00e9 dans la conservation de la nature<br>&#8211; Une perspective chr\u00e9tienne de la culture politique en Afrique<br>&#8211; La m\u00e9decine et le VIH<\/p>\n<\/div>\n\n<div class=\"wp-block block-core-paragraph\">\n<p class=\"has-text-color has-white-color wp-block-paragraph\">Il\nest int\u00e9ressant de voir la mani\u00e8re dont les chercheurs commencent \u00e0 explorer ces questions avec la vision biblique\ndu monde.<\/p>\n<\/div><\/div><\/div>\n<\/div><\/div><\/div>\n\n\n\n<div class=\"wp-block-column is-layout-flow wp-block-column-is-layout-flow\"><div class=\"wp-block block-core-group\">\n<div class=\"wp-block-group has-epsa-background-color has-background\"><div class=\"wp-block-group__inner-container\"><div class=\"wp-block-group__inner-container is-layout-flow wp-block-group-is-layout-flow\"><div class=\"wp-block block-core-heading\">\n<h2 class=\"has-white-color has-text-color wp-block-heading\">Afrique Anglophone et Lusophone (EPSA)<\/h2>\n<\/div>\n\n<div class=\"wp-block block-core-paragraph\">\n<p class=\"has-text-color has-md-font-size has-white-color wp-block-paragraph\">De nombreux mouvements nationaux en Afrique anglophone et lusophone passent d\u2019ores et d\u00e9j\u00e0 des discussions \u00e0 l\u2019action.<\/p>\n<\/div>\n\n<div class=\"wp-block block-core-paragraph\">\n<p class=\"has-text-color has-white-color wp-block-paragraph\">Au Nig\u00e9ria, le NIFES a ouvert une \u00e9cole d\u2019entrepreneurs pour aider les \u00e9tudiants \u00e0 lutter contre la pauvret\u00e9. Les \u00e9tudiants acqui\u00e8rent des comp\u00e9tences comme la confection de bijoux de perles et la fabrication de bougies pour aider \u00e0 payer leurs frais d&rsquo;inscription.<\/p>\n<\/div>\n\n<div class=\"wp-block block-core-paragraph\">\n<p class=\"has-text-color has-white-color wp-block-paragraph\">Au\nSierra Leone, un des plus grands d\u00e9fis est la connexion internet. Seules les\nuniversit\u00e9s priv\u00e9es ont acc\u00e8s \u00e0 l\u2019internet. En r\u00e9ponse \u00e0 ce besoin, un\ngroupe d&rsquo;\u00e9tudiants du SLEFES ont \u00e9labor\u00e9 un projet pour permettre aux \u00e9tudiants\nd&rsquo;acc\u00e9der aux sites web et aux journaux en ligne pour leur recherche. Les \u00e9tudiants chr\u00e9tiens et\nnon-chr\u00e9tiens viennent de la m\u00eame mani\u00e8re ensemble faire leur travail, en\ndonnant l\u2019opportunit\u00e9 aux \u00e9tudiants du SLEFES de construire des relations avec leurs\ncamarades.<\/p>\n<\/div><\/div><\/div>\n<\/div><\/div><\/div>\n<\/div>\n<\/div><\/div><\/div>\n<\/div><\/div>\n\n<div class=\"wp-block block-core-group alignfull\">\n<div class=\"wp-block-group alignfull\" id=\"latinamerica\"><div class=\"wp-block-group__inner-container\"><div class=\"wp-block-group__inner-container is-layout-flow wp-block-group-is-layout-flow\"><div class=\"wp-block block-core-heading\">\n<h1 class=\"has-latin-america-color has-text-color wp-block-heading\">Am\u00e9rique Latine<\/h1>\n<\/div>\n\n<div class=\"wp-block block-core-paragraph\">\n<p class=\"has-text-color has-md-font-size has-latin-america-color wp-block-paragraph\">Les discussions dans les universit\u00e9s d\u2019Am\u00e9rique latine ont, dans de nombreux cas, de grandes cons\u00e9quences personnelles, sociales et politiques.<\/p>\n<\/div>\n\n<div class=\"wp-block block-core-paragraph\">\n<p class=\"wp-block-paragraph\">Par exemple :<\/p>\n<\/div>\n\n<div class=\"wp-block block-core-list\">\n<ul class=\"wp-block-list\"><li>Comment le chr\u00e9tien devrait-il r\u00e9pondre \u00e0 la\npr\u00e9valence des violences sexuelles contre les femmes dans les universit\u00e9s ?<\/li><li>Que devrait faire le chr\u00e9tien lorsque confront\u00e9\n\u00e0 un examen corrompu dans le corps des professeurs ou \u00e0 des pratiques gouvernementales injustes\nqui ont une incidence sur les frais d&rsquo;inscription et les admissions ?<\/li><\/ul>\n<\/div>\n\n<div class=\"wp-block block-core-paragraph\">\n<p class=\"wp-block-paragraph\">Les\nbatailles sont engag\u00e9es aux c\u00f4t\u00e9s de personnes aux arri\u00e8re-plans et aux croyances divers,\nmais que signifie d\u00e9fendre la justice en tant que chr\u00e9tien ? Comment pouvons-nous\n\u0153uvrer pour construire un meilleur mod\u00e8le universitaire qui embrasse la transparence,\nl\u2019inclusion et le dialogue ?<\/p>\n<\/div>\n\n<div class=\"wp-block block-core-paragraph\">\n<p class=\"wp-block-paragraph\">Bien\nque la bataille pour le changement soit dure, \u00e0 travers la r\u00e9gion, les mouvements ont\npris l&rsquo;initiative de s\u2019engager dans les grands enjeux. Ces efforts\nd\u00e9montrent avec puissance que les pr\u00e9occupations sociales sont importantes pour les chr\u00e9tiens.<\/p>\n<\/div><\/div><\/div>\n<\/div><\/div>\n\n<div class=\"wp-block block-core-columns has-2-columns\">\n<div class=\"wp-block-columns has-2-columns is-layout-flex wp-container-core-columns-is-layout-8f761849 wp-block-columns-is-layout-flex\">\n<div class=\"wp-block-column is-layout-flow wp-block-column-is-layout-flow\"><div class=\"wp-block block-core-list\">\n<ul class=\"wp-block-list\"><li>Le MUC El Salvador a mis en place une production th\u00e9\u00e2trale\npour refl\u00e9ter les enjeux de la violence.<\/li><li>L\u2019UCU Colombie a organis\u00e9 des forums pour explorer\nles diff\u00e9rentes opinions concernant le r\u00e9f\u00e9rendum de l&rsquo;accord de paix du pays.<\/li><li>L\u2019ADEE de R\u00e9publique dominicaine a organis\u00e9 une table ronde\nsur la loi sur l&rsquo;avortement.<\/li><li>L\u2019AGEUP du P\u00e9rou, avec une poign\u00e9e de repr\u00e9sentants\n\u00e9tudiants, ont pris part \u00e0 l&rsquo;\u00e9laboration de la l\u00e9gislation universitaire du pays.<\/li><li>Les \u00e9tudiants du GBU du Chili ont organis\u00e9 une rencontre pour discuter\ndes questions de violence sexuelle sur le campus. <\/li><\/ul>\n<\/div><\/div>\n\n\n\n<div class=\"wp-block-column is-layout-flow wp-block-column-is-layout-flow\">\n<figure class=\"wp-block-image\"><img loading=\"lazy\" decoding=\"async\" width=\"1024\" height=\"768\" src=\"https:\/\/ifesworld.org\/wp-content\/uploads\/2019\/06\/Think-Bigger-pg13-1024x768.jpg\" alt=\"\" class=\"wp-image-4471\" srcset=\"https:\/\/ifesworld.org\/wp-content\/uploads\/2019\/06\/Think-Bigger-pg13-1024x768.jpg 1024w, https:\/\/ifesworld.org\/wp-content\/uploads\/2019\/06\/Think-Bigger-pg13-300x225.jpg 300w, https:\/\/ifesworld.org\/wp-content\/uploads\/2019\/06\/Think-Bigger-pg13-768x576.jpg 768w, https:\/\/ifesworld.org\/wp-content\/uploads\/2019\/06\/Think-Bigger-pg13.jpg 1174w\" sizes=\"auto, (max-width: 1024px) 100vw, 1024px\" \/><\/figure>\n<\/div>\n<\/div>\n<\/div>\n\n<div class=\"wp-block block-core-group alignfull\">\n<div class=\"wp-block-group alignfull has-white-dark-background-color has-background\" id=\"northamerica\"><div class=\"wp-block-group__inner-container\"><div class=\"wp-block-group__inner-container is-layout-flow wp-block-group-is-layout-flow\"><div class=\"wp-block block-core-heading\">\n<h1 class=\"has-north-america-color has-text-color wp-block-heading\">Am\u00e9rique du Nord<\/h1>\n<\/div>\n\n<div class=\"wp-block block-core-paragraph\">\n<p class=\"has-text-color has-md-font-size has-north-america-color wp-block-paragraph\">Tout comme c\u2019est le cas dans d&rsquo;autres pays occidentaux, les universit\u00e9s du Canada et des \u00c9tats-Unis s&rsquo;\u00e9loignent rapidement d\u2019une vision du monde biblique vers la s\u00e9cularisation.<\/p>\n<\/div>\n\n<div class=\"wp-block block-core-paragraph\">\n<p class=\"wp-block-paragraph\">\u2019un des d\u00e9bats actuels sur le campus concerne la d\u00e9finition du genre et de la sexualit\u00e9. Les \u00e9tudiants et les professeurs ont besoin d&rsquo;aborder ces grands enjeux avec une grande sagesse, en faisant preuve \u00e0 la fois de courage et d&rsquo;amour alors qu\u2019ils parlent vrai. L\u2019environnement est un autre sujet contentieux : l\u2019impact du changement climatique et la responsabilit\u00e9 dans notre r\u00e9ponse \u00e0 cette question.<\/p>\n<\/div>\n\n<div class=\"wp-block block-core-paragraph\">\n<p class=\"wp-block-paragraph\">De plus en plus, les chr\u00e9tiens sur les campus \u00e0 travers la r\u00e9gion se rassemblent pour partager des id\u00e9es et r\u00e9fl\u00e9chir \u00e0 une r\u00e9ponse biblique \u00e0 certaines de ces grands d\u00e9bats.<\/p>\n<\/div>\n\n<div class=\"wp-block block-core-columns has-2-columns\">\n<div class=\"wp-block-columns has-2-columns is-layout-flex wp-container-core-columns-is-layout-8f761849 wp-block-columns-is-layout-flex\">\n<div class=\"wp-block-column is-layout-flow wp-block-column-is-layout-flow\"><div class=\"wp-block block-core-paragraph\">\n<p class=\"wp-block-paragraph\">Un\ngroupe aux \u00c9tats-Unis se r\u00e9unit ensemble en tant que dipl\u00f4m\u00e9s pour des expos\u00e9s de passion. Ces\nconf\u00e9rences donnent aux dipl\u00f4m\u00e9s chr\u00e9tiens une opportunit\u00e9 de parler en tant que chercheurs\net chr\u00e9tiens et d\u2019explorer les interactions entre leur foi et leur recherche.<\/p>\n<\/div>\n\n<div class=\"wp-block block-core-paragraph\">\n<p class=\"wp-block-paragraph\">Un astrophysicien qui travaille dans la recherche en mati\u00e8re de microondes cosmiques\na donn\u00e9 un expos\u00e9 de passion sur le Big Bang et le premier chapitre de la Gen\u00e8se.\nUn \u00e9tudiant en math\u00e9matiques a parl\u00e9 de la mani\u00e8re dont le cadre chr\u00e9tien rend les math\u00e9matiques\npossibles. Un autre \u00e9tudiant a parl\u00e9 de la mani\u00e8re dont il voit les v\u00e9rit\u00e9s concernant qui est Dieu et qui nous\nsommes, \u00e0 travers ses \u00e9tudes en th\u00e9orie de la calculabilit\u00e9.<\/p>\n<\/div>\n\n<div class=\"wp-block block-core-paragraph\">\n<p class=\"wp-block-paragraph\">L\u2019initiative a \u00e9t\u00e9 une r\u00e9ussite par une meilleure int\u00e9gration entre la foi et le monde acad\u00e9mique :<\/p>\n<\/div><\/div>\n\n\n\n<div class=\"wp-block-column is-layout-flow wp-block-column-is-layout-flow\">\n<figure class=\"wp-block-image\"><img loading=\"lazy\" decoding=\"async\" width=\"1024\" height=\"683\" src=\"https:\/\/ifesworld.org\/wp-content\/uploads\/2019\/06\/Think-Bigger-p15-1024x683.jpg\" alt=\"\" class=\"wp-image-4472\" srcset=\"https:\/\/ifesworld.org\/wp-content\/uploads\/2019\/06\/Think-Bigger-p15-1024x683.jpg 1024w, https:\/\/ifesworld.org\/wp-content\/uploads\/2019\/06\/Think-Bigger-p15-300x200.jpg 300w, https:\/\/ifesworld.org\/wp-content\/uploads\/2019\/06\/Think-Bigger-p15-768x512.jpg 768w\" sizes=\"auto, (max-width: 1024px) 100vw, 1024px\" \/><\/figure>\n<\/div>\n<\/div>\n<\/div>\n\n<div class=\"wp-block block-core-quote\">\n<blockquote class=\"wp-block-quote is-layout-flow wp-block-quote-is-layout-flow\"><p><em>\u00ab Les expos\u00e9s de passion ont \u00e9t\u00e9 importants pour nous dans le d\u00e9marrage de notre groupe vers une meilleure int\u00e9gration. Je ne pense pas que nous y soyons d\u00e9j\u00e0 mais cela a \u00e9t\u00e9 un important catalyseur. \u00c7a a aussi vraiment \u00e9t\u00e9 beaucoup de plaisir. \u00bb <\/em><\/p><cite> <em>Wendy Quay Honeycutt, \u00e9quipi\u00e8re d\u2019InterVarsity, Stanford<\/em> <\/cite><\/blockquote>\n<\/div><\/div><\/div>\n<\/div><\/div>\n\n<div class=\"wp-block block-core-cover alignfull\">\n<div class=\"wp-block-cover alignfull has-parallax\" style=\"background-image:url(https:\/\/ifesworld.org\/wp-content\/uploads\/2019\/06\/Think-Bigger-South-Asia-169.jpg)\"><div class=\"wp-block-cover__inner-container is-layout-flow wp-block-cover-is-layout-flow\"><div class=\"wp-block block-core-paragraph aligncenter\">\n<p class=\"has-text-align-center has-large-font-size wp-block-paragraph\"><\/p>\n<\/div><\/div><\/div>\n<\/div>\n\n<div class=\"wp-block block-core-group alignfull\">\n<div class=\"wp-block-group alignfull has-white-background-color has-background\" id=\"southasia\"><div class=\"wp-block-group__inner-container\"><div class=\"wp-block-group__inner-container is-layout-flow wp-block-group-is-layout-flow\"><div class=\"wp-block block-core-heading\">\n<h1 class=\"has-south-asia-color has-text-color wp-block-heading\">Asie du Sud<\/h1>\n<\/div>\n\n<div class=\"wp-block block-core-paragraph\">\n<p class=\"has-text-color has-md-font-size has-south-asia-color wp-block-paragraph\">Dans les conversations des universit\u00e9s de l\u2019Asie du Sud, nous pouvons voir \u00e0 la fois le programme pour le changement et l&rsquo;attrait de la tradition.<\/p>\n<\/div>\n\n<div class=\"wp-block block-core-paragraph\">\n<p class=\"wp-block-paragraph\"> Avec l\u2019enseignement \u00e0 distance qui devient de plus en plus populaire et les institutions qui sont privatis\u00e9es, le campus est un lieu diff\u00e9rent.<\/p>\n<\/div>\n\n<div class=\"wp-block block-core-paragraph\">\n<p class=\"wp-block-paragraph\">En\nrevanche, d&rsquo;autres aspects de la vie universitaire r\u00e9v\u00e8lent le d\u00e9fi de d\u00e9laisser\ndes pratiques et des attitudes que beaucoup consid\u00e8rent comme dangereuses : la corruption,\nla hi\u00e9rarchie rigide au sein de l\u2019universit\u00e9, les castes et les questions du genre, pour n\u2019en citer que quelques-uns.\nPour les mouvements nationaux de la r\u00e9gion, les principales pr\u00e9occupations concernent la\npers\u00e9cution et l\u2019opposition \u00e0 la foi chr\u00e9tienne.<\/p>\n<\/div>\n\n<div class=\"wp-block block-core-paragraph\">\n<p class=\"wp-block-paragraph\">S\u2019engager dans des conversations \u00e0 l\u2019universit\u00e9 demande de la d\u00e9termination, de la vision et de la pers\u00e9v\u00e9rance. Dans de nombreux cas, le professeur chr\u00e9tien ne lutte pas uniquement contre les structures universitaires anti-chr\u00e9tiennes, mais \u00e9galement contre la vision du monde profond\u00e9ment ancr\u00e9e de toute la soci\u00e9t\u00e9.<\/p>\n<\/div>\n\n<div class=\"wp-block block-core-paragraph\">\n<p class=\"wp-block-paragraph\">Au\nSri Lanka, l&rsquo;un des dipl\u00f4m\u00e9s en droit a pass\u00e9 une ann\u00e9e \u00e0 essayer d\u2019encourager \u00e0 la fois le personnel et les \u00e9tudiants\n\u00e0 en finir avec la pratique du bizutage dans la facult\u00e9 de droit. Le bizutage est une\ninitiation g\u00e9n\u00e9ralement abusive que les premi\u00e8res ann\u00e9es ont \u00e0 endurer aux mains de leurs a\u00een\u00e9s. Bien qu\u2019il y\nait des progr\u00e8s \u00e0 faire encore dans ce d\u00e9partement, l\u2019initiative a \u00e9t\u00e9\nen grande partie couronn\u00e9e de succ\u00e8s. M\u00eame simplement un chr\u00e9tien d\u00e9termin\u00e9 \u00e0 l\u2019universit\u00e9\npeut avoir un impact profond.<\/p>\n<\/div><\/div><\/div>\n<\/div><\/div>\n\n<div class=\"wp-block block-core-cover alignfull\">\n<div class=\"wp-block-cover alignfull has-parallax\" style=\"background-image:url(https:\/\/ifesworld.org\/wp-content\/uploads\/2019\/06\/Think-Bigger-South-Pacific-1024x683.jpg)\"><div class=\"wp-block-cover__inner-container is-layout-flow wp-block-cover-is-layout-flow\"><div class=\"wp-block block-core-paragraph aligncenter\">\n<p class=\"has-text-align-center has-large-font-size wp-block-paragraph\"><\/p>\n<\/div><\/div><\/div>\n<\/div>\n\n<div class=\"wp-block block-core-group alignfull\">\n<div class=\"wp-block-group alignfull has-white-dark-background-color has-background\" id=\"southpacific\"><div class=\"wp-block-group__inner-container\"><div class=\"wp-block-group__inner-container is-layout-flow wp-block-group-is-layout-flow\"><div class=\"wp-block block-core-heading\">\n<h1 class=\"has-south-pacific-color has-text-color wp-block-heading\">Pacifique Sud<\/h1>\n<\/div>\n\n<div class=\"wp-block block-core-paragraph\">\n<p class=\"has-text-color has-md-font-size has-south-pacific-color wp-block-paragraph\">Dans la r\u00e9gion, il y a deux mondes diff\u00e9rents : le monde occidental (l\u2019Australie et la Nouvelle-Z\u00e9lande) et le Monde majoritaire (les \u00eeles du Pacifique), et il y a donc une panoplie de conversations.<\/p>\n<\/div>\n\n<div class=\"wp-block block-core-paragraph\">\n<p class=\"wp-block-paragraph\">Les \u00eeles sont en proie \u00e0 des probl\u00e8mes de corruption, de gr\u00e8ves \u00e9tudiantes, de familles bris\u00e9es et une culture de la passivit\u00e9 en ce qui concerne le monde acad\u00e9mique et la Bible. La Nouvelle-Z\u00e9lande et l\u2019Australie, bien qu&rsquo;\u00e9galement isol\u00e9es g\u00e9ographiquement, sont tous les deux lourdement influenc\u00e9s par la culture occidentale s\u00e9culi\u00e8re. La m\u00e9connaissance biblique et l\u2019apathie spirituelle sont les caract\u00e9ristiques de l\u2019environnement universitaire.<\/p>\n<\/div>\n\n<div class=\"wp-block block-core-heading\">\n<h2 class=\"has-south-pacific-color has-text-color wp-block-heading\">Australie<\/h2>\n<\/div>\n\n<div class=\"wp-block block-core-paragraph\">\n<p class=\"wp-block-paragraph\">Le r\u00e9seau Sim\u00e9on est un minist\u00e8re de l\u2019AFES Australie qui, depuis un certain nombre d\u2019ann\u00e9es, organise des conf\u00e9rences qui rassemblent des professeurs chr\u00e9tiens et des doctorants du monde entier. Les participants ont pr\u00e9sent\u00e9 des articles qui explorent les liens entre une vision biblique et leur recherche acad\u00e9mique actuelle. De la chimie quantique \u00e0 la litt\u00e9rature, de l\u2019anthropologie aux sciences de l\u2019ing\u00e9nieur, toutes les disciplines y sont repr\u00e9sent\u00e9es.<\/p>\n<\/div>\n\n<div class=\"wp-block block-core-heading\">\n<h2 class=\"has-south-pacific-color has-text-color wp-block-heading\">Fidji<\/h2>\n<\/div>\n\n<div class=\"wp-block block-core-paragraph\">\n<p class=\"wp-block-paragraph\">PSFC\nLe PSFC Fidji est en partenariat avec l\u2019Institut de gu\u00e9rison des traumatismes de la Soci\u00e9t\u00e9 biblique\nam\u00e9ricaine afin d\u2019offrir une formation au personnel afin qu\u2019ils puissent mieux aider les \u00e9tudiants qui\nsouffrent de traumatisme. Il y a une prise de conscience croissante dans les \u00eeles du Pacifique que de\nnombreux \u00e9tudiants ont \u00e9t\u00e9 victimes d&rsquo;abus au cours de leur enfance. Le traumatisme associ\u00e9 est souvent\npr\u00e9judiciable dans la r\u00e9ussite des \u00e9tudes, dans la construction\nde relations personnelles saines et dans leur capacit\u00e9 \u00e0 prendre des responsabilit\u00e9s\nen tant que leader chr\u00e9tien ou m\u00eame dans leur croissance en tant que chr\u00e9tien.<\/p>\n<\/div>\n\n<div class=\"wp-block block-core-paragraph\">\n<p class=\"wp-block-paragraph\">PSFC\nLe PSFC Fidji est un bon exemple d\u2019un mouvement national qui collabore avec des psychologues\net des th\u00e9rapeutes professionnels pour servir leurs \u00e9tudiants et leur campus. <\/p>\n<\/div>\n\n<div class=\"wp-block block-core-paragraph\">\n<p class=\"wp-block-paragraph\">Il\nsemble in\u00e9vitable que les probl\u00e8mes de sant\u00e9 mentale au sein des universit\u00e9s\ndans le monde continueront \u00e0 cro\u00eetre. Il est difficile de dire si cela est d\u00fb \u00e0 des\nfacteurs externes ou juste une ouverture plus grande et une conscience plus grande\ndes probl\u00e8mes qui ont \u00e9t\u00e9 l\u00e0 depuis un moment. <\/p>\n<\/div><\/div><\/div>\n<\/div><\/div>\n\n<div class=\"wp-block block-core-group alignfull\">\n<div class=\"wp-block-group alignfull has-white-background-color has-background\" id=\"conclusion\"><div class=\"wp-block-group__inner-container\"><div class=\"wp-block-group__inner-container is-layout-flow wp-block-group-is-layout-flow\"><div class=\"wp-block block-core-heading\">\n<h1 class=\"has-primary-color has-text-color wp-block-heading\">Le chemin devant nous<\/h1>\n<\/div>\n\n<div class=\"wp-block block-core-paragraph\">\n<p class=\"has-text-color has-md-font-size has-primary-color wp-block-paragraph\">Dans un monde en mutation rapide, il est vital pour le chr\u00e9tien de s\u2019engager dans les conversations en cours \u00e0 l\u2019universit\u00e9 et d\u2019\u00eatre \u00e9quip\u00e9s pour le faire.<\/p>\n<\/div>\n\n<div class=\"wp-block block-core-paragraph\">\n<p class=\"wp-block-paragraph\">Mais, comme le montrent les recherches issues du projet, il y a souvent des obstacles sur le chemin.<\/p>\n<\/div>\n\n<div class=\"wp-block block-core-paragraph\">\n<p class=\"wp-block-paragraph\">Les \u00e9tudiants et les professeurs qui essaient d&rsquo;int\u00e9grer leur domaine acad\u00e9mique et leur vie chr\u00e9tienne sont souvent isol\u00e9s. Il est n\u00e9cessaire d\u2019avoir un meilleur r\u00e9seau et mentorat. Il est n\u00e9cessaire d\u2019investir dans les jeunes th\u00e9ologiens du Monde majoritaire alors qu\u2019ils font face \u00e0 de grands enjeux dans leurs contextes uniques. Il est aussi n\u00e9cessaire d&rsquo;avoir des ressources qui traitent de l\u2019interaction entre les sciences (\u00e0 la fois naturelles et sociales) et la th\u00e9ologie dans de nombreux mouvements de l\u2019IFES dans le monde. <\/p>\n<\/div>\n\n<div class=\"wp-block block-core-paragraph\">\n<p class=\"wp-block-paragraph\">A travers le minist\u00e8re d\u2019Interagir avec l&rsquo;Universit\u00e9, l\u2019IFES continue\n\u00e0 traiter ces besoins et \u00e0 \u00e9quiper les mouvements nationaux \u00e0 mieux s\u2019engager dans ces\ngrands enjeux.<\/p>\n<\/div>\n\n<div class=\"wp-block block-core-paragraph\">\n<p class=\"wp-block-paragraph\">Les priorit\u00e9s comprennent le soutien \u00e0 la r\u00e9daction et\n\u00e0 la publication de ressources, le financement d\u2019un programme de subvention pour les r\u00e9gions\nde l\u2019IFES et les mouvements nationaux ainsi que le d\u00e9veloppement d\u2019un r\u00e9seau de mentors.<\/p>\n<\/div>\n\n<div class=\"wp-block block-core-paragraph\">\n<p class=\"wp-block-paragraph\">L\u2019IFES continuera \u00e9galement \u00e0 s&rsquo;appuyer sur le cours de formation en ligne Interagir avec l&rsquo;Universit\u00e9. Les participants de plus de 50 pays ont d\u00e9j\u00e0 \u00e9t\u00e9 mis en lien par ce biais, et ont explor\u00e9 ensemble la relation entre leur foi, leur discipline et les conversations en cours autour d\u2019eux \u00e0 l\u2019universit\u00e9.<\/p>\n<\/div>\n\n<div class=\"wp-block block-core-paragraph\">\n<p class=\"wp-block-paragraph\">Alors que nous regardons aux prochaines ann\u00e9es, nous ne devons pas\nlaisser nous accabler par l\u2019ampleur de la t\u00e2che au point de ne rien faire. Oui, interagir avec\nl&rsquo;Universit\u00e9 est un \u00e9norme d\u00e9fi. Mais nous avons un grand Dieu qui est \u00e0 l&rsquo;\u0153uvre\nm\u00eame dans les endroits les plus sombres de ce monde. Nous devons \u00e9couter et travailler pour comprendre les grands\nenjeux de notre contexte. Et nous prions pour la sagesse alors que nous parlons dans ce contexte et\nagissons. Cela peut \u00eatre difficile mais nous devons embrasser notre identit\u00e9 et notre responsabilit\u00e9 en\ntant qu&rsquo;agents de changement radical, anim\u00e9 par l\u2019\u00e9vangile et vital au sein de l\u2019universit\u00e9. Nous\ndevons r\u00e9fl\u00e9chir en termes plus larges.<br><\/p>\n<\/div>\n\n<div class=\"wp-block block-core-quote\">\n<blockquote class=\"wp-block-quote is-layout-flow wp-block-quote-is-layout-flow\"><p>\u00ab Si l\u2019un de vous manque de sagesse, qu\u2019il la demande \u00e0 Dieu qui la lui donnera, car il donne \u00e0 tous g\u00e9n\u00e9reusement et sans faire de reproche. \u00bb <\/p><cite> <em>Jacques 1:5 (BDS)<\/em> <\/cite><\/blockquote>\n<\/div><\/div><\/div>\n<\/div><\/div>\n\n<div class=\"wp-block block-acf-ifesbutton\">\n<div class=\"\">\n    <a id=\"btn-block_5d04d22bf9efe\" target=\"\" href=\"http:\/\/ifesworld.org\/fr\/universite\" class=\"btn btn--world-student-day\">\n        <span>\n        En savoir plus sur Interagir avec l&rsquo;universit\u00e9 de l\u2019IFES        <\/span>\n    <\/a>\n<\/div>\n\n<\/div>","protected":false},"excerpt":{"rendered":"<p>Changez l\u2019universit\u00e9 et vous changerez le monde La vision mondiale de l\u2019IFES va jusqu\u2019\u00e0 impacter toute la soci\u00e9t\u00e9 pour la gloire de Christ. Cela signifie avantage que de gagner les \u00e9tudiants pour le royaume : cela signifie voir les valeurs du royaume fa\u00e7onner notre culture et changer le monde. L\u2019universit\u00e9 est l\u2019endroit o\u00f9 les gens&#8230;<\/p>\n","protected":false},"author":2,"featured_media":10500,"parent":0,"menu_order":0,"comment_status":"closed","ping_status":"closed","template":"","meta":{"_acf_changed":false,"_crdt_document":"","inline_featured_image":false,"footnotes":""},"area":[],"theme":[1224],"class_list":["post-4723","page","type-page","status-publish","has-post-thumbnail","hentry","theme-interagir-avec-luniversite"],"acf":[],"yoast_head":"<!-- This site is optimized with the Yoast SEO plugin v27.2 - https:\/\/yoast.com\/product\/yoast-seo-wordpress\/ -->\n<title>Penser en termes plus larges &#183; IFES<\/title>\n<meta name=\"description\" content=\"Changez l\u2019universit\u00e9 et vous changerez le monde La vision mondiale de l\u2019IFES va jusqu\u2019\u00e0 impacter toute la soci\u00e9t\u00e9 pour la gloire de Christ. Cela signifie\" \/>\n<meta name=\"robots\" content=\"index, follow, max-snippet:-1, max-image-preview:large, max-video-preview:-1\" \/>\n<link rel=\"canonical\" href=\"https:\/\/ifesworld.org\/fr\/penser-en-termes-plus-larges\/\" \/>\n<meta property=\"og:locale\" content=\"fr_FR\" \/>\n<meta property=\"og:type\" content=\"article\" \/>\n<meta property=\"og:title\" content=\"Penser en termes plus larges &#183; IFES\" \/>\n<meta property=\"og:description\" content=\"Changez l\u2019universit\u00e9 et vous changerez le monde La vision mondiale de l\u2019IFES va jusqu\u2019\u00e0 impacter toute la soci\u00e9t\u00e9 pour la gloire de Christ. Cela signifie\" \/>\n<meta property=\"og:url\" content=\"https:\/\/ifesworld.org\/fr\/penser-en-termes-plus-larges\/\" \/>\n<meta property=\"og:site_name\" content=\"IFES\" \/>\n<meta property=\"article:modified_time\" content=\"2019-11-26T11:26:50+00:00\" \/>\n<meta property=\"og:image\" content=\"https:\/\/ifesworld.org\/wp-content\/uploads\/2019\/11\/Think-Bigger-cover-1024x384-1.jpg\" \/>\n\t<meta property=\"og:image:width\" content=\"1024\" \/>\n\t<meta property=\"og:image:height\" content=\"384\" \/>\n\t<meta property=\"og:image:type\" content=\"image\/jpeg\" \/>\n<meta name=\"twitter:card\" content=\"summary_large_image\" \/>\n<meta name=\"twitter:label1\" content=\"Dur\u00e9e de lecture estim\u00e9e\" \/>\n\t<meta name=\"twitter:data1\" content=\"16 minutes\" \/>\n<script type=\"application\/ld+json\" class=\"yoast-schema-graph\">{\"@context\":\"https:\/\/schema.org\",\"@graph\":[{\"@type\":\"WebPage\",\"@id\":\"https:\/\/ifesworld.org\/fr\/penser-en-termes-plus-larges\/\",\"url\":\"https:\/\/ifesworld.org\/fr\/penser-en-termes-plus-larges\/\",\"name\":\"Penser en termes plus larges &#183; IFES\",\"isPartOf\":{\"@id\":\"https:\/\/ifesworld.org\/es\/#website\"},\"primaryImageOfPage\":{\"@id\":\"https:\/\/ifesworld.org\/fr\/penser-en-termes-plus-larges\/#primaryimage\"},\"image\":{\"@id\":\"https:\/\/ifesworld.org\/fr\/penser-en-termes-plus-larges\/#primaryimage\"},\"thumbnailUrl\":\"https:\/\/ifesworld.org\/wp-content\/uploads\/2019\/11\/Think-Bigger-cover-1024x384-1.jpg\",\"datePublished\":\"2019-06-17T16:47:50+00:00\",\"dateModified\":\"2019-11-26T11:26:50+00:00\",\"description\":\"Changez l\u2019universit\u00e9 et vous changerez le monde La vision mondiale de l\u2019IFES va jusqu\u2019\u00e0 impacter toute la soci\u00e9t\u00e9 pour la gloire de Christ. Cela signifie\",\"breadcrumb\":{\"@id\":\"https:\/\/ifesworld.org\/fr\/penser-en-termes-plus-larges\/#breadcrumb\"},\"inLanguage\":\"fr-FR\",\"potentialAction\":[{\"@type\":\"ReadAction\",\"target\":[\"https:\/\/ifesworld.org\/fr\/penser-en-termes-plus-larges\/\"]}]},{\"@type\":\"ImageObject\",\"inLanguage\":\"fr-FR\",\"@id\":\"https:\/\/ifesworld.org\/fr\/penser-en-termes-plus-larges\/#primaryimage\",\"url\":\"https:\/\/ifesworld.org\/wp-content\/uploads\/2019\/11\/Think-Bigger-cover-1024x384-1.jpg\",\"contentUrl\":\"https:\/\/ifesworld.org\/wp-content\/uploads\/2019\/11\/Think-Bigger-cover-1024x384-1.jpg\",\"width\":1024,\"height\":384,\"caption\":\"Think-Bigger cover-1024x384\"},{\"@type\":\"BreadcrumbList\",\"@id\":\"https:\/\/ifesworld.org\/fr\/penser-en-termes-plus-larges\/#breadcrumb\",\"itemListElement\":[{\"@type\":\"ListItem\",\"position\":1,\"name\":\"Home\",\"item\":\"https:\/\/ifesworld.org\/fr\/\"},{\"@type\":\"ListItem\",\"position\":2,\"name\":\"Penser en termes plus larges\"}]},{\"@type\":\"WebSite\",\"@id\":\"https:\/\/ifesworld.org\/es\/#website\",\"url\":\"https:\/\/ifesworld.org\/es\/\",\"name\":\"IFES\",\"description\":\"A movement of students sharing and living out the good news of Jesus Christ. Locally. Nationally. Globally.\",\"publisher\":{\"@id\":\"https:\/\/ifesworld.org\/es\/#organization\"},\"potentialAction\":[{\"@type\":\"SearchAction\",\"target\":{\"@type\":\"EntryPoint\",\"urlTemplate\":\"https:\/\/ifesworld.org\/es\/?s={search_term_string}\"},\"query-input\":{\"@type\":\"PropertyValueSpecification\",\"valueRequired\":true,\"valueName\":\"search_term_string\"}}],\"inLanguage\":\"fr-FR\"},{\"@type\":\"Organization\",\"@id\":\"https:\/\/ifesworld.org\/es\/#organization\",\"name\":\"IFES \u00b7 International Fellowship of Evangelical Students\",\"url\":\"https:\/\/ifesworld.org\/es\/\",\"logo\":{\"@type\":\"ImageObject\",\"inLanguage\":\"fr-FR\",\"@id\":\"https:\/\/ifesworld.org\/es\/#\/schema\/logo\/image\/\",\"url\":\"https:\/\/ifesworld.org\/wp-content\/uploads\/2019\/06\/ifeslogo.png\",\"contentUrl\":\"https:\/\/ifesworld.org\/wp-content\/uploads\/2019\/06\/ifeslogo.png\",\"width\":262,\"height\":262,\"caption\":\"IFES \u00b7 International Fellowship of Evangelical Students\"},\"image\":{\"@id\":\"https:\/\/ifesworld.org\/es\/#\/schema\/logo\/image\/\"}}]}<\/script>\n<!-- \/ Yoast SEO plugin. -->","yoast_head_json":{"title":"Penser en termes plus larges &#183; IFES","description":"Changez l\u2019universit\u00e9 et vous changerez le monde La vision mondiale de l\u2019IFES va jusqu\u2019\u00e0 impacter toute la soci\u00e9t\u00e9 pour la gloire de Christ. Cela signifie","robots":{"index":"index","follow":"follow","max-snippet":"max-snippet:-1","max-image-preview":"max-image-preview:large","max-video-preview":"max-video-preview:-1"},"canonical":"https:\/\/ifesworld.org\/fr\/penser-en-termes-plus-larges\/","og_locale":"fr_FR","og_type":"article","og_title":"Penser en termes plus larges &#183; IFES","og_description":"Changez l\u2019universit\u00e9 et vous changerez le monde La vision mondiale de l\u2019IFES va jusqu\u2019\u00e0 impacter toute la soci\u00e9t\u00e9 pour la gloire de Christ. Cela signifie","og_url":"https:\/\/ifesworld.org\/fr\/penser-en-termes-plus-larges\/","og_site_name":"IFES","article_modified_time":"2019-11-26T11:26:50+00:00","og_image":[{"width":1024,"height":384,"url":"https:\/\/ifesworld.org\/wp-content\/uploads\/2019\/11\/Think-Bigger-cover-1024x384-1.jpg","type":"image\/jpeg"}],"twitter_card":"summary_large_image","twitter_misc":{"Dur\u00e9e de lecture estim\u00e9e":"16 minutes"},"schema":{"@context":"https:\/\/schema.org","@graph":[{"@type":"WebPage","@id":"https:\/\/ifesworld.org\/fr\/penser-en-termes-plus-larges\/","url":"https:\/\/ifesworld.org\/fr\/penser-en-termes-plus-larges\/","name":"Penser en termes plus larges &#183; IFES","isPartOf":{"@id":"https:\/\/ifesworld.org\/es\/#website"},"primaryImageOfPage":{"@id":"https:\/\/ifesworld.org\/fr\/penser-en-termes-plus-larges\/#primaryimage"},"image":{"@id":"https:\/\/ifesworld.org\/fr\/penser-en-termes-plus-larges\/#primaryimage"},"thumbnailUrl":"https:\/\/ifesworld.org\/wp-content\/uploads\/2019\/11\/Think-Bigger-cover-1024x384-1.jpg","datePublished":"2019-06-17T16:47:50+00:00","dateModified":"2019-11-26T11:26:50+00:00","description":"Changez l\u2019universit\u00e9 et vous changerez le monde La vision mondiale de l\u2019IFES va jusqu\u2019\u00e0 impacter toute la soci\u00e9t\u00e9 pour la gloire de Christ. Cela signifie","breadcrumb":{"@id":"https:\/\/ifesworld.org\/fr\/penser-en-termes-plus-larges\/#breadcrumb"},"inLanguage":"fr-FR","potentialAction":[{"@type":"ReadAction","target":["https:\/\/ifesworld.org\/fr\/penser-en-termes-plus-larges\/"]}]},{"@type":"ImageObject","inLanguage":"fr-FR","@id":"https:\/\/ifesworld.org\/fr\/penser-en-termes-plus-larges\/#primaryimage","url":"https:\/\/ifesworld.org\/wp-content\/uploads\/2019\/11\/Think-Bigger-cover-1024x384-1.jpg","contentUrl":"https:\/\/ifesworld.org\/wp-content\/uploads\/2019\/11\/Think-Bigger-cover-1024x384-1.jpg","width":1024,"height":384,"caption":"Think-Bigger cover-1024x384"},{"@type":"BreadcrumbList","@id":"https:\/\/ifesworld.org\/fr\/penser-en-termes-plus-larges\/#breadcrumb","itemListElement":[{"@type":"ListItem","position":1,"name":"Home","item":"https:\/\/ifesworld.org\/fr\/"},{"@type":"ListItem","position":2,"name":"Penser en termes plus larges"}]},{"@type":"WebSite","@id":"https:\/\/ifesworld.org\/es\/#website","url":"https:\/\/ifesworld.org\/es\/","name":"IFES","description":"A movement of students sharing and living out the good news of Jesus Christ. Locally. Nationally. Globally.","publisher":{"@id":"https:\/\/ifesworld.org\/es\/#organization"},"potentialAction":[{"@type":"SearchAction","target":{"@type":"EntryPoint","urlTemplate":"https:\/\/ifesworld.org\/es\/?s={search_term_string}"},"query-input":{"@type":"PropertyValueSpecification","valueRequired":true,"valueName":"search_term_string"}}],"inLanguage":"fr-FR"},{"@type":"Organization","@id":"https:\/\/ifesworld.org\/es\/#organization","name":"IFES \u00b7 International Fellowship of Evangelical Students","url":"https:\/\/ifesworld.org\/es\/","logo":{"@type":"ImageObject","inLanguage":"fr-FR","@id":"https:\/\/ifesworld.org\/es\/#\/schema\/logo\/image\/","url":"https:\/\/ifesworld.org\/wp-content\/uploads\/2019\/06\/ifeslogo.png","contentUrl":"https:\/\/ifesworld.org\/wp-content\/uploads\/2019\/06\/ifeslogo.png","width":262,"height":262,"caption":"IFES \u00b7 International Fellowship of Evangelical Students"},"image":{"@id":"https:\/\/ifesworld.org\/es\/#\/schema\/logo\/image\/"}}]}},"_links":{"self":[{"href":"https:\/\/ifesworld.org\/fr\/wp-json\/wp\/v2\/pages\/4723","targetHints":{"allow":["GET"]}}],"collection":[{"href":"https:\/\/ifesworld.org\/fr\/wp-json\/wp\/v2\/pages"}],"about":[{"href":"https:\/\/ifesworld.org\/fr\/wp-json\/wp\/v2\/types\/page"}],"author":[{"embeddable":true,"href":"https:\/\/ifesworld.org\/fr\/wp-json\/wp\/v2\/users\/2"}],"replies":[{"embeddable":true,"href":"https:\/\/ifesworld.org\/fr\/wp-json\/wp\/v2\/comments?post=4723"}],"version-history":[{"count":0,"href":"https:\/\/ifesworld.org\/fr\/wp-json\/wp\/v2\/pages\/4723\/revisions"}],"wp:featuredmedia":[{"embeddable":true,"href":"https:\/\/ifesworld.org\/fr\/wp-json\/wp\/v2\/media\/10500"}],"wp:attachment":[{"href":"https:\/\/ifesworld.org\/fr\/wp-json\/wp\/v2\/media?parent=4723"}],"wp:term":[{"taxonomy":"area","embeddable":true,"href":"https:\/\/ifesworld.org\/fr\/wp-json\/wp\/v2\/area?post=4723"},{"taxonomy":"theme","embeddable":true,"href":"https:\/\/ifesworld.org\/fr\/wp-json\/wp\/v2\/theme?post=4723"}],"curies":[{"name":"wp","href":"https:\/\/api.w.org\/{rel}","templated":true}]}}