{"id":276,"date":"2019-04-17T08:08:05","date_gmt":"2019-04-17T08:08:05","guid":{"rendered":"https:\/\/ifesworld.org\/landing\/temoin-etudiant-pionnier\/"},"modified":"2026-08-21T10:16:36","modified_gmt":"2026-08-21T09:16:36","slug":"pionnier","status":"publish","type":"page","link":"https:\/\/ifesworld.org\/fr\/pionnier\/","title":{"rendered":"Un t\u00e9moignage parmi les \u00e9tudiants dans de nouveaux endroits"},"content":{"rendered":"<div class=\"wp-block block-core-group alignfull\">\n<div class=\"wp-block-group alignfull has-white-background-color has-background\"><div class=\"wp-block-group__inner-container is-layout-flow wp-block-group-is-layout-flow\"><div class=\"wp-block block-core-paragraph\">\n<p class=\"has-md-font-size wp-block-paragraph\">Nous voulons voir un fid\u00e8le t\u00e9moignage\nau Christ dans chaque universit\u00e9 du monde.<\/p>\n<\/div>\n\n<div class=\"wp-block block-core-paragraph\">\n<p class=\"wp-block-paragraph\">Aujourd&rsquo;hui, l&rsquo;IFES compte des unions \u00e9tudiantes dans plus de 180&nbsp;pays. Mais il reste encore des milliers de campus universitaires \u00e0 travers le monde qui n&rsquo;ont aucun t\u00e9moignage chr\u00e9tien. <\/p>\n<\/div>\n\n<div class=\"wp-block block-core-paragraph\">\n<p class=\"wp-block-paragraph\">Nous croyons que chaque \u00e9tudiant doit avoir la possibilit\u00e9 d&rsquo;entendre parler de J\u00e9sus. C&rsquo;est pourquoi l&rsquo;IFES continue \u00e0 implanter le minist\u00e8re \u00e9tudiant sur des campus et dans des villes qui n&rsquo;ont pas encore \u00e9t\u00e9 atteints.<\/p>\n<\/div>\n\n<div class=\"wp-block block-acf-ifesbutton\">\n<div class=\"\">\n    <a id=\"btn-block_f1e864617f0e0e3bc9f723b43c5d6c4c\" target=\"\" href=\"#bourses\" class=\"btn btn--secondary\">\n        <span>\n        Programme de subvention        <\/span>\n    <\/a>\n<\/div>\n\n<\/div>\n\n<div class=\"wp-block block-core-paragraph\">\n<p class=\"wp-block-paragraph\">Le projet D\u00e9frichage de nouveaux territoires a \u00e9t\u00e9 lanc\u00e9 en 2018 pour soutenir les mouvements nationaux dans le minist\u00e8re pionnier.<\/p>\n<\/div>\n\n<div class=\"wp-block block-core-paragraph\">\n<p class=\"wp-block-paragraph\">Nous pr\u00e9voyons d&rsquo;y parvenir en accordant des subventions pour soutenir des projets pionniers, en identifiant et formant les gens au minist\u00e8re pionnier, et en mobilisant la pri\u00e8re \u00e0 travers notre r\u00e9seau mondial.<\/p>\n<\/div>\n\n<div class=\"wp-block block-core-paragraph\">\n<p class=\"wp-block-paragraph\">Les subventions pour le D\u00e9frichage de nouveaux territoires sont d\u00e9sormais appel\u00e9es subventions pour la Cro\u00eetre sur de nouveaux territoires. <strong>Remarque : pour les subventions Cro\u00eetre sur de nouveaux territoires, le montant maximum que <strong>les mouvements peuvent demander<\/strong> est de 5 000 USD.<\/strong><\/p>\n<\/div>\n\n<div class=\"wp-block block-acf-ifesbutton\">\n<div class=\"\">\n    <a id=\"btn-block_d217fd1d38796b706490ae27cd8a30b4\" target=\"\" href=\"#projets\" class=\"btn btn--secondary\">\n        <span>\n        Lire les histoires        <\/span>\n    <\/a>\n<\/div>\n\n<\/div><\/div>\n<\/div><\/div>\n\n<div class=\"wp-block block-core-group alignfull\">\n<div class=\"wp-block-group alignfull has-white-dark-background-color has-background\" id=\"projets\"><div class=\"wp-block-group__inner-container is-layout-flow wp-block-group-is-layout-flow\"><div class=\"wp-block block-core-heading h1\">\n<h1 class=\"wp-block-heading has-text-align-center h1\">Histoires<\/h1>\n<\/div>\n\n<div class=\"wp-block block-acf-spacer\">\n<div id=\"spacer-block_33c1f59ae1ea2d97bc7fab4f109a19c8\" class=\"\">\n    <div aria-hidden=\"true\" class=\"wp-block-spacer spacer--md\"><\/div>\n<\/div>\n<\/div>\n\n<div class=\"wp-block block-acf-ifesposts alignwide\"><section id=\"post-list-latest-post-block_9e712f78dc64133fe29aac743ae9335c\" class='alignwide latest-post-list list--conexion'>\n            <ul class='post-list items--3 flex flex--wrap flex--center'>\n      <li class='post__item flex flex--column'>\n          <article id=\"post-276\" class=\"article-thumbnail article--conexion\">\n              <a href='https:\/\/ifesworld.org\/fr\/blog\/mission-pas-encore-accomplie\/' class=\"post__link\"  rel=\"bookmark\">\n                  <figure class='post__image  image--absolute--center image--absolute--mask'>\n                      <img loading=\"lazy\" decoding=\"async\" width=\"740\" height=\"622\" src=\"https:\/\/ifesworld.org\/wp-content\/uploads\/2024\/03\/BNG-Tee-1024x861.jpg\" class=\"attachment-large size-large wp-post-image\" alt=\"\" srcset=\"https:\/\/ifesworld.org\/wp-content\/uploads\/2024\/03\/BNG-Tee-1024x861.jpg 1024w, https:\/\/ifesworld.org\/wp-content\/uploads\/2024\/03\/BNG-Tee-300x252.jpg 300w, https:\/\/ifesworld.org\/wp-content\/uploads\/2024\/03\/BNG-Tee-768x646.jpg 768w, https:\/\/ifesworld.org\/wp-content\/uploads\/2024\/03\/BNG-Tee-1536x1292.jpg 1536w, https:\/\/ifesworld.org\/wp-content\/uploads\/2024\/03\/BNG-Tee-2048x1723.jpg 2048w\" sizes=\"auto, (max-width: 740px) 100vw, 740px\" \/>                  <\/figure>\n                  <header class='post__content flex flex--column flex--end'>\n                      <p class='post__meta'>Conexi\u00f3n<\/p>\n                      <h1 class='post__title'>\n                          Mission pas encore accomplie                      <\/h1>\n                                                <small>D\u00e9fricher de nouveaux territoires dans le monde<\/small>\n                                        <\/header>\n                  <i class=\"icon-container regional-logo icon--ifes\">\n                                            <svg class=\"icon logo logo--bg-white\">\n                            <use xlink:href=\"#IFES-logo\"><\/use>\n                        <\/svg>\n                                      <\/i>\n              <\/a>\n          <\/article>\n      <\/li>\n\n    \n      <li class='post__item flex flex--column'>\n          <article id=\"post-276\" class=\"article-thumbnail article--conexion\">\n              <a href='https:\/\/ifesworld.org\/fr\/blog\/espoir-affliction-priere\/' class=\"post__link\"  rel=\"bookmark\">\n                  <figure class='post__image  image--absolute--center image--absolute--mask'>\n                      <img loading=\"lazy\" decoding=\"async\" width=\"740\" height=\"490\" src=\"https:\/\/ifesworld.org\/wp-content\/uploads\/2021\/09\/Capture-decran-2021-09-01-153128-1024x678.jpg\" class=\"attachment-large size-large wp-post-image\" alt=\"\" srcset=\"https:\/\/ifesworld.org\/wp-content\/uploads\/2021\/09\/Capture-decran-2021-09-01-153128-1024x678.jpg 1024w, https:\/\/ifesworld.org\/wp-content\/uploads\/2021\/09\/Capture-decran-2021-09-01-153128-300x199.jpg 300w, https:\/\/ifesworld.org\/wp-content\/uploads\/2021\/09\/Capture-decran-2021-09-01-153128-768x509.jpg 768w, https:\/\/ifesworld.org\/wp-content\/uploads\/2021\/09\/Capture-decran-2021-09-01-153128.jpg 1391w\" sizes=\"auto, (max-width: 740px) 100vw, 740px\" \/>                  <\/figure>\n                  <header class='post__content flex flex--column flex--end'>\n                      <p class='post__meta'>Conexi\u00f3n<\/p>\n                      <h1 class='post__title'>\n                          Espoir, affliction, pri\u00e8re\u00a0                      <\/h1>\n                                                <small>Tim Adams revient sur ses premiers mois en tant que secr\u00e9taire g\u00e9n\u00e9ral<\/small>\n                                        <\/header>\n                  <i class=\"icon-container regional-logo icon--ifes\">\n                                            <svg class=\"icon logo logo--bg-white\">\n                            <use xlink:href=\"#IFES-logo\"><\/use>\n                        <\/svg>\n                                      <\/i>\n              <\/a>\n          <\/article>\n      <\/li>\n\n    \n      <li class='post__item flex flex--column'>\n          <article id=\"post-276\" class=\"article-thumbnail article--conexion article--mena\">\n              <a href='https:\/\/ifesworld.org\/fr\/blog\/quand-les-etudiants-ont-faim\/' class=\"post__link\"  rel=\"bookmark\">\n                  <figure class='post__image  image--absolute--center image--absolute--mask'>\n                      <img loading=\"lazy\" decoding=\"async\" width=\"740\" height=\"416\" src=\"https:\/\/ifesworld.org\/wp-content\/uploads\/2020\/03\/200317-CON-N-Af-1024x576.jpg\" class=\"attachment-large size-large wp-post-image\" alt=\"\" srcset=\"https:\/\/ifesworld.org\/wp-content\/uploads\/2020\/03\/200317-CON-N-Af-1024x576.jpg 1024w, https:\/\/ifesworld.org\/wp-content\/uploads\/2020\/03\/200317-CON-N-Af-300x169.jpg 300w, https:\/\/ifesworld.org\/wp-content\/uploads\/2020\/03\/200317-CON-N-Af-768x432.jpg 768w, https:\/\/ifesworld.org\/wp-content\/uploads\/2020\/03\/200317-CON-N-Af.jpg 1200w\" sizes=\"auto, (max-width: 740px) 100vw, 740px\" \/>                  <\/figure>\n                  <header class='post__content flex flex--column flex--end'>\n                      <p class='post__meta'>Conexi\u00f3n<\/p>\n                      <h1 class='post__title'>\n                          Quand les \u00e9tudiants ont faim                      <\/h1>\n                                                <small>Ce qui co\u00fbte d\u2019\u00eatre pionnier en Afrique du Nord<\/small>\n                                        <\/header>\n                  <i class=\"icon-container regional-logo icon--ifes-mena\">\n                                            <svg class=\"icon\">\n                            <use xlink:href=\"#ifes-mena\"><\/use>\n                        <\/svg>\n                                      <\/i>\n              <\/a>\n          <\/article>\n      <\/li>\n\n    <\/ul><\/section><\/div>\n\n<div class=\"wp-block block-acf-spacer\">\n<div id=\"spacer-block_cd8d8b5c585b3f4721978c3b76e19280\" class=\"\">\n    <div aria-hidden=\"true\" class=\"wp-block-spacer spacer--md\"><\/div>\n<\/div>\n<\/div>\n\n<div class=\"wp-block block-core-cover alignwide wp-elements-88e8d588bf31214479f7474998d7e3ee\">\n<div class=\"wp-block-cover alignwide is-light has-custom-content-position is-position-top-center has-white-color has-text-color has-link-color wp-elements-88e8d588bf31214479f7474998d7e3ee\"><span aria-hidden=\"true\" class=\"wp-block-cover__background has-europe-background-color has-background-dim-100 has-background-dim\"><\/span><div class=\"wp-block-cover__inner-container is-layout-constrained wp-block-cover-is-layout-constrained\"><div class=\"wp-block block-core-heading wp-elements-46483b6eac766b1d540deb867a08dab0\">\n<h2 class=\"wp-block-heading has-white-color has-text-color has-link-color wp-elements-46483b6eac766b1d540deb867a08dab0\">Pleins feux sur l&rsquo;Europe<\/h2>\n<\/div>\n\n<div class=\"wp-block block-core-paragraph wp-elements-86c342541d8efbdefb2c2c132a62cf25\">\n<p class=\"has-white-color has-text-color has-link-color wp-elements-86c342541d8efbdefb2c2c132a62cf25 wp-block-paragraph\"><strong>En Europe, il existe encore de nombreux campus et plusieurs pays o\u00f9 il n\u2019y a pas de t\u00e9moignage chr\u00e9tien bien \u00e9tabli parmi les \u00e9tudiants. Notre \u00e9quipe r\u00e9gionale est impliqu\u00e9e dans des mouvements pionniers en Europe qui ne sont pas encore officiellement affili\u00e9s \u00e0 l\u2019IFES.<\/strong><\/p>\n<\/div>\n\n<div class=\"wp-block block-core-paragraph\">\n<p class=\"wp-block-paragraph\">Nous soutenons actuellement :<\/p>\n<\/div>\n\n<div class=\"wp-block block-core-list wp-elements-54de843b1f03e9ba93d90c012ced0080\">\n<ul class=\"wp-block-list has-white-color has-text-color has-link-color wp-elements-54de843b1f03e9ba93d90c012ced0080\"><div class=\"wp-block block-core-list-item\">\n<li>des personnes anim\u00e9es par une vision pour le minist\u00e8re \u00e9tudiant \u00e0 Malte et \u00e0 Chypre<\/li>\n<\/div>\n\n<div class=\"wp-block block-core-list-item\">\n<li>un minist\u00e8re modeste et fragile au Luxembourg<\/li>\n<\/div>\n\n<div class=\"wp-block block-core-list-item\">\n<li>un petit groupe engag\u00e9 au Groenland, et un mouvement tout nouveau, mais d\u00e9j\u00e0 florissant, au Kosovo.<\/li>\n<\/div><\/ul>\n<\/div>\n\n<div class=\"wp-block block-core-paragraph wp-elements-17959451a1e1a29c129002e7f73affb6\">\n<p class=\"has-white-color has-text-color has-link-color wp-elements-17959451a1e1a29c129002e7f73affb6 wp-block-paragraph\">Nous avons \u00e9galement pour vision de \u00ab relancer \u00bb le minist\u00e8re en Islande.<\/p>\n<\/div>\n\n<div class=\"wp-block block-core-paragraph wp-elements-3fa171dd5860b55e9586159b7435f5bd\">\n<p class=\"has-white-color has-text-color has-link-color wp-elements-3fa171dd5860b55e9586159b7435f5bd wp-block-paragraph\">Le <strong>R\u00e9seau pionnier<\/strong> de l\u2019IFES Europe soutient et met en relation les personnes qui lancent de nouveaux GBU dans leur pays et qui ont pour vision de d\u00e9fricher de nouveaux territoires en Europe. Nous avons pour objectif de nous r\u00e9unir tous les mois en ligne afin d\u2019encourager, d\u2019\u00e9quiper et de prier pour ce minist\u00e8re essentiel et d\u2019apporter notre aide par le biais de subventions, de formations et de ressources.<\/p>\n<\/div>\n\n<div class=\"wp-block block-core-cover alignwide\">\n<div class=\"wp-block-cover alignwide is-light\" style=\"min-height:350px;aspect-ratio:unset;\"><img loading=\"lazy\" decoding=\"async\" width=\"1024\" height=\"584\" class=\"wp-block-cover__image-background wp-image-52751 size-large\" alt=\"\" src=\"https:\/\/ifesworld.org\/wp-content\/uploads\/2026\/06\/3-1-1024x584.jpeg\" style=\"object-position:94% 62%\" data-object-fit=\"cover\" data-object-position=\"94% 62%\" srcset=\"https:\/\/ifesworld.org\/wp-content\/uploads\/2026\/06\/3-1-1024x584.jpeg 1024w, https:\/\/ifesworld.org\/wp-content\/uploads\/2026\/06\/3-1-300x171.jpeg 300w, https:\/\/ifesworld.org\/wp-content\/uploads\/2026\/06\/3-1-768x438.jpeg 768w, https:\/\/ifesworld.org\/wp-content\/uploads\/2026\/06\/3-1-1536x876.jpeg 1536w, https:\/\/ifesworld.org\/wp-content\/uploads\/2026\/06\/3-1.jpeg 1593w\" sizes=\"auto, (max-width: 1024px) 100vw, 1024px\" \/><span aria-hidden=\"true\" class=\"wp-block-cover__background has-background-dim-0 has-background-dim\"><\/span><div class=\"wp-block-cover__inner-container is-layout-constrained wp-block-cover-is-layout-constrained\"><div class=\"wp-block block-core-paragraph\">\n<p class=\"has-text-align-center has-large-font-size wp-block-paragraph\"><\/p>\n<\/div><\/div><\/div>\n<\/div>\n\n<div class=\"wp-block block-core-heading wp-elements-4477ddeda2482b931208094e71d312e1\">\n<h3 class=\"wp-block-heading has-white-color has-text-color has-link-color wp-elements-4477ddeda2482b931208094e71d312e1\">D\u00e9fricher de nouveaux territoires au Kosovo<\/h3>\n<\/div>\n\n<div class=\"wp-block block-core-paragraph\">\n<p class=\"wp-block-paragraph\">Depuis le lancement du minist\u00e8re \u00e9tudiant au Kosovo en 2024, Blendona a vu la main de Dieu \u00e0 l\u2019\u0153uvre, guidant et pourvoyant :<\/p>\n<\/div>\n\n<div class=\"wp-block block-core-paragraph\">\n<p class=\"wp-block-paragraph\"><em>\u00ab Le travail du pionnier est \u00e0 la fois une b\u00e9n\u00e9diction et un d\u00e9fi, en particulier l\u00e0 o\u00f9 la population professe une autre foi et o\u00f9 le minist\u00e8re aupr\u00e8s des \u00e9tudiants est pratiquement inexistant. Dieu a ouvert des portes que je n\u2019aurais jamais cru possibles et a pourvu [des collaborateurs].<\/em><\/p>\n<\/div>\n\n<div class=\"wp-block block-core-paragraph\">\n<p class=\"wp-block-paragraph\"><em>Il y a eu des jours o\u00f9 je me suis sentie seule et craintive, mais je me rappelle un dicton : Lorsque Dieu nous appelle \u00e0 un service, il guide nos pas. Il est proche de nous m\u00eame lorsque nous ne le sentons pas ; il \u0153uvre m\u00eame lorsque nous ne le voyons pas.<\/em><\/p>\n<\/div>\n\n<div class=\"wp-block block-core-paragraph\">\n<p class=\"wp-block-paragraph\"><em>Je pensais autrefois que j\u2019\u00e9tais la seule \u00e0 faire face \u00e0 de tels d\u00e9fis. Mais [gr\u00e2ce \u00e0 l\u2019IFES], je me rends compte que je fais partie d\u2019un groupe plus large de personnes qui servent Dieu dans diff\u00e9rentes r\u00e9gions du monde. M\u00eame ceux qui sont engag\u00e9s dans le minist\u00e8re depuis de nombreuses ann\u00e9es et qui voient de grands progr\u00e8s font face \u00e0 d\u00e9fis difficiles.\u202f<\/em><\/p>\n<\/div>\n\n<div class=\"wp-block block-core-paragraph\">\n<p class=\"wp-block-paragraph\"><em>Il est bon de se rappeler \u2014 encore et encore \u2014 que, dans les bons jours comme dans les jours difficiles, on n\u2019est pas seul. On est avec Dieu. Et il y a aussi, partout dans le monde, des personnes qui prient pour nous. \u00bb<\/em><\/p>\n<\/div>\n\n<div class=\"wp-block block-core-paragraph\">\n<p class=\"has-text-align-right wp-block-paragraph\"><strong>BLENDONA, SECR\u00c9TAIRE G\u00c9N\u00c9RALE PIONNI\u00c8RE DE \u00ab THE GOOD SEED \u00bb (La bonne graine), AU KOSOVO<\/strong><\/p>\n<\/div>\n\n<div class=\"wp-block block-acf-ifesbutton\">\n<div class=\"\">\n    <a id=\"btn-block_8adbbc541529c86c2bad6bf7993ad4de\" target=\"_blank\" href=\"https:\/\/ifesworld.org\/fr\/prayerline\/la-bonne-graine-se-developpe\/?switch_language=fr\" class=\"btn btn--cta-link\">\n        <span>\n                    <span class=\"icon\"><svg class=\"icon\"><use xlink:href=\"#chevron-circle-right-solid\"\/><\/svg><\/span>\n        D\u00e9couvrez-en davantage sur le minist\u00e8re \u00e9tudiant pionnier au Kosovo        <\/span>\n    <\/a>\n<\/div>\n\n<\/div>\n\n<div class=\"wp-block block-acf-ifesbutton\">\n<div class=\"\">\n    <a id=\"btn-block_525fc310fca365540bfc4e1858b24654\" target=\"_blank\" href=\"https:\/\/ifesworld.org\/fr\/donner\/?switch_language=fr&#038;source=ERWEBPNR&#038;destination=ER000_PPION\" class=\"btn btn--cta-link\">\n        <span>\n                    <span class=\"icon\"><svg class=\"icon\"><use xlink:href=\"#chevron-circle-right-solid\"\/><\/svg><\/span>\n        Faites un don pour soutenir le travail pionnier de l\u2019IFES en Europe        <\/span>\n    <\/a>\n<\/div>\n\n<\/div><\/div><\/div>\n<\/div><\/div>\n<\/div><\/div>\n\n<div class=\"wp-block block-core-group alignfull\">\n<div class=\"wp-block-group alignfull has-white-background-color has-background\" id=\"bourses\"><div class=\"wp-block-group__inner-container is-layout-flow wp-block-group-is-layout-flow\"><div class=\"wp-block block-core-heading h1\">\n<h2 class=\"wp-block-heading has-text-align-center h1\">Notre programme mondial de bourses<\/h2>\n<\/div>\n\n<div class=\"wp-block block-core-paragraph\">\n<p class=\"wp-block-paragraph\">Le projet D\u00e9fricher de nouveaux territoires de l&rsquo;IFES soutient les \u00e9tudiants et les membres du personnel partout dans le monde avec un financement de d\u00e9marrage pour qu&rsquo;ils implantent des groupes dans de nouvelles villes. Nous faisons \u00e9galement un travail pionnier dans de nouveaux pays, dont la Guin\u00e9e \u00e9quatoriale, les \u00celes F\u00e9ro\u00e9 et la Nouvelle-Cal\u00e9donie. D&rsquo;autres mouvements re\u00e7oivent des subventions pour se rendre sur des campus non atteints, pour former les \u00e9tudiants et en faire des disciples, organiser des rencontres d&rsquo;\u00e9vang\u00e9lisation et produire des supports d&rsquo;\u00e9tude biblique.<\/p>\n<\/div>\n\n<div class=\"wp-block block-core-embed wp-embed-aspect-16-9 wp-has-aspect-ratio\">\n<figure class=\"wp-block-embed is-type-video is-provider-youtube wp-block-embed-youtube wp-embed-aspect-16-9 wp-has-aspect-ratio\"><div class=\"wp-block-embed__wrapper\">\n<iframe loading=\"lazy\" title=\"IFES Breaking New Ground\" width=\"740\" height=\"416\" src=\"https:\/\/www.youtube.com\/embed\/Vcr0nY96dYo?feature=oembed&#038;cc_load_policy=1\" frameborder=\"0\" allow=\"accelerometer; autoplay; clipboard-write; encrypted-media; gyroscope; picture-in-picture; web-share\" referrerpolicy=\"strict-origin-when-cross-origin\" allowfullscreen><\/iframe>\n<\/div><\/figure>\n<\/div>\n\n<div class=\"wp-block block-core-gallery\">\n<figure class=\"wp-block-gallery has-nested-images columns-4 is-cropped wp-block-gallery-1 is-layout-flex wp-block-gallery-is-layout-flex\">\n<figure class=\"wp-block-image size-large\"><img loading=\"lazy\" decoding=\"async\" width=\"300\" height=\"300\" data-id=\"10639\" src=\"https:\/\/ifesworld.org\/wp-content\/uploads\/2019\/12\/FR-grants.png\" alt=\"\" class=\"wp-image-10639\" srcset=\"https:\/\/ifesworld.org\/wp-content\/uploads\/2019\/12\/FR-grants.png 300w, https:\/\/ifesworld.org\/wp-content\/uploads\/2019\/12\/FR-grants-150x150.png 150w, https:\/\/ifesworld.org\/wp-content\/uploads\/2019\/12\/FR-grants-70x70.png 70w\" sizes=\"auto, (max-width: 300px) 100vw, 300px\" \/><\/figure>\n\n\n\n<figure class=\"wp-block-image size-large\"><img loading=\"lazy\" decoding=\"async\" width=\"300\" height=\"300\" data-id=\"10637\" src=\"https:\/\/ifesworld.org\/wp-content\/uploads\/2019\/12\/FR-groups.png\" alt=\"\" class=\"wp-image-10637\" srcset=\"https:\/\/ifesworld.org\/wp-content\/uploads\/2019\/12\/FR-groups.png 300w, https:\/\/ifesworld.org\/wp-content\/uploads\/2019\/12\/FR-groups-150x150.png 150w, https:\/\/ifesworld.org\/wp-content\/uploads\/2019\/12\/FR-groups-70x70.png 70w\" sizes=\"auto, (max-width: 300px) 100vw, 300px\" \/><\/figure>\n\n\n\n<figure class=\"wp-block-image size-large\"><img loading=\"lazy\" decoding=\"async\" width=\"300\" height=\"300\" data-id=\"10638\" src=\"https:\/\/ifesworld.org\/wp-content\/uploads\/2019\/12\/FR-countries.png\" alt=\"\" class=\"wp-image-10638\" srcset=\"https:\/\/ifesworld.org\/wp-content\/uploads\/2019\/12\/FR-countries.png 300w, https:\/\/ifesworld.org\/wp-content\/uploads\/2019\/12\/FR-countries-150x150.png 150w, https:\/\/ifesworld.org\/wp-content\/uploads\/2019\/12\/FR-countries-70x70.png 70w\" sizes=\"auto, (max-width: 300px) 100vw, 300px\" \/><\/figure>\n\n\n\n<figure class=\"wp-block-image size-large\"><img loading=\"lazy\" decoding=\"async\" width=\"300\" height=\"300\" data-id=\"10641\" src=\"https:\/\/ifesworld.org\/wp-content\/uploads\/2019\/12\/FR-average.png\" alt=\"\" class=\"wp-image-10641\" srcset=\"https:\/\/ifesworld.org\/wp-content\/uploads\/2019\/12\/FR-average.png 300w, https:\/\/ifesworld.org\/wp-content\/uploads\/2019\/12\/FR-average-150x150.png 150w, https:\/\/ifesworld.org\/wp-content\/uploads\/2019\/12\/FR-average-70x70.png 70w\" sizes=\"auto, (max-width: 300px) 100vw, 300px\" \/><\/figure>\n<\/figure>\n<\/div>\n\n<div class=\"wp-block block-core-quote is-style-large\">\n<blockquote class=\"wp-block-quote is-style-large is-layout-flow wp-block-quote-is-layout-flow\"><div class=\"wp-block block-core-paragraph\">\n<p class=\"wp-block-paragraph\">\u00ab Le travail pionnier a toujours \u00e9t\u00e9 dans l&rsquo;ADN de l&rsquo;IFES. D\u00e9fricher de nouveaux territoires est une nouvelle initiative passionnante qui vise \u00e0 encourager, soutenir et financer une nouvelle vague de travail pionnier dans le monde. \u00bb<\/p>\n<\/div><cite>Nigel Pollock, directeur de programme et responsable du coaching, D\u00e9fricher de nouveaux territoires<\/cite><\/blockquote>\n<\/div>\n\n<div class=\"wp-block block-acf-ifesbutton aligncenter\">\n<div class=\"aligncenter\">\n    <a id=\"btn-block_dc9c6f7c83b2f98d76ed63b9980e7e52\" target=\"\" href=\"#give\" class=\"btn btn--secondary\">\n        <span>\n        Soutenez une subvention aujourd&rsquo;hui        <\/span>\n    <\/a>\n<\/div>\n\n<\/div><\/div>\n<\/div><\/div>\n\n<div class=\"wp-block block-acf-spacer\">\n<div id=\"spacer-block_33c1f59ae1ea2d97bc7fab4f109a19c8\" class=\"\">\n    <div aria-hidden=\"true\" class=\"wp-block-spacer spacer--md\"><\/div>\n<\/div>\n<\/div>\n\n<div class=\"wp-block block-core-group alignfull no-padding-bottom\">\n<div class=\"wp-block-group alignfull no-padding-bottom\" id=\"give\"><div class=\"wp-block-group__inner-container is-layout-flow wp-block-group-is-layout-flow\"><div class=\"wp-block block-acf-giveblock aligncenter\">  \n    <section id=\"give-block-signup-block_d55d025be26d155baac767414ac65e06\" class=\"aligncenter give-block--large\">\n        <div class=\"give-block--large__container\">\n            <div class=\"give-block--large__content\">\n                <div class=\"container--adaptive full-width full-height align--center\">\n                    <header class=\"give-block--large__header margin-top--lg margin-bottom--lg side-padding--md\">\n                                                <h2 class=\"h1\">Donnez d\u00e8s aujourd&rsquo;hui pour nous aider \u00e0 d\u00e9marrer de nouveaux groupes \u00e9tudiants<\/h2>\n                                          <\/header>\n                <\/div>\n            <\/div>\n            <figure class=\"give-block--large__image image--absolute--center image--absolute--mask\">\n              <img loading=\"lazy\" decoding=\"async\" width=\"799\" height=\"533\" src=\"https:\/\/ifesworld.org\/wp-content\/uploads\/2024\/01\/53212461164_bd0af3ce0a_c_light.jpg\" class=\"attachment-original size-original\" alt=\"\" srcset=\"https:\/\/ifesworld.org\/wp-content\/uploads\/2024\/01\/53212461164_bd0af3ce0a_c_light.jpg 799w, https:\/\/ifesworld.org\/wp-content\/uploads\/2024\/01\/53212461164_bd0af3ce0a_c_light-300x200.jpg 300w, https:\/\/ifesworld.org\/wp-content\/uploads\/2024\/01\/53212461164_bd0af3ce0a_c_light-768x512.jpg 768w\" sizes=\"auto, (max-width: 799px) 100vw, 799px\" \/>            <\/figure>\n        <\/div>\n        <div class=\"give-block--large__form-container side-padding--md\">\n            <div class=\"container container--adaptive\">\n                              <form class=\"give-block--large__form container--full-width flex flex--wrap flex--center margin-top margin-bottom--lg\"\n                      action=\"https:\/\/ifesworld.org\/fr\/donner\/?fund=IN000_PPION&#038;source=IFESWEBSITE\" method=\"GET\"\n                      target=\"_blank\">\n                                        <div class=\"select give__country form__input\">\n                          <label class=\"form__label sr-only\"\n                                 for=\"fund\">Select your cause:<\/label>\n                          <select required\n                                  name=\"fund\"\n                                  id=\"fund_id\"\n                                  class=\"js-slim-select\">\n                            <option value=\"IN000_PPION\">Tous les minist\u00e8res pionniers de l&rsquo;IFES<\/option><option value=\"IN000_PBNG\">Projet D\u00e9fricher de nouveaux territoires de l&rsquo;IFES<\/option><option value=\"GF000_PCORE\">Fonds pour la mission fondamentale de l&rsquo;IFES<\/option>                          <\/select>\n                          <i class=\"icon-container icon--chevron\">\n                              <svg class=\"icon\">\n                                  <use xlink:href=\"#chevron-down-solid\"><\/use>\n                              <\/svg>\n                          <\/i>\n                      <\/div>\n                                      <div class=\"btn btn--primary form__submit\">\n                        <input type=\"submit\" value=\"Donnez maintenant\"\/>\n                        <span>Donnez maintenant<\/span>\n                    <\/div>\n                <\/form>\n            <\/div>\n        <\/div>\n    <\/section>\n<\/div><\/div>\n<\/div><\/div>\n\n<div class=\"wp-block block-core-block\"><div class=\"wp-block block-core-block\"><div class=\"wp-block block-acf-globalministrylist alignfull\">\n<section id=\"latest-post-block_5cf6970b18fd6\" class=\"alignfull global-ministry-list-container side-padding--md\">\n            <header class=\"margin-bottom--xl margin-top--xl\">\n            <h2 class=\"h1 title\">En savoir plus sur notre travail :<\/h2>\n        <\/header>\n    \n    <ul class=\"global-ministry-list flex flex--wrap flex--center-x margin-bottom--xl container container--adaptive items--5\">\n\n    <li class=\"ministry ministry__item flex flex--column\">\n                <article>\n                    <a href=\"https:\/\/ifesworld.org\/fr\/pioneer\/\" class=\"ministry__link\">\n                      <figure class=\"ministry__image  image--absolute--center image--absolute--mask\">\n                        <img loading=\"lazy\" decoding=\"async\" width=\"300\" height=\"169\" src=\"https:\/\/ifesworld.org\/wp-content\/uploads\/2019\/06\/Pioneering-300x169.jpg\" class=\"attachment-medium size-medium\" alt=\"\" srcset=\"https:\/\/ifesworld.org\/wp-content\/uploads\/2019\/06\/Pioneering-300x169.jpg 300w, https:\/\/ifesworld.org\/wp-content\/uploads\/2019\/06\/Pioneering-768x432.jpg 768w, https:\/\/ifesworld.org\/wp-content\/uploads\/2019\/06\/Pioneering-1024x576.jpg 1024w, https:\/\/ifesworld.org\/wp-content\/uploads\/2019\/06\/Pioneering.jpg 1200w\" sizes=\"auto, (max-width: 300px) 100vw, 300px\" \/>\n                       <\/figure>\n                      <div class=\"ministry__content flex flex--column flex--end\">\n                        <h1 class=\"ministry__title flex flex--column\">\n                           <i class=\"icon-container icon--arrow-circle-right-solid\">\n                              <svg class=\"icon\">\n                                  <use xlink:href=\"#arrow-circle-right-solid\"><\/use>\n                              <\/svg>\n                           <\/i><span>\u00c9tablir un t\u00e9moignage parmi les \u00e9tudiants\n                        <\/span><\/h1>\n                      <\/div>\n                    <\/a>\n                <\/article>\n            <\/li><li class=\"ministry ministry__item flex flex--column\">\n                <article>\n                    <a href=\"https:\/\/ifesworld.org\/fr\/evangelism\/\" class=\"ministry__link\">\n                      <figure class=\"ministry__image  image--absolute--center image--absolute--mask\">\n                        <img loading=\"lazy\" decoding=\"async\" width=\"300\" height=\"169\" src=\"https:\/\/ifesworld.org\/wp-content\/uploads\/2019\/06\/Evangelism-300x169.jpg\" class=\"attachment-medium size-medium\" alt=\"Evangelism\" srcset=\"https:\/\/ifesworld.org\/wp-content\/uploads\/2019\/06\/Evangelism-300x169.jpg 300w, https:\/\/ifesworld.org\/wp-content\/uploads\/2019\/06\/Evangelism-768x432.jpg 768w, https:\/\/ifesworld.org\/wp-content\/uploads\/2019\/06\/Evangelism-1024x576.jpg 1024w, https:\/\/ifesworld.org\/wp-content\/uploads\/2019\/06\/Evangelism.jpg 1200w\" sizes=\"auto, (max-width: 300px) 100vw, 300px\" \/>\n                       <\/figure>\n                      <div class=\"ministry__content flex flex--column flex--end\">\n                        <h1 class=\"ministry__title flex flex--column\">\n                           <i class=\"icon-container icon--arrow-circle-right-solid\">\n                              <svg class=\"icon\">\n                                  <use xlink:href=\"#arrow-circle-right-solid\"><\/use>\n                              <\/svg>\n                           <\/i><span>Inspirer l&rsquo;\u00e9vang\u00e9lisation \u00e0 l&rsquo;universit\u00e9\n                        <\/span><\/h1>\n                      <\/div>\n                    <\/a>\n                <\/article>\n            <\/li><li class=\"ministry ministry__item flex flex--column\">\n                <article>\n                    <a href=\"https:\/\/ifesworld.org\/fr\/university\/\" class=\"ministry__link\">\n                      <figure class=\"ministry__image  image--absolute--center image--absolute--mask\">\n                        <img loading=\"lazy\" decoding=\"async\" width=\"300\" height=\"169\" src=\"https:\/\/ifesworld.org\/wp-content\/uploads\/2019\/06\/Engage-the-university-300x169.jpg\" class=\"attachment-medium size-medium\" alt=\"Engage the university\" srcset=\"https:\/\/ifesworld.org\/wp-content\/uploads\/2019\/06\/Engage-the-university-300x169.jpg 300w, https:\/\/ifesworld.org\/wp-content\/uploads\/2019\/06\/Engage-the-university-768x432.jpg 768w, https:\/\/ifesworld.org\/wp-content\/uploads\/2019\/06\/Engage-the-university-1024x576.jpg 1024w, https:\/\/ifesworld.org\/wp-content\/uploads\/2019\/06\/Engage-the-university.jpg 1200w\" sizes=\"auto, (max-width: 300px) 100vw, 300px\" \/>\n                       <\/figure>\n                      <div class=\"ministry__content flex flex--column flex--end\">\n                        <h1 class=\"ministry__title flex flex--column\">\n                           <i class=\"icon-container icon--arrow-circle-right-solid\">\n                              <svg class=\"icon\">\n                                  <use xlink:href=\"#arrow-circle-right-solid\"><\/use>\n                              <\/svg>\n                           <\/i><span>Interagir avec l&rsquo;Universit\u00e9\n                        <\/span><\/h1>\n                      <\/div>\n                    <\/a>\n                <\/article>\n            <\/li><li class=\"ministry ministry__item flex flex--column\">\n                <article>\n                    <a href=\"https:\/\/ifesworld.org\/fr\/leadership\/\" class=\"ministry__link\">\n                      <figure class=\"ministry__image  image--absolute--center image--absolute--mask\">\n                        <img loading=\"lazy\" decoding=\"async\" width=\"300\" height=\"169\" src=\"https:\/\/ifesworld.org\/wp-content\/uploads\/2019\/06\/Leadership-1-300x169.jpg\" class=\"attachment-medium size-medium\" alt=\"Leadership\" srcset=\"https:\/\/ifesworld.org\/wp-content\/uploads\/2019\/06\/Leadership-1-300x169.jpg 300w, https:\/\/ifesworld.org\/wp-content\/uploads\/2019\/06\/Leadership-1-768x432.jpg 768w, https:\/\/ifesworld.org\/wp-content\/uploads\/2019\/06\/Leadership-1-1024x576.jpg 1024w, https:\/\/ifesworld.org\/wp-content\/uploads\/2019\/06\/Leadership-1.jpg 1200w\" sizes=\"auto, (max-width: 300px) 100vw, 300px\" \/>\n                       <\/figure>\n                      <div class=\"ministry__content flex flex--column flex--end\">\n                        <h1 class=\"ministry__title flex flex--column\">\n                           <i class=\"icon-container icon--arrow-circle-right-solid\">\n                              <svg class=\"icon\">\n                                  <use xlink:href=\"#arrow-circle-right-solid\"><\/use>\n                              <\/svg>\n                           <\/i><span>Former les leaders de demain\n                        <\/span><\/h1>\n                      <\/div>\n                    <\/a>\n                <\/article>\n            <\/li><li class=\"ministry ministry__item flex flex--column\">\n                <article>\n                    <a href=\"https:\/\/ifesworld.org\/fr\/strengthen\/\" class=\"ministry__link\">\n                      <figure class=\"ministry__image  image--absolute--center image--absolute--mask\">\n                        <img loading=\"lazy\" decoding=\"async\" width=\"300\" height=\"169\" src=\"https:\/\/ifesworld.org\/wp-content\/uploads\/2019\/06\/National-movements-300x169.jpg\" class=\"attachment-medium size-medium\" alt=\"National movements\" srcset=\"https:\/\/ifesworld.org\/wp-content\/uploads\/2019\/06\/National-movements-300x169.jpg 300w, https:\/\/ifesworld.org\/wp-content\/uploads\/2019\/06\/National-movements-768x432.jpg 768w, https:\/\/ifesworld.org\/wp-content\/uploads\/2019\/06\/National-movements-1024x576.jpg 1024w, https:\/\/ifesworld.org\/wp-content\/uploads\/2019\/06\/National-movements.jpg 1200w\" sizes=\"auto, (max-width: 300px) 100vw, 300px\" \/>\n                       <\/figure>\n                      <div class=\"ministry__content flex flex--column flex--end\">\n                        <h1 class=\"ministry__title flex flex--column\">\n                           <i class=\"icon-container icon--arrow-circle-right-solid\">\n                              <svg class=\"icon\">\n                                  <use xlink:href=\"#arrow-circle-right-solid\"><\/use>\n                              <\/svg>\n                           <\/i><span>Renforcer les mouvements \u00e9tudiants nationaux\n                        <\/span><\/h1>\n                      <\/div>\n                    <\/a>\n                <\/article>\n            <\/li>    <\/ul>\n    <\/section>\n<\/div><\/div><\/div>","protected":false},"excerpt":{"rendered":"<p>Nous voulons voir un fid\u00e8le t\u00e9moignage au Christ dans chaque universit\u00e9 du monde. Aujourd&rsquo;hui, l&rsquo;IFES compte des unions \u00e9tudiantes dans plus de 180&nbsp;pays. Mais il reste encore des milliers de campus universitaires \u00e0 travers le monde qui n&rsquo;ont aucun t\u00e9moignage chr\u00e9tien. Nous croyons que chaque \u00e9tudiant doit avoir la possibilit\u00e9 d&rsquo;entendre parler de J\u00e9sus. C&rsquo;est&#8230;<\/p>\n","protected":false},"author":2,"featured_media":33296,"parent":0,"menu_order":0,"comment_status":"closed","ping_status":"closed","template":"","meta":{"_acf_changed":false,"inline_featured_image":false,"footnotes":""},"area":[],"theme":[],"class_list":["post-276","page","type-page","status-publish","has-post-thumbnail","hentry"],"acf":[],"yoast_head":"<!-- This site is optimized with the Yoast SEO plugin v27.8 - https:\/\/yoast.com\/product\/yoast-seo-wordpress\/ -->\n<title>Un t\u00e9moignage parmi les \u00e9tudiants dans de nouveaux endroits &#183; IFES<\/title>\n<meta name=\"description\" content=\"Nous voulons voir un fid\u00e8le t\u00e9moignage au Christ dans chaque universit\u00e9 du monde. Aujourd&#039;hui, l&#039;IFES compte des unions \u00e9tudiantes dans plus de\" \/>\n<meta name=\"robots\" content=\"index, follow, max-snippet:-1, max-image-preview:large, max-video-preview:-1\" \/>\n<link rel=\"canonical\" href=\"https:\/\/ifesworld.org\/fr\/pionnier\/\" \/>\n<meta property=\"og:locale\" content=\"fr_FR\" \/>\n<meta property=\"og:type\" content=\"article\" \/>\n<meta property=\"og:title\" content=\"Un t\u00e9moignage parmi les \u00e9tudiants dans de nouveaux endroits &#183; IFES\" \/>\n<meta property=\"og:description\" content=\"Nous voulons voir un fid\u00e8le t\u00e9moignage au Christ dans chaque universit\u00e9 du monde. Aujourd&#039;hui, l&#039;IFES compte des unions \u00e9tudiantes dans plus de\" \/>\n<meta property=\"og:url\" content=\"https:\/\/ifesworld.org\/fr\/pionnier\/\" \/>\n<meta property=\"og:site_name\" content=\"IFES\" \/>\n<meta property=\"article:modified_time\" content=\"2026-08-21T09:16:36+00:00\" \/>\n<meta property=\"og:image\" content=\"https:\/\/ifesworld.org\/wp-content\/uploads\/2024\/01\/BEN01758-2.jpg\" \/>\n\t<meta property=\"og:image:width\" content=\"2048\" \/>\n\t<meta property=\"og:image:height\" content=\"1365\" \/>\n\t<meta property=\"og:image:type\" content=\"image\/jpeg\" \/>\n<meta name=\"twitter:card\" content=\"summary_large_image\" \/>\n<meta name=\"twitter:label1\" content=\"Dur\u00e9e de lecture estim\u00e9e\" \/>\n\t<meta name=\"twitter:data1\" content=\"5 minutes\" \/>\n<script type=\"application\/ld+json\" class=\"yoast-schema-graph\">{\"@context\":\"https:\\\/\\\/schema.org\",\"@graph\":[{\"@type\":\"WebPage\",\"@id\":\"https:\\\/\\\/ifesworld.org\\\/fr\\\/pionnier\\\/\",\"url\":\"https:\\\/\\\/ifesworld.org\\\/fr\\\/pionnier\\\/\",\"name\":\"Un t\u00e9moignage parmi les \u00e9tudiants dans de nouveaux endroits &#183; IFES\",\"isPartOf\":{\"@id\":\"https:\\\/\\\/ifesworld.org\\\/es\\\/#website\"},\"primaryImageOfPage\":{\"@id\":\"https:\\\/\\\/ifesworld.org\\\/fr\\\/pionnier\\\/#primaryimage\"},\"image\":{\"@id\":\"https:\\\/\\\/ifesworld.org\\\/fr\\\/pionnier\\\/#primaryimage\"},\"thumbnailUrl\":\"https:\\\/\\\/ifesworld.org\\\/wp-content\\\/uploads\\\/2024\\\/01\\\/BEN01758-2.jpg\",\"datePublished\":\"2019-04-17T08:08:05+00:00\",\"dateModified\":\"2026-08-21T09:16:36+00:00\",\"description\":\"Nous voulons voir un fid\u00e8le t\u00e9moignage au Christ dans chaque universit\u00e9 du monde. Aujourd'hui, l'IFES compte des unions \u00e9tudiantes dans plus de\",\"breadcrumb\":{\"@id\":\"https:\\\/\\\/ifesworld.org\\\/fr\\\/pionnier\\\/#breadcrumb\"},\"inLanguage\":\"fr-FR\",\"potentialAction\":[{\"@type\":\"ReadAction\",\"target\":[\"https:\\\/\\\/ifesworld.org\\\/fr\\\/pionnier\\\/\"]}]},{\"@type\":\"ImageObject\",\"inLanguage\":\"fr-FR\",\"@id\":\"https:\\\/\\\/ifesworld.org\\\/fr\\\/pionnier\\\/#primaryimage\",\"url\":\"https:\\\/\\\/ifesworld.org\\\/wp-content\\\/uploads\\\/2024\\\/01\\\/BEN01758-2.jpg\",\"contentUrl\":\"https:\\\/\\\/ifesworld.org\\\/wp-content\\\/uploads\\\/2024\\\/01\\\/BEN01758-2.jpg\",\"width\":2048,\"height\":1365},{\"@type\":\"BreadcrumbList\",\"@id\":\"https:\\\/\\\/ifesworld.org\\\/fr\\\/pionnier\\\/#breadcrumb\",\"itemListElement\":[{\"@type\":\"ListItem\",\"position\":1,\"name\":\"Home\",\"item\":\"https:\\\/\\\/ifesworld.org\\\/fr\\\/\"},{\"@type\":\"ListItem\",\"position\":2,\"name\":\"Un t\u00e9moignage parmi les \u00e9tudiants dans de nouveaux endroits\"}]},{\"@type\":\"WebSite\",\"@id\":\"https:\\\/\\\/ifesworld.org\\\/es\\\/#website\",\"url\":\"https:\\\/\\\/ifesworld.org\\\/es\\\/\",\"name\":\"IFES\",\"description\":\"A movement of students sharing and living out the good news of Jesus Christ. Locally. Nationally. Globally.\",\"publisher\":{\"@id\":\"https:\\\/\\\/ifesworld.org\\\/es\\\/#organization\"},\"potentialAction\":[{\"@type\":\"SearchAction\",\"target\":{\"@type\":\"EntryPoint\",\"urlTemplate\":\"https:\\\/\\\/ifesworld.org\\\/es\\\/?s={search_term_string}\"},\"query-input\":{\"@type\":\"PropertyValueSpecification\",\"valueRequired\":true,\"valueName\":\"search_term_string\"}}],\"inLanguage\":\"fr-FR\"},{\"@type\":\"Organization\",\"@id\":\"https:\\\/\\\/ifesworld.org\\\/es\\\/#organization\",\"name\":\"IFES \u00b7 International Fellowship of Evangelical Students\",\"url\":\"https:\\\/\\\/ifesworld.org\\\/es\\\/\",\"logo\":{\"@type\":\"ImageObject\",\"inLanguage\":\"fr-FR\",\"@id\":\"https:\\\/\\\/ifesworld.org\\\/es\\\/#\\\/schema\\\/logo\\\/image\\\/\",\"url\":\"https:\\\/\\\/ifesworld.org\\\/wp-content\\\/uploads\\\/2019\\\/06\\\/ifeslogo.png\",\"contentUrl\":\"https:\\\/\\\/ifesworld.org\\\/wp-content\\\/uploads\\\/2019\\\/06\\\/ifeslogo.png\",\"width\":262,\"height\":262,\"caption\":\"IFES \u00b7 International Fellowship of Evangelical Students\"},\"image\":{\"@id\":\"https:\\\/\\\/ifesworld.org\\\/es\\\/#\\\/schema\\\/logo\\\/image\\\/\"}}]}<\/script>\n<!-- \/ Yoast SEO plugin. -->","yoast_head_json":{"title":"Un t\u00e9moignage parmi les \u00e9tudiants dans de nouveaux endroits &#183; IFES","description":"Nous voulons voir un fid\u00e8le t\u00e9moignage au Christ dans chaque universit\u00e9 du monde. Aujourd'hui, l'IFES compte des unions \u00e9tudiantes dans plus de","robots":{"index":"index","follow":"follow","max-snippet":"max-snippet:-1","max-image-preview":"max-image-preview:large","max-video-preview":"max-video-preview:-1"},"canonical":"https:\/\/ifesworld.org\/fr\/pionnier\/","og_locale":"fr_FR","og_type":"article","og_title":"Un t\u00e9moignage parmi les \u00e9tudiants dans de nouveaux endroits &#183; IFES","og_description":"Nous voulons voir un fid\u00e8le t\u00e9moignage au Christ dans chaque universit\u00e9 du monde. Aujourd'hui, l'IFES compte des unions \u00e9tudiantes dans plus de","og_url":"https:\/\/ifesworld.org\/fr\/pionnier\/","og_site_name":"IFES","article_modified_time":"2026-08-21T09:16:36+00:00","og_image":[{"width":2048,"height":1365,"url":"https:\/\/ifesworld.org\/wp-content\/uploads\/2024\/01\/BEN01758-2.jpg","type":"image\/jpeg"}],"twitter_card":"summary_large_image","twitter_misc":{"Dur\u00e9e de lecture estim\u00e9e":"5 minutes"},"schema":{"@context":"https:\/\/schema.org","@graph":[{"@type":"WebPage","@id":"https:\/\/ifesworld.org\/fr\/pionnier\/","url":"https:\/\/ifesworld.org\/fr\/pionnier\/","name":"Un t\u00e9moignage parmi les \u00e9tudiants dans de nouveaux endroits &#183; IFES","isPartOf":{"@id":"https:\/\/ifesworld.org\/es\/#website"},"primaryImageOfPage":{"@id":"https:\/\/ifesworld.org\/fr\/pionnier\/#primaryimage"},"image":{"@id":"https:\/\/ifesworld.org\/fr\/pionnier\/#primaryimage"},"thumbnailUrl":"https:\/\/ifesworld.org\/wp-content\/uploads\/2024\/01\/BEN01758-2.jpg","datePublished":"2019-04-17T08:08:05+00:00","dateModified":"2026-08-21T09:16:36+00:00","description":"Nous voulons voir un fid\u00e8le t\u00e9moignage au Christ dans chaque universit\u00e9 du monde. Aujourd'hui, l'IFES compte des unions \u00e9tudiantes dans plus de","breadcrumb":{"@id":"https:\/\/ifesworld.org\/fr\/pionnier\/#breadcrumb"},"inLanguage":"fr-FR","potentialAction":[{"@type":"ReadAction","target":["https:\/\/ifesworld.org\/fr\/pionnier\/"]}]},{"@type":"ImageObject","inLanguage":"fr-FR","@id":"https:\/\/ifesworld.org\/fr\/pionnier\/#primaryimage","url":"https:\/\/ifesworld.org\/wp-content\/uploads\/2024\/01\/BEN01758-2.jpg","contentUrl":"https:\/\/ifesworld.org\/wp-content\/uploads\/2024\/01\/BEN01758-2.jpg","width":2048,"height":1365},{"@type":"BreadcrumbList","@id":"https:\/\/ifesworld.org\/fr\/pionnier\/#breadcrumb","itemListElement":[{"@type":"ListItem","position":1,"name":"Home","item":"https:\/\/ifesworld.org\/fr\/"},{"@type":"ListItem","position":2,"name":"Un t\u00e9moignage parmi les \u00e9tudiants dans de nouveaux endroits"}]},{"@type":"WebSite","@id":"https:\/\/ifesworld.org\/es\/#website","url":"https:\/\/ifesworld.org\/es\/","name":"IFES","description":"A movement of students sharing and living out the good news of Jesus Christ. Locally. Nationally. Globally.","publisher":{"@id":"https:\/\/ifesworld.org\/es\/#organization"},"potentialAction":[{"@type":"SearchAction","target":{"@type":"EntryPoint","urlTemplate":"https:\/\/ifesworld.org\/es\/?s={search_term_string}"},"query-input":{"@type":"PropertyValueSpecification","valueRequired":true,"valueName":"search_term_string"}}],"inLanguage":"fr-FR"},{"@type":"Organization","@id":"https:\/\/ifesworld.org\/es\/#organization","name":"IFES \u00b7 International Fellowship of Evangelical Students","url":"https:\/\/ifesworld.org\/es\/","logo":{"@type":"ImageObject","inLanguage":"fr-FR","@id":"https:\/\/ifesworld.org\/es\/#\/schema\/logo\/image\/","url":"https:\/\/ifesworld.org\/wp-content\/uploads\/2019\/06\/ifeslogo.png","contentUrl":"https:\/\/ifesworld.org\/wp-content\/uploads\/2019\/06\/ifeslogo.png","width":262,"height":262,"caption":"IFES \u00b7 International Fellowship of Evangelical Students"},"image":{"@id":"https:\/\/ifesworld.org\/es\/#\/schema\/logo\/image\/"}}]}},"_links":{"self":[{"href":"https:\/\/ifesworld.org\/fr\/wp-json\/wp\/v2\/pages\/276","targetHints":{"allow":["GET"]}}],"collection":[{"href":"https:\/\/ifesworld.org\/fr\/wp-json\/wp\/v2\/pages"}],"about":[{"href":"https:\/\/ifesworld.org\/fr\/wp-json\/wp\/v2\/types\/page"}],"author":[{"embeddable":true,"href":"https:\/\/ifesworld.org\/fr\/wp-json\/wp\/v2\/users\/2"}],"replies":[{"embeddable":true,"href":"https:\/\/ifesworld.org\/fr\/wp-json\/wp\/v2\/comments?post=276"}],"version-history":[{"count":3,"href":"https:\/\/ifesworld.org\/fr\/wp-json\/wp\/v2\/pages\/276\/revisions"}],"predecessor-version":[{"id":54183,"href":"https:\/\/ifesworld.org\/fr\/wp-json\/wp\/v2\/pages\/276\/revisions\/54183"}],"wp:featuredmedia":[{"embeddable":true,"href":"https:\/\/ifesworld.org\/fr\/wp-json\/wp\/v2\/media\/33296"}],"wp:attachment":[{"href":"https:\/\/ifesworld.org\/fr\/wp-json\/wp\/v2\/media?parent=276"}],"wp:term":[{"taxonomy":"area","embeddable":true,"href":"https:\/\/ifesworld.org\/fr\/wp-json\/wp\/v2\/area?post=276"},{"taxonomy":"theme","embeddable":true,"href":"https:\/\/ifesworld.org\/fr\/wp-json\/wp\/v2\/theme?post=276"}],"curies":[{"name":"wp","href":"https:\/\/api.w.org\/{rel}","templated":true}]}}