{"id":27294,"date":"2023-06-09T14:45:08","date_gmt":"2023-06-09T13:45:08","guid":{"rendered":"https:\/\/ifesworld.org\/?page_id=27294"},"modified":"2023-06-22T11:57:33","modified_gmt":"2023-06-22T10:57:33","slug":"inscription","status":"publish","type":"page","link":"https:\/\/ifesworld.org\/fr\/inscription\/","title":{"rendered":"Inscription"},"content":{"rendered":"<div class=\"wp-block block-core-paragraph\">\n<p class=\"wp-block-paragraph\"><a href=\"https:\/\/events.ifesworld.org\/login\">Acc\u00e9dez \u00e0 votre page d\u2019inscription et cliquez sur \u00ab\u00a0inscriptions\u00a0\u00bb.<\/a> Une fois que vous aurez cliqu\u00e9 sur \u00ab\u00a0soumettre\u00a0\u00bb, vos inscriptions seront verrouill\u00e9es et vous ne pourrez plus les modifier. Veuillez vous en assurer avant de cliquer. Les inscriptions <strong>sont ouvertes jusqu\u2019au 30 juin<\/strong> et se font selon le principe du premier arriv\u00e9, premier servi. Faites votre choix d\u00e8s maintenant pour \u00e9viter toute d\u00e9ception.<\/p>\n<\/div>\n\n<div class=\"wp-block block-core-group alignfull\">\n<div class=\"wp-block-group alignfull has-white-background-color has-background\" id=\"conversatorios\"><div class=\"wp-block-group__inner-container is-layout-flow wp-block-group-is-layout-flow\"><div class=\"wp-block block-pb-accordion-item\">\n<div class=\"wp-block-pb-accordion-item c-accordion__item js-accordion-item no-js\" data-initially-open=\"false\" data-click-to-close=\"true\" data-auto-close=\"true\" data-scroll=\"false\" data-scroll-offset=\"0\"><h2 id=\"at-272940\" class=\"c-accordion__title js-accordion-controller\" role=\"button\">Conversatorios:<\/h2><div id=\"ac-272940\" class=\"c-accordion__content\"><div class=\"wp-block block-core-heading\">\n<h3 class=\"wp-block-heading has-accent-light-color has-text-color\">C01: Les femmes dans l\u2019\u0153uvre du Royaume de Dieu&nbsp;&nbsp;<\/h3>\n<\/div>\n\n<div class=\"wp-block block-core-paragraph\">\n<p class=\"wp-block-paragraph\"><em>En anglais<\/em>&nbsp;<\/p>\n<\/div>\n\n<div class=\"wp-block block-core-paragraph\">\n<p class=\"wp-block-paragraph\">L\u2019id\u00e9e de cette discussion consiste \u00e0 utiliser une perspective th\u00e9ologique pour analyser les d\u00e9fis pratiques et l\u2019avenir des femmes dans la communaut\u00e9 de l\u2019IFES, ainsi que la fa\u00e7on dont elles peuvent de nos jours approcher ces facteurs au sein de l\u2019\u0153uvre \u00e9tudiante.&nbsp;<\/p>\n<\/div>\n\n<div class=\"wp-block block-core-heading\">\n<h3 class=\"wp-block-heading has-accent-light-color has-text-color\">C02: Prendre soin de la cr\u00e9ation&nbsp; &nbsp;<\/h3>\n<\/div>\n\n<div class=\"wp-block block-core-paragraph\">\n<p class=\"wp-block-paragraph\"><em>En anglais&nbsp;<\/em>&nbsp;<\/p>\n<\/div>\n\n<div class=\"wp-block block-core-paragraph\">\n<p class=\"wp-block-paragraph\">L\u2019une des grandes pr\u00e9occupations de notre jeune g\u00e9n\u00e9ration est le r\u00e9chauffement climatique et la pollution environnementale. De nombreux groupes sont apparus pour exprimer leur m\u00e9contentement et initier des changements. Quel est le r\u00f4le des chr\u00e9tiens dans la globalit\u00e9 de notre champ de mission&nbsp;?&nbsp;<\/p>\n<\/div>\n\n<div class=\"wp-block block-core-heading\">\n<h3 class=\"wp-block-heading has-accent-light-color has-text-color\">C03: \u00c9vang\u00e9liser dans le monde \u00e9tudiant post- Covid&nbsp;<\/h3>\n<\/div>\n\n<div class=\"wp-block block-core-paragraph\">\n<p class=\"wp-block-paragraph\"><em>En fran\u00e7ais<\/em>&nbsp;<\/p>\n<\/div>\n\n<div class=\"wp-block block-core-paragraph\">\n<p class=\"wp-block-paragraph\">Nous allons r\u00e9fl\u00e9chir ensemble comment adapter notre \u00e9vang\u00e9lisation parmi les \u00e9tudiants aux r\u00e9alit\u00e9s \u00e9mergentes d\u2019un monde post-pand\u00e9mie. Un panel des 4 coins de la francophonie discutera des enjeux, partagera ses exp\u00e9riences, ressources et perspectives d\u2019avenir. Une occasion de renouveler notre vision et un encouragement \u00e0 faire de l\u2019\u00e9vang\u00e9lisation notre priorit\u00e9.&nbsp;<\/p>\n<\/div>\n\n<div class=\"wp-block block-core-heading\">\n<h3 class=\"wp-block-heading has-accent-light-color has-text-color\">C04: Justice et corruption &nbsp;&nbsp;<\/h3>\n<\/div>\n\n<div class=\"wp-block block-core-paragraph\">\n<p class=\"wp-block-paragraph\"><em>En espagnol<\/em>&nbsp;<\/p>\n<\/div>\n\n<div class=\"wp-block block-core-paragraph\">\n<p class=\"wp-block-paragraph\">Dans tous nos pays, la corruption est un sujet d\u2019actualit\u00e9, qu\u2019il concerne la politique, les affaires ou m\u00eame nos propres \u00e9glises, qui sont elles-m\u00eames affect\u00e9es par ce terrible mal. O\u00f9 est la justice qui vient de Dieu&nbsp;? N\u2019a-t-elle de sens que dans un contexte spirituel ou devrions-nous la rechercher \u00e0 l\u2019\u0153uvre dans d\u2019autres domaines de nos soci\u00e9t\u00e9s&nbsp;?&nbsp;<\/p>\n<\/div>\n\n<div class=\"wp-block block-core-heading\">\n<h3 class=\"wp-block-heading has-accent-light-color has-text-color\">C05: L\u2019universit\u00e9&nbsp;: qu\u2019allons-nous y faire ? &nbsp;<\/h3>\n<\/div>\n\n<div class=\"wp-block block-core-paragraph\">\n<p class=\"wp-block-paragraph\"><em>En anglais, espagnol et fran\u00e7ais<\/em>&nbsp;<\/p>\n<\/div>\n\n<div class=\"wp-block block-core-paragraph\">\n<p class=\"wp-block-paragraph\">L\u2019universit\u00e9 est le campus qui nous unit tous, nous qui faisons partie de l\u2019IFES. Mais r\u00e9cemment et apr\u00e8s la pand\u00e9mie, cet espace s\u2019est mis \u00e0 changer rapidement, et ce juste sous notre nez. Dans quelle mesure notre \u00e9vang\u00e9lisation sur les campus est-elle pertinente&nbsp;? Avons-nous r\u00e9ellement conscience des changements consid\u00e9rables qui prennent place dans nos champs d\u2019\u00e9tude&nbsp;? Qu\u2019arrive-t-il \u00e0 l\u2019universit\u00e9 dans le monde d\u2019aujourd\u2019hui&nbsp;?&nbsp;<\/p>\n<\/div><\/div><\/div>\n<\/div><\/div>\n<\/div><\/div>\n\n<div class=\"wp-block block-core-group alignfull\">\n<div class=\"wp-block-group alignfull has-white-dark-background-color has-background\" id=\"seminars\"><div class=\"wp-block-group__inner-container is-layout-flow wp-block-group-is-layout-flow\"><div class=\"wp-block block-core-heading\">\n<h2 class=\"wp-block-heading\">Seminaires :<\/h2>\n<\/div>\n\n<div class=\"wp-block block-pb-accordion-item\">\n<div class=\"wp-block-pb-accordion-item c-accordion__item js-accordion-item no-js\" data-initially-open=\"false\" data-click-to-close=\"true\" data-auto-close=\"true\" data-scroll=\"false\" data-scroll-offset=\"0\"><h3 id=\"at-272941\" class=\"c-accordion__title js-accordion-controller\" role=\"button\"><strong><strong><strong>S\u00e9minaires en fran\u00e7ais :<\/strong>\u00a0<\/strong><\/strong><\/h3><div id=\"ac-272941\" class=\"c-accordion__content\"><div class=\"wp-block block-core-heading\">\n<h4 class=\"wp-block-heading has-accent-light-color has-text-color\">SFR01: Principes de base pour l\u2019auto-formation&nbsp;<\/h4>\n<\/div>\n\n<div class=\"wp-block block-core-paragraph\">\n<p class=\"wp-block-paragraph\">La plupart des \u00e9tudiants responsables, b\u00e9n\u00e9voles et personnel des GBU francophones n\u2019ont pas suivi d\u2019\u00e9tudes formelles en th\u00e9ologie. Notre premi\u00e8re ressource de formation est donc d\u2019apprendre par nous-m\u00eames. Dans ce s\u00e9minaire, un panel de repr\u00e9sentants de plusieurs r\u00e9gions francophones nous partage ses meilleures ressources et bonnes pratiques pour une autoformation fructueuse.&nbsp;<\/p>\n<\/div>\n\n<div class=\"wp-block block-core-heading\">\n<h4 class=\"wp-block-heading has-accent-light-color has-text-color\">SFR02: Fondements de l&rsquo;Interaction avec les \u00c9critures&nbsp;<\/h4>\n<\/div>\n\n<div class=\"wp-block block-core-paragraph\">\n<p class=\"wp-block-paragraph\">C&rsquo;est l&rsquo;occasion de partager l&rsquo;approfondissement de nos fondements dans les Ecritures et le renouvellement de notre vision de la Parole et de sa richesse. Nous souhaitons aborder plus en d\u00e9tail six aspects de l&rsquo;Interaction avec les Ecritures, chacun d&rsquo;entre eux pouvant nous aider \u00e0 \u00e9valuer notre performance et celle de nos mouvements nationaux.&nbsp;<\/p>\n<\/div>\n\n<div class=\"wp-block block-core-heading\">\n<h4 class=\"wp-block-heading has-accent-light-color has-text-color\">SFR03: Bureau national &#8211; Gouverner de l&rsquo;ext\u00e9rieur vers l&rsquo;int\u00e9rieur &#8211; Gouvernance politique &nbsp;<\/h4>\n<\/div>\n\n<div class=\"wp-block block-core-paragraph\">\n<p class=\"wp-block-paragraph\">Le mod\u00e8le de gouvernance politique clarifie les diff\u00e9rents r\u00f4les du conseil d&rsquo;administration, du Secr\u00e9taire g\u00e9n\u00e9ral (directeur national) et des \u00e9quipiers. Les bonnes politiques sont con\u00e7ues \u00ab\u00a0de l&rsquo;ext\u00e9rieur vers l&rsquo;int\u00e9rieur\u00a0\u00bb. Ce sont les limites fix\u00e9es par le conseil d&rsquo;administration qui fa\u00e7onnent les autres d\u00e9cisions, en particulier celles du SG (DN). L&rsquo;adoption d&rsquo;un mod\u00e8le de gouvernance politique permet au conseil d&rsquo;administration de fixer les objectifs, d&rsquo;approuver l&rsquo;utilisation des ressources et de contr\u00f4ler les performances du mouvement national, tout en permettant \u00e0 la direction (SG\/DN) de mener les activit\u00e9s quotidiennes et d&rsquo;atteindre ces objectifs dans le cadre de limites claires.&nbsp;&nbsp;<\/p>\n<\/div>\n\n<div class=\"wp-block block-core-paragraph\">\n<p class=\"wp-block-paragraph\">Ce s\u00e9minaire s&rsquo;adresse aux membres du conseil d&rsquo;administration et aux secr\u00e9taires g\u00e9n\u00e9raux, ainsi qu&rsquo;aux \u00e9quipiers.&nbsp;<\/p>\n<\/div><\/div><\/div>\n<\/div>\n\n<div class=\"wp-block block-pb-accordion-item\">\n<div class=\"wp-block-pb-accordion-item c-accordion__item js-accordion-item no-js\" data-initially-open=\"false\" data-click-to-close=\"true\" data-auto-close=\"true\" data-scroll=\"false\" data-scroll-offset=\"0\"><h3 id=\"at-272942\" class=\"c-accordion__title js-accordion-controller\" role=\"button\"><strong><strong><strong>S\u00e9minaires en espagnol :<\/strong><\/strong><\/strong><\/h3><div id=\"ac-272942\" class=\"c-accordion__content\"><div class=\"wp-block block-core-heading\">\n<h4 class=\"wp-block-heading has-accent-light-color has-text-color\">SES01: T\u00e9moigner \u00e0 travers les Ecritures &nbsp;<\/h4>\n<\/div>\n\n<div class=\"wp-block block-core-paragraph\">\n<p class=\"wp-block-paragraph\">Explorer les d\u00e9fis de l&rsquo;utilisation contextuelle et cr\u00e9ative des \u00c9critures dans notre t\u00e9moignage pour le Christ, en relation avec la g\u00e9n\u00e9ration actuelle d&rsquo;\u00e9tudiants.&nbsp;<\/p>\n<\/div>\n\n<div class=\"wp-block block-core-heading\">\n<h4 class=\"wp-block-heading has-accent-light-color has-text-color\">SES02: L&rsquo;art et le Royaume de Dieu : exposition d&rsquo;un monde d\u00e9chu et aper\u00e7us de la r\u00e9demption &nbsp;<\/h4>\n<\/div>\n\n<div class=\"wp-block block-core-paragraph\">\n<p class=\"wp-block-paragraph\">Avez-vous d\u00e9j\u00e0 r\u00e9fl\u00e9chi \u00e0 comment l&rsquo;art peut nous aider \u00e0 explorer le monde, \u00e0 nous d\u00e9couvrir nous-m\u00eames et \u00e0 conna\u00eetre Dieu ? La Bible offre plusieurs exemples de comment l&rsquo;art a \u00e9t\u00e9 utilis\u00e9 pour nous aider \u00e0 conna\u00eetre notre monde et les r\u00e9alit\u00e9s futures. Le tabernacle et les temples de l&rsquo;Ancien Testament \u00e9taient symboliquement con\u00e7us pour indiquer la r\u00e9alit\u00e9 cosmique eschatologique. L&rsquo;art peut \u00e9galement \u00eatre un mode de d\u00e9voilement imaginatif qui nous ouvre le monde de mani\u00e8re convaincante. Il met en sc\u00e8ne une rencontre avec le monde qui nous parle \u00e0 travers des m\u00e9taphores. Et cette rencontre peut se faire \u00e0 la fois avec la r\u00e9alit\u00e9 du monde d\u00e9chu et avec des aper\u00e7us de la r\u00e9demption.&nbsp;<\/p>\n<\/div>\n\n<div class=\"wp-block block-core-paragraph\">\n<p class=\"wp-block-paragraph\">La cr\u00e9ation et l&rsquo;analyse artistiques sont \u00e9galement des formes vitales d&rsquo;apprentissage qui ont le potentiel de transformer la culture. Cela nous am\u00e8ne \u00e0 nous interroger sur la vocation de l&rsquo;artiste chr\u00e9tien, en nous demandant \u00e0 quoi Dieu nous a appel\u00e9s. Ce s\u00e9minaire vise \u00e0 explorer le r\u00f4le de l&rsquo;art dans le Royaume de Dieu d&rsquo;un point de vue th\u00e9ologique et artistique et comment il peut devenir un moyen pour la formation de disciples \u00e0 partir de l&rsquo;imagination.&nbsp;<\/p>\n<\/div>\n\n<div class=\"wp-block block-core-heading\">\n<h4 class=\"wp-block-heading has-accent-light-color has-text-color\">SES03: Perspectives de justice et de paix en Am\u00e9rique latine &nbsp;<\/h4>\n<\/div>\n\n<div class=\"wp-block block-core-paragraph\">\n<p class=\"wp-block-paragraph\">La r\u00e9alit\u00e9 des pays latino-am\u00e9ricains est marqu\u00e9e par l&rsquo;injustice et la corruption, avec des manifestations quotidiennes de la violence, et au-del\u00e0 de cette limite g\u00e9ographique, des sc\u00e8nes similaires se d\u00e9roulent dans d&rsquo;autres parties du monde. \u00c0 travers ce s\u00e9minaire, nous voulons engager un dialogue qui nous permette de relever des nuances et des significations pertinentes pour le monde actuel en ce qui concerne notre appel en tant que croyants \u00e0 \u00eatre des b\u00e2tisseurs de la justice et de la paix \u00e0 partir de l&rsquo;\u00c9vangile.&nbsp;&nbsp;<\/p>\n<\/div>\n\n<div class=\"wp-block block-core-paragraph\">\n<p class=\"wp-block-paragraph\">Ce s\u00e9minaire propose une r\u00e9flexion interdisciplinaire visant \u00e0 trouver un sens commun et une inspiration pour vivre la justice et le <em>shalom<\/em> de Dieu, de la sph\u00e8re personnelle \u00e0 la sph\u00e8re collective. Il sera introduit par quelques questions de r\u00e9flexion qui peuvent se poser aujourd&rsquo;hui : Pourquoi de nombreuses personnes ne croient-elles plus en la justice humaine ? La justice divine ressemble-t-elle \u00e0 la justice humaine ? Quels sont les signes de justice dont l&rsquo;\u00c9glise t\u00e9moigne ? Comment le <em>shalom<\/em> peut-il \u00eatre v\u00e9cu au quotidien dans un monde violent ? Quelles aspirations \u00e0 la paix avons-nous en tant que croyants dans notre contexte ? L&rsquo;\u00e9quipe latino-am\u00e9ricaine de l&rsquo;Initiative Logos et Cosmos animera cet espace.&nbsp;<\/p>\n<\/div>\n\n<div class=\"wp-block block-core-heading\">\n<h4 class=\"wp-block-heading has-accent-light-color has-text-color\">SES04: La perspective biblique sur les fausses nouvelles &nbsp;<\/h4>\n<\/div>\n\n<div class=\"wp-block block-core-paragraph\">\n<p class=\"wp-block-paragraph\">Quel est l&rsquo;impact des nouvelles que nous lisons ou entendons ? Qu&rsquo;elles soient bonnes ou mauvaises, elles peuvent avoir un impact significatif sur nos journ\u00e9es et modifier notre humeur et nos id\u00e9es. Elles peuvent aussi ne pas nous inciter \u00e0 agir en r\u00e9ponse \u00e0 l\u2019actualit\u00e9. \u00c0 l&rsquo;\u00e8re du num\u00e9rique, nous recevons beaucoup d&rsquo;informations, peut-\u00eatre plus que jamais auparavant dans l&rsquo;histoire. L&rsquo;av\u00e8nement des m\u00e9dias sociaux, avec leurs algorithmes, est \u00e0 l&rsquo;origine d\u2019une foison d\u2019informations. Certaines sont vraies, d&rsquo;autres fausses, d&rsquo;autres encore ne sont pas vraies du tout. Nous voulons explorer l&rsquo;univers des \u00ab\u00a0fake news\u00a0\u00bb et leur impact sur nos vies. Nous aimerions \u00e9galement comprendre comment aborder les informations \u00e0 la lumi\u00e8re des \u00c9critures, en exposant l&rsquo;\u00e9thique de l&rsquo;engagement en faveur de la v\u00e9rit\u00e9. \u00c0 partir de nos mouvements nationaux, nous pouvons aborder cette question en aidant les \u00e9tudiants et les professionnels \u00e0 identifier les fausses nouvelles, \u00e0 les d\u00e9noncer et \u00e0 rester motiv\u00e9s dans notre engagement pour la v\u00e9rit\u00e9 par le biais d&rsquo;\u00e9tudes bibliques.&nbsp;<\/p>\n<\/div><\/div><\/div>\n<\/div>\n\n<div class=\"wp-block block-pb-accordion-item\">\n<div class=\"wp-block-pb-accordion-item c-accordion__item js-accordion-item no-js\" data-initially-open=\"false\" data-click-to-close=\"true\" data-auto-close=\"true\" data-scroll=\"false\" data-scroll-offset=\"0\"><h3 id=\"at-272943\" class=\"c-accordion__title js-accordion-controller\" role=\"button\"><strong><strong>S\u00e9minaires en anglais :<\/strong>\u00a0<\/strong><\/h3><div id=\"ac-272943\" class=\"c-accordion__content\"><div class=\"wp-block block-core-heading\">\n<h4 class=\"wp-block-heading has-accent-light-color has-text-color\">SEN01: D\u00e9fricher de nouveaux territoires &nbsp;<\/h4>\n<\/div>\n\n<div class=\"wp-block block-core-paragraph\">\n<p class=\"wp-block-paragraph\">L&rsquo;innovation dans les \u0153uvres dans diff\u00e9rentes villes, r\u00e9gions et pays fait partie de l&rsquo;ADN de l&rsquo;IFES. Ce s\u00e9minaire se penchera sur les le\u00e7ons tir\u00e9es des r\u00e9centes initiatives pionni\u00e8res et des exp\u00e9riences partag\u00e9es, tout en pr\u00e9sentant notre nouveau cadre d\u2019innovation.&nbsp;<\/p>\n<\/div>\n\n<div class=\"wp-block block-core-paragraph\">\n<p class=\"wp-block-paragraph\">L&rsquo;objectif est d&rsquo;encourager et d&rsquo;\u00e9quiper les gens \u00e0 utiliser ce nouvel outil et de mieux comprendre les partenariats n\u00e9cessaires pour innover.&nbsp;<\/p>\n<\/div>\n\n<div class=\"wp-block block-core-paragraph\">\n<p class=\"wp-block-paragraph\">Outre le financement de nouveaux projets, <em>Breaking New Ground<\/em> soutient un r\u00e9seau qui relie les pionniers du monde entier. Ce s\u00e9minaire sera l&rsquo;occasion de rencontrer des membres de ce r\u00e9seau et d&rsquo;envisager de nouer de nouvelles relations.&nbsp;<\/p>\n<\/div>\n\n<div class=\"wp-block block-core-heading\">\n<h4 class=\"wp-block-heading has-accent-light-color has-text-color\">SEN02: Atteindre les \u00e9tudiants internationaux &nbsp;<\/h4>\n<\/div>\n\n<div class=\"wp-block block-core-paragraph\">\n<p class=\"wp-block-paragraph\">Pourquoi est-il important d&rsquo;atteindre les \u00e9tudiants internationaux et en quoi cela diff\u00e8re-t-il du minist\u00e8re aupr\u00e8s des \u00e9tudiants locaux ? Que devons-nous savoir pour bien construire les ponts afin qu&rsquo;ils puissent comprendre l&rsquo;\u00c9vangile et rencontrer J\u00e9sus ?&nbsp;&nbsp;<\/p>\n<\/div>\n\n<div class=\"wp-block block-core-paragraph\">\n<p class=\"wp-block-paragraph\">Dans ce s\u00e9minaire, nous partagerons nos ann\u00e9es d&rsquo;exp\u00e9rience dans le minist\u00e8re aupr\u00e8s des \u00e9tudiants internationaux en ce qui concerne : les diff\u00e9rentes visions du monde ; les conseils pour mener des \u00e9tudes bibliques avec des amis internationaux ; et ce que nous avons appris sur la fa\u00e7on de prendre soin de nos amis internationaux pour les aider \u00e0 nourrir leur foi grandissante. Venez, soyez \u00e9quip\u00e9s et encourag\u00e9s !&nbsp;<\/p>\n<\/div>\n\n<div class=\"wp-block block-core-heading\">\n<h4 class=\"wp-block-heading has-accent-light-color has-text-color\">SEN03: La parole de Dieu dans un monde diversifi\u00e9 : Explorer l&rsquo;influence du contexte dans la lecture et la r\u00e9ception de la Parole de Dieu &nbsp;<\/h4>\n<\/div>\n\n<div class=\"wp-block block-core-paragraph\">\n<p class=\"wp-block-paragraph\">Chaque page de la Parole de Dieu nous vient d&rsquo;un contexte particulier. Mais comment pouvons-nous conna\u00eetre Dieu dans les divers contextes d&rsquo;aujourd&rsquo;hui ? Quels sont les \u00e9l\u00e9ments qui influencent notre fa\u00e7on de lire, de comprendre et d&rsquo;appliquer la Parole de Dieu dans nos vies ? Que pouvons-nous faire, en tant que communaut\u00e9 mondiale, pour enrichir notre interaction commune avec Dieu dans les \u00c9critures ?&nbsp;<\/p>\n<\/div>\n\n<div class=\"wp-block block-core-heading\">\n<h4 class=\"wp-block-heading has-accent-light-color has-text-color\">SEN04: Festin de la paix : Des musulmans et des chr\u00e9tiens partagent un repas et de vraies conversations sur la foi &nbsp;<\/h4>\n<\/div>\n\n<div class=\"wp-block block-core-paragraph\">\n<p class=\"wp-block-paragraph\">Est-il possible d&rsquo;entrer en contact avec des musulmans, de partager nos convictions chr\u00e9tiennes et d&rsquo;\u00e9viter les d\u00e9bats houleux ? Oui !&nbsp; Des centaines de festins de la paix ont aid\u00e9 des chr\u00e9tiens et des musulmans \u00e0 travers le monde \u00e0 nouer des liens d&rsquo;amiti\u00e9 tout en parlant ouvertement de leurs croyances. Dans ce s\u00e9minaire, vous verrez \u00e0 quel point il est simple d&rsquo;organiser un Festin de la Paix dans votre communaut\u00e9. Pour en savoir plus, consultez le site peacefeast.net.&nbsp;<\/p>\n<\/div>\n\n<div class=\"wp-block block-core-heading\">\n<h4 class=\"wp-block-heading has-accent-light-color has-text-color\">SEN05: Les partenaires du minist\u00e8re ne sont pas que des donateurs&nbsp;<\/h4>\n<\/div>\n\n<div class=\"wp-block block-core-paragraph\">\n<p class=\"wp-block-paragraph\">Des relations solides sont absolument cruciales si nous voulons approfondir notre impact et \u00e9largir notre influence. Ce s\u00e9minaire explorera les strat\u00e9gies de diversit\u00e9 culturelle pour renforcer les relations avec les \u00e9glises, les b\u00e9n\u00e9voles, les autres minist\u00e8res, les universitaires et les sympathisants. Nous partagerons la mani\u00e8re dont une philosophie de partenariat minist\u00e9riel culturellement diversifi\u00e9e peut enrichir l&rsquo;exp\u00e9rience de ceux qui sont concern\u00e9s par notre travail et \u00e9tendre notre port\u00e9e aupr\u00e8s des jeunes, des \u00e9tudiants et des dipl\u00f4m\u00e9s. Ce s\u00e9minaire sera particuli\u00e8rement pertinent pour le personnel et les mouvements qui cherchent \u00e0 s&rsquo;\u00e9loigner d&rsquo;un mod\u00e8le de collecte de fonds du exclusivement bas\u00e9 sur l&rsquo;individu au profit des \u00e9quipiers.&nbsp;<\/p>\n<\/div>\n\n<div class=\"wp-block block-core-heading\">\n<h4 class=\"wp-block-heading has-accent-light-color has-text-color\">SEN06: Le leadership \u00e9thique &nbsp;<\/h4>\n<\/div>\n\n<div class=\"wp-block block-core-paragraph\">\n<p class=\"wp-block-paragraph\"><strong><em>Ce s\u00e9minaire est r\u00e9serv\u00e9 aux \u00e9tudiants.<\/em><\/strong> L&rsquo;id\u00e9e de ce s\u00e9minaire est de discuter des d\u00e9fis auxquels sont actuellement confront\u00e9s ceux qui travaillent \u00e0 tous les niveaux et exercent tous les types de leadership.&nbsp;&nbsp;<\/p>\n<\/div>\n\n<div class=\"wp-block block-core-paragraph\">\n<p class=\"wp-block-paragraph\">Ensemble, nous cherchons \u00e0 comprendre et \u00e0 discerner les implications \u00e9thiques de suivre J\u00e9sus dans la salle de classe de l&rsquo;universit\u00e9. Il existe de nombreuses th\u00e9ories acad\u00e9miques sur le leadership, mais toutes n&rsquo;incluent pas la dimension \u00e9thique comme un aspect central. Les scandales survenus ces derni\u00e8res ann\u00e9es dans les sph\u00e8res politiques, religieuses et commerciales ont mis en \u00e9vidence la n\u00e9cessit\u00e9 de se concentrer sur la conduite et le caract\u00e8re d\u2019un leader. Par leur exemple, les leaders rendent visibles les valeurs d&rsquo;une organisation et contribuent \u00e0 les renforcer.&nbsp;&nbsp;<\/p>\n<\/div>\n\n<div class=\"wp-block block-core-paragraph\">\n<p class=\"wp-block-paragraph\">Ce s\u00e9minaire cherche \u00e0 construire un dialogue multiculturel et interg\u00e9n\u00e9rationnel \u00e0 partir du r\u00e9cit biblique afin d&rsquo;explorer certains des d\u00e9fis \u00e9thiques auxquels les \u00e9tudiants sont confront\u00e9s lorsqu&rsquo;ils d\u00e9veloppent et exercent leur leadership dans le minist\u00e8re du campus de l&rsquo;IFES.&nbsp;&nbsp;&nbsp;&nbsp;<\/p>\n<\/div>\n\n<div class=\"wp-block block-core-paragraph\">\n<p class=\"wp-block-paragraph\">Les orateurs partageront des t\u00e9moignages sur les exigences \u00e9thiques d&rsquo;\u00eatre un leader au 21\u00e8me si\u00e8cle, dans le contexte du sud global, du point de vue d&rsquo;une femme, et quand nous comprenons le besoin d&rsquo;\u00eatre en apprentissage continu.&nbsp;<\/p>\n<\/div>\n\n<div class=\"wp-block block-core-heading\">\n<h4 class=\"wp-block-heading has-accent-light-color has-text-color\">SEN07: Reconstruire le mouvement national &nbsp;<\/h4>\n<\/div>\n\n<div class=\"wp-block block-core-paragraph\">\n<p class=\"wp-block-paragraph\">Apr\u00e8s la pand\u00e9mie de Covid-19, beaucoup d&rsquo;entre nous constatent que leurs mouvements nationaux se d\u00e9battent avec moins d&rsquo;\u00e9tudiants, moins d\u2019\u00e9quipiers et des ressources financi\u00e8res limit\u00e9es. Venez \u00e9couter les histoires de secr\u00e9taires g\u00e9n\u00e9raux du monde entier, anciens comme en service, qui ont fait face \u00e0 des d\u00e9fis similaires dans la reconstruction de leurs mouvements nationaux. Vous entendrez les meilleures pratiques, recevrez du coaching (accompagnement) ou du mentorat et de la pri\u00e8re.&nbsp;&nbsp;<\/p>\n<\/div>\n\n<div class=\"wp-block block-core-paragraph\">\n<p class=\"wp-block-paragraph\">Format : Table ronde, atelier assorti d\u2019un accompagnement.&nbsp;&nbsp;<\/p>\n<\/div>\n\n<div class=\"wp-block block-core-heading\">\n<h4 class=\"wp-block-heading has-accent-light-color has-text-color\">SEN08: Le minist\u00e8re de la litt\u00e9rature et ses implications pour la mission&nbsp;<\/h4>\n<\/div>\n\n<div class=\"wp-block block-core-paragraph\">\n<p class=\"wp-block-paragraph\">Dieu nous a donn\u00e9 Sa Parole pour notre salut et notre vie. Il utilise les \u00e9crits pour attirer les gens vers J\u00e9sus et les transformer pour qu&rsquo;ils lui ressemblent de plus en plus. D\u00e9couvrez l&rsquo;impact strat\u00e9gique mondial du minist\u00e8re de la litt\u00e9rature chr\u00e9tienne et comment vous pouvez y participer en tant qu&rsquo;\u00e9crivain(e), r\u00e9dacteur(-rice) ou \u00e9diteur(-rice), aujourd&rsquo;hui et \u00e0 l&rsquo;avenir.&nbsp;<\/p>\n<\/div>\n\n<div class=\"wp-block block-core-heading\">\n<h4 class=\"wp-block-heading has-accent-light-color has-text-color\">SEN09: Le bureau national &#8211; Prendre soin de son Secr\u00e9taire g\u00e9n\u00e9ral &nbsp;<\/h4>\n<\/div>\n\n<div class=\"wp-block block-core-paragraph\">\n<p class=\"wp-block-paragraph\">Le Secr\u00e9taire g\u00e9n\u00e9ral est l&rsquo;atout le plus pr\u00e9cieux de tout mouvement national, et l&rsquo;une des principales t\u00e2ches des conseils d&rsquo;administration est de lui apporter soins et soutien. Comment pouvez-vous aider votre secr\u00e9taire g\u00e9n\u00e9ral (directeur national) \u00e0 maintenir la joie et le sens de la vocation de son minist\u00e8re \u00e0 la fois frais et attrayants ? Gardez-vous un bon \u00e9quilibre entre le soutien et la remise en question de votre Secr\u00e9taire g\u00e9n\u00e9ral ? Accompagnez-vous votre Secr\u00e9taire g\u00e9n\u00e9ral, dans les moments difficiles comme dans les bons moments, ou \u00eates-vous absent(e) ? Que ce s\u00e9minaire soit une source d&rsquo;inspiration et un guide pratique pour une prise en charge personnalis\u00e9e de chaque Secr\u00e9taire g\u00e9n\u00e9ral qui nous est confi\u00e9. Puissions-nous voir nos secr\u00e9taires g\u00e9n\u00e9raux non seulement comme des PDG, mais aussi, ou peut-\u00eatre surtout, comme des \u00eatres humains sauv\u00e9s par la gr\u00e2ce, tout comme nous.&nbsp;<\/p>\n<\/div>\n\n<div class=\"wp-block block-core-paragraph\">\n<p class=\"wp-block-paragraph\">Ce s\u00e9minaire s&rsquo;adresse aux membres du conseil d&rsquo;administration et aux secr\u00e9taires g\u00e9n\u00e9raux.&nbsp;<\/p>\n<\/div>\n\n<div class=\"wp-block block-core-heading\">\n<h4 class=\"wp-block-heading has-accent-light-color has-text-color\">SEN10: Quelle est votre place dans le corps du Christ &nbsp;<\/h4>\n<\/div>\n\n<div class=\"wp-block block-core-paragraph\">\n<p class=\"wp-block-paragraph\">Dans 1 Corinthiens 12, Paul nous d\u00e9crit comme un corps compos\u00e9 de plusieurs parties. Il y a unit\u00e9 parce que J\u00e9sus a cr\u00e9\u00e9 ce corps unique, mais il y a aussi diversit\u00e9 parce que le corps est une combinaison de diff\u00e9rentes parties qui remplissent chacune des fonctions diff\u00e9rentes.&nbsp;<\/p>\n<\/div>\n\n<div class=\"wp-block block-core-paragraph\">\n<p class=\"wp-block-paragraph\">Nous appr\u00e9cions cette m\u00e9taphore, mais avons du mal \u00e0 la vivre au quotidien, en particulier dans le contexte des \u00e9quipes, des \u00e9glises et des organisations. Toutes les \u00e9quipes ne fonctionnent pas dans l&rsquo;unit\u00e9 ; nous nous comparons et pensons que certaines parties du corps sont plus importantes que d&rsquo;autres pour le minist\u00e8re. Il en r\u00e9sulte parfois que les mauvaises personnes se retrouvent au mauvais endroit, ce qui fait souffrir l&rsquo;ensemble du corps.&nbsp;<\/p>\n<\/div>\n\n<div class=\"wp-block block-core-paragraph\">\n<p class=\"wp-block-paragraph\">Comment puis-je savoir \u00e0 quelle partie du corps je suis destin\u00e9 ? Qu&rsquo;est-ce qui pourrait nous aider, moi et les membres de mon \u00e9quipe, \u00e0 comprendre nos fonctions ? Comment pouvons-nous apprendre \u00e0 mieux fonctionner en tant que corps uni mais diversifi\u00e9 ?&nbsp;<\/p>\n<\/div>\n\n<div class=\"wp-block block-core-paragraph\">\n<p class=\"wp-block-paragraph\">Nous discuterons de ces questions, en apprenant les uns des autres ce qui peut nous aider \u00e0 devenir un corps sain dans lequel chaque partie est appr\u00e9ci\u00e9e et reconnue.&nbsp;<\/p>\n<\/div>\n\n<div class=\"wp-block block-core-paragraph\">\n<p class=\"wp-block-paragraph\">La conscience de soi, la conscience de Dieu et la conscience des autres nous aideront \u00e0 r\u00e9aliser ce que Dieu veut pour nous, de mani\u00e8re \u00e0 compl\u00e9ter nos diff\u00e9rences &#8211; en travaillant comme un seul corps.&nbsp;<\/p>\n<\/div>\n\n<div class=\"wp-block block-core-heading\">\n<h4 class=\"wp-block-heading has-accent-light-color has-text-color\">SEN11: La formation spirituelle : Un voyage int\u00e9rieur avec Dieu (anglais et espagnol) &nbsp;&nbsp;<\/h4>\n<\/div>\n\n<div class=\"wp-block block-core-paragraph\">\n<p class=\"wp-block-paragraph\">Dieu est en train de nous former pour que nous devenions les personnes qu&rsquo;il nous a destin\u00e9s \u00e0 \u00eatre. Nous sommes invit\u00e9s \u00e0 nous associer \u00e0 Lui dans ce processus : \u00e0 \u00eatre attentifs \u00e0 ce qu&rsquo;il fait et \u00e0 ouvrir nos vies \u00e0 sa pr\u00e9sence et \u00e0 son \u0153uvre.&nbsp;&nbsp;<\/p>\n<\/div>\n\n<div class=\"wp-block block-core-paragraph\">\n<p class=\"wp-block-paragraph\">Quelle est la part de Dieu et quelle est notre part dans la formation spirituelle ? Comment pouvons-nous cr\u00e9er un espace pour que Dieu nous rencontre et nous fa\u00e7onne au plus profond de notre \u00eatre ? Que signifie devenir plus semblable au Christ ? Ensemble, nous explorerons diff\u00e9rents aspects de la formation spirituelle. Ce faisant, nous examinerons nos propres parcours et la mani\u00e8re dont Dieu nous appelle \u00e0 une intimit\u00e9 spirituelle plus profonde.&nbsp;&nbsp;<\/p>\n<\/div>\n\n<div class=\"wp-block block-core-paragraph\">\n<p class=\"wp-block-paragraph\">Ce s\u00e9minaire se d\u00e9roulera en anglais. Une traduction informelle en espagnol sera propos\u00e9e.&nbsp;<\/p>\n<\/div>\n\n<div class=\"wp-block block-core-heading\">\n<h4 class=\"wp-block-heading has-accent-light-color has-text-color\">SEN12: Cr\u00e9er un \u00e9cosyst\u00e8me sain pour le minist\u00e8re \u00e9tudiant &#8211; \u00e9tudiants, dipl\u00f4m\u00e9s et anciens etudiants travaillant ensemble&nbsp;<\/h4>\n<\/div>\n\n<div class=\"wp-block block-core-paragraph\">\n<p class=\"wp-block-paragraph\">Tous les \u00e9tudiants ach\u00e8veront leurs \u00e9tudes. Certains dipl\u00f4m\u00e9s nous aideront \u00e0 d\u00e9velopper notre minist\u00e8re, mais malheureusement certains se d\u00e9tourneront de J\u00e9sus. Que pouvons-nous faire pour aider nos dipl\u00f4m\u00e9s \u00e0 bien transitionner vers la vie active et \u00e0 continuer \u00e0 marcher avec J\u00e9sus ? Et comment pouvons-nous leur donner l\u2019opportunit\u00e9 de nous aider \u00e0 b\u00e2tir le minist\u00e8re que notre Seigneur nous a donn\u00e9 pour qu\u2019ils puissent encourager la prochaine g\u00e9n\u00e9ration des jeunes adultes chr\u00e9tiens. Ce s\u00e9minaire pr\u00e9sentera diff\u00e9rentes ressources de l\u2019Impact des dipl\u00f4m\u00e9s.&nbsp;<\/p>\n<\/div>\n\n<div class=\"wp-block block-core-heading\">\n<h4 class=\"wp-block-heading has-accent-light-color has-text-color\">SEN13: I&rsquo;ILC : Une expression de la mission de Dieu au sein de l&rsquo;universit\u00e9 &nbsp;<\/h4>\n<\/div>\n\n<div class=\"wp-block block-core-paragraph\">\n<p class=\"wp-block-paragraph\">Les participants \u00e0 ce s\u00e9minaire seront en mesure d&rsquo;identifier les moyens d&rsquo;accomplir la mission de Dieu dans l&rsquo;universit\u00e9 selon le concept de l&rsquo;ETU\/Dialogue Science-Th\u00e9ologie. Ils seront inspir\u00e9s par les t\u00e9moignages des Catalyseurs LCI qui parleront de leurs projets. Cela stimulera leur cr\u00e9ativit\u00e9 pour formuler des activit\u00e9s missionnaires \u00e0 mettre en \u0153uvre dans leurs universit\u00e9s.&nbsp;<\/p>\n<\/div>\n\n<div class=\"wp-block block-core-heading\">\n<h4 class=\"wp-block-heading has-accent-light-color has-text-color\">SEN14: D\u00e9couvrir et lib\u00e9rer les puits de g\u00e9n\u00e9rosit\u00e9 de votre mouvement national &nbsp;<\/h4>\n<\/div>\n\n<div class=\"wp-block block-core-paragraph\">\n<p class=\"wp-block-paragraph\">Dans sa souverainet\u00e9, sa mis\u00e9ricorde et son amour, Dieu a fourni diverses ressources aux nations pour r\u00e9pondre \u00e0 leurs besoins dans un esprit de mutualit\u00e9 et de partenariat. Pour diff\u00e9rentes raisons, quelques privil\u00e9gi\u00e9s prennent le contr\u00f4le de ces ressources au d\u00e9triment de la majorit\u00e9. Notre responsabilit\u00e9, en tant que mouvements nationaux, est de rechercher des moyens cr\u00e9dibles, cr\u00e9atifs, innovants et opportuns d&rsquo;exploiter ces ressources pour notre minist\u00e8re. La mobilisation des ressources, en particulier pour le l\u2019\u0153uvre chr\u00e9tienne, peut s&rsquo;av\u00e9rer tr\u00e8s difficile et beaucoup ont conclu \u00e0 tort qu&rsquo;ils n&rsquo;\u00e9taient pas appel\u00e9s \u00e0 collecter des fonds ou qu&rsquo;ils ne pourraient jamais surmonter les obstacles li\u00e9s au d\u00e9veloppement de l&rsquo;aide dans leur contexte.&nbsp;<\/p>\n<\/div>\n\n<div class=\"wp-block block-core-paragraph\">\n<p class=\"wp-block-paragraph\">Ce s\u00e9minaire vous aidera, en tant que leader, \u00e0 d\u00e9couvrir et \u00e0 lib\u00e9rer les puits que Dieu a creus\u00e9s en votre faveur pour que vous puissiez exercer votre minist\u00e8re de mani\u00e8re efficace. Cela vous lib\u00e9rera du stress associ\u00e9 au fait de creuser les puits vous-m\u00eame, ce qui a conduit \u00e0 la frustration, \u00e0 l&rsquo;\u00e9puisement et \u00e0 un taux d&rsquo;attrition \u00e9lev\u00e9 dans le minist\u00e8re. Les connaissances acquises au cours de ce s\u00e9minaire vous aideront \u00e0 savoir ce qu&rsquo;il faut arr\u00eater de faire, ce qu&rsquo;il faut continuer \u00e0 faire et, plus important encore, ce qu&rsquo;il faut commencer \u00e0 faire pour assurer la durabilit\u00e9 des ressources du minist\u00e8re.&nbsp;<\/p>\n<\/div>\n\n<div class=\"wp-block block-core-heading\">\n<h4 class=\"wp-block-heading has-accent-light-color has-text-color\">SEN15: Apprendre du pass\u00e9, r\u00e9agir au pr\u00e9sent, pr\u00e9parer l&rsquo;avenir&nbsp;<\/h4>\n<\/div>\n\n<div class=\"wp-block block-core-paragraph\">\n<p class=\"wp-block-paragraph\">A travers ce s\u00e9minaire, nous voulons encourager les participants \u00e0 penser de mani\u00e8re holistique et strat\u00e9gique en contribuant \u00e0 notre vision.&nbsp;&nbsp;<\/p>\n<\/div>\n\n<div class=\"wp-block block-core-paragraph\">\n<p class=\"wp-block-paragraph\">Nous pr\u00e9senterons un cadre de planification, de suivi, d&rsquo;\u00e9valuation et d&rsquo;apprentissage (PMEL) qui cherche \u00e0 r\u00e9pondre \u00e0 ces quatre questions essentielles \u00e0 la planification du minist\u00e8re :&nbsp;<\/p>\n<\/div>\n\n<div class=\"wp-block block-core-list\">\n<ul class=\"wp-block-list\"><div class=\"wp-block block-core-list-item\">\n<li>Quelle est la vision que votre mouvement veut apporter ?&nbsp;<\/li>\n<\/div>\n\n<div class=\"wp-block block-core-list-item\">\n<li>Avec qui travaillez-vous directement et avec qui anticipez-vous des possibilit\u00e9s d&rsquo;influence ?&nbsp;<\/li>\n<\/div>\n\n<div class=\"wp-block block-core-list-item\">\n<li>Quels sont les changements que vous aimeriez voir ?&nbsp;<\/li>\n<\/div><\/ul>\n<\/div>\n\n<div class=\"wp-block block-core-list\">\n<ul class=\"wp-block-list\"><div class=\"wp-block block-core-list-item\">\n<li>Comment votre mouvement contribuera-t-il au processus de changement ?&nbsp;<\/li>\n<\/div><\/ul>\n<\/div>\n\n<div class=\"wp-block block-core-paragraph\">\n<p class=\"wp-block-paragraph\">Le cadre int\u00e8gre \u00e9galement le suivi et l&rsquo;\u00e9valuation qui nous permettent d&rsquo;\u00e9valuer (1) les changements de comportement des personnes avec lesquelles nous travaillons directement, (2) nos strat\u00e9gies et (3) les pratiques organisationnelles. Une meilleure planification, un meilleur suivi et une meilleure \u00e9valuation du minist\u00e8re nous aident \u00e0 \u00eatre de meilleurs intendants des ressources de Dieu et nous permettent de voir la n\u00e9cessit\u00e9 d&rsquo;un changement et d&rsquo;une croissance dans notre minist\u00e8re pour sa gloire.&nbsp;<\/p>\n<\/div>\n\n<div class=\"wp-block block-core-heading\">\n<h4 class=\"wp-block-heading has-accent-light-color has-text-color\">SEN16: Le minist\u00e8re dans les coll\u00e8ges et les lyc\u00e9es &nbsp;<\/h4>\n<\/div>\n\n<div class=\"wp-block block-core-paragraph\">\n<p class=\"wp-block-paragraph\">Le minist\u00e8re des lyc\u00e9es est depuis longtemps une dimension importante du travail dans de nombreux mouvements nationaux de l&rsquo;IFES et, dans certains cas, elle repr\u00e9sente la partie la plus importante et la plus significative de ce que fait le mouvement. Ce s\u00e9minaire examinera diff\u00e9rents mod\u00e8les de minist\u00e8re dans les \u00e9tablissements d\u2019enseignement secondaire, y compris la \u00ab\u00a0fraternit\u00e9 chr\u00e9tienne inter-\u00e9coles\u00a0\u00bb, l\u2019organisation de camps, le partenariat avec les \u00e9glises et les relations avec d\u2019autres organisations de jeunes.&nbsp;<\/p>\n<\/div>\n\n<div class=\"wp-block block-core-paragraph\">\n<p class=\"wp-block-paragraph\">Nous partagerons des ressources et explorerons les moyens de d\u00e9velopper les r\u00e9seaux de coll\u00e8ges et lyc\u00e9es au sein de l&rsquo;IFES.&nbsp;<\/p>\n<\/div>\n\n<div class=\"wp-block block-core-heading\">\n<h4 class=\"wp-block-heading has-accent-light-color has-text-color\">SEN17: Les fondements bibliques de la mobilisation de ressources pour le minist\u00e8re &nbsp;<\/h4>\n<\/div>\n\n<div class=\"wp-block block-core-paragraph\">\n<p class=\"wp-block-paragraph\">Dieu dit : \u00ab\u00a0Que la lumi\u00e8re soit !\u00a0\u00bb et la lumi\u00e8re fut (Gen\u00e8se 1 :3). Tout a \u00e9t\u00e9 cr\u00e9\u00e9 par Dieu \u00e0 travers Sa Parole, y compris les ressources n\u00e9cessaires au minist\u00e8re. Le partenariat avec Dieu dans la recherche de ressources pour le minist\u00e8re peut donc \u00eatre consid\u00e9r\u00e9 comme un grand privil\u00e8ge. Pourtant, nombreux sont ceux qui sont d\u00e9stabilis\u00e9s dans leur qu\u00eate pour mettre de l&rsquo;ordre dans les choses et r\u00e9unir le soutien n\u00e9cessaire \u00e0 leur travail dans le champ de Dieu. D&rsquo;autres ne savent pas si Dieu a besoin qu&rsquo;ils participent \u00e0 ce processus ou quelle doit \u00eatre la nature de leur participation. Pourquoi quelqu&rsquo;un devrait-il jouer un r\u00f4le alors que Dieu est en mesure de financer son \u0153uvre sans aucune intervention humaine ? Quel est le r\u00f4le du peuple de Dieu dans le d\u00e9veloppement des ressources pour l&rsquo;\u0153uvre de Dieu ? Qui peut \u00eatre impliqu\u00e9 dans la mobilisation de ressources ou le d\u00e9veloppement du soutien ? Quelle est l&rsquo;importance de l&rsquo;appel et de l&rsquo;ob\u00e9issance dans les questions relatives au d\u00e9veloppement du soutien au minist\u00e8re ? Existe-t-il un mod\u00e8le biblique de mobilisation de ressources dans l&rsquo;Ancien et le Nouveau Testament ? Obtenez des r\u00e9ponses \u00e0 ces questions et \u00e0 d&rsquo;autres lors de ce s\u00e9minaire sur les <em>fondements bibliques de la mobilisation de ressources pour le minist\u00e8re<\/em>.&nbsp;<\/p>\n<\/div><\/div><\/div>\n<\/div><\/div>\n<\/div><\/div>\n\n<div class=\"wp-block block-core-group\">\n<div id=\"excursions\" class=\"wp-block-group\"><div class=\"wp-block-group__inner-container is-layout-flow wp-block-group-is-layout-flow\"><div class=\"wp-block block-pb-accordion-item\">\n<div class=\"wp-block-pb-accordion-item c-accordion__item js-accordion-item no-js\" data-initially-open=\"false\" data-click-to-close=\"true\" data-auto-close=\"true\" data-scroll=\"false\" data-scroll-offset=\"0\"><h2 id=\"at-272944\" class=\"c-accordion__title js-accordion-controller\" role=\"button\">Excursions :<\/h2><div id=\"ac-272944\" class=\"c-accordion__content\"><div class=\"wp-block block-core-paragraph\">\n<p class=\"wp-block-paragraph\"><\/p>\n<\/div>\n\n<div class=\"wp-block block-core-table is-style-stripes\">\n<figure class=\"wp-block-table is-style-stripes\"><table><thead><tr><th><strong><strong><strong>Agent de voyage\u202f:&nbsp;<\/strong>&nbsp; &nbsp;<br><strong>Dwidaya<\/strong><\/strong><\/strong><\/th><th><strong><strong><strong>Description<\/strong><\/strong><\/strong><\/th><th><strong><strong><strong>Prix en $US<\/strong>&nbsp;<\/strong><\/strong><\/th><\/tr><\/thead><tbody><tr><td><strong>E01 :<\/strong>&nbsp;<strong>Parc miniature de la belle Indon\u00e9sie (Taman Mini Indonesia Indah)<\/strong><\/td><td>Taman Mini Indonesia Indah, ou Parc miniature de la belle Indon\u00e9sie, a \u00e9t\u00e9 inaugur\u00e9 en 1975 et offre un aper\u00e7u large de l&rsquo;archipel diversifi\u00e9 et vaste de l&rsquo;Indon\u00e9sie. Au parc, vous pourrez \u00ab\u00a0visiter\u00a0\u00bb et explorer toutes les provinces de l&rsquo;Indon\u00e9sie \u00e0 travers leurs architectures et cultures r\u00e9gionales.&nbsp;&nbsp;<br>&nbsp;<br>Ensuite, faites un voyage au Mus\u00e9e d&rsquo;Indon\u00e9sie \u2013 un riche exemple de l&rsquo;architecture balinaise, qui pr\u00e9sente des costumes traditionnels, l&rsquo;art contemporain et l&rsquo;artisanat issus de diverses r\u00e9gions.&nbsp;&nbsp;<br>&nbsp;<br>Enfin, profitez d&rsquo;un court m\u00e9trage intitul\u00e9 \u00ab\u00a0Beautiful Indonesia\u00a0\u00bb (belle Indon\u00e9sie) au Teater IMAX Keong Emas (Le th\u00e9\u00e2tre Golden Snail IMAX), pr\u00e9sent\u00e9 sur un \u00e9cran gigantesque qui utilise le dernier syst\u00e8me IMAX. &nbsp;<br>&nbsp;&nbsp; &nbsp;<br>&nbsp;<strong>Activit\u00e9s\u202f:<\/strong>&nbsp;&nbsp; &nbsp;<br>Explorer TMII, visiter le mus\u00e9e d&rsquo;Indon\u00e9sie et d\u00e9couvrir le Teater IMAX Keong Emas&nbsp;<\/td><td>60 $<\/td><\/tr><tr><td><strong>E02 :<\/strong>&nbsp;<strong>\u00cele Putri<\/strong><\/td><td>Visitez l&rsquo;\u00eele de Putri, qui fait partie de Kepulauan Seribu (Milles \u00celes), avec sa belle plage de sable blanc et ses eaux d&rsquo;un bleu profond\u00e9ment contrast\u00e9.&nbsp;<br>&nbsp;<br>Profitez de certaines activit\u00e9s propos\u00e9es, notamment l&rsquo;exploration d&rsquo;un aquarium sous-marin, la conduite d&rsquo;un bateau \u00e0 fond de verre, la baignade dans la piscine et la promenade sur la plage.&nbsp; &nbsp;<br>&nbsp;<br>Itin\u00e9raire\u202f:&nbsp;&nbsp;<br>Excursion en vedette d&rsquo;une heure et demie \u00e0 deux heures depuis Marina Ancol. &nbsp;<br>&nbsp;&nbsp; &nbsp;<br>&nbsp;<strong>Activit\u00e9s\u202f:<\/strong>&nbsp;&nbsp; &nbsp;<br>Explorez la plage, l&rsquo;aquarium sous-marin, montez \u00e0 bord d&rsquo;un bateau \u00e0 fond de verre et nagez dans la piscine.&nbsp;&nbsp;<\/td><td>130 $<\/td><\/tr><tr><td><strong>E03 :<\/strong>&nbsp;<strong>\u00cele Pelangi<\/strong><\/td><td>Visitez l&rsquo;\u00eele de Pelangi, une autre \u00e0 Kepulauan Seribu (Milles \u00celes), connue pour sa beaut\u00e9 naturelle, ses plages de sable blanc et sa mer bleue claire. Cette petite \u00eele priv\u00e9e regorge de paysages \u00e0 couper le souffle, de flore luxuriante et d&rsquo;activit\u00e9s ludiques. Profitez de sa beaut\u00e9 sous-marine en faisant de la plong\u00e9e avec un masque et un tuba ou passez une journ\u00e9e de d\u00e9tente en explorant la plage et peut-\u00eatre en faisant de la p\u00eache. &nbsp;<br>&nbsp;&nbsp; &nbsp;<br>Itin\u00e9raire :&nbsp;<br>Excursion en vedette d&rsquo;une heure et demie depuis Marina Ancol.&nbsp;<br>&nbsp;<br><strong>Activit\u00e9s\u202f:&nbsp;<\/strong>&nbsp; &nbsp;<br>Exploration de la plage, plong\u00e9e avec un masque et un tuba et p\u00eache.&nbsp;&nbsp;&nbsp;<\/td><td>120 $&nbsp;<\/td><\/tr><tr><td><strong>E04: <\/strong>&nbsp;<strong>Tour de la ville et de la Maison du c\u00e9ramique par F. Widayanto<\/strong><br><br><strong><strong>Max : 100<\/strong> personnes<\/strong><\/td><td>Une vari\u00e9t\u00e9 d&rsquo;activit\u00e9s et d&rsquo;attractions en une demi-journ\u00e9e dans la capitale indon\u00e9sienne de Jakarta.<br><br>Visitez l&rsquo;une des maisons en c\u00e9ramique les plus prestigieuses d&rsquo;Indon\u00e9sie, \u00e9tablie par le c\u00e9ramiste indon\u00e9sien le plus en vue, F. Widayanto.&nbsp;&nbsp;<br>&nbsp;<br>La Maison en c\u00e9ramique pr\u00e9sente les c\u00e9ramiques faites \u00e0 la main de Widayanto et propose des activit\u00e9s int\u00e9ressantes, telles que l&rsquo;artisanat en c\u00e9ramique,<strong> <\/strong>que vous pouvez essayer. &nbsp;<br>&nbsp; &nbsp;<br><strong>Activit\u00e9s :<\/strong>&nbsp;<br>D\u00e9couverte de la Maison en c\u00e9ramique et de la fabrication artisanale<\/td><td>50 $<\/td><\/tr><tr><td><strong>E05 :<\/strong>&nbsp;<a>&nbsp;<\/a><strong>Tour de ville et Acaraki (Vieille Ville &#8211; Jakarta &amp; Monument National)<\/strong><br>&nbsp;&nbsp;<strong>&nbsp;<\/strong>&nbsp; &nbsp;<br><strong>Max\u202f: 160 personnes<\/strong>&nbsp;<\/td><td>Activit\u00e9s et attractions diverses en l&rsquo;espace d&rsquo;une demi-journ\u00e9e dans la capitale indon\u00e9sienne de Jakarta. Voyagez de la vieille ville au centre-ville, visitez des sites historiques, des mus\u00e9es et un monument qui pr\u00e9sentera l&rsquo;histoire et les cultures de Jakarta.&nbsp; &nbsp;<br>&nbsp;<br><strong>Activit\u00e9s\u202f:<\/strong>&nbsp;&nbsp; &nbsp;<br>D\u00e9couverte de la vieille ville\u202f: Le Mus\u00e9e d&rsquo;histoire de Jakarta et Acaraki, l&rsquo;art du Jamu\u202f;&nbsp; &nbsp;<br>D\u00e9couverte du centre de Jakarta\u202f: le Mus\u00e9e national et le monument national&nbsp;<\/td><td>21 $<\/td><\/tr><tr><td><strong>E13<\/strong> : <strong>Tour de la ville et shopping (vieille ville de Jakarta et monument national)<\/strong><br><br><strong>Max : 60 personnes<\/strong><\/td><td>Une vari\u00e9t\u00e9 d&rsquo;activit\u00e9s et d&rsquo;attractions en une demi-journ\u00e9e dans la capitale indon\u00e9sienne de Jakarta. Voyagez de la vieille ville au centre-ville, en visitant des sites historiques, des mus\u00e9es et un monument qui vous fera d\u00e9couvrir l&rsquo;histoire et les cultures de Jakarta.<br><br><strong>Activit\u00e9s :<\/strong><br>Exploration de la vieille ville : Le mus\u00e9e historique de Jakarta et le shopping.<br>Explorer le centre de Jakarta : le mus\u00e9e national et le monument national.<\/td><td>21 $<\/td><\/tr><tr><td><strong>E06 :<\/strong>&nbsp;<strong>Monde imaginaire (Dunia Fantasi (Dufan),&nbsp;<\/strong>&nbsp;<br><strong>Ancol)<\/strong>&nbsp;<\/td><td>En tant que plus grand centre de divertissement en plein air et centre ludo-\u00e9ducatif physique d&rsquo;Indon\u00e9sie, Dufan invite les visiteurs \u00e0 profiter de man\u00e8ges \u00e0 th\u00e8me, de montagnes russes et d&rsquo;attractions dans neuf espaces diff\u00e9rents.&nbsp;&nbsp;<br>&nbsp;<br>Ce qui est inclus dans les tours \u202f: Trains Myst\u00e8res, H\u00e9lices, Parapente, Turbo Drop, Th\u00e9i\u00e8res et Maisons Pench\u00e9es. &nbsp;<br>&nbsp;&nbsp; &nbsp;<br>Si vous cherchez quelque chose de plus lent, essayez la grande roue, l&rsquo;aventure glaciaire dans l&rsquo;Arctique ou le rafting.<\/td><td>20 $<\/td><\/tr><tr><td><strong>E07 :<\/strong>&nbsp;<strong>Sea World (monde marin), Ancol<\/strong><\/td><td>Comme son nom l&rsquo;indique, ce site touristique pr\u00e9sente une diversit\u00e9 de vie marine, avec au moins 7.300 types de biotes d&rsquo;eau douce, provenant de plus de 48 esp\u00e8ces de poissons, de reptiles et d&rsquo;autres esp\u00e8ces marines. Sea World, Ancol propose 28 expositions comprenant neuf aquariums d&rsquo;eau douce, 19 autres aquariums et quatre \u00e9tangs ouverts. Il y a aussi un mus\u00e9e qui pr\u00e9sente une collection d&rsquo;anciens mammif\u00e8res marins. &nbsp;<br>&nbsp;&nbsp; &nbsp;<br>Profitez des diff\u00e9rents aquariums, y compris un aquarium de requins, un aquarium interactif, une sph\u00e8re de m\u00e9duses et une piscine tactile.<\/td><td>16 $<\/td><\/tr><tr><td><strong>E08 :<\/strong>&nbsp;<strong>Ocean Dream Samudra,&nbsp;Ancol<\/strong><\/td><td>Il s&rsquo;agit d&rsquo;un parc \u00e0 th\u00e8me ludo-\u00e9ducatif mettant l&rsquo;accent sur la conservation de la nature. En tant que plus grande unit\u00e9 d&rsquo;oc\u00e9anarium, Ocean Dream pr\u00e9sente des spectacles de dauphins, des otaries, des aquariums de poissons d&rsquo;eau douce et d\u2019eau de mer, des d\u00e9monstrations d&rsquo;animaux et un parc d&rsquo;oiseaux abritant une rare diversit\u00e9 d&rsquo;esp\u00e8ces.&nbsp;<br>&nbsp;<br>Ocean Dream, Ancol est \u00e9galement un centre d&rsquo;\u00e9tudes sur la conservation des dauphins. &nbsp;<br>&nbsp;&nbsp; &nbsp;<br>En plus des expositions d&rsquo;animaux, les visiteurs peuvent profiter de man\u00e8ges passionnants.<\/td><td>7 $&nbsp;<\/td><\/tr><tr><td><strong>E09 :<\/strong>&nbsp;<strong>Atlantis,<\/strong><br><strong>Ancol<\/strong><\/td><td>Atlantis Water est l&rsquo;un des parcs aquatiques les plus populaires, invitant les visiteurs \u00e0 une aventure passionnante et inoubliable.&nbsp;&nbsp;<br>&nbsp;<br>Les tours \u00e0 ne pas manquer comprennent\u202f: Asthatirta, Skybox, Crazy Slide, Dragon Race, Dragon Slide, Poseidon Wave, Antila River, Apollo Pool, Rainbow Splash Pool et Elephant Pool.<\/td><td>7 $<\/td><\/tr><tr><td><strong>E10 :<\/strong>&nbsp;<strong>Jakarta Bird Land, Ancol<\/strong><\/td><td>Jakarta Bird Land est un terrain de jeu ainsi qu&rsquo;une zone de conservation, abritant des esp\u00e8ces d&rsquo;oiseaux indon\u00e9siennes et \u00e9trang\u00e8res. Les visiteurs peuvent en apprendre davantage sur divers oiseaux, interagir avec eux et en faire l&rsquo;exp\u00e9rience gr\u00e2ce \u00e0 des visites \u00e9ducatives, des spectacles et des rencontres pratiques.&nbsp;<br>&nbsp;<br>Jakarta Bird Land offre une vari\u00e9t\u00e9 d&rsquo;interactions, allant de l&rsquo;alimentation des oiseaux et du contact direct, aux spectacles et aux expositions de loisirs \u00e9ducatifs.&nbsp;<br>&nbsp;<br>En plus d&rsquo;\u00eatre un parc touristique \u00e9ducatif, Jakarta Bird Land est \u00e9galement un lieu de conservation, sauvant les esp\u00e8ces d&rsquo;oiseaux en voie de disparition gr\u00e2ce au centre de s\u00e9lection et de recherche, qui se concentre sur le soin des esp\u00e8ces d&rsquo;oiseaux en Indon\u00e9sie et \u00e0 l&rsquo;\u00e9tranger.<\/td><td>6 $&nbsp;<\/td><\/tr><tr><td><strong>E11 :<\/strong>&nbsp;<strong>Gondole,<\/strong><br><strong>Ancol<\/strong><\/td><td>Gondola Ancol est la premi\u00e8re installation de loisirs en t\u00e9l\u00e9ph\u00e9rique en Indon\u00e9sie qui utilise l&rsquo;informatisation de haute technologie avec les syst\u00e8mes de contr\u00f4le et de s\u00e9curit\u00e9 les plus avanc\u00e9s.&nbsp;&nbsp;<br>&nbsp;<br>La t\u00e9l\u00e9cabine offrira une exp\u00e9rience inoubliable en profitant de la beaut\u00e9 de la baie de Jakarta d&rsquo;une hauteur de plus de 20 m\u00e8tres.&nbsp;&nbsp;<br>&nbsp;<br>La t\u00e9l\u00e9cabine Ancol dispose de 37 cabines spacieuses pouvant accueillir six personnes chacune, promettant un trajet confortable et exaltant de 20 minutes \u00e0 travers la r\u00e9gion d&rsquo;Ancol.<\/td><td>5 $<\/td><\/tr><tr><td><strong>E12 : Je pr\u00e9f\u00e8re rester \u00e0 l\u2019h\u00f4tel<\/strong><\/td><td>Profitez des installations de l&rsquo;h\u00f4tel et des offres gratuites autour d&rsquo;Ancol, notamment la piscine et la salle de sport, ainsi que la plage d&rsquo;Ancol.<\/td><td><\/td><\/tr><\/tbody><\/table><\/figure>\n<\/div><\/div><\/div>\n<\/div><\/div>\n<\/div><\/div>\n\n<div class=\"wp-block block-core-paragraph\">\n<p class=\"wp-block-paragraph\"><a href=\"https:\/\/events.ifesworld.org\/login\">Acc\u00e9dez \u00e0 votre page d\u2019inscription et cliquez sur \u00ab\u00a0inscriptions\u00a0\u00bb.<\/a> Une fois que vous aurez cliqu\u00e9 sur \u00ab\u00a0soumettre\u00a0\u00bb, vos inscriptions seront verrouill\u00e9es et vous ne pourrez plus les modifier. Veuillez vous en assurer avant de cliquer. Les inscriptions <strong>sont ouvertes jusqu\u2019au 30 juin<\/strong> et se font selon le principe du premier arriv\u00e9, premier servi. Faites votre choix d\u00e8s maintenant pour \u00e9viter toute d\u00e9ception.<\/p>\n<\/div>\n\n<div class=\"wp-block block-acf-spacer\">\n<div id=\"spacer-block_50c823bc0292049c4df3277aae86f762\" class=\"\">\n    <div aria-hidden=\"true\" class=\"wp-block-spacer spacer--xl\"><\/div>\n<\/div>\n<\/div>","protected":false},"excerpt":{"rendered":"<p>Acc\u00e9dez \u00e0 votre page d\u2019inscription et cliquez sur \u00ab\u00a0inscriptions\u00a0\u00bb. Une fois que vous aurez cliqu\u00e9 sur \u00ab\u00a0soumettre\u00a0\u00bb, vos inscriptions seront verrouill\u00e9es et vous ne pourrez plus les modifier. Veuillez vous en assurer avant de cliquer. Les inscriptions sont ouvertes jusqu\u2019au 30 juin et se font selon le principe du premier arriv\u00e9, premier servi. Faites votre&#8230;<\/p>\n","protected":false},"author":2,"featured_media":0,"parent":0,"menu_order":0,"comment_status":"closed","ping_status":"closed","template":"","meta":{"_acf_changed":false,"_crdt_document":"","inline_featured_image":false,"footnotes":""},"area":[],"theme":[],"class_list":["post-27294","page","type-page","status-publish","hentry"],"acf":[],"yoast_head":"<!-- This site is optimized with the Yoast SEO plugin v27.2 - https:\/\/yoast.com\/product\/yoast-seo-wordpress\/ -->\n<title>Inscription &#183; IFES<\/title>\n<meta name=\"description\" content=\"Acc\u00e9dez \u00e0 votre page d\u2019inscription et cliquez sur &quot;inscriptions&quot;. Une fois que vous aurez cliqu\u00e9 sur &quot;soumettre&quot;, vos inscriptions seront verrouill\u00e9es et\" \/>\n<meta name=\"robots\" content=\"index, follow, max-snippet:-1, max-image-preview:large, max-video-preview:-1\" \/>\n<link rel=\"canonical\" href=\"https:\/\/ifesworld.org\/en\/enrolments\/\" \/>\n<meta property=\"og:locale\" content=\"fr_FR\" \/>\n<meta property=\"og:type\" content=\"article\" \/>\n<meta property=\"og:title\" content=\"Inscription &#183; IFES\" \/>\n<meta property=\"og:description\" content=\"Acc\u00e9dez \u00e0 votre page d\u2019inscription et cliquez sur &quot;inscriptions&quot;. Une fois que vous aurez cliqu\u00e9 sur &quot;soumettre&quot;, vos inscriptions seront verrouill\u00e9es et\" \/>\n<meta property=\"og:url\" content=\"https:\/\/ifesworld.org\/en\/enrolments\/\" \/>\n<meta property=\"og:site_name\" content=\"IFES\" \/>\n<meta property=\"article:modified_time\" content=\"2023-06-22T10:57:33+00:00\" \/>\n<meta property=\"og:image\" content=\"https:\/\/ifesworld.org\/wp-content\/uploads\/2019\/06\/ifeslogo.png\" \/>\n\t<meta property=\"og:image:width\" content=\"262\" \/>\n\t<meta property=\"og:image:height\" content=\"262\" \/>\n\t<meta property=\"og:image:type\" content=\"image\/png\" \/>\n<meta name=\"twitter:card\" content=\"summary_large_image\" \/>\n<meta name=\"twitter:label1\" content=\"Dur\u00e9e de lecture estim\u00e9e\" \/>\n\t<meta name=\"twitter:data1\" content=\"21 minutes\" \/>\n<script type=\"application\/ld+json\" class=\"yoast-schema-graph\">{\"@context\":\"https:\/\/schema.org\",\"@graph\":[{\"@type\":\"WebPage\",\"@id\":\"https:\/\/ifesworld.org\/en\/enrolments\/\",\"url\":\"https:\/\/ifesworld.org\/en\/enrolments\/\",\"name\":\"Inscription &#183; IFES\",\"isPartOf\":{\"@id\":\"https:\/\/ifesworld.org\/es\/#website\"},\"datePublished\":\"2023-06-09T13:45:08+00:00\",\"dateModified\":\"2023-06-22T10:57:33+00:00\",\"description\":\"Acc\u00e9dez \u00e0 votre page d\u2019inscription et cliquez sur \\\"inscriptions\\\". Une fois que vous aurez cliqu\u00e9 sur \\\"soumettre\\\", vos inscriptions seront verrouill\u00e9es et\",\"breadcrumb\":{\"@id\":\"https:\/\/ifesworld.org\/en\/enrolments\/#breadcrumb\"},\"inLanguage\":\"fr-FR\",\"potentialAction\":[{\"@type\":\"ReadAction\",\"target\":[\"https:\/\/ifesworld.org\/en\/enrolments\/\"]}]},{\"@type\":\"BreadcrumbList\",\"@id\":\"https:\/\/ifesworld.org\/en\/enrolments\/#breadcrumb\",\"itemListElement\":[{\"@type\":\"ListItem\",\"position\":1,\"name\":\"Home\",\"item\":\"https:\/\/ifesworld.org\/fr\/\"},{\"@type\":\"ListItem\",\"position\":2,\"name\":\"Inscription\"}]},{\"@type\":\"WebSite\",\"@id\":\"https:\/\/ifesworld.org\/es\/#website\",\"url\":\"https:\/\/ifesworld.org\/es\/\",\"name\":\"IFES\",\"description\":\"A movement of students sharing and living out the good news of Jesus Christ. Locally. Nationally. Globally.\",\"publisher\":{\"@id\":\"https:\/\/ifesworld.org\/es\/#organization\"},\"potentialAction\":[{\"@type\":\"SearchAction\",\"target\":{\"@type\":\"EntryPoint\",\"urlTemplate\":\"https:\/\/ifesworld.org\/es\/?s={search_term_string}\"},\"query-input\":{\"@type\":\"PropertyValueSpecification\",\"valueRequired\":true,\"valueName\":\"search_term_string\"}}],\"inLanguage\":\"fr-FR\"},{\"@type\":\"Organization\",\"@id\":\"https:\/\/ifesworld.org\/es\/#organization\",\"name\":\"IFES \u00b7 International Fellowship of Evangelical Students\",\"url\":\"https:\/\/ifesworld.org\/es\/\",\"logo\":{\"@type\":\"ImageObject\",\"inLanguage\":\"fr-FR\",\"@id\":\"https:\/\/ifesworld.org\/es\/#\/schema\/logo\/image\/\",\"url\":\"https:\/\/ifesworld.org\/wp-content\/uploads\/2019\/06\/ifeslogo.png\",\"contentUrl\":\"https:\/\/ifesworld.org\/wp-content\/uploads\/2019\/06\/ifeslogo.png\",\"width\":262,\"height\":262,\"caption\":\"IFES \u00b7 International Fellowship of Evangelical Students\"},\"image\":{\"@id\":\"https:\/\/ifesworld.org\/es\/#\/schema\/logo\/image\/\"}}]}<\/script>\n<!-- \/ Yoast SEO plugin. -->","yoast_head_json":{"title":"Inscription &#183; IFES","description":"Acc\u00e9dez \u00e0 votre page d\u2019inscription et cliquez sur \"inscriptions\". Une fois que vous aurez cliqu\u00e9 sur \"soumettre\", vos inscriptions seront verrouill\u00e9es et","robots":{"index":"index","follow":"follow","max-snippet":"max-snippet:-1","max-image-preview":"max-image-preview:large","max-video-preview":"max-video-preview:-1"},"canonical":"https:\/\/ifesworld.org\/en\/enrolments\/","og_locale":"fr_FR","og_type":"article","og_title":"Inscription &#183; IFES","og_description":"Acc\u00e9dez \u00e0 votre page d\u2019inscription et cliquez sur \"inscriptions\". Une fois que vous aurez cliqu\u00e9 sur \"soumettre\", vos inscriptions seront verrouill\u00e9es et","og_url":"https:\/\/ifesworld.org\/en\/enrolments\/","og_site_name":"IFES","article_modified_time":"2023-06-22T10:57:33+00:00","og_image":[{"width":262,"height":262,"url":"https:\/\/ifesworld.org\/wp-content\/uploads\/2019\/06\/ifeslogo.png","type":"image\/png"}],"twitter_card":"summary_large_image","twitter_misc":{"Dur\u00e9e de lecture estim\u00e9e":"21 minutes"},"schema":{"@context":"https:\/\/schema.org","@graph":[{"@type":"WebPage","@id":"https:\/\/ifesworld.org\/en\/enrolments\/","url":"https:\/\/ifesworld.org\/en\/enrolments\/","name":"Inscription &#183; IFES","isPartOf":{"@id":"https:\/\/ifesworld.org\/es\/#website"},"datePublished":"2023-06-09T13:45:08+00:00","dateModified":"2023-06-22T10:57:33+00:00","description":"Acc\u00e9dez \u00e0 votre page d\u2019inscription et cliquez sur \"inscriptions\". Une fois que vous aurez cliqu\u00e9 sur \"soumettre\", vos inscriptions seront verrouill\u00e9es et","breadcrumb":{"@id":"https:\/\/ifesworld.org\/en\/enrolments\/#breadcrumb"},"inLanguage":"fr-FR","potentialAction":[{"@type":"ReadAction","target":["https:\/\/ifesworld.org\/en\/enrolments\/"]}]},{"@type":"BreadcrumbList","@id":"https:\/\/ifesworld.org\/en\/enrolments\/#breadcrumb","itemListElement":[{"@type":"ListItem","position":1,"name":"Home","item":"https:\/\/ifesworld.org\/fr\/"},{"@type":"ListItem","position":2,"name":"Inscription"}]},{"@type":"WebSite","@id":"https:\/\/ifesworld.org\/es\/#website","url":"https:\/\/ifesworld.org\/es\/","name":"IFES","description":"A movement of students sharing and living out the good news of Jesus Christ. Locally. Nationally. Globally.","publisher":{"@id":"https:\/\/ifesworld.org\/es\/#organization"},"potentialAction":[{"@type":"SearchAction","target":{"@type":"EntryPoint","urlTemplate":"https:\/\/ifesworld.org\/es\/?s={search_term_string}"},"query-input":{"@type":"PropertyValueSpecification","valueRequired":true,"valueName":"search_term_string"}}],"inLanguage":"fr-FR"},{"@type":"Organization","@id":"https:\/\/ifesworld.org\/es\/#organization","name":"IFES \u00b7 International Fellowship of Evangelical Students","url":"https:\/\/ifesworld.org\/es\/","logo":{"@type":"ImageObject","inLanguage":"fr-FR","@id":"https:\/\/ifesworld.org\/es\/#\/schema\/logo\/image\/","url":"https:\/\/ifesworld.org\/wp-content\/uploads\/2019\/06\/ifeslogo.png","contentUrl":"https:\/\/ifesworld.org\/wp-content\/uploads\/2019\/06\/ifeslogo.png","width":262,"height":262,"caption":"IFES \u00b7 International Fellowship of Evangelical Students"},"image":{"@id":"https:\/\/ifesworld.org\/es\/#\/schema\/logo\/image\/"}}]}},"_links":{"self":[{"href":"https:\/\/ifesworld.org\/fr\/wp-json\/wp\/v2\/pages\/27294","targetHints":{"allow":["GET"]}}],"collection":[{"href":"https:\/\/ifesworld.org\/fr\/wp-json\/wp\/v2\/pages"}],"about":[{"href":"https:\/\/ifesworld.org\/fr\/wp-json\/wp\/v2\/types\/page"}],"author":[{"embeddable":true,"href":"https:\/\/ifesworld.org\/fr\/wp-json\/wp\/v2\/users\/2"}],"replies":[{"embeddable":true,"href":"https:\/\/ifesworld.org\/fr\/wp-json\/wp\/v2\/comments?post=27294"}],"version-history":[{"count":0,"href":"https:\/\/ifesworld.org\/fr\/wp-json\/wp\/v2\/pages\/27294\/revisions"}],"wp:attachment":[{"href":"https:\/\/ifesworld.org\/fr\/wp-json\/wp\/v2\/media?parent=27294"}],"wp:term":[{"taxonomy":"area","embeddable":true,"href":"https:\/\/ifesworld.org\/fr\/wp-json\/wp\/v2\/area?post=27294"},{"taxonomy":"theme","embeddable":true,"href":"https:\/\/ifesworld.org\/fr\/wp-json\/wp\/v2\/theme?post=27294"}],"curies":[{"name":"wp","href":"https:\/\/api.w.org\/{rel}","templated":true}]}}