{"id":261,"date":"2019-04-17T07:53:59","date_gmt":"2019-04-17T07:53:59","guid":{"rendered":"https:\/\/ifesworld.org\/nuestra-vision-global\/"},"modified":"2024-01-24T11:48:38","modified_gmt":"2024-01-24T11:48:38","slug":"notre-vision-mondiale","status":"publish","type":"page","link":"https:\/\/ifesworld.org\/fr\/notre-vision-mondiale\/","title":{"rendered":"Notre vision mondiale"},"content":{"rendered":"<div class=\"wp-block block-acf-spacer\">\n<div id=\"spacer-block_fa6c0f5bfcefe6d9a31e44ec29ea617f\" class=\"\">\n    <div aria-hidden=\"true\" class=\"wp-block-spacer spacer--md\"><\/div>\n<\/div>\n<\/div>\n\n<div class=\"wp-block block-core-paragraph\">\n<p class=\"has-md-font-size wp-block-paragraph\">Notre vision est de voir des \u00e9tudiants qui croissent ensemble en tant que communaut\u00e9s de disciples, transform\u00e9s par l\u2019\u00c9vangile et ayant un impact au sein de l\u2019universit\u00e9, l\u2019\u00c9glise et la soci\u00e9t\u00e9 pour la gloire du Christ.<\/p>\n<\/div>\n\n<div class=\"wp-block block-core-paragraph\">\n<p class=\"wp-block-paragraph\">L\u2019IFES forme des vies et d\u00e9veloppe des leaders \u00e9tudiants autour du globe. Nous soutenons des mouvements dirig\u00e9s localement par des \u00e9tudiants dans plus de 180 pays diff\u00e9rents. Nous sommes engag\u00e9s \u00e0 voir un t\u00e9moignage parmi les \u00e9tudiants \u00e9tabli dans chaque universit\u00e9 du monde.<\/p>\n<\/div>\n\n<div class=\"wp-block block-core-heading\">\n<h2 class=\"wp-block-heading\"><strong>Notre travail<\/strong><\/h2>\n<\/div>\n\n<div class=\"wp-block block-core-paragraph\">\n<p class=\"wp-block-paragraph\">La majorit\u00e9 de nos programmes visent \u00e0 soutenir le minist\u00e8re parmi les \u00e9tudiants dans les domaines suivants&nbsp;:<\/p>\n<\/div>\n\n<div class=\"wp-block block-core-list\">\n<ul class=\"wp-block-list\"><div class=\"wp-block block-core-list-item\">\n<li><a href=\"https:\/\/ifesworld.org\/pioneer\/\">\u00c9tablir un t\u00e9moignage parmi les \u00e9tudiants <\/a><\/li>\n<\/div>\n\n<div class=\"wp-block block-core-list-item\">\n<li><a href=\"https:\/\/ifesworld.org\/evangelism\/\">Inspirer l&rsquo;\u00e9vang\u00e9lisation \u00e0 l&rsquo;universit\u00e9<\/a><\/li>\n<\/div>\n\n<div class=\"wp-block block-core-list-item\">\n<li><a href=\"https:\/\/ifesworld.org\/university\/\">Interagir avec l&rsquo;Universit\u00e9<\/a><\/li>\n<\/div>\n\n<div class=\"wp-block block-core-list-item\">\n<li><a href=\"https:\/\/ifesworld.org\/leadership\/\">Former les leaders de demain<\/a><\/li>\n<\/div>\n\n<div class=\"wp-block block-core-list-item\">\n<li><a href=\"https:\/\/ifesworld.org\/strengthen\/\">Renforcer les mouvements \u00e9tudiants nationaux<\/a><\/li>\n<\/div><\/ul>\n<\/div>\n\n<div class=\"wp-block block-acf-ifesbutton\">\n<div class=\"\">\n    <a id=\"btn-block_1fb2f5c3496e2c4d8b469c47791a7efb\" target=\"\" href=\"https:\/\/ifesworld.org\/fr\/notre-travail\/\" class=\"btn btn--primary\">\n        <span>\n        En savoir plus sur notre travail        <\/span>\n    <\/a>\n<\/div>\n\n<\/div>\n\n<div class=\"wp-block block-core-heading\">\n<h2 class=\"wp-block-heading\"><strong>Notre histoire<\/strong><\/h2>\n<\/div>\n\n<div class=\"wp-block block-core-paragraph\">\n<p class=\"wp-block-paragraph\">En 1947, des mouvements d\u2019\u00e9tudiants chr\u00e9tiens de 10 pays d\u2019Asie de l&rsquo;Est, d\u2019Europe, d\u2019Am\u00e9rique du Nord et du Pacifique Sud se sont rejoints pour former l\u2019IFES. Ils se sont engag\u00e9s \u00e0 travailler ensemble pour former un mouvement d&rsquo;\u00e9tudiants qui partagent et incarnent la bonne nouvelle de J\u00e9sus-Christ dans chaque pays du monde. Aujourd\u2019hui, dans plus de 180 pays, cette m\u00eame vision demeure.<\/p>\n<\/div>\n\n<div class=\"wp-block block-core-embed wp-embed-aspect-16-9 wp-has-aspect-ratio\">\n<figure class=\"wp-block-embed is-type-video is-provider-youtube wp-block-embed-youtube wp-embed-aspect-16-9 wp-has-aspect-ratio\"><div class=\"wp-block-embed__wrapper\">\n<iframe loading=\"lazy\" title=\"IFES Ensemble : L\u2019\u00e9vangile pour l\u2019universit\u00e9\" width=\"740\" height=\"416\" src=\"https:\/\/www.youtube.com\/embed\/VJe_ohxmvV0?feature=oembed&#038;cc_load_policy=1\" frameborder=\"0\" allow=\"accelerometer; autoplay; clipboard-write; encrypted-media; gyroscope; picture-in-picture; web-share\" allowfullscreen><\/iframe>\n<\/div><\/figure>\n<\/div>\n\n<div class=\"wp-block block-acf-ifesbutton\">\n<div class=\"\">\n    <a id=\"btn-block_8a00b9b0d380c46e459b03d231007feb\" target=\"\" href=\"https:\/\/ifesworld.org\/fr\/ensemble\/\" class=\"btn btn--primary\">\n        <span>\n        En savoir plus sur l\u2019histoire de l\u2019IFES        <\/span>\n    <\/a>\n<\/div>\n\n<\/div>\n\n<div class=\"wp-block block-acf-spacer\">\n<div id=\"spacer-block_fa6c0f5bfcefe6d9a31e44ec29ea617f\" class=\"\">\n    <div aria-hidden=\"true\" class=\"wp-block-spacer spacer--md\"><\/div>\n<\/div>\n<\/div>","protected":false},"excerpt":{"rendered":"<p>Notre vision est de voir des \u00e9tudiants qui croissent ensemble en tant que communaut\u00e9s de disciples, transform\u00e9s par l\u2019\u00c9vangile et ayant un impact au sein de l\u2019universit\u00e9, l\u2019\u00c9glise et la soci\u00e9t\u00e9 pour la gloire du Christ. L\u2019IFES forme des vies et d\u00e9veloppe des leaders \u00e9tudiants autour du globe. Nous soutenons des mouvements dirig\u00e9s localement par&#8230;<\/p>\n","protected":false},"author":2,"featured_media":33337,"parent":0,"menu_order":0,"comment_status":"closed","ping_status":"closed","template":"","meta":{"_acf_changed":false,"_crdt_document":"","inline_featured_image":false,"footnotes":""},"area":[],"theme":[],"class_list":["post-261","page","type-page","status-publish","has-post-thumbnail","hentry"],"acf":[],"yoast_head":"<!-- This site is optimized with the Yoast SEO plugin v27.2 - https:\/\/yoast.com\/product\/yoast-seo-wordpress\/ -->\n<title>Notre vision mondiale &#183; IFES<\/title>\n<meta name=\"description\" content=\"Notre vision est de voir des \u00e9tudiants qui croissent ensemble en tant que communaut\u00e9s de disciples, transform\u00e9s par l\u2019\u00c9vangile et ayant un impact au sein\" \/>\n<meta name=\"robots\" content=\"index, follow, max-snippet:-1, max-image-preview:large, max-video-preview:-1\" \/>\n<link rel=\"canonical\" href=\"https:\/\/ifesworld.org\/fr\/notre-vision-mondiale\/\" \/>\n<meta property=\"og:locale\" content=\"fr_FR\" \/>\n<meta property=\"og:type\" content=\"article\" \/>\n<meta property=\"og:title\" content=\"Notre vision mondiale &#183; IFES\" \/>\n<meta property=\"og:description\" content=\"Notre vision est de voir des \u00e9tudiants qui croissent ensemble en tant que communaut\u00e9s de disciples, transform\u00e9s par l\u2019\u00c9vangile et ayant un impact au sein\" \/>\n<meta property=\"og:url\" content=\"https:\/\/ifesworld.org\/fr\/notre-vision-mondiale\/\" \/>\n<meta property=\"og:site_name\" content=\"IFES\" \/>\n<meta property=\"article:modified_time\" content=\"2024-01-24T11:48:38+00:00\" \/>\n<meta property=\"og:image\" content=\"https:\/\/ifesworld.org\/wp-content\/uploads\/2024\/01\/WDE09002-2.jpg\" \/>\n\t<meta property=\"og:image:width\" content=\"2048\" \/>\n\t<meta property=\"og:image:height\" content=\"1365\" \/>\n\t<meta property=\"og:image:type\" content=\"image\/jpeg\" \/>\n<meta name=\"twitter:card\" content=\"summary_large_image\" \/>\n<meta name=\"twitter:label1\" content=\"Dur\u00e9e de lecture estim\u00e9e\" \/>\n\t<meta name=\"twitter:data1\" content=\"1 minute\" \/>\n<script type=\"application\/ld+json\" class=\"yoast-schema-graph\">{\"@context\":\"https:\/\/schema.org\",\"@graph\":[{\"@type\":\"WebPage\",\"@id\":\"https:\/\/ifesworld.org\/fr\/notre-vision-mondiale\/\",\"url\":\"https:\/\/ifesworld.org\/fr\/notre-vision-mondiale\/\",\"name\":\"Notre vision mondiale &#183; IFES\",\"isPartOf\":{\"@id\":\"https:\/\/ifesworld.org\/es\/#website\"},\"primaryImageOfPage\":{\"@id\":\"https:\/\/ifesworld.org\/fr\/notre-vision-mondiale\/#primaryimage\"},\"image\":{\"@id\":\"https:\/\/ifesworld.org\/fr\/notre-vision-mondiale\/#primaryimage\"},\"thumbnailUrl\":\"https:\/\/ifesworld.org\/wp-content\/uploads\/2024\/01\/WDE09002-2.jpg\",\"datePublished\":\"2019-04-17T07:53:59+00:00\",\"dateModified\":\"2024-01-24T11:48:38+00:00\",\"description\":\"Notre vision est de voir des \u00e9tudiants qui croissent ensemble en tant que communaut\u00e9s de disciples, transform\u00e9s par l\u2019\u00c9vangile et ayant un impact au sein\",\"breadcrumb\":{\"@id\":\"https:\/\/ifesworld.org\/fr\/notre-vision-mondiale\/#breadcrumb\"},\"inLanguage\":\"fr-FR\",\"potentialAction\":[{\"@type\":\"ReadAction\",\"target\":[\"https:\/\/ifesworld.org\/fr\/notre-vision-mondiale\/\"]}]},{\"@type\":\"ImageObject\",\"inLanguage\":\"fr-FR\",\"@id\":\"https:\/\/ifesworld.org\/fr\/notre-vision-mondiale\/#primaryimage\",\"url\":\"https:\/\/ifesworld.org\/wp-content\/uploads\/2024\/01\/WDE09002-2.jpg\",\"contentUrl\":\"https:\/\/ifesworld.org\/wp-content\/uploads\/2024\/01\/WDE09002-2.jpg\",\"width\":2048,\"height\":1365},{\"@type\":\"BreadcrumbList\",\"@id\":\"https:\/\/ifesworld.org\/fr\/notre-vision-mondiale\/#breadcrumb\",\"itemListElement\":[{\"@type\":\"ListItem\",\"position\":1,\"name\":\"Home\",\"item\":\"https:\/\/ifesworld.org\/fr\/\"},{\"@type\":\"ListItem\",\"position\":2,\"name\":\"Notre vision mondiale\"}]},{\"@type\":\"WebSite\",\"@id\":\"https:\/\/ifesworld.org\/es\/#website\",\"url\":\"https:\/\/ifesworld.org\/es\/\",\"name\":\"IFES\",\"description\":\"A movement of students sharing and living out the good news of Jesus Christ. Locally. Nationally. Globally.\",\"publisher\":{\"@id\":\"https:\/\/ifesworld.org\/es\/#organization\"},\"potentialAction\":[{\"@type\":\"SearchAction\",\"target\":{\"@type\":\"EntryPoint\",\"urlTemplate\":\"https:\/\/ifesworld.org\/es\/?s={search_term_string}\"},\"query-input\":{\"@type\":\"PropertyValueSpecification\",\"valueRequired\":true,\"valueName\":\"search_term_string\"}}],\"inLanguage\":\"fr-FR\"},{\"@type\":\"Organization\",\"@id\":\"https:\/\/ifesworld.org\/es\/#organization\",\"name\":\"IFES \u00b7 International Fellowship of Evangelical Students\",\"url\":\"https:\/\/ifesworld.org\/es\/\",\"logo\":{\"@type\":\"ImageObject\",\"inLanguage\":\"fr-FR\",\"@id\":\"https:\/\/ifesworld.org\/es\/#\/schema\/logo\/image\/\",\"url\":\"https:\/\/ifesworld.org\/wp-content\/uploads\/2019\/06\/ifeslogo.png\",\"contentUrl\":\"https:\/\/ifesworld.org\/wp-content\/uploads\/2019\/06\/ifeslogo.png\",\"width\":262,\"height\":262,\"caption\":\"IFES \u00b7 International Fellowship of Evangelical Students\"},\"image\":{\"@id\":\"https:\/\/ifesworld.org\/es\/#\/schema\/logo\/image\/\"}}]}<\/script>\n<!-- \/ Yoast SEO plugin. -->","yoast_head_json":{"title":"Notre vision mondiale &#183; IFES","description":"Notre vision est de voir des \u00e9tudiants qui croissent ensemble en tant que communaut\u00e9s de disciples, transform\u00e9s par l\u2019\u00c9vangile et ayant un impact au sein","robots":{"index":"index","follow":"follow","max-snippet":"max-snippet:-1","max-image-preview":"max-image-preview:large","max-video-preview":"max-video-preview:-1"},"canonical":"https:\/\/ifesworld.org\/fr\/notre-vision-mondiale\/","og_locale":"fr_FR","og_type":"article","og_title":"Notre vision mondiale &#183; IFES","og_description":"Notre vision est de voir des \u00e9tudiants qui croissent ensemble en tant que communaut\u00e9s de disciples, transform\u00e9s par l\u2019\u00c9vangile et ayant un impact au sein","og_url":"https:\/\/ifesworld.org\/fr\/notre-vision-mondiale\/","og_site_name":"IFES","article_modified_time":"2024-01-24T11:48:38+00:00","og_image":[{"width":2048,"height":1365,"url":"https:\/\/ifesworld.org\/wp-content\/uploads\/2024\/01\/WDE09002-2.jpg","type":"image\/jpeg"}],"twitter_card":"summary_large_image","twitter_misc":{"Dur\u00e9e de lecture estim\u00e9e":"1 minute"},"schema":{"@context":"https:\/\/schema.org","@graph":[{"@type":"WebPage","@id":"https:\/\/ifesworld.org\/fr\/notre-vision-mondiale\/","url":"https:\/\/ifesworld.org\/fr\/notre-vision-mondiale\/","name":"Notre vision mondiale &#183; IFES","isPartOf":{"@id":"https:\/\/ifesworld.org\/es\/#website"},"primaryImageOfPage":{"@id":"https:\/\/ifesworld.org\/fr\/notre-vision-mondiale\/#primaryimage"},"image":{"@id":"https:\/\/ifesworld.org\/fr\/notre-vision-mondiale\/#primaryimage"},"thumbnailUrl":"https:\/\/ifesworld.org\/wp-content\/uploads\/2024\/01\/WDE09002-2.jpg","datePublished":"2019-04-17T07:53:59+00:00","dateModified":"2024-01-24T11:48:38+00:00","description":"Notre vision est de voir des \u00e9tudiants qui croissent ensemble en tant que communaut\u00e9s de disciples, transform\u00e9s par l\u2019\u00c9vangile et ayant un impact au sein","breadcrumb":{"@id":"https:\/\/ifesworld.org\/fr\/notre-vision-mondiale\/#breadcrumb"},"inLanguage":"fr-FR","potentialAction":[{"@type":"ReadAction","target":["https:\/\/ifesworld.org\/fr\/notre-vision-mondiale\/"]}]},{"@type":"ImageObject","inLanguage":"fr-FR","@id":"https:\/\/ifesworld.org\/fr\/notre-vision-mondiale\/#primaryimage","url":"https:\/\/ifesworld.org\/wp-content\/uploads\/2024\/01\/WDE09002-2.jpg","contentUrl":"https:\/\/ifesworld.org\/wp-content\/uploads\/2024\/01\/WDE09002-2.jpg","width":2048,"height":1365},{"@type":"BreadcrumbList","@id":"https:\/\/ifesworld.org\/fr\/notre-vision-mondiale\/#breadcrumb","itemListElement":[{"@type":"ListItem","position":1,"name":"Home","item":"https:\/\/ifesworld.org\/fr\/"},{"@type":"ListItem","position":2,"name":"Notre vision mondiale"}]},{"@type":"WebSite","@id":"https:\/\/ifesworld.org\/es\/#website","url":"https:\/\/ifesworld.org\/es\/","name":"IFES","description":"A movement of students sharing and living out the good news of Jesus Christ. Locally. Nationally. Globally.","publisher":{"@id":"https:\/\/ifesworld.org\/es\/#organization"},"potentialAction":[{"@type":"SearchAction","target":{"@type":"EntryPoint","urlTemplate":"https:\/\/ifesworld.org\/es\/?s={search_term_string}"},"query-input":{"@type":"PropertyValueSpecification","valueRequired":true,"valueName":"search_term_string"}}],"inLanguage":"fr-FR"},{"@type":"Organization","@id":"https:\/\/ifesworld.org\/es\/#organization","name":"IFES \u00b7 International Fellowship of Evangelical Students","url":"https:\/\/ifesworld.org\/es\/","logo":{"@type":"ImageObject","inLanguage":"fr-FR","@id":"https:\/\/ifesworld.org\/es\/#\/schema\/logo\/image\/","url":"https:\/\/ifesworld.org\/wp-content\/uploads\/2019\/06\/ifeslogo.png","contentUrl":"https:\/\/ifesworld.org\/wp-content\/uploads\/2019\/06\/ifeslogo.png","width":262,"height":262,"caption":"IFES \u00b7 International Fellowship of Evangelical Students"},"image":{"@id":"https:\/\/ifesworld.org\/es\/#\/schema\/logo\/image\/"}}]}},"_links":{"self":[{"href":"https:\/\/ifesworld.org\/fr\/wp-json\/wp\/v2\/pages\/261","targetHints":{"allow":["GET"]}}],"collection":[{"href":"https:\/\/ifesworld.org\/fr\/wp-json\/wp\/v2\/pages"}],"about":[{"href":"https:\/\/ifesworld.org\/fr\/wp-json\/wp\/v2\/types\/page"}],"author":[{"embeddable":true,"href":"https:\/\/ifesworld.org\/fr\/wp-json\/wp\/v2\/users\/2"}],"replies":[{"embeddable":true,"href":"https:\/\/ifesworld.org\/fr\/wp-json\/wp\/v2\/comments?post=261"}],"version-history":[{"count":0,"href":"https:\/\/ifesworld.org\/fr\/wp-json\/wp\/v2\/pages\/261\/revisions"}],"wp:featuredmedia":[{"embeddable":true,"href":"https:\/\/ifesworld.org\/fr\/wp-json\/wp\/v2\/media\/33337"}],"wp:attachment":[{"href":"https:\/\/ifesworld.org\/fr\/wp-json\/wp\/v2\/media?parent=261"}],"wp:term":[{"taxonomy":"area","embeddable":true,"href":"https:\/\/ifesworld.org\/fr\/wp-json\/wp\/v2\/area?post=261"},{"taxonomy":"theme","embeddable":true,"href":"https:\/\/ifesworld.org\/fr\/wp-json\/wp\/v2\/theme?post=261"}],"curies":[{"name":"wp","href":"https:\/\/api.w.org\/{rel}","templated":true}]}}