{"id":24601,"date":"2023-04-10T10:34:45","date_gmt":"2023-04-10T09:34:45","guid":{"rendered":"https:\/\/ifesworld.org\/?page_id=24601"},"modified":"2023-11-20T15:01:21","modified_gmt":"2023-11-20T15:01:21","slug":"bourses-de-lassemblee-mondiale-2023","status":"publish","type":"page","link":"https:\/\/ifesworld.org\/fr\/bourses-de-lassemblee-mondiale-2023\/","title":{"rendered":"Bourses de l&rsquo;assembl\u00e9e Mondiale 2023"},"content":{"rendered":"<div class=\"wp-block-image\">\n<figure class=\"alignleft size-large is-resized\"><img loading=\"lazy\" decoding=\"async\" src=\"https:\/\/ifesworld.org\/wp-content\/uploads\/2023\/04\/WA2023-IFES-asset_pattern1-block-e1680775278429-1024x105.png\" alt=\"\" class=\"wp-image-24492\" width=\"512\" height=\"53\" srcset=\"https:\/\/ifesworld.org\/wp-content\/uploads\/2023\/04\/WA2023-IFES-asset_pattern1-block-e1680775278429-1024x105.png 1024w, https:\/\/ifesworld.org\/wp-content\/uploads\/2023\/04\/WA2023-IFES-asset_pattern1-block-e1680775278429-300x31.png 300w, https:\/\/ifesworld.org\/wp-content\/uploads\/2023\/04\/WA2023-IFES-asset_pattern1-block-e1680775278429-768x79.png 768w, https:\/\/ifesworld.org\/wp-content\/uploads\/2023\/04\/WA2023-IFES-asset_pattern1-block-e1680775278429-1536x157.png 1536w, https:\/\/ifesworld.org\/wp-content\/uploads\/2023\/04\/WA2023-IFES-asset_pattern1-block-e1680775278429-2048x210.png 2048w\" sizes=\"auto, (max-width: 512px) 100vw, 512px\" \/><\/figure>\n<\/div>\n\n<div class=\"wp-block block-core-paragraph\">\n<p class=\"wp-block-paragraph\">&nbsp;<\/p>\n<\/div>\n\n<div class=\"wp-block block-core-group\">\n<div class=\"wp-block-group has-white-dark-background-color has-background\"><div class=\"wp-block-group__inner-container is-layout-flow wp-block-group-is-layout-flow\"><div class=\"wp-block block-core-heading\">\n<h2 class=\"wp-block-heading has-text-align-center\"><strong><strong>Aidez-nous \u00e0 r\u00e9unir des voix du monde entier \u00e0 l&rsquo;Assembl\u00e9e mondiale de cette ann\u00e9e<\/strong><\/strong><\/h2>\n<\/div>\n\n<div class=\"wp-block block-acf-spacer\">\n<div id=\"spacer-block_7c88dbe08fa2ac8167b5eca1acd15099\" class=\"\">\n    <div aria-hidden=\"true\" class=\"wp-block-spacer spacer--lg\"><\/div>\n<\/div>\n<\/div>\n\n<div class=\"wp-block block-core-columns\">\n<div class=\"wp-block-columns is-layout-flex wp-container-core-columns-is-layout-8f761849 wp-block-columns-is-layout-flex\">\n<div class=\"wp-block-column is-layout-flow wp-block-column-is-layout-flow\" style=\"flex-basis:66.66%\"><div class=\"wp-block block-core-paragraph\">\n<p class=\"wp-block-paragraph\">Votre don permettra \u00e0 au moins <strong>25 \u00e9tudiants et membres du personnel<\/strong> de pays d&rsquo;Afrique, d&rsquo;Eurasie, du Moyen-Orient et d&rsquo;ailleurs de partager leurs exp\u00e9riences \u00e0 l&rsquo;Assembl\u00e9e mondiale 2023 et de rentrer chez eux avec de nouvelles id\u00e9es et strat\u00e9gies.<\/p>\n<\/div>\n\n<div class=\"wp-block block-core-paragraph\">\n<p class=\"wp-block-paragraph\">Au mois d&rsquo;ao\u00fbt, nous pr\u00e9voyons de r\u00e9unir 1\u202f000 \u00e9tudiants, membres du personnel, professeurs et membres du conseil d&rsquo;administration en Indon\u00e9sie, pour un temps de communion, d&rsquo;adoration et d&rsquo;apprentissage, en mettant l&rsquo;accent sur la <strong>r\u00e9silience dans le t\u00e9moignage<\/strong>. <a href=\"https:\/\/ifesworld.org\/fr\/assemblee-mondiale-de-lifes\/?switch_language=fr\" target=\"_blank\" rel=\"noreferrer noopener\">L&rsquo;assembl\u00e9e mondiale de l&rsquo;IFES 2023<\/a> est l&rsquo;occasion pour nos 160 mouvements membres de partager ce qu&rsquo;ils vivent et de s&rsquo;outiller mutuellement pour faire face aux d\u00e9fis \u00e0 venir.&nbsp;&nbsp;<\/p>\n<\/div>\n\n<div class=\"wp-block block-core-paragraph\">\n<p class=\"wp-block-paragraph\">Tout le monde a quelque chose \u00e0 offrir.&nbsp; &nbsp;<br>Tout le monde a quelque chose \u00e0 d\u00e9couvrir.&nbsp; &nbsp;<br>Nous avons tous besoin d&rsquo;entendre les autres.&nbsp;<\/p>\n<\/div><\/div>\n\n\n\n<div class=\"wp-block-column is-layout-flow wp-block-column-is-layout-flow\" style=\"flex-basis:33.33%\">\n<figure class=\"wp-block-image size-large\"><img loading=\"lazy\" decoding=\"async\" width=\"1024\" height=\"739\" src=\"https:\/\/ifesworld.org\/wp-content\/uploads\/2022\/10\/Logo_Tabah-Tangguh_FR_Color-01-1024x739.png\" alt=\"\" class=\"wp-image-19912\" srcset=\"https:\/\/ifesworld.org\/wp-content\/uploads\/2022\/10\/Logo_Tabah-Tangguh_FR_Color-01-1024x739.png 1024w, https:\/\/ifesworld.org\/wp-content\/uploads\/2022\/10\/Logo_Tabah-Tangguh_FR_Color-01-300x216.png 300w, https:\/\/ifesworld.org\/wp-content\/uploads\/2022\/10\/Logo_Tabah-Tangguh_FR_Color-01-768x554.png 768w, https:\/\/ifesworld.org\/wp-content\/uploads\/2022\/10\/Logo_Tabah-Tangguh_FR_Color-01.png 1419w\" sizes=\"auto, (max-width: 1024px) 100vw, 1024px\" \/><\/figure>\n<\/div>\n<\/div>\n<\/div><\/div>\n<\/div><\/div>\n\n<div class=\"wp-block block-core-paragraph\">\n<p class=\"has-md-font-size wp-block-paragraph\"><strong>Pouvez-vous nous aider \u00e0 financer la participation de ceux qui, sans cela, ne pourront pas y assister\u202f?&nbsp;<\/strong><\/p>\n<\/div>\n\n<div class=\"wp-block block-core-columns\">\n<div class=\"wp-block-columns is-layout-flex wp-container-core-columns-is-layout-8f761849 wp-block-columns-is-layout-flex\">\n<div class=\"wp-block-column is-layout-flow wp-block-column-is-layout-flow\"><div class=\"wp-block block-acf-ifesbutton aligncenter\">\n<div class=\"aligncenter\">\n    <a id=\"btn-block_9de48b24d7e6f4877f6a2839ccffc8e9\" target=\"_blank\" href=\"https:\/\/ifesworld.org\/fr\/donner\/?fund=IN000_PGGD&#038;location=row&#038;source=23CCAPGGDW\" class=\"btn btn--secondary\">\n        <span>\n        Donner maintenant        <\/span>\n    <\/a>\n<\/div>\n\n<\/div><\/div>\n\n\n\n<div class=\"wp-block-column is-layout-flow wp-block-column-is-layout-flow\"><div class=\"wp-block block-acf-ifesbutton aligncenter\">\n<div class=\"aligncenter\">\n    <a id=\"btn-block_b368de06780b84d2b3096393f16c6ecf\" target=\"\" href=\"#applicant\" class=\"btn btn--east-asia\">\n        <span>\n        Lire les histoires des candidats        <\/span>\n    <\/a>\n<\/div>\n\n<\/div><\/div>\n\n\n\n<div class=\"wp-block-column is-layout-flow wp-block-column-is-layout-flow\"><div class=\"wp-block block-acf-ifesbutton aligncenter\">\n<div class=\"aligncenter\">\n    <a id=\"btn-block_9f57e17bb9e17a89297b0bb7f21bcf52\" target=\"_blank\" href=\"https:\/\/ifesworld.org\/fr\/assemblee-mondiale-de-lifes\/\" class=\"btn btn--secondary\">\n        <span>\n        En Savoir plus sur l&rsquo;Assembl\u00e9e Mondiale 2023        <\/span>\n    <\/a>\n<\/div>\n\n<\/div><\/div>\n<\/div>\n<\/div>\n\n<div class=\"wp-block block-core-columns\">\n<div class=\"wp-block-columns is-layout-flex wp-container-core-columns-is-layout-8f761849 wp-block-columns-is-layout-flex\">\n<div class=\"wp-block-column is-layout-flow wp-block-column-is-layout-flow\">\n<figure class=\"wp-block-image size-full\"><img loading=\"lazy\" decoding=\"async\" width=\"300\" height=\"450\" src=\"https:\/\/ifesworld.org\/wp-content\/uploads\/2023\/04\/2.png\" alt=\"\" class=\"wp-image-24604\" srcset=\"https:\/\/ifesworld.org\/wp-content\/uploads\/2023\/04\/2.png 300w, https:\/\/ifesworld.org\/wp-content\/uploads\/2023\/04\/2-200x300.png 200w\" sizes=\"auto, (max-width: 300px) 100vw, 300px\" \/><\/figure>\n<\/div>\n\n\n\n<div class=\"wp-block-column is-layout-flow wp-block-column-is-layout-flow\">\n<figure class=\"wp-block-image size-full\"><img loading=\"lazy\" decoding=\"async\" width=\"300\" height=\"450\" src=\"https:\/\/ifesworld.org\/wp-content\/uploads\/2023\/04\/4.png\" alt=\"\" class=\"wp-image-24605\" srcset=\"https:\/\/ifesworld.org\/wp-content\/uploads\/2023\/04\/4.png 300w, https:\/\/ifesworld.org\/wp-content\/uploads\/2023\/04\/4-200x300.png 200w\" sizes=\"auto, (max-width: 300px) 100vw, 300px\" \/><\/figure>\n<\/div>\n\n\n\n<div class=\"wp-block-column is-layout-flow wp-block-column-is-layout-flow\">\n<figure class=\"wp-block-image size-full\"><img loading=\"lazy\" decoding=\"async\" width=\"300\" height=\"450\" src=\"https:\/\/ifesworld.org\/wp-content\/uploads\/2023\/04\/6.png\" alt=\"\" class=\"wp-image-24606\" srcset=\"https:\/\/ifesworld.org\/wp-content\/uploads\/2023\/04\/6.png 300w, https:\/\/ifesworld.org\/wp-content\/uploads\/2023\/04\/6-200x300.png 200w\" sizes=\"auto, (max-width: 300px) 100vw, 300px\" \/><\/figure>\n<\/div>\n<\/div>\n<\/div>\n\n<div class=\"wp-block block-core-quote is-style-default\">\n<blockquote class=\"wp-block-quote is-style-default is-layout-flow wp-block-quote-is-layout-flow\"><div class=\"wp-block block-core-paragraph\">\n<p class=\"wp-block-paragraph\"><em><em>\u00ab\u202fMerci mille fois d\u2019avoir permis \u00e0 ma d\u00e9l\u00e9gation et moi-m\u00eame de venir \u00e0 l\u2019Assembl\u00e9e mondiale. Vous avez ouvert la porte pour que nos vies soient chang\u00e9es et que notre mouvement national en r\u00e9colte les fruits.\u202f\u00bb<\/em>&nbsp;<\/em><\/p>\n<\/div><cite>D\u00e9l\u00e9gu\u00e9 \u00e0 l\u2019Assembl\u00e9e mondiale 2019&nbsp;<\/cite><\/blockquote>\n<\/div>\n\n<div class=\"wp-block block-core-paragraph\">\n<p class=\"has-white-dark-background-color has-background has-md-font-size wp-block-paragraph\">Jusqu&rsquo;\u00e0 pr\u00e9sent, nous avons collect\u00e9 <strong><strong>28 882<\/strong> USD <\/strong>sur notre objectif de <strong>37\u202f500\u202fUSD<\/strong> d\u2019aide financi\u00e8re sur la Journ\u00e9e mondiale du don et d&rsquo;autres collectes de fonds en ligne pour l&rsquo;Assembl\u00e9e mondiale. Merci \u00e0 tous ceux qui ont donn\u00e9\u202f!&nbsp;<\/p>\n<\/div>\n\n<div class=\"wp-block block-core-heading\">\n<h2 class=\"wp-block-heading has-text-align-center has-accent-light-color has-text-color\"><strong><strong>Aidez-nous \u00e0 financer notre participation \u00e0 l&rsquo;Assembl\u00e9e mondiale 2023&nbsp;&nbsp;&nbsp;&nbsp;<\/strong>&nbsp;<\/strong><\/h2>\n<\/div>\n\n<div class=\"wp-block block-core-html\">\n<div style=\"position: relative; width: 100%; height: 0; padding-top: 56.2500%;\n padding-bottom: 0; box-shadow: 0 2px 8px 0 rgba(63,69,81,0.16); margin-top: 1.6em; margin-bottom: 0.9em; overflow: hidden;\n border-radius: 8px; will-change: transform;\">\n  <iframe loading=\"lazy\" style=\"position: absolute; width: 100%; height: 100%; top: 0; left: 0; border: none; padding: 0;margin: 0;\" src=\"https:\/\/www.canva.com\/design\/DAFfsNNx6o4\/view?embed\" allowfullscreen=\"allowfullscreen\" allow=\"fullscreen\">\n  <\/iframe>\n<\/div>\n<a href=\"https:\/\/www.canva.com\/design\/DAFfsNNx6o4\/view?utm_content=DAFfsNNx6o4&amp;utm_campaign=designshare&amp;utm_medium=embeds&amp;utm_source=link\" target=\"_blank\" rel=\"noopener\"><\/a>\n<\/div>\n\n<div class=\"wp-block block-core-heading\">\n<h2 class=\"wp-block-heading\">Renforcer la r\u00e9silience, ensemble&nbsp;&nbsp;<\/h2>\n<\/div>\n\n<div class=\"wp-block block-core-paragraph\">\n<p class=\"wp-block-paragraph\">Partout dans le monde, les \u00e9tudiants chr\u00e9tiens et les mouvements qui les soutiennent sont souvent confront\u00e9s \u00e0 une opposition la\u00efque, \u00e0 la pers\u00e9cution, \u00e0 l&rsquo;isolement, au manque de ressources ou \u00e0 d&rsquo;autres difficult\u00e9s. C&rsquo;est pourquoi l&rsquo;Assembl\u00e9e mondiale 2023 de l&rsquo;IFES sera ax\u00e9e sur le renforcement de la r\u00e9silience, dans le but d&rsquo;outiller les \u00e9tudiants et le personnel pour leur t\u00e9moignage \u00e0 l&rsquo;universit\u00e9 et au-del\u00e0.<\/p>\n<\/div>\n\n<div class=\"wp-block block-core-paragraph\">\n<p class=\"wp-block-paragraph\">Votre don permettra d&rsquo;aider au moins 25 \u00e9tudiants et membres du personnel de diff\u00e9rents pays d&rsquo;Afrique, d&rsquo;Eurasie, du Moyen-Orient et d&rsquo;ailleurs afin qu&rsquo;ils puissent partager ce qu&rsquo;ils vivent et retourner chez eux avec de nouvelles id\u00e9es et strat\u00e9gies\u202f: des personnes comme Dalin du Cambodge, Natnael d&rsquo;\u00c9thiopie, Natalie du Panama, Desi de Bulgarie et Vilisi de Fidji.<\/p>\n<\/div>\n\n<div class=\"wp-block block-core-group\">\n<div id=\"applicant\" class=\"wp-block-group\"><div class=\"wp-block-group__inner-container is-layout-flow wp-block-group-is-layout-flow\"><div class=\"wp-block block-core-heading\">\n<h2 class=\"wp-block-heading has-text-align-center\"><strong><strong>Faites connaissance avec nos candidats \u00e0 l&rsquo;aide financi\u00e8re<\/strong>&nbsp;<\/strong><\/h2>\n<\/div>\n\n<div class=\"wp-block block-pb-accordion-item\">\n<div class=\"wp-block-pb-accordion-item c-accordion__item js-accordion-item no-js\" data-initially-open=\"false\" data-click-to-close=\"true\" data-auto-close=\"true\" data-scroll=\"false\" data-scroll-offset=\"0\"><h2 id=\"at-246010\" class=\"c-accordion__title js-accordion-controller\" role=\"button\">Natnael, responsable \u00e9tudiant de l\u2019EvaSUE, en \u00c9thiopie<\/h2><div id=\"ac-246010\" class=\"c-accordion__content\"><div class=\"wp-block block-core-columns\">\n<div class=\"wp-block-columns is-layout-flex wp-container-core-columns-is-layout-8f761849 wp-block-columns-is-layout-flex\">\n<div class=\"wp-block-column is-layout-flow wp-block-column-is-layout-flow\"><div class=\"wp-block block-core-paragraph\">\n<p class=\"wp-block-paragraph\">En \u00c9thiopie, le t\u00e9moignage \u00e9tudiant a \u00e9t\u00e9 ralenti par la fermeture de certaines universit\u00e9s \u00e0 cause de l\u2019instabilit\u00e9 politique, du manque de lieux o\u00f9 adorer et du petit nombre d\u2019\u00e9quipiers, relatif au nombre d\u2019unions. Pourtant, Natnael voit la main de Dieu \u00e0 l&rsquo;\u0153uvre : les \u00e9tudiants sont tr\u00e8s engag\u00e9s dans leurs petits groupes, les unions organisent des assembl\u00e9es et missions hebdomadaires, des sommets nationaux permettent aux responsables et mobilisateurs de mission de garder contact sur le plan national.&nbsp;<\/p>\n<\/div><\/div>\n\n\n\n<div class=\"wp-block-column is-layout-flow wp-block-column-is-layout-flow\">\n<figure class=\"wp-block-image size-large\"><img loading=\"lazy\" decoding=\"async\" width=\"1024\" height=\"576\" src=\"https:\/\/ifesworld.org\/wp-content\/uploads\/2023\/04\/1-1-1024x576.png\" alt=\"\" class=\"wp-image-24607\" srcset=\"https:\/\/ifesworld.org\/wp-content\/uploads\/2023\/04\/1-1-1024x576.png 1024w, https:\/\/ifesworld.org\/wp-content\/uploads\/2023\/04\/1-1-300x169.png 300w, https:\/\/ifesworld.org\/wp-content\/uploads\/2023\/04\/1-1-768x432.png 768w, https:\/\/ifesworld.org\/wp-content\/uploads\/2023\/04\/1-1-1536x864.png 1536w, https:\/\/ifesworld.org\/wp-content\/uploads\/2023\/04\/1-1.png 1920w\" sizes=\"auto, (max-width: 1024px) 100vw, 1024px\" \/><\/figure>\n<\/div>\n<\/div>\n<\/div><\/div><\/div>\n<\/div>\n\n<div class=\"wp-block block-pb-accordion-item\">\n<div class=\"wp-block-pb-accordion-item c-accordion__item js-accordion-item no-js\" data-initially-open=\"false\" data-click-to-close=\"true\" data-auto-close=\"true\" data-scroll=\"false\" data-scroll-offset=\"0\"><h2 id=\"at-246011\" class=\"c-accordion__title js-accordion-controller\" role=\"button\">DESI : SECR\u00c9TAIRE G\u00c9N\u00c9RALE NATIONALE DU BCSU, EN BULGARIE<\/h2><div id=\"ac-246011\" class=\"c-accordion__content\"><div class=\"wp-block block-core-columns\">\n<div class=\"wp-block-columns is-layout-flex wp-container-core-columns-is-layout-8f761849 wp-block-columns-is-layout-flex\">\n<div class=\"wp-block-column is-layout-flow wp-block-column-is-layout-flow\"><div class=\"wp-block block-core-columns\">\n<div class=\"wp-block-columns is-layout-flex wp-container-core-columns-is-layout-8f761849 wp-block-columns-is-layout-flex\">\n<div class=\"wp-block-column is-layout-flow wp-block-column-is-layout-flow\">\n<figure class=\"wp-block-image size-large\"><img loading=\"lazy\" decoding=\"async\" width=\"1024\" height=\"576\" src=\"https:\/\/ifesworld.org\/wp-content\/uploads\/2023\/04\/2-2-1024x576.png\" alt=\"\" class=\"wp-image-24608\" srcset=\"https:\/\/ifesworld.org\/wp-content\/uploads\/2023\/04\/2-2-1024x576.png 1024w, https:\/\/ifesworld.org\/wp-content\/uploads\/2023\/04\/2-2-300x169.png 300w, https:\/\/ifesworld.org\/wp-content\/uploads\/2023\/04\/2-2-768x432.png 768w, https:\/\/ifesworld.org\/wp-content\/uploads\/2023\/04\/2-2-1536x864.png 1536w, https:\/\/ifesworld.org\/wp-content\/uploads\/2023\/04\/2-2.png 1920w\" sizes=\"auto, (max-width: 1024px) 100vw, 1024px\" \/><\/figure>\n<\/div>\n\n\n\n<div class=\"wp-block-column is-layout-flow wp-block-column-is-layout-flow\"><div class=\"wp-block block-core-paragraph\">\n<p class=\"wp-block-paragraph\">\u00ab\u202fDieu est bon\u202f\u00bb, dit Desi. Ce n\u2019est pas facile de g\u00e9rer une \u00e9quipe \u00ab\u202fen mouvement\u202f\u00bb, charg\u00e9e de fournir des soins approfondis \u00e0 un nombre plus \u00e9lev\u00e9 que jamais d&rsquo;\u00e9tudiants, tandis que le personnel occupe \u00e9galement des emplois \u00e0 temps plein suppl\u00e9mentaires pour joindre les deux bouts. Pourtant, le fruit de leur fid\u00e9lit\u00e9 et de leur dur labeur est \u00e9vident. Dans toute la Bulgarie, les \u00e9tudiants invitent leurs amis \u00e0 des \u00e9v\u00e9nements et prient pour eux, des non-chr\u00e9tiens participent \u00e0 des \u00e9tudes bibliques et des chr\u00e9tiens qui doutaient sont devenus de fid\u00e8les disciples.&nbsp;<\/p>\n<\/div><\/div>\n<\/div>\n<\/div><\/div>\n<\/div>\n<\/div><\/div><\/div>\n<\/div>\n\n<div class=\"wp-block block-pb-accordion-item\">\n<div class=\"wp-block-pb-accordion-item c-accordion__item js-accordion-item no-js\" data-initially-open=\"false\" data-click-to-close=\"true\" data-auto-close=\"true\" data-scroll=\"false\" data-scroll-offset=\"0\"><h2 id=\"at-246012\" class=\"c-accordion__title js-accordion-controller\" role=\"button\">NATALIE : RESPONSABLE \u00c9TUDIANTE DU CEC, AU PANAMA<\/h2><div id=\"ac-246012\" class=\"c-accordion__content\"><div class=\"wp-block block-core-columns\">\n<div class=\"wp-block-columns is-layout-flex wp-container-core-columns-is-layout-8f761849 wp-block-columns-is-layout-flex\">\n<div class=\"wp-block-column is-layout-flow wp-block-column-is-layout-flow\"><div class=\"wp-block block-core-paragraph\">\n<p class=\"wp-block-paragraph\">La nouvelle du nouveau groupe \u00e9tudiant que Natalie a lanc\u00e9 dans son d\u00e9partement se r\u00e9pand rapidement. Elle apprend aussi combien le scepticisme peut \u00eatre une pierre d&rsquo;achoppement pour de nombreux \u00e9tudiants. Soutenue par de fid\u00e8les croyants d\u2019autres facult\u00e9s, Natalie est s\u00fbre de la provision et de la pr\u00e9sence continuelles de Dieu, m\u00eame s\u2019il n\u2019y a pas d\u2019\u00e9quipier pour l\u2019instant. Le fait de voir un \u00e9tudiant d\u00e9sireux d\u2019en savoir plus sur J\u00e9sus la conforte dans le fait que Dieu est \u00e0 l&rsquo;\u0153uvre.<\/p>\n<\/div><\/div>\n\n\n\n<div class=\"wp-block-column is-layout-flow wp-block-column-is-layout-flow\">\n<figure class=\"wp-block-image size-large\"><img loading=\"lazy\" decoding=\"async\" width=\"1024\" height=\"576\" src=\"https:\/\/ifesworld.org\/wp-content\/uploads\/2023\/04\/5-1024x576.png\" alt=\"\" class=\"wp-image-24611\" srcset=\"https:\/\/ifesworld.org\/wp-content\/uploads\/2023\/04\/5-1024x576.png 1024w, https:\/\/ifesworld.org\/wp-content\/uploads\/2023\/04\/5-300x169.png 300w, https:\/\/ifesworld.org\/wp-content\/uploads\/2023\/04\/5-768x432.png 768w, https:\/\/ifesworld.org\/wp-content\/uploads\/2023\/04\/5-1536x864.png 1536w, https:\/\/ifesworld.org\/wp-content\/uploads\/2023\/04\/5.png 1920w\" sizes=\"auto, (max-width: 1024px) 100vw, 1024px\" \/><\/figure>\n<\/div>\n<\/div>\n<\/div><\/div><\/div>\n<\/div>\n\n<div class=\"wp-block block-pb-accordion-item\">\n<div class=\"wp-block-pb-accordion-item c-accordion__item js-accordion-item no-js\" data-initially-open=\"false\" data-click-to-close=\"true\" data-auto-close=\"true\" data-scroll=\"false\" data-scroll-offset=\"0\"><h2 id=\"at-246013\" class=\"c-accordion__title js-accordion-controller\" role=\"button\">VILISI : \u00c9QUIPI\u00c8RE DU PSFC, AUX FIDJI<\/h2><div id=\"ac-246013\" class=\"c-accordion__content\"><div class=\"wp-block block-core-columns\">\n<div class=\"wp-block-columns is-layout-flex wp-container-core-columns-is-layout-8f761849 wp-block-columns-is-layout-flex\">\n<div class=\"wp-block-column is-layout-flow wp-block-column-is-layout-flow\"><div class=\"wp-block block-core-columns\">\n<div class=\"wp-block-columns is-layout-flex wp-container-core-columns-is-layout-8f761849 wp-block-columns-is-layout-flex\">\n<div class=\"wp-block-column is-layout-flow wp-block-column-is-layout-flow\">\n<figure class=\"wp-block-image size-large\"><img loading=\"lazy\" decoding=\"async\" width=\"1024\" height=\"576\" src=\"https:\/\/ifesworld.org\/wp-content\/uploads\/2023\/04\/6-1-1024x576.png\" alt=\"\" class=\"wp-image-24612\" srcset=\"https:\/\/ifesworld.org\/wp-content\/uploads\/2023\/04\/6-1-1024x576.png 1024w, https:\/\/ifesworld.org\/wp-content\/uploads\/2023\/04\/6-1-300x169.png 300w, https:\/\/ifesworld.org\/wp-content\/uploads\/2023\/04\/6-1-768x432.png 768w, https:\/\/ifesworld.org\/wp-content\/uploads\/2023\/04\/6-1-1536x864.png 1536w, https:\/\/ifesworld.org\/wp-content\/uploads\/2023\/04\/6-1.png 1920w\" sizes=\"auto, (max-width: 1024px) 100vw, 1024px\" \/><\/figure>\n<\/div>\n\n\n\n<div class=\"wp-block-column is-layout-flow wp-block-column-is-layout-flow\"><div class=\"wp-block block-core-paragraph\">\n<p class=\"wp-block-paragraph\">Une culture du \u00ab\u202fchristianisme de la prosp\u00e9rit\u00e9\u202f\u00bb, le d\u00e9fi d\u2019interagir avec l\u2019universit\u00e9 et les besoins financiers : voil\u00e0 quelques-uns des sujets pressants auxquels Vilisi fait face dans son travail sur le campus. L\u2019\u00e9tude de la Bible est une priorit\u00e9. Le fait d\u2019identifier les grandes probl\u00e9matiques des \u00e9tudiants aussi, afin que le mouvement puisse former comme il se doit les responsables \u00e9tudiants et prier pour la gu\u00e9rison. La plus grande d\u2019entre elles, c\u2019est le trafic humain. Au travers de la formation sur le traumatisme, la gu\u00e9rison, le trafic humain et le minist\u00e8re de pri\u00e8re, Vilisi voit Dieu gu\u00e9rir et transformer des vies.\u202f&nbsp;<\/p>\n<\/div><\/div>\n<\/div>\n<\/div><\/div>\n<\/div>\n<\/div><\/div><\/div>\n<\/div>\n\n<div class=\"wp-block block-pb-accordion-item\">\n<div class=\"wp-block-pb-accordion-item c-accordion__item js-accordion-item no-js\" data-initially-open=\"false\" data-click-to-close=\"true\" data-auto-close=\"true\" data-scroll=\"false\" data-scroll-offset=\"0\"><h2 id=\"at-246014\" class=\"c-accordion__title js-accordion-controller\" role=\"button\">DALIN : RESPONSABLE \u00c9TUDIANTE DU SONOKO, AU CAMBODGE.\u202f\u00a0<\/h2><div id=\"ac-246014\" class=\"c-accordion__content\"><div class=\"wp-block block-core-columns\">\n<div class=\"wp-block-columns is-layout-flex wp-container-core-columns-is-layout-8f761849 wp-block-columns-is-layout-flex\">\n<div class=\"wp-block-column is-layout-flow wp-block-column-is-layout-flow\"><div class=\"wp-block block-core-paragraph\">\n<p class=\"wp-block-paragraph\">Le Cambodge est un pays majoritairement bouddhiste o\u00f9, d\u00e9clare Dalin, les gens ont peu de temps pour Dieu. La plupart pensent qu\u2019ils peuvent y arriver par leurs propres efforts, et les \u00e9tudiants sont pr\u00e9occup\u00e9s par le fait de gagner de l\u2019argent en plus d\u2019\u00e9tudier. Le christianisme est per\u00e7u comme une religion \u00e9trang\u00e8re, et les \u00e9tudiants croyants subissent le harc\u00e8lement, le rejet et l\u2019isolement. Mais Dieu est \u00e0 l&rsquo;\u0153uvre, inspirant les responsables \u00e9tudiants \u00e0 \u00eatre pr\u00eats \u00e0 servir, \u00e0 mener et \u00e0 relever les d\u00e9fis.\u202f&nbsp;<\/p>\n<\/div><\/div>\n\n\n\n<div class=\"wp-block-column is-layout-flow wp-block-column-is-layout-flow\">\n<figure class=\"wp-block-image size-large\"><img loading=\"lazy\" decoding=\"async\" width=\"1024\" height=\"576\" src=\"https:\/\/ifesworld.org\/wp-content\/uploads\/2023\/04\/4-1-1024x576.png\" alt=\"\" class=\"wp-image-24610\" srcset=\"https:\/\/ifesworld.org\/wp-content\/uploads\/2023\/04\/4-1-1024x576.png 1024w, https:\/\/ifesworld.org\/wp-content\/uploads\/2023\/04\/4-1-300x169.png 300w, https:\/\/ifesworld.org\/wp-content\/uploads\/2023\/04\/4-1-768x432.png 768w, https:\/\/ifesworld.org\/wp-content\/uploads\/2023\/04\/4-1-1536x864.png 1536w, https:\/\/ifesworld.org\/wp-content\/uploads\/2023\/04\/4-1.png 1920w\" sizes=\"auto, (max-width: 1024px) 100vw, 1024px\" \/><\/figure>\n<\/div>\n<\/div>\n<\/div><\/div><\/div>\n<\/div>\n\n<div class=\"wp-block block-pb-accordion-item\">\n<div class=\"wp-block-pb-accordion-item c-accordion__item js-accordion-item no-js\" data-initially-open=\"false\" data-click-to-close=\"true\" data-auto-close=\"true\" data-scroll=\"false\" data-scroll-offset=\"0\"><h2 id=\"at-246015\" class=\"c-accordion__title js-accordion-controller\" role=\"button\">JULIUS : \u00c9QUIPIER DU TOGO\u00a0<\/h2><div id=\"ac-246015\" class=\"c-accordion__content\"><div class=\"wp-block block-core-columns\">\n<div class=\"wp-block-columns is-layout-flex wp-container-core-columns-is-layout-8f761849 wp-block-columns-is-layout-flex\">\n<div class=\"wp-block-column is-layout-flow wp-block-column-is-layout-flow\"><div class=\"wp-block block-core-columns\">\n<div class=\"wp-block-columns is-layout-flex wp-container-core-columns-is-layout-8f761849 wp-block-columns-is-layout-flex\">\n<div class=\"wp-block-column is-layout-flow wp-block-column-is-layout-flow\">\n<figure class=\"wp-block-image size-large\"><img loading=\"lazy\" decoding=\"async\" width=\"1024\" height=\"576\" src=\"https:\/\/ifesworld.org\/wp-content\/uploads\/2023\/04\/3-1024x576.png\" alt=\"\" class=\"wp-image-24609\" srcset=\"https:\/\/ifesworld.org\/wp-content\/uploads\/2023\/04\/3-1024x576.png 1024w, https:\/\/ifesworld.org\/wp-content\/uploads\/2023\/04\/3-300x169.png 300w, https:\/\/ifesworld.org\/wp-content\/uploads\/2023\/04\/3-768x432.png 768w, https:\/\/ifesworld.org\/wp-content\/uploads\/2023\/04\/3-1536x864.png 1536w, https:\/\/ifesworld.org\/wp-content\/uploads\/2023\/04\/3.png 1920w\" sizes=\"auto, (max-width: 1024px) 100vw, 1024px\" \/><\/figure>\n<\/div>\n\n\n\n<div class=\"wp-block-column is-layout-flow wp-block-column-is-layout-flow\"><div class=\"wp-block block-core-paragraph\">\n<p class=\"wp-block-paragraph\">L\u2019organisation de Julius a une v\u00e9ritable vision pour la croissance : mettre en place des groupes dans de nouveaux types d\u2019institutions, acheter un terrain pour construire un b\u00e2timent pour le minist\u00e8re et se concentrer sur les petits groupes puisque les grands rassemblements sont encore interdits. Pour les \u00e9tudiants et \u00e9l\u00e8ves dans l\u2019incapacit\u00e9 de participer \u00e0 leurs groupes, ils ont aussi d\u00e9velopp\u00e9 un mod\u00e8le de \u00ab\u202fcellules [locales] mixtes\u202f\u00bb qui \u00ab\u202fgarde tout le monde en lien avec la parole de Dieu dans la communion et la pri\u00e8re, et qui assure une meilleure vitalit\u00e9 au mouvement\u202f\u00bb. Toutes ces choses cr\u00e9ent de nouvelles opportunit\u00e9s et d\u00e9fis, qu\u2019il aimerait partager et discuter avec d\u2019autres \u00e0 l\u2019Assembl\u00e9e mondiale.\u202f&nbsp;<\/p>\n<\/div><\/div>\n<\/div>\n<\/div><\/div>\n<\/div>\n<\/div><\/div><\/div>\n<\/div><\/div>\n<\/div><\/div>\n\n<div class=\"wp-block block-acf-spacer\">\n<div id=\"spacer-block_bef3ed5c6f774fb5d8d1b45e7688c274\" class=\"\">\n    <div aria-hidden=\"true\" class=\"wp-block-spacer spacer--md\"><\/div>\n<\/div>\n<\/div>\n\n<div class=\"wp-block block-core-group alignwide\">\n<div class=\"wp-block-group alignwide has-white-color has-accent-background-color has-text-color has-background\"><div class=\"wp-block-group__inner-container is-layout-flow wp-block-group-is-layout-flow\"><div class=\"wp-block block-core-paragraph\">\n<p class=\"has-md-font-size wp-block-paragraph\"><strong>Merci de donner ce que vous pouvez <\/strong>pour donner la possibilit\u00e9 \u00e0 ces candidats et \u00e0 d&rsquo;autres de pouvoir partager, se rencontrer et apprendre comment renforcer leur r\u00e9silience lors de l&rsquo;Assembl\u00e9e mondiale.&nbsp;<\/p>\n<\/div>\n\n<div class=\"wp-block block-core-paragraph\">\n<p class=\"wp-block-paragraph\">Quoi que vous puissiez vous permettre de donner, nous vous en serons profond\u00e9ment reconnaissants, et nos candidats aussi\u202f!&nbsp;&nbsp;<\/p>\n<\/div>\n\n<div class=\"wp-block block-acf-ifesbutton\">\n<div class=\"\">\n    <a id=\"btn-block_84963a8f77b46b40fc281210e0b1e90d\" target=\"\" href=\"https:\/\/ifesworld.org\/fr\/donner\/?fund=IN000_PGGD&#038;location=row&#038;source=23CCAPGGDW\" class=\"btn btn--tertiary\">\n        <span>\n        Donner maintenant         <\/span>\n    <\/a>\n<\/div>\n\n<\/div><\/div>\n<\/div><\/div>","protected":false},"excerpt":{"rendered":"<p>&nbsp; Aidez-nous \u00e0 r\u00e9unir des voix du monde entier \u00e0 l&rsquo;Assembl\u00e9e mondiale de cette ann\u00e9e Votre don permettra \u00e0 au moins 25 \u00e9tudiants et membres du personnel de pays d&rsquo;Afrique, d&rsquo;Eurasie, du Moyen-Orient et d&rsquo;ailleurs de partager leurs exp\u00e9riences \u00e0 l&rsquo;Assembl\u00e9e mondiale 2023 et de rentrer chez eux avec de nouvelles id\u00e9es et strat\u00e9gies. Au&#8230;<\/p>\n","protected":false},"author":2,"featured_media":25476,"parent":0,"menu_order":0,"comment_status":"closed","ping_status":"closed","template":"","meta":{"_acf_changed":false,"_crdt_document":"","inline_featured_image":false,"footnotes":""},"area":[],"theme":[],"class_list":["post-24601","page","type-page","status-publish","has-post-thumbnail","hentry"],"acf":[],"yoast_head":"<!-- This site is optimized with the Yoast SEO plugin v27.2 - https:\/\/yoast.com\/product\/yoast-seo-wordpress\/ -->\n<title>Bourses de l&#039;assembl\u00e9e Mondiale 2023 &#183; IFES<\/title>\n<meta name=\"description\" content=\"&nbsp; Aidez-nous \u00e0 r\u00e9unir des voix du monde entier \u00e0 l&#039;Assembl\u00e9e mondiale de cette ann\u00e9e Votre don permettra \u00e0 au moins 25 \u00e9tudiants et membres du\" \/>\n<meta name=\"robots\" content=\"index, follow, max-snippet:-1, max-image-preview:large, max-video-preview:-1\" \/>\n<link rel=\"canonical\" href=\"https:\/\/ifesworld.org\/en\/world-assembly-scholarships-2023\/\" \/>\n<meta property=\"og:locale\" content=\"fr_FR\" \/>\n<meta property=\"og:type\" content=\"article\" \/>\n<meta property=\"og:title\" content=\"Bourses de l&#039;assembl\u00e9e Mondiale 2023 &#183; IFES\" \/>\n<meta property=\"og:description\" content=\"&nbsp; Aidez-nous \u00e0 r\u00e9unir des voix du monde entier \u00e0 l&#039;Assembl\u00e9e mondiale de cette ann\u00e9e Votre don permettra \u00e0 au moins 25 \u00e9tudiants et membres du\" \/>\n<meta property=\"og:url\" content=\"https:\/\/ifesworld.org\/en\/world-assembly-scholarships-2023\/\" \/>\n<meta property=\"og:site_name\" content=\"IFES\" \/>\n<meta property=\"article:modified_time\" content=\"2023-11-20T15:01:21+00:00\" \/>\n<meta property=\"og:image\" content=\"https:\/\/ifesworld.org\/wp-content\/uploads\/2023\/04\/EN-3-1.png\" \/>\n\t<meta property=\"og:image:width\" content=\"1200\" \/>\n\t<meta property=\"og:image:height\" content=\"450\" \/>\n\t<meta property=\"og:image:type\" content=\"image\/png\" \/>\n<meta name=\"twitter:card\" content=\"summary_large_image\" \/>\n<meta name=\"twitter:label1\" content=\"Dur\u00e9e de lecture estim\u00e9e\" \/>\n\t<meta name=\"twitter:data1\" content=\"7 minutes\" \/>\n<script type=\"application\/ld+json\" class=\"yoast-schema-graph\">{\"@context\":\"https:\/\/schema.org\",\"@graph\":[{\"@type\":\"WebPage\",\"@id\":\"https:\/\/ifesworld.org\/en\/world-assembly-scholarships-2023\/\",\"url\":\"https:\/\/ifesworld.org\/en\/world-assembly-scholarships-2023\/\",\"name\":\"Bourses de l'assembl\u00e9e Mondiale 2023 &#183; IFES\",\"isPartOf\":{\"@id\":\"https:\/\/ifesworld.org\/es\/#website\"},\"primaryImageOfPage\":{\"@id\":\"https:\/\/ifesworld.org\/en\/world-assembly-scholarships-2023\/#primaryimage\"},\"image\":{\"@id\":\"https:\/\/ifesworld.org\/en\/world-assembly-scholarships-2023\/#primaryimage\"},\"thumbnailUrl\":\"https:\/\/ifesworld.org\/wp-content\/uploads\/2023\/04\/EN-3-1.png\",\"datePublished\":\"2023-04-10T09:34:45+00:00\",\"dateModified\":\"2023-11-20T15:01:21+00:00\",\"description\":\"&nbsp; Aidez-nous \u00e0 r\u00e9unir des voix du monde entier \u00e0 l'Assembl\u00e9e mondiale de cette ann\u00e9e Votre don permettra \u00e0 au moins 25 \u00e9tudiants et membres du\",\"breadcrumb\":{\"@id\":\"https:\/\/ifesworld.org\/en\/world-assembly-scholarships-2023\/#breadcrumb\"},\"inLanguage\":\"fr-FR\",\"potentialAction\":[{\"@type\":\"ReadAction\",\"target\":[\"https:\/\/ifesworld.org\/en\/world-assembly-scholarships-2023\/\"]}]},{\"@type\":\"ImageObject\",\"inLanguage\":\"fr-FR\",\"@id\":\"https:\/\/ifesworld.org\/en\/world-assembly-scholarships-2023\/#primaryimage\",\"url\":\"https:\/\/ifesworld.org\/wp-content\/uploads\/2023\/04\/EN-3-1.png\",\"contentUrl\":\"https:\/\/ifesworld.org\/wp-content\/uploads\/2023\/04\/EN-3-1.png\",\"width\":1200,\"height\":450},{\"@type\":\"BreadcrumbList\",\"@id\":\"https:\/\/ifesworld.org\/en\/world-assembly-scholarships-2023\/#breadcrumb\",\"itemListElement\":[{\"@type\":\"ListItem\",\"position\":1,\"name\":\"Home\",\"item\":\"https:\/\/ifesworld.org\/fr\/\"},{\"@type\":\"ListItem\",\"position\":2,\"name\":\"Bourses de l&#8217;assembl\u00e9e Mondiale 2023\"}]},{\"@type\":\"WebSite\",\"@id\":\"https:\/\/ifesworld.org\/es\/#website\",\"url\":\"https:\/\/ifesworld.org\/es\/\",\"name\":\"IFES\",\"description\":\"A movement of students sharing and living out the good news of Jesus Christ. Locally. Nationally. Globally.\",\"publisher\":{\"@id\":\"https:\/\/ifesworld.org\/es\/#organization\"},\"potentialAction\":[{\"@type\":\"SearchAction\",\"target\":{\"@type\":\"EntryPoint\",\"urlTemplate\":\"https:\/\/ifesworld.org\/es\/?s={search_term_string}\"},\"query-input\":{\"@type\":\"PropertyValueSpecification\",\"valueRequired\":true,\"valueName\":\"search_term_string\"}}],\"inLanguage\":\"fr-FR\"},{\"@type\":\"Organization\",\"@id\":\"https:\/\/ifesworld.org\/es\/#organization\",\"name\":\"IFES \u00b7 International Fellowship of Evangelical Students\",\"url\":\"https:\/\/ifesworld.org\/es\/\",\"logo\":{\"@type\":\"ImageObject\",\"inLanguage\":\"fr-FR\",\"@id\":\"https:\/\/ifesworld.org\/es\/#\/schema\/logo\/image\/\",\"url\":\"https:\/\/ifesworld.org\/wp-content\/uploads\/2019\/06\/ifeslogo.png\",\"contentUrl\":\"https:\/\/ifesworld.org\/wp-content\/uploads\/2019\/06\/ifeslogo.png\",\"width\":262,\"height\":262,\"caption\":\"IFES \u00b7 International Fellowship of Evangelical Students\"},\"image\":{\"@id\":\"https:\/\/ifesworld.org\/es\/#\/schema\/logo\/image\/\"}}]}<\/script>\n<!-- \/ Yoast SEO plugin. -->","yoast_head_json":{"title":"Bourses de l'assembl\u00e9e Mondiale 2023 &#183; IFES","description":"&nbsp; Aidez-nous \u00e0 r\u00e9unir des voix du monde entier \u00e0 l'Assembl\u00e9e mondiale de cette ann\u00e9e Votre don permettra \u00e0 au moins 25 \u00e9tudiants et membres du","robots":{"index":"index","follow":"follow","max-snippet":"max-snippet:-1","max-image-preview":"max-image-preview:large","max-video-preview":"max-video-preview:-1"},"canonical":"https:\/\/ifesworld.org\/en\/world-assembly-scholarships-2023\/","og_locale":"fr_FR","og_type":"article","og_title":"Bourses de l'assembl\u00e9e Mondiale 2023 &#183; IFES","og_description":"&nbsp; Aidez-nous \u00e0 r\u00e9unir des voix du monde entier \u00e0 l'Assembl\u00e9e mondiale de cette ann\u00e9e Votre don permettra \u00e0 au moins 25 \u00e9tudiants et membres du","og_url":"https:\/\/ifesworld.org\/en\/world-assembly-scholarships-2023\/","og_site_name":"IFES","article_modified_time":"2023-11-20T15:01:21+00:00","og_image":[{"width":1200,"height":450,"url":"https:\/\/ifesworld.org\/wp-content\/uploads\/2023\/04\/EN-3-1.png","type":"image\/png"}],"twitter_card":"summary_large_image","twitter_misc":{"Dur\u00e9e de lecture estim\u00e9e":"7 minutes"},"schema":{"@context":"https:\/\/schema.org","@graph":[{"@type":"WebPage","@id":"https:\/\/ifesworld.org\/en\/world-assembly-scholarships-2023\/","url":"https:\/\/ifesworld.org\/en\/world-assembly-scholarships-2023\/","name":"Bourses de l'assembl\u00e9e Mondiale 2023 &#183; IFES","isPartOf":{"@id":"https:\/\/ifesworld.org\/es\/#website"},"primaryImageOfPage":{"@id":"https:\/\/ifesworld.org\/en\/world-assembly-scholarships-2023\/#primaryimage"},"image":{"@id":"https:\/\/ifesworld.org\/en\/world-assembly-scholarships-2023\/#primaryimage"},"thumbnailUrl":"https:\/\/ifesworld.org\/wp-content\/uploads\/2023\/04\/EN-3-1.png","datePublished":"2023-04-10T09:34:45+00:00","dateModified":"2023-11-20T15:01:21+00:00","description":"&nbsp; Aidez-nous \u00e0 r\u00e9unir des voix du monde entier \u00e0 l'Assembl\u00e9e mondiale de cette ann\u00e9e Votre don permettra \u00e0 au moins 25 \u00e9tudiants et membres du","breadcrumb":{"@id":"https:\/\/ifesworld.org\/en\/world-assembly-scholarships-2023\/#breadcrumb"},"inLanguage":"fr-FR","potentialAction":[{"@type":"ReadAction","target":["https:\/\/ifesworld.org\/en\/world-assembly-scholarships-2023\/"]}]},{"@type":"ImageObject","inLanguage":"fr-FR","@id":"https:\/\/ifesworld.org\/en\/world-assembly-scholarships-2023\/#primaryimage","url":"https:\/\/ifesworld.org\/wp-content\/uploads\/2023\/04\/EN-3-1.png","contentUrl":"https:\/\/ifesworld.org\/wp-content\/uploads\/2023\/04\/EN-3-1.png","width":1200,"height":450},{"@type":"BreadcrumbList","@id":"https:\/\/ifesworld.org\/en\/world-assembly-scholarships-2023\/#breadcrumb","itemListElement":[{"@type":"ListItem","position":1,"name":"Home","item":"https:\/\/ifesworld.org\/fr\/"},{"@type":"ListItem","position":2,"name":"Bourses de l&#8217;assembl\u00e9e Mondiale 2023"}]},{"@type":"WebSite","@id":"https:\/\/ifesworld.org\/es\/#website","url":"https:\/\/ifesworld.org\/es\/","name":"IFES","description":"A movement of students sharing and living out the good news of Jesus Christ. Locally. Nationally. Globally.","publisher":{"@id":"https:\/\/ifesworld.org\/es\/#organization"},"potentialAction":[{"@type":"SearchAction","target":{"@type":"EntryPoint","urlTemplate":"https:\/\/ifesworld.org\/es\/?s={search_term_string}"},"query-input":{"@type":"PropertyValueSpecification","valueRequired":true,"valueName":"search_term_string"}}],"inLanguage":"fr-FR"},{"@type":"Organization","@id":"https:\/\/ifesworld.org\/es\/#organization","name":"IFES \u00b7 International Fellowship of Evangelical Students","url":"https:\/\/ifesworld.org\/es\/","logo":{"@type":"ImageObject","inLanguage":"fr-FR","@id":"https:\/\/ifesworld.org\/es\/#\/schema\/logo\/image\/","url":"https:\/\/ifesworld.org\/wp-content\/uploads\/2019\/06\/ifeslogo.png","contentUrl":"https:\/\/ifesworld.org\/wp-content\/uploads\/2019\/06\/ifeslogo.png","width":262,"height":262,"caption":"IFES \u00b7 International Fellowship of Evangelical Students"},"image":{"@id":"https:\/\/ifesworld.org\/es\/#\/schema\/logo\/image\/"}}]}},"_links":{"self":[{"href":"https:\/\/ifesworld.org\/fr\/wp-json\/wp\/v2\/pages\/24601","targetHints":{"allow":["GET"]}}],"collection":[{"href":"https:\/\/ifesworld.org\/fr\/wp-json\/wp\/v2\/pages"}],"about":[{"href":"https:\/\/ifesworld.org\/fr\/wp-json\/wp\/v2\/types\/page"}],"author":[{"embeddable":true,"href":"https:\/\/ifesworld.org\/fr\/wp-json\/wp\/v2\/users\/2"}],"replies":[{"embeddable":true,"href":"https:\/\/ifesworld.org\/fr\/wp-json\/wp\/v2\/comments?post=24601"}],"version-history":[{"count":0,"href":"https:\/\/ifesworld.org\/fr\/wp-json\/wp\/v2\/pages\/24601\/revisions"}],"wp:featuredmedia":[{"embeddable":true,"href":"https:\/\/ifesworld.org\/fr\/wp-json\/wp\/v2\/media\/25476"}],"wp:attachment":[{"href":"https:\/\/ifesworld.org\/fr\/wp-json\/wp\/v2\/media?parent=24601"}],"wp:term":[{"taxonomy":"area","embeddable":true,"href":"https:\/\/ifesworld.org\/fr\/wp-json\/wp\/v2\/area?post=24601"},{"taxonomy":"theme","embeddable":true,"href":"https:\/\/ifesworld.org\/fr\/wp-json\/wp\/v2\/theme?post=24601"}],"curies":[{"name":"wp","href":"https:\/\/api.w.org\/{rel}","templated":true}]}}