{"id":19658,"date":"2022-09-13T14:15:17","date_gmt":"2022-09-13T13:15:17","guid":{"rendered":"https:\/\/ifesworld.org\/?page_id=19658"},"modified":"2022-11-18T15:28:31","modified_gmt":"2022-11-18T15:28:31","slug":"rapport-annuel-de-lifes-2021-2022","status":"publish","type":"page","link":"https:\/\/ifesworld.org\/fr\/rapport-annuel-de-lifes-2021-2022\/","title":{"rendered":"Rapport annuel de l&rsquo;IFES 2021-2022"},"content":{"rendered":"<div class=\"wp-block block-core-group alignfull\">\n<div class=\"wp-block-group alignfull has-white-background-color has-background\"><div class=\"wp-block-group__inner-container is-layout-flow wp-block-group-is-layout-flow\"><div class=\"wp-block block-core-heading\">\n<h1 class=\"wp-block-heading\"><strong>Un mot de Tim Adams, Secr\u00e9taire g\u00e9n\u00e9ral de l&rsquo;IFES<\/strong><\/h1>\n<\/div>\n\n<div class=\"wp-block block-core-paragraph\">\n<p class=\"wp-block-paragraph\">Chers amis,<\/p>\n<\/div>\n\n<div class=\"wp-block block-core-quote is-style-default\">\n<blockquote class=\"wp-block-quote is-style-default is-layout-flow wp-block-quote-is-layout-flow\"><p><em><em>Ayez du z\u00e8le, et non de la paresse. Soyez fervents d\u2019esprit. Servez le Seigneur. R\u00e9jouissez-vous en esp\u00e9rance. Soyez patients dans l\u2019affliction. Pers\u00e9v\u00e9rez dans la pri\u00e8re.<\/em><\/em><\/p><cite><em><em><em>Romains 12.11-12<\/em><\/em><\/em><\/cite><\/blockquote>\n<\/div>\n\n<div class=\"wp-block block-core-gallery\">\n<figure class=\"wp-block-gallery has-nested-images columns-default is-cropped wp-block-gallery-1 is-layout-flex wp-block-gallery-is-layout-flex\">\n<figure class=\"wp-block-image size-large\"><img loading=\"lazy\" decoding=\"async\" width=\"2560\" height=\"902\" data-id=\"19575\" src=\"https:\/\/ifesworld.org\/wp-content\/uploads\/2022\/09\/p0220-20IFES20Senior20staff20in20Oxford20Dec20202120table20casual-scaled-e1662739288231.jpg\" alt=\"\" class=\"wp-image-19575\" srcset=\"https:\/\/ifesworld.org\/wp-content\/uploads\/2022\/09\/p0220-20IFES20Senior20staff20in20Oxford20Dec20202120table20casual-scaled-e1662739288231.jpg 2560w, https:\/\/ifesworld.org\/wp-content\/uploads\/2022\/09\/p0220-20IFES20Senior20staff20in20Oxford20Dec20202120table20casual-scaled-e1662739288231-300x106.jpg 300w, https:\/\/ifesworld.org\/wp-content\/uploads\/2022\/09\/p0220-20IFES20Senior20staff20in20Oxford20Dec20202120table20casual-scaled-e1662739288231-1024x361.jpg 1024w, https:\/\/ifesworld.org\/wp-content\/uploads\/2022\/09\/p0220-20IFES20Senior20staff20in20Oxford20Dec20202120table20casual-scaled-e1662739288231-768x271.jpg 768w, https:\/\/ifesworld.org\/wp-content\/uploads\/2022\/09\/p0220-20IFES20Senior20staff20in20Oxford20Dec20202120table20casual-scaled-e1662739288231-1536x541.jpg 1536w, https:\/\/ifesworld.org\/wp-content\/uploads\/2022\/09\/p0220-20IFES20Senior20staff20in20Oxford20Dec20202120table20casual-scaled-e1662739288231-2048x722.jpg 2048w\" sizes=\"auto, (max-width: 2560px) 100vw, 2560px\" \/><figcaption>Tim rencontre son \u00e9quipe centrale \u00e0 Oxford<\/figcaption><\/figure>\n<\/figure>\n<\/div>\n\n<div class=\"wp-block block-core-paragraph\">\n<p class=\"wp-block-paragraph\">Cette exhortation est devenue pour moi un refrain tout au long de l\u2019ann\u00e9e 2021, ma premi\u00e8re en tant que secr\u00e9taire g\u00e9n\u00e9ral de l\u2019IFES. Je continue de la garder comme fond d\u2019\u00e9cran.<\/p>\n<\/div>\n\n<div class=\"wp-block block-core-paragraph\">\n<p class=\"wp-block-paragraph\">Ce fut un d\u00e9but d\u2019ann\u00e9e difficile dans toute l\u2019union. Il y eut beaucoup de moments de frustration, de douleur et de larmes \u00e0 mesure que les vagues d\u00e9vastatrices de la Covid-19 frappaient les diff\u00e9rents mouvements nationaux dans le monde entier. En juillet, nous avons eu une semaine de lamentation dans l\u2019esp\u00e9rance, qui s\u2019est termin\u00e9e par un culte mondial en ligne. Nous nous sommes r\u00e9unis pour pleurer les personnes que nous avons perdues et le minist\u00e8re qui a \u00e9t\u00e9 interrompu. Nous avons \u00e9t\u00e9 honn\u00eates dans nos cris devant notre Dieu et d\u00e9lib\u00e9r\u00e9s dans notre d\u00e9cision de regarder \u00e0 lui avec espoir.<\/p>\n<\/div>\n\n<div class=\"wp-block block-core-paragraph\">\n<p class=\"wp-block-paragraph\">C\u2019est avec ce m\u00eame espoir d\u00e9lib\u00e9r\u00e9 que nous avons d\u00e9fini notre orientation pour les ann\u00e9es \u00e0 venir autour de la vision \u00ab&nbsp;Cro\u00eetre ensemble&nbsp;\u00bb : cro\u00eetre dans le t\u00e9moignage ; cro\u00eetre dans l\u2019engagement holistique ; cro\u00eetre sur de nouveaux territoires et cro\u00eetre dans l\u2019avenir.<\/p>\n<\/div>\n\n<div class=\"wp-block block-core-columns\">\n<div class=\"wp-block-columns is-layout-flex wp-container-core-columns-is-layout-8f761849 wp-block-columns-is-layout-flex\">\n<div class=\"wp-block-column is-layout-flow wp-block-column-is-layout-flow\" style=\"flex-basis:66.66%\"><div class=\"wp-block block-core-paragraph\">\n<p class=\"wp-block-paragraph\">Comme vous pourrez le lire dans ce rapport, il y a m\u00eame dans une ann\u00e9e difficile de nombreuses preuves de la pr\u00e9sence de Dieu aupr\u00e8s des \u00e9tudiants et des mouvements. Ces derniers mois, il a \u00e9t\u00e9 possible de rencontrer en personne certains responsables nationaux et membres du personnel. Malgr\u00e9 une fragilit\u00e9 bien pr\u00e9sente, il est frappant de constater comment les groupes locaux et mouvements nationaux ont rebondi ; certains \u00e9v\u00e9nements comptent m\u00eame plus d\u2019\u00e9tudiants qu\u2019avant.<\/p>\n<\/div>\n\n<div class=\"wp-block block-core-paragraph\">\n<p class=\"wp-block-paragraph\">Je me suis r\u00e9cemment assis avec le responsable du travail parmi les \u00e9tudiants d\u2019un pays d\u2019Eurasie qui m\u2019a parl\u00e9 de leurs \u00e9v\u00e9nements d\u2019\u00e9vang\u00e9lisation. Ils voient des \u00e9tudiants internationaux venir \u00e0 la foi, certains provenant de pays dits \u00ab&nbsp;ferm\u00e9s&nbsp;\u00bb. Quand ces \u00e9tudiants passent dans d\u2019autres pays, le mouvement les met en contact avec d\u2019autres \u00e9glises et mouvements de l\u2019IFES afin qu\u2019ils puissent continuer \u00e0 grandir dans la foi.<\/p>\n<\/div>\n\n<div class=\"wp-block block-core-paragraph\">\n<p class=\"wp-block-paragraph\">Nous observons souvent cette communion et forme de partenariat entre mouvements au sein de l\u2019IFES. Elle se voit quand les mouvements se soutiennent et s\u2019\u00e9quipent mutuellement dans des projets, tels que les efforts d\u2019implantation du minist\u00e8re \u00ab&nbsp;D\u00e9fricher de nouveaux territoires&nbsp;\u00bb. Nous avons observ\u00e9 un d\u00e9versement d\u2019amour en r\u00e9action \u00e0 la guerre en Ukraine. Le personnel du CCX Ukraine a aid\u00e9 des centaines d\u2019\u00e9tudiants internationaux \u00e0 se mettre en s\u00e9curit\u00e9. Des groupes \u00e9tudiants de pays voisins ont offert de l\u2019aide pratique et des conseils. Nos \u00e9tudiants, notre personnel et nos amis aident des r\u00e9fugi\u00e9s dans leur voyage en ouvrant leurs maisons, en offrant de l\u2019aide pratique et en priant fid\u00e8lement ensemble.<\/p>\n<\/div><\/div>\n\n\n\n<div class=\"wp-block-column is-layout-flow wp-block-column-is-layout-flow\" style=\"flex-basis:33.33%\"><div class=\"wp-block-image\">\n<figure class=\"aligncenter size-large\"><img loading=\"lazy\" decoding=\"async\" width=\"1707\" height=\"2560\" src=\"https:\/\/ifesworld.org\/wp-content\/uploads\/2022\/09\/DSC04907-edited-scaled.jpg\" alt=\"\" class=\"wp-image-19544\" srcset=\"https:\/\/ifesworld.org\/wp-content\/uploads\/2022\/09\/DSC04907-edited-scaled.jpg 1707w, https:\/\/ifesworld.org\/wp-content\/uploads\/2022\/09\/DSC04907-edited-200x300.jpg 200w, https:\/\/ifesworld.org\/wp-content\/uploads\/2022\/09\/DSC04907-edited-683x1024.jpg 683w, https:\/\/ifesworld.org\/wp-content\/uploads\/2022\/09\/DSC04907-edited-768x1151.jpg 768w, https:\/\/ifesworld.org\/wp-content\/uploads\/2022\/09\/DSC04907-edited-1024x1536.jpg 1024w, https:\/\/ifesworld.org\/wp-content\/uploads\/2022\/09\/DSC04907-edited-1366x2048.jpg 1366w\" sizes=\"auto, (max-width: 1707px) 100vw, 1707px\" \/><\/figure>\n<\/div><\/div>\n<\/div>\n<\/div>\n\n<div class=\"wp-block block-core-paragraph\">\n<p class=\"wp-block-paragraph\">Pour l&rsquo;avenir, cette connexion est essentielle \u00e0 mesure que l&rsquo;IFES nourrit et renforce les mouvements nationaux, afin que les \u00e9tudiants et les dipl\u00f4m\u00e9s croissent en tant que t\u00e9moins du Christ. Nous continuerons \u00e0 conna\u00eetre des d\u00e9fis, et je prie que cette exhortation de Romains 12 demeure vraie pour nous tous.<\/p>\n<\/div>\n\n<div class=\"wp-block block-core-paragraph\">\n<p class=\"wp-block-paragraph\">Sinc\u00e8res salutations en Christ,<\/p>\n<\/div>\n\n<div class=\"wp-block block-core-columns\">\n<div class=\"wp-block-columns is-layout-flex wp-container-core-columns-is-layout-8f761849 wp-block-columns-is-layout-flex\">\n<div class=\"wp-block-column is-layout-flow wp-block-column-is-layout-flow\" style=\"flex-basis:33.33%\"><div class=\"wp-block-image\">\n<figure class=\"alignleft size-large\"><img loading=\"lazy\" decoding=\"async\" width=\"90\" height=\"50\" src=\"https:\/\/ifesworld.org\/wp-content\/uploads\/2021\/06\/Tim-Adams-signature-e1622565509446.jpg\" alt=\"\" class=\"wp-image-15843\"\/><\/figure>\n<\/div><\/div>\n\n\n\n<div class=\"wp-block-column is-layout-flow wp-block-column-is-layout-flow\" style=\"flex-basis:66.66%\"><div class=\"wp-block block-core-paragraph\">\n<p class=\"wp-block-paragraph\">Tim Adams&nbsp;<br>Secr\u00e9taire g\u00e9n\u00e9ral de l&rsquo;IFES<\/p>\n<\/div><\/div>\n<\/div>\n<\/div><\/div>\n<\/div><\/div>\n\n<div class=\"wp-block block-core-paragraph\">\n<p class=\"wp-block-paragraph\"><\/p>\n<\/div>\n\n<div class=\"wp-block block-core-cover alignfull\">\n<div class=\"wp-block-cover alignfull\"><span aria-hidden=\"true\" class=\"wp-block-cover__background has-background-dim\"><\/span><img loading=\"lazy\" decoding=\"async\" width=\"2560\" height=\"1707\" class=\"wp-block-cover__image-background wp-image-19562\" alt=\"UCCF Great Britain Students at Forum Worship\" src=\"https:\/\/ifesworld.org\/wp-content\/uploads\/2022\/09\/p00-filler-UCCF-students-at-Forum-worship-2-scaled.jpg\" style=\"object-position:53% 4%\" data-object-fit=\"cover\" data-object-position=\"53% 4%\" srcset=\"https:\/\/ifesworld.org\/wp-content\/uploads\/2022\/09\/p00-filler-UCCF-students-at-Forum-worship-2-scaled.jpg 2560w, https:\/\/ifesworld.org\/wp-content\/uploads\/2022\/09\/p00-filler-UCCF-students-at-Forum-worship-2-300x200.jpg 300w, https:\/\/ifesworld.org\/wp-content\/uploads\/2022\/09\/p00-filler-UCCF-students-at-Forum-worship-2-1024x683.jpg 1024w, https:\/\/ifesworld.org\/wp-content\/uploads\/2022\/09\/p00-filler-UCCF-students-at-Forum-worship-2-768x512.jpg 768w, https:\/\/ifesworld.org\/wp-content\/uploads\/2022\/09\/p00-filler-UCCF-students-at-Forum-worship-2-1536x1024.jpg 1536w, https:\/\/ifesworld.org\/wp-content\/uploads\/2022\/09\/p00-filler-UCCF-students-at-Forum-worship-2-2048x1365.jpg 2048w\" sizes=\"auto, (max-width: 2560px) 100vw, 2560px\" \/><div class=\"wp-block-cover__inner-container is-layout-flow wp-block-cover-is-layout-flow\"><div class=\"wp-block block-core-heading\">\n<h1 class=\"has-white-color has-text-color wp-block-heading\"><strong>NOTRE VISION<\/strong><\/h1>\n<\/div>\n\n<div class=\"wp-block block-core-paragraph\">\n<p class=\"wp-block-paragraph\">Notre vision est de voir les \u00e9tudiants cro\u00eetre ensemble en tant que communaut\u00e9s de disciples, transform\u00e9s par l\u2019\u00c9vangile, et avoir un impact \u00e0 l\u2019universit\u00e9, dans l\u2019\u00c9glise et dans la soci\u00e9t\u00e9 pour la gloire du Christ.<\/p>\n<\/div>\n\n<div class=\"wp-block block-core-paragraph\">\n<p class=\"wp-block-paragraph\">L&rsquo;IFES fa\u00e7onne des vies et forme des responsables \u00e9tudiants dans le monde entier. Nous soutenons des mouvements \u00e9tudiants dirig\u00e9s localement dans plus de 180 pays et nous \u0153uvrons pour qu\u2019un t\u00e9moignage \u00e9tudiant soit \u00e9tabli dans chaque universit\u00e9 \u00e0 travers le monde.<\/p>\n<\/div><\/div><\/div>\n<\/div>\n\n<div class=\"wp-block block-core-group alignfull\">\n<div class=\"wp-block-group alignfull has-white-dark-background-color has-background\"><div class=\"wp-block-group__inner-container is-layout-flow wp-block-group-is-layout-flow\"><div class=\"wp-block block-core-heading\">\n<h1 class=\"has-text-align-left has-primary-color has-text-color wp-block-heading\"><strong>NOTRE TRAVAIL<\/strong><\/h1>\n<\/div>\n\n<div class=\"wp-block block-pb-accordion-item\">\n<div class=\"wp-block-pb-accordion-item c-accordion__item js-accordion-item no-js\" data-initially-open=\"false\" data-click-to-close=\"true\" data-auto-close=\"true\" data-scroll=\"false\" data-scroll-offset=\"0\"><h2 id=\"at-196580\" class=\"c-accordion__title js-accordion-controller\" role=\"button\"><strong>TRAVAIL PIONNIER : CRO\u00ceTRE SUR DE NOUVEAUX TERRITOIRES<\/strong><\/h2><div id=\"ac-196580\" class=\"c-accordion__content\"><div class=\"wp-block block-core-paragraph\">\n<p class=\"wp-block-paragraph\">Il existe encore des milliers de campus dans le monde sans aucune pr\u00e9sence chr\u00e9tienne. L\u2019IFES s\u2019efforce de donner \u00e0 chaque \u00e9tudiant la chance d\u2019entendre parler de J\u00e9sus en s\u2019implantant dans de nouveaux campus, villes et pays.&nbsp;<\/p>\n<\/div>\n\n<div class=\"wp-block block-core-paragraph\">\n<p class=\"wp-block-paragraph\">Apr\u00e8s l\u2019Assembl\u00e9e mondiale de l\u2019IFES en 2019, Sam, un \u00e9quipier d\u2019InterVarsity \u00c9tats-Unis de culture tongienne, s\u2019est senti pouss\u00e9 \u00e0 relancer le minist\u00e8re de l\u2019IFES aux \u00eeles Tonga. Quand des probl\u00e8mes de visa l\u2019ont bloqu\u00e9, ce plan parfait semblait g\u00e2ch\u00e9. Mais Dieu agit de fa\u00e7on myst\u00e9rieuse. Rapidement, il s\u2019est trouv\u00e9 que Guam, une \u00eele sans passif avec l\u2019IFES, avait besoin d&rsquo;un minist\u00e8re \u00e9tudiant. De plus, puisque Guam est un territoire am\u00e9ricain, Sam n\u2019avait pas besoin de visa.<\/p>\n<\/div>\n\n<div class=\"wp-block block-core-gallery\">\n<figure class=\"wp-block-gallery has-nested-images columns-default is-cropped wp-block-gallery-2 is-layout-flex wp-block-gallery-is-layout-flex\">\n<figure class=\"wp-block-image size-large\"><img loading=\"lazy\" decoding=\"async\" width=\"1600\" height=\"900\" data-id=\"19596\" src=\"https:\/\/ifesworld.org\/wp-content\/uploads\/2022\/09\/p05-Sam-works-to-launch-ministry-in-Guam-edited.jpg\" alt=\"\" class=\"wp-image-19596\" srcset=\"https:\/\/ifesworld.org\/wp-content\/uploads\/2022\/09\/p05-Sam-works-to-launch-ministry-in-Guam-edited.jpg 1600w, https:\/\/ifesworld.org\/wp-content\/uploads\/2022\/09\/p05-Sam-works-to-launch-ministry-in-Guam-edited-300x169.jpg 300w, https:\/\/ifesworld.org\/wp-content\/uploads\/2022\/09\/p05-Sam-works-to-launch-ministry-in-Guam-edited-1024x576.jpg 1024w, https:\/\/ifesworld.org\/wp-content\/uploads\/2022\/09\/p05-Sam-works-to-launch-ministry-in-Guam-edited-768x432.jpg 768w, https:\/\/ifesworld.org\/wp-content\/uploads\/2022\/09\/p05-Sam-works-to-launch-ministry-in-Guam-edited-1536x864.jpg 1536w\" sizes=\"auto, (max-width: 1600px) 100vw, 1600px\" \/><figcaption>Lancement du minist\u00e8re \u00e0 Guam<\/figcaption><\/figure>\n<\/figure>\n<\/div>\n\n<div class=\"wp-block block-core-quote is-style-plain\">\n<blockquote class=\"wp-block-quote is-style-plain is-layout-flow wp-block-quote-is-layout-flow\"><p><em><em>Guam a \u00e9t\u00e9 l\u2019un des vrais temps forts du Pacifique Sud en 2021.&nbsp;Il s\u2019y tient d\u00e9sormais deux \u00e9tudes bibliques par semaine. Sam dirige l\u2019\u00e9tude biblique \u00e9tudiante locale, qui est elle-m\u00eame multiculturelle et se passe bien, et deux \u00e9tudiants dirigent une \u00e9tude biblique avec des \u00e9tudiants de Micron\u00e9sie. Vingt \u00e9tudiants viennent r\u00e9guli\u00e8rement, dont l\u2019un a r\u00e9cemment pris la d\u00e9cision de suivre J\u00e9sus et beaucoup d\u2019autres sont en recherche. <\/em>Jusqu\u2019\u00e0 pr\u00e9sent, <a>le minist\u00e8re<\/a><em> s\u2019est concentr\u00e9 sur l\u2019universit\u00e9 de Guam, mais il s\u2019\u00e9tend maintenant \u00e0 deux autres institutions.<\/em><\/em><\/p><cite><strong><strong>David, Secr\u00e9taire r\u00e9gional, IFES Pacifique Sud <\/strong><\/strong><\/cite><\/blockquote>\n<\/div>\n\n<div class=\"wp-block block-core-paragraph\">\n<p class=\"wp-block-paragraph\">En 2019, Jongho, de l\u2019\u00e9quipe r\u00e9gionale d\u2019Asie de l\u2019Est, a effectu\u00e9 un premier voyage dans un pays ferm\u00e9 afin d\u2019y commencer un travail pionnier. Mais la pand\u00e9mie l\u2019a emp\u00each\u00e9 de s\u2019y rendre \u00e0 nouveau. Toutefois, gr\u00e2ce au passage en ligne, le minist\u00e8re a pu commencer : des r\u00e9unions se sont tenues et l\u2019\u00c9vangile a \u00e9t\u00e9 partag\u00e9 malgr\u00e9 un contexte dans lequel le fait d\u2019\u00eatre chr\u00e9tien est tr\u00e8s difficile.<\/p>\n<\/div>\n\n<div class=\"wp-block block-core-quote is-style-plain\">\n<blockquote class=\"wp-block-quote is-style-plain is-layout-flow wp-block-quote-is-layout-flow\"><p><em><em>Le Seigneur a ferm\u00e9 une porte, mais en a ouverte une meilleure. Nous avons <\/em><a>beaucoup<\/a><em> progress\u00e9 et le premier \u00e9quipier local est enfin sur place. L&rsquo;\u0153uvre de Dieu est myst\u00e9rieuse et, pourtant, tout \u00e0 fait certaine.<\/em><\/em><\/p><cite><strong><strong>-Jongho, Secr\u00e9taire r\u00e9gional adjoint, Asie de l&rsquo;Est<\/strong><\/strong><\/cite><\/blockquote>\n<\/div><\/div><\/div>\n<\/div>\n\n<div class=\"wp-block block-pb-accordion-item\">\n<div class=\"wp-block-pb-accordion-item c-accordion__item js-accordion-item no-js\" data-initially-open=\"false\" data-click-to-close=\"true\" data-auto-close=\"true\" data-scroll=\"false\" data-scroll-offset=\"0\"><h2 id=\"at-196581\" class=\"c-accordion__title js-accordion-controller\" role=\"button\"><strong>\u00c9VANG\u00c9LISATION : CRO\u00ceTRE DANS LE T\u00c9MOIGNAGE<\/strong><\/h2><div id=\"ac-196581\" class=\"c-accordion__content\"><div class=\"wp-block block-core-paragraph\">\n<p class=\"wp-block-paragraph\"><em><em>Eh bien, moi je vous dis\u202f: Ouvrez vos yeux et regardez les champs\u202f; d\u00e9j\u00e0 les \u00e9pis sont blonds, pr\u00eats \u00e0 \u00eatre moissonn\u00e9s.<\/em> (Jean 4.35)<\/em><\/p>\n<\/div>\n\n<div class=\"wp-block block-core-paragraph\">\n<p class=\"wp-block-paragraph\">Nous croyons que le meilleur moyen d\u2019atteindre les \u00e9tudiants est de le faire par le biais d\u2019autres \u00e9tudiants. L\u2019IFES offre des formations, des fonds et du mat\u00e9riel pour \u00e9quiper les \u00e9tudiants dans leur t\u00e9moignage personnel et public.<\/p>\n<\/div>\n\n<div class=\"wp-block block-core-heading\">\n<h3 class=\"wp-block-heading\"><strong>Minist\u00e8re parmi les \u00e9tudiants internationaux<\/strong><\/h3>\n<\/div>\n\n<div class=\"wp-block block-core-paragraph\">\n<p class=\"wp-block-paragraph\">Avant la guerre, le CCX Ukraine a partag\u00e9 l\u2019histoire de Kamia, une jeune femme qui a quitt\u00e9 son foyer en Inde pour \u00e9tudier \u00e0 Lviv. Lorsque Zhenya, b\u00e9n\u00e9vole au CCX, a vu Kamia assise seule sur un banc entre les cours, elle a d\u00e9cid\u00e9 de la saluer. Les deux sont devenues amies et se sont mutuellement introduites dans les cercles sociaux de leurs pays respectifs. Inspir\u00e9 par ce lien, le CCX Lviv a lanc\u00e9 un club ukrainien pour les \u00e9tudiants internationaux, avec des cours de langue, des \u00e9changes culturels et des occasions de partager l\u2019\u00c9vangile. Dieu a utilis\u00e9 le courage de Zhenia pour cr\u00e9er des passerelles d\u2019\u00e9vang\u00e9lisation avec environ cinquante \u00e9tudiants internationaux.<\/p>\n<\/div>\n\n<div class=\"wp-block block-core-heading\">\n<h3 class=\"wp-block-heading\"><strong>Le r\u00e9seau FEUER<\/strong><\/h3>\n<\/div>\n\n<div class=\"wp-block block-core-paragraph\">\n<p class=\"wp-block-paragraph\">Cette ann\u00e9e, l\u2019union des \u00e9vang\u00e9listes dans les universit\u00e9s d\u2019Europe, appel\u00e9e FEUER (Fellowship of Evangelists in the Universities of Europe), a tenu un congr\u00e8s pour la premi\u00e8re fois depuis la pand\u00e9mie. Ses membres se sont r\u00e9unis pour partager, prier, s\u2019encourager et apprendre les uns des autres en rapport avec leur vision pour l\u2019\u00e9vang\u00e9lisation publique dans les universit\u00e9s europ\u00e9ennes. Joe, \u00e9quipier des GBU Portugal, a parl\u00e9 des difficult\u00e9s li\u00e9es \u00e0 l\u2019organisation de semaines missionnaires \u00e0 l\u2019universit\u00e9 dans le contexte de restrictions sanitaires en permanente \u00e9volution. Cependant, Joe a vu Dieu agir au travers de ces restrictions. Il a discut\u00e9 avec Rafaela, une \u00e9tudiante dont le p\u00e8re ha\u00efssait le christianisme et lui avait interdit d\u2019aller aux GBU. Malgr\u00e9 cela, sa curiosit\u00e9 l\u2019a pouss\u00e9e \u00e0 regarder la semaine de mission et participer aux r\u00e9unions GBU en ligne, en \u00e9crivant sur le tchat afin que son p\u00e8re ne l\u2019entende pas discuter de la Bible. Peu apr\u00e8s, Rafaela a accept\u00e9 J\u00e9sus comme son Sauveur et s\u2019est mise \u00e0 fr\u00e9quenter une \u00e9glise locale.<\/p>\n<\/div><\/div><\/div>\n<\/div>\n\n<div class=\"wp-block block-pb-accordion-item\">\n<div class=\"wp-block-pb-accordion-item c-accordion__item js-accordion-item no-js\" data-initially-open=\"false\" data-click-to-close=\"true\" data-auto-close=\"true\" data-scroll=\"false\" data-scroll-offset=\"0\"><h2 id=\"at-196582\" class=\"c-accordion__title js-accordion-controller\" role=\"button\"><strong>D\u00c9VELOPPEMENT DU LEADERSHIP : CRO\u00ceTRE DANS L\u2019ENGAGEMENT HOLISTIQUE<\/strong><\/h2><div id=\"ac-196582\" class=\"c-accordion__content\"><div class=\"wp-block block-core-paragraph\">\n<p class=\"wp-block-paragraph\"><em><em>Au contraire, en exprimant la v\u00e9rit\u00e9 dans l\u2019amour, nous grandirons \u00e0 tous \u00e9gards vers celui qui est la t\u00eate\u202f: Christ.<\/em> (\u00c9ph\u00e9siens 4.15)<\/em><\/p>\n<\/div>\n\n<div class=\"wp-block block-core-heading\">\n<h3 class=\"wp-block-heading\"><strong>RASSEMBLEMENT DU MENA POUR LES CROYANTS D\u2019ARRI\u00c8RE-PLAN MUSULMAN<\/strong><\/h3>\n<\/div>\n\n<div class=\"wp-block block-core-paragraph\">\n<p class=\"wp-block-paragraph\">Devant les pressions exerc\u00e9es sur les chr\u00e9tiens dans certaines parties du Moyen-Orient et de l\u2019Afrique du Nord, l\u2019\u00e9quipe de cette r\u00e9gion a rassembl\u00e9 de jeunes responsables en formation d\u2019arri\u00e8re-plan musulman \u00e0 l\u2019occasion d\u2019un congr\u00e8s. Celui-ci visait \u00e0 les renforcer et \u00e0 les \u00e9quiper en vue de poursuivre le minist\u00e8re \u00e9tudiant.<\/p>\n<\/div>\n\n<div class=\"wp-block block-core-quote is-style-plain\">\n<blockquote class=\"wp-block-quote is-style-plain is-layout-flow wp-block-quote-is-layout-flow\"><p><em><em>Une formation compl\u00e8te sur l\u2019ensemble de la Bible. Maintenant, j\u2019ai plus d\u2019assurance dans ce que je crois et cela a renforc\u00e9 ma foi.<\/em><\/em><\/p><cite><strong><strong>Participant du rassemblement du MENA<\/strong><\/strong><\/cite><\/blockquote>\n<\/div>\n\n<div class=\"wp-block block-core-heading\">\n<h3 class=\"wp-block-heading\"><strong>EURASIE : FORMACI\u00d3N<\/strong><\/h3>\n<\/div>\n\n<div class=\"wp-block block-core-paragraph\">\n<p class=\"wp-block-paragraph\">Les \u00e9tudiants se sont retrouv\u00e9s en pr\u00e9sentiel pour huit congr\u00e8s nationaux en journ\u00e9e, puis ils se sont r\u00e9unis en tant que r\u00e9gion pour des sessions en ligne le soir. Ces congr\u00e8s ont comptabilis\u00e9 176 participants : un record ! Malgr\u00e9 les \u00e9crans qui les s\u00e9paraient, la puissance transformatrice de Dieu \u00e9tait \u00e0 l&rsquo;\u0153uvre ; les r\u00e9unions de pri\u00e8re ainsi que l\u2019\u00e9change de t\u00e9moignages personnels se sont r\u00e9v\u00e9l\u00e9s \u00eatre de grands temps forts. Un \u00e9quipier a racont\u00e9 qu&rsquo;ils n\u2019avaient \u00ab&nbsp;jamais vu l&rsquo;\u0153uvre du Saint-Esprit aussi clairement&nbsp;\u00bb. \u00c0 pr\u00e9sent, les \u00e9tudiants sont fra\u00eechement \u00e9quip\u00e9s pour apporter le message de l\u2019\u00c9vangile sur leurs campus.<\/p>\n<\/div>\n\n<div class=\"wp-block block-core-quote is-style-plain\">\n<blockquote class=\"wp-block-quote is-style-plain is-layout-flow wp-block-quote-is-layout-flow\"><p><em><em><em>En venant ici, je ne savais pas \u00e0 quoi m\u2019attendre. Je ne lis la Bible que de mani\u00e8re occasionnelle et ne <a>prie<\/a> pas beaucoup. Mais j\u2019avais le d\u00e9sir de rencontrer Dieu. Ici, j\u2019ai pris la d\u00e9cision de rechercher Dieu tous les jours. J\u2019ai aussi d\u00e9cid\u00e9 de parler du Christ \u00e0 mon p\u00e8re, qui a beaucoup de probl\u00e8mes.<\/em><\/em><\/em><\/p><cite><strong><strong><strong>Participant de \u00ab&nbsp;Formaci\u00f3n&nbsp;\u00bb Eurasie<\/strong><\/strong><\/strong><\/cite><\/blockquote>\n<\/div>\n\n<div class=\"wp-block block-core-gallery\">\n<figure class=\"wp-block-gallery has-nested-images columns-default is-cropped wp-block-gallery-3 is-layout-flex wp-block-gallery-is-layout-flex\">\n<figure class=\"wp-block-image size-large\"><img loading=\"lazy\" decoding=\"async\" width=\"1943\" height=\"709\" data-id=\"19598\" src=\"https:\/\/ifesworld.org\/wp-content\/uploads\/2022\/09\/p04-Eurasia-Formacion-in-Moldova-e1662982123302.jpg\" alt=\"\" class=\"wp-image-19598\" srcset=\"https:\/\/ifesworld.org\/wp-content\/uploads\/2022\/09\/p04-Eurasia-Formacion-in-Moldova-e1662982123302.jpg 1943w, https:\/\/ifesworld.org\/wp-content\/uploads\/2022\/09\/p04-Eurasia-Formacion-in-Moldova-e1662982123302-300x109.jpg 300w, https:\/\/ifesworld.org\/wp-content\/uploads\/2022\/09\/p04-Eurasia-Formacion-in-Moldova-e1662982123302-1024x374.jpg 1024w, https:\/\/ifesworld.org\/wp-content\/uploads\/2022\/09\/p04-Eurasia-Formacion-in-Moldova-e1662982123302-768x280.jpg 768w, https:\/\/ifesworld.org\/wp-content\/uploads\/2022\/09\/p04-Eurasia-Formacion-in-Moldova-e1662982123302-1536x560.jpg 1536w\" sizes=\"auto, (max-width: 1943px) 100vw, 1943px\" \/><figcaption>Formaci\u00f3n Eurasie e, Moldovie<\/figcaption><\/figure>\n<\/figure>\n<\/div>\n\n<div class=\"wp-block block-core-heading\">\n<h3 class=\"wp-block-heading\"><strong>CENTRE DE FORMATION CACC EN AFRIQUE FRANCOPHONE<\/strong><\/h3>\n<\/div>\n\n<div class=\"wp-block block-core-paragraph\">\n<p class=\"wp-block-paragraph\">En juin et juillet 2021, 34 responsables de mouvements \u00e9tudiants locaux, y compris 11 nouveaux participants, ont particip\u00e9 \u00e0 la formation au leadership en ligne de la r\u00e9gion. La valeur strat\u00e9gique de ces sessions avec le Centre Africain du Christianisme Contemporain (CACC) pour cr\u00e9er des responsables se d\u00e9montre par le fait que 12 des 19 mouvements d\u2019Afrique francophone ont actuellement des secr\u00e9taires g\u00e9n\u00e9raux qui ont pris part \u00e0 la formation.<\/p>\n<\/div>\n\n<div class=\"wp-block block-core-quote is-style-plain\">\n<blockquote class=\"wp-block-quote is-style-plain is-layout-flow wp-block-quote-is-layout-flow\"><p><em><em><em><em>En l\u2019espace d&rsquo;une seule session, le CACC a profond\u00e9ment transform\u00e9 ma mani\u00e8re de voir les probl\u00e8mes. Je ne suis plus les situations, je travaille pour les transformer. J\u2019ai appris \u00e0 aiguiser mon esprit critique.<\/em><\/em><\/em><\/em><\/p><cite><strong><strong><strong><strong>Christophe, R\u00e9publique d\u00e9mocratique du Congo<\/strong><\/strong><\/strong><\/strong><\/cite><\/blockquote>\n<\/div>\n\n<div class=\"wp-block block-core-gallery\">\n<figure class=\"wp-block-gallery has-nested-images columns-default is-cropped wp-block-gallery-4 is-layout-flex wp-block-gallery-is-layout-flex\">\n<figure class=\"wp-block-image size-large\"><img loading=\"lazy\" decoding=\"async\" width=\"1080\" height=\"720\" data-id=\"19600\" src=\"https:\/\/ifesworld.org\/wp-content\/uploads\/2022\/09\/p00-filler-Leadership-Training-in-Benin.jpg\" alt=\"\" class=\"wp-image-19600\" srcset=\"https:\/\/ifesworld.org\/wp-content\/uploads\/2022\/09\/p00-filler-Leadership-Training-in-Benin.jpg 1080w, https:\/\/ifesworld.org\/wp-content\/uploads\/2022\/09\/p00-filler-Leadership-Training-in-Benin-300x200.jpg 300w, https:\/\/ifesworld.org\/wp-content\/uploads\/2022\/09\/p00-filler-Leadership-Training-in-Benin-1024x683.jpg 1024w, https:\/\/ifesworld.org\/wp-content\/uploads\/2022\/09\/p00-filler-Leadership-Training-in-Benin-768x512.jpg 768w\" sizes=\"auto, (max-width: 1080px) 100vw, 1080px\" \/><figcaption>Formation au leadership au B\u00e9nin<\/figcaption><\/figure>\n<\/figure>\n<\/div>\n\n<div class=\"wp-block block-core-heading\">\n<h3 class=\"wp-block-heading\"><strong>IMPACT DES DIPL\u00d4M\u00c9S<\/strong><\/h3>\n<\/div>\n\n<div class=\"wp-block block-core-paragraph\">\n<p class=\"wp-block-paragraph\">L\u2019IFES investit dans des \u00e9tudiants qui deviendront des leaders int\u00e8gres et visionnaires pour la vie. Pour cette raison, notre travail ne s\u2019arr\u00eate pas \u00e0 l&rsquo;universit\u00e9 : nous soutenons \u00e9galement les dipl\u00f4m\u00e9s. En 2021, le minist\u00e8re \u00ab&nbsp;L\u2019Impact des dipl\u00f4m\u00e9s&nbsp;\u00bb a publi\u00e9 une recherche concernant les difficult\u00e9s auxquelles les jeunes font face lorsqu&rsquo;ils s\u2019efforcent de vivre pour J\u00e9sus sur leur lieu de travail. Les chercheurs ont d\u00e9couvert que les jeunes professionnels chr\u00e9tiens \u00e9taient dans une position unique. Au croisement des communaut\u00e9s chr\u00e9tienne et professionnelle, ils ont besoin de soutiens d\u00e9di\u00e9s pour combler le foss\u00e9 et apporter une contribution chr\u00e9tienne \u00e9clair\u00e9e \u00e0 la soci\u00e9t\u00e9. \u00ab&nbsp;L\u2019Impact des dipl\u00f4m\u00e9s&nbsp;\u00bb a \u00e9galement lanc\u00e9 24 nouvelles communaut\u00e9s d\u2019apprentissage \u00ab&nbsp;Cross-Current&nbsp;\u00bb pour les dipl\u00f4m\u00e9s, totalisant 45 groupes avec plus de 700 participants r\u00e9partis dans 20 pays, y compris le premier groupe d\u2019Afrique francophone. De r\u00e9centes initiatives du minist\u00e8re aupr\u00e8s des dipl\u00f4m\u00e9s sont aussi en cours en Am\u00e9rique latine et en Asie du Sud.<\/p>\n<\/div><\/div><\/div>\n<\/div>\n\n<div class=\"wp-block block-core-paragraph\">\n<p class=\"wp-block-paragraph\"><\/p>\n<\/div>\n\n<div class=\"wp-block block-acf-spacer\">\n<div id=\"spacer-block_631f3143414a1\" class=\"\">\n    <div aria-hidden=\"true\" class=\"wp-block-spacer spacer--md\"><\/div>\n<\/div>\n<\/div>\n\n<div class=\"wp-block block-core-cover alignfull\">\n<div class=\"wp-block-cover alignfull is-light has-parallax\" style=\"background-image:url(https:\/\/ifesworld.org\/wp-content\/uploads\/2022\/09\/p08-Commission.jpg)\"><span aria-hidden=\"true\" class=\"wp-block-cover__background has-background-dim-40 has-background-dim\"><\/span><div class=\"wp-block-cover__inner-container is-layout-flow wp-block-cover-is-layout-flow\"><div class=\"wp-block block-core-heading\">\n<h1 class=\"has-white-color has-text-color wp-block-heading\">\u00c9V\u00c9NEMENT<\/h1>\n<\/div>\n\n<div class=\"wp-block block-core-paragraph\">\n<p class=\"has-white-color has-text-color wp-block-paragraph\">Certaines r\u00e9gions et mouvements nationaux ont pu reprendre les \u00e9v\u00e9nements en pr\u00e9sentiel en 2021. Le congr\u00e8s \u00ab&nbsp;Commission&nbsp;\u00bb du FOCUS Kenya sert \u00e9galement de point de rencontre r\u00e9gional \u00e0 l\u2019Afrique anglophone et lusophone, qui comprend des d\u00e9l\u00e9gu\u00e9s du Soudan et du Nig\u00e9ria parmi d\u2019autres pays plus \u00e9loign\u00e9s, tels que les \u00c9tats-Unis et le Br\u00e9sil. Le but du congr\u00e8s est d\u2019\u00e9quiper et motiver les \u00e9tudiants pour la <a>mission<\/a> dans le monde. Cette ann\u00e9e, \u00ab&nbsp;Commission&nbsp;\u00bb a servi plus de 10 000 participants sur place et \u00e0 distance.<\/p>\n<\/div>\n\n<div class=\"wp-block block-core-paragraph\">\n<p class=\"has-white-color has-text-color wp-block-paragraph\"><em>Apr\u00e8s \u00ab&nbsp;Commission&nbsp;\u00bb, je suis all\u00e9 dans deux missions organis\u00e9es par mon groupe \u00e9tudiant, et je fais confiance \u00e0 Dieu pour plus d\u2019occasions de ce type.<em> Je lui fais confiance pour me procurer une source de revenu afin que je puisse fid\u00e8lement soutenir le fond minist\u00e9riel du FOCUS Kenya.<\/em><\/em><\/p>\n<\/div>\n\n<div class=\"wp-block block-core-paragraph\">\n<p class=\"has-white-color has-text-color wp-block-paragraph\"><strong><em>&#8211; <\/em>Gladwel, \u00e9tudiant<\/strong><\/p>\n<\/div><\/div><\/div>\n<\/div>\n\n<div class=\"wp-block block-pb-accordion-item\">\n<div class=\"wp-block-pb-accordion-item c-accordion__item js-accordion-item no-js\" data-initially-open=\"false\" data-click-to-close=\"true\" data-auto-close=\"true\" data-scroll=\"false\" data-scroll-offset=\"0\"><h2 id=\"at-196583\" class=\"c-accordion__title js-accordion-controller\" role=\"button\"><strong>INTERAGIR AVEC L&rsquo;UNIVERSIT\u00c9 : CRO\u00ceTRE DANS L\u2019ENGAGEMENT HOLISTIQUE<\/strong><\/h2><div id=\"ac-196583\" class=\"c-accordion__content\"><div class=\"wp-block block-core-paragraph\">\n<p class=\"wp-block-paragraph\">Depuis que les cours en ligne du minist\u00e8re \u00ab&nbsp;Interagir avec l\u2019universit\u00e9&nbsp;\u00bb ont commenc\u00e9, plus de 1 200 personnes ont chemin\u00e9 sur des questions qui concernent le lien entre \u00c9vangile et universit\u00e9. Cette exp\u00e9rience d\u2019apprentissage suscite des discussions entre participants du monde entier.<\/p>\n<\/div>\n\n<div class=\"wp-block block-core-quote is-style-plain\">\n<blockquote class=\"wp-block-quote is-style-plain is-layout-flow wp-block-quote-is-layout-flow\"><p><em><em>Mon point de vue sur les \u00e9tudiants a chang\u00e9 ; maintenant, j\u2019ai une vision plus large. Il faut que je me concentre et m\u2019engage. Je vais prier et pr\u00e9voir d\u2019aider les \u00e9tudiants \u00e0 s\u2019investir sur leurs campus, ainsi qu\u2019\u00e0 devenir eux-m\u00eames des porteurs de flamme.<\/em><\/em><\/p><cite><strong><strong>Membre du corps professoral, Inde<\/strong><\/strong><\/cite><\/blockquote>\n<\/div>\n\n<div class=\"wp-block block-core-heading\">\n<h3 class=\"wp-block-heading\"><strong><strong><strong><strong><strong>Initiative Logos et Cosmos <\/strong><\/strong><\/strong><\/strong><\/strong><\/h3>\n<\/div>\n\n<div class=\"wp-block block-core-paragraph\">\n<p class=\"wp-block-paragraph\">Nous voulons que les chr\u00e9tiens du monde universitaire associent leur foi \u00e0 leur travail. \u00c0 cette fin, 2021 a vu le lancement de l\u2019Initiative Logos et Cosmos (ILC), fond\u00e9e par la Fondation John Templeton. L\u2019ILC soutiendra cinq cohortes de \u00ab&nbsp;catalyseurs&nbsp;\u00bb en Afrique francophone et en Am\u00e9rique latine dans leurs contextes universitaires tandis qu\u2019ils encourageront le dialogue entre la th\u00e9ologie et les sciences. Par le biais de consultations r\u00e9gionales, ressources, subventions, de l\u2019apprentissage en ligne, du mentorat et de la recherche, les projets des catalyseurs de l\u2019ILC \u00e9quiperont les mouvements nationaux d\u2019outils pour aider les \u00e9tudiants et chercheurs \u00e0 r\u00e9fl\u00e9chir de mani\u00e8re biblique, ainsi qu\u2019\u00e0 vivre de mani\u00e8re diff\u00e9rente, missionnaire et incarn\u00e9e.&nbsp;Dix-huit catalyseurs sont pass\u00e9s \u00e0 la deuxi\u00e8me ann\u00e9e du programme et entreprennent actuellement leurs projets, tandis que vingt-trois ont \u00e9t\u00e9 accueillis en premi\u00e8re ann\u00e9e. Les catalyseurs repr\u00e9sentent 19 pays au total.<\/p>\n<\/div>\n\n<div class=\"wp-block block-core-quote is-style-plain\">\n<blockquote class=\"wp-block-quote is-style-plain is-layout-flow wp-block-quote-is-layout-flow\"><p><em><em><em><em><em>Je peux d\u00e9j\u00e0 constater les b\u00e9n\u00e9fices de l\u2019Initiative Logos et Cosmos. Notre catalyseur a pu motiver et impliquer les \u00e9tudiants et d\u2019autres professionnels dans des questions scientifiques et <a>th\u00e9ologiques, et<\/a> il s\u2019est r\u00e9v\u00e9l\u00e9 \u00eatre une ressource utile pour le mouvement national.<\/em><\/em><\/em><\/em><\/em><\/p><cite><strong><strong><strong><strong><strong>Secr\u00e9taire g\u00e9n\u00e9ral d&rsquo;un mouvement national en Am\u00e9rique latine<\/strong><\/strong><\/strong><\/strong><\/strong><\/cite><\/blockquote>\n<\/div>\n\n\n<figure class=\"wp-block-image size-large\"><img loading=\"lazy\" decoding=\"async\" width=\"490\" height=\"367\" src=\"https:\/\/ifesworld.org\/wp-content\/uploads\/2022\/09\/p11-LCI-Catalyst-shares-a-meal-after-a-campus-clean-up-project.jpg\" alt=\"\" class=\"wp-image-19604\" srcset=\"https:\/\/ifesworld.org\/wp-content\/uploads\/2022\/09\/p11-LCI-Catalyst-shares-a-meal-after-a-campus-clean-up-project.jpg 490w, https:\/\/ifesworld.org\/wp-content\/uploads\/2022\/09\/p11-LCI-Catalyst-shares-a-meal-after-a-campus-clean-up-project-300x225.jpg 300w\" sizes=\"auto, (max-width: 490px) 100vw, 490px\" \/><figcaption>Des \u00e9tudiants partagent un repas ensemble apr\u00e8s un nettoyage du campus dans le cadre d&rsquo;un projet ILC<\/figcaption><\/figure>\n<\/div><\/div>\n<\/div>\n\n<div class=\"wp-block block-pb-accordion-item\">\n<div class=\"wp-block-pb-accordion-item c-accordion__item js-accordion-item no-js\" data-initially-open=\"false\" data-click-to-close=\"true\" data-auto-close=\"true\" data-scroll=\"false\" data-scroll-offset=\"0\"><h2 id=\"at-196584\" class=\"c-accordion__title js-accordion-controller\" role=\"button\"><strong>RENFORCER LES MOUVEMENTS NATIONAUX : CRO\u00ceTRE DANS L\u2019AVENIR<\/strong><\/h2><div id=\"ac-196584\" class=\"c-accordion__content\"><div class=\"wp-block block-core-paragraph\">\n<p class=\"wp-block-paragraph\"><em><em>Dans toute la Jud\u00e9e, la Galil\u00e9e et la Samarie, l&rsquo;\u00c9glise jouissait alors de la paix. Elle grandissait dans la foi, vivait dans l\u2019ob\u00e9issance au Seigneur, et s\u2019accroissait en nombre, gr\u00e2ce au soutien du Saint-Esprit. (Actes 9.31)<\/em><\/em><\/p>\n<\/div>\n\n<div class=\"wp-block block-core-paragraph\">\n<p class=\"wp-block-paragraph\">Le minist\u00e8re \u00e9tudiant est plus puissant entre les mains de mouvements nationaux dirig\u00e9s localement. Les \u00e9quipes r\u00e9gionales de l\u2019IFES donnent \u00e0 ces mouvements le soutien, la formation et les ressources dont ils ont besoin pour voir leurs minist\u00e8res cro\u00eetre. Nos minist\u00e8res de ressources mondiales travaillent aux c\u00f4t\u00e9s des \u00e9quipes r\u00e9gionales pour aider les mouvements \u00e0 construire la propri\u00e9t\u00e9 locale du minist\u00e8re.<\/p>\n<\/div>\n\n<div class=\"wp-block block-core-paragraph\">\n<p class=\"wp-block-paragraph\">Par exemple, les r\u00e9seaux de multiplicateurs du minist\u00e8re \u00ab&nbsp;L\u2019Interaction avec les \u00c9critures&nbsp;\u00bb \u0153uvrent \u00e0 l\u2019\u00e9chelle mondiale pour \u00e9quiper les mouvements nationaux dans l\u2019interaction avec l\u2019\u00c9criture, la formation, ainsi que la formation de disciples au niveau du personnel et des \u00e9tudiants. En juillet 2021, le r\u00e9seau d\u2019Asie du Sud a d\u00e9marr\u00e9 en tenant des r\u00e9unions mensuelles en ligne et en organisant des \u00e9v\u00e9nements dans leurs mouvements, y compris l\u2019initiative \u00ab&nbsp;\u00c9levons nos cris&nbsp;\u00bb du FOCUS Sri Lanka et le Festival du Film de l\u2019\u00c9vangile du BSFB Bangladesh.<\/p>\n<\/div>\n\n<div class=\"wp-block block-core-quote is-style-plain\">\n<blockquote class=\"wp-block-quote is-style-plain is-layout-flow wp-block-quote-is-layout-flow\"><p><em><em>Avant, lire l\u2019\u00c9criture n\u2019\u00e9tait qu&rsquo;un rituel ou une routine. Mais je suis de nouveau tomb\u00e9 amoureux de la Parole de Dieu.<\/em><\/em><\/p><cite><strong><strong>T\u00e9moignage de la premi\u00e8re r\u00e9union de l\u2019Interaction avec les \u00c9critures, Asie du Sud<\/strong><\/strong><\/cite><\/blockquote>\n<\/div>\n\n<div class=\"wp-block block-core-heading\">\n<h3 class=\"wp-block-heading\"><strong>La journ\u00e9e mondiale du don 2021 : D&rsquo;\u00e9tudiant a \u00e9tudiant<\/strong><\/h3>\n<\/div>\n\n<div class=\"wp-block block-core-paragraph\">\n<p class=\"wp-block-paragraph\">Avec notre premi\u00e8re Journ\u00e9e mondiale du don, nous avons invit\u00e9 toute l\u2019union (et en particulier les \u00e9tudiants) \u00e0 \u00e9quiper les \u00e9tudiants dans le monde en donnant pour huit projets sp\u00e9cifiques. Quatre-vingt-douze g\u00e9n\u00e9reux donateurs ont donn\u00e9 plus de 36 000 dollars pour soutenir ces projets. Pour citer un exemple de la fa\u00e7on dont Dieu a utilis\u00e9 ces dons : les organisateurs du projet en Afrique francophone ont rapport\u00e9 de remarquables r\u00e9sultats pour leur formation au leadership \u00e9tudiant des UGBB Burkina Faso et des GBUR Rwanda.<\/p>\n<\/div>\n\n<div class=\"wp-block block-core-quote is-style-plain\">\n<blockquote class=\"wp-block-quote is-style-plain is-layout-flow wp-block-quote-is-layout-flow\"><p><em><em>Nous avons \u00e9t\u00e9 surpris par le grand nombre de responsables \u00e9tudiants qui se sont inscrits au Burkina Faso pour recevoir la formation. Une autre surprise a \u00e9t\u00e9 de voir un grand nombre de dipl\u00f4m\u00e9s s\u2019engager \u00e0 former des responsables \u00e9tudiants : plus de 200 se sont inscrits pour trois s\u00e9minaires et nous avons organis\u00e9 quatre jours sur place pour ceux au Rwanda. Ces d\u00e9buts sont un grand encouragement pour d\u2019autres mouvements, et nous nous attendons \u00e0 voir la m\u00eame foi, le m\u00eame engagement et la m\u00eame r\u00e9silience quand nous les appellerons \u00e0 servir en tant que responsables \u00e9tudiants.<\/em><\/em><\/p><cite><strong>&#8211;<strong>Emmanuel, \u00e9quipe r\u00e9gionale, Afrique francophone<\/strong><\/strong><\/cite><\/blockquote>\n<\/div>\n\n<div class=\"wp-block block-core-heading\">\n<h3 class=\"wp-block-heading\"><br><strong>Journ\u00e9e mondiale de l&rsquo;\u00e9tudiant 2021 : Ce moment<\/strong><\/h3>\n<\/div>\n\n<div class=\"wp-block block-core-paragraph\">\n<p class=\"wp-block-paragraph\">En 2021, la Journ\u00e9e mondiale de l&rsquo;\u00e9tudiant a battu des records quand plus de 30 000 personnes de 148 pays se sont r\u00e9unies en pri\u00e8re. Avec notre th\u00e8me \u00ab&nbsp;Ce moment&nbsp;\u00bb, nous avons pri\u00e9 pour les sujets envoy\u00e9s par des \u00e9tudiants du monde entier, demandant que les \u00e9tudiants connaissent la pr\u00e9sence de Dieu parmi eux \u00e0 chaque moment et que, \u00e0 chaque instant, ils choisissent de se soumettre \u00e0 lui. Rendez-vous sur<strong> <a href=\"https:\/\/ifesworld.org\/fr\/jme\/\" target=\"_blank\" rel=\"noreferrer noopener\">ifesworld.org\/jme<\/a><\/strong> pour savoir comment vous pouvez participer \u00e0 la Journ\u00e9e mondiale de l\u2019\u00e9tudiant de cette ann\u00e9e, intitul\u00e9e \u00ab&nbsp;Renouveau&nbsp;\u00bb, le 21 octobre 2022.<\/p>\n<\/div>\n\n<div class=\"wp-block block-core-paragraph\">\n<p class=\"wp-block-paragraph\"><\/p>\n<\/div>\n\n<div class=\"wp-block block-core-gallery\">\n<figure class=\"wp-block-gallery has-nested-images columns-default is-cropped wp-block-gallery-5 is-layout-flex wp-block-gallery-is-layout-flex\">\n<figure class=\"wp-block-image size-large\"><img loading=\"lazy\" decoding=\"async\" width=\"2048\" height=\"1152\" data-id=\"19659\" src=\"https:\/\/ifesworld.org\/wp-content\/uploads\/2022\/09\/WSD_ZAFES2-edited.jpg\" alt=\"\" class=\"wp-image-19659\" srcset=\"https:\/\/ifesworld.org\/wp-content\/uploads\/2022\/09\/WSD_ZAFES2-edited.jpg 2048w, https:\/\/ifesworld.org\/wp-content\/uploads\/2022\/09\/WSD_ZAFES2-edited-300x169.jpg 300w, https:\/\/ifesworld.org\/wp-content\/uploads\/2022\/09\/WSD_ZAFES2-edited-1024x576.jpg 1024w, https:\/\/ifesworld.org\/wp-content\/uploads\/2022\/09\/WSD_ZAFES2-edited-768x432.jpg 768w, https:\/\/ifesworld.org\/wp-content\/uploads\/2022\/09\/WSD_ZAFES2-edited-1536x864.jpg 1536w\" sizes=\"auto, (max-width: 2048px) 100vw, 2048px\" \/><figcaption>Des \u00e9tudiants se r\u00e9unissent en Zambie<\/figcaption><\/figure>\n<\/figure>\n<\/div><\/div><\/div>\n<\/div><\/div>\n<\/div><\/div>\n\n<div class=\"wp-block block-core-group alignfull\">\n<div class=\"wp-block-group alignfull has-white-color has-accent-background-color has-text-color has-background\"><div class=\"wp-block-group__inner-container is-layout-flow wp-block-group-is-layout-flow\"><div class=\"wp-block block-pb-accordion-item\">\n<div class=\"wp-block-pb-accordion-item c-accordion__item js-accordion-item no-js\" data-initially-open=\"false\" data-click-to-close=\"true\" data-auto-close=\"true\" data-scroll=\"false\" data-scroll-offset=\"0\"><h1 id=\"at-196585\" class=\"c-accordion__title js-accordion-controller\" role=\"button\"><strong><strong>SERVIR DANS LE LEADERSHIP\u00a0<\/strong><\/strong><\/h1><div id=\"ac-196585\" class=\"c-accordion__content\"><div class=\"wp-block block-core-paragraph\">\n<p class=\"wp-block-paragraph\">Le secr\u00e9taire g\u00e9n\u00e9ral est nomm\u00e9 pour servir les \u00e9tudiants et le personnel \u00e0 tous niveaux en supervisant le minist\u00e8re de l\u2019IFES. Les membres du personnel dirigeant de l&rsquo;IFES d\u00e9veloppent des partenariats strat\u00e9giques entre les r\u00e9gions en conduisant nos \u00e9quipes internationales dans le d\u00e9veloppement et le partage des priorit\u00e9s et des ressources du minist\u00e8re.&nbsp;Ayant d\u00e9but\u00e9 son mandat en tant que secr\u00e9taire g\u00e9n\u00e9ral au d\u00e9but de l\u2019ann\u00e9e 2021, Tim Adams a cr\u00e9\u00e9 une nouvelle \u00e9quipe de base avec la nomination de David Bahena en tant que secr\u00e9taire g\u00e9n\u00e9ral adjoint, Olena Welch en tant que directrice des minist\u00e8res internationaux et George Ogalo en tant que directeur des op\u00e9rations.<\/p>\n<\/div>\n\n<div class=\"wp-block block-core-heading\">\n<h2 class=\"wp-block-heading\"><strong>LE CONSEIL D\u2019ADMINISTRATION<\/strong><\/h2>\n<\/div>\n\n<div class=\"wp-block block-core-paragraph\">\n<p class=\"wp-block-paragraph\">Nomm\u00e9 par l\u2019Assembl\u00e9e g\u00e9n\u00e9rale, le Conseil d&rsquo;administration de l\u2019IFES se compose d\u2019un pr\u00e9sident, d&rsquo;un tr\u00e9sorier et de treize autres membres votants originaires du monde entier, dont deux repr\u00e9sentants des \u00e9tudiants. Il a la responsabilit\u00e9 de cr\u00e9er la politique de l\u2019union et d\u2019assurer l\u2019int\u00e9grit\u00e9 doctrinale au sein de l\u2019IFES.<\/p>\n<\/div>\n\n<div class=\"wp-block block-acf-ifesbutton\">\n<div class=\"\">\n    <a id=\"btn-block_5fc67968b7490\" target=\"_blank\" href=\"https:\/\/ifesworld.org\/fr\/notre-gouvernance\/#board\" class=\"btn btn--tertiary\">\n        <span>\n        RENCONTRER NOTRE CONSEIL D\u2019ADMINISTRATION        <\/span>\n    <\/a>\n<\/div>\n\n<\/div>\n\n<div class=\"wp-block block-core-heading\">\n<h2 class=\"wp-block-heading\"><strong>LEADERSHIP R\u00c9GIONAL DE L\u2019IFES<\/strong><\/h2>\n<\/div>\n\n<div class=\"wp-block block-core-paragraph\">\n<p class=\"wp-block-paragraph\">Les secr\u00e9taires r\u00e9gionaux de l\u2019IFES servent d\u2019ambassadeurs r\u00e9gionaux en nous aidant \u00e0 comprendre comment r\u00e9agir au mieux aux cultures diff\u00e9rentes et dynamiques des universit\u00e9s du monde. Ils offrent mentorat, supervision et formation au personnel et aux \u00e9tudiants, tout en cr\u00e9ant du contact entre les mouvements au sein de leur r\u00e9gion pour partager des id\u00e9es, de l\u2019expertise et des encouragements.&nbsp;Les secr\u00e9taires r\u00e9gionaux qui ont \u00e9t\u00e9 nomm\u00e9s au cours de l\u2019ann\u00e9e pass\u00e9e sont Carmen Castillo (Am\u00e9rique latine) et David Montgomery (Europe).<\/p>\n<\/div>\n\n<div class=\"wp-block block-acf-ifesbutton\">\n<div class=\"\">\n    <a id=\"btn-block_5fc67968b748f\" target=\"_blank\" href=\"https:\/\/ifesworld.org\/en\/people\/#staff\" class=\"btn btn--tertiary\">\n        <span>\n        Meet our team        <\/span>\n    <\/a>\n<\/div>\n\n<\/div>\n\n<div class=\"wp-block block-core-heading\">\n<h2 class=\"wp-block-heading\">L&rsquo;\u00c9QUIPE CENTRALE DU SECR\u00c9TAIRE G\u00c9N\u00c9RAL<\/h2>\n<\/div>\n\n<div class=\"wp-block block-core-gallery\">\n<figure class=\"wp-block-gallery has-nested-images columns-5 is-cropped wp-block-gallery-6 is-layout-flex wp-block-gallery-is-layout-flex\">\n<figure class=\"wp-block-image size-large\"><img loading=\"lazy\" decoding=\"async\" width=\"2560\" height=\"1437\" data-id=\"19606\" src=\"https:\/\/ifesworld.org\/wp-content\/uploads\/2022\/09\/Tim-Adams-scaled.jpg\" alt=\"\" class=\"wp-image-19606\" srcset=\"https:\/\/ifesworld.org\/wp-content\/uploads\/2022\/09\/Tim-Adams-scaled.jpg 2560w, https:\/\/ifesworld.org\/wp-content\/uploads\/2022\/09\/Tim-Adams-300x169.jpg 300w, https:\/\/ifesworld.org\/wp-content\/uploads\/2022\/09\/Tim-Adams-1024x575.jpg 1024w, https:\/\/ifesworld.org\/wp-content\/uploads\/2022\/09\/Tim-Adams-768x431.jpg 768w, https:\/\/ifesworld.org\/wp-content\/uploads\/2022\/09\/Tim-Adams-1536x862.jpg 1536w, https:\/\/ifesworld.org\/wp-content\/uploads\/2022\/09\/Tim-Adams-2048x1150.jpg 2048w\" sizes=\"auto, (max-width: 2560px) 100vw, 2560px\" \/><figcaption>Tim Adams<br>SECR\u00c9TAIRE G\u00c9N\u00c9RAL<\/figcaption><\/figure>\n\n\n\n<figure class=\"wp-block-image size-large\"><img loading=\"lazy\" decoding=\"async\" width=\"1707\" height=\"2560\" data-id=\"19608\" src=\"https:\/\/ifesworld.org\/wp-content\/uploads\/2022\/09\/David-Bahena-print-4252-scaled.jpg\" alt=\"\" class=\"wp-image-19608\" srcset=\"https:\/\/ifesworld.org\/wp-content\/uploads\/2022\/09\/David-Bahena-print-4252-scaled.jpg 1707w, https:\/\/ifesworld.org\/wp-content\/uploads\/2022\/09\/David-Bahena-print-4252-200x300.jpg 200w, https:\/\/ifesworld.org\/wp-content\/uploads\/2022\/09\/David-Bahena-print-4252-683x1024.jpg 683w, https:\/\/ifesworld.org\/wp-content\/uploads\/2022\/09\/David-Bahena-print-4252-768x1152.jpg 768w, https:\/\/ifesworld.org\/wp-content\/uploads\/2022\/09\/David-Bahena-print-4252-1024x1536.jpg 1024w, https:\/\/ifesworld.org\/wp-content\/uploads\/2022\/09\/David-Bahena-print-4252-1365x2048.jpg 1365w\" sizes=\"auto, (max-width: 1707px) 100vw, 1707px\" \/><figcaption>David Bahena<br>SECR\u00c9TAIRE G\u00c9N\u00c9RAL ADJOINT<\/figcaption><\/figure>\n\n\n\n<figure class=\"wp-block-image size-large\"><img loading=\"lazy\" decoding=\"async\" width=\"2560\" height=\"1707\" data-id=\"19623\" src=\"https:\/\/ifesworld.org\/wp-content\/uploads\/2022\/09\/Martin-Haizmann-scaled.jpg\" alt=\"\" class=\"wp-image-19623\" srcset=\"https:\/\/ifesworld.org\/wp-content\/uploads\/2022\/09\/Martin-Haizmann-scaled.jpg 2560w, https:\/\/ifesworld.org\/wp-content\/uploads\/2022\/09\/Martin-Haizmann-300x200.jpg 300w, https:\/\/ifesworld.org\/wp-content\/uploads\/2022\/09\/Martin-Haizmann-1024x683.jpg 1024w, https:\/\/ifesworld.org\/wp-content\/uploads\/2022\/09\/Martin-Haizmann-768x512.jpg 768w, https:\/\/ifesworld.org\/wp-content\/uploads\/2022\/09\/Martin-Haizmann-1536x1024.jpg 1536w, https:\/\/ifesworld.org\/wp-content\/uploads\/2022\/09\/Martin-Haizmann-2048x1365.jpg 2048w\" sizes=\"auto, (max-width: 2560px) 100vw, 2560px\" \/><figcaption>Martin Haizmann<br>SECR\u00c9TAIRE G\u00c9N\u00c9RAL ADJOINT<\/figcaption><\/figure>\n\n\n\n<figure class=\"wp-block-image size-large\"><img loading=\"lazy\" decoding=\"async\" width=\"2560\" height=\"1437\" data-id=\"19615\" src=\"https:\/\/ifesworld.org\/wp-content\/uploads\/2022\/09\/George-Ogalo-scaled.jpg\" alt=\"\" class=\"wp-image-19615\" srcset=\"https:\/\/ifesworld.org\/wp-content\/uploads\/2022\/09\/George-Ogalo-scaled.jpg 2560w, https:\/\/ifesworld.org\/wp-content\/uploads\/2022\/09\/George-Ogalo-300x169.jpg 300w, https:\/\/ifesworld.org\/wp-content\/uploads\/2022\/09\/George-Ogalo-1024x575.jpg 1024w, https:\/\/ifesworld.org\/wp-content\/uploads\/2022\/09\/George-Ogalo-768x431.jpg 768w, https:\/\/ifesworld.org\/wp-content\/uploads\/2022\/09\/George-Ogalo-1536x862.jpg 1536w, https:\/\/ifesworld.org\/wp-content\/uploads\/2022\/09\/George-Ogalo-2048x1150.jpg 2048w\" sizes=\"auto, (max-width: 2560px) 100vw, 2560px\" \/><figcaption>George Ogalo<br>RESPONSABLE DES OP\u00c9RATIONS<\/figcaption><\/figure>\n\n\n\n<figure class=\"wp-block-image size-large\"><img loading=\"lazy\" decoding=\"async\" width=\"2560\" height=\"1707\" data-id=\"19625\" src=\"https:\/\/ifesworld.org\/wp-content\/uploads\/2022\/09\/Olena-Welch-scaled.jpg\" alt=\"\" class=\"wp-image-19625\" srcset=\"https:\/\/ifesworld.org\/wp-content\/uploads\/2022\/09\/Olena-Welch-scaled.jpg 2560w, https:\/\/ifesworld.org\/wp-content\/uploads\/2022\/09\/Olena-Welch-300x200.jpg 300w, https:\/\/ifesworld.org\/wp-content\/uploads\/2022\/09\/Olena-Welch-1024x683.jpg 1024w, https:\/\/ifesworld.org\/wp-content\/uploads\/2022\/09\/Olena-Welch-768x512.jpg 768w, https:\/\/ifesworld.org\/wp-content\/uploads\/2022\/09\/Olena-Welch-1536x1024.jpg 1536w, https:\/\/ifesworld.org\/wp-content\/uploads\/2022\/09\/Olena-Welch-2048x1365.jpg 2048w\" sizes=\"auto, (max-width: 2560px) 100vw, 2560px\" \/><figcaption>Olena Welch<br>RESPONSABLE DU MINIST\u00c8RE RESSOURCES MONDIALES<\/figcaption><\/figure>\n<\/figure>\n<\/div>\n\n<div class=\"wp-block block-core-heading\">\n<h2 class=\"wp-block-heading\">GLOBAL RESOURCE MINISTRIES<\/h2>\n<\/div>\n\n<div class=\"wp-block block-core-paragraph\">\n<p class=\"wp-block-paragraph\"><\/p>\n<\/div>\n\n<div class=\"wp-block block-core-gallery\">\n<figure class=\"wp-block-gallery has-nested-images columns-4 is-cropped wp-block-gallery-7 is-layout-flex wp-block-gallery-is-layout-flex\">\n<figure class=\"wp-block-image size-large\"><img decoding=\"async\" data-id=\"19626\" src=\"https:\/\/ifesworld.org\/wp-content\/uploads\/2022\/09\/Ricardo-Borges-scaled.jpg\" alt=\"\" class=\"wp-image-19626\"\/><figcaption>Ricardo Borges<br>SECR\u00c9TAIRE POUR L\u2019INTERACTION AVEC LES \u00c9CRITURES<\/figcaption><\/figure>\n\n\n\n<figure class=\"wp-block-image size-large\"><img loading=\"lazy\" decoding=\"async\" width=\"2560\" height=\"1707\" data-id=\"19617\" src=\"https:\/\/ifesworld.org\/wp-content\/uploads\/2022\/09\/Kehinde-Ojo-scaled.jpg\" alt=\"\" class=\"wp-image-19617\" srcset=\"https:\/\/ifesworld.org\/wp-content\/uploads\/2022\/09\/Kehinde-Ojo-scaled.jpg 2560w, https:\/\/ifesworld.org\/wp-content\/uploads\/2022\/09\/Kehinde-Ojo-300x200.jpg 300w, https:\/\/ifesworld.org\/wp-content\/uploads\/2022\/09\/Kehinde-Ojo-1024x683.jpg 1024w, https:\/\/ifesworld.org\/wp-content\/uploads\/2022\/09\/Kehinde-Ojo-768x512.jpg 768w, https:\/\/ifesworld.org\/wp-content\/uploads\/2022\/09\/Kehinde-Ojo-1536x1024.jpg 1536w, https:\/\/ifesworld.org\/wp-content\/uploads\/2022\/09\/Kehinde-Ojo-2048x1365.jpg 2048w\" sizes=\"auto, (max-width: 2560px) 100vw, 2560px\" \/><figcaption>Kehinde Ojo<br>DIRECTEUR DU PROGRAMME DU D\u00c9VELOPPEMENT DU SOUTIEN AU NIVEAU LOCAL<\/figcaption><\/figure>\n\n\n\n<figure class=\"wp-block-image size-large\"><img decoding=\"async\" data-id=\"19624\" src=\"https:\/\/ifesworld.org\/wp-content\/uploads\/2022\/09\/Mirek-Pieszka-scaled.jpg\" alt=\"\" class=\"wp-image-19624\"\/><figcaption>Mirek Pieszka<br>DIRECTEUR DU PROGRAMME DE RENFORCEMENT DE LA GOUVERNANCE<\/figcaption><\/figure>\n\n\n\n<figure class=\"wp-block-image size-large\"><img loading=\"lazy\" decoding=\"async\" width=\"2560\" height=\"1437\" data-id=\"19629\" src=\"https:\/\/ifesworld.org\/wp-content\/uploads\/2022\/09\/Vinoth-Ramachandra-scaled.jpg\" alt=\"\" class=\"wp-image-19629\" srcset=\"https:\/\/ifesworld.org\/wp-content\/uploads\/2022\/09\/Vinoth-Ramachandra-scaled.jpg 2560w, https:\/\/ifesworld.org\/wp-content\/uploads\/2022\/09\/Vinoth-Ramachandra-300x169.jpg 300w, https:\/\/ifesworld.org\/wp-content\/uploads\/2022\/09\/Vinoth-Ramachandra-1024x575.jpg 1024w, https:\/\/ifesworld.org\/wp-content\/uploads\/2022\/09\/Vinoth-Ramachandra-768x431.jpg 768w, https:\/\/ifesworld.org\/wp-content\/uploads\/2022\/09\/Vinoth-Ramachandra-1536x862.jpg 1536w, https:\/\/ifesworld.org\/wp-content\/uploads\/2022\/09\/Vinoth-Ramachandra-2048x1150.jpg 2048w\" sizes=\"auto, (max-width: 2560px) 100vw, 2560px\" \/><figcaption>Vinoth Ramachandra<br>SECR\u00c9TAIRE POUR LE DIALOGUE ET L\u2019ENGAGEMENT SOCIAL<\/figcaption><\/figure>\n<\/figure>\n<\/div>\n\n<div class=\"wp-block block-core-heading\">\n<h2 class=\"wp-block-heading\">INTERNATIONAL SERVICES<\/h2>\n<\/div>\n\n<div class=\"wp-block block-core-paragraph\">\n<p class=\"wp-block-paragraph\"><\/p>\n<\/div>\n\n<div class=\"wp-block block-core-gallery\">\n<figure class=\"wp-block-gallery has-nested-images columns-5 is-cropped wp-block-gallery-8 is-layout-flex wp-block-gallery-is-layout-flex\">\n<figure class=\"wp-block-image size-large\"><img loading=\"lazy\" decoding=\"async\" width=\"300\" height=\"300\" data-id=\"3494\" src=\"https:\/\/ifesworld.org\/wp-content\/uploads\/2019\/06\/Sophie_Aldred.jpg\" alt=\"\" class=\"wp-image-3494\" srcset=\"https:\/\/ifesworld.org\/wp-content\/uploads\/2019\/06\/Sophie_Aldred.jpg 300w, https:\/\/ifesworld.org\/wp-content\/uploads\/2019\/06\/Sophie_Aldred-150x150.jpg 150w\" sizes=\"auto, (max-width: 300px) 100vw, 300px\" \/><figcaption>Sophie Aldred<br>DIRECTRICE DE LA COMMUNICATION ET DU D\u00c9VELOPPEMENT<\/figcaption><\/figure>\n\n\n\n<figure class=\"wp-block-image size-large\"><img loading=\"lazy\" decoding=\"async\" width=\"2560\" height=\"1707\" data-id=\"19616\" src=\"https:\/\/ifesworld.org\/wp-content\/uploads\/2022\/09\/John-Criswell-scaled.jpg\" alt=\"\" class=\"wp-image-19616\" srcset=\"https:\/\/ifesworld.org\/wp-content\/uploads\/2022\/09\/John-Criswell-scaled.jpg 2560w, https:\/\/ifesworld.org\/wp-content\/uploads\/2022\/09\/John-Criswell-300x200.jpg 300w, https:\/\/ifesworld.org\/wp-content\/uploads\/2022\/09\/John-Criswell-1024x683.jpg 1024w, https:\/\/ifesworld.org\/wp-content\/uploads\/2022\/09\/John-Criswell-768x512.jpg 768w, https:\/\/ifesworld.org\/wp-content\/uploads\/2022\/09\/John-Criswell-1536x1024.jpg 1536w, https:\/\/ifesworld.org\/wp-content\/uploads\/2022\/09\/John-Criswell-2048x1365.jpg 2048w\" sizes=\"auto, (max-width: 2560px) 100vw, 2560px\" \/><figcaption>John Criswell<br>RESPONSABLE DU PERSONNEL ET DE LA CULTURE<\/figcaption><\/figure>\n\n\n\n<figure class=\"wp-block-image size-large\"><img loading=\"lazy\" decoding=\"async\" width=\"1707\" height=\"2560\" data-id=\"19614\" src=\"https:\/\/ifesworld.org\/wp-content\/uploads\/2022\/09\/Deborah-Kong-print-2938-scaled.jpg\" alt=\"\" class=\"wp-image-19614\" srcset=\"https:\/\/ifesworld.org\/wp-content\/uploads\/2022\/09\/Deborah-Kong-print-2938-scaled.jpg 1707w, https:\/\/ifesworld.org\/wp-content\/uploads\/2022\/09\/Deborah-Kong-print-2938-200x300.jpg 200w, https:\/\/ifesworld.org\/wp-content\/uploads\/2022\/09\/Deborah-Kong-print-2938-683x1024.jpg 683w, https:\/\/ifesworld.org\/wp-content\/uploads\/2022\/09\/Deborah-Kong-print-2938-768x1152.jpg 768w, https:\/\/ifesworld.org\/wp-content\/uploads\/2022\/09\/Deborah-Kong-print-2938-1024x1536.jpg 1024w, https:\/\/ifesworld.org\/wp-content\/uploads\/2022\/09\/Deborah-Kong-print-2938-1365x2048.jpg 1365w\" sizes=\"auto, (max-width: 1707px) 100vw, 1707px\" \/><figcaption>Deborah Kong<br>RESPONSABLE DES FINANCES DE L\u2019IFES<\/figcaption><\/figure>\n\n\n\n<figure class=\"wp-block-image size-large\"><img loading=\"lazy\" decoding=\"async\" width=\"590\" height=\"600\" data-id=\"19618\" src=\"https:\/\/ifesworld.org\/wp-content\/uploads\/2022\/09\/Kenneth_Seow.png\" alt=\"\" class=\"wp-image-19618\" srcset=\"https:\/\/ifesworld.org\/wp-content\/uploads\/2022\/09\/Kenneth_Seow.png 590w, https:\/\/ifesworld.org\/wp-content\/uploads\/2022\/09\/Kenneth_Seow-295x300.png 295w, https:\/\/ifesworld.org\/wp-content\/uploads\/2022\/09\/Kenneth_Seow-70x70.png 70w\" sizes=\"auto, (max-width: 590px) 100vw, 590px\" \/><figcaption>Kenneth Seow<br>DIRECTEUR DE LA TECHNOLOGIE<\/figcaption><\/figure>\n\n\n\n<figure class=\"wp-block-image size-large\"><img loading=\"lazy\" decoding=\"async\" width=\"2560\" height=\"1707\" data-id=\"19619\" src=\"https:\/\/ifesworld.org\/wp-content\/uploads\/2022\/09\/Kevin-Van-Horne-scaled.jpg\" alt=\"\" class=\"wp-image-19619\" srcset=\"https:\/\/ifesworld.org\/wp-content\/uploads\/2022\/09\/Kevin-Van-Horne-scaled.jpg 2560w, https:\/\/ifesworld.org\/wp-content\/uploads\/2022\/09\/Kevin-Van-Horne-300x200.jpg 300w, https:\/\/ifesworld.org\/wp-content\/uploads\/2022\/09\/Kevin-Van-Horne-1024x683.jpg 1024w, https:\/\/ifesworld.org\/wp-content\/uploads\/2022\/09\/Kevin-Van-Horne-768x512.jpg 768w, https:\/\/ifesworld.org\/wp-content\/uploads\/2022\/09\/Kevin-Van-Horne-1536x1024.jpg 1536w, https:\/\/ifesworld.org\/wp-content\/uploads\/2022\/09\/Kevin-Van-Horne-2048x1365.jpg 2048w\" sizes=\"auto, (max-width: 2560px) 100vw, 2560px\" \/><figcaption>Kevin Van Horne<br>DIRECTEUR EX\u00c9CUTIF IFES\/USA<\/figcaption><\/figure>\n<\/figure>\n<\/div>\n\n<div class=\"wp-block block-core-paragraph\">\n<p class=\"wp-block-paragraph\"><\/p>\n<\/div><\/div><\/div>\n<\/div><\/div>\n<\/div><\/div>\n\n<div class=\"wp-block block-core-group alignfull\">\n<div class=\"wp-block-group alignfull has-white-background-color has-background\"><div class=\"wp-block-group__inner-container is-layout-flow wp-block-group-is-layout-flow\"><div class=\"wp-block block-pb-accordion-item\">\n<div class=\"wp-block-pb-accordion-item c-accordion__item js-accordion-item no-js\" data-initially-open=\"false\" data-click-to-close=\"true\" data-auto-close=\"true\" data-scroll=\"false\" data-scroll-offset=\"0\"><h1 id=\"at-196586\" class=\"c-accordion__title js-accordion-controller\" role=\"button\"><strong><strong>R\u00c9SUM\u00c9 FINANCIER<\/strong><\/strong><\/h1><div id=\"ac-196586\" class=\"c-accordion__content\"><div class=\"wp-block block-core-paragraph\">\n<p class=\"wp-block-paragraph\">L&rsquo;IFES investit dans des \u00e9quipes r\u00e9gionales et des programmes internationaux pour soutenir les mouvements nationaux dans la r\u00e9alisation de notre vision commune : un minist\u00e8re \u00e9tudiant en croissance dans le monde entier. Ces investissements fournissent formation et ressources aux mouvements nationaux pour \u00e9quiper de solides responsables, accro\u00eetre le soutien financier au niveau local, s&rsquo;\u00e9tendre \u00e0 de nouvelles villes et \u00e0 de nouveaux campus, d\u00e9velopper une infrastructure organisationnelle de base et apporter l\u2019esp\u00e9rance aux \u00e9tudiants par le biais de l&rsquo;\u00c9vangile.<\/p>\n<\/div>\n\n<div class=\"wp-block block-core-paragraph\">\n<p class=\"wp-block-paragraph\">Depuis 2019-2020, nous avons observ\u00e9 une baisse de revenu li\u00e9e \u00e0 la Covid-19 et r\u00e9duit les d\u00e9penses de mani\u00e8re cons\u00e9quente. En 2021, l\u2019IFES a commenc\u00e9 \u00e0 voir le retour de programmes en pr\u00e9sentiel au fur et \u00e0 mesure que les restrictions en lien avec la pand\u00e9mie ont diminu\u00e9 dans certaines zones. Des subventions sp\u00e9ciales ont \u00e9t\u00e9 donn\u00e9es pour aider 18 mouvements nationaux affect\u00e9s par la pand\u00e9mie. De plus, nos responsables ont investi dans de nouvelles structures pour mieux soutenir l\u2019ensemble des mouvements nationaux. Les revenus de 2021 comprennent l\u2019accumulation de la subvention de 2,7 millions de dollars sur 5 ans accord\u00e9e par une fondation aux \u00c9tats-Unis pour notre Initiative Logos et Cosmos. Globalement, le financement de nos programmes nous a permis d&rsquo;accro\u00eetre notre impact en 2022 et au-del\u00e0, en particulier lorsque les limitations li\u00e9es \u00e0 la Covid-19 s\u2019att\u00e9nueront.<\/p>\n<\/div>\n\n<div class=\"wp-block block-core-paragraph\">\n<p class=\"wp-block-paragraph\">Le rapport financier refl\u00e8te l\u2019ensemble de nos op\u00e9rations sur la base des \u00e9tats financiers v\u00e9rifi\u00e9s pour l\u2019IFES-UK et l\u2019IFES\/USA, ainsi que les \u00e9tats financiers examin\u00e9s s\u00e9par\u00e9ment pour l\u2019IFES-Suisse. L&rsquo;analyse des d\u00e9penses des minist\u00e8res pr\u00e9sent\u00e9e ici est class\u00e9e par cat\u00e9gorie en tenant compte de notre audience internationale. Les rapports financiers des entit\u00e9s de l\u2019IFES (bas\u00e9es au Royaume-Uni, aux \u00c9tats-Unis et en Suisse) sont disponibles sur demande.<\/p>\n<\/div>\n\n<div class=\"wp-block block-core-columns\">\n<div class=\"wp-block-columns is-layout-flex wp-container-core-columns-is-layout-8f761849 wp-block-columns-is-layout-flex\">\n<div class=\"wp-block-column is-layout-flow wp-block-column-is-layout-flow\" style=\"flex-basis:33.33%\">\n<figure class=\"wp-block-image size-large\"><img loading=\"lazy\" decoding=\"async\" width=\"538\" height=\"1024\" src=\"https:\/\/ifesworld.org\/wp-content\/uploads\/2022\/09\/Income-by-country-FR-538x1024.png\" alt=\"\" class=\"wp-image-19661\" srcset=\"https:\/\/ifesworld.org\/wp-content\/uploads\/2022\/09\/Income-by-country-FR-538x1024.png 538w, https:\/\/ifesworld.org\/wp-content\/uploads\/2022\/09\/Income-by-country-FR-158x300.png 158w, https:\/\/ifesworld.org\/wp-content\/uploads\/2022\/09\/Income-by-country-FR.png 634w\" sizes=\"auto, (max-width: 538px) 100vw, 538px\" \/><\/figure>\n<\/div>\n\n\n\n<div class=\"wp-block-column is-layout-flow wp-block-column-is-layout-flow\" style=\"flex-basis:66.66%\">\n<figure class=\"wp-block-image size-large\"><img loading=\"lazy\" decoding=\"async\" width=\"1024\" height=\"482\" src=\"https:\/\/ifesworld.org\/wp-content\/uploads\/2022\/09\/Consolidated-accounts-FR-1024x482.png\" alt=\"\" class=\"wp-image-19660\" srcset=\"https:\/\/ifesworld.org\/wp-content\/uploads\/2022\/09\/Consolidated-accounts-FR-1024x482.png 1024w, https:\/\/ifesworld.org\/wp-content\/uploads\/2022\/09\/Consolidated-accounts-FR-300x141.png 300w, https:\/\/ifesworld.org\/wp-content\/uploads\/2022\/09\/Consolidated-accounts-FR-768x361.png 768w, https:\/\/ifesworld.org\/wp-content\/uploads\/2022\/09\/Consolidated-accounts-FR.png 1278w\" sizes=\"auto, (max-width: 1024px) 100vw, 1024px\" \/><\/figure>\n\n\n<div class=\"wp-block block-core-paragraph\">\n<p class=\"wp-block-paragraph\"><\/p>\n<\/div>\n\n\n<figure class=\"wp-block-image size-large\"><img loading=\"lazy\" decoding=\"async\" width=\"1024\" height=\"462\" src=\"https:\/\/ifesworld.org\/wp-content\/uploads\/2022\/09\/Ministry-expenditure-FR-1024x462.png\" alt=\"\" class=\"wp-image-19662\" srcset=\"https:\/\/ifesworld.org\/wp-content\/uploads\/2022\/09\/Ministry-expenditure-FR-1024x462.png 1024w, https:\/\/ifesworld.org\/wp-content\/uploads\/2022\/09\/Ministry-expenditure-FR-300x135.png 300w, https:\/\/ifesworld.org\/wp-content\/uploads\/2022\/09\/Ministry-expenditure-FR-768x346.png 768w, https:\/\/ifesworld.org\/wp-content\/uploads\/2022\/09\/Ministry-expenditure-FR.png 1441w\" sizes=\"auto, (max-width: 1024px) 100vw, 1024px\" \/><\/figure>\n<\/div>\n<\/div>\n<\/div>\n\n<div class=\"wp-block block-acf-spacer\">\n<div id=\"spacer-block_616419d014d51\" class=\"\">\n    <div aria-hidden=\"true\" class=\"wp-block-spacer spacer--md\"><\/div>\n<\/div>\n<\/div>\n\n<div class=\"wp-block block-core-columns\">\n<div class=\"wp-block-columns is-layout-flex wp-container-core-columns-is-layout-8f761849 wp-block-columns-is-layout-flex\">\n<div class=\"wp-block-column is-layout-flow wp-block-column-is-layout-flow\"><div class=\"wp-block-image\">\n<figure class=\"aligncenter size-full\"><img loading=\"lazy\" decoding=\"async\" width=\"225\" height=\"225\" src=\"https:\/\/ifesworld.org\/wp-content\/uploads\/2020\/07\/ECFA_Accredited_CMYK_Small.jpg\" alt=\"\" class=\"wp-image-12806\" srcset=\"https:\/\/ifesworld.org\/wp-content\/uploads\/2020\/07\/ECFA_Accredited_CMYK_Small.jpg 225w, https:\/\/ifesworld.org\/wp-content\/uploads\/2020\/07\/ECFA_Accredited_CMYK_Small-150x150.jpg 150w, https:\/\/ifesworld.org\/wp-content\/uploads\/2020\/07\/ECFA_Accredited_CMYK_Small-70x70.jpg 70w\" sizes=\"auto, (max-width: 225px) 100vw, 225px\" \/><\/figure>\n<\/div><\/div>\n\n\n\n<div class=\"wp-block-column is-layout-flow wp-block-column-is-layout-flow\"><div class=\"wp-block block-core-html\">\n<a href=\"https:\/\/www.guidestar.org\/profile\/26-3538114\" target=\"_blank\" rel=\"noopener\"><img decoding=\"async\" src=\"https:\/\/widgets.guidestar.org\/TransparencySeal\/8880463\"><\/a>\n<\/div><\/div>\n\n\n\n<div class=\"wp-block-column is-layout-flow wp-block-column-is-layout-flow\"><div class=\"wp-block-image\">\n<figure class=\"aligncenter size-medium\"><img loading=\"lazy\" decoding=\"async\" width=\"300\" height=\"231\" src=\"https:\/\/ifesworld.org\/wp-content\/uploads\/2021\/10\/p17-Charity-Navigator-Seal-300x231.png\" alt=\"\" class=\"wp-image-16818\" srcset=\"https:\/\/ifesworld.org\/wp-content\/uploads\/2021\/10\/p17-Charity-Navigator-Seal-300x231.png 300w, https:\/\/ifesworld.org\/wp-content\/uploads\/2021\/10\/p17-Charity-Navigator-Seal-1024x788.png 1024w, https:\/\/ifesworld.org\/wp-content\/uploads\/2021\/10\/p17-Charity-Navigator-Seal-768x591.png 768w, https:\/\/ifesworld.org\/wp-content\/uploads\/2021\/10\/p17-Charity-Navigator-Seal-1536x1182.png 1536w, https:\/\/ifesworld.org\/wp-content\/uploads\/2021\/10\/p17-Charity-Navigator-Seal.png 2001w\" sizes=\"auto, (max-width: 300px) 100vw, 300px\" \/><\/figure>\n<\/div><\/div>\n\n\n\n<div class=\"wp-block-column is-layout-flow wp-block-column-is-layout-flow\"><div class=\"wp-block-image\">\n<figure class=\"aligncenter size-medium\"><img loading=\"lazy\" decoding=\"async\" width=\"201\" height=\"300\" src=\"https:\/\/ifesworld.org\/wp-content\/uploads\/2022\/09\/FR_RegLogo_Port_HR-201x300.png\" alt=\"\" class=\"wp-image-19676\" srcset=\"https:\/\/ifesworld.org\/wp-content\/uploads\/2022\/09\/FR_RegLogo_Port_HR-201x300.png 201w, https:\/\/ifesworld.org\/wp-content\/uploads\/2022\/09\/FR_RegLogo_Port_HR.png 339w\" sizes=\"auto, (max-width: 201px) 100vw, 201px\" \/><\/figure>\n<\/div><\/div>\n<\/div>\n<\/div>\n\n<div class=\"wp-block block-core-paragraph\">\n<p class=\"has-white-background-color has-background wp-block-paragraph\">L&rsquo;IFES\/USA est membre accr\u00e9dit\u00e9 du Conseil \u00c9vang\u00e9lique pour la Responsabilit\u00e9 Financi\u00e8re et partenaire reconnu du GuideStar Exchange. Elle poss\u00e8de \u00e9galement le label \u00ab&nbsp;Donner avec confiance&nbsp;\u00bb de Charity Navigator. Au Royaume-Uni, l&rsquo;IFES est enregistr\u00e9e aupr\u00e8s de l&rsquo;organisme de r\u00e9glementation des collectes de fonds.&nbsp;<\/p>\n<\/div>\n\n<div class=\"wp-block block-core-heading\">\n<h1 class=\"has-accent-color has-text-color wp-block-heading\">merci<\/h1>\n<\/div>\n\n<div class=\"wp-block block-core-paragraph\">\n<p class=\"has-accent-color has-text-color wp-block-paragraph\">L\u2019IFES voudrait exprimer sa gratitude la plus profonde pour chacun des dons re\u00e7us en 2021. Nous sommes reconnaissants pour tous ceux qui ont soutenu le minist\u00e8re de l\u2019IFES \u00e0 travers la pri\u00e8re, le b\u00e9n\u00e9volat ou la lib\u00e9ralit\u00e9 pendant cette ann\u00e9e exceptionnellement difficile<a>.<\/a><\/p>\n<\/div><\/div><\/div>\n<\/div><\/div>\n<\/div><\/div>\n\n<div class=\"wp-block block-core-group alignfull\">\n<div class=\"wp-block-group alignfull has-white-background-color has-background\"><div class=\"wp-block-group__inner-container is-layout-flow wp-block-group-is-layout-flow\"><div class=\"wp-block block-core-heading\">\n<h1 class=\"wp-block-heading\"><strong>DEVENEZ PARTENAIRE&nbsp;<\/strong><\/h1>\n<\/div>\n\n<div class=\"wp-block block-core-paragraph\">\n<p class=\"wp-block-paragraph\">En devenant notre partenaire, vous soutenez les \u00e9tudiants et les dipl\u00f4m\u00e9s du MENA qui ont besoin d\u2019encouragement pour continuer \u00e0 vivre l\u2019\u00c9vangile. Vous offrez formation et mentorat \u00e0 des individus tels qu\u2019Isabela, une \u00e9tudiante en architecture de l&rsquo;\u00c9quateur qui travaille sur un projet avec l\u2019Initiative Logos et Cosmos pour transformer son mouvement national et sa soci\u00e9t\u00e9. Vous vous joignez \u00e0 Gladwel et ses amis, qui se r\u00e9unissent \u00e0 des congr\u00e8s pour r\u00e9fl\u00e9chir \u00e0 la fa\u00e7on dont l\u2019\u00c9vangile pourrait transformer un monde dynamique et \u00e0 ce que cela pourrait signifier pour eux.<\/p>\n<\/div>\n\n<div class=\"wp-block block-core-paragraph\">\n<p class=\"wp-block-paragraph\">Il y a tant de moyens d\u2019\u00e9quiper les \u00e9tudiants \u00e0 travers des formations, des ressources et le leadership ! Avec votre aide, nous pouvons faire plus pour assurer la croissance du minist\u00e8re \u00e9tudiant \u00e0 travers le monde.<\/p>\n<\/div>\n\n<div class=\"wp-block block-core-columns\">\n<div class=\"wp-block-columns is-layout-flex wp-container-core-columns-is-layout-8f761849 wp-block-columns-is-layout-flex\">\n<div class=\"wp-block-column is-layout-flow wp-block-column-is-layout-flow\"><div class=\"wp-block block-core-heading\">\n<h2 class=\"wp-block-heading\"><strong>PRIEZ<\/strong><\/h2>\n<\/div>\n\n<div class=\"wp-block block-core-paragraph\">\n<p class=\"wp-block-paragraph\">La pri\u00e8re est l\u2019\u00e9nergie qui nous gardent focalis\u00e9s sur la mission et ob\u00e9issants \u00e0 Dieu. Sans elle, notre minist\u00e8re sera inefficace. Merci de prier avec nous que Dieu touche les c\u0153urs des \u00e9tudiants dans le monde entier et guide tout ce que nous faisons. <a href=\"https:\/\/ifesworld.org\/fr\/priez-pour-luniversite\/\" target=\"_blank\" rel=\"noreferrer noopener\">Abonnez-vous pour lire des t\u00e9moignages qui inspireront vos pri\u00e8res pour l\u2019IFES.<\/a> Pour encore plus d\u2019inspiration dans vos pri\u00e8res, <a href=\"https:\/\/ifesworld.org\/fr\/podcasts-de-lifes\/\" target=\"_blank\" rel=\"noreferrer noopener\">\u00e9coutez les podcasts \u00ab&nbsp;Voices of IFES&nbsp;\u00bb et \u00ab&nbsp;Prayerline&nbsp;\u00bb.<\/a><\/p>\n<\/div><\/div>\n\n\n\n<div class=\"wp-block-column is-layout-flow wp-block-column-is-layout-flow\"><div class=\"wp-block block-core-heading\">\n<h2 class=\"wp-block-heading\"><strong>PRENEZ CONTACT&nbsp;<\/strong><\/h2>\n<\/div>\n\n<div class=\"wp-block block-core-paragraph\">\n<p class=\"wp-block-paragraph\">L\u2019IFES est une union riche, avec une multitude de mani\u00e8res de s\u2019impliquer et de chances de t\u00e9moigner de l&rsquo;\u0153uvre de Dieu dans les vies des \u00e9tudiants \u00e0 travers le monde. Nous aimerions beaucoup vous voir sur l\u2019IFES Connect, notre nouvelle communaut\u00e9 en ligne cr\u00e9\u00e9e pour unir, encourager et \u00e9quiper notre personnel, nos \u00e9tudiants et partenaires. <a href=\"https:\/\/connect.ifesworld.org\/\" target=\"_blank\" rel=\"noreferrer noopener\">Rendez-vous sur <strong>connect.ifesworld.org<\/strong> pour vous lancer.&nbsp;<\/a><\/p>\n<\/div><\/div>\n\n\n\n<div class=\"wp-block-column is-layout-flow wp-block-column-is-layout-flow\"><div class=\"wp-block block-core-heading\">\n<h2 class=\"wp-block-heading\"><strong>DONNEZ<\/strong><\/h2>\n<\/div>\n\n<div class=\"wp-block block-core-paragraph\">\n<p class=\"wp-block-paragraph\">Sans g\u00e9n\u00e9reux donateurs tels que vous, notre port\u00e9e serait bien plus limit\u00e9e. Les dons r\u00e9guliers sont particuli\u00e8rement utiles, car ils nous permettent de pr\u00e9voir de mani\u00e8re ad\u00e9quate pour le futur.<a href=\"https:\/\/ifesworld.org\/fr\/donner\/\" target=\"_blank\" rel=\"noreferrer noopener\"> Vous pouvez enregistrer ou augmenter votre don mensuel sur <strong>ifesworld.org\/donner.<\/strong><\/a>&nbsp;<\/p>\n<\/div>\n\n<div class=\"wp-block block-core-paragraph\">\n<p class=\"wp-block-paragraph\"><\/p>\n<\/div><\/div>\n<\/div>\n<\/div>\n\n<div class=\"wp-block block-core-paragraph\">\n<p class=\"wp-block-paragraph\">Avec vous, nous continuerons \u00e0 progresser dans notre vision : voir le t\u00e9moignage \u00e9tudiant cro\u00eetre sur chaque campus dans le monde. Nous sommes anim\u00e9s par l\u2019\u00c9vangile et soutenus par un Sauveur qui apporte l\u2019esp\u00e9rance \u00e0 l\u2019universit\u00e9. Merci de prier, de prendre contact et de donner avec nous tandis que nous poursuivons cette mission.&nbsp;<\/p>\n<\/div>\n\n<div class=\"wp-block block-core-paragraph\">\n<p class=\"wp-block-paragraph\"><\/p>\n<\/div>\n\n<div class=\"wp-block block-core-gallery\">\n<figure class=\"wp-block-gallery has-nested-images columns-default is-cropped wp-block-gallery-9 is-layout-flex wp-block-gallery-is-layout-flex\">\n<figure class=\"wp-block-image size-large\"><img loading=\"lazy\" decoding=\"async\" width=\"1280\" height=\"958\" data-id=\"19636\" src=\"https:\/\/ifesworld.org\/wp-content\/uploads\/2022\/09\/p19-Pioneering-in-the-French-Caribbean.jpg\" alt=\"\" class=\"wp-image-19636\" srcset=\"https:\/\/ifesworld.org\/wp-content\/uploads\/2022\/09\/p19-Pioneering-in-the-French-Caribbean.jpg 1280w, https:\/\/ifesworld.org\/wp-content\/uploads\/2022\/09\/p19-Pioneering-in-the-French-Caribbean-300x225.jpg 300w, https:\/\/ifesworld.org\/wp-content\/uploads\/2022\/09\/p19-Pioneering-in-the-French-Caribbean-1024x766.jpg 1024w, https:\/\/ifesworld.org\/wp-content\/uploads\/2022\/09\/p19-Pioneering-in-the-French-Caribbean-768x575.jpg 768w\" sizes=\"auto, (max-width: 1280px) 100vw, 1280px\" \/><figcaption>\u00c9tudiant pionnier dans les Cara\u00efbes fran\u00e7aises<\/figcaption><\/figure>\n\n\n\n<figure class=\"wp-block-image size-large\"><img loading=\"lazy\" decoding=\"async\" width=\"1280\" height=\"960\" data-id=\"19637\" src=\"https:\/\/ifesworld.org\/wp-content\/uploads\/2022\/09\/p18-Ukraine-internationals.jpg\" alt=\"\" class=\"wp-image-19637\" srcset=\"https:\/\/ifesworld.org\/wp-content\/uploads\/2022\/09\/p18-Ukraine-internationals.jpg 1280w, https:\/\/ifesworld.org\/wp-content\/uploads\/2022\/09\/p18-Ukraine-internationals-300x225.jpg 300w, https:\/\/ifesworld.org\/wp-content\/uploads\/2022\/09\/p18-Ukraine-internationals-1024x768.jpg 1024w, https:\/\/ifesworld.org\/wp-content\/uploads\/2022\/09\/p18-Ukraine-internationals-768x576.jpg 768w\" sizes=\"auto, (max-width: 1280px) 100vw, 1280px\" \/><figcaption>Groupe international du minist\u00e8re des \u00e9tudiants, CCX Ukraine<\/figcaption><\/figure>\n<\/figure>\n<\/div>\n\n<div class=\"wp-block block-core-group alignfull\">\n<div class=\"wp-block-group alignfull has-white-dark-background-color has-background\"><div class=\"wp-block-group__inner-container is-layout-flow wp-block-group-is-layout-flow\"><div class=\"wp-block block-core-heading\">\n<h2 class=\"wp-block-heading\">Autres rapports<\/h2>\n<\/div>\n\n<div class=\"wp-block block-acf-ifesbutton\">\n<div class=\"\">\n    <a id=\"btn-block_5d7b6baa9cf14\" target=\"_blank\" href=\"https:\/\/ifesworld.org\/wp-content\/uploads\/2021\/10\/Final-signed-2020-IFES-annual-accounts-and-TAR.pdf\" class=\"btn btn--cta-link\">\n        <span>\n                    <span class=\"icon\"><svg class=\"icon\"><use xlink:href=\"#chevron-circle-right-solid\"\/><\/svg><\/span>\n        2020 COMPTES ANNUELS ET RAPPORT DES ADMINISTRATEURS (ANGLAIS)        <\/span>\n    <\/a>\n<\/div>\n\n<\/div>\n\n<div class=\"wp-block block-acf-ifesbutton\">\n<div class=\"\">\n    <a id=\"btn-block_5d849282ed080\" target=\"_blank\" href=\"https:\/\/ifesworld.org\/wp-content\/uploads\/2022\/07\/IFES-USA-2021-Financial-Statements.pdf\" class=\"btn btn--cta-link\">\n        <span>\n                    <span class=\"icon\"><svg class=\"icon\"><use xlink:href=\"#chevron-circle-right-solid\"\/><\/svg><\/span>\n        2021 COMPTES ANNUELS DE L\u2019IFES USA        <\/span>\n    <\/a>\n<\/div>\n\n<\/div>\n\n<div class=\"wp-block block-acf-ifesbutton\">\n<div class=\"\">\n    <a id=\"btn-block_5d7b6c269cf15\" target=\"_blank\" href=\"https:\/\/ifesworld.org\/wp-content\/uploads\/2021\/10\/Signed-IFES-Swiss-Accounts-2020.pdf\" class=\"btn btn--cta-link\">\n        <span>\n                    <span class=\"icon\"><svg class=\"icon\"><use xlink:href=\"#chevron-circle-right-solid\"\/><\/svg><\/span>\n         2020 COMPTES DE L&rsquo;IFES (SUISSE)        <\/span>\n    <\/a>\n<\/div>\n\n<\/div>\n\n<div class=\"wp-block block-acf-ifesbutton\">\n<div class=\"\">\n    <a id=\"btn-block_5d7a595408422\" target=\"_blank\" href=\"https:\/\/ifesworld.org\/wp-content\/uploads\/2022\/07\/2021-IFES-USA-Form-990-Public-Copy.pdf\" class=\"btn btn--cta-link\">\n        <span>\n                    <span class=\"icon\"><svg class=\"icon\"><use xlink:href=\"#chevron-circle-right-solid\"\/><\/svg><\/span>\n        2021 IFES USA Tax report form (990)        <\/span>\n    <\/a>\n<\/div>\n\n<\/div>\n\n<div class=\"wp-block block-acf-ifesbutton\">\n<div class=\"\">\n    <a id=\"btn-block_5f06e4f917794\" target=\"_blank\" href=\"https:\/\/ifesworld.org\/wp-content\/uploads\/2022\/09\/IFES-Annual-Report2022-UK-final.pdf\" class=\"btn btn--cta-link\">\n        <span>\n                    <span class=\"icon\"><svg class=\"icon\"><use xlink:href=\"#chevron-circle-right-solid\"\/><\/svg><\/span>\n        RAPPORT ANNUEL PDF EN ANGLAIS  2021-2022        <\/span>\n    <\/a>\n<\/div>\n\n<\/div><\/div>\n<\/div><\/div><\/div>\n<\/div><\/div>","protected":false},"excerpt":{"rendered":"<p>Un mot de Tim Adams, Secr\u00e9taire g\u00e9n\u00e9ral de l&rsquo;IFES Chers amis, Ayez du z\u00e8le, et non de la paresse. Soyez fervents d\u2019esprit. Servez le Seigneur. R\u00e9jouissez-vous en esp\u00e9rance. Soyez patients dans l\u2019affliction. Pers\u00e9v\u00e9rez dans la pri\u00e8re. Romains 12.11-12 Cette exhortation est devenue pour moi un refrain tout au long de l\u2019ann\u00e9e 2021, ma premi\u00e8re en&#8230;<\/p>\n","protected":false},"author":2,"featured_media":19538,"parent":0,"menu_order":0,"comment_status":"closed","ping_status":"closed","template":"","meta":{"_acf_changed":false,"_crdt_document":"","inline_featured_image":false,"footnotes":""},"area":[],"theme":[],"class_list":["post-19658","page","type-page","status-publish","has-post-thumbnail","hentry"],"acf":[],"yoast_head":"<!-- This site is optimized with the Yoast SEO plugin v27.2 - https:\/\/yoast.com\/product\/yoast-seo-wordpress\/ -->\n<title>Rapport annuel de l&#039;IFES 2021-2022 &#183; IFES<\/title>\n<meta name=\"description\" content=\"Un mot de Tim Adams, Secr\u00e9taire g\u00e9n\u00e9ral de l&#039;IFES Chers amis, Ayez du z\u00e8le, et non de la paresse. Soyez fervents d\u2019esprit. Servez le Seigneur.\" \/>\n<meta name=\"robots\" content=\"index, follow, max-snippet:-1, max-image-preview:large, max-video-preview:-1\" \/>\n<link rel=\"canonical\" href=\"https:\/\/ifesworld.org\/fr\/rapport-annuel-de-lifes-2021-2022\/\" \/>\n<meta property=\"og:locale\" content=\"fr_FR\" \/>\n<meta property=\"og:type\" content=\"article\" \/>\n<meta property=\"og:title\" content=\"Rapport annuel de l&#039;IFES 2021-2022 &#183; IFES\" \/>\n<meta property=\"og:description\" content=\"Un mot de Tim Adams, Secr\u00e9taire g\u00e9n\u00e9ral de l&#039;IFES Chers amis, Ayez du z\u00e8le, et non de la paresse. Soyez fervents d\u2019esprit. Servez le Seigneur.\" \/>\n<meta property=\"og:url\" content=\"https:\/\/ifesworld.org\/fr\/rapport-annuel-de-lifes-2021-2022\/\" \/>\n<meta property=\"og:site_name\" content=\"IFES\" \/>\n<meta property=\"article:modified_time\" content=\"2022-11-18T15:28:31+00:00\" \/>\n<meta property=\"og:image\" content=\"https:\/\/ifesworld.org\/wp-content\/uploads\/2022\/09\/Cover-photo-AdobeStock_242197045-scaled.jpeg\" \/>\n\t<meta property=\"og:image:width\" content=\"2560\" \/>\n\t<meta property=\"og:image:height\" content=\"1707\" \/>\n\t<meta property=\"og:image:type\" content=\"image\/jpeg\" \/>\n<meta name=\"twitter:card\" content=\"summary_large_image\" \/>\n<meta name=\"twitter:label1\" content=\"Dur\u00e9e de lecture estim\u00e9e\" \/>\n\t<meta name=\"twitter:data1\" content=\"24 minutes\" \/>\n<script type=\"application\/ld+json\" class=\"yoast-schema-graph\">{\"@context\":\"https:\/\/schema.org\",\"@graph\":[{\"@type\":\"WebPage\",\"@id\":\"https:\/\/ifesworld.org\/fr\/rapport-annuel-de-lifes-2021-2022\/\",\"url\":\"https:\/\/ifesworld.org\/fr\/rapport-annuel-de-lifes-2021-2022\/\",\"name\":\"Rapport annuel de l'IFES 2021-2022 &#183; IFES\",\"isPartOf\":{\"@id\":\"https:\/\/ifesworld.org\/es\/#website\"},\"primaryImageOfPage\":{\"@id\":\"https:\/\/ifesworld.org\/fr\/rapport-annuel-de-lifes-2021-2022\/#primaryimage\"},\"image\":{\"@id\":\"https:\/\/ifesworld.org\/fr\/rapport-annuel-de-lifes-2021-2022\/#primaryimage\"},\"thumbnailUrl\":\"https:\/\/ifesworld.org\/wp-content\/uploads\/2022\/09\/Cover-photo-AdobeStock_242197045-scaled.jpeg\",\"datePublished\":\"2022-09-13T13:15:17+00:00\",\"dateModified\":\"2022-11-18T15:28:31+00:00\",\"description\":\"Un mot de Tim Adams, Secr\u00e9taire g\u00e9n\u00e9ral de l'IFES Chers amis, Ayez du z\u00e8le, et non de la paresse. Soyez fervents d\u2019esprit. Servez le Seigneur.\",\"breadcrumb\":{\"@id\":\"https:\/\/ifesworld.org\/fr\/rapport-annuel-de-lifes-2021-2022\/#breadcrumb\"},\"inLanguage\":\"fr-FR\",\"potentialAction\":[{\"@type\":\"ReadAction\",\"target\":[\"https:\/\/ifesworld.org\/fr\/rapport-annuel-de-lifes-2021-2022\/\"]}]},{\"@type\":\"ImageObject\",\"inLanguage\":\"fr-FR\",\"@id\":\"https:\/\/ifesworld.org\/fr\/rapport-annuel-de-lifes-2021-2022\/#primaryimage\",\"url\":\"https:\/\/ifesworld.org\/wp-content\/uploads\/2022\/09\/Cover-photo-AdobeStock_242197045-scaled.jpeg\",\"contentUrl\":\"https:\/\/ifesworld.org\/wp-content\/uploads\/2022\/09\/Cover-photo-AdobeStock_242197045-scaled.jpeg\",\"width\":2560,\"height\":1707,\"caption\":\"young woman holding bible and lift up hand with light sunset background,christian concept.\"},{\"@type\":\"BreadcrumbList\",\"@id\":\"https:\/\/ifesworld.org\/fr\/rapport-annuel-de-lifes-2021-2022\/#breadcrumb\",\"itemListElement\":[{\"@type\":\"ListItem\",\"position\":1,\"name\":\"Home\",\"item\":\"https:\/\/ifesworld.org\/fr\/\"},{\"@type\":\"ListItem\",\"position\":2,\"name\":\"Rapport annuel de l&rsquo;IFES 2021-2022\"}]},{\"@type\":\"WebSite\",\"@id\":\"https:\/\/ifesworld.org\/es\/#website\",\"url\":\"https:\/\/ifesworld.org\/es\/\",\"name\":\"IFES\",\"description\":\"A movement of students sharing and living out the good news of Jesus Christ. Locally. Nationally. Globally.\",\"publisher\":{\"@id\":\"https:\/\/ifesworld.org\/es\/#organization\"},\"potentialAction\":[{\"@type\":\"SearchAction\",\"target\":{\"@type\":\"EntryPoint\",\"urlTemplate\":\"https:\/\/ifesworld.org\/es\/?s={search_term_string}\"},\"query-input\":{\"@type\":\"PropertyValueSpecification\",\"valueRequired\":true,\"valueName\":\"search_term_string\"}}],\"inLanguage\":\"fr-FR\"},{\"@type\":\"Organization\",\"@id\":\"https:\/\/ifesworld.org\/es\/#organization\",\"name\":\"IFES \u00b7 International Fellowship of Evangelical Students\",\"url\":\"https:\/\/ifesworld.org\/es\/\",\"logo\":{\"@type\":\"ImageObject\",\"inLanguage\":\"fr-FR\",\"@id\":\"https:\/\/ifesworld.org\/es\/#\/schema\/logo\/image\/\",\"url\":\"https:\/\/ifesworld.org\/wp-content\/uploads\/2019\/06\/ifeslogo.png\",\"contentUrl\":\"https:\/\/ifesworld.org\/wp-content\/uploads\/2019\/06\/ifeslogo.png\",\"width\":262,\"height\":262,\"caption\":\"IFES \u00b7 International Fellowship of Evangelical Students\"},\"image\":{\"@id\":\"https:\/\/ifesworld.org\/es\/#\/schema\/logo\/image\/\"}}]}<\/script>\n<!-- \/ Yoast SEO plugin. -->","yoast_head_json":{"title":"Rapport annuel de l'IFES 2021-2022 &#183; IFES","description":"Un mot de Tim Adams, Secr\u00e9taire g\u00e9n\u00e9ral de l'IFES Chers amis, Ayez du z\u00e8le, et non de la paresse. Soyez fervents d\u2019esprit. Servez le Seigneur.","robots":{"index":"index","follow":"follow","max-snippet":"max-snippet:-1","max-image-preview":"max-image-preview:large","max-video-preview":"max-video-preview:-1"},"canonical":"https:\/\/ifesworld.org\/fr\/rapport-annuel-de-lifes-2021-2022\/","og_locale":"fr_FR","og_type":"article","og_title":"Rapport annuel de l'IFES 2021-2022 &#183; IFES","og_description":"Un mot de Tim Adams, Secr\u00e9taire g\u00e9n\u00e9ral de l'IFES Chers amis, Ayez du z\u00e8le, et non de la paresse. Soyez fervents d\u2019esprit. Servez le Seigneur.","og_url":"https:\/\/ifesworld.org\/fr\/rapport-annuel-de-lifes-2021-2022\/","og_site_name":"IFES","article_modified_time":"2022-11-18T15:28:31+00:00","og_image":[{"width":2560,"height":1707,"url":"https:\/\/ifesworld.org\/wp-content\/uploads\/2022\/09\/Cover-photo-AdobeStock_242197045-scaled.jpeg","type":"image\/jpeg"}],"twitter_card":"summary_large_image","twitter_misc":{"Dur\u00e9e de lecture estim\u00e9e":"24 minutes"},"schema":{"@context":"https:\/\/schema.org","@graph":[{"@type":"WebPage","@id":"https:\/\/ifesworld.org\/fr\/rapport-annuel-de-lifes-2021-2022\/","url":"https:\/\/ifesworld.org\/fr\/rapport-annuel-de-lifes-2021-2022\/","name":"Rapport annuel de l'IFES 2021-2022 &#183; IFES","isPartOf":{"@id":"https:\/\/ifesworld.org\/es\/#website"},"primaryImageOfPage":{"@id":"https:\/\/ifesworld.org\/fr\/rapport-annuel-de-lifes-2021-2022\/#primaryimage"},"image":{"@id":"https:\/\/ifesworld.org\/fr\/rapport-annuel-de-lifes-2021-2022\/#primaryimage"},"thumbnailUrl":"https:\/\/ifesworld.org\/wp-content\/uploads\/2022\/09\/Cover-photo-AdobeStock_242197045-scaled.jpeg","datePublished":"2022-09-13T13:15:17+00:00","dateModified":"2022-11-18T15:28:31+00:00","description":"Un mot de Tim Adams, Secr\u00e9taire g\u00e9n\u00e9ral de l'IFES Chers amis, Ayez du z\u00e8le, et non de la paresse. Soyez fervents d\u2019esprit. Servez le Seigneur.","breadcrumb":{"@id":"https:\/\/ifesworld.org\/fr\/rapport-annuel-de-lifes-2021-2022\/#breadcrumb"},"inLanguage":"fr-FR","potentialAction":[{"@type":"ReadAction","target":["https:\/\/ifesworld.org\/fr\/rapport-annuel-de-lifes-2021-2022\/"]}]},{"@type":"ImageObject","inLanguage":"fr-FR","@id":"https:\/\/ifesworld.org\/fr\/rapport-annuel-de-lifes-2021-2022\/#primaryimage","url":"https:\/\/ifesworld.org\/wp-content\/uploads\/2022\/09\/Cover-photo-AdobeStock_242197045-scaled.jpeg","contentUrl":"https:\/\/ifesworld.org\/wp-content\/uploads\/2022\/09\/Cover-photo-AdobeStock_242197045-scaled.jpeg","width":2560,"height":1707,"caption":"young woman holding bible and lift up hand with light sunset background,christian concept."},{"@type":"BreadcrumbList","@id":"https:\/\/ifesworld.org\/fr\/rapport-annuel-de-lifes-2021-2022\/#breadcrumb","itemListElement":[{"@type":"ListItem","position":1,"name":"Home","item":"https:\/\/ifesworld.org\/fr\/"},{"@type":"ListItem","position":2,"name":"Rapport annuel de l&rsquo;IFES 2021-2022"}]},{"@type":"WebSite","@id":"https:\/\/ifesworld.org\/es\/#website","url":"https:\/\/ifesworld.org\/es\/","name":"IFES","description":"A movement of students sharing and living out the good news of Jesus Christ. Locally. Nationally. Globally.","publisher":{"@id":"https:\/\/ifesworld.org\/es\/#organization"},"potentialAction":[{"@type":"SearchAction","target":{"@type":"EntryPoint","urlTemplate":"https:\/\/ifesworld.org\/es\/?s={search_term_string}"},"query-input":{"@type":"PropertyValueSpecification","valueRequired":true,"valueName":"search_term_string"}}],"inLanguage":"fr-FR"},{"@type":"Organization","@id":"https:\/\/ifesworld.org\/es\/#organization","name":"IFES \u00b7 International Fellowship of Evangelical Students","url":"https:\/\/ifesworld.org\/es\/","logo":{"@type":"ImageObject","inLanguage":"fr-FR","@id":"https:\/\/ifesworld.org\/es\/#\/schema\/logo\/image\/","url":"https:\/\/ifesworld.org\/wp-content\/uploads\/2019\/06\/ifeslogo.png","contentUrl":"https:\/\/ifesworld.org\/wp-content\/uploads\/2019\/06\/ifeslogo.png","width":262,"height":262,"caption":"IFES \u00b7 International Fellowship of Evangelical Students"},"image":{"@id":"https:\/\/ifesworld.org\/es\/#\/schema\/logo\/image\/"}}]}},"_links":{"self":[{"href":"https:\/\/ifesworld.org\/fr\/wp-json\/wp\/v2\/pages\/19658","targetHints":{"allow":["GET"]}}],"collection":[{"href":"https:\/\/ifesworld.org\/fr\/wp-json\/wp\/v2\/pages"}],"about":[{"href":"https:\/\/ifesworld.org\/fr\/wp-json\/wp\/v2\/types\/page"}],"author":[{"embeddable":true,"href":"https:\/\/ifesworld.org\/fr\/wp-json\/wp\/v2\/users\/2"}],"replies":[{"embeddable":true,"href":"https:\/\/ifesworld.org\/fr\/wp-json\/wp\/v2\/comments?post=19658"}],"version-history":[{"count":0,"href":"https:\/\/ifesworld.org\/fr\/wp-json\/wp\/v2\/pages\/19658\/revisions"}],"wp:featuredmedia":[{"embeddable":true,"href":"https:\/\/ifesworld.org\/fr\/wp-json\/wp\/v2\/media\/19538"}],"wp:attachment":[{"href":"https:\/\/ifesworld.org\/fr\/wp-json\/wp\/v2\/media?parent=19658"}],"wp:term":[{"taxonomy":"area","embeddable":true,"href":"https:\/\/ifesworld.org\/fr\/wp-json\/wp\/v2\/area?post=19658"},{"taxonomy":"theme","embeddable":true,"href":"https:\/\/ifesworld.org\/fr\/wp-json\/wp\/v2\/theme?post=19658"}],"curies":[{"name":"wp","href":"https:\/\/api.w.org\/{rel}","templated":true}]}}