{"id":18354,"date":"2022-03-18T15:30:10","date_gmt":"2022-03-18T15:30:10","guid":{"rendered":"https:\/\/ifesworld.org\/?page_id=18354"},"modified":"2022-04-01T15:50:11","modified_gmt":"2022-04-01T14:50:11","slug":"plus-de-ressources","status":"publish","type":"page","link":"https:\/\/ifesworld.org\/fr\/plus-de-ressources\/","title":{"rendered":"Plus de ressources"},"content":{"rendered":"<div class=\"wp-block block-core-paragraph\">\n<p class=\"wp-block-paragraph\">Voici quelques ressources qui expliquent un peu plus ce qui pourrait \u00eatre r\u00e9alis\u00e9 gr\u00e2ce \u00e0 vos dons et qui vous aident \u00e0 r\u00e9fl\u00e9chir sur le sens de la g\u00e9n\u00e9rosit\u00e9.&nbsp;&nbsp;<\/p>\n<\/div>\n\n<div class=\"wp-block block-core-paragraph\">\n<p class=\"wp-block-paragraph\">D\u00e9couvrez comment les dons de la Journ\u00e9e mondiale du don de l\u2019ann\u00e9e derni\u00e8re ont \u00e9t\u00e9 utilis\u00e9s, explorez le th\u00e8me du don \u00e0 travers 2 Rois 4 et entendez l\u2019appel \u00e0 prendre des initiatives dans votre propre contexte, et d\u00e9couvrez \u00e0 quel point le don est important, m\u00eame pour les \u00e9tudiants.&nbsp;&nbsp;<\/p>\n<\/div>\n\n<div class=\"wp-block block-pb-accordion-item\">\n<div class=\"wp-block-pb-accordion-item c-accordion__item js-accordion-item no-js\" data-initially-open=\"false\" data-click-to-close=\"true\" data-auto-close=\"true\" data-scroll=\"false\" data-scroll-offset=\"0\"><h2 id=\"at-183540\" class=\"c-accordion__title js-accordion-controller\" role=\"button\"><strong>Nouvelles de la Journ\u00e9e mondiale de la g\u00e9n\u00e9rosit\u00e9 2021 &#8211; Des leaders \u00e9tudiants se mobilisent au Burkina Faso et au Rwanda<\/strong>\u00a0<\/h2><div id=\"ac-183540\" class=\"c-accordion__content\">\n<figure class=\"wp-block-image size-large\"><img loading=\"lazy\" decoding=\"async\" width=\"1024\" height=\"473\" src=\"https:\/\/ifesworld.org\/wp-content\/uploads\/2022\/03\/Student-Leadership-training-FA-1024x473.jpg\" alt=\"\" class=\"wp-image-18298\" srcset=\"https:\/\/ifesworld.org\/wp-content\/uploads\/2022\/03\/Student-Leadership-training-FA-1024x473.jpg 1024w, https:\/\/ifesworld.org\/wp-content\/uploads\/2022\/03\/Student-Leadership-training-FA-300x139.jpg 300w, https:\/\/ifesworld.org\/wp-content\/uploads\/2022\/03\/Student-Leadership-training-FA-768x355.jpg 768w, https:\/\/ifesworld.org\/wp-content\/uploads\/2022\/03\/Student-Leadership-training-FA.jpg 1384w\" sizes=\"auto, (max-width: 1024px) 100vw, 1024px\" \/><\/figure>\n\n\n<div class=\"wp-block block-core-paragraph\">\n<p class=\"wp-block-paragraph\">En 2021, une partie des dons re\u00e7us lors de la Journ\u00e9e mondiale de la g\u00e9n\u00e9rosit\u00e9 ont \u00e9t\u00e9 distribu\u00e9s \u00e0 la r\u00e9gion <a href=\"http:\/\/gbuaf.org\/\" target=\"_blank\" rel=\"noreferrer noopener\">Afrique francophone<\/a> dans le but de <a href=\"https:\/\/ifesworld.org\/fr\/detudiant-a-etudiant\/?switch_language=fr#Afrique%20francophone\" target=\"_blank\" rel=\"noreferrer noopener\">former les \u00e9tudiants \u00e0 devenir des leaders au sein de leurs mouvements nationaux<\/a>.&nbsp;&nbsp;<\/p>\n<\/div>\n\n<div class=\"wp-block block-core-paragraph\">\n<p class=\"wp-block-paragraph\">\u00c0 vrai dire, les leaders de la formation ne s&rsquo;attendaient pas \u00e0 ce qu&rsquo;autant d&rsquo;\u00e9tudiants soient int\u00e9ress\u00e9s. \u00c0 l&rsquo;apog\u00e9e de l&rsquo;incertitude du contexte de la pand\u00e9mie, en l&rsquo;absence d&rsquo;un grand nombre de ressources permettant de rendre la formation en ligne possible ou souhaitable, et avec des kilom\u00e8tres \u00e0 parcourir, cette formation \u00e0 l&rsquo;\u00e9chelle r\u00e9gionale \u00e9tait ambitieuse.&nbsp;<\/p>\n<\/div>\n\n<div class=\"wp-block block-core-paragraph\">\n<p class=\"wp-block-paragraph\">D&rsquo;excellentes surprises nous \u00e9taient n\u00e9anmoins r\u00e9serv\u00e9es.&nbsp;<\/p>\n<\/div>\n\n<div class=\"wp-block block-core-paragraph\">\n<p class=\"wp-block-paragraph\">L&rsquo;int\u00e9r\u00eat ne cessait de cro\u00eetre chez les \u00e9tudiants de<a href=\"https:\/\/www.facebook.com\/ugbburkina\/\" target=\"_blank\" rel=\"noreferrer noopener\"> l&rsquo;UGBB, le mouvement national au Burkina Faso<\/a>. Ils avaient soif d&rsquo;\u00e9tudier la parole de Dieu, d&rsquo;assumer de nouvelles responsabilit\u00e9s li\u00e9es au leadership, de redoubler d&rsquo;audace pour t\u00e9moigner de J\u00e9sus aupr\u00e8s de leurs pairs, et d&rsquo;apprendre \u00e0 faire toujours plus confiance au Seigneur. Moustapha, le formateur au Burkina Faso, a eu la joie inattendue d&rsquo;avoir \u00e0 parcourir de grandes distances \u00e0 travers tout le pays pour dispenser aux \u00e9tudiants une formation efficace\u202f; un v\u00e9ritable d\u00e9fi\u202f!&nbsp;<\/p>\n<\/div>\n\n<div class=\"wp-block block-core-paragraph\">\n<p class=\"wp-block-paragraph\">En plus de ceux qui se mobilisaient pour apprendre, la surprise suivante a \u00e9t\u00e9 le grand nombre d&rsquo;\u00e9tudiants souhaitant enseigner. De plus en plus de dipl\u00f4m\u00e9s consacraient leur temps et leur \u00e9nergie \u00e0 la formation des leaders \u00e9tudiants. Ils \u00e9taient \u00e9galement \u00e9tonnamment d\u00e9sireux de grandir eux-m\u00eames dans le leadership et en maturit\u00e9 spirituelle, afin d&rsquo;offrir aux leaders \u00e9tudiants la meilleure formation possible. Plus de 200\u202fd&rsquo;entre eux se sont inscrits \u00e0 des sessions de formation en ligne pour eux.&nbsp;<\/p>\n<\/div>\n\n<div class=\"wp-block block-core-paragraph\">\n<p class=\"wp-block-paragraph\">En plus de ces s\u00e9minaires en ligne, autre surprise, <a href=\"http:\/\/gburwanda.org\/wp\/\" target=\"_blank\" rel=\"noreferrer noopener\">le GBUR, le mouvement national au Rwanda<\/a>, a organis\u00e9 un congr\u00e8s de formation en pr\u00e9sentiel de quatre jours pour ses dipl\u00f4m\u00e9s. Ce fut une v\u00e9ritable b\u00e9n\u00e9diction pour les dipl\u00f4m\u00e9s, les leaders \u00e9tudiants et l&rsquo;ensemble du mouvement, leur permettant de cro\u00eetre dans la communion et d&rsquo;\u00eatre immerg\u00e9s dans la vision de l&rsquo;\u00e9tablissement du royaume de Dieu, tout en outillant les leaders \u00e9tudiants. Sans oublier le b\u00e9n\u00e9fice pour les \u00e9tudiants qu&rsquo;ils atteindront.&nbsp;&nbsp;<\/p>\n<\/div>\n\n<div class=\"wp-block block-core-paragraph\">\n<p class=\"wp-block-paragraph\">Cette formation au leadership \u00e9tudiant s&rsquo;est poursuivie au Rwanda et au Burkina Faso gr\u00e2ce \u00e0 la formidable g\u00e9n\u00e9rosit\u00e9 de celles et ceux qui ont donn\u00e9 lors de la Journ\u00e9e mondiale de la g\u00e9n\u00e9rosit\u00e9 2021. Cet \u00e9v\u00e9nement a \u00e9galement \u00e9t\u00e9 un immense encouragement pour les autres mouvements de la r\u00e9gion. Des discussions sont en cours afin de trouver des approches plus cr\u00e9atives pour relever les d\u00e9fis de la pand\u00e9mie, avec sagesse et t\u00e9nacit\u00e9. D&rsquo;autres s\u00e9minaires de formation pour dipl\u00f4m\u00e9s sont pr\u00e9vus afin de leur donner les moyens d&rsquo;accompagner et de former des leaders \u00e9tudiants.&nbsp;&nbsp;<\/p>\n<\/div>\n\n<div class=\"wp-block block-core-paragraph\">\n<p class=\"wp-block-paragraph\">L&rsquo;\u00e9quipe r\u00e9gionale s&rsquo;attend \u00e0 ce que l&rsquo;appel \u00e0 outiller les leaders \u00e9tudiants continue \u00e0 fortifier la foi, l&rsquo;engagement et la r\u00e9silience des \u00e9tudiants, de plus en plus de mouvements nationaux \u00e9tant en mesure d&rsquo;y prendre part gr\u00e2ce \u00e0 leurs propres formations, et les \u00e9tudiants gagnant en assurance, en maturit\u00e9 et en cr\u00e9ativit\u00e9 dans leur leadership, pour la gloire de Dieu.&nbsp;<\/p>\n<\/div><\/div><\/div>\n<\/div>\n\n<div class=\"wp-block block-pb-accordion-item\">\n<div class=\"wp-block-pb-accordion-item c-accordion__item js-accordion-item no-js\" data-initially-open=\"false\" data-click-to-close=\"true\" data-auto-close=\"true\" data-scroll=\"false\" data-scroll-offset=\"0\" id=\"initiative\"><h2 id=\"at-183541\" class=\"c-accordion__title js-accordion-controller\" role=\"button\"><strong>Les choses ne se font pas toutes seules, quelqu&rsquo;un doit s&rsquo;en charger\u202f:<\/strong> Prendre l&rsquo;initiative de donner.\u00a0<\/h2><div id=\"ac-183541\" class=\"c-accordion__content\">\n<figure class=\"wp-block-image size-large\"><img loading=\"lazy\" decoding=\"async\" width=\"1024\" height=\"307\" src=\"https:\/\/ifesworld.org\/wp-content\/uploads\/2022\/02\/image-3-1024x307.png\" alt=\"\" class=\"wp-image-18009\" srcset=\"https:\/\/ifesworld.org\/wp-content\/uploads\/2022\/02\/image-3-1024x307.png 1024w, https:\/\/ifesworld.org\/wp-content\/uploads\/2022\/02\/image-3-300x90.png 300w, https:\/\/ifesworld.org\/wp-content\/uploads\/2022\/02\/image-3-768x230.png 768w, https:\/\/ifesworld.org\/wp-content\/uploads\/2022\/02\/image-3-1536x461.png 1536w, https:\/\/ifesworld.org\/wp-content\/uploads\/2022\/02\/image-3.png 1600w\" sizes=\"auto, (max-width: 1024px) 100vw, 1024px\" \/><\/figure>\n\n\n<div class=\"wp-block block-core-paragraph\">\n<p class=\"has-primary-color has-text-color wp-block-paragraph\"><em>Ce qui suit est adapt\u00e9 d&rsquo;un article r\u00e9dig\u00e9 pour le d<\/em><em>\u00e9fi des Sept jours de la g\u00e9n\u00e9rosit\u00e9<\/em><em>, produit par la <\/em><a href=\"https:\/\/mbfoundation.com\/\" target=\"_blank\" rel=\"noreferrer noopener\"><em>MB Foundation<\/em><\/a><em>. Cette r\u00e9flexion a \u00e9t\u00e9 r\u00e9dig\u00e9e par Kehinde Ojo, directeur de programme du <\/em><a href=\"https:\/\/ifesworld.org\/strengthen\/#indigenoussupportdevelopment\" target=\"_blank\" rel=\"noreferrer noopener\"><em>D\u00e9veloppement du soutien au niveau local<\/em><\/a><em>, le minist\u00e8re international de l&rsquo;IFES charg\u00e9 des ressources, qui outille les mouvements nationaux afin de leur permettre de mobiliser un soutien local pour leur minist\u00e8re.<\/em> Kehinde \u00e9tudie 2\u202fRois 4.8-10. Il parvient \u00e0 une conclusion importante\u202f: les choses ne se produisent que si nous mettons tout en \u0153uvre pour y parvenir. <em>Nous devons donc prendre des initiatives pour donner.<\/em>&nbsp;<\/p>\n<\/div>\n\n<div class=\"wp-block block-core-paragraph\">\n<p class=\"has-primary-color has-text-color wp-block-paragraph\">\u00ab\u202fUn jour, \u00c9lis\u00e9e passait par le village de Sunem. Une femme riche insista aupr\u00e8s de lui pour qu\u2019il accepte de prendre un repas chez elle. D\u00e8s lors, chaque fois qu\u2019il passait par ce village, il s\u2019arr\u00eatait chez elle pour manger. Elle dit \u00e0 son mari\u202f: Je sais que cet homme qui passe toujours chez nous est un saint homme de Dieu. Nous pourrions lui construire une petite chambre sur le toit et y mettre pour lui un lit, une table, une chaise et une lampe. Il pourrait loger l\u00e0 quand il viendra chez nous.\u202f\u00bb (2 Rois 4.8-10)&nbsp;&nbsp;<\/p>\n<\/div>\n\n<div class=\"wp-block block-core-paragraph\">\n<p class=\"wp-block-paragraph\">Il n&rsquo;aurait pas \u00e9t\u00e9 inhabituel pour un proph\u00e8te du statut d\u2019\u00c9lis\u00e9e que les gens ne viennent \u00e0 lui que pour ce qu&rsquo;ils esp\u00e9raient obtenir. Ce dont il n&rsquo;avait peut-\u00eatre pas l&rsquo;habitude, c&rsquo;\u00e9taient que les gens fassent preuve de gentillesse et de g\u00e9n\u00e9rosit\u00e9 \u00e0 son \u00e9gard, sans rien attendre en retour. C&rsquo;est exactement ce qui lui est arriv\u00e9 lors d&rsquo;un d\u00e9placement \u00e0 Shunem. Lorsque la femme riche l&rsquo;a invit\u00e9, il s&rsquo;est peut-\u00eatre dit que sa famille avait un probl\u00e8me que l&rsquo;argent ne pouvait pas r\u00e9soudre. Ils devaient avoir besoin d&rsquo;\u00eatre d\u00e9livr\u00e9s, ou d&rsquo;\u00eatre gu\u00e9ris d&rsquo;une maladie qui r\u00e9sistait aux soins m\u00e9dicaux. Ils avaient certainement besoin d&rsquo;une intervention divine.&nbsp;<\/p>\n<\/div>\n\n<div class=\"wp-block block-core-paragraph\">\n<p class=\"wp-block-paragraph\">Mais au lieu de demander de l&rsquo;aide \u00e0 l&rsquo;homme de Dieu, cette famille prend l&rsquo;initiative de mettre ses ressources \u00e0 sa disposition, en lui offrant un repas apr\u00e8s un voyage fatigant. Le fait d&rsquo;inviter des \u00e9trangers \u00e0 leur table semble \u00eatre normal pour cette famille\u202f; la femme persuade \u00c9lis\u00e9e de venir manger\u202f! (2\u202fRois 4.8a) Ouah\u202f! Elle lui propose de partager leur repas, et n&rsquo;est pas dispos\u00e9e \u00e0 essuyer un refus. Quelle \u00e2me g\u00e9n\u00e9reuse\u202f! Il semble que le repas \u00e9tait copieux, et l&rsquo;atmosph\u00e8re si cordiale que par la suite \u00c9lis\u00e9e reviendra r\u00e9guli\u00e8rement manger dans cette maison. Cette femme, en concertation avec son mari, d\u00e9cide alors de faire preuve d&rsquo;une g\u00e9n\u00e9rosit\u00e9 encore plus grande, en construisant une pi\u00e8ce rien que pour \u00c9lis\u00e9e. Ils sont pr\u00eats \u00e0 lib\u00e9rer leurs ressources pour construire et meubler une chambre pour un homme de Dieu itin\u00e9rant. Remarquez \u00e0 quel point ils ont le soin du d\u00e9tail, en pr\u00e9voyant tout le mobilier essentiel pour garantir un s\u00e9jour confortable \u00e0 leur invit\u00e9 (v. 10).&nbsp;<\/p>\n<\/div>\n\n<div class=\"wp-block block-core-paragraph\">\n<p class=\"wp-block-paragraph\">Il est important de pr\u00e9ciser ici que les dons ne sont pas toujours faits avec une motivation pure et sinc\u00e8re. \u00c9lis\u00e9e se disait peut-\u00eatre que t\u00f4t ou tard, cette famille aurait une requ\u00eate. Et pourtant, \u00e0 sa grande surprise, ils n&rsquo;ont d&rsquo;autre motif que de servir le dessein de Dieu et d&rsquo;\u00eatre une b\u00e9n\u00e9diction pour ceux qui viennent chez eux. Lorsque \u00c9lis\u00e9e insiste pour savoir pourquoi ils font preuve d&rsquo;une telle g\u00e9n\u00e9rosit\u00e9 \u00e0 son \u00e9gard, son h\u00f4tesse affirme cat\u00e9goriquement qu&rsquo;elle et sa famille vivent heureux au sein de leur communaut\u00e9. Leur g\u00e9n\u00e9rosit\u00e9 est n\u00e9e de leur libre arbitre et d&rsquo;un d\u00e9sir de servir. Leur g\u00e9n\u00e9rosit\u00e9 est marqu\u00e9e par une incroyable libert\u00e9.&nbsp;&nbsp;<\/p>\n<\/div>\n\n<div class=\"wp-block block-core-paragraph\">\n<p class=\"wp-block-paragraph\">Ils nous rappellent que les individus, les familles ou les institutions doivent donner dans le seul but d&rsquo;ajouter de la valeur, au lieu de r\u00e9fl\u00e9chir \u00e0 ce qu&rsquo;ils obtiendront en contrepartie de leur g\u00e9n\u00e9rosit\u00e9.&nbsp;&nbsp;<\/p>\n<\/div>\n\n<div class=\"wp-block block-core-paragraph\">\n<p class=\"wp-block-paragraph\">Cette histoire met en \u00e9vidence un autre principe cl\u00e9 d&rsquo;une vie g\u00e9n\u00e9reuse. Ce couple n&rsquo;a pas pris l&rsquo;initiative de donner parce que cela lui \u00e9tait demand\u00e9. Il semble qu&rsquo;ils \u00e9taient spontan\u00e9ment en qu\u00eate d&rsquo;occasions de faire le bien. Cette vertu peut \u00eatre imit\u00e9e par chacun d&rsquo;entre nous, quelle que soit notre culture ou nos circonstances.&nbsp;<\/p>\n<\/div>\n\n<div class=\"wp-block block-core-heading\">\n<h3 class=\"wp-block-heading\" id=\"un-defi-pour-le-lecteur\"><strong>Un d\u00e9fi pour le lecteur<\/strong>&nbsp;<\/h3>\n<\/div>\n\n<div class=\"wp-block block-core-paragraph\">\n<p class=\"wp-block-paragraph\">La g\u00e9n\u00e9rosit\u00e9 implique \u00e0 la fois un engagement du c\u0153ur et une implication concr\u00e8te. Nous sommes appel\u00e9s \u00e0 agir en fonction de nos convictions. Dans l&rsquo;histoire d\u2019\u00c9lis\u00e9e, une famille a pris une initiative et a manifest\u00e9 sa g\u00e9n\u00e9rosit\u00e9 de mani\u00e8re tangible. Nous sommes appel\u00e9s \u00e0 en faire autant &#8211; c&rsquo;est m\u00eame un privil\u00e8ge.&nbsp;&nbsp;<\/p>\n<\/div>\n\n<div class=\"wp-block block-core-paragraph\">\n<p class=\"wp-block-paragraph\">Nous vous lan\u00e7ons un d\u00e9fi\u202f:&nbsp;&nbsp;<\/p>\n<\/div>\n\n<div class=\"wp-block block-core-list\">\n<ul class=\"wp-block-list\"><li>Lisez 1\u202fTimoth\u00e9e\u202f6.17-19\u202f:&nbsp;&nbsp;<\/li><\/ul>\n<\/div>\n\n<div class=\"wp-block block-core-paragraph\">\n<p class=\"wp-block-paragraph\">\u00ab\u202fRecommande \u00e0 ceux qui poss\u00e8dent des richesses en ce monde de se garder de toute arrogance et de ne pas fonder leur espoir sur la richesse, car elle est instable. Qu\u2019ils placent leur esp\u00e9rance en Dieu, qui nous dispense g\u00e9n\u00e9reusement toutes ses richesses pour que nous en jouissions. Recommande-leur de faire le bien, d\u2019\u00eatre <strong>riches en \u0153uvres bonnes<\/strong>, d\u2019\u00eatre g\u00e9n\u00e9reux et de <strong>partager avec les autres<\/strong>. Ils s\u2019assureront ainsi pour l\u2019avenir un beau capital plac\u00e9 en lieu s\u00fbr <strong>afin d\u2019obtenir la vraie vie.<\/strong>\u202f\u00bb&nbsp;<\/p>\n<\/div>\n\n<div class=\"wp-block block-core-list\">\n<ul class=\"wp-block-list\"><li>Demandez \u00e0 Dieu de vous donner sa joie pour faire un don sacrificiel.&nbsp;&nbsp;<\/li><\/ul>\n<\/div>\n\n<div class=\"wp-block block-core-list\">\n<ul class=\"wp-block-list\"><li>Ob\u00e9issez ensuite \u00e0 ce que Dieu vous met \u00e0 c\u0153ur. Pour alimenter cette motivation et vous engager \u00e0 vivre g\u00e9n\u00e9reusement, vous pouvez faire les choses suivantes\u202f:&nbsp;&nbsp;<\/li><\/ul>\n<\/div>\n\n<div class=\"wp-block block-core-paragraph\">\n<p class=\"wp-block-paragraph\">&#8211; Cr\u00e9ez un fonds pour la mission.&nbsp;&nbsp;<\/p>\n<\/div>\n\n<div class=\"wp-block block-core-paragraph\">\n<p class=\"wp-block-paragraph\">&#8211; D\u00e9terminez quels seront les b\u00e9n\u00e9ficiaires de ce fonds.&nbsp;&nbsp;<\/p>\n<\/div>\n\n<div class=\"wp-block block-core-paragraph\">\n<p class=\"wp-block-paragraph\">&#8211; Engagez-vous \u00e0 soutenir votre choix de mani\u00e8re r\u00e9guli\u00e8re, que les besoins vous soient communiqu\u00e9s ou non.&nbsp;&nbsp;<\/p>\n<\/div>\n\n<div class=\"wp-block block-core-paragraph\">\n<p class=\"wp-block-paragraph\">&#8211; Encouragez vos amis, votre famille et votre r\u00e9seau \u00e0 en faire autant.&nbsp;&nbsp;<\/p>\n<\/div>\n\n<div class=\"wp-block block-core-paragraph\">\n<p class=\"wp-block-paragraph\">Priez pour choisir une personne, une famille, une organisation missionnaire ou une bonne cause qui a besoin d&rsquo;une forme ou d&rsquo;une autre de soutien, ou d&rsquo;actes de bienveillance. Cela pourra impliquer de mettre \u00e0 disposition vos talents, votre temps ou vos finances. Vous pouvez par exemple faire des visites, offrir un cadeau, un service, des conseils et\/ou des encouragements, faire un don financier, prier, offrir un repas, etc. Contactez aujourd&rsquo;hui ces personnes, familles ou organisations en fonction de ce que l&rsquo;Esprit saint vous montrera, et agissez conform\u00e9ment aux instructions qu&rsquo;il vous aura donn\u00e9es.&nbsp;&nbsp;<\/p>\n<\/div>\n\n<div class=\"wp-block block-core-paragraph\">\n<p class=\"wp-block-paragraph\"><strong>Aujourd&rsquo;hui, je choisis une personne ou un minist\u00e8re, et je ferai un don sacrificiel de temps, de comp\u00e9tences ou de finances, selon ce que Dieu me montrera.<\/strong>&nbsp;<\/p>\n<\/div><\/div><\/div>\n<\/div>\n\n<div class=\"wp-block block-acf-spacer\">\n<div id=\"spacer-block_6234a8c303504\" class=\"\">\n    <div aria-hidden=\"true\" class=\"wp-block-spacer spacer--md\"><\/div>\n<\/div>\n<\/div>\n\n<div class=\"wp-block block-core-columns\">\n<div class=\"wp-block-columns is-layout-flex wp-container-core-columns-is-layout-8f761849 wp-block-columns-is-layout-flex\">\n<div class=\"wp-block-column is-layout-flow wp-block-column-is-layout-flow\" style=\"flex-basis:33.33%\"><div class=\"wp-block block-acf-ifesposts\"><section id=\"post-list-latest-post-block_6234a71103502\" class='latest-post-list list--conexion'>\n            <ul class='post-list items--3 flex flex--wrap flex--center'>\n      <li class='post__item flex flex--column'>\n          <article id=\"post-18354\" class=\"article-thumbnail article--conexion\">\n              <a href='https:\/\/ifesworld.org\/fr\/blog\/en-haut-en-avant\/' class=\"post__link\"  rel=\"bookmark\">\n                  <figure class='post__image  image--absolute--center image--absolute--mask'>\n                      <img loading=\"lazy\" decoding=\"async\" width=\"740\" height=\"416\" src=\"https:\/\/ifesworld.org\/wp-content\/uploads\/2026\/03\/19-1024x576.png\" class=\"attachment-large size-large wp-post-image\" alt=\"\" srcset=\"https:\/\/ifesworld.org\/wp-content\/uploads\/2026\/03\/19-1024x576.png 1024w, https:\/\/ifesworld.org\/wp-content\/uploads\/2026\/03\/19-300x169.png 300w, https:\/\/ifesworld.org\/wp-content\/uploads\/2026\/03\/19-768x432.png 768w, https:\/\/ifesworld.org\/wp-content\/uploads\/2026\/03\/19-1536x864.png 1536w, https:\/\/ifesworld.org\/wp-content\/uploads\/2026\/03\/19.png 1920w\" sizes=\"auto, (max-width: 740px) 100vw, 740px\" \/>                  <\/figure>\n                  <header class='post__content flex flex--column flex--end'>\n                      <p class='post__meta'>Conexi\u00f3n<\/p>\n                      <h1 class='post__title'>\n                          EN HAUT &amp; EN AVANT\u00a0\u00a0                      <\/h1>\n                                                <small>Cro\u00eetre ensemble dans le minist\u00e8re parmi les dipl\u00f4m\u00e9s<\/small>\n                                        <\/header>\n                  <i class=\"icon-container regional-logo icon--ifes\">\n                                            <svg class=\"icon logo logo--bg-white\">\n                            <use xlink:href=\"#IFES-logo\"><\/use>\n                        <\/svg>\n                                      <\/i>\n              <\/a>\n          <\/article>\n      <\/li>\n\n    <\/ul><\/section><\/div><\/div>\n\n\n\n<div class=\"wp-block-column is-vertically-aligned-center is-layout-flow wp-block-column-is-layout-flow\" style=\"flex-basis:66.66%\"><div class=\"wp-block block-acf-ifesbutton alignright\">\n<div class=\"alignright\">\n    <a id=\"btn-block_6234a81003503\" target=\"\" href=\"https:\/\/ifesworld.org\/fr\/journee-mondiale-de-la-generosite-2022\" class=\"btn btn--cta-link\">\n        <span>\n                    <span class=\"icon\"><svg class=\"icon\"><use xlink:href=\"#chevron-circle-right-solid\"\/><\/svg><\/span>\n        Retourner \u00e0 la page de la journ\u00e9e mondiale de la g\u00e9n\u00e9rosit\u00e9        <\/span>\n    <\/a>\n<\/div>\n\n<\/div>\n\n<div class=\"wp-block block-acf-ifesbutton alignright\">\n<div class=\"alignright\">\n    <a id=\"btn-block_620e474a3af0f\" target=\"\" href=\"https:\/\/ifesworld.org\/fr\/faq\/\" class=\"btn btn--cta-link\">\n        <span>\n                    <span class=\"icon\"><svg class=\"icon\"><use xlink:href=\"#chevron-circle-right-solid\"\/><\/svg><\/span>\n         VOUS AVEZ D&rsquo;AUTRES QUESTIONS ? CONSULTEZ NOTRE FAQ        <\/span>\n    <\/a>\n<\/div>\n\n<\/div>\n\n<div class=\"wp-block block-acf-ifesbutton alignright\">\n<div class=\"alignright\">\n    <a id=\"btn-block_61c49394432a0\" target=\"\" href=\"https:\/\/give.ifesworld.org\/customgiving?t=1&#038;d=IN000_PGGD&#038;s=22CCAPGGDLP&#038;a=0\" class=\"btn btn--secondary\">\n        <span>\n        DONNER MAINTENANT        <\/span>\n    <\/a>\n<\/div>\n\n<\/div><\/div>\n<\/div>\n<\/div>","protected":false},"excerpt":{"rendered":"<p>Voici quelques ressources qui expliquent un peu plus ce qui pourrait \u00eatre r\u00e9alis\u00e9 gr\u00e2ce \u00e0 vos dons et qui vous aident \u00e0 r\u00e9fl\u00e9chir sur le sens de la g\u00e9n\u00e9rosit\u00e9.&nbsp;&nbsp; D\u00e9couvrez comment les dons de la Journ\u00e9e mondiale du don de l\u2019ann\u00e9e derni\u00e8re ont \u00e9t\u00e9 utilis\u00e9s, explorez le th\u00e8me du don \u00e0 travers 2 Rois 4&#8230;<\/p>\n","protected":false},"author":2,"featured_media":0,"parent":0,"menu_order":0,"comment_status":"closed","ping_status":"closed","template":"","meta":{"_acf_changed":false,"_crdt_document":"","inline_featured_image":false,"footnotes":""},"area":[],"theme":[],"class_list":["post-18354","page","type-page","status-publish","hentry"],"acf":[],"yoast_head":"<!-- This site is optimized with the Yoast SEO plugin v27.2 - https:\/\/yoast.com\/product\/yoast-seo-wordpress\/ -->\n<title>Plus de ressources &#183; IFES<\/title>\n<meta name=\"description\" content=\"Voici quelques ressources qui expliquent un peu plus ce qui pourrait \u00eatre r\u00e9alis\u00e9 gr\u00e2ce \u00e0 vos dons et qui vous aident \u00e0 r\u00e9fl\u00e9chir sur le sens de la\" \/>\n<meta name=\"robots\" content=\"index, follow, max-snippet:-1, max-image-preview:large, max-video-preview:-1\" \/>\n<link rel=\"canonical\" href=\"https:\/\/ifesworld.org\/fr\/plus-de-ressources\/\" \/>\n<meta property=\"og:locale\" content=\"fr_FR\" \/>\n<meta property=\"og:type\" content=\"article\" \/>\n<meta property=\"og:title\" content=\"Plus de ressources &#183; IFES\" \/>\n<meta property=\"og:description\" content=\"Voici quelques ressources qui expliquent un peu plus ce qui pourrait \u00eatre r\u00e9alis\u00e9 gr\u00e2ce \u00e0 vos dons et qui vous aident \u00e0 r\u00e9fl\u00e9chir sur le sens de la\" \/>\n<meta property=\"og:url\" content=\"https:\/\/ifesworld.org\/fr\/plus-de-ressources\/\" \/>\n<meta property=\"og:site_name\" content=\"IFES\" \/>\n<meta property=\"article:modified_time\" content=\"2022-04-01T14:50:11+00:00\" \/>\n<meta property=\"og:image\" content=\"https:\/\/ifesworld.org\/wp-content\/uploads\/2022\/03\/Student-Leadership-training-FA.jpg\" \/>\n\t<meta property=\"og:image:width\" content=\"1384\" \/>\n\t<meta property=\"og:image:height\" content=\"639\" \/>\n\t<meta property=\"og:image:type\" content=\"image\/jpeg\" \/>\n<meta name=\"twitter:card\" content=\"summary_large_image\" \/>\n<meta name=\"twitter:label1\" content=\"Dur\u00e9e de lecture estim\u00e9e\" \/>\n\t<meta name=\"twitter:data1\" content=\"8 minutes\" \/>\n<script type=\"application\/ld+json\" class=\"yoast-schema-graph\">{\"@context\":\"https:\/\/schema.org\",\"@graph\":[{\"@type\":\"WebPage\",\"@id\":\"https:\/\/ifesworld.org\/fr\/plus-de-ressources\/\",\"url\":\"https:\/\/ifesworld.org\/fr\/plus-de-ressources\/\",\"name\":\"Plus de ressources &#183; IFES\",\"isPartOf\":{\"@id\":\"https:\/\/ifesworld.org\/es\/#website\"},\"primaryImageOfPage\":{\"@id\":\"https:\/\/ifesworld.org\/fr\/plus-de-ressources\/#primaryimage\"},\"image\":{\"@id\":\"https:\/\/ifesworld.org\/fr\/plus-de-ressources\/#primaryimage\"},\"thumbnailUrl\":\"https:\/\/ifesworld.org\/wp-content\/uploads\/2022\/03\/Student-Leadership-training-FA-1024x473.jpg\",\"datePublished\":\"2022-03-18T15:30:10+00:00\",\"dateModified\":\"2022-04-01T14:50:11+00:00\",\"description\":\"Voici quelques ressources qui expliquent un peu plus ce qui pourrait \u00eatre r\u00e9alis\u00e9 gr\u00e2ce \u00e0 vos dons et qui vous aident \u00e0 r\u00e9fl\u00e9chir sur le sens de la\",\"breadcrumb\":{\"@id\":\"https:\/\/ifesworld.org\/fr\/plus-de-ressources\/#breadcrumb\"},\"inLanguage\":\"fr-FR\",\"potentialAction\":[{\"@type\":\"ReadAction\",\"target\":[\"https:\/\/ifesworld.org\/fr\/plus-de-ressources\/\"]}]},{\"@type\":\"ImageObject\",\"inLanguage\":\"fr-FR\",\"@id\":\"https:\/\/ifesworld.org\/fr\/plus-de-ressources\/#primaryimage\",\"url\":\"https:\/\/ifesworld.org\/wp-content\/uploads\/2022\/03\/Student-Leadership-training-FA-1024x473.jpg\",\"contentUrl\":\"https:\/\/ifesworld.org\/wp-content\/uploads\/2022\/03\/Student-Leadership-training-FA-1024x473.jpg\"},{\"@type\":\"BreadcrumbList\",\"@id\":\"https:\/\/ifesworld.org\/fr\/plus-de-ressources\/#breadcrumb\",\"itemListElement\":[{\"@type\":\"ListItem\",\"position\":1,\"name\":\"Home\",\"item\":\"https:\/\/ifesworld.org\/fr\/\"},{\"@type\":\"ListItem\",\"position\":2,\"name\":\"Plus de ressources\"}]},{\"@type\":\"WebSite\",\"@id\":\"https:\/\/ifesworld.org\/es\/#website\",\"url\":\"https:\/\/ifesworld.org\/es\/\",\"name\":\"IFES\",\"description\":\"A movement of students sharing and living out the good news of Jesus Christ. Locally. Nationally. Globally.\",\"publisher\":{\"@id\":\"https:\/\/ifesworld.org\/es\/#organization\"},\"potentialAction\":[{\"@type\":\"SearchAction\",\"target\":{\"@type\":\"EntryPoint\",\"urlTemplate\":\"https:\/\/ifesworld.org\/es\/?s={search_term_string}\"},\"query-input\":{\"@type\":\"PropertyValueSpecification\",\"valueRequired\":true,\"valueName\":\"search_term_string\"}}],\"inLanguage\":\"fr-FR\"},{\"@type\":\"Organization\",\"@id\":\"https:\/\/ifesworld.org\/es\/#organization\",\"name\":\"IFES \u00b7 International Fellowship of Evangelical Students\",\"url\":\"https:\/\/ifesworld.org\/es\/\",\"logo\":{\"@type\":\"ImageObject\",\"inLanguage\":\"fr-FR\",\"@id\":\"https:\/\/ifesworld.org\/es\/#\/schema\/logo\/image\/\",\"url\":\"https:\/\/ifesworld.org\/wp-content\/uploads\/2019\/06\/ifeslogo.png\",\"contentUrl\":\"https:\/\/ifesworld.org\/wp-content\/uploads\/2019\/06\/ifeslogo.png\",\"width\":262,\"height\":262,\"caption\":\"IFES \u00b7 International Fellowship of Evangelical Students\"},\"image\":{\"@id\":\"https:\/\/ifesworld.org\/es\/#\/schema\/logo\/image\/\"}}]}<\/script>\n<!-- \/ Yoast SEO plugin. -->","yoast_head_json":{"title":"Plus de ressources &#183; IFES","description":"Voici quelques ressources qui expliquent un peu plus ce qui pourrait \u00eatre r\u00e9alis\u00e9 gr\u00e2ce \u00e0 vos dons et qui vous aident \u00e0 r\u00e9fl\u00e9chir sur le sens de la","robots":{"index":"index","follow":"follow","max-snippet":"max-snippet:-1","max-image-preview":"max-image-preview:large","max-video-preview":"max-video-preview:-1"},"canonical":"https:\/\/ifesworld.org\/fr\/plus-de-ressources\/","og_locale":"fr_FR","og_type":"article","og_title":"Plus de ressources &#183; IFES","og_description":"Voici quelques ressources qui expliquent un peu plus ce qui pourrait \u00eatre r\u00e9alis\u00e9 gr\u00e2ce \u00e0 vos dons et qui vous aident \u00e0 r\u00e9fl\u00e9chir sur le sens de la","og_url":"https:\/\/ifesworld.org\/fr\/plus-de-ressources\/","og_site_name":"IFES","article_modified_time":"2022-04-01T14:50:11+00:00","og_image":[{"width":1384,"height":639,"url":"https:\/\/ifesworld.org\/wp-content\/uploads\/2022\/03\/Student-Leadership-training-FA.jpg","type":"image\/jpeg"}],"twitter_card":"summary_large_image","twitter_misc":{"Dur\u00e9e de lecture estim\u00e9e":"8 minutes"},"schema":{"@context":"https:\/\/schema.org","@graph":[{"@type":"WebPage","@id":"https:\/\/ifesworld.org\/fr\/plus-de-ressources\/","url":"https:\/\/ifesworld.org\/fr\/plus-de-ressources\/","name":"Plus de ressources &#183; IFES","isPartOf":{"@id":"https:\/\/ifesworld.org\/es\/#website"},"primaryImageOfPage":{"@id":"https:\/\/ifesworld.org\/fr\/plus-de-ressources\/#primaryimage"},"image":{"@id":"https:\/\/ifesworld.org\/fr\/plus-de-ressources\/#primaryimage"},"thumbnailUrl":"https:\/\/ifesworld.org\/wp-content\/uploads\/2022\/03\/Student-Leadership-training-FA-1024x473.jpg","datePublished":"2022-03-18T15:30:10+00:00","dateModified":"2022-04-01T14:50:11+00:00","description":"Voici quelques ressources qui expliquent un peu plus ce qui pourrait \u00eatre r\u00e9alis\u00e9 gr\u00e2ce \u00e0 vos dons et qui vous aident \u00e0 r\u00e9fl\u00e9chir sur le sens de la","breadcrumb":{"@id":"https:\/\/ifesworld.org\/fr\/plus-de-ressources\/#breadcrumb"},"inLanguage":"fr-FR","potentialAction":[{"@type":"ReadAction","target":["https:\/\/ifesworld.org\/fr\/plus-de-ressources\/"]}]},{"@type":"ImageObject","inLanguage":"fr-FR","@id":"https:\/\/ifesworld.org\/fr\/plus-de-ressources\/#primaryimage","url":"https:\/\/ifesworld.org\/wp-content\/uploads\/2022\/03\/Student-Leadership-training-FA-1024x473.jpg","contentUrl":"https:\/\/ifesworld.org\/wp-content\/uploads\/2022\/03\/Student-Leadership-training-FA-1024x473.jpg"},{"@type":"BreadcrumbList","@id":"https:\/\/ifesworld.org\/fr\/plus-de-ressources\/#breadcrumb","itemListElement":[{"@type":"ListItem","position":1,"name":"Home","item":"https:\/\/ifesworld.org\/fr\/"},{"@type":"ListItem","position":2,"name":"Plus de ressources"}]},{"@type":"WebSite","@id":"https:\/\/ifesworld.org\/es\/#website","url":"https:\/\/ifesworld.org\/es\/","name":"IFES","description":"A movement of students sharing and living out the good news of Jesus Christ. Locally. Nationally. Globally.","publisher":{"@id":"https:\/\/ifesworld.org\/es\/#organization"},"potentialAction":[{"@type":"SearchAction","target":{"@type":"EntryPoint","urlTemplate":"https:\/\/ifesworld.org\/es\/?s={search_term_string}"},"query-input":{"@type":"PropertyValueSpecification","valueRequired":true,"valueName":"search_term_string"}}],"inLanguage":"fr-FR"},{"@type":"Organization","@id":"https:\/\/ifesworld.org\/es\/#organization","name":"IFES \u00b7 International Fellowship of Evangelical Students","url":"https:\/\/ifesworld.org\/es\/","logo":{"@type":"ImageObject","inLanguage":"fr-FR","@id":"https:\/\/ifesworld.org\/es\/#\/schema\/logo\/image\/","url":"https:\/\/ifesworld.org\/wp-content\/uploads\/2019\/06\/ifeslogo.png","contentUrl":"https:\/\/ifesworld.org\/wp-content\/uploads\/2019\/06\/ifeslogo.png","width":262,"height":262,"caption":"IFES \u00b7 International Fellowship of Evangelical Students"},"image":{"@id":"https:\/\/ifesworld.org\/es\/#\/schema\/logo\/image\/"}}]}},"_links":{"self":[{"href":"https:\/\/ifesworld.org\/fr\/wp-json\/wp\/v2\/pages\/18354","targetHints":{"allow":["GET"]}}],"collection":[{"href":"https:\/\/ifesworld.org\/fr\/wp-json\/wp\/v2\/pages"}],"about":[{"href":"https:\/\/ifesworld.org\/fr\/wp-json\/wp\/v2\/types\/page"}],"author":[{"embeddable":true,"href":"https:\/\/ifesworld.org\/fr\/wp-json\/wp\/v2\/users\/2"}],"replies":[{"embeddable":true,"href":"https:\/\/ifesworld.org\/fr\/wp-json\/wp\/v2\/comments?post=18354"}],"version-history":[{"count":0,"href":"https:\/\/ifesworld.org\/fr\/wp-json\/wp\/v2\/pages\/18354\/revisions"}],"wp:attachment":[{"href":"https:\/\/ifesworld.org\/fr\/wp-json\/wp\/v2\/media?parent=18354"}],"wp:term":[{"taxonomy":"area","embeddable":true,"href":"https:\/\/ifesworld.org\/fr\/wp-json\/wp\/v2\/area?post=18354"},{"taxonomy":"theme","embeddable":true,"href":"https:\/\/ifesworld.org\/fr\/wp-json\/wp\/v2\/theme?post=18354"}],"curies":[{"name":"wp","href":"https:\/\/api.w.org\/{rel}","templated":true}]}}