{"id":18209,"date":"2022-03-03T10:00:26","date_gmt":"2022-03-03T10:00:26","guid":{"rendered":"https:\/\/ifesworld.org\/?page_id=18209"},"modified":"2022-07-29T16:55:46","modified_gmt":"2022-07-29T15:55:46","slug":"ukraine-invasion","status":"publish","type":"page","link":"https:\/\/ifesworld.org\/fr\/ukraine-invasion\/","title":{"rendered":"R\u00e9action de l\u2019IFES \u00e0 la guerre en Ukraine\u00a0"},"content":{"rendered":"<div class=\"wp-block block-core-group\">\n<div class=\"wp-block-group\"><div class=\"wp-block-group__inner-container is-layout-flow wp-block-group-is-layout-flow\"><div class=\"wp-block block-pb-accordion-item\">\n<div class=\"wp-block-pb-accordion-item c-accordion__item js-accordion-item no-js\" data-initially-open=\"false\" data-click-to-close=\"true\" data-auto-close=\"true\" data-scroll=\"false\" data-scroll-offset=\"0\"><h2 id=\"at-182090\" class=\"c-accordion__title js-accordion-controller\" role=\"button\">Tim Adams sur la r\u00e9ponse au conflit en Ukraine<br\/>31 Mars 2022<\/h2><div id=\"ac-182090\" class=\"c-accordion__content\"><div class=\"wp-block block-core-paragraph\">\n<p class=\"wp-block-paragraph\">Chers fr\u00e8res et s\u0153urs,<\/p>\n<\/div>\n\n<div class=\"wp-block block-core-paragraph\">\n<p class=\"wp-block-paragraph\">En juillet 2019, le th\u00e8me de notre Assembl\u00e9e mondiale de l\u2019IFES \u00e9tait \u00ab&nbsp;Messagers d&rsquo;esp\u00e9rance&nbsp;\u00bb. Sept mois plus tard, la pand\u00e9mie de Covid a brutalement interrompu le rythme de nos vies et de notre minist\u00e8re. Beaucoup d\u2019entre nous ont \u00e9prouv\u00e9 un sentiment de perte et se sont sentis d\u00e9sorient\u00e9s, parfois encore \u00e0 ce jour. Dans ces circonstances, l\u2019appel \u00e0 \u00eatre des messagers d\u2019esp\u00e9rance prend une autre dimension et pr\u00e9sente un tout nouveau d\u00e9fi.<\/p>\n<\/div>\n\n<div class=\"wp-block block-core-paragraph\">\n<p class=\"wp-block-paragraph\">Et deux ans apr\u00e8s, voil\u00e0 qu&rsquo;une autre crise fait les gros titres. Le conflit et la d\u00e9vastation que conna\u00eet l&rsquo;Ukraine nous plongent dans le d\u00e9sarroi et le chagrin. Cette crise nous rappelle aussi que cette souffrance est une r\u00e9alit\u00e9 constante pour des millions de personnes dans le monde dont le pays est touch\u00e9 par la guerre, l&rsquo;oppression, la pauvret\u00e9 ou des catastrophes naturelles. Une fois de plus, nous sommes d\u00e9sorient\u00e9s. Il n&rsquo;y a pas de solutions \u00e9videntes et il est facile de perdre espoir.<\/p>\n<\/div>\n\n<div class=\"wp-block block-core-paragraph\">\n<p class=\"wp-block-paragraph\"><strong>Que signifie mettre notre esp\u00e9rance en Dieu dans des circonstances telles que celles-ci&nbsp;?<\/strong><br>Certains psaumes, tels que les Psaumes 42 et 43 nous d\u00e9voilent le cheminement int\u00e9rieur d&rsquo;un individu qui traverse une situation douloureuse, d\u00e9sorientante et perturbante.<\/p>\n<\/div>\n\n<div class=\"wp-block block-core-paragraph\">\n<p class=\"wp-block-paragraph\">Au d\u00e9but du psaume 42, l&rsquo;auteur \u00e9voque sa souffrance avec grande franchise. Il souhaite d\u00e9sesp\u00e9r\u00e9ment se sentir \u00e0 nouveau proche de Dieu, \u00ab&nbsp;Comme un cerf qui soupire apr\u00e8s l\u2019eau des ruisseaux&nbsp;\u00bb (Psaumes 42.2). Quelques versets plus loin, l&rsquo;auteur revient sur d&rsquo;heureuses exp\u00e9riences pass\u00e9es, \u00ab&nbsp;je me souviens du temps o\u00f9 &#8230; je m\u2019avan\u00e7ais &#8230; vers le temple de Dieu, au milieu de la joie et des cris de reconnaissance de tout un peuple en f\u00eate&nbsp;\u00bb, qui semblent d\u00e9sormais distantes et lointaines. Puis il y a une phrase cl\u00e9, que l&rsquo;auteur r\u00e9p\u00e8te trois fois (Psaumes 42.6,12&nbsp;; 43.5)&nbsp;:<\/p>\n<\/div>\n\n<div class=\"wp-block block-core-paragraph\">\n<p class=\"wp-block-paragraph\"><em>Pourquoi donc, \u00f4 mon \u00e2me, es-tu si abattue<\/em><br><em>et g\u00e9mis-tu sur moi&nbsp;?<\/em><br><em>Mets ton espoir en Dieu&nbsp;<\/em>!<br><em>Je le louerai encore,<\/em><br>car il est mon&nbsp;<em>Sauveur.<\/em><\/p>\n<\/div>\n\n<div class=\"wp-block block-core-paragraph\">\n<p class=\"wp-block-paragraph\">Ce dialogue int\u00e9rieur traduit la confusion que nous ressentons parfois, en tant que chr\u00e9tiens, lorsque nous sommes d\u00e9sorient\u00e9s. Que signifie mettre notre esp\u00e9rance en Dieu dans des circonstances telles que celles-ci&nbsp;? J&rsquo;aime la d\u00e9finition de l&rsquo;esp\u00e9rance que propose Eug\u00e8ne Peterson dans son livre&nbsp;<em>A Long Obedience in the Same Direction<\/em>&nbsp;:<\/p>\n<\/div>\n\n<div class=\"wp-block block-core-paragraph\">\n<p class=\"wp-block-paragraph\"><em>\u00ab&nbsp;Esp\u00e9rer ne signifie pas ne rien faire. Il ne s&rsquo;agit pas d&rsquo;une d\u00e9mission fataliste. Il s&rsquo;agit d&rsquo;accomplir les t\u00e2ches qui nous ont \u00e9t\u00e9 assign\u00e9es, confiants que Dieu donnera sens aux choses et apportera des conclusions\u2026&nbsp;\u00bb<\/em><\/p>\n<\/div>\n\n<div class=\"wp-block block-core-paragraph\">\n<p class=\"wp-block-paragraph\">Lors d&rsquo;une crise, le porteur d&rsquo;esp\u00e9rance prend le temps de m\u00e9diter sur le caract\u00e8re de Dieu, sa fid\u00e9lit\u00e9 et sa mis\u00e9ricorde envers nous, et met en lien cette r\u00e9flexion avec la crise.<\/p>\n<\/div>\n\n<div class=\"wp-block block-core-paragraph\">\n<p class=\"wp-block-paragraph\">Il a \u00e9t\u00e9 formidable de voir cette esp\u00e9rance en action au cours des derni\u00e8res semaines. En ces jours sombres pour l&rsquo;Ukraine, la foi, l&rsquo;esp\u00e9rance et l&rsquo;amour de la communaut\u00e9 de l&rsquo;IFES ont continu\u00e9 \u00e0 briller. Les \u00e9quipiers du CCX Ukraine ont aid\u00e9 des centaines d&rsquo;\u00e9tudiants internationaux \u00e0 se mettre en s\u00e9curit\u00e9 en les conduisant \u00e0 la fronti\u00e8re. De nombreux mouvements \u00e9tudiants dans les pays voisins fournissent un soutien et des conseils pratiques, accompagnant ainsi les r\u00e9fugi\u00e9s dans leur situation et les accueillant chez eux. Partout dans le monde, nous avons vu des milliers d&rsquo;\u00e9tudiants et d&rsquo;\u00e9quipiers s&rsquo;unir dans la pri\u00e8re, et nous avons re\u00e7u de nombreux dons financiers pour soutenir le minist\u00e8re \u00e9tudiant dans les pays touch\u00e9s. Il y a tant d&rsquo;histoires d&rsquo;espoir et de souffrance. Utilisez les liens ci-dessous et sur&nbsp;<a href=\"https:\/\/ifesworld.org\/fr\/ukraine-invasion\" target=\"_blank\" rel=\"noreferrer noopener\">le site web de l&rsquo;IFES<\/a>&nbsp;pour suivre les \u00e9v\u00e9nements et agir.<\/p>\n<\/div>\n\n<div class=\"wp-block block-core-paragraph\">\n<p class=\"wp-block-paragraph\"><strong>Ensemble, messagers d&rsquo;esp\u00e9rance<\/strong><br>Les circonstances actuelles sont difficiles. Nous ne pouvons conna\u00eetre l&rsquo;issue du conflit actuel en Eurasie, ni ce que cela impliquera pour notre minist\u00e8re en Ukraine et dans d&rsquo;autres parties de cette r\u00e9gion. Mais ce que nous savons avec certitude, c&rsquo;est que l&rsquo;amour de Dieu pour les \u00e9tudiants d&rsquo;Eurasie est ind\u00e9fectible. Pour l&rsquo;heure, nous sommes mobilis\u00e9s dans la pri\u00e8re et sur le plan de l&rsquo;aide pratique, en faisant tout ce que nous pouvons pour aider nos fr\u00e8res et s\u0153urs qui subissent cette crise de plein fouet.<br>Quels que soient les ravages du conflit actuel sur le minist\u00e8re \u00e9tudiant en Eurasie, en tant qu&rsquo;Union internationale, nous maintenons fermement notre engagement \u00e0 partager l&rsquo;amour de Dieu avec les \u00e9tudiants l\u00e0-bas et, avec l&rsquo;aide de Dieu et en son temps, ensemble nous reconstruirons et restaurerons ce qui aura \u00e9t\u00e9 perdu.<\/p>\n<\/div>\n\n<div class=\"wp-block block-core-paragraph\">\n<p class=\"wp-block-paragraph\">Alors que nous prions et adressons des lamentations honn\u00eates \u00e0 Dieu pour nos situations douloureuses actuelles, n&rsquo;oublions pas de placer d\u00e9lib\u00e9r\u00e9ment notre espoir en lui, et laissons-le inspirer notre action et nous guider en toutes choses. Comme nous le rappelle le psalmiste, nous le louerons encore, car il est notre Sauveur et notre Dieu.<\/p>\n<\/div>\n\n<div class=\"wp-block block-core-paragraph\">\n<p class=\"wp-block-paragraph\">Sinc\u00e8res salutations en Christ,<\/p>\n<\/div>\n\n<div class=\"wp-block block-core-paragraph\">\n<p class=\"wp-block-paragraph\">Tim<\/p>\n<\/div>\n\n<div class=\"wp-block block-core-paragraph\">\n<p class=\"wp-block-paragraph\">Tim Adams,<br>Secr\u00e9taire g\u00e9n\u00e9ral de l\u2019IFES<\/p>\n<\/div><\/div><\/div>\n<\/div>\n\n<div class=\"wp-block block-pb-accordion-item\">\n<div class=\"wp-block-pb-accordion-item c-accordion__item js-accordion-item no-js\" data-initially-open=\"false\" data-click-to-close=\"true\" data-auto-close=\"true\" data-scroll=\"false\" data-scroll-offset=\"0\"><h2 id=\"at-182091\" class=\"c-accordion__title js-accordion-controller\" role=\"button\">Un message de la part de Tim Adams<br\/>01 Mars 2022<\/h2><div id=\"ac-182091\" class=\"c-accordion__content\"><div class=\"wp-block block-core-paragraph\">\n<p class=\"wp-block-paragraph\">Chers fr\u00e8res, ch\u00e8res s\u0153urs,&nbsp;<\/p>\n<\/div>\n\n<div class=\"wp-block block-core-paragraph\">\n<p class=\"wp-block-paragraph\">Merci \u00e0 chacun et chacune d\u2019entre vous pour vos pri\u00e8res et lesoutien du minist\u00e8re \u00e9tudiant en Ukraine durant l\u2019invasion. Malgr\u00e9 les signes pr\u00e9curseurs des trois derniers mois, l\u2019escalade soudaine en a surpris beaucoup. Nous sommes encore sous le choc, afflig\u00e9s, tout en cherchant \u00e0 apporter de l\u2019aide l\u00e0 o\u00f9 nous le pouvons.&nbsp;<\/p>\n<\/div>\n\n<div class=\"wp-block block-core-paragraph\">\n<p class=\"wp-block-paragraph\">L\u2019effusion de pri\u00e8re et d\u2019amour pour nos fr\u00e8res et s\u0153urs en Ukraine a \u00e9t\u00e9 l\u2019une des rares sources de lumi\u00e8re \u00e0 \u00e9claircir les sombres jours de cette derni\u00e8re semaine. Au milieu de la crise et du chaos, Dieu a \u00e9t\u00e9 pr\u00e9sent \u00e0 travers vos nombreux messages de r\u00e9confort, les r\u00e9unions de pri\u00e8re spontan\u00e9es en ligne, les dons financiers et les nombreux actes de bont\u00e9 et d\u2019hospitalit\u00e9.&nbsp;<\/p>\n<\/div>\n\n<div class=\"wp-block block-core-paragraph\">\n<p class=\"wp-block-paragraph\"><em>Un membre souffre-t-il\u202f? Tous les autres souffrent avec lui [&#8230;] Or vous, vous \u00eates le corps de Christ et chacun de vous en particulier en est un membre. 1 Corinthiens 12.26-27<\/em>&nbsp;<\/p>\n<\/div>\n\n<div class=\"wp-block block-core-paragraph\">\n<p class=\"wp-block-paragraph\">Au cours des derniers jours, de nombreux membres du personnel de CCX et de l\u2019IFES en Ukraine ont d\u00fb fuir leur maison. Ces personnes sont d\u00e9sormais d\u00e9plac\u00e9es et, dans certains cas, les familles ont \u00e9t\u00e9 s\u00e9par\u00e9es. Elles sont en \u00e9tat de choc, traumatis\u00e9es. Un ami d\u00e9crit son sentiment de \u00ab\u202fd\u00e9placement, de perte, de chagrin, d\u2019impuissance, d\u2019incertitude\u202f\u00bb.&nbsp;&nbsp;<\/p>\n<\/div>\n\n<div class=\"wp-block block-core-paragraph\">\n<p class=\"wp-block-paragraph\">Nous sommes reconnaissants que ces personnes sont actuellement saines et sauves et qu\u2019elles ont pu rejoindre des lieux plus s\u00fbrs mais leur situation nous brise le c\u0153ur. Merci de prier pour elles et leurs familles, ainsi que pour la communaut\u00e9 \u00e9largie des \u00e9tudiants et des dipl\u00f4m\u00e9s de CCX Ukraine. Priez que Dieu les garde proches de lui et que leur foi et leur t\u00e9moignage demeurent fermes. Certains nous ont fait part de comment ce conflit a conduit \u00e0 des temps de pri\u00e8re et des conversations au sujet de la foi avec des amis et des proches non-croyants.&nbsp;<\/p>\n<\/div>\n\n<div class=\"wp-block block-core-paragraph\">\n<p class=\"wp-block-paragraph\">M\u00eame si nos pri\u00e8res se sont principalement centr\u00e9es sur les \u00e9tudiants et le personnel du CCX Ukraine, la guerre touche \u00e9galement des gens et le minist\u00e8re bien au-del\u00e0 du pays.<\/p>\n<\/div>\n\n<div class=\"wp-block block-core-paragraph\">\n<p class=\"wp-block-paragraph\">La crainte et l\u2019incertitude r\u00e8gnent dans toute la r\u00e9gion de l\u2019Eurasie et dans les pays voisins qui ont eux aussi des minist\u00e8res parmi les \u00e9tudiants. Nous voyons les reportages des m\u00e9dias sur les manifestations en Russie contre les \u00e9v\u00e9nements en Ukraine, malgr\u00e9 le danger personnel encouru par ceux qui s\u2019expriment ainsi. Les sanctions impos\u00e9es sur la Russie impacteront la vie quotidienne pour de nombreux Russes et d\u2019autres dans la r\u00e9gion.&nbsp;&nbsp;&nbsp;<\/p>\n<\/div>\n\n<div class=\"wp-block block-core-paragraph\">\n<p class=\"wp-block-paragraph\">Priez aussi pour les nombreux \u00e9tudiants internationaux chr\u00e9tiens qui quittent l\u2019Ukraine. Ce matin, j\u2019ai re\u00e7u une communication de la part d\u2019un membre du personnel polonais qui avait \u00e9t\u00e9 contact\u00e9 par un membre du personnel pionnier en Afrique australe afin d\u2019organiser un accueil pour des \u00e9tudiants internationaux originaires de l\u2019eSwatini qui arrivaient en Pologne en tant que r\u00e9fugi\u00e9s. J\u2019entends aussi des rapports d\u2019\u00e9tudiants originaires du Kenya et d\u2019autres pays qui ont fui l\u2019Ukraine et qui ont \u00e9t\u00e9 accueillis et aid\u00e9s par les mouvements de l\u2019IFES et les \u00e9glises dans d\u2019autres pays voisins comme la Roumanie et la Slovaquie.&nbsp;&nbsp;<\/p>\n<\/div>\n\n<div class=\"wp-block block-core-paragraph\">\n<p class=\"wp-block-paragraph\">Dans cette situation terrible, ces histoires me rappellent l\u2019importance de l\u2019Union internationale de l\u2019IFES, de cette famille de Dieu dans le monde \u00e9tudiant. Continuons \u00e0 \u00eatre solidaires dans la pri\u00e8re pour nos fr\u00e8res et s\u0153urs en Christ.&nbsp;&nbsp;<\/p>\n<\/div>\n\n<div class=\"wp-block block-core-paragraph\">\n<p class=\"wp-block-paragraph\">Merci. Merci de continuer \u00e0 prier.&nbsp;&nbsp;<\/p>\n<\/div>\n\n<div class=\"wp-block block-core-paragraph\">\n<p class=\"wp-block-paragraph\"><em>Je recommande en tout premier lieu que l\u2019on adresse \u00e0 Dieu des demandes, des pri\u00e8res, des supplications et des remerciements pour tous les hommes. Que l\u2019on prie pour les rois et pour tous ceux qui sont au pouvoir, afin que nous puissions mener, \u00e0 l\u2019abri de toute violence et dans la paix, une vie qui exprime, dans tous ses aspects, notre pi\u00e9t\u00e9 et qui commande le respect. 1 Timoth\u00e9e 2.1-2<\/em>&nbsp;<br>&nbsp;<\/p>\n<\/div>\n\n<div class=\"wp-block block-core-paragraph\">\n<p class=\"wp-block-paragraph\">Votre fr\u00e8re en Christ,&nbsp;<\/p>\n<\/div>\n\n<div class=\"wp-block block-core-paragraph\">\n<p class=\"wp-block-paragraph\">Tim&nbsp;<\/p>\n<\/div>\n\n<div class=\"wp-block block-core-paragraph\">\n<p class=\"wp-block-paragraph\">&nbsp;<br>Tim Adams&nbsp;<br>Secr\u00e9taire g\u00e9n\u00e9ral de l\u2019IFES&nbsp;<\/p>\n<\/div><\/div><\/div>\n<\/div><\/div>\n<\/div><\/div>\n\n<div class=\"wp-block block-core-group alignfull\">\n<div class=\"wp-block-group alignfull has-white-color has-eurasia-background-color has-text-color has-background\"><div class=\"wp-block-group__inner-container is-layout-flow wp-block-group-is-layout-flow\"><div class=\"wp-block block-core-paragraph\">\n<p class=\"has-md-font-size wp-block-paragraph\">Si vous souhaitez faire un don \u00e0 notre fonds d\u2019urgence r\u00e9gional pour l\u2019Eurasie, vous pouvez <a href=\"https:\/\/give.ifesworld.org\/customgiving?t=1&amp;d=EX000_PGLOB&amp;s=UKFR&amp;a=0\" target=\"_blank\" rel=\"noreferrer noopener\">le faire ici<\/a>\u202f. Ce fonds sera utilis\u00e9 pour soutenir le CCX Ukraine et le personnel de l&rsquo;IFES local, ainsi que les mouvements \u00e9tudiants avoisinants qui servent ceux qui sont affect\u00e9s par la crise ou qui en souffrent eux-m\u00eames.&nbsp;&nbsp;<\/p>\n<\/div>\n\n<div class=\"wp-block block-acf-ifesbutton\">\n<div class=\"\">\n    <a id=\"btn-block_622091a65a537\" target=\"_blank\" href=\"https:\/\/give.ifesworld.org\/customgiving?t=1&#038;d=EX000_PGLOB&#038;s=UKFR&#038;a=0\" class=\"btn btn--tertiary\">\n        <span>\n        Donner ici        <\/span>\n    <\/a>\n<\/div>\n\n<\/div><\/div>\n<\/div><\/div>\n\n<div class=\"wp-block block-core-heading\">\n<h2 class=\"wp-block-heading\">Sujets de pri\u00e8re de Sergei, Secr\u00e9taire r\u00e9gional, IFES Eurasie\u00a0<\/h2>\n<\/div>\n\n<div class=\"wp-block block-core-list\">\n<ul class=\"wp-block-list\"><li>Pour le red\u00e9marrage du minist\u00e8re \u00e0 la rentr\u00e9e universitaire au mois de septembre.\u00a0<\/li><li>Pour l&rsquo;implication des nouveaux \u00e9tudiants &#8211; qu&rsquo;ils soient chr\u00e9tiens ou non, qu&rsquo;ils aient fait partie du CCX ou non &#8211; priez pour que les nouveaux \u00e9tudiants se tournent vers Dieu.\u00a0<\/li><li>Pour la recherche d&rsquo;un nouvel \u00e9quipier qui poursuivra le travail commenc\u00e9 par ceux qui ne sont plus en mesure de continuer dans le minist\u00e8re.\u00a0\u00a0<\/li><li>Pour que Dieu donne la force et la sagesse n\u00e9cessaires au personnel alors qu\u2019il d\u00e9marre son service minist\u00e9riel dans un nouvel environnement.\u00a0<\/li><\/ul>\n<\/div>\n\n<div class=\"wp-block block-acf-ifesposts\"><section id=\"post-list-latest-post-block_62e25722b21dc\" class='latest-post-list list--conexion'>\n            <ul class='post-list items--3 flex flex--wrap flex--center'>\n      <li class='post__item flex flex--column'>\n          <article id=\"post-18209\" class=\"article-thumbnail article--conexion\">\n              <a href='https:\/\/ifesworld.org\/fr\/blog\/en-haut-en-avant\/' class=\"post__link\"  rel=\"bookmark\">\n                  <figure class='post__image  image--absolute--center image--absolute--mask'>\n                      <img loading=\"lazy\" decoding=\"async\" width=\"740\" height=\"416\" src=\"https:\/\/ifesworld.org\/wp-content\/uploads\/2026\/03\/19-1024x576.png\" class=\"attachment-large size-large wp-post-image\" alt=\"\" srcset=\"https:\/\/ifesworld.org\/wp-content\/uploads\/2026\/03\/19-1024x576.png 1024w, https:\/\/ifesworld.org\/wp-content\/uploads\/2026\/03\/19-300x169.png 300w, https:\/\/ifesworld.org\/wp-content\/uploads\/2026\/03\/19-768x432.png 768w, https:\/\/ifesworld.org\/wp-content\/uploads\/2026\/03\/19-1536x864.png 1536w, https:\/\/ifesworld.org\/wp-content\/uploads\/2026\/03\/19.png 1920w\" sizes=\"auto, (max-width: 740px) 100vw, 740px\" \/>                  <\/figure>\n                  <header class='post__content flex flex--column flex--end'>\n                      <p class='post__meta'>Conexi\u00f3n<\/p>\n                      <h1 class='post__title'>\n                          EN HAUT &amp; EN AVANT\u00a0\u00a0                      <\/h1>\n                                                <small>Cro\u00eetre ensemble dans le minist\u00e8re parmi les dipl\u00f4m\u00e9s<\/small>\n                                        <\/header>\n                  <i class=\"icon-container regional-logo icon--ifes\">\n                                            <svg class=\"icon logo logo--bg-white\">\n                            <use xlink:href=\"#IFES-logo\"><\/use>\n                        <\/svg>\n                                      <\/i>\n              <\/a>\n          <\/article>\n      <\/li>\n\n    <\/ul><\/section><\/div>\n\n<div class=\"wp-block block-core-group alignfull\">\n<div class=\"wp-block-group alignfull has-white-dark-background-color has-background\"><div class=\"wp-block-group__inner-container is-layout-flow wp-block-group-is-layout-flow\"><div class=\"wp-block block-core-heading\">\n<h2 class=\"wp-block-heading\">Unis dans la pri\u00e8re et dans l&rsquo;aide pratique<\/h2>\n<\/div>\n\n<div class=\"wp-block block-core-paragraph\">\n<p class=\"wp-block-paragraph\">Le CCX Ukraine donne des nouvelles r\u00e9guli\u00e8res via&nbsp;<a href=\"https:\/\/www.facebook.com\/ccx.ukraine\" target=\"_blank\" rel=\"noreferrer noopener\">Facebook<\/a>&nbsp;et son bulletin de nouvelles \u00e9lectronique. Vous y d\u00e9couvrirez comment ils aident les \u00e9tudiants, ainsi que&nbsp;<a href=\"https:\/\/mailchi.mp\/f6859f503dfc\/2016-8865318\" target=\"_blank\" rel=\"noreferrer noopener\">le t\u00e9moignage de leur secr\u00e9taire g\u00e9n\u00e9ral<\/a>&nbsp;qui a \u00e9t\u00e9 forc\u00e9 de quitter son domicile lors de l&rsquo;annexion de la Crim\u00e9e en 2014, et qui a d\u00fb fuir \u00e0 nouveau derni\u00e8rement.<\/p>\n<\/div>\n\n<div class=\"wp-block block-core-paragraph\">\n<p class=\"wp-block-paragraph\">Dans de nombreux autres pays, les mouvements mobilisent un soutien pratique et dans la pri\u00e8re.&nbsp;<a href=\"https:\/\/open.spotify.com\/episode\/5VDlqqfitsQGvPAQS3ZzSm\" target=\"_blank\" rel=\"noreferrer noopener\">Le Credo Su\u00e8de a interview\u00e9 un \u00e9tudiant polonais<\/a>&nbsp;au sujet de ce qu&rsquo;il a v\u00e9cu \u00e0 la fronti\u00e8re polono-ukrainienne. L&rsquo;IFES Europe fait des mises \u00e0 jour r\u00e9guli\u00e8res pour la pri\u00e8re sur&nbsp;<a href=\"https:\/\/www.facebook.com\/ifeseurope\" target=\"_blank\" rel=\"noreferrer noopener\">Facebook<\/a>&nbsp;et&nbsp;<a href=\"https:\/\/www.instagram.com\/ifeseurope\/\" target=\"_blank\" rel=\"noreferrer noopener\">Instagram<\/a>, notamment d&rsquo;Ukraine et d&rsquo;Eurasie, et a \u00e9galement r\u00e9uni&nbsp;<a href=\"https:\/\/linktr.ee\/IFESEuropeStandsWithUkraine\" target=\"_blank\" rel=\"noreferrer noopener\">des ressources<\/a>&nbsp;pour aider leurs \u00e9tudiants, leurs \u00e9quipiers et leurs partenaires \u00e0 prier ensemble.<\/p>\n<\/div><\/div>\n<\/div><\/div>","protected":false},"excerpt":{"rendered":"<p>Si vous souhaitez faire un don \u00e0 notre fonds d\u2019urgence r\u00e9gional pour l\u2019Eurasie, vous pouvez le faire ici\u202f. Ce fonds sera utilis\u00e9 pour soutenir le CCX Ukraine et le personnel de l&rsquo;IFES local, ainsi que les mouvements \u00e9tudiants avoisinants qui servent ceux qui sont affect\u00e9s par la crise ou qui en souffrent eux-m\u00eames.&nbsp;&nbsp; Sujets de&#8230;<\/p>\n","protected":false},"author":2,"featured_media":18137,"parent":0,"menu_order":0,"comment_status":"closed","ping_status":"closed","template":"","meta":{"_acf_changed":false,"_crdt_document":"","inline_featured_image":false,"footnotes":""},"area":[457],"theme":[],"class_list":["post-18209","page","type-page","status-publish","has-post-thumbnail","hentry","area-eurasia"],"acf":[],"yoast_head":"<!-- This site is optimized with the Yoast SEO plugin v27.2 - https:\/\/yoast.com\/product\/yoast-seo-wordpress\/ -->\n<title>R\u00e9action de l\u2019IFES \u00e0 la guerre en Ukraine\u00a0 &#183; IFES<\/title>\n<meta name=\"description\" content=\"Tim Adams sur la r\u00e9ponse au conflit en Ukraine31 Mars 2022 Chers fr\u00e8res et s\u0153urs, En juillet 2019, le th\u00e8me de notre Assembl\u00e9e mondiale de l\u2019IFES \u00e9tait\" \/>\n<meta name=\"robots\" content=\"index, follow, max-snippet:-1, max-image-preview:large, max-video-preview:-1\" \/>\n<link rel=\"canonical\" href=\"https:\/\/ifesworld.org\/fr\/ukraine-invasion\/\" \/>\n<meta property=\"og:locale\" content=\"fr_FR\" \/>\n<meta property=\"og:type\" content=\"article\" \/>\n<meta property=\"og:title\" content=\"R\u00e9action de l\u2019IFES \u00e0 la guerre en Ukraine\u00a0 &#183; IFES\" \/>\n<meta property=\"og:description\" content=\"Tim Adams sur la r\u00e9ponse au conflit en Ukraine31 Mars 2022 Chers fr\u00e8res et s\u0153urs, En juillet 2019, le th\u00e8me de notre Assembl\u00e9e mondiale de l\u2019IFES \u00e9tait\" \/>\n<meta property=\"og:url\" content=\"https:\/\/ifesworld.org\/fr\/ukraine-invasion\/\" \/>\n<meta property=\"og:site_name\" content=\"IFES\" \/>\n<meta property=\"article:modified_time\" content=\"2022-07-29T15:55:46+00:00\" \/>\n<meta property=\"og:image\" content=\"https:\/\/ifesworld.org\/wp-content\/uploads\/2022\/03\/artur-voznenko-Ov48xJU21lQ-unsplash-scaled.jpg\" \/>\n\t<meta property=\"og:image:width\" content=\"2560\" \/>\n\t<meta property=\"og:image:height\" content=\"1707\" \/>\n\t<meta property=\"og:image:type\" content=\"image\/jpeg\" \/>\n<meta name=\"twitter:card\" content=\"summary_large_image\" \/>\n<meta name=\"twitter:label1\" content=\"Dur\u00e9e de lecture estim\u00e9e\" \/>\n\t<meta name=\"twitter:data1\" content=\"8 minutes\" \/>\n<script type=\"application\/ld+json\" class=\"yoast-schema-graph\">{\"@context\":\"https:\/\/schema.org\",\"@graph\":[{\"@type\":\"WebPage\",\"@id\":\"https:\/\/ifesworld.org\/fr\/ukraine-invasion\/\",\"url\":\"https:\/\/ifesworld.org\/fr\/ukraine-invasion\/\",\"name\":\"R\u00e9action de l\u2019IFES \u00e0 la guerre en Ukraine\u00a0 &#183; IFES\",\"isPartOf\":{\"@id\":\"https:\/\/ifesworld.org\/es\/#website\"},\"primaryImageOfPage\":{\"@id\":\"https:\/\/ifesworld.org\/fr\/ukraine-invasion\/#primaryimage\"},\"image\":{\"@id\":\"https:\/\/ifesworld.org\/fr\/ukraine-invasion\/#primaryimage\"},\"thumbnailUrl\":\"https:\/\/ifesworld.org\/wp-content\/uploads\/2022\/03\/artur-voznenko-Ov48xJU21lQ-unsplash-scaled.jpg\",\"datePublished\":\"2022-03-03T10:00:26+00:00\",\"dateModified\":\"2022-07-29T15:55:46+00:00\",\"description\":\"Tim Adams sur la r\u00e9ponse au conflit en Ukraine31 Mars 2022 Chers fr\u00e8res et s\u0153urs, En juillet 2019, le th\u00e8me de notre Assembl\u00e9e mondiale de l\u2019IFES \u00e9tait\",\"breadcrumb\":{\"@id\":\"https:\/\/ifesworld.org\/fr\/ukraine-invasion\/#breadcrumb\"},\"inLanguage\":\"fr-FR\",\"potentialAction\":[{\"@type\":\"ReadAction\",\"target\":[\"https:\/\/ifesworld.org\/fr\/ukraine-invasion\/\"]}]},{\"@type\":\"ImageObject\",\"inLanguage\":\"fr-FR\",\"@id\":\"https:\/\/ifesworld.org\/fr\/ukraine-invasion\/#primaryimage\",\"url\":\"https:\/\/ifesworld.org\/wp-content\/uploads\/2022\/03\/artur-voznenko-Ov48xJU21lQ-unsplash-scaled.jpg\",\"contentUrl\":\"https:\/\/ifesworld.org\/wp-content\/uploads\/2022\/03\/artur-voznenko-Ov48xJU21lQ-unsplash-scaled.jpg\",\"width\":2560,\"height\":1707},{\"@type\":\"BreadcrumbList\",\"@id\":\"https:\/\/ifesworld.org\/fr\/ukraine-invasion\/#breadcrumb\",\"itemListElement\":[{\"@type\":\"ListItem\",\"position\":1,\"name\":\"Home\",\"item\":\"https:\/\/ifesworld.org\/fr\/\"},{\"@type\":\"ListItem\",\"position\":2,\"name\":\"R\u00e9action de l\u2019IFES \u00e0 la guerre en Ukraine\u00a0\"}]},{\"@type\":\"WebSite\",\"@id\":\"https:\/\/ifesworld.org\/es\/#website\",\"url\":\"https:\/\/ifesworld.org\/es\/\",\"name\":\"IFES\",\"description\":\"A movement of students sharing and living out the good news of Jesus Christ. Locally. Nationally. Globally.\",\"publisher\":{\"@id\":\"https:\/\/ifesworld.org\/es\/#organization\"},\"potentialAction\":[{\"@type\":\"SearchAction\",\"target\":{\"@type\":\"EntryPoint\",\"urlTemplate\":\"https:\/\/ifesworld.org\/es\/?s={search_term_string}\"},\"query-input\":{\"@type\":\"PropertyValueSpecification\",\"valueRequired\":true,\"valueName\":\"search_term_string\"}}],\"inLanguage\":\"fr-FR\"},{\"@type\":\"Organization\",\"@id\":\"https:\/\/ifesworld.org\/es\/#organization\",\"name\":\"IFES \u00b7 International Fellowship of Evangelical Students\",\"url\":\"https:\/\/ifesworld.org\/es\/\",\"logo\":{\"@type\":\"ImageObject\",\"inLanguage\":\"fr-FR\",\"@id\":\"https:\/\/ifesworld.org\/es\/#\/schema\/logo\/image\/\",\"url\":\"https:\/\/ifesworld.org\/wp-content\/uploads\/2019\/06\/ifeslogo.png\",\"contentUrl\":\"https:\/\/ifesworld.org\/wp-content\/uploads\/2019\/06\/ifeslogo.png\",\"width\":262,\"height\":262,\"caption\":\"IFES \u00b7 International Fellowship of Evangelical Students\"},\"image\":{\"@id\":\"https:\/\/ifesworld.org\/es\/#\/schema\/logo\/image\/\"}}]}<\/script>\n<!-- \/ Yoast SEO plugin. -->","yoast_head_json":{"title":"R\u00e9action de l\u2019IFES \u00e0 la guerre en Ukraine\u00a0 &#183; IFES","description":"Tim Adams sur la r\u00e9ponse au conflit en Ukraine31 Mars 2022 Chers fr\u00e8res et s\u0153urs, En juillet 2019, le th\u00e8me de notre Assembl\u00e9e mondiale de l\u2019IFES \u00e9tait","robots":{"index":"index","follow":"follow","max-snippet":"max-snippet:-1","max-image-preview":"max-image-preview:large","max-video-preview":"max-video-preview:-1"},"canonical":"https:\/\/ifesworld.org\/fr\/ukraine-invasion\/","og_locale":"fr_FR","og_type":"article","og_title":"R\u00e9action de l\u2019IFES \u00e0 la guerre en Ukraine\u00a0 &#183; IFES","og_description":"Tim Adams sur la r\u00e9ponse au conflit en Ukraine31 Mars 2022 Chers fr\u00e8res et s\u0153urs, En juillet 2019, le th\u00e8me de notre Assembl\u00e9e mondiale de l\u2019IFES \u00e9tait","og_url":"https:\/\/ifesworld.org\/fr\/ukraine-invasion\/","og_site_name":"IFES","article_modified_time":"2022-07-29T15:55:46+00:00","og_image":[{"width":2560,"height":1707,"url":"https:\/\/ifesworld.org\/wp-content\/uploads\/2022\/03\/artur-voznenko-Ov48xJU21lQ-unsplash-scaled.jpg","type":"image\/jpeg"}],"twitter_card":"summary_large_image","twitter_misc":{"Dur\u00e9e de lecture estim\u00e9e":"8 minutes"},"schema":{"@context":"https:\/\/schema.org","@graph":[{"@type":"WebPage","@id":"https:\/\/ifesworld.org\/fr\/ukraine-invasion\/","url":"https:\/\/ifesworld.org\/fr\/ukraine-invasion\/","name":"R\u00e9action de l\u2019IFES \u00e0 la guerre en Ukraine\u00a0 &#183; IFES","isPartOf":{"@id":"https:\/\/ifesworld.org\/es\/#website"},"primaryImageOfPage":{"@id":"https:\/\/ifesworld.org\/fr\/ukraine-invasion\/#primaryimage"},"image":{"@id":"https:\/\/ifesworld.org\/fr\/ukraine-invasion\/#primaryimage"},"thumbnailUrl":"https:\/\/ifesworld.org\/wp-content\/uploads\/2022\/03\/artur-voznenko-Ov48xJU21lQ-unsplash-scaled.jpg","datePublished":"2022-03-03T10:00:26+00:00","dateModified":"2022-07-29T15:55:46+00:00","description":"Tim Adams sur la r\u00e9ponse au conflit en Ukraine31 Mars 2022 Chers fr\u00e8res et s\u0153urs, En juillet 2019, le th\u00e8me de notre Assembl\u00e9e mondiale de l\u2019IFES \u00e9tait","breadcrumb":{"@id":"https:\/\/ifesworld.org\/fr\/ukraine-invasion\/#breadcrumb"},"inLanguage":"fr-FR","potentialAction":[{"@type":"ReadAction","target":["https:\/\/ifesworld.org\/fr\/ukraine-invasion\/"]}]},{"@type":"ImageObject","inLanguage":"fr-FR","@id":"https:\/\/ifesworld.org\/fr\/ukraine-invasion\/#primaryimage","url":"https:\/\/ifesworld.org\/wp-content\/uploads\/2022\/03\/artur-voznenko-Ov48xJU21lQ-unsplash-scaled.jpg","contentUrl":"https:\/\/ifesworld.org\/wp-content\/uploads\/2022\/03\/artur-voznenko-Ov48xJU21lQ-unsplash-scaled.jpg","width":2560,"height":1707},{"@type":"BreadcrumbList","@id":"https:\/\/ifesworld.org\/fr\/ukraine-invasion\/#breadcrumb","itemListElement":[{"@type":"ListItem","position":1,"name":"Home","item":"https:\/\/ifesworld.org\/fr\/"},{"@type":"ListItem","position":2,"name":"R\u00e9action de l\u2019IFES \u00e0 la guerre en Ukraine\u00a0"}]},{"@type":"WebSite","@id":"https:\/\/ifesworld.org\/es\/#website","url":"https:\/\/ifesworld.org\/es\/","name":"IFES","description":"A movement of students sharing and living out the good news of Jesus Christ. Locally. Nationally. Globally.","publisher":{"@id":"https:\/\/ifesworld.org\/es\/#organization"},"potentialAction":[{"@type":"SearchAction","target":{"@type":"EntryPoint","urlTemplate":"https:\/\/ifesworld.org\/es\/?s={search_term_string}"},"query-input":{"@type":"PropertyValueSpecification","valueRequired":true,"valueName":"search_term_string"}}],"inLanguage":"fr-FR"},{"@type":"Organization","@id":"https:\/\/ifesworld.org\/es\/#organization","name":"IFES \u00b7 International Fellowship of Evangelical Students","url":"https:\/\/ifesworld.org\/es\/","logo":{"@type":"ImageObject","inLanguage":"fr-FR","@id":"https:\/\/ifesworld.org\/es\/#\/schema\/logo\/image\/","url":"https:\/\/ifesworld.org\/wp-content\/uploads\/2019\/06\/ifeslogo.png","contentUrl":"https:\/\/ifesworld.org\/wp-content\/uploads\/2019\/06\/ifeslogo.png","width":262,"height":262,"caption":"IFES \u00b7 International Fellowship of Evangelical Students"},"image":{"@id":"https:\/\/ifesworld.org\/es\/#\/schema\/logo\/image\/"}}]}},"_links":{"self":[{"href":"https:\/\/ifesworld.org\/fr\/wp-json\/wp\/v2\/pages\/18209","targetHints":{"allow":["GET"]}}],"collection":[{"href":"https:\/\/ifesworld.org\/fr\/wp-json\/wp\/v2\/pages"}],"about":[{"href":"https:\/\/ifesworld.org\/fr\/wp-json\/wp\/v2\/types\/page"}],"author":[{"embeddable":true,"href":"https:\/\/ifesworld.org\/fr\/wp-json\/wp\/v2\/users\/2"}],"replies":[{"embeddable":true,"href":"https:\/\/ifesworld.org\/fr\/wp-json\/wp\/v2\/comments?post=18209"}],"version-history":[{"count":0,"href":"https:\/\/ifesworld.org\/fr\/wp-json\/wp\/v2\/pages\/18209\/revisions"}],"wp:featuredmedia":[{"embeddable":true,"href":"https:\/\/ifesworld.org\/fr\/wp-json\/wp\/v2\/media\/18137"}],"wp:attachment":[{"href":"https:\/\/ifesworld.org\/fr\/wp-json\/wp\/v2\/media?parent=18209"}],"wp:term":[{"taxonomy":"area","embeddable":true,"href":"https:\/\/ifesworld.org\/fr\/wp-json\/wp\/v2\/area?post=18209"},{"taxonomy":"theme","embeddable":true,"href":"https:\/\/ifesworld.org\/fr\/wp-json\/wp\/v2\/theme?post=18209"}],"curies":[{"name":"wp","href":"https:\/\/api.w.org\/{rel}","templated":true}]}}