{"id":17957,"date":"2022-02-15T09:11:06","date_gmt":"2022-02-15T09:11:06","guid":{"rendered":"https:\/\/ifesworld.org\/?page_id=17957"},"modified":"2022-02-17T13:17:16","modified_gmt":"2022-02-17T13:17:16","slug":"faq","status":"publish","type":"page","link":"https:\/\/ifesworld.org\/fr\/faq\/","title":{"rendered":"FOIRE AUX QUESTIONS"},"content":{"rendered":"<div class=\"wp-block block-core-paragraph\">\n<p class=\"has-md-font-size wp-block-paragraph\"><strong>Vous avez d&rsquo;autres questions sur la Journ\u00e9e mondiale de la g\u00e9n\u00e9rosit\u00e9&nbsp;? Voici quelques-unes des questions fr\u00e9quemment pos\u00e9es.<\/strong><\/p>\n<\/div>\n\n<div class=\"wp-block block-core-paragraph\">\n<p class=\"wp-block-paragraph\">Si vous ne trouvez pas votre question ici, contactez-nous \u00e0&nbsp;<a href=\"mailto:hello@ifesworld.org\" target=\"_blank\" rel=\"noreferrer noopener\">hello@ifesworld.org<\/a>.<\/p>\n<\/div>\n\n<div class=\"wp-block block-acf-ifesbutton\">\n<div class=\"\">\n    <a id=\"btn-block_620e4a9fe658a\" target=\"\" href=\"https:\/\/ifesworld.org\/fr\/journee-mondiale-de-la-generosite-2022\/\" class=\"btn btn--cta-link\">\n        <span>\n                    <span class=\"icon\"><svg class=\"icon\"><use xlink:href=\"#chevron-circle-right-solid\"\/><\/svg><\/span>\n        retour \u00e0 la page de la journ\u00e9e mondiale de la g\u00e9n\u00e9rosit\u00e9        <\/span>\n    <\/a>\n<\/div>\n\n<\/div>\n\n<div class=\"wp-block block-pb-accordion-item\">\n<div class=\"wp-block-pb-accordion-item c-accordion__item js-accordion-item no-js\" data-initially-open=\"false\" data-click-to-close=\"true\" data-auto-close=\"true\" data-scroll=\"false\" data-scroll-offset=\"0\"><h2 id=\"at-179570\" class=\"c-accordion__title js-accordion-controller\" role=\"button\"><strong>Comment faire un don\u202f?\u00a0<\/strong>\u00a0<\/h2><div id=\"ac-179570\" class=\"c-accordion__content\"><div class=\"wp-block block-core-paragraph\">\n<p class=\"wp-block-paragraph\">Pour faire un don en ligne par carte bancaire en dollars am\u00e9ricains, en euros ou en livres sterling, rendez-vous <a href=\"https:\/\/give.ifesworld.org\/customgiving?t=1&amp;d=IN000_PGGD&amp;s=22CCAPGGDLP&amp;a=0\" target=\"_blank\" rel=\"noreferrer noopener\">ici<\/a>. Pour faire un don par t\u00e9l\u00e9phone, consultez <a href=\"https:\/\/give.ifesworld.org\/givephone\" target=\"_blank\" rel=\"noreferrer noopener\">cette page<\/a>. Pour faire un don par un autre moyen, veuillez vous informer <a href=\"https:\/\/give.ifesworld.org\/giveother\" target=\"_blank\" rel=\"noreferrer noopener\">ici.<\/a>&nbsp;&nbsp;<\/p>\n<\/div>\n\n<div class=\"wp-block block-core-paragraph\">\n<p class=\"wp-block-paragraph\">Si vous r\u00e9sidez au Canada, rendez-vous <a href=\"https:\/\/ivcf.ca\/donate\" target=\"_blank\" rel=\"noreferrer noopener\">ici<\/a> et s\u00e9lectionnez \u00ab\u202fIFES \u2013 Global Generosity Day\u202f\u00bb [Journ\u00e9e mondiale de la g\u00e9n\u00e9rosit\u00e9] dans le menu d\u00e9roulant.&nbsp;<\/p>\n<\/div>\n\n<div class=\"wp-block block-core-paragraph\">\n<p class=\"wp-block-paragraph\">En Malaisie, il pourrait \u00eatre pr\u00e9f\u00e9rable de faire un don au fonds de l\u2019IFES d\u00e9tenu par FES Malaisie\u202f:&nbsp;<\/p>\n<\/div>\n\n<div class=\"wp-block block-core-paragraph\">\n<p class=\"wp-block-paragraph\">Public Bank&nbsp;<\/p>\n<\/div>\n\n<div class=\"wp-block block-core-paragraph\">\n<p class=\"wp-block-paragraph\">Nom\u202f: Fellowship of Evangelical Students Malaysia&nbsp;<\/p>\n<\/div>\n\n<div class=\"wp-block block-core-paragraph\">\n<p class=\"wp-block-paragraph\">Num\u00e9ro de compte\u202f: 321 399 5930&nbsp;<\/p>\n<\/div>\n\n<div class=\"wp-block block-core-paragraph\">\n<p class=\"wp-block-paragraph\">En Cor\u00e9e du Sud, il pourrait \u00eatre pr\u00e9f\u00e9rable de faire un don au fonds de l\u2019IFES d\u00e9tenu par IVF Cor\u00e9e\u202f:&nbsp;<\/p>\n<\/div>\n\n<div class=\"wp-block block-core-paragraph\">\n<p class=\"wp-block-paragraph\">\uad6d\ubbfc\uc740\ud589 032901-04-088040&nbsp;<\/p>\n<\/div>\n\n<div class=\"wp-block block-core-paragraph\">\n<p class=\"wp-block-paragraph\">\uc608\uae08\uc8fc: \uc0ac) \ud55c\uad6d\uae30\ub3c5\ud559\uc0dd\ud68c&nbsp;<\/p>\n<\/div>\n\n<div class=\"wp-block block-core-paragraph\">\n<p class=\"wp-block-paragraph\">Apr\u00e8s avoir envoy\u00e9 votre don, veuillez communiquer votre nom, num\u00e9ro d\u2019identification et num\u00e9ro de t\u00e9l\u00e9phone par courriel \u00e0 <a href=\"mailto:finance@ivf.or.kr\" target=\"_blank\" rel=\"noreferrer noopener\">finance@ivf.or.kr<\/a>.&nbsp;<\/p>\n<\/div><\/div><\/div>\n<\/div>\n\n<div class=\"wp-block block-pb-accordion-item\">\n<div class=\"wp-block-pb-accordion-item c-accordion__item js-accordion-item no-js\" data-initially-open=\"false\" data-click-to-close=\"true\" data-auto-close=\"true\" data-scroll=\"false\" data-scroll-offset=\"0\"><h2 id=\"at-179571\" class=\"c-accordion__title js-accordion-controller\" role=\"button\"><strong>Qui contacter si j\u2019ai des questions ou un probl\u00e8me en lien avec mon don\u202f?<\/strong>\u00a0<\/h2><div id=\"ac-179571\" class=\"c-accordion__content\"><div class=\"wp-block block-core-paragraph\">\n<p class=\"wp-block-paragraph\">Si vous rencontrez des difficult\u00e9s lorsque vous faites un don en ligne, ou si vous souhaitez des informations sur comment faire un don par un autre moyen, veuillez nous contacter en utilisant les coordonn\u00e9es suivantes\u202f:&nbsp;<\/p>\n<\/div>\n\n<div class=\"wp-block block-core-paragraph\">\n<p class=\"wp-block-paragraph\"><strong>USA<\/strong>&nbsp;<br><a href=\"mailto:donor.services@ifesworld.org\" target=\"_blank\" rel=\"noreferrer noopener\">donor.services@ifesworld.org&nbsp;<br><\/a><a href=\"+1%20608%20348%206234\" target=\"_blank\" rel=\"noreferrer noopener\">+1 608 348 6234<\/a>&nbsp;<\/p>\n<\/div>\n\n<div class=\"wp-block block-core-paragraph\">\n<p class=\"wp-block-paragraph\"><strong>ASIE<\/strong>&nbsp;<br><a href=\"mailto:ifesasia@ifesworld.org\" target=\"_blank\" rel=\"noreferrer noopener\">ifesasia@ifesworld.org&nbsp;<br><\/a><a href=\"+60377322698\" target=\"_blank\" rel=\"noreferrer noopener\">+603 7732 2698<\/a>&nbsp;<\/p>\n<\/div>\n\n<div class=\"wp-block block-core-paragraph\">\n<p class=\"wp-block-paragraph\"><strong>ROYAUME-UNI ET AUTRES<\/strong>&nbsp;<br><a href=\"mailto:supporter.relations@ifesworld.org\" target=\"_blank\" rel=\"noreferrer noopener\">supporter.relations@ifesworld.org&nbsp;<br><\/a><a href=\"+44%201865%20263577\" target=\"_blank\" rel=\"noreferrer noopener\">+44 1865 263577<\/a>&nbsp;<\/p>\n<\/div><\/div><\/div>\n<\/div>\n\n<div class=\"wp-block block-pb-accordion-item\">\n<div class=\"wp-block-pb-accordion-item c-accordion__item js-accordion-item no-js\" data-initially-open=\"false\" data-click-to-close=\"true\" data-auto-close=\"true\" data-scroll=\"false\" data-scroll-offset=\"0\"><h2 id=\"at-179572\" class=\"c-accordion__title js-accordion-controller\" role=\"button\"><strong>Comment mon don contribue-t-il au montant global requis pour ces projets\u202f?<\/strong>\u00a0<\/h2><div id=\"ac-179572\" class=\"c-accordion__content\"><div class=\"wp-block block-core-paragraph\">\n<p class=\"wp-block-paragraph\">Pour assurer un financement complet de tous les projets pr\u00e9sent\u00e9s, nous devons mobiliser plus de 120\u202f000\u202fUSD. Lors de cette Journ\u00e9e mondiale de la g\u00e9n\u00e9rosit\u00e9, notre objectif est de se tenir ensemble, en tant qu\u2019Union internationale, afin d\u2019\u00e9quiper les \u00e9tudiants \u00e0 atteindre les \u00e9tudiants autour du monde. Chaque don, qu\u2019il soit grand ou petit, envoie un message aux \u00e9tudiants du monde entier qui cherchent \u00e0 vivre une vie consacr\u00e9e \u00e0 J\u00e9sus\u202f: vous n\u2019\u00eates pas seuls.&nbsp;<\/p>\n<\/div><\/div><\/div>\n<\/div>\n\n<div class=\"wp-block block-pb-accordion-item\">\n<div class=\"wp-block-pb-accordion-item c-accordion__item js-accordion-item no-js\" data-initially-open=\"false\" data-click-to-close=\"true\" data-auto-close=\"true\" data-scroll=\"false\" data-scroll-offset=\"0\"><h2 id=\"at-179573\" class=\"c-accordion__title js-accordion-controller\" role=\"button\"><strong>Qu\u2019adviendra-t-il de mon don pour la Journ\u00e9e mondiale de la g\u00e9n\u00e9rosit\u00e9 si suffisamment d\u2019argent a d\u00e9j\u00e0 \u00e9t\u00e9 mobilis\u00e9 pour financer tous les projets\u202f?<\/strong>\u00a0<\/h2><div id=\"ac-179573\" class=\"c-accordion__content\"><div class=\"wp-block block-core-paragraph\">\n<p class=\"wp-block-paragraph\">Les projets que nous mettons en avant sont des exemples du travail que nous pouvons r\u00e9aliser ensemble mais il se passe bien plus que ce que nous pouvons pr\u00e9senter en un jour\u202f! Il existe beaucoup d\u2019autres initiatives pr\u00e9vues pour 2022 que nous n\u2019avons pas choisi de pr\u00e9senter pour la Journ\u00e9e mondiale de la g\u00e9n\u00e9rosit\u00e9 mais qui ont n\u00e9anmoins besoin de finances, donc tout don suppl\u00e9mentaire que nous recevons aujourd\u2019hui sera vers\u00e9 \u00e0 des projets similaires dans d\u2019autres r\u00e9gions du monde. Quel qu\u2019il en soit, votre don \u00e9quipera les \u00e9tudiants qui cherchent \u00e0 vivre une vie consacr\u00e9e \u00e0 J\u00e9sus \u00e0 l\u2019universit\u00e9.&nbsp;<\/p>\n<\/div><\/div><\/div>\n<\/div>\n\n<div class=\"wp-block block-pb-accordion-item\">\n<div class=\"wp-block-pb-accordion-item c-accordion__item js-accordion-item no-js\" data-initially-open=\"false\" data-click-to-close=\"true\" data-auto-close=\"true\" data-scroll=\"false\" data-scroll-offset=\"0\"><h2 id=\"at-179574\" class=\"c-accordion__title js-accordion-controller\" role=\"button\"><strong>Puis-je faire un don pour un projet pr\u00e9cis\u202f?<\/strong>\u00a0<\/h2><div id=\"ac-179574\" class=\"c-accordion__content\"><div class=\"wp-block block-core-paragraph\">\n<p class=\"wp-block-paragraph\">Votre don aura le plus grand impact si vous le versez au <a href=\"https:\/\/give.ifesworld.org\/customgiving?t=1&amp;d=IN000_PGGD&amp;s=22CCAPGGDLP&amp;a=0\" target=\"_blank\" rel=\"noreferrer noopener\">fonds commun de la Journ\u00e9e mondiale de la g\u00e9n\u00e9rosit\u00e9<\/a>. Ce fonds soutiendra les dix projets tout en veillant \u00e0 ce qu\u2019aucun projet ne re\u00e7oive plus d\u2019argent qu\u2019il n\u2019en a besoin.&nbsp;&nbsp;<\/p>\n<\/div>\n\n<div class=\"wp-block block-core-paragraph\">\n<p class=\"wp-block-paragraph\">Cependant, si vous souhaitez n\u00e9anmoins pr\u00e9ciser que vous soutenez un projet en particulier, vous pouvez le signaler dans la section Commentaires du projet de don en ligne.<\/p>\n<\/div><\/div><\/div>\n<\/div>\n\n<div class=\"wp-block block-pb-accordion-item\">\n<div class=\"wp-block-pb-accordion-item c-accordion__item js-accordion-item no-js\" data-initially-open=\"false\" data-click-to-close=\"true\" data-auto-close=\"true\" data-scroll=\"false\" data-scroll-offset=\"0\"><h2 id=\"at-179575\" class=\"c-accordion__title js-accordion-controller\" role=\"button\"><strong>Comment l\u2019IFES utilisera-t-elle mon don\u202f?<\/strong>\u00a0<\/h2><div id=\"ac-179575\" class=\"c-accordion__content\"><div class=\"wp-block block-core-paragraph\">\n<p class=\"wp-block-paragraph\">Plus de 80% de chaque don ira directement \u00e0 nos programmes et aux co\u00fbts des minist\u00e8res.&nbsp; Vous trouverez le d\u00e9tail de ces co\u00fbts ci-dessous.&nbsp;&nbsp;<\/p>\n<\/div>\n\n\n<figure class=\"wp-block-image size-large\"><img loading=\"lazy\" decoding=\"async\" width=\"1024\" height=\"462\" src=\"https:\/\/ifesworld.org\/wp-content\/uploads\/2021\/11\/Ministry-expenditure-FR-1024x462.png\" alt=\"\" class=\"wp-image-17412\" srcset=\"https:\/\/ifesworld.org\/wp-content\/uploads\/2021\/11\/Ministry-expenditure-FR-1024x462.png 1024w, https:\/\/ifesworld.org\/wp-content\/uploads\/2021\/11\/Ministry-expenditure-FR-300x135.png 300w, https:\/\/ifesworld.org\/wp-content\/uploads\/2021\/11\/Ministry-expenditure-FR-768x346.png 768w, https:\/\/ifesworld.org\/wp-content\/uploads\/2021\/11\/Ministry-expenditure-FR.png 1442w\" sizes=\"auto, (max-width: 1024px) 100vw, 1024px\" \/><\/figure>\n\n\n<div class=\"wp-block block-core-paragraph\">\n<p class=\"wp-block-paragraph\">Nous sommes enregistr\u00e9s aupr\u00e8s du r\u00e9gulateur de mobilisation de fonds du Royaume-Uni et accr\u00e9dit\u00e9s par l\u2019ECFA, Guidestar et Charity Navigator.&nbsp;<\/p>\n<\/div><\/div><\/div>\n<\/div>\n\n<div class=\"wp-block block-pb-accordion-item\">\n<div class=\"wp-block-pb-accordion-item c-accordion__item js-accordion-item no-js\" data-initially-open=\"false\" data-click-to-close=\"true\" data-auto-close=\"true\" data-scroll=\"false\" data-scroll-offset=\"0\"><h2 id=\"at-179576\" class=\"c-accordion__title js-accordion-controller\" role=\"button\"><strong>Comment rester inform\u00e9(e) au sujet du projet apr\u00e8s la Journ\u00e9e mondiale de la g\u00e9n\u00e9rosit\u00e9\u202f?<\/strong>\u00a0<\/h2><div id=\"ac-179576\" class=\"c-accordion__content\"><div class=\"wp-block block-core-paragraph\">\n<p class=\"wp-block-paragraph\">Nous communiquons principalement avec nos partenaires au sujet des projets de la Journ\u00e9e mondiale de la g\u00e9n\u00e9rosit\u00e9 \u2013 et des autres \u0153uvres remarquables de Dieu dans la vie des \u00e9tudiants autour du monde \u2013 sur les r\u00e9seaux sociaux (par <a href=\"http:\/\/www.facebook.com\/ifesworld\" target=\"_blank\" rel=\"noreferrer noopener\">Facebook<\/a>, <a href=\"http:\/\/www.instagram.com\/ifesworld\" target=\"_blank\" rel=\"noreferrer noopener\">Instagram<\/a> ou <a href=\"http:\/\/www.twitter.com\/ifesworld\" target=\"_blank\" rel=\"noreferrer noopener\">Twitter)<\/a>, dans <a href=\"http:\/\/www.ifesworld.org\/fr\/prayerline\" target=\"_blank\" rel=\"noreferrer noopener\">Prayerline<\/a> et par notre communaut\u00e9 en ligne, <a href=\"http:\/\/connect.ifesworld.org\/\" target=\"_blank\" rel=\"noreferrer noopener\">IFES Connect<\/a>.&nbsp;<\/p>\n<\/div><\/div><\/div>\n<\/div>\n\n<div class=\"wp-block block-pb-accordion-item\">\n<div class=\"wp-block-pb-accordion-item c-accordion__item js-accordion-item no-js\" data-initially-open=\"false\" data-click-to-close=\"true\" data-auto-close=\"true\" data-scroll=\"false\" data-scroll-offset=\"0\"><h2 id=\"at-179577\" class=\"c-accordion__title js-accordion-controller\" role=\"button\"><strong>Combien puis-je donner\u202f?<\/strong>\u00a0<\/h2><div id=\"ac-179577\" class=\"c-accordion__content\"><div class=\"wp-block block-core-paragraph\">\n<p class=\"wp-block-paragraph\">Nous recevrons avec reconnaissance le don qui vous semble bon, qu\u2019il soit petit ou grand\u202f! Notre objectif lors de cette Journ\u00e9e mondiale de la g\u00e9n\u00e9rosit\u00e9 est de se tenir ensemble en tant qu\u2019Union. Chaque don, qu\u2019il soit grand ou petit, envoie un message aux \u00e9tudiants du monde entier qui cherchent \u00e0 vivre une vie consacr\u00e9e \u00e0 J\u00e9sus\u202f: vous n\u2019\u00eates pas seuls.&nbsp;<\/p>\n<\/div><\/div><\/div>\n<\/div>\n\n<div class=\"wp-block block-pb-accordion-item\">\n<div class=\"wp-block-pb-accordion-item c-accordion__item js-accordion-item no-js\" data-initially-open=\"false\" data-click-to-close=\"true\" data-auto-close=\"true\" data-scroll=\"false\" data-scroll-offset=\"0\"><h2 id=\"at-179578\" class=\"c-accordion__title js-accordion-controller\" role=\"button\"><strong>Et si je ne peux pas faire de don cette fois-ci\u202f?<\/strong>\u00a0<\/h2><div id=\"ac-179578\" class=\"c-accordion__content\"><div class=\"wp-block block-core-paragraph\">\n<p class=\"wp-block-paragraph\">Aujourd\u2019hui, notre th\u00e8me est la solidarit\u00e9 et il existe bien d\u2019autres moyens de se tenir avec les \u00e9tudiants autour du monde\u202f:&nbsp;&nbsp;<\/p>\n<\/div>\n\n<div class=\"wp-block block-core-list\">\n<ul class=\"wp-block-list\"><li><strong>Priez avec nous aujourd&rsquo;hui<\/strong> pour la provision de Dieu pour tous ces projets et rendez-vous sur la page <a href=\"https:\/\/ifesworld.org\/fr\/priez-pour-luniversite\/\" target=\"_blank\" rel=\"noreferrer noopener\">Priez<\/a> pour apprendre comment vous pouvez prier pour les \u00e9tudiants autour du globe tout au long de l\u2019ann\u00e9e.&nbsp;&nbsp;&nbsp;<\/li><li><strong>Partagez le projet qui vous tient le plus \u00e0 c\u0153ur<\/strong> sur les r\u00e9seaux sociaux que vous pr\u00e9f\u00e9rez afin de faire conna\u00eetre aux autres le travail merveilleux que Dieu fait dans les universit\u00e9s autour du monde.&nbsp;&nbsp;<\/li><\/ul>\n<\/div>\n\n<div class=\"wp-block block-core-list\">\n<ul class=\"wp-block-list\"><li><strong>Rendez-vous sur IFES Connect<\/strong> pour laisser un message d\u2019encouragement aux \u00e9tudiants aux quatre coins du monde.&nbsp;<\/li><\/ul>\n<\/div><\/div><\/div>\n<\/div>\n\n<div class=\"wp-block block-acf-ifesbutton\">\n<div class=\"\">\n    <a id=\"btn-block_620e4ad3e658c\" target=\"\" href=\"https:\/\/ifesworld.org\/fr\/journee-mondiale-de-la-generosite-2022\/\" class=\"btn btn--cta-link\">\n        <span>\n                    <span class=\"icon\"><svg class=\"icon\"><use xlink:href=\"#chevron-circle-right-solid\"\/><\/svg><\/span>\n        retour \u00e0 la page de la journ\u00e9e mondiale de la g\u00e9n\u00e9rosit\u00e9        <\/span>\n    <\/a>\n<\/div>\n\n<\/div>","protected":false},"excerpt":{"rendered":"<p>Vous avez d&rsquo;autres questions sur la Journ\u00e9e mondiale de la g\u00e9n\u00e9rosit\u00e9&nbsp;? Voici quelques-unes des questions fr\u00e9quemment pos\u00e9es. Si vous ne trouvez pas votre question ici, contactez-nous \u00e0&nbsp;hello@ifesworld.org.<\/p>\n","protected":false},"author":2,"featured_media":0,"parent":0,"menu_order":0,"comment_status":"closed","ping_status":"closed","template":"","meta":{"_acf_changed":false,"_crdt_document":"","inline_featured_image":false,"footnotes":""},"area":[],"theme":[],"class_list":["post-17957","page","type-page","status-publish","hentry"],"acf":[],"yoast_head":"<!-- This site is optimized with the Yoast SEO plugin v27.2 - https:\/\/yoast.com\/product\/yoast-seo-wordpress\/ -->\n<title>FOIRE AUX QUESTIONS &#183; IFES<\/title>\n<meta name=\"description\" content=\"Vous avez d&#039;autres questions sur la Journ\u00e9e mondiale de la g\u00e9n\u00e9rosit\u00e9&nbsp;? Voici quelques-unes des questions fr\u00e9quemment pos\u00e9es. Si vous ne trouvez pas\" \/>\n<meta name=\"robots\" content=\"index, follow, max-snippet:-1, max-image-preview:large, max-video-preview:-1\" \/>\n<link rel=\"canonical\" href=\"https:\/\/ifesworld.org\/fr\/faq\/\" \/>\n<meta property=\"og:locale\" content=\"fr_FR\" \/>\n<meta property=\"og:type\" content=\"article\" \/>\n<meta property=\"og:title\" content=\"FOIRE AUX QUESTIONS &#183; IFES\" \/>\n<meta property=\"og:description\" content=\"Vous avez d&#039;autres questions sur la Journ\u00e9e mondiale de la g\u00e9n\u00e9rosit\u00e9&nbsp;? Voici quelques-unes des questions fr\u00e9quemment pos\u00e9es. Si vous ne trouvez pas\" \/>\n<meta property=\"og:url\" content=\"https:\/\/ifesworld.org\/fr\/faq\/\" \/>\n<meta property=\"og:site_name\" content=\"IFES\" \/>\n<meta property=\"article:modified_time\" content=\"2022-02-17T13:17:16+00:00\" \/>\n<meta property=\"og:image\" content=\"https:\/\/ifesworld.org\/wp-content\/uploads\/2021\/11\/Ministry-expenditure-FR.png\" \/>\n\t<meta property=\"og:image:width\" content=\"1442\" \/>\n\t<meta property=\"og:image:height\" content=\"650\" \/>\n\t<meta property=\"og:image:type\" content=\"image\/png\" \/>\n<meta name=\"twitter:card\" content=\"summary_large_image\" \/>\n<meta name=\"twitter:label1\" content=\"Dur\u00e9e de lecture estim\u00e9e\" \/>\n\t<meta name=\"twitter:data1\" content=\"4 minutes\" \/>\n<script type=\"application\/ld+json\" class=\"yoast-schema-graph\">{\"@context\":\"https:\/\/schema.org\",\"@graph\":[{\"@type\":\"WebPage\",\"@id\":\"https:\/\/ifesworld.org\/fr\/faq\/\",\"url\":\"https:\/\/ifesworld.org\/fr\/faq\/\",\"name\":\"FOIRE AUX QUESTIONS &#183; IFES\",\"isPartOf\":{\"@id\":\"https:\/\/ifesworld.org\/es\/#website\"},\"primaryImageOfPage\":{\"@id\":\"https:\/\/ifesworld.org\/fr\/faq\/#primaryimage\"},\"image\":{\"@id\":\"https:\/\/ifesworld.org\/fr\/faq\/#primaryimage\"},\"thumbnailUrl\":\"https:\/\/ifesworld.org\/wp-content\/uploads\/2021\/11\/Ministry-expenditure-FR-1024x462.png\",\"datePublished\":\"2022-02-15T09:11:06+00:00\",\"dateModified\":\"2022-02-17T13:17:16+00:00\",\"description\":\"Vous avez d'autres questions sur la Journ\u00e9e mondiale de la g\u00e9n\u00e9rosit\u00e9&nbsp;? Voici quelques-unes des questions fr\u00e9quemment pos\u00e9es. Si vous ne trouvez pas\",\"breadcrumb\":{\"@id\":\"https:\/\/ifesworld.org\/fr\/faq\/#breadcrumb\"},\"inLanguage\":\"fr-FR\",\"potentialAction\":[{\"@type\":\"ReadAction\",\"target\":[\"https:\/\/ifesworld.org\/fr\/faq\/\"]}]},{\"@type\":\"ImageObject\",\"inLanguage\":\"fr-FR\",\"@id\":\"https:\/\/ifesworld.org\/fr\/faq\/#primaryimage\",\"url\":\"https:\/\/ifesworld.org\/wp-content\/uploads\/2021\/11\/Ministry-expenditure-FR-1024x462.png\",\"contentUrl\":\"https:\/\/ifesworld.org\/wp-content\/uploads\/2021\/11\/Ministry-expenditure-FR-1024x462.png\"},{\"@type\":\"BreadcrumbList\",\"@id\":\"https:\/\/ifesworld.org\/fr\/faq\/#breadcrumb\",\"itemListElement\":[{\"@type\":\"ListItem\",\"position\":1,\"name\":\"Home\",\"item\":\"https:\/\/ifesworld.org\/fr\/\"},{\"@type\":\"ListItem\",\"position\":2,\"name\":\"FOIRE AUX QUESTIONS\"}]},{\"@type\":\"WebSite\",\"@id\":\"https:\/\/ifesworld.org\/es\/#website\",\"url\":\"https:\/\/ifesworld.org\/es\/\",\"name\":\"IFES\",\"description\":\"A movement of students sharing and living out the good news of Jesus Christ. Locally. Nationally. Globally.\",\"publisher\":{\"@id\":\"https:\/\/ifesworld.org\/es\/#organization\"},\"potentialAction\":[{\"@type\":\"SearchAction\",\"target\":{\"@type\":\"EntryPoint\",\"urlTemplate\":\"https:\/\/ifesworld.org\/es\/?s={search_term_string}\"},\"query-input\":{\"@type\":\"PropertyValueSpecification\",\"valueRequired\":true,\"valueName\":\"search_term_string\"}}],\"inLanguage\":\"fr-FR\"},{\"@type\":\"Organization\",\"@id\":\"https:\/\/ifesworld.org\/es\/#organization\",\"name\":\"IFES \u00b7 International Fellowship of Evangelical Students\",\"url\":\"https:\/\/ifesworld.org\/es\/\",\"logo\":{\"@type\":\"ImageObject\",\"inLanguage\":\"fr-FR\",\"@id\":\"https:\/\/ifesworld.org\/es\/#\/schema\/logo\/image\/\",\"url\":\"https:\/\/ifesworld.org\/wp-content\/uploads\/2019\/06\/ifeslogo.png\",\"contentUrl\":\"https:\/\/ifesworld.org\/wp-content\/uploads\/2019\/06\/ifeslogo.png\",\"width\":262,\"height\":262,\"caption\":\"IFES \u00b7 International Fellowship of Evangelical Students\"},\"image\":{\"@id\":\"https:\/\/ifesworld.org\/es\/#\/schema\/logo\/image\/\"}}]}<\/script>\n<!-- \/ Yoast SEO plugin. -->","yoast_head_json":{"title":"FOIRE AUX QUESTIONS &#183; IFES","description":"Vous avez d'autres questions sur la Journ\u00e9e mondiale de la g\u00e9n\u00e9rosit\u00e9&nbsp;? Voici quelques-unes des questions fr\u00e9quemment pos\u00e9es. Si vous ne trouvez pas","robots":{"index":"index","follow":"follow","max-snippet":"max-snippet:-1","max-image-preview":"max-image-preview:large","max-video-preview":"max-video-preview:-1"},"canonical":"https:\/\/ifesworld.org\/fr\/faq\/","og_locale":"fr_FR","og_type":"article","og_title":"FOIRE AUX QUESTIONS &#183; IFES","og_description":"Vous avez d'autres questions sur la Journ\u00e9e mondiale de la g\u00e9n\u00e9rosit\u00e9&nbsp;? Voici quelques-unes des questions fr\u00e9quemment pos\u00e9es. Si vous ne trouvez pas","og_url":"https:\/\/ifesworld.org\/fr\/faq\/","og_site_name":"IFES","article_modified_time":"2022-02-17T13:17:16+00:00","og_image":[{"width":1442,"height":650,"url":"https:\/\/ifesworld.org\/wp-content\/uploads\/2021\/11\/Ministry-expenditure-FR.png","type":"image\/png"}],"twitter_card":"summary_large_image","twitter_misc":{"Dur\u00e9e de lecture estim\u00e9e":"4 minutes"},"schema":{"@context":"https:\/\/schema.org","@graph":[{"@type":"WebPage","@id":"https:\/\/ifesworld.org\/fr\/faq\/","url":"https:\/\/ifesworld.org\/fr\/faq\/","name":"FOIRE AUX QUESTIONS &#183; IFES","isPartOf":{"@id":"https:\/\/ifesworld.org\/es\/#website"},"primaryImageOfPage":{"@id":"https:\/\/ifesworld.org\/fr\/faq\/#primaryimage"},"image":{"@id":"https:\/\/ifesworld.org\/fr\/faq\/#primaryimage"},"thumbnailUrl":"https:\/\/ifesworld.org\/wp-content\/uploads\/2021\/11\/Ministry-expenditure-FR-1024x462.png","datePublished":"2022-02-15T09:11:06+00:00","dateModified":"2022-02-17T13:17:16+00:00","description":"Vous avez d'autres questions sur la Journ\u00e9e mondiale de la g\u00e9n\u00e9rosit\u00e9&nbsp;? Voici quelques-unes des questions fr\u00e9quemment pos\u00e9es. Si vous ne trouvez pas","breadcrumb":{"@id":"https:\/\/ifesworld.org\/fr\/faq\/#breadcrumb"},"inLanguage":"fr-FR","potentialAction":[{"@type":"ReadAction","target":["https:\/\/ifesworld.org\/fr\/faq\/"]}]},{"@type":"ImageObject","inLanguage":"fr-FR","@id":"https:\/\/ifesworld.org\/fr\/faq\/#primaryimage","url":"https:\/\/ifesworld.org\/wp-content\/uploads\/2021\/11\/Ministry-expenditure-FR-1024x462.png","contentUrl":"https:\/\/ifesworld.org\/wp-content\/uploads\/2021\/11\/Ministry-expenditure-FR-1024x462.png"},{"@type":"BreadcrumbList","@id":"https:\/\/ifesworld.org\/fr\/faq\/#breadcrumb","itemListElement":[{"@type":"ListItem","position":1,"name":"Home","item":"https:\/\/ifesworld.org\/fr\/"},{"@type":"ListItem","position":2,"name":"FOIRE AUX QUESTIONS"}]},{"@type":"WebSite","@id":"https:\/\/ifesworld.org\/es\/#website","url":"https:\/\/ifesworld.org\/es\/","name":"IFES","description":"A movement of students sharing and living out the good news of Jesus Christ. Locally. Nationally. Globally.","publisher":{"@id":"https:\/\/ifesworld.org\/es\/#organization"},"potentialAction":[{"@type":"SearchAction","target":{"@type":"EntryPoint","urlTemplate":"https:\/\/ifesworld.org\/es\/?s={search_term_string}"},"query-input":{"@type":"PropertyValueSpecification","valueRequired":true,"valueName":"search_term_string"}}],"inLanguage":"fr-FR"},{"@type":"Organization","@id":"https:\/\/ifesworld.org\/es\/#organization","name":"IFES \u00b7 International Fellowship of Evangelical Students","url":"https:\/\/ifesworld.org\/es\/","logo":{"@type":"ImageObject","inLanguage":"fr-FR","@id":"https:\/\/ifesworld.org\/es\/#\/schema\/logo\/image\/","url":"https:\/\/ifesworld.org\/wp-content\/uploads\/2019\/06\/ifeslogo.png","contentUrl":"https:\/\/ifesworld.org\/wp-content\/uploads\/2019\/06\/ifeslogo.png","width":262,"height":262,"caption":"IFES \u00b7 International Fellowship of Evangelical Students"},"image":{"@id":"https:\/\/ifesworld.org\/es\/#\/schema\/logo\/image\/"}}]}},"_links":{"self":[{"href":"https:\/\/ifesworld.org\/fr\/wp-json\/wp\/v2\/pages\/17957","targetHints":{"allow":["GET"]}}],"collection":[{"href":"https:\/\/ifesworld.org\/fr\/wp-json\/wp\/v2\/pages"}],"about":[{"href":"https:\/\/ifesworld.org\/fr\/wp-json\/wp\/v2\/types\/page"}],"author":[{"embeddable":true,"href":"https:\/\/ifesworld.org\/fr\/wp-json\/wp\/v2\/users\/2"}],"replies":[{"embeddable":true,"href":"https:\/\/ifesworld.org\/fr\/wp-json\/wp\/v2\/comments?post=17957"}],"version-history":[{"count":0,"href":"https:\/\/ifesworld.org\/fr\/wp-json\/wp\/v2\/pages\/17957\/revisions"}],"wp:attachment":[{"href":"https:\/\/ifesworld.org\/fr\/wp-json\/wp\/v2\/media?parent=17957"}],"wp:term":[{"taxonomy":"area","embeddable":true,"href":"https:\/\/ifesworld.org\/fr\/wp-json\/wp\/v2\/area?post=17957"},{"taxonomy":"theme","embeddable":true,"href":"https:\/\/ifesworld.org\/fr\/wp-json\/wp\/v2\/theme?post=17957"}],"curies":[{"name":"wp","href":"https:\/\/api.w.org\/{rel}","templated":true}]}}