{"id":9404,"date":"2019-10-14T16:13:16","date_gmt":"2019-10-14T16:13:16","guid":{"rendered":"https:\/\/ifesworld.org\/?post_type=conexion&#038;p=9404"},"modified":"2019-11-18T11:07:09","modified_gmt":"2019-11-18T11:07:09","slug":"des-artisans-de-paix-au-milieu-des-manifestations","status":"publish","type":"conexion","link":"https:\/\/ifesworld.org\/fr\/blog\/des-artisans-de-paix-au-milieu-des-manifestations\/","title":{"rendered":"Des artisans de paix au milieu des manifestations"},"content":{"rendered":"<div class=\"wp-block block-core-paragraph\">\n<p class=\"has-md-font-size wp-block-paragraph\">Des masques couvrant leurs visages cachaient\nleur identit\u00e9. Mais il \u00e9tait facile de voir qu\u2019ils \u00e9taient jeunes. Des\n\u00e9tudiants universitaires, \u00e2g\u00e9s de 18,19 ou 20 ans. Des grenades lacrymog\u00e8nes et\ndes cocktails Molotov volaient au-dessus de leurs t\u00eates tandis qu\u2019ils chantaient\nen vue de r\u00e9clamer la libert\u00e9 pour leur peuple, parmi des centaines de milliers\nd\u2019autres protestataires dans les rues de Hong Kong en juin.<\/p>\n<\/div>\n\n<div class=\"wp-block block-core-paragraph\">\n<p class=\"wp-block-paragraph\">Les gens ont manifest\u00e9 au d\u00e9part contre une\nmesure l\u00e9gislative propos\u00e9e visant \u00e0 extrader des citoyens de Hong Kong vers la\nChine continentale. Ils \u00e9taient pr\u00e9occup\u00e9s du fait que des criminels reconnus\ncoupables risquaient de ne pas \u00eatre trait\u00e9s \u00e9quitablement sous le r\u00e9gime\njudiciaire chinois et ils sont descendus dans la rue pour exprimer publiquement\nleur r\u00e9sistance.<\/p>\n<\/div>\n\n<div class=\"wp-block block-core-paragraph\">\n<p class=\"wp-block-paragraph\">Il n\u2019a pas fallu beaucoup de temps avant que les manifestations pacifiques tournent \u00e0 la violence et la responsabilit\u00e9 du corps policier a \u00e9t\u00e9 la cause de nouvelles manifestations. Ces quelques jours de manifestations et de gr\u00e8ves se sont finalement transform\u00e9s en semaines et en mois de contestations.<\/p>\n<\/div>\n\n<div class=\"wp-block block-core-paragraph\">\n<p class=\"wp-block-paragraph\">Harrris, un \u00e9tudiant du FES Hong Kong, nous en\ndit davantage :<\/p>\n<\/div>\n\n<div class=\"wp-block block-core-paragraph\">\n<p class=\"has-text-color has-accent-color wp-block-paragraph\">\u00ab&nbsp;Les principaux initiateurs de ce mouvement ont \u00e9t\u00e9 les jeunes. On voit des \u00e9tudiants de lyc\u00e9e et d\u2019universit\u00e9 sur les lignes de front, se tenant debout entre la police et les manifestants. Manifester est devenu une activit\u00e9 courante de leur semaine. Plusieurs d\u2019entre eux se sentent d\u00e9sesp\u00e9r\u00e9s et fatalistes. Une \u00e9tudiante s\u2019est m\u00eame enlev\u00e9 la vie. Elle a laiss\u00e9 des slogans pr\u00e8s de l\u2019endroit o\u00f9 elle s&rsquo;est suicid\u00e9e, comme un appel final lanc\u00e9 aux autorit\u00e9s. Nous sommes troubl\u00e9s de voir l&rsquo;escalade incessante des conflits dans une ville que nous consid\u00e9rions auparavant comme un lieu stable o\u00f9 il faisait bon habiter.&nbsp;\u00bb<\/p>\n<\/div>\n\n<div class=\"wp-block block-core-heading\">\n<h2 class=\"wp-block-heading\">Des canaux de paix au milieu du chaos<\/h2>\n<\/div>\n\n<div class=\"wp-block block-core-paragraph\">\n<p class=\"wp-block-paragraph\">Eliza, \u00e9tudiante du FES, partage la r\u00e9flexion\nsuivante : <\/p>\n<\/div>\n\n<div class=\"wp-block block-core-paragraph\">\n<p class=\"has-text-color has-accent-color wp-block-paragraph\">\u00ab&nbsp;En tant qu\u2019\u00e9tudiants du FES, nous\nvoulons \u00eatre de fid\u00e8les t\u00e9moins de J\u00e9sus en ces temps difficiles. Sur le\ncampus, il y a de fortes chances qu\u2019il y ait des tensions entre les \u00e9tudiants\nde Hong Kong, les \u00e9tudiants de la Chine continentale et les \u00e9tudiants dont les\nparents servent au sein de la force polici\u00e8re. Nous d\u00e9sirons \u00eatre des canaux de\nl\u2019amour et de la paix de Dieu, en acceptant d\u2019\u00eatre, en quelque sorte, des\nm\u00e9diateurs entre ces diff\u00e9rents groupes sur le campus. Nous voulons parler de\nJ\u00e9sus \u00e0 nos amis en mettant l\u2019accent sur la libert\u00e9 qu\u2019il nous donne. Nous\nvoulons partager une esp\u00e9rance qui ne saurait se perdre.&nbsp;\u00bb<\/p>\n<\/div>\n\n<div class=\"wp-block block-core-paragraph\">\n<p class=\"has-text-color has-accent-color wp-block-paragraph\">\u00ab&nbsp;Au milieu de la noirceur et du chaos,\nnous croyons que le Seigneur est toujours l\u00e0 et qu\u2019il r\u00e8gne. En tant\nqu\u2019\u00e9tudiants, nous avons besoin qu\u2019il nous inspire les bonnes actions \u00e0 poser\ndans les circonstances. Les \u00e9tudiants comptent parmi les principaux\nparticipants dans les protestations et les gr\u00e8ves, mais nous avons \u00e9galement\ndes cours auxquels assister et des dipl\u00f4mes \u00e0 obtenir. Que veut dire pour nous\nle fait d\u2019\u00eatre des artisans de paix dans de telles circonstances ? \u00bb<\/p>\n<\/div>\n\n\n<figure class=\"wp-block-image alignwide size-full\"><img loading=\"lazy\" decoding=\"async\" width=\"1200\" height=\"543\" src=\"https:\/\/ifesworld.org\/wp-content\/uploads\/2019\/10\/191014-HK_peacemakers.jpg\" alt=\"\" class=\"wp-image-9398\" srcset=\"https:\/\/ifesworld.org\/wp-content\/uploads\/2019\/10\/191014-HK_peacemakers.jpg 1200w, https:\/\/ifesworld.org\/wp-content\/uploads\/2019\/10\/191014-HK_peacemakers-300x136.jpg 300w, https:\/\/ifesworld.org\/wp-content\/uploads\/2019\/10\/191014-HK_peacemakers-768x348.jpg 768w, https:\/\/ifesworld.org\/wp-content\/uploads\/2019\/10\/191014-HK_peacemakers-1024x463.jpg 1024w\" sizes=\"auto, (max-width: 1200px) 100vw, 1200px\" \/><figcaption class=\"acknowledgement caption\"><i class=\"caption__icon icon-container icon-container--md\">  <svg class=\"icon camera\"><use xlink:href=\"#camera-solid\"><\/use><\/svg><\/i><span class=\"caption__text\"><\/i>Gigi, FES Hong Kong Student<\/span><\/figcaption><\/figure>\n\n\n<div class=\"wp-block block-core-heading\">\n<h2 class=\"wp-block-heading\">Protestataires ou artisans de paix ?<\/h2>\n<\/div>\n\n<div class=\"wp-block block-core-paragraph\">\n<p class=\"wp-block-paragraph\">Gigi, \u00e9tudiante en Droit, est l&rsquo;exemple-type\nd\u2019une jeune adulte engag\u00e9e dans la soci\u00e9t\u00e9 qui l&rsquo;entoure ; elle d\u00e9sire y\nintervenir selon une vision du monde biblique. Voici ce qu\u2019elle nous raconte :<\/p>\n<\/div>\n\n<div class=\"wp-block block-core-paragraph\">\n<p class=\"has-text-color has-accent-color wp-block-paragraph\">\u00ab&nbsp;Comment devrions-nous r\u00e9agir et\nr\u00e9pondre en tant que chr\u00e9tiens ?&nbsp;\u00bb Au moyen de l\u2019art, je d\u00e9sirais amener\nles gens \u00e0 r\u00e9fl\u00e9chir \u00e0 ce que cela signifie d\u2019\u00eatre des artisans de paix.\nCertains critiquent les protestataires \u00e0 cause des soul\u00e8vements et des \u00e9meutes\nqui enfreignent la loi. Mais ces manifestants ne devraient-ils pas \u00eatre\nconsid\u00e9r\u00e9s comme des gens qui ont faim et soif de justice ? Plusieurs\nd\u2019entre-eux courent dans tous les sens pour d\u00e9samorcer les bombes lacrymog\u00e8nes.\nD\u2019autres \u2013 souvent des chr\u00e9tiens et des pasteurs \u2013 forment un bouclier devant\nles manifestants pour les prot\u00e9ger de la police, \u00e9rigeant un mur entre les deux\nparties. Ils se mettent eux-m\u00eames en danger pour assurer la protection des\nautres. Leurs actions ne font-elles pas d\u2019eux aussi des artisans de paix au\nlieu de fauteurs de troubles ?<\/p>\n<\/div>\n\n<div class=\"wp-block block-core-paragraph\">\n<p class=\"has-text-color has-accent-color wp-block-paragraph\">\u00ab&nbsp;Pour nous, en tant qu\u2019humains avec\nd\u2019\u00e9normes limitations, il y a toujours des tensions lorsque nous nous demandons\nsi de telles actions pos\u00e9es sont justifiables. Parfois, la r\u00e9ponse ne se trouve\npas facilement. Je voulais montrer ces tensions dans mon travail artistique. Je\nvoulais remettre en question les croyances partag\u00e9es par les chr\u00e9tiens et\ninviter les gens \u00e0 revoir leurs d\u00e9finitions. Je voulais aider les gens \u00e0\ncomprendre l\u2019importance de s\u2019humilier soi-m\u00eame avant de poser un jugement sur\nautrui.&nbsp;\u00bb<\/p>\n<\/div>\n\n<div class=\"wp-block block-core-paragraph\">\n<p class=\"wp-block-paragraph\">Tandis que les gr\u00e8ves et les manifestations se\npoursuivent, priez que Gigi et les autres \u00e9tudiants de FES Hong Kong sachent\ncomment r\u00e9agir dans la situation pr\u00e9sente et se fassent des artisans de paix.<\/p>\n<\/div>\n\n<div class=\"wp-block block-core-paragraph\">\n<p class=\"wp-block-paragraph\">Priez que les \u00e9tudiants de l\u2019IFES \u00e0 travers le\nmonde comptent parmi ceux qui se pr\u00e9occupent de leur avenir et qu\u2019ils\ns\u2019engagent au sein de leurs soci\u00e9t\u00e9s r\u00e9ciproques en faisant preuve de sagesse,\nde pi\u00e9t\u00e9 et de courage.<\/p>\n<\/div>\n\n<div class=\"wp-block block-core-quote is-style-large\">\n<blockquote class=\"wp-block-quote is-style-large is-layout-flow wp-block-quote-is-layout-flow\"><p>Heureux ceux qui r\u00e9pandent autour d\u2019eux la paix,<br>car Dieu les reconna\u00eetra pour ses fils.  Matthieu 5:9, BDS<\/p><\/blockquote>\n<\/div>\n\n<div class=\"wp-block block-core-block\"><div class=\"wp-block block-core-block\"><div class=\"wp-block block-core-cover\">\n<div class=\"wp-block-cover has-background-dim-70 has-primary-background-color has-background-dim\" style=\"background-image:url(https:\/\/ifesworld.org\/wp-content\/uploads\/2019\/11\/19EAWeek-Lead-2.jpg)\"><div class=\"wp-block-cover__inner-container is-layout-flow wp-block-cover-is-layout-flow\">\n<div class=\"wp-block-image\"><figure class=\"aligncenter size-large is-resized\"><img loading=\"lazy\" decoding=\"async\" src=\"https:\/\/ifesworld.org\/wp-content\/uploads\/2019\/04\/IFES-East-Asia-200.png\" alt=\"IFES East Asia\" class=\"wp-image-1853\" width=\"100\" height=\"100\" srcset=\"https:\/\/ifesworld.org\/wp-content\/uploads\/2019\/04\/IFES-East-Asia-200.png 200w, https:\/\/ifesworld.org\/wp-content\/uploads\/2019\/04\/IFES-East-Asia-200-150x150.png 150w, https:\/\/ifesworld.org\/wp-content\/uploads\/2019\/04\/IFES-East-Asia-200-70x70.png 70w\" sizes=\"auto, (max-width: 100px) 100vw, 100px\" \/><\/figure><\/div>\n\n\n<div class=\"wp-block block-core-heading aligncenter\">\n<h1 class=\"has-white-color has-text-color has-text-align-center wp-block-heading\"> Semaine sp\u00e9ciale Asie de l&rsquo;Est 2019<\/h1>\n<\/div>\n\n<div class=\"wp-block block-core-paragraph\">\n<p class=\"wp-block-paragraph\">Dans notre r\u00e9gion la plus vaste, J\u00e9sus fait des choses incroyables dans la vie des \u00e9tudiants. Apprenez des \u00e9tudiants et d\u00e9couvrez comment Dieu&nbsp;am\u00e8ne&nbsp;beaucoup d&rsquo;entre eux \u00e0 le conna\u00eetre dans un contexte difficile.&nbsp; <\/p>\n<\/div>\n\n<div class=\"wp-block block-acf-ifesbutton aligncenter\">\n<div class=\"aligncenter\">\n    <a id=\"btn-block_5dc54efad4a63\" target=\"\" href=\"https:\/\/ifesworld.org\/fr\/eastasia2019\" class=\"btn btn--east-asia\">\n        <span>\n        D\u00e9couvrez l&rsquo;Asie de l&rsquo;Est         <\/span>\n    <\/a>\n<\/div>\n\n<\/div><\/div><\/div>\n<\/div><\/div><\/div>\n\n<div class=\"wp-block block-core-paragraph\">\n<p class=\"wp-block-paragraph\"><\/p>\n<\/div>","protected":false},"featured_media":9399,"template":"","area":[455,495],"theme":[1224],"class_list":["post-9404","conexion","type-conexion","status-publish","has-post-thumbnail","hentry","area-east-asia","area-hong-kong","theme-interagir-avec-luniversite"],"acf":[],"yoast_head":"<!-- This site is optimized with the Yoast SEO plugin v27.2 - https:\/\/yoast.com\/product\/yoast-seo-wordpress\/ -->\n<title>Des artisans de paix au milieu des manifestations &#183; IFES Conexi\u00f3n Blog<\/title>\n<meta name=\"description\" content=\"Des masques couvrant leurs visages cachaient leur identit\u00e9. Mais il \u00e9tait facile de voir qu\u2019ils \u00e9taient jeunes. Des \u00e9tudiants universitaires, \u00e2g\u00e9s de\" \/>\n<meta name=\"robots\" content=\"index, follow, max-snippet:-1, max-image-preview:large, max-video-preview:-1\" \/>\n<link rel=\"canonical\" href=\"https:\/\/ifesworld.org\/en\/blog\/peacemaking-in-hong-kong\/\" \/>\n<meta property=\"og:locale\" content=\"fr_FR\" \/>\n<meta property=\"og:type\" content=\"article\" \/>\n<meta property=\"og:title\" content=\"Des artisans de paix au milieu des manifestations &#183; IFES Conexi\u00f3n Blog\" \/>\n<meta property=\"og:description\" content=\"Des masques couvrant leurs visages cachaient leur identit\u00e9. Mais il \u00e9tait facile de voir qu\u2019ils \u00e9taient jeunes. Des \u00e9tudiants universitaires, \u00e2g\u00e9s de\" \/>\n<meta property=\"og:url\" content=\"https:\/\/ifesworld.org\/en\/blog\/peacemaking-in-hong-kong\/\" \/>\n<meta property=\"og:site_name\" content=\"IFES\" \/>\n<meta property=\"article:modified_time\" content=\"2019-11-18T11:07:09+00:00\" \/>\n<meta property=\"og:image\" content=\"https:\/\/ifesworld.org\/wp-content\/uploads\/2019\/10\/191004-Hong-Kong-marco-cheng-u6alcWKWTOY-unsplash.jpg\" \/>\n\t<meta property=\"og:image:width\" content=\"1200\" \/>\n\t<meta property=\"og:image:height\" content=\"675\" \/>\n\t<meta property=\"og:image:type\" content=\"image\/jpeg\" \/>\n<meta name=\"twitter:card\" content=\"summary_large_image\" \/>\n<meta name=\"twitter:label1\" content=\"Dur\u00e9e de lecture estim\u00e9e\" \/>\n\t<meta name=\"twitter:data1\" content=\"5 minutes\" \/>\n<script type=\"application\/ld+json\" class=\"yoast-schema-graph\">{\"@context\":\"https:\/\/schema.org\",\"@graph\":[{\"@type\":\"WebPage\",\"@id\":\"https:\/\/ifesworld.org\/en\/blog\/peacemaking-in-hong-kong\/\",\"url\":\"https:\/\/ifesworld.org\/en\/blog\/peacemaking-in-hong-kong\/\",\"name\":\"Des artisans de paix au milieu des manifestations &#183; IFES Conexi\u00f3n Blog\",\"isPartOf\":{\"@id\":\"https:\/\/ifesworld.org\/es\/#website\"},\"primaryImageOfPage\":{\"@id\":\"https:\/\/ifesworld.org\/en\/blog\/peacemaking-in-hong-kong\/#primaryimage\"},\"image\":{\"@id\":\"https:\/\/ifesworld.org\/en\/blog\/peacemaking-in-hong-kong\/#primaryimage\"},\"thumbnailUrl\":\"https:\/\/ifesworld.org\/wp-content\/uploads\/2019\/10\/191004-Hong-Kong-marco-cheng-u6alcWKWTOY-unsplash.jpg\",\"datePublished\":\"2019-10-14T16:13:16+00:00\",\"dateModified\":\"2019-11-18T11:07:09+00:00\",\"description\":\"Des masques couvrant leurs visages cachaient leur identit\u00e9. Mais il \u00e9tait facile de voir qu\u2019ils \u00e9taient jeunes. Des \u00e9tudiants universitaires, \u00e2g\u00e9s de\",\"breadcrumb\":{\"@id\":\"https:\/\/ifesworld.org\/en\/blog\/peacemaking-in-hong-kong\/#breadcrumb\"},\"inLanguage\":\"fr-FR\",\"potentialAction\":[{\"@type\":\"ReadAction\",\"target\":[\"https:\/\/ifesworld.org\/en\/blog\/peacemaking-in-hong-kong\/\"]}]},{\"@type\":\"ImageObject\",\"inLanguage\":\"fr-FR\",\"@id\":\"https:\/\/ifesworld.org\/en\/blog\/peacemaking-in-hong-kong\/#primaryimage\",\"url\":\"https:\/\/ifesworld.org\/wp-content\/uploads\/2019\/10\/191004-Hong-Kong-marco-cheng-u6alcWKWTOY-unsplash.jpg\",\"contentUrl\":\"https:\/\/ifesworld.org\/wp-content\/uploads\/2019\/10\/191004-Hong-Kong-marco-cheng-u6alcWKWTOY-unsplash.jpg\",\"width\":1200,\"height\":675},{\"@type\":\"BreadcrumbList\",\"@id\":\"https:\/\/ifesworld.org\/en\/blog\/peacemaking-in-hong-kong\/#breadcrumb\",\"itemListElement\":[{\"@type\":\"ListItem\",\"position\":1,\"name\":\"Home\",\"item\":\"https:\/\/ifesworld.org\/fr\/\"},{\"@type\":\"ListItem\",\"position\":2,\"name\":\"Conexi\u00f3n\",\"item\":\"https:\/\/ifesworld.org\/es\/blog\/\"},{\"@type\":\"ListItem\",\"position\":3,\"name\":\"Des artisans de paix au milieu des manifestations\"}]},{\"@type\":\"WebSite\",\"@id\":\"https:\/\/ifesworld.org\/es\/#website\",\"url\":\"https:\/\/ifesworld.org\/es\/\",\"name\":\"IFES\",\"description\":\"A movement of students sharing and living out the good news of Jesus Christ. Locally. Nationally. Globally.\",\"publisher\":{\"@id\":\"https:\/\/ifesworld.org\/es\/#organization\"},\"potentialAction\":[{\"@type\":\"SearchAction\",\"target\":{\"@type\":\"EntryPoint\",\"urlTemplate\":\"https:\/\/ifesworld.org\/es\/?s={search_term_string}\"},\"query-input\":{\"@type\":\"PropertyValueSpecification\",\"valueRequired\":true,\"valueName\":\"search_term_string\"}}],\"inLanguage\":\"fr-FR\"},{\"@type\":\"Organization\",\"@id\":\"https:\/\/ifesworld.org\/es\/#organization\",\"name\":\"IFES \u00b7 International Fellowship of Evangelical Students\",\"url\":\"https:\/\/ifesworld.org\/es\/\",\"logo\":{\"@type\":\"ImageObject\",\"inLanguage\":\"fr-FR\",\"@id\":\"https:\/\/ifesworld.org\/es\/#\/schema\/logo\/image\/\",\"url\":\"https:\/\/ifesworld.org\/wp-content\/uploads\/2019\/06\/ifeslogo.png\",\"contentUrl\":\"https:\/\/ifesworld.org\/wp-content\/uploads\/2019\/06\/ifeslogo.png\",\"width\":262,\"height\":262,\"caption\":\"IFES \u00b7 International Fellowship of Evangelical Students\"},\"image\":{\"@id\":\"https:\/\/ifesworld.org\/es\/#\/schema\/logo\/image\/\"}}]}<\/script>\n<!-- \/ Yoast SEO plugin. -->","yoast_head_json":{"title":"Des artisans de paix au milieu des manifestations &#183; IFES Conexi\u00f3n Blog","description":"Des masques couvrant leurs visages cachaient leur identit\u00e9. Mais il \u00e9tait facile de voir qu\u2019ils \u00e9taient jeunes. Des \u00e9tudiants universitaires, \u00e2g\u00e9s de","robots":{"index":"index","follow":"follow","max-snippet":"max-snippet:-1","max-image-preview":"max-image-preview:large","max-video-preview":"max-video-preview:-1"},"canonical":"https:\/\/ifesworld.org\/en\/blog\/peacemaking-in-hong-kong\/","og_locale":"fr_FR","og_type":"article","og_title":"Des artisans de paix au milieu des manifestations &#183; IFES Conexi\u00f3n Blog","og_description":"Des masques couvrant leurs visages cachaient leur identit\u00e9. Mais il \u00e9tait facile de voir qu\u2019ils \u00e9taient jeunes. Des \u00e9tudiants universitaires, \u00e2g\u00e9s de","og_url":"https:\/\/ifesworld.org\/en\/blog\/peacemaking-in-hong-kong\/","og_site_name":"IFES","article_modified_time":"2019-11-18T11:07:09+00:00","og_image":[{"width":1200,"height":675,"url":"https:\/\/ifesworld.org\/wp-content\/uploads\/2019\/10\/191004-Hong-Kong-marco-cheng-u6alcWKWTOY-unsplash.jpg","type":"image\/jpeg"}],"twitter_card":"summary_large_image","twitter_misc":{"Dur\u00e9e de lecture estim\u00e9e":"5 minutes"},"schema":{"@context":"https:\/\/schema.org","@graph":[{"@type":"WebPage","@id":"https:\/\/ifesworld.org\/en\/blog\/peacemaking-in-hong-kong\/","url":"https:\/\/ifesworld.org\/en\/blog\/peacemaking-in-hong-kong\/","name":"Des artisans de paix au milieu des manifestations &#183; IFES Conexi\u00f3n Blog","isPartOf":{"@id":"https:\/\/ifesworld.org\/es\/#website"},"primaryImageOfPage":{"@id":"https:\/\/ifesworld.org\/en\/blog\/peacemaking-in-hong-kong\/#primaryimage"},"image":{"@id":"https:\/\/ifesworld.org\/en\/blog\/peacemaking-in-hong-kong\/#primaryimage"},"thumbnailUrl":"https:\/\/ifesworld.org\/wp-content\/uploads\/2019\/10\/191004-Hong-Kong-marco-cheng-u6alcWKWTOY-unsplash.jpg","datePublished":"2019-10-14T16:13:16+00:00","dateModified":"2019-11-18T11:07:09+00:00","description":"Des masques couvrant leurs visages cachaient leur identit\u00e9. Mais il \u00e9tait facile de voir qu\u2019ils \u00e9taient jeunes. Des \u00e9tudiants universitaires, \u00e2g\u00e9s de","breadcrumb":{"@id":"https:\/\/ifesworld.org\/en\/blog\/peacemaking-in-hong-kong\/#breadcrumb"},"inLanguage":"fr-FR","potentialAction":[{"@type":"ReadAction","target":["https:\/\/ifesworld.org\/en\/blog\/peacemaking-in-hong-kong\/"]}]},{"@type":"ImageObject","inLanguage":"fr-FR","@id":"https:\/\/ifesworld.org\/en\/blog\/peacemaking-in-hong-kong\/#primaryimage","url":"https:\/\/ifesworld.org\/wp-content\/uploads\/2019\/10\/191004-Hong-Kong-marco-cheng-u6alcWKWTOY-unsplash.jpg","contentUrl":"https:\/\/ifesworld.org\/wp-content\/uploads\/2019\/10\/191004-Hong-Kong-marco-cheng-u6alcWKWTOY-unsplash.jpg","width":1200,"height":675},{"@type":"BreadcrumbList","@id":"https:\/\/ifesworld.org\/en\/blog\/peacemaking-in-hong-kong\/#breadcrumb","itemListElement":[{"@type":"ListItem","position":1,"name":"Home","item":"https:\/\/ifesworld.org\/fr\/"},{"@type":"ListItem","position":2,"name":"Conexi\u00f3n","item":"https:\/\/ifesworld.org\/es\/blog\/"},{"@type":"ListItem","position":3,"name":"Des artisans de paix au milieu des manifestations"}]},{"@type":"WebSite","@id":"https:\/\/ifesworld.org\/es\/#website","url":"https:\/\/ifesworld.org\/es\/","name":"IFES","description":"A movement of students sharing and living out the good news of Jesus Christ. Locally. Nationally. Globally.","publisher":{"@id":"https:\/\/ifesworld.org\/es\/#organization"},"potentialAction":[{"@type":"SearchAction","target":{"@type":"EntryPoint","urlTemplate":"https:\/\/ifesworld.org\/es\/?s={search_term_string}"},"query-input":{"@type":"PropertyValueSpecification","valueRequired":true,"valueName":"search_term_string"}}],"inLanguage":"fr-FR"},{"@type":"Organization","@id":"https:\/\/ifesworld.org\/es\/#organization","name":"IFES \u00b7 International Fellowship of Evangelical Students","url":"https:\/\/ifesworld.org\/es\/","logo":{"@type":"ImageObject","inLanguage":"fr-FR","@id":"https:\/\/ifesworld.org\/es\/#\/schema\/logo\/image\/","url":"https:\/\/ifesworld.org\/wp-content\/uploads\/2019\/06\/ifeslogo.png","contentUrl":"https:\/\/ifesworld.org\/wp-content\/uploads\/2019\/06\/ifeslogo.png","width":262,"height":262,"caption":"IFES \u00b7 International Fellowship of Evangelical Students"},"image":{"@id":"https:\/\/ifesworld.org\/es\/#\/schema\/logo\/image\/"}}]}},"_links":{"self":[{"href":"https:\/\/ifesworld.org\/fr\/wp-json\/wp\/v2\/conexion\/9404","targetHints":{"allow":["GET"]}}],"collection":[{"href":"https:\/\/ifesworld.org\/fr\/wp-json\/wp\/v2\/conexion"}],"about":[{"href":"https:\/\/ifesworld.org\/fr\/wp-json\/wp\/v2\/types\/conexion"}],"wp:featuredmedia":[{"embeddable":true,"href":"https:\/\/ifesworld.org\/fr\/wp-json\/wp\/v2\/media\/9399"}],"wp:attachment":[{"href":"https:\/\/ifesworld.org\/fr\/wp-json\/wp\/v2\/media?parent=9404"}],"wp:term":[{"taxonomy":"area","embeddable":true,"href":"https:\/\/ifesworld.org\/fr\/wp-json\/wp\/v2\/area?post=9404"},{"taxonomy":"theme","embeddable":true,"href":"https:\/\/ifesworld.org\/fr\/wp-json\/wp\/v2\/theme?post=9404"}],"curies":[{"name":"wp","href":"https:\/\/api.w.org\/{rel}","templated":true}]}}