{"id":33481,"date":"2024-02-01T04:39:00","date_gmt":"2024-02-01T04:39:00","guid":{"rendered":"https:\/\/ifesworld.org\/?post_type=conexion&#038;p=33481"},"modified":"2024-02-01T16:04:52","modified_gmt":"2024-02-01T16:04:52","slug":"fidele-en-tous-lieux","status":"publish","type":"conexion","link":"https:\/\/ifesworld.org\/fr\/blog\/fidele-en-tous-lieux\/","title":{"rendered":"Fid\u00e8le en tous lieux\u00a0"},"content":{"rendered":"<div class=\"wp-block block-core-paragraph\">\n<p class=\"wp-block-paragraph\">Qu\u2019est-ce qu\u2019une humble ferme au Chili, un instrument \u00e0 deux cordes en Malaisie et un post-it sur un casier en Norv\u00e8ge ont en commun\u202f?&nbsp;<\/p>\n<\/div>\n\n<div class=\"wp-block block-core-paragraph\">\n<p class=\"wp-block-paragraph\">Ils repr\u00e9sentent des projets dans lesquels du personnel et des mouvements de l\u2019IFES se sont impliqu\u00e9s. Ils illustrent \u00e9galement une conviction au c\u0153ur de l\u2019IFES\u202f: notre minist\u00e8re devrait toucher l\u2019ensemble de la soci\u00e9t\u00e9 pour la gloire du Christ, les valeurs du royaume devraient fa\u00e7onner nos cultures et changer le monde.&nbsp;<\/p>\n<\/div>\n\n<div class=\"wp-block block-core-paragraph\">\n<p class=\"wp-block-paragraph\">Ce mois-ci, le blog Conexi\u00f3n vous apporte des t\u00e9moignages de l\u2019impact restaurateur du royaume de Dieu. Chaque projet est unique, mais tous incarnent la vision de l\u2019IFES pour <a href=\"https:\/\/ifesworld.org\/fr\/universite\/?switch_language=fr\" target=\"_blank\" rel=\"noreferrer noopener\">Interagir avec l\u2019universit\u00e9<\/a>, l\u2019un de nos minist\u00e8res des ressources mondiales. Ils expriment la conviction selon laquelle l\u2019\u00c9vangile a quelque chose d\u2019essentiel \u00e0 dire dans toutes les disciplines, qu\u2019il s\u2019agisse de la politique, de l\u2019\u00e9conomie et de la science ou de l\u2019\u00e9thique, de l\u2019\u00e9ducation et des arts.&nbsp;<\/p>\n<\/div>\n\n<div class=\"wp-block block-core-paragraph\">\n<p class=\"wp-block-paragraph\">Voici des disciples de J\u00e9sus engag\u00e9s de mani\u00e8re authentique dans tous les aspects de la vie, qui transforment la cr\u00e9ation, la culture et la soci\u00e9t\u00e9 par la bonne nouvelle.&nbsp;<\/p>\n<\/div>\n\n<div class=\"wp-block block-core-heading\">\n<h2 class=\"wp-block-heading\">RESTAURER LA CR\u00c9ATION<\/h2>\n<\/div>\n\n<div class=\"wp-block block-core-paragraph\">\n<p class=\"wp-block-paragraph\">Tandis que Cristina Jakob parlait \u00e0 Alejandra Venegas, \u00e9quipi\u00e8re du mouvement national de l\u2019IFES au Chili (<a href=\"https:\/\/gbuch.cl\/\" target=\"_blank\" rel=\"noreferrer noopener\">GBUCh<\/a>), elle savait qu\u2019elle avait rencontr\u00e9 quelqu\u2019un sur la m\u00eame longueur d\u2019onde\u202f: une personne passionn\u00e9e par la nature, une personne investie en vue d\u2019aider les autres \u00e0 s\u2019engager dans le soin de la cr\u00e9ation.&nbsp;<\/p>\n<\/div>\n\n<div class=\"wp-block block-core-paragraph\">\n<p class=\"wp-block-paragraph\">Cristina avait pri\u00e9 par rapport \u00e0 la fa\u00e7on dont Dieu pourrait utiliser son arri\u00e8re-plan agricole, son dipl\u00f4me en \u00e9cotourisme et son enthousiasme pour le soin de la cr\u00e9ation. Quand Alejandra a expliqu\u00e9 qu\u2019elle avait rencontr\u00e9 beaucoup d\u2019\u00e9tudiants se sentant \u00e9puis\u00e9s, une id\u00e9e a commenc\u00e9 \u00e0 germer.&nbsp;<\/p>\n<\/div>\n\n<div class=\"wp-block block-core-paragraph\">\n<p class=\"wp-block-paragraph\">Sur la ferme de sa famille, dans la r\u00e9gion de l\u2019Araucan\u00eda, au sud du Chili, se tenait un b\u00e2timent inutilis\u00e9. Et si elles invitaient des \u00e9tudiants \u00e0 venir et visiter cet endroit en guide de retraite\u202f? Et s\u2019ils pouvaient cuisiner, manger et discuter ensemble\u202f? Et s\u2019ils pouvaient passer du temps dans la lecture contemplative de la Bible\u202f? Et s\u2019ils pouvaient ne pas simplement lire le verset sur les \u00ab\u202foiseaux qui volent dans le ciel\u202f\u00bb et les \u00ab\u202flis sauvages\u202f\u00bb, mais sortir et les observer\u202f? Et si leur propre restauration pouvait prendre place dans le cadre de la restauration de la cr\u00e9ation\u202f?&nbsp;<\/p>\n<\/div>\n\n<div class=\"wp-block block-core-paragraph\">\n<p class=\"wp-block-paragraph\">La vision de la <em>Casa Reto\u00f1o <\/em>\u00e9tait n\u00e9e.&nbsp;<\/p>\n<\/div>\n\n\n<figure class=\"wp-block-image size-large\"><img loading=\"lazy\" decoding=\"async\" width=\"2048\" height=\"1152\" src=\"https:\/\/ifesworld.org\/wp-content\/uploads\/2024\/01\/IMG_1385-2-edited.jpg\" alt=\"\" class=\"wp-image-33444\" srcset=\"https:\/\/ifesworld.org\/wp-content\/uploads\/2024\/01\/IMG_1385-2-edited.jpg 2048w, https:\/\/ifesworld.org\/wp-content\/uploads\/2024\/01\/IMG_1385-2-edited-300x169.jpg 300w, https:\/\/ifesworld.org\/wp-content\/uploads\/2024\/01\/IMG_1385-2-edited-1024x576.jpg 1024w, https:\/\/ifesworld.org\/wp-content\/uploads\/2024\/01\/IMG_1385-2-edited-768x432.jpg 768w, https:\/\/ifesworld.org\/wp-content\/uploads\/2024\/01\/IMG_1385-2-edited-1536x864.jpg 1536w\" sizes=\"auto, (max-width: 2048px) 100vw, 2048px\" \/><\/figure>\n\n\n<div class=\"wp-block block-core-paragraph\">\n<p class=\"wp-block-paragraph\">Au lendemain de la pand\u00e9mie, Cristina et Alejandra ont fait des essais vers la fin de l\u2019ann\u00e9e 2020, accueillant un ou deux \u00e9tudiants \u00e0 la fois. \u00c0 mesure qu\u2019elles gagnaient de l\u2019exp\u00e9rience en offrant cette hospitalit\u00e9, ce lieu et du repos (et qu\u2019elles \u00e9coutaient les id\u00e9es et besoins des participants), elles ont pu d\u00e9velopper un cadre de travail et officiellement se lancer en tant que <a href=\"https:\/\/retono.cl\/\" target=\"_blank\" rel=\"noreferrer noopener\"><em>Fundaci\u00f3n Reto\u00f1o<\/em><\/a><em> <\/em>l\u2019ann\u00e9e suivante (et sont devenues <a href=\"https:\/\/arocha.org\/fr\/participez\/amis-a-rocha\/\" target=\"_blank\" rel=\"noreferrer noopener\"><em>Amis d\u2019A Rocha<\/em><\/a> depuis).&nbsp;<\/p>\n<\/div>\n\n<div class=\"wp-block block-core-paragraph\">\n<p class=\"wp-block-paragraph\">La double signification du nom de la fondation,<em> reto\u00f1o <\/em>(qui signifie \u00ab\u202frejeton\u202f\u00bb, \u00ab\u202fnouvelle pousse\u202f\u00bb en espagnol), se refl\u00e8te dans leur logo\u202f: le dessin d\u2019une nouvelle pousse jaillissant d\u2019une souche morte. Il repr\u00e9sente la restauration de notre plan\u00e8te et de notre esprit, tel que le message d\u2019espoir de l\u2019\u00e9quipe l\u2019exprime\u202f: \u00ab\u202f\u00c0 ceux qui ont besoin de gu\u00e9rir dans leur corps, esprit ou \u00e2me, il n\u2019est jamais trop tard et le fl\u00e9trissement n\u2019est jamais trop fort pour emp\u00eacher la repousse.\u202f\u00bb&nbsp;<\/p>\n<\/div>\n\n<div class=\"wp-block block-core-paragraph\">\n<p class=\"wp-block-paragraph\">En plus des retraites, <em>Fundaci\u00f3n Reto\u00f1o <\/em>offre \u00e9galement des formations en environnement (avec des ateliers pour diff\u00e9rents groupes et \u00e2ges) et des projets de conservation, y compris l\u2019entretien d\u2019un verger et d\u2019une petite p\u00e9pini\u00e8re d\u2019arbres aux essences indig\u00e8nes pour la reforestation. Andrea, un \u00e9tudiant en gestion foresti\u00e8re, a r\u00e9cemment rejoint l\u2019\u00e9quipe de <em>Casa Reto\u00f1o <\/em>pour aider \u00e0 la restauration de l\u2019\u00e9cosyst\u00e8me.&nbsp;<\/p>\n<\/div>\n\n<div class=\"wp-block block-core-paragraph\">\n<p class=\"wp-block-paragraph\">Les retraites se sont r\u00e9v\u00e9l\u00e9es tr\u00e8s populaires, des \u00e9tudiants venant non seulement de Tenuco, la ville la plus proche, mais aussi de Santiago, la capitale, \u00e0 sept heures de bus. Le programme est flexible et construit sur mesure, incluant le logement d\u2019individus ou de groupes, g\u00e9n\u00e9ralement pour deux \u00e0 trois jours. L\u2019ann\u00e9e derni\u00e8re, un groupe \u00e9tudiant a pass\u00e9 cinq jours sur place, aidant \u00e0 construire la serre le matin et pratiquant la <em>Lectio Divina<\/em> l\u2019apr\u00e8s-midi.&nbsp;<\/p>\n<\/div>\n\n<div class=\"wp-block block-core-paragraph\">\n<p class=\"wp-block-paragraph\">Un \u00e9tudiant du GBUCh fait part de sa r\u00e9flexion\u202f: \u00ab\u202fLe gazouillis d\u2019un oiseau, la couleur des arbres, les montagnes escarp\u00e9es et les volcans \u00e0 distance, le soleil de l\u2019apr\u00e8s-midi et le pain chaud\u202f: toutes ces choses sont des instruments utilis\u00e9s par Dieu pour vous parler. Aller \u00e0 <em>Reto\u00f1o<\/em>, c\u2019est comme aller vers Dieu en disant\u202f: \u201cMe voici, qu\u2019est-ce que j\u2019ai besoin d\u2019entendre\u202f?\u201d\u202f\u00bb&nbsp;<\/p>\n<\/div>\n\n<div class=\"wp-block block-core-paragraph\">\n<p class=\"wp-block-paragraph\">Un autre \u00e9tudiant le formule ainsi\u202f: \u00ab\u202fJ\u2019y suis all\u00e9 pour le repos, mais j\u2019y ai trouv\u00e9 bien plus que cela. Je me suis repos\u00e9 en prenant une pelle et en me connectant \u00e0 la terre. Je me suis repos\u00e9 en lisant un bon livre, en me taisant et en mangeant bien. Cristina et Alejandra m\u2019ont offert non seulement un endroit magnifique et paisible pour me reposer, mais elles m\u2019ont aussi accueilli avec amour et le parfum de la maison.\u202f\u00bb&nbsp;<\/p>\n<\/div>\n\n<div class=\"wp-block block-core-paragraph\">\n<p class=\"wp-block-paragraph\">Dans ce double soin de la cr\u00e9ation et de l\u2019\u00e2me, Cristina a senti l\u2019appel de Dieu dans sa vie. Elle a grandi dans une culture eccl\u00e9siale qui sous-entendait que le v\u00e9ritable service de Dieu ne consistait qu\u2019\u00e0 le servir dans les activit\u00e9s de l\u2019\u00e9glise. De ce fait, elle a eu le sentiment profond d\u2019accomplissement spirituel et personnel en r\u00e9alisant qu\u2019elle pouvait v\u00e9ritablement servir son Seigneur dans l\u2019environnement o\u00f9 elle se trouve, avec les dons et les passions qu\u2019il lui a donn\u00e9s. Avec un sourire plein d\u2019enthousiasme, elle d\u00e9clare\u202f: \u00ab\u202fJ\u2019ai compris qu\u2019\u00eatre fid\u00e8le \u00e0 Dieu signifie aussi \u00eatre fid\u00e8le \u00e0 ce pour quoi il t\u2019a cr\u00e9\u00e9.\u202f\u00bb&nbsp;<\/p>\n<\/div>\n\n<div class=\"wp-block block-core-heading\">\n<h2 class=\"wp-block-heading\">RESTAURER LA CULTURE<\/h2>\n<\/div>\n\n<div class=\"wp-block block-core-paragraph\">\n<p class=\"wp-block-paragraph\">Rining Peter Paris est une autre personne dont le minist\u00e8re fait \u00e9cho \u00e0 ce sentiment. Pendant plus de 20 ans, il a servi en tant qu\u2019\u00e9quipier du <a href=\"https:\/\/fes.org.my\/\" target=\"_blank\" rel=\"noreferrer noopener\">FES Malaisie<\/a> dans la r\u00e9gion du Sarawak, sur l\u2019ile de Born\u00e9o, \u0153uvrant principalement parmi les \u00e9tudiants malaisiens locaux parlant le bahasa. Au cours des cinq derni\u00e8res ann\u00e9es, il a d\u00e9couvert une nouvelle dimension de son minist\u00e8re, un appel qui aide sa propre tribu <em>Lun Bawang<\/em> \u00e0 retrouver et restaurer une part de leur h\u00e9ritage.&nbsp;<\/p>\n<\/div>\n\n<div class=\"wp-block block-core-paragraph\">\n<p class=\"wp-block-paragraph\">Un jour, un ancien de la tribu parlait \u00e0 Peter, un joueur assidu du luth r\u00e9gional (<em>sape<\/em>). L\u2019ancien lui a rappel\u00e9 un instrument que les grands-parents de Peter faisaient et dont ils jouaient\u202f: le <em>tapi<\/em> (un luth \u00e0 deux cordes), long, \u00e9troit et \u00e0 l\u2019int\u00e9rieur creux, sculpt\u00e9 avec des motifs complexes. Il \u00e9tait en voie de disparition, mais un si\u00e8cle plus t\u00f4t, il faisait partie int\u00e9grante de la culture populaire, au point que les missionnaires australiens qui avaient amen\u00e9 l\u2019\u00c9vangile \u00e0 sa tribu dans les ann\u00e9es 30 avaient choisi d\u2019utiliser le mot <em>tapi<\/em> pour \u00ab\u202fluth\u202f\u00bb en traduisant la Bible.&nbsp;<\/p>\n<\/div>\n\n<div class=\"wp-block block-core-paragraph\">\n<p class=\"wp-block-paragraph\">En relisant ces parties de la Bible, Peter a \u00e9t\u00e9 \u00e9mu par le passage o\u00f9 David ram\u00e8ne l\u2019arche de l\u2019alliance \u00e0 J\u00e9rusalem tandis que le peuple et lui-m\u00eame \u00ab\u202fexprimaient leur joie devant l\u2019\u00c9ternel en jouant sur toutes sortes d\u2019instruments de bois de cypr\u00e8s, sur des lyres, des luths [<em>tapis<\/em>\u202f!]\u202f\u00bb (2 Samuel 6.5). Et s\u2019il pouvait ramener le <em>tapi<\/em> dans sa propre communaut\u00e9 comme David l\u2019a fait avec l\u2019arche\u202f? Et s\u2019il pouvait lui rendre sa place dans la tribu afin qu\u2019il puisse rendre gloire \u00e0 Dieu\u202f? Et s\u2019il pouvait aider son peuple \u00e0 retrouver cette facette de son identit\u00e9 culturelle et voir son lien avec la terre et Dieu\u202f?&nbsp;<\/p>\n<\/div>\n\n<div class=\"wp-block block-core-paragraph\">\n<p class=\"wp-block-paragraph\">La vision de Peter consistant \u00e0 restaurer le <em>tapi <\/em>\u00e9tait n\u00e9e.&nbsp;<\/p>\n<\/div>\n\n<div class=\"wp-block block-core-paragraph\">\n<p class=\"wp-block-paragraph\">Aujourd\u2019hui, non seulement Peter construit et joue de cet instrument (voir <a href=\"https:\/\/youtube.com\/shorts\/EydfhJ-2vbM?si=p4CgQm1azZX2co8v\" target=\"_blank\" rel=\"noreferrer noopener\">ici<\/a>), mais il l\u2019enseigne aussi \u00e0 d\u2019autres et y sensibilise la r\u00e9gion. L\u2019ann\u00e9e derni\u00e8re, le minist\u00e8re du tourisme du Sarawak, Creative Industries et Performing Arts ont financ\u00e9 Peter pour qu\u2019il fasse le tour des lyc\u00e9es locaux avec le <em>tapi<\/em>. Pendant ces sessions de deux heures, il jouait de l\u2019instrument, laissait les enfants le tenir et leur pr\u00e9sentait son histoire. Peter est ravi\u202f: \u00ab\u202fC\u2019\u00e9tait tr\u00e8s touchant de voir beaucoup d\u2019enfants qui n\u2019en avaient jamais vu avant le tenir et sentir un certain lien avec leurs anc\u00eatres et la terre. C\u2019\u00e9tait \u00e9galement un privil\u00e8ge de pouvoir ensuite leur raconter l\u2019histoire de David et de l\u2019arche \u00e0 la fin.\u202f\u00bb&nbsp;<\/p>\n<\/div>\n\n<div class=\"wp-block block-core-paragraph\">\n<p class=\"wp-block-paragraph\">\u00ab\u202fJe crois que le Cr\u00e9ateur de l\u2019univers nous a b\u00e9nis avec la cr\u00e9ativit\u00e9 afin de construire des instruments de musique uniques pour la louange. Mais avant que la tribu <em>Lun Bawang<\/em> ne connaisse le Christ, nous ne voyions pas la vraie relation du <em>tapi<\/em> avec Dieu. Cela a chang\u00e9 quand nous nous sommes tourn\u00e9s vers J\u00e9sus. Le <em>tapi<\/em> a retrouv\u00e9 sa fin l\u00e9gitime\u202f: adorer, louer et glorifier Dieu. Voil\u00e0 pourquoi le fait de faire revivre cet instrument touche aussi \u00e0 sa r\u00e9demption.\u202f\u00bb&nbsp;<\/p>\n<\/div>\n\n<div class=\"wp-block block-core-paragraph\">\n<p class=\"wp-block-paragraph\">Faire revivre le <em>tapi<\/em> a \u00e9galement ouvert des portes \u00e0 Peter, qui se produit annuellement lors d\u2019un grand festival de musique et joue dans un groupe avec des dipl\u00f4m\u00e9s du FES Malaisie. Les airs et chansons qu\u2019ils partagent expriment leur souci de la cr\u00e9ation. \u00c0 Born\u00e9o, o\u00f9 la d\u00e9forestation est monnaie courante, beaucoup de gens sont inquiets tout en ayant peur de dire quelque chose. Les \u00ab\u202fchansons de la terre\u202f\u00bb de Peter sont un moyen de confronter la destruction environnementale. \u00ab\u202fNous devons \u00eatre une voix pour la for\u00eat\u202f\u00bb, explique-t-il.&nbsp;<\/p>\n<\/div>\n\n<div class=\"wp-block block-core-paragraph\">\n<p class=\"wp-block-paragraph\">Ainsi, l\u2019amour que Peter porte \u00e0 la musique et la culture, son souci pour la cr\u00e9ation de Dieu et son d\u00e9sir de servir son peuple s\u2019accordent dans une glorieuse harmonie. C\u2019est un air de bonne nouvelle qui r\u00e9sonne au rythme de sa foi.&nbsp;<\/p>\n<\/div>\n\n<div class=\"wp-block block-core-heading\">\n<h2 class=\"wp-block-heading\">RESTAURER LA SOCI\u00c9T\u00c9<\/h2>\n<\/div>\n\n<div class=\"wp-block block-core-paragraph\">\n<p class=\"wp-block-paragraph\">\u00c0 travers les mouvements de l\u2019IFES, les valeurs du royaume de Dieu touchent aussi la soci\u00e9t\u00e9.&nbsp;<\/p>\n<\/div>\n\n<div class=\"wp-block block-core-paragraph\">\n<p class=\"wp-block-paragraph\">Au Kenya, dans le relativement petit Medical Training College de Msambweni, la <a href=\"https:\/\/www.facebook.com\/profile.php?id=100095475696084\" target=\"_blank\" rel=\"noreferrer noopener\">Christian Union<\/a> poss\u00e8de divers minist\u00e8res. En plus de leurs rencontres communautaires chaque semaine et de leurs visites d\u2019\u00e9vang\u00e9lisation dans les r\u00e9sidences \u00e9tudiantes, ses membres ont aussi une vision consistant \u00e0 s\u2019engager dans des projets de transformation sociale. R\u00e9cemment, ils ont particip\u00e9 \u00e0 des activit\u00e9s de plaidoyer pour la s\u00e9curit\u00e9 \u00e0 Msambweni.&nbsp;&nbsp;<\/p>\n<\/div>\n\n<div class=\"wp-block block-core-paragraph\">\n<p class=\"wp-block-paragraph\">En Norv\u00e8ge, la mouvement national (<a href=\"https:\/\/nkss.no\/\" target=\"_blank\" rel=\"noreferrer noopener\">NKSS<\/a>) organise chaque novembre <a href=\"https:\/\/www.godhetsuka.no\/\" target=\"_blank\" rel=\"noreferrer noopener\"><em>Godhetsuka<\/em><\/a>, une semaine qui consiste \u00e0 \u00ab\u202ffaire le bien juste pour le bien\u202f\u00bb. Des amis, professeurs, agents de propret\u00e9, principaux et gens dans la rue sont tous agr\u00e9ablement surpris par ces divers actes de gentillesse arbitraires. La vision est simple\u202f: \u00ab\u202fLes petites choses faites avec amour changent les \u00e9coles et les campus.\u202f\u00bb Cette ann\u00e9e, plus de 64 institutions \u00e9ducatives se sont inscrites pour r\u00e9pandre le bien par des activit\u00e9s telles que des boissons et g\u00e2teaux gratuits servis dans des couloirs, ainsi que des post-its avec des messages positifs laiss\u00e9s sur des casiers.&nbsp;&nbsp;<\/p>\n<\/div>\n\n<div class=\"wp-block block-core-paragraph\">\n<p class=\"wp-block-paragraph\">Au Chili, durant les <a href=\"https:\/\/www.theguardian.com\/world\/2018\/jul\/09\/chile-metoo-sexual-harassment-universities\" target=\"_blank\" rel=\"noreferrer noopener\">manifestations \u00e9tudiantes de 2018 contre le harc\u00e8lement et les abus sexuels<\/a> dans le secteur universitaire, les membres du <a href=\"https:\/\/gbuch.cl\/\" target=\"_blank\" rel=\"noreferrer noopener\">GBUCh<\/a> se sont investis aupr\u00e8s des manifestantes et vis-\u00e0-vis des probl\u00e9matiques en question. Daisy Seguel, qui \u00e9tudiait alors \u00e0 l\u2019universit\u00e9 du Chili, explique leur vision consistant \u00e0 servir les jeunes femmes\u202f: \u00ab\u202fLes manifestantes devaient rester sur le campus pendant la nuit afin d\u2019\u00e9viter l\u2019expulsion. Nous leur avons donc apport\u00e9 de la nourriture et \u00e9cout\u00e9 leurs probl\u00e8mes. Nous avons fait tout notre possible pour les \u00e9pauler. Devant tant de souffrance et de ranc\u0153ur, parler de l\u2019\u00c9vangile n\u2019est pas facile. Mais ce soutien et cette \u00e9coute attentive \u00e9taient une priorit\u00e9 pour notre mouvement.\u202f\u00bb&nbsp;&nbsp;<\/p>\n<\/div>\n\n<div class=\"wp-block block-core-paragraph\">\n<p class=\"wp-block-paragraph\">Le GBUCh s\u2019est aussi investi vis-\u00e0-vis des probl\u00e9matiques soulev\u00e9es en organisant des discussions au bureau national et en r\u00e9fl\u00e9chissant \u00e0 une r\u00e9ponse chr\u00e9tienne \u00e0 la violence et aux discriminations contre les femmes. Depuis, le mouvement a cr\u00e9\u00e9 son propre protocole contre l\u2019abus et le harc\u00e8lement, et il discute encore du sujet malgr\u00e9 le fait que celui-ci ne fasse plus la une des journaux. Pour en savoir plus, cliquez <a href=\"https:\/\/www.youtube.com\/watch?v=QEJ2tb4MkA8\" target=\"_blank\" rel=\"noreferrer noopener\">ici<\/a>.&nbsp;&nbsp;<\/p>\n<\/div>\n\n<div class=\"wp-block block-core-heading\">\n<h2 class=\"wp-block-heading\">RESTAURER VOTRE CONTEXTE&nbsp;<\/h2>\n<\/div>\n\n<div class=\"wp-block block-core-paragraph\">\n<p class=\"wp-block-paragraph\">Voil\u00e0 des t\u00e9moignages de fa\u00e7ons dont l\u2019\u00c9vangile en nous apporte la restauration au monde, m\u00eame quand les d\u00e9fis sont grands.&nbsp;<\/p>\n<\/div>\n\n<div class=\"wp-block block-core-paragraph\">\n<p class=\"wp-block-paragraph\">L\u2019ap\u00f4tre Pierre a \u00e9crit \u00e0 des chr\u00e9tiens \u00e9parpill\u00e9s dans un empire qui leur \u00e9tait de plus en plus hostile. Qu\u2019ils soient citoyens, esclaves, \u00e9pouses ou \u00e9poux, il \u00e9tait s\u00fbr qu\u2019ils pouvaient avoir un impact dans leur contexte imm\u00e9diat\u202f:&nbsp;<\/p>\n<\/div>\n\n<div class=\"wp-block block-core-paragraph\">\n<p class=\"wp-block-paragraph\">\u00ab\u202f<em>Mais vous, vous \u00eates un peuple \u00e9lu, une communaut\u00e9 de rois-pr\u00eatres, une nation sainte, un peuple que Dieu a pris pour sien, pour que vous c\u00e9l\u00e9briez bien haut les \u0153uvres merveilleuses de celui qui vous a appel\u00e9s \u00e0 passer des t\u00e9n\u00e8bres \u00e0 son admirable lumi\u00e8re \u2026 Ayez une bonne conduite au milieu des pa\u00efens. Ainsi, dans les domaines m\u00eames o\u00f9 ils vous calomnient en vous accusant de faire le mal, ils verront vos bonnes actions et loueront Dieu le jour o\u00f9 il interviendra dans leur vie.<\/em>\u202f\u00bb (1 Pierre 2.9, 11)&nbsp;<\/p>\n<\/div>\n\n<div class=\"wp-block block-core-paragraph\">\n<p class=\"wp-block-paragraph\">O\u00f9 Dieu vous a-t-il plac\u00e9(e)\u202f? Quelle vision vous donne-t-il\u202f? Comment peut-il utiliser vos passions, connaissances et comp\u00e9tences l\u00e0 o\u00f9 vous vous trouvez\u202f? Quel impact allez-vous avoir dans votre contexte et soci\u00e9t\u00e9\u202f?&nbsp;<\/p>\n<\/div>\n\n<div class=\"wp-block block-core-paragraph\">\n<p class=\"wp-block-paragraph\"><\/p>\n<\/div>\n\n<div class=\"wp-block block-core-group\">\n<div class=\"wp-block-group has-white-color has-primary-background-color has-text-color has-background\"><div class=\"wp-block-group__inner-container is-layout-constrained wp-block-group-is-layout-constrained\"><div class=\"wp-block block-core-paragraph\">\n<p class=\"wp-block-paragraph\">En tant qu\u2019\u00e9tudiant(e), professeur(e) ou employ\u00e9(e) sur un campus, aimeriez-vous d\u00e9couvrir comment penser de mani\u00e8re biblique et critique vis-\u00e0-vis de votre contexte et appel \u00e0 l\u2019universit\u00e9\u202f? Souhaitez-vous \u00eatre \u00e9quip\u00e9(e) pour saisir les occasions et relever les d\u00e9fis que vous rencontrez en tant que disciple du Christ sur le campus en interagissant avec l\u2019universit\u00e9 toute enti\u00e8re\u202f? Alors, inscrivez-vous au <a href=\"https:\/\/ifesworld.org\/wp-content\/uploads\/2023\/12\/Engaging-the-University-ETU-course-flyer.png\" target=\"_blank\" rel=\"noreferrer noopener\">cours \u00e0 distance d\u2019Interagir avec l\u2019universit\u00e9<\/a>.&nbsp;&nbsp;<\/p>\n<\/div>\n\n<div class=\"wp-block block-core-paragraph\">\n<p class=\"wp-block-paragraph\">Trouvez plus d\u2019inspiration pour interagir avec votre campus gr\u00e2ce aux exemples des mouvements d\u2019Asie de l\u2019Est racont\u00e9s dans ce <a href=\"https:\/\/ifesworld.org\/wp-content\/uploads\/2022\/07\/Engaging-the-Campus-2nd-ed.pdf\" target=\"_blank\" rel=\"noreferrer noopener\">livret gratuit<\/a>.&nbsp;<\/p>\n<\/div><\/div>\n<\/div><\/div>","protected":false},"featured_media":33441,"template":"","area":[],"theme":[1224],"class_list":["post-33481","conexion","type-conexion","status-publish","has-post-thumbnail","hentry","theme-interagir-avec-luniversite"],"acf":[],"yoast_head":"<!-- This site is optimized with the Yoast SEO plugin v27.2 - https:\/\/yoast.com\/product\/yoast-seo-wordpress\/ -->\n<title>Fid\u00e8le en tous lieux\u00a0 &#183; IFES Conexi\u00f3n Blog<\/title>\n<meta name=\"description\" content=\"Qu\u2019est-ce qu\u2019une humble ferme au Chili, un instrument \u00e0 deux cordes en Malaisie et un post-it sur un casier en Norv\u00e8ge ont en commun\u202f?&nbsp; Ils\" \/>\n<meta name=\"robots\" content=\"index, follow, max-snippet:-1, max-image-preview:large, max-video-preview:-1\" \/>\n<link rel=\"canonical\" href=\"https:\/\/ifesworld.org\/fr\/blog\/fidele-en-tous-lieux\/\" \/>\n<meta property=\"og:locale\" content=\"fr_FR\" \/>\n<meta property=\"og:type\" content=\"article\" \/>\n<meta property=\"og:title\" content=\"Fid\u00e8le en tous lieux\u00a0 &#183; IFES Conexi\u00f3n Blog\" \/>\n<meta property=\"og:description\" content=\"Qu\u2019est-ce qu\u2019une humble ferme au Chili, un instrument \u00e0 deux cordes en Malaisie et un post-it sur un casier en Norv\u00e8ge ont en commun\u202f?&nbsp; Ils\" \/>\n<meta property=\"og:url\" content=\"https:\/\/ifesworld.org\/fr\/blog\/fidele-en-tous-lieux\/\" \/>\n<meta property=\"og:site_name\" content=\"IFES\" \/>\n<meta property=\"article:modified_time\" content=\"2024-02-01T16:04:52+00:00\" \/>\n<meta property=\"og:image\" content=\"https:\/\/ifesworld.org\/wp-content\/uploads\/2024\/01\/DSC03317-2.jpg\" \/>\n\t<meta property=\"og:image:width\" content=\"2048\" \/>\n\t<meta property=\"og:image:height\" content=\"1365\" \/>\n\t<meta property=\"og:image:type\" content=\"image\/jpeg\" \/>\n<meta name=\"twitter:card\" content=\"summary_large_image\" \/>\n<meta name=\"twitter:label1\" content=\"Dur\u00e9e de lecture estim\u00e9e\" \/>\n\t<meta name=\"twitter:data1\" content=\"10 minutes\" \/>\n<script type=\"application\/ld+json\" class=\"yoast-schema-graph\">{\"@context\":\"https:\/\/schema.org\",\"@graph\":[{\"@type\":\"WebPage\",\"@id\":\"https:\/\/ifesworld.org\/fr\/blog\/fidele-en-tous-lieux\/\",\"url\":\"https:\/\/ifesworld.org\/fr\/blog\/fidele-en-tous-lieux\/\",\"name\":\"Fid\u00e8le en tous lieux\u00a0 &#183; IFES Conexi\u00f3n Blog\",\"isPartOf\":{\"@id\":\"https:\/\/ifesworld.org\/es\/#website\"},\"primaryImageOfPage\":{\"@id\":\"https:\/\/ifesworld.org\/fr\/blog\/fidele-en-tous-lieux\/#primaryimage\"},\"image\":{\"@id\":\"https:\/\/ifesworld.org\/fr\/blog\/fidele-en-tous-lieux\/#primaryimage\"},\"thumbnailUrl\":\"https:\/\/ifesworld.org\/wp-content\/uploads\/2024\/01\/DSC03317-2.jpg\",\"datePublished\":\"2024-02-01T04:39:00+00:00\",\"dateModified\":\"2024-02-01T16:04:52+00:00\",\"description\":\"Qu\u2019est-ce qu\u2019une humble ferme au Chili, un instrument \u00e0 deux cordes en Malaisie et un post-it sur un casier en Norv\u00e8ge ont en commun\u202f?&nbsp; Ils\",\"breadcrumb\":{\"@id\":\"https:\/\/ifesworld.org\/fr\/blog\/fidele-en-tous-lieux\/#breadcrumb\"},\"inLanguage\":\"fr-FR\",\"potentialAction\":[{\"@type\":\"ReadAction\",\"target\":[\"https:\/\/ifesworld.org\/fr\/blog\/fidele-en-tous-lieux\/\"]}]},{\"@type\":\"ImageObject\",\"inLanguage\":\"fr-FR\",\"@id\":\"https:\/\/ifesworld.org\/fr\/blog\/fidele-en-tous-lieux\/#primaryimage\",\"url\":\"https:\/\/ifesworld.org\/wp-content\/uploads\/2024\/01\/DSC03317-2.jpg\",\"contentUrl\":\"https:\/\/ifesworld.org\/wp-content\/uploads\/2024\/01\/DSC03317-2.jpg\",\"width\":2048,\"height\":1365},{\"@type\":\"BreadcrumbList\",\"@id\":\"https:\/\/ifesworld.org\/fr\/blog\/fidele-en-tous-lieux\/#breadcrumb\",\"itemListElement\":[{\"@type\":\"ListItem\",\"position\":1,\"name\":\"Home\",\"item\":\"https:\/\/ifesworld.org\/fr\/\"},{\"@type\":\"ListItem\",\"position\":2,\"name\":\"Conexi\u00f3n\",\"item\":\"https:\/\/ifesworld.org\/es\/blog\/\"},{\"@type\":\"ListItem\",\"position\":3,\"name\":\"Fid\u00e8le en tous lieux\u00a0\"}]},{\"@type\":\"WebSite\",\"@id\":\"https:\/\/ifesworld.org\/es\/#website\",\"url\":\"https:\/\/ifesworld.org\/es\/\",\"name\":\"IFES\",\"description\":\"A movement of students sharing and living out the good news of Jesus Christ. Locally. Nationally. Globally.\",\"publisher\":{\"@id\":\"https:\/\/ifesworld.org\/es\/#organization\"},\"potentialAction\":[{\"@type\":\"SearchAction\",\"target\":{\"@type\":\"EntryPoint\",\"urlTemplate\":\"https:\/\/ifesworld.org\/es\/?s={search_term_string}\"},\"query-input\":{\"@type\":\"PropertyValueSpecification\",\"valueRequired\":true,\"valueName\":\"search_term_string\"}}],\"inLanguage\":\"fr-FR\"},{\"@type\":\"Organization\",\"@id\":\"https:\/\/ifesworld.org\/es\/#organization\",\"name\":\"IFES \u00b7 International Fellowship of Evangelical Students\",\"url\":\"https:\/\/ifesworld.org\/es\/\",\"logo\":{\"@type\":\"ImageObject\",\"inLanguage\":\"fr-FR\",\"@id\":\"https:\/\/ifesworld.org\/es\/#\/schema\/logo\/image\/\",\"url\":\"https:\/\/ifesworld.org\/wp-content\/uploads\/2019\/06\/ifeslogo.png\",\"contentUrl\":\"https:\/\/ifesworld.org\/wp-content\/uploads\/2019\/06\/ifeslogo.png\",\"width\":262,\"height\":262,\"caption\":\"IFES \u00b7 International Fellowship of Evangelical Students\"},\"image\":{\"@id\":\"https:\/\/ifesworld.org\/es\/#\/schema\/logo\/image\/\"}}]}<\/script>\n<!-- \/ Yoast SEO plugin. -->","yoast_head_json":{"title":"Fid\u00e8le en tous lieux\u00a0 &#183; IFES Conexi\u00f3n Blog","description":"Qu\u2019est-ce qu\u2019une humble ferme au Chili, un instrument \u00e0 deux cordes en Malaisie et un post-it sur un casier en Norv\u00e8ge ont en commun\u202f?&nbsp; Ils","robots":{"index":"index","follow":"follow","max-snippet":"max-snippet:-1","max-image-preview":"max-image-preview:large","max-video-preview":"max-video-preview:-1"},"canonical":"https:\/\/ifesworld.org\/fr\/blog\/fidele-en-tous-lieux\/","og_locale":"fr_FR","og_type":"article","og_title":"Fid\u00e8le en tous lieux\u00a0 &#183; IFES Conexi\u00f3n Blog","og_description":"Qu\u2019est-ce qu\u2019une humble ferme au Chili, un instrument \u00e0 deux cordes en Malaisie et un post-it sur un casier en Norv\u00e8ge ont en commun\u202f?&nbsp; Ils","og_url":"https:\/\/ifesworld.org\/fr\/blog\/fidele-en-tous-lieux\/","og_site_name":"IFES","article_modified_time":"2024-02-01T16:04:52+00:00","og_image":[{"width":2048,"height":1365,"url":"https:\/\/ifesworld.org\/wp-content\/uploads\/2024\/01\/DSC03317-2.jpg","type":"image\/jpeg"}],"twitter_card":"summary_large_image","twitter_misc":{"Dur\u00e9e de lecture estim\u00e9e":"10 minutes"},"schema":{"@context":"https:\/\/schema.org","@graph":[{"@type":"WebPage","@id":"https:\/\/ifesworld.org\/fr\/blog\/fidele-en-tous-lieux\/","url":"https:\/\/ifesworld.org\/fr\/blog\/fidele-en-tous-lieux\/","name":"Fid\u00e8le en tous lieux\u00a0 &#183; IFES Conexi\u00f3n Blog","isPartOf":{"@id":"https:\/\/ifesworld.org\/es\/#website"},"primaryImageOfPage":{"@id":"https:\/\/ifesworld.org\/fr\/blog\/fidele-en-tous-lieux\/#primaryimage"},"image":{"@id":"https:\/\/ifesworld.org\/fr\/blog\/fidele-en-tous-lieux\/#primaryimage"},"thumbnailUrl":"https:\/\/ifesworld.org\/wp-content\/uploads\/2024\/01\/DSC03317-2.jpg","datePublished":"2024-02-01T04:39:00+00:00","dateModified":"2024-02-01T16:04:52+00:00","description":"Qu\u2019est-ce qu\u2019une humble ferme au Chili, un instrument \u00e0 deux cordes en Malaisie et un post-it sur un casier en Norv\u00e8ge ont en commun\u202f?&nbsp; Ils","breadcrumb":{"@id":"https:\/\/ifesworld.org\/fr\/blog\/fidele-en-tous-lieux\/#breadcrumb"},"inLanguage":"fr-FR","potentialAction":[{"@type":"ReadAction","target":["https:\/\/ifesworld.org\/fr\/blog\/fidele-en-tous-lieux\/"]}]},{"@type":"ImageObject","inLanguage":"fr-FR","@id":"https:\/\/ifesworld.org\/fr\/blog\/fidele-en-tous-lieux\/#primaryimage","url":"https:\/\/ifesworld.org\/wp-content\/uploads\/2024\/01\/DSC03317-2.jpg","contentUrl":"https:\/\/ifesworld.org\/wp-content\/uploads\/2024\/01\/DSC03317-2.jpg","width":2048,"height":1365},{"@type":"BreadcrumbList","@id":"https:\/\/ifesworld.org\/fr\/blog\/fidele-en-tous-lieux\/#breadcrumb","itemListElement":[{"@type":"ListItem","position":1,"name":"Home","item":"https:\/\/ifesworld.org\/fr\/"},{"@type":"ListItem","position":2,"name":"Conexi\u00f3n","item":"https:\/\/ifesworld.org\/es\/blog\/"},{"@type":"ListItem","position":3,"name":"Fid\u00e8le en tous lieux\u00a0"}]},{"@type":"WebSite","@id":"https:\/\/ifesworld.org\/es\/#website","url":"https:\/\/ifesworld.org\/es\/","name":"IFES","description":"A movement of students sharing and living out the good news of Jesus Christ. Locally. Nationally. Globally.","publisher":{"@id":"https:\/\/ifesworld.org\/es\/#organization"},"potentialAction":[{"@type":"SearchAction","target":{"@type":"EntryPoint","urlTemplate":"https:\/\/ifesworld.org\/es\/?s={search_term_string}"},"query-input":{"@type":"PropertyValueSpecification","valueRequired":true,"valueName":"search_term_string"}}],"inLanguage":"fr-FR"},{"@type":"Organization","@id":"https:\/\/ifesworld.org\/es\/#organization","name":"IFES \u00b7 International Fellowship of Evangelical Students","url":"https:\/\/ifesworld.org\/es\/","logo":{"@type":"ImageObject","inLanguage":"fr-FR","@id":"https:\/\/ifesworld.org\/es\/#\/schema\/logo\/image\/","url":"https:\/\/ifesworld.org\/wp-content\/uploads\/2019\/06\/ifeslogo.png","contentUrl":"https:\/\/ifesworld.org\/wp-content\/uploads\/2019\/06\/ifeslogo.png","width":262,"height":262,"caption":"IFES \u00b7 International Fellowship of Evangelical Students"},"image":{"@id":"https:\/\/ifesworld.org\/es\/#\/schema\/logo\/image\/"}}]}},"_links":{"self":[{"href":"https:\/\/ifesworld.org\/fr\/wp-json\/wp\/v2\/conexion\/33481","targetHints":{"allow":["GET"]}}],"collection":[{"href":"https:\/\/ifesworld.org\/fr\/wp-json\/wp\/v2\/conexion"}],"about":[{"href":"https:\/\/ifesworld.org\/fr\/wp-json\/wp\/v2\/types\/conexion"}],"wp:featuredmedia":[{"embeddable":true,"href":"https:\/\/ifesworld.org\/fr\/wp-json\/wp\/v2\/media\/33441"}],"wp:attachment":[{"href":"https:\/\/ifesworld.org\/fr\/wp-json\/wp\/v2\/media?parent=33481"}],"wp:term":[{"taxonomy":"area","embeddable":true,"href":"https:\/\/ifesworld.org\/fr\/wp-json\/wp\/v2\/area?post=33481"},{"taxonomy":"theme","embeddable":true,"href":"https:\/\/ifesworld.org\/fr\/wp-json\/wp\/v2\/theme?post=33481"}],"curies":[{"name":"wp","href":"https:\/\/api.w.org\/{rel}","templated":true}]}}