{"id":2039,"date":"2019-05-21T14:32:01","date_gmt":"2019-05-21T14:32:01","guid":{"rendered":"https:\/\/ifesworld.org\/?post_type=conexion&#038;p=2039"},"modified":"2019-07-03T13:16:52","modified_gmt":"2019-07-03T13:16:52","slug":"debout-devant-le-president","status":"publish","type":"conexion","link":"https:\/\/ifesworld.org\/fr\/blog\/debout-devant-le-president\/","title":{"rendered":"Debout devant le pr\u00e9sident"},"content":{"rendered":"<p><span class=\"EOP SCXW153520984 BCX0\" data-ccp-props=\"{&quot;201341983&quot;:2,&quot;335559739&quot;:120,&quot;335559740&quot;:240}\">\u00a0<\/span><i><span data-contrast=\"none\">Nous nous \u00e9tions rencontr\u00e9s chaque semaine depuis quelques mois, 15-20 \u00e9tudiants de confession catholique et moi. Un jour, nous \u00e9tions pench\u00e9s sur l\u2019histoire de J\u00e9sus qui gu\u00e9rit un l\u00e9preux. J\u2019\u00e9tais \u00e9mu d&rsquo;entendre leurs r\u00e9flexions. Ils ont dit que qu\u2019ils sentaient que J\u00e9sus \u00e9tait vraiment avec eux \u2013 il n\u2019\u00e9tait plus simplement un personnage sur une croix accroch\u00e9e au mur d\u2019une \u00e9glise. Ils voulaient d\u00e9marrer une rencontre de pri\u00e8re ce jour-l\u00e0.<\/span><\/i><span data-ccp-props=\"{&quot;201341983&quot;:2,&quot;335559739&quot;:120,&quot;335559740&quot;:240}\">\u00a0<\/span><\/p>\n<p><i><span data-contrast=\"none\">Les \u00e9tudiants \u00e9taient tr\u00e8s enthousiastes et ils ont invit\u00e9 leurs amis \u00e0 se joindre \u00e0 eux. Une trentaine d\u2019entre eux se sont pr\u00e9sent\u00e9s. Mais alors, sans crier gare, un groupe de responsables de l\u2019universit\u00e9 s&rsquo;est interpos\u00e9. Ils ont mis fin \u00e0 la rencontre de pri\u00e8re et ils m\u2019ont intim\u00e9 de me rendre \u00e0 leur bureau pour y \u00eatre interrog\u00e9.<\/span><\/i><span data-ccp-props=\"{&quot;201341983&quot;:2,&quot;335559739&quot;:120,&quot;335559740&quot;:240}\">\u00a0<\/span><\/p>\n<p><i><span data-contrast=\"none\">Ils n\u2019avaient pourtant aucun motif<\/span><\/i><i><span data-contrast=\"none\">\u00a0<\/span><\/i><i><span data-contrast=\"none\">pour m\u2019arr\u00eater. J\u2019avais respect\u00e9 le protocole \u00e9tabli par l\u2019universit\u00e9 depuis le d\u00e9part. Mais il n\u2019\u00e9taient pas satisfaits. Apr\u00e8s m&rsquo;avoir questionn\u00e9 eux-m\u00eames, ils m\u2019ont conduit chez le pr\u00e9sident de l\u2019universit\u00e9. J\u2019\u00e9tais terrifi\u00e9.<\/span><\/i><span data-ccp-props=\"{&quot;201341983&quot;:2,&quot;335559739&quot;:120,&quot;335559740&quot;:240}\">\u00a0<\/span><\/p>\n<p><i><span data-contrast=\"none\">Avant d\u2019entrer, j\u2019ai jet\u00e9 un \u0153il \u00e0 mon t\u00e9l\u00e9phone. Il y avait un message provenant d\u2019un num\u00e9ro inconnu.<\/span><\/i><span data-ccp-props=\"{&quot;201341983&quot;:2,&quot;335559739&quot;:120,&quot;335559740&quot;:240}\">\u00a0<\/span><\/p>\n<p><i><span data-contrast=\"none\">\u00ab\u202fPrenez courage, tenez bon ! Ne craignez rien et ne vous laissez pas effrayer par eux, car l\u2019\u00c9ternel votre Dieu marche lui-m\u00eame avec vous, il ne vous d\u00e9laissera pas et ne vous abandonnera pas .\u202f\u00bb Deut\u00e9ronome 31.6<\/span><\/i><span data-ccp-props=\"{&quot;201341983&quot;:2,&quot;335559685&quot;:720,&quot;335559739&quot;:120,&quot;335559740&quot;:240}\">\u00a0<\/span><\/p>\n<p><i><span data-contrast=\"none\">Je n\u2019avais parl\u00e9 de ma situation \u00e0 personne, c&rsquo;est pourquoi ce message \u00e9tait un rappel puissant et la confirmation de la pr\u00e9sence de Dieu avec moi tandis que je p\u00e9n\u00e9trais dans le bureau pour rencontrer le pr\u00e9sident de l\u2019universit\u00e9.<\/span><\/i><span data-ccp-props=\"{&quot;201341983&quot;:2,&quot;335559739&quot;:120,&quot;335559740&quot;:240}\">\u00a0<\/span><\/p>\n<h4 aria-level=\"3\"><span data-contrast=\"none\">La vie dans le bastion du catholicisme<\/span><span data-ccp-props=\"{&quot;201341983&quot;:1,&quot;335559739&quot;:120,&quot;335559740&quot;:220}\">\u00a0<\/span><\/h4>\n<p><span data-contrast=\"none\">Eli travaille au sein du mouvement de l\u2019IFES, IVCF, \u00e0 Cebu City, aux Philippines. Les chr\u00e9tiens \u00e9vang\u00e9liques constituent une infime minorit\u00e9 de la population et ils font parfois l\u2019exp\u00e9rience d\u2019une r\u00e9elle hostilit\u00e9. La ville est consid\u00e9r\u00e9e comme le bastion du catholicisme romain dans le pays. C\u2019est \u00e0 cet endroit qu&rsquo;est tenu le festival Sinulog, lequel attire pr\u00e8s de deux millions de participants chaque ann\u00e9e. Les festivit\u00e9s se poursuivent durant une semaine et les gens dansent avec enthousiasme dans la rue et font des processions color\u00e9es en l\u2019honneur, dit-on, de\u00a0<\/span><i><span data-contrast=\"none\">Santo Ni\u00f1o<\/span><\/i><span data-contrast=\"none\">, ou l\u2019<\/span><i><span data-contrast=\"none\">Enfant<\/span><\/i><i><span data-contrast=\"none\">\u00a0J\u00e9sus<\/span><\/i><span data-contrast=\"none\">. Les c\u00e9l\u00e9brations ont pour objet la v\u00e9n\u00e9ration d\u2019une petite statue de J\u00e9sus enfant, vieille de 500 ans. Un tr\u00e8s grand nombre de personnes viennent prier et invoquer la statue, et elles transportent m\u00eame avec elles des imitations de l\u2019ic\u00f4ne.<\/span><span data-ccp-props=\"{&quot;201341983&quot;:2,&quot;335559685&quot;:374,&quot;335559739&quot;:120,&quot;335559740&quot;:240,&quot;335559991&quot;:187}\">\u00a0<\/span><\/p>\n<p><img loading=\"lazy\" decoding=\"async\" class=\"alignnone wp-image-2034 size-full\" src=\"https:\/\/ifesworld.org\/wp-content\/uploads\/2019\/05\/190409.jpg\" alt=\"190409\" width=\"1280\" height=\"720\" srcset=\"https:\/\/ifesworld.org\/wp-content\/uploads\/2019\/05\/190409.jpg 1280w, https:\/\/ifesworld.org\/wp-content\/uploads\/2019\/05\/190409-300x169.jpg 300w, https:\/\/ifesworld.org\/wp-content\/uploads\/2019\/05\/190409-768x432.jpg 768w, https:\/\/ifesworld.org\/wp-content\/uploads\/2019\/05\/190409-1024x576.jpg 1024w\" sizes=\"auto, (max-width: 1280px) 100vw, 1280px\" \/><\/p>\n<div class=\"aspectRatioPlaceholder is-locked\">\n<div class=\"progressiveMedia js-progressiveMedia graf-image is-canvasLoaded is-imageLoaded\" data-image-id=\"1*Qkb9AN04oGs7HrF9_batlg.jpeg\" data-width=\"1280\" data-height=\"720\" data-action=\"zoom\" data-action-value=\"1*Qkb9AN04oGs7HrF9_batlg.jpeg\" data-scroll=\"native\"><\/div>\n<\/div>\n<p style=\"text-align: center;\" aria-level=\"3\">Photo by\u00a0<a class=\"markup--anchor markup--figure-anchor\" href=\"https:\/\/unsplash.com\/photos\/j8Y0TjVYZWs?utm_source=unsplash&amp;utm_medium=referral&amp;utm_content=creditCopyText\" target=\"_blank\" rel=\"noopener noreferrer\" data-href=\"https:\/\/unsplash.com\/photos\/j8Y0TjVYZWs?utm_source=unsplash&amp;utm_medium=referral&amp;utm_content=creditCopyText\">Vher Morales<\/a>\u00a0on\u00a0<a class=\"markup--anchor markup--figure-anchor\" href=\"https:\/\/unsplash.com\/?utm_source=unsplash&amp;utm_medium=referral&amp;utm_content=creditCopyText\" target=\"_blank\" rel=\"noopener noreferrer\" data-href=\"https:\/\/unsplash.com\/?utm_source=unsplash&amp;utm_medium=referral&amp;utm_content=creditCopyText\">Unsplash<\/a><\/p>\n<p aria-level=\"3\"><strong>Une culture en mutation et un Dieu oubli\u00e9\u00a0<\/strong><\/p>\n<p>Les coutumes et pratiques catholiques romaines sont toujours omnipr\u00e9sentes au sein de la culture locale. Beaucoup de jeunes adultes prennent \u00e9galement part aux festivit\u00e9s, bien que nombre d\u2019entre eux ne partagent pas vraiment les croyances catholiques. Vannie Anne \u00e9tait responsable \u00e9tudiante au sein d\u2019IVCF et elle a obtenu son dipl\u00f4me de g\u00e9nie civil l\u2019an dernier. Voici ce qu\u2019elle \u00e9crit au sujet de cette g\u00e9n\u00e9ration d\u2019\u00e9tudiants aux Philippines :<\/p>\n<p><em>\u00ab\u202fLes jeunes adultes d\u2019aujourd\u2019hui constituent\u00a0une g\u00e9n\u00e9ration spontan\u00e9e. Ils adorent que les choses se fassent rapidement. Lorsqu\u2019ils commettent une faute, ils font appel aux indulgences et aux rituels plut\u00f4t qu\u2019\u00e0 la repentance. Ils pr\u00e9f\u00e8rent se rendre \u00e0 l\u2019\u00e9glise et prier plut\u00f4t que de cesser de tricher ou de s\u2019humilier en demandant pardon. La motivation derri\u00e8re leurs \u0153uvres n&rsquo;est pas que Dieu les sauve, mais qu\u2019il leur accorde plut\u00f4t ce qu\u2019ils d\u00e9sirent. Ils vont \u00e0 l\u2019\u00e9glise, \u00e9coutent de la musique religieuse, allument des lampions, r\u00e9citent des pri\u00e8res et s\u2019adonnent \u00e0 d\u2019autres rituels et \u00ab\u202fbonnes choses\u202f\u00bb en vue d\u2019obtenir de Dieu qu\u2019il leur accorde ce qu\u2019ils d\u00e9sirent. Malheureusement, le c\u0153ur des \u00e9tudiants est endurci. Ils ont oubli\u00e9 leur Dieu.<\/em><\/p>\n<p><em>Mais en d\u00e9pit de tout cela, Dieu est souverain. Si le c\u0153ur du roi est entre les mains de Dieu, qui peut emp\u00eacher Dieu de transformer le c\u0153ur des \u00e9tudiants?\u202f\u00bb<\/em><\/p>\n<p><img loading=\"lazy\" decoding=\"async\" class=\"alignnone wp-image-2035 size-full\" src=\"https:\/\/ifesworld.org\/wp-content\/uploads\/2019\/05\/190409_fischer-twins-392487-unsplash.jpg\" alt=\"190409_fischer-twins-392487-unsplash\" width=\"1280\" height=\"720\" srcset=\"https:\/\/ifesworld.org\/wp-content\/uploads\/2019\/05\/190409_fischer-twins-392487-unsplash.jpg 1280w, https:\/\/ifesworld.org\/wp-content\/uploads\/2019\/05\/190409_fischer-twins-392487-unsplash-300x169.jpg 300w, https:\/\/ifesworld.org\/wp-content\/uploads\/2019\/05\/190409_fischer-twins-392487-unsplash-768x432.jpg 768w, https:\/\/ifesworld.org\/wp-content\/uploads\/2019\/05\/190409_fischer-twins-392487-unsplash-1024x576.jpg 1024w\" sizes=\"auto, (max-width: 1280px) 100vw, 1280px\" \/><\/p>\n<p style=\"text-align: center;\" aria-level=\"3\">Photo by\u00a0<a class=\"markup--anchor markup--figure-anchor\" href=\"https:\/\/unsplash.com\/photos\/JNwGMYwtKV0?utm_source=unsplash&amp;utm_medium=referral&amp;utm_content=creditCopyText\" target=\"_blank\" rel=\"noopener noreferrer\" data-href=\"https:\/\/unsplash.com\/photos\/JNwGMYwtKV0?utm_source=unsplash&amp;utm_medium=referral&amp;utm_content=creditCopyText\">Fischer Twins<\/a>\u00a0on\u00a0<a class=\"markup--anchor markup--figure-anchor\" href=\"https:\/\/unsplash.com\/?utm_source=unsplash&amp;utm_medium=referral&amp;utm_content=creditCopyText\" target=\"_blank\" rel=\"noopener noreferrer\" data-href=\"https:\/\/unsplash.com\/?utm_source=unsplash&amp;utm_medium=referral&amp;utm_content=creditCopyText\">Unsplash<\/a><\/p>\n<h4 aria-level=\"3\"><span data-contrast=\"none\">Des lueurs d\u2019espoir<\/span><span data-ccp-props=\"{&quot;201341983&quot;:1,&quot;335559739&quot;:120,&quot;335559740&quot;:220}\">\u00a0<\/span><\/h4>\n<p><span data-contrast=\"none\">Pour les \u00e9tudiants chr\u00e9tiens et pour les \u00e9quipiers d\u2019IVCF, c\u2019est une terre dure \u00e0 d\u00e9fricher. Il y a de l\u2019opposition de la part des autorit\u00e9s de l\u2019universit\u00e9 ; il y a \u00e9galement de la r\u00e9sistance et une r\u00e9elle apathie chez les \u00e9tudiants eux-m\u00eames. Mais il y a \u00e9galement des lueurs d&rsquo;espoir ici et l\u00e0 dans la ville \u2013 des histoires o\u00f9 Dieu transforme le c\u0153ur des \u00e9tudiants, leur offre une vie nouvelle et les fortifie pour leur permettre de pers\u00e9v\u00e9rer devant l\u2019opposition.<\/span><span data-ccp-props=\"{&quot;201341983&quot;:2,&quot;335559685&quot;:374,&quot;335559739&quot;:120,&quot;335559740&quot;:240,&quot;335559991&quot;:187}\">\u00a0<\/span><\/p>\n<p><span data-contrast=\"none\">Geralyn \u00e9tait une \u00e9tudiante int\u00e9ress\u00e9e \u00e0 en savoir davantage sur la foi lorsqu\u2019elle a entam\u00e9 ses \u00e9tudes universitaires. Elle a assist\u00e9 aux \u00e9tudes bibliques d\u2019IVCF chaque semaine, o\u00f9 elle a pos\u00e9 toutes ses questions difficiles. C\u2019est lors d\u2019un \u00e9v\u00e9nement organis\u00e9 par IVCF en 2013 qu\u2019elle a pleinement compris l\u2019\u00c9vangile et qu\u2019elle a donn\u00e9 sa vie au Seigneur. Elle a continu\u00e9 \u00e0 participer aux \u00e9tudes bibliques par la suite et elle a vu de r\u00e9els changements se produire dans son mode de vie, ses attitudes et ses perspectives. Comme elle a grandi dans un foyer bris\u00e9, le plus grand changement dans le c\u0153ur de Geralyn a \u00e9t\u00e9 de pardonner \u00e0 ses parents et de ressentir \u00e0 nouveau de l\u2019amour \u00e0 leur \u00e9gard. Geralyn a depuis peu entrepris de servir en tant qu\u2019\u00e9quipi\u00e8re d\u2019IVCF aux Philippines.<\/span><span data-ccp-props=\"{&quot;201341983&quot;:2,&quot;335559685&quot;:374,&quot;335559739&quot;:120,&quot;335559740&quot;:240,&quot;335559991&quot;:187}\">\u00a0<\/span><\/p>\n<p><span data-contrast=\"none\">Ryan poursuit actuellement des \u00e9tudes de ma\u00eetrise en sciences et il est un membre actif de son groupe IVCF local.<\/span><span data-contrast=\"none\">\u00a0<\/span><span data-contrast=\"none\">La formation et la communion fraternelle qu\u2019il y a trouv\u00e9es l\u2019ont encourag\u00e9 \u00e0 pers\u00e9v\u00e9rer devant l\u2019opposition.<\/span><span data-ccp-props=\"{&quot;201341983&quot;:2,&quot;335559685&quot;:374,&quot;335559739&quot;:120,&quot;335559740&quot;:240,&quot;335559991&quot;:187}\">\u00a0<\/span><\/p>\n<p><em>\u00ab\u202fLes membres de ma famille me pers\u00e9cutent parce qu\u2019ils me reprochent d\u2019avoir chang\u00e9 de religion. Je leur dit que ma foi est bas\u00e9e sur la Bible, mais ils parlent de moi de fa\u00e7on n\u00e9gative. Je me sens si d\u00e9prim\u00e9. Mais je sais que Dieu est toujours l\u00e0. C&rsquo;est pourquoi je prie pour ma famille. Je prie pour leur salut. Je demande qu\u2019ils viennent \u00e0 v\u00e9ritablement d\u00e9couvrir qui est Dieu et qu\u2019ils r\u00e9fl\u00e9chissent \u00e0 la v\u00e9rit\u00e9 que la Bible r\u00e9v\u00e8le.\u202f\u00bb\u00a0<\/em><\/p>\n<p><span data-contrast=\"none\">Geralyn et Ryan sont deux exemples de nombreux \u00e9tudiants dans la vie desquels Dieu est \u00e0 l\u2019\u0153uvre.<\/span><span data-ccp-props=\"{&quot;201341983&quot;:2,&quot;335559685&quot;:374,&quot;335559739&quot;:120,&quot;335559740&quot;:240,&quot;335559991&quot;:187}\">\u00a0<\/span><\/p>\n<h4 aria-level=\"3\"><span data-contrast=\"none\">Devant le pr\u00e9sident<\/span><span data-ccp-props=\"{&quot;201341983&quot;:1,&quot;335559739&quot;:120,&quot;335559740&quot;:220}\">\u00a0<\/span><\/h4>\n<p><i><span data-contrast=\"none\">Je me trouvais en face du pr\u00e9sident de l\u2019universit\u00e9. Au cours de l\u2019interrogatoire, j\u2019ai calmement r\u00e9pondu \u00e0 toutes leurs questions. Je leur ai \u00e9galement mentionn\u00e9 qu\u2019une universit\u00e9 d\u2019\u00c9tat est la propri\u00e9t\u00e9 du peuple philippin et de ses citoyens, et qu\u2019ainsi, cela nous accordait la libert\u00e9 de pratiquer la religion de notre choix. L\u2019interrogatoire s\u2019est poursuivi pendant une bonne heure. Apr\u00e8s m\u2019avoir menac\u00e9 de me jeter en\u00a0<\/span><\/i><i><span data-contrast=\"none\">prison, ils m\u2019ont rel\u00e2ch\u00e9, en me commandant de rester \u00e0 distance du campus sinon je courais le risque d\u2019\u00eatre arr\u00eat\u00e9.<\/span><\/i><span data-ccp-props=\"{&quot;201341983&quot;:2,&quot;335559685&quot;:374,&quot;335559739&quot;:120,&quot;335559740&quot;:240,&quot;335559991&quot;:187}\">\u00a0<\/span><\/p>\n<p><i><span data-contrast=\"none\">J\u2019ai grimp\u00e9 dans le bus et je suis rentr\u00e9 chez moi. Le parcours de trois heures m\u2019a donn\u00e9 l\u2019occasion de r\u00e9fl\u00e9chir \u00e0 la situation. J\u2019ai remerci\u00e9 Dieu pour la mani\u00e8re dont il m\u2019avait miraculeusement assur\u00e9 de sa pr\u00e9sence. J\u2019ai estim\u00e9 que mon exp\u00e9rience de pers\u00e9cution \u00e9tait relativement insignifiante compar\u00e9e \u00e0 celle de l\u2019ap\u00f4tre Paul \u2013 et pourtant, j\u2019avais tellement eu peur. Cela m\u2019a permis de comprendre que le combat spirituel est bien r\u00e9el et combien l\u2019ennemi d\u00e9teste que nous soyons activement engag\u00e9s dans l&rsquo;annonce de l\u2019\u00c9vangile.<\/span><\/i><span data-ccp-props=\"{&quot;201341983&quot;:2,&quot;335559685&quot;:374,&quot;335559739&quot;:120,&quot;335559740&quot;:240,&quot;335559991&quot;:187}\">\u00a0<\/span><\/p>\n<p><img loading=\"lazy\" decoding=\"async\" class=\"alignnone wp-image-2036 size-full\" src=\"https:\/\/ifesworld.org\/wp-content\/uploads\/2019\/05\/190409_ina-carolino-499377-unsplash.jpg\" alt=\"190409_ina-carolino-499377-unsplash\" width=\"1280\" height=\"720\" srcset=\"https:\/\/ifesworld.org\/wp-content\/uploads\/2019\/05\/190409_ina-carolino-499377-unsplash.jpg 1280w, https:\/\/ifesworld.org\/wp-content\/uploads\/2019\/05\/190409_ina-carolino-499377-unsplash-300x169.jpg 300w, https:\/\/ifesworld.org\/wp-content\/uploads\/2019\/05\/190409_ina-carolino-499377-unsplash-768x432.jpg 768w, https:\/\/ifesworld.org\/wp-content\/uploads\/2019\/05\/190409_ina-carolino-499377-unsplash-1024x576.jpg 1024w\" sizes=\"auto, (max-width: 1280px) 100vw, 1280px\" \/><\/p>\n<p style=\"text-align: center;\">Photo by\u00a0<a class=\"markup--anchor markup--figure-anchor\" href=\"https:\/\/unsplash.com\/photos\/6CrcveXyr6U?utm_source=unsplash&amp;utm_medium=referral&amp;utm_content=creditCopyText\" target=\"_blank\" rel=\"noopener noreferrer\" data-href=\"https:\/\/unsplash.com\/photos\/6CrcveXyr6U?utm_source=unsplash&amp;utm_medium=referral&amp;utm_content=creditCopyText\">Ina Carolino<\/a>\u00a0on\u00a0<a class=\"markup--anchor markup--figure-anchor\" href=\"https:\/\/unsplash.com\/?utm_source=unsplash&amp;utm_medium=referral&amp;utm_content=creditCopyText\" target=\"_blank\" rel=\"noopener noreferrer\" data-href=\"https:\/\/unsplash.com\/?utm_source=unsplash&amp;utm_medium=referral&amp;utm_content=creditCopyText\">Unsplash<\/a><\/p>\n<p><i><span data-contrast=\"none\">Une fois arriv\u00e9 \u00e0 la maison, j\u2019ai appris que le responsable des affaires \u00e9tudiantes avait averti les \u00e9tudiants de ne plus participer \u00e0 nos rencontres. S\u2019ils le faisaient, ils seraient expuls\u00e9s. Je suis retourn\u00e9 la semaine suivante, apr\u00e8s avoir convenu avec les \u00e9tudiants de les voir en dehors du campus. Cinq d&rsquo;entre eux seulement se sont pr\u00e9sent\u00e9s.<\/span><\/i><span data-ccp-props=\"{&quot;201341983&quot;:2,&quot;335559685&quot;:374,&quot;335559739&quot;:120,&quot;335559740&quot;:240,&quot;335559991&quot;:187}\">\u00a0<\/span><\/p>\n<p><span data-contrast=\"none\">Quatre ans plus tard, je loue Dieu que le minist\u00e8re \u00e0 cette universit\u00e9 ne cesse se d\u00e9velopper en d\u00e9pit des d\u00e9fis rencontr\u00e9s. Le groupe continue de se rencontrer en dehors du campus, dans une p\u00e2tisserie. Environ 3 500 \u00e9tudiants sont impliqu\u00e9s au sein d\u2019IVCF \u00e0 travers le pays, partageant le message de l\u2019esp\u00e9rance de l\u2019\u00c9vangile au sein des universit\u00e9s.<\/span><span data-ccp-props=\"{&quot;201341983&quot;:2,&quot;335559685&quot;:374,&quot;335559739&quot;:120,&quot;335559740&quot;:240,&quot;335559991&quot;:187}\">\u00a0<\/span><\/p>\n","protected":false},"featured_media":2037,"template":"","area":[455,503],"theme":[1259],"class_list":["post-2039","conexion","type-conexion","status-publish","has-post-thumbnail","hentry","area-east-asia","area-philippines","theme-mon-histoire"],"acf":[],"yoast_head":"<!-- This site is optimized with the Yoast SEO plugin v27.2 - https:\/\/yoast.com\/product\/yoast-seo-wordpress\/ -->\n<title>Debout devant le pr\u00e9sident &#183; IFES Conexi\u00f3n Blog<\/title>\n<meta name=\"description\" content=\"\u00a0Nous nous \u00e9tions rencontr\u00e9s chaque semaine depuis quelques mois, 15-20 \u00e9tudiants de confession catholique et moi. Un jour, nous \u00e9tions pench\u00e9s sur\" \/>\n<meta name=\"robots\" content=\"index, follow, max-snippet:-1, max-image-preview:large, max-video-preview:-1\" \/>\n<link rel=\"canonical\" href=\"https:\/\/ifesworld.org\/fr\/blog\/debout-devant-le-president\/\" \/>\n<meta property=\"og:locale\" content=\"fr_FR\" \/>\n<meta property=\"og:type\" content=\"article\" \/>\n<meta property=\"og:title\" content=\"Debout devant le pr\u00e9sident &#183; IFES Conexi\u00f3n Blog\" \/>\n<meta property=\"og:description\" content=\"\u00a0Nous nous \u00e9tions rencontr\u00e9s chaque semaine depuis quelques mois, 15-20 \u00e9tudiants de confession catholique et moi. Un jour, nous \u00e9tions pench\u00e9s sur\" \/>\n<meta property=\"og:url\" content=\"https:\/\/ifesworld.org\/fr\/blog\/debout-devant-le-president\/\" \/>\n<meta property=\"og:site_name\" content=\"IFES\" \/>\n<meta property=\"article:modified_time\" content=\"2019-07-03T13:16:52+00:00\" \/>\n<meta property=\"og:image\" content=\"https:\/\/ifesworld.org\/wp-content\/uploads\/2019\/05\/190409_nicola-fioravanti-773425-unsplash.jpg\" \/>\n\t<meta property=\"og:image:width\" content=\"1281\" \/>\n\t<meta property=\"og:image:height\" content=\"721\" \/>\n\t<meta property=\"og:image:type\" content=\"image\/jpeg\" \/>\n<meta name=\"twitter:card\" content=\"summary_large_image\" \/>\n<meta name=\"twitter:label1\" content=\"Dur\u00e9e de lecture estim\u00e9e\" \/>\n\t<meta name=\"twitter:data1\" content=\"7 minutes\" \/>\n<script type=\"application\/ld+json\" class=\"yoast-schema-graph\">{\"@context\":\"https:\/\/schema.org\",\"@graph\":[{\"@type\":\"WebPage\",\"@id\":\"https:\/\/ifesworld.org\/fr\/blog\/debout-devant-le-president\/\",\"url\":\"https:\/\/ifesworld.org\/fr\/blog\/debout-devant-le-president\/\",\"name\":\"Debout devant le pr\u00e9sident &#183; IFES Conexi\u00f3n Blog\",\"isPartOf\":{\"@id\":\"https:\/\/ifesworld.org\/es\/#website\"},\"primaryImageOfPage\":{\"@id\":\"https:\/\/ifesworld.org\/fr\/blog\/debout-devant-le-president\/#primaryimage\"},\"image\":{\"@id\":\"https:\/\/ifesworld.org\/fr\/blog\/debout-devant-le-president\/#primaryimage\"},\"thumbnailUrl\":\"https:\/\/ifesworld.org\/wp-content\/uploads\/2019\/05\/190409_nicola-fioravanti-773425-unsplash.jpg\",\"datePublished\":\"2019-05-21T14:32:01+00:00\",\"dateModified\":\"2019-07-03T13:16:52+00:00\",\"description\":\"\u00a0Nous nous \u00e9tions rencontr\u00e9s chaque semaine depuis quelques mois, 15-20 \u00e9tudiants de confession catholique et moi. Un jour, nous \u00e9tions pench\u00e9s sur\",\"breadcrumb\":{\"@id\":\"https:\/\/ifesworld.org\/fr\/blog\/debout-devant-le-president\/#breadcrumb\"},\"inLanguage\":\"fr-FR\",\"potentialAction\":[{\"@type\":\"ReadAction\",\"target\":[\"https:\/\/ifesworld.org\/fr\/blog\/debout-devant-le-president\/\"]}]},{\"@type\":\"ImageObject\",\"inLanguage\":\"fr-FR\",\"@id\":\"https:\/\/ifesworld.org\/fr\/blog\/debout-devant-le-president\/#primaryimage\",\"url\":\"https:\/\/ifesworld.org\/wp-content\/uploads\/2019\/05\/190409_nicola-fioravanti-773425-unsplash.jpg\",\"contentUrl\":\"https:\/\/ifesworld.org\/wp-content\/uploads\/2019\/05\/190409_nicola-fioravanti-773425-unsplash.jpg\",\"width\":1281,\"height\":721,\"caption\":\"190409_nicola-fioravanti-773425-unsplash\"},{\"@type\":\"BreadcrumbList\",\"@id\":\"https:\/\/ifesworld.org\/fr\/blog\/debout-devant-le-president\/#breadcrumb\",\"itemListElement\":[{\"@type\":\"ListItem\",\"position\":1,\"name\":\"Home\",\"item\":\"https:\/\/ifesworld.org\/fr\/\"},{\"@type\":\"ListItem\",\"position\":2,\"name\":\"Conexi\u00f3n\",\"item\":\"https:\/\/ifesworld.org\/es\/blog\/\"},{\"@type\":\"ListItem\",\"position\":3,\"name\":\"Debout devant le pr\u00e9sident\"}]},{\"@type\":\"WebSite\",\"@id\":\"https:\/\/ifesworld.org\/es\/#website\",\"url\":\"https:\/\/ifesworld.org\/es\/\",\"name\":\"IFES\",\"description\":\"A movement of students sharing and living out the good news of Jesus Christ. Locally. Nationally. Globally.\",\"publisher\":{\"@id\":\"https:\/\/ifesworld.org\/es\/#organization\"},\"potentialAction\":[{\"@type\":\"SearchAction\",\"target\":{\"@type\":\"EntryPoint\",\"urlTemplate\":\"https:\/\/ifesworld.org\/es\/?s={search_term_string}\"},\"query-input\":{\"@type\":\"PropertyValueSpecification\",\"valueRequired\":true,\"valueName\":\"search_term_string\"}}],\"inLanguage\":\"fr-FR\"},{\"@type\":\"Organization\",\"@id\":\"https:\/\/ifesworld.org\/es\/#organization\",\"name\":\"IFES \u00b7 International Fellowship of Evangelical Students\",\"url\":\"https:\/\/ifesworld.org\/es\/\",\"logo\":{\"@type\":\"ImageObject\",\"inLanguage\":\"fr-FR\",\"@id\":\"https:\/\/ifesworld.org\/es\/#\/schema\/logo\/image\/\",\"url\":\"https:\/\/ifesworld.org\/wp-content\/uploads\/2019\/06\/ifeslogo.png\",\"contentUrl\":\"https:\/\/ifesworld.org\/wp-content\/uploads\/2019\/06\/ifeslogo.png\",\"width\":262,\"height\":262,\"caption\":\"IFES \u00b7 International Fellowship of Evangelical Students\"},\"image\":{\"@id\":\"https:\/\/ifesworld.org\/es\/#\/schema\/logo\/image\/\"}}]}<\/script>\n<!-- \/ Yoast SEO plugin. -->","yoast_head_json":{"title":"Debout devant le pr\u00e9sident &#183; IFES Conexi\u00f3n Blog","description":"\u00a0Nous nous \u00e9tions rencontr\u00e9s chaque semaine depuis quelques mois, 15-20 \u00e9tudiants de confession catholique et moi. Un jour, nous \u00e9tions pench\u00e9s sur","robots":{"index":"index","follow":"follow","max-snippet":"max-snippet:-1","max-image-preview":"max-image-preview:large","max-video-preview":"max-video-preview:-1"},"canonical":"https:\/\/ifesworld.org\/fr\/blog\/debout-devant-le-president\/","og_locale":"fr_FR","og_type":"article","og_title":"Debout devant le pr\u00e9sident &#183; IFES Conexi\u00f3n Blog","og_description":"\u00a0Nous nous \u00e9tions rencontr\u00e9s chaque semaine depuis quelques mois, 15-20 \u00e9tudiants de confession catholique et moi. Un jour, nous \u00e9tions pench\u00e9s sur","og_url":"https:\/\/ifesworld.org\/fr\/blog\/debout-devant-le-president\/","og_site_name":"IFES","article_modified_time":"2019-07-03T13:16:52+00:00","og_image":[{"width":1281,"height":721,"url":"https:\/\/ifesworld.org\/wp-content\/uploads\/2019\/05\/190409_nicola-fioravanti-773425-unsplash.jpg","type":"image\/jpeg"}],"twitter_card":"summary_large_image","twitter_misc":{"Dur\u00e9e de lecture estim\u00e9e":"7 minutes"},"schema":{"@context":"https:\/\/schema.org","@graph":[{"@type":"WebPage","@id":"https:\/\/ifesworld.org\/fr\/blog\/debout-devant-le-president\/","url":"https:\/\/ifesworld.org\/fr\/blog\/debout-devant-le-president\/","name":"Debout devant le pr\u00e9sident &#183; IFES Conexi\u00f3n Blog","isPartOf":{"@id":"https:\/\/ifesworld.org\/es\/#website"},"primaryImageOfPage":{"@id":"https:\/\/ifesworld.org\/fr\/blog\/debout-devant-le-president\/#primaryimage"},"image":{"@id":"https:\/\/ifesworld.org\/fr\/blog\/debout-devant-le-president\/#primaryimage"},"thumbnailUrl":"https:\/\/ifesworld.org\/wp-content\/uploads\/2019\/05\/190409_nicola-fioravanti-773425-unsplash.jpg","datePublished":"2019-05-21T14:32:01+00:00","dateModified":"2019-07-03T13:16:52+00:00","description":"\u00a0Nous nous \u00e9tions rencontr\u00e9s chaque semaine depuis quelques mois, 15-20 \u00e9tudiants de confession catholique et moi. Un jour, nous \u00e9tions pench\u00e9s sur","breadcrumb":{"@id":"https:\/\/ifesworld.org\/fr\/blog\/debout-devant-le-president\/#breadcrumb"},"inLanguage":"fr-FR","potentialAction":[{"@type":"ReadAction","target":["https:\/\/ifesworld.org\/fr\/blog\/debout-devant-le-president\/"]}]},{"@type":"ImageObject","inLanguage":"fr-FR","@id":"https:\/\/ifesworld.org\/fr\/blog\/debout-devant-le-president\/#primaryimage","url":"https:\/\/ifesworld.org\/wp-content\/uploads\/2019\/05\/190409_nicola-fioravanti-773425-unsplash.jpg","contentUrl":"https:\/\/ifesworld.org\/wp-content\/uploads\/2019\/05\/190409_nicola-fioravanti-773425-unsplash.jpg","width":1281,"height":721,"caption":"190409_nicola-fioravanti-773425-unsplash"},{"@type":"BreadcrumbList","@id":"https:\/\/ifesworld.org\/fr\/blog\/debout-devant-le-president\/#breadcrumb","itemListElement":[{"@type":"ListItem","position":1,"name":"Home","item":"https:\/\/ifesworld.org\/fr\/"},{"@type":"ListItem","position":2,"name":"Conexi\u00f3n","item":"https:\/\/ifesworld.org\/es\/blog\/"},{"@type":"ListItem","position":3,"name":"Debout devant le pr\u00e9sident"}]},{"@type":"WebSite","@id":"https:\/\/ifesworld.org\/es\/#website","url":"https:\/\/ifesworld.org\/es\/","name":"IFES","description":"A movement of students sharing and living out the good news of Jesus Christ. Locally. Nationally. Globally.","publisher":{"@id":"https:\/\/ifesworld.org\/es\/#organization"},"potentialAction":[{"@type":"SearchAction","target":{"@type":"EntryPoint","urlTemplate":"https:\/\/ifesworld.org\/es\/?s={search_term_string}"},"query-input":{"@type":"PropertyValueSpecification","valueRequired":true,"valueName":"search_term_string"}}],"inLanguage":"fr-FR"},{"@type":"Organization","@id":"https:\/\/ifesworld.org\/es\/#organization","name":"IFES \u00b7 International Fellowship of Evangelical Students","url":"https:\/\/ifesworld.org\/es\/","logo":{"@type":"ImageObject","inLanguage":"fr-FR","@id":"https:\/\/ifesworld.org\/es\/#\/schema\/logo\/image\/","url":"https:\/\/ifesworld.org\/wp-content\/uploads\/2019\/06\/ifeslogo.png","contentUrl":"https:\/\/ifesworld.org\/wp-content\/uploads\/2019\/06\/ifeslogo.png","width":262,"height":262,"caption":"IFES \u00b7 International Fellowship of Evangelical Students"},"image":{"@id":"https:\/\/ifesworld.org\/es\/#\/schema\/logo\/image\/"}}]}},"_links":{"self":[{"href":"https:\/\/ifesworld.org\/fr\/wp-json\/wp\/v2\/conexion\/2039","targetHints":{"allow":["GET"]}}],"collection":[{"href":"https:\/\/ifesworld.org\/fr\/wp-json\/wp\/v2\/conexion"}],"about":[{"href":"https:\/\/ifesworld.org\/fr\/wp-json\/wp\/v2\/types\/conexion"}],"wp:featuredmedia":[{"embeddable":true,"href":"https:\/\/ifesworld.org\/fr\/wp-json\/wp\/v2\/media\/2037"}],"wp:attachment":[{"href":"https:\/\/ifesworld.org\/fr\/wp-json\/wp\/v2\/media?parent=2039"}],"wp:term":[{"taxonomy":"area","embeddable":true,"href":"https:\/\/ifesworld.org\/fr\/wp-json\/wp\/v2\/area?post=2039"},{"taxonomy":"theme","embeddable":true,"href":"https:\/\/ifesworld.org\/fr\/wp-json\/wp\/v2\/theme?post=2039"}],"curies":[{"name":"wp","href":"https:\/\/api.w.org\/{rel}","templated":true}]}}