{"id":12885,"date":"2020-07-30T05:30:00","date_gmt":"2020-07-30T04:30:00","guid":{"rendered":"https:\/\/ifesworld.org\/?post_type=conexion&#038;p=12885"},"modified":"2020-07-29T15:26:18","modified_gmt":"2020-07-29T14:26:18","slug":"faire-de-la-place","status":"publish","type":"conexion","link":"https:\/\/ifesworld.org\/fr\/blog\/faire-de-la-place\/","title":{"rendered":"Faire de la place"},"content":{"rendered":"<div class=\"wp-block block-core-paragraph\">\n<p class=\"wp-block-paragraph\">Le changement commence par l\u2019\u00e9coute. \u00c9couter peut se r\u00e9v\u00e9ler p\u00e9nible. Il est peut-\u00eatre plus facile d\u2019\u00e9viter cette g\u00eane en se retirant, mais nous risquons alors de passer \u00e0 c\u00f4t\u00e9 de changements n\u00e9cessaires auxquels Dieu nous appelle. Puisqu\u2019un nombre croissant d\u00e9bat de l\u2019in\u00e9galit\u00e9 raciale suite \u00e0 la mort de George Floyd, cette question est devenue plus difficile \u00e0 \u00e9viter ; mais qu\u2019en est-il au sein des communaut\u00e9s chr\u00e9tiennes ? Apr\u00e8s avoir \u00e9t\u00e9 \u00e0 l\u2019universit\u00e9 au Royaume-Uni,&nbsp;Bandile*, un \u00e9tudiant d\u2019Afrique du Sud, veut inciter les chr\u00e9tiens \u00e0 mieux \u00e9couter les croyants venant d\u2019origines diff\u00e9rentes.&nbsp;<\/p>\n<\/div>\n\n<div class=\"wp-block block-core-heading\">\n<h3 class=\"wp-block-heading\"><strong>S\u2019int\u00e9grer<\/strong>&nbsp;<\/h3>\n<\/div>\n\n<div class=\"wp-block block-core-paragraph\">\n<p class=\"wp-block-paragraph\">Avant que&nbsp;Bandile&nbsp;d\u00e9m\u00e9nage au Royaume-Uni, il craignait de s\u2019y sentir \u00e9tranger. Cependant, il d\u00e9couvrit avec joie que le caract\u00e8re international de l\u2019universit\u00e9 lui \u00e9pargnait ce ressenti. Ce fut le cas, du moins jusqu\u2019\u00e0 ce qu\u2019il s\u2019engage dans une \u00e9glise.&nbsp;<\/p>\n<\/div>\n\n<div class=\"wp-block block-core-quote\">\n<blockquote class=\"wp-block-quote is-layout-flow wp-block-quote-is-layout-flow\"><p><em>\u00ab\u202fEn tant qu\u2019\u00e9tudiant international issu d&rsquo;une minorit\u00e9 ethnique, la premi\u00e8re chose que j\u2019ai commenc\u00e9 \u00e0 remarquer,&nbsp;c\u2019\u00e9taient&nbsp;les diff\u00e9rences entre moi et les autres membres. Je me sentais oblig\u00e9 d\u2019imiter la cat\u00e9gorie dominante (les chr\u00e9tiens blancs) pour qu\u2019elle m\u2019accepte.\u202f\u00bb<\/em>&nbsp;<\/p><\/blockquote>\n<\/div>\n\n<div class=\"wp-block block-core-paragraph\">\n<p class=\"wp-block-paragraph\">Bandile&nbsp;dut changer son comportement pour s\u2019int\u00e9grer. Il modifiait sa mani\u00e8re de parler, ses expressions et m\u00eame le ton de sa voix.&nbsp;Il affirme que c\u2019est fr\u00e9quent parmi les \u00e9tudiants noirs, asiatiques ou d\u2019une minorit\u00e9 ethnique qui arrivent dans un milieu majoritairement blanc.&nbsp;&nbsp;<\/p>\n<\/div>\n\n<div class=\"wp-block block-core-heading\">\n<h3 class=\"wp-block-heading\"><strong>Exprimer sa culture<\/strong>&nbsp;<\/h3>\n<\/div>\n\n<div class=\"wp-block block-core-paragraph\">\n<p class=\"wp-block-paragraph\">Concernant la culture d\u2019\u00e9glise,&nbsp;Bandile&nbsp;remarqua de nombreuses diff\u00e9rences entre les deux pays, en particulier vis-\u00e0-vis de la louange et de la formation de disciples. En Afrique du Sud, les gens \u00e9taient tr\u00e8s expressifs dans leur louange, et la formation de disciples avait lieu de mani\u00e8re organique dans des cadres tr\u00e8s vari\u00e9s. Au Royaume-Uni, les cultes \u00e9taient structur\u00e9s et les responsables formaient les disciples \u00e0 travers des rencontres en bin\u00f4me, en mettant particuli\u00e8rement l\u2019accent sur la th\u00e9ologie.&nbsp;Bandile&nbsp;appr\u00e9ciait beaucoup ce nouvel angle de vue britannique, tout en ayant le sentiment que le christianisme sud-africain avait de pr\u00e9cieuses qualit\u00e9s qui n\u2019\u00e9taient pas toujours reconnues.&nbsp;<\/p>\n<\/div>\n\n<div class=\"wp-block block-core-paragraph\">\n<p class=\"wp-block-paragraph\">Un dimanche, son pasteur l\u2019invita \u00e0 faire une d\u00e9clamation lors d\u2019un culte d\u2019adoration. Il r\u00e9cita \u00c9ph\u00e9siens 2 en ajustant quelque peu son expression \u00e0 certains points-cl\u00e9s. Par la suite, plusieurs membres de l\u2019\u00e9glise l\u2019abord\u00e8rent et lui reproch\u00e8rent d\u2019avoir essay\u00e9 d\u2019animer un peu trop le culte. Il \u00e9tait perplexe. A ses yeux, il adorait de fa\u00e7on normale.&nbsp;Bandile&nbsp;se rendit compte que, du fait d\u2019\u00eatre noir, on l\u2019associait souvent, consciemment ou non, \u00e0 certains st\u00e9r\u00e9otypes, comme le fait d\u2019\u00eatre \u00ab\u202ftendance\u202f\u00bb, \u00ab\u202fcool\u202f\u00bb ou \u00ab\u202fdr\u00f4le\u202f\u00bb.&nbsp;Les gens \u00e9taient trop distraits par ces \u00e9tiquettes pour voir que ce qu\u2019il partageait \u00e9tait authentique.&nbsp;Bandile&nbsp;raconte que, pour la m\u00eame raison, il ne savait pas toujours si l\u2019on voulait \u00eatre son ami pour des motifs sinc\u00e8res ou simplement parce qu\u2019il \u00e9tait noir.&nbsp;&nbsp;<\/p>\n<\/div>\n\n<div class=\"wp-block block-core-quote\">\n<blockquote class=\"wp-block-quote is-layout-flow wp-block-quote-is-layout-flow\"><p><em>\u00ab\u202fLes gens ont beaucoup de pr\u00e9suppos\u00e9s. Ils te regardent et ont des id\u00e9es pr\u00e9con\u00e7ues envers toi. Elles peuvent tout \u00e0 fait s\u2019av\u00e9rer bonnes, comme mauvaises. Mais cela fait douter les Africains de l\u2019authenticit\u00e9 de l\u2019amiti\u00e9 ou de la relation. Au Royaume-Uni, \u00eatre noir est consid\u00e9r\u00e9 comme \u00ab\u202fcool\u202f\u00bb. \u00c7a l\u2019est \u00e0 cause de la musique ou de la culture populaire. Et cette id\u00e9e est un fait \u00e9tabli dans la t\u00eate des gens. J\u2019ai trouv\u00e9 \u00e7a tr\u00e8s difficile \u00e0 discerner dans mes relations.\u202f\u00bb&nbsp;<\/em>&nbsp;<\/p><\/blockquote>\n<\/div>\n\n<div class=\"wp-block block-core-heading\">\n<h3 class=\"wp-block-heading\"><strong>Faire de la place \u00e0 l\u2019\u00e9coute<\/strong>&nbsp;<\/h3>\n<\/div>\n\n<div class=\"wp-block block-core-paragraph\">\n<p class=\"wp-block-paragraph\">Sans entretenir de liens authentiques avec les \u00e9tudiants de minorit\u00e9s ethniques, il sera impossible de savoir comment leur faire une place au sein d\u2019un groupe de la meilleure fa\u00e7on qui soit. Les autres \u00e9tudiants dans le m\u00eame cas peuvent aussi se montrer moins enclins \u00e0 venir s\u2019ils ne voient personne&nbsp;comme eux. Par exemple, quand&nbsp;Bandile&nbsp;invita plusieurs amis noirs \u00e0 aider \u00e0 la semaine d\u2019\u00e9vang\u00e9lisation de son \u00e9glise, il remarqua imm\u00e9diatement l\u2019arriv\u00e9e de plus d\u2019\u00e9tudiants issus de minorit\u00e9s ethniques.&nbsp;&nbsp;<\/p>\n<\/div>\n\n<div class=\"wp-block block-core-quote\">\n<blockquote class=\"wp-block-quote is-layout-flow wp-block-quote-is-layout-flow\"><p><em>\u00ab\u202fGr\u00e2ce \u00e0 leur pr\u00e9sence, plus de noirs sont venus \u00e0 l\u2019\u00e9v\u00e9nement. Ils regardaient \u00e0 l&rsquo;int\u00e9rieur de la salle et ont vu plus de visages noirs. Cela veut dire qu&rsquo;ils ont vu ce qui leur \u00e9tait familier et se sont sentis plus \u00e0 l\u2019aise.\u202f\u00bb&nbsp;<\/em>&nbsp;<\/p><\/blockquote>\n<\/div>\n\n<div class=\"wp-block block-core-paragraph\">\n<p class=\"wp-block-paragraph\">Que faudra-t-il donc pour que les \u00e9glises et les minist\u00e8res \u00e9tudiants fassent de la place aux membres de minorit\u00e9s ethniques ? L\u2019\u00e9coute.&nbsp;&nbsp;<\/p>\n<\/div>\n\n<div class=\"wp-block block-core-paragraph\">\n<p class=\"wp-block-paragraph\">M\u00eame si&nbsp;Bandile&nbsp;savait que son \u00e9glise l\u2019aimait vraiment, il estime qu\u2019elle n\u2019a pas tent\u00e9 de le comprendre. Il pense que cela est d\u00fb au fait que les membres avaient peur de dire quelque chose de mal. Il aurait souhait\u00e9 que l\u2019\u00e9glise soit plus dispos\u00e9e \u00e0 reconna\u00eetre et discuter de leurs diff\u00e9rences raciales. Pour lui, la pire des choses que les membres de communaut\u00e9s chr\u00e9tiennes peuvent dire, c\u2019est qu\u2019ils ne voient pas de couleur. Si l\u2019id\u00e9e peut venir d&rsquo;un bon fond, elle d\u00e9shonore l\u2019identit\u00e9 de quelqu\u2019un venant d&rsquo;une minorit\u00e9 ethnique.&nbsp;Bandile&nbsp;d\u00e9clare :&nbsp;&nbsp;<\/p>\n<\/div>\n\n<div class=\"wp-block block-core-quote\">\n<blockquote class=\"wp-block-quote is-layout-flow wp-block-quote-is-layout-flow\"><p><em>\u00ab\u202fNous voulons \u00eatre vus tels que nous sommes, et notre culture, notre h\u00e9ritage ainsi que la couleur de notre peau en font partie. Donc, quand vous dites : \u00ab\u202fJe ne vois pas de couleur\u202f\u00bb, vous effacez et ignorez cette part de notre identit\u00e9.\u202f\u00bb<\/em>&nbsp;&nbsp;<\/p><\/blockquote>\n<\/div>\n\n<div class=\"wp-block block-core-heading\">\n<h3 class=\"wp-block-heading\"><strong>Trouver l\u2019unit\u00e9 dans la diversit\u00e9<\/strong>&nbsp;<\/h3>\n<\/div>\n\n<div class=\"wp-block block-core-paragraph\">\n<p class=\"wp-block-paragraph\">Toutefois,&nbsp;Bandile&nbsp;explique que son identit\u00e9 ne se limite pas \u00e0 sa race.&nbsp;&nbsp;<\/p>\n<\/div>\n\n<div class=\"wp-block block-core-quote\">\n<blockquote class=\"wp-block-quote is-layout-flow wp-block-quote-is-layout-flow\"><p><em>\u00ab La race est un aspect essentiel de ce qu\u2019on est, mais elle n\u2019en repr\u00e9sente qu&rsquo;une partie. Elle ne te d\u00e9finit pas. C\u2019est Christ qui fait de toi ce que tu es. De ce fait, je me d\u00e9finis comme chr\u00e9tien avant de me d\u00e9finir comme noir, africain ou sud-africain.\u202f\u00bb&nbsp;<\/em>&nbsp;<\/p><\/blockquote>\n<\/div>\n\n<div class=\"wp-block block-core-paragraph\">\n<p class=\"wp-block-paragraph\">Le but recherch\u00e9 en discutant de la race n\u2019est pas de placer l\u2019identit\u00e9 raciale au-dessus de l\u2019\u00e9vangile, mais plut\u00f4t d\u2019avoir une image plus vive de Dieu.&nbsp;Bandile&nbsp;dit que, m\u00eame s\u2019il a eu du mal \u00e0 tisser des liens avec l\u2019\u00e9glise, il s\u2019est senti uni \u00e0 son assembl\u00e9e chr\u00e9tienne h\u00e9t\u00e9rog\u00e8ne.&nbsp;Au lieu de s\u2019accrocher fermement \u00e0 ses traditions, le groupe \u00e9tait plus pr\u00e9occup\u00e9 par les v\u00e9rit\u00e9s au c\u0153ur de l\u2019\u00e9vangile et utilisa ses diff\u00e9rences pour apprendre l\u2019un de l\u2019autre.&nbsp;<\/p>\n<\/div>\n\n<div class=\"wp-block block-core-heading\">\n<h3 class=\"wp-block-heading\"><strong>Lancer des discussions<\/strong>&nbsp;<\/h3>\n<\/div>\n\n<div class=\"wp-block block-core-paragraph\">\n<p class=\"wp-block-paragraph\">Bandile&nbsp;reconna\u00eet que lancer des discussions sur la race et l&rsquo;ethnie peut \u00eatre intimidant. Et pourtant, \u00e0 ses yeux, mieux vaut tr\u00e9bucher sur ses mots que garder le silence.&nbsp;<\/p>\n<\/div>\n\n<div class=\"wp-block block-core-quote\">\n<blockquote class=\"wp-block-quote is-layout-flow wp-block-quote-is-layout-flow\"><p><em>\u00ab\u202fL\u2019ignorance qui d\u00e9coule du fait de ne pas tenir compte de la race de l\u2019autre est un probl\u00e8me qui se perp\u00e9tuera tant que le fait d\u2019en parler ne deviendra pas normal. Ce qui emp\u00eache les gens d\u2019avoir une v\u00e9ritable discussion sur le sujet, c\u2019est la crainte : la crainte de l\u2019inconnu, du conflit, d\u2019offenser, de s\u2019\u00e9carter du politiquement correct.&nbsp;Cependant, la pire r\u00e9ponse qui soit \u00e0 cette crainte, c\u2019est le silence.\u202f\u00bb<\/em>&nbsp;<\/p><\/blockquote>\n<\/div>\n\n<div class=\"wp-block block-core-paragraph\">\n<p class=\"wp-block-paragraph\">Bandile&nbsp;affirme que le fait d\u2019\u00e9viter des discussions difficiles emp\u00eache les communaut\u00e9s chr\u00e9tiennes de grandir car elles ne sont jamais pouss\u00e9es \u00e0 consid\u00e9rer leur foi diff\u00e9remment. Cela les emp\u00eache \u00e9galement d\u2019agir dans le domaine de la justice. Si, dans notre propre \u00e9glise, nous n\u2019\u00e9coutons pas les personnes que la soci\u00e9t\u00e9 marginalise, comment pouvons-nous devenir des&nbsp;porte-paroles&nbsp;pour celles qui se trouvent en-dehors ?&nbsp;<\/p>\n<\/div>\n\n<div class=\"wp-block block-core-paragraph\">\n<p class=\"wp-block-paragraph\">M\u00eame si aborder ces questions avec des amis issus de minorit\u00e9s ethniques peut \u00eatre difficile,&nbsp;Bandile&nbsp;r\u00e9plique que le christianisme l\u2019a toujours \u00e9t\u00e9. Il encourage les \u00e9tudiants \u00e0 comparer ces discussions au fait d\u2019aborder l\u2019\u00e9vangile avec un ami. Au d\u00e9but, ce sera g\u00eanant, mais cela finira par devenir plus naturel.&nbsp;&nbsp;<\/p>\n<\/div>\n\n<div class=\"wp-block block-core-paragraph\">\n<p class=\"wp-block-paragraph\">\u00c9couter ceux qui, au sein de nos \u00e9glises ou de nos minist\u00e8res \u00e9tudiants, proviennent d\u2019arri\u00e8re-plans&nbsp;diff\u00e9rents est l\u2019un des premiers pas que les chr\u00e9tiens peuvent faire pour mener leur soci\u00e9t\u00e9 vers la r\u00e9conciliation raciale et ethnique.&nbsp;La diversit\u00e9 est un don \u00e9difiant qui nous pousse \u00e0 mieux comprendre le c\u0153ur de Dieu. L\u2019\u00e9changer contre l\u2019uniformit\u00e9, c\u2019est passer compl\u00e8tement \u00e0 c\u00f4t\u00e9 de la beaut\u00e9 de l\u2019\u00e9glise de Christ. Que faites-vous pour tenter de comprendre ceux qui sont diff\u00e9rents de vous ? Comment pouvez-vous faire de la place \u00e0 ceux qui viennent d\u2019un autre arri\u00e8re-plan ?&nbsp;<\/p>\n<\/div>\n\n<div class=\"wp-block block-core-paragraph\">\n<p class=\"wp-block-paragraph\">*Le nom a \u00e9t\u00e9 chang\u00e9&nbsp;<\/p>\n<\/div>","protected":false},"featured_media":12882,"template":"","area":[],"theme":[1252],"class_list":["post-12885","conexion","type-conexion","status-publish","has-post-thumbnail","hentry","theme-ministere-parmi-les-diplomes"],"acf":[],"yoast_head":"<!-- This site is optimized with the Yoast SEO plugin v27.2 - https:\/\/yoast.com\/product\/yoast-seo-wordpress\/ -->\n<title>Faire de la place &#183; IFES Conexi\u00f3n Blog<\/title>\n<meta name=\"description\" content=\"Le changement commence par l\u2019\u00e9coute. \u00c9couter peut se r\u00e9v\u00e9ler p\u00e9nible. Il est peut-\u00eatre plus facile d\u2019\u00e9viter cette g\u00eane en se retirant, mais nous risquons\" \/>\n<meta name=\"robots\" content=\"index, follow, max-snippet:-1, max-image-preview:large, max-video-preview:-1\" \/>\n<link rel=\"canonical\" href=\"https:\/\/ifesworld.org\/en\/blog\/making-space\/\" \/>\n<meta property=\"og:locale\" content=\"fr_FR\" \/>\n<meta property=\"og:type\" content=\"article\" \/>\n<meta property=\"og:title\" content=\"Faire de la place &#183; IFES Conexi\u00f3n Blog\" \/>\n<meta property=\"og:description\" content=\"Le changement commence par l\u2019\u00e9coute. \u00c9couter peut se r\u00e9v\u00e9ler p\u00e9nible. Il est peut-\u00eatre plus facile d\u2019\u00e9viter cette g\u00eane en se retirant, mais nous risquons\" \/>\n<meta property=\"og:url\" content=\"https:\/\/ifesworld.org\/en\/blog\/making-space\/\" \/>\n<meta property=\"og:site_name\" content=\"IFES\" \/>\n<meta property=\"og:image\" content=\"https:\/\/ifesworld.org\/wp-content\/uploads\/2020\/07\/l-ormiston-ifes-wa-2019-daytime-020719-43.jpg\" \/>\n\t<meta property=\"og:image:width\" content=\"1920\" \/>\n\t<meta property=\"og:image:height\" content=\"1280\" \/>\n\t<meta property=\"og:image:type\" content=\"image\/jpeg\" \/>\n<meta name=\"twitter:card\" content=\"summary_large_image\" \/>\n<meta name=\"twitter:label1\" content=\"Dur\u00e9e de lecture estim\u00e9e\" \/>\n\t<meta name=\"twitter:data1\" content=\"8 minutes\" \/>\n<script type=\"application\/ld+json\" class=\"yoast-schema-graph\">{\"@context\":\"https:\/\/schema.org\",\"@graph\":[{\"@type\":\"WebPage\",\"@id\":\"https:\/\/ifesworld.org\/en\/blog\/making-space\/\",\"url\":\"https:\/\/ifesworld.org\/en\/blog\/making-space\/\",\"name\":\"Faire de la place &#183; IFES Conexi\u00f3n Blog\",\"isPartOf\":{\"@id\":\"https:\/\/ifesworld.org\/es\/#website\"},\"primaryImageOfPage\":{\"@id\":\"https:\/\/ifesworld.org\/en\/blog\/making-space\/#primaryimage\"},\"image\":{\"@id\":\"https:\/\/ifesworld.org\/en\/blog\/making-space\/#primaryimage\"},\"thumbnailUrl\":\"https:\/\/ifesworld.org\/wp-content\/uploads\/2020\/07\/l-ormiston-ifes-wa-2019-daytime-020719-43.jpg\",\"datePublished\":\"2020-07-30T04:30:00+00:00\",\"description\":\"Le changement commence par l\u2019\u00e9coute. \u00c9couter peut se r\u00e9v\u00e9ler p\u00e9nible. Il est peut-\u00eatre plus facile d\u2019\u00e9viter cette g\u00eane en se retirant, mais nous risquons\",\"breadcrumb\":{\"@id\":\"https:\/\/ifesworld.org\/en\/blog\/making-space\/#breadcrumb\"},\"inLanguage\":\"fr-FR\",\"potentialAction\":[{\"@type\":\"ReadAction\",\"target\":[\"https:\/\/ifesworld.org\/en\/blog\/making-space\/\"]}]},{\"@type\":\"ImageObject\",\"inLanguage\":\"fr-FR\",\"@id\":\"https:\/\/ifesworld.org\/en\/blog\/making-space\/#primaryimage\",\"url\":\"https:\/\/ifesworld.org\/wp-content\/uploads\/2020\/07\/l-ormiston-ifes-wa-2019-daytime-020719-43.jpg\",\"contentUrl\":\"https:\/\/ifesworld.org\/wp-content\/uploads\/2020\/07\/l-ormiston-ifes-wa-2019-daytime-020719-43.jpg\",\"width\":1920,\"height\":1280},{\"@type\":\"BreadcrumbList\",\"@id\":\"https:\/\/ifesworld.org\/en\/blog\/making-space\/#breadcrumb\",\"itemListElement\":[{\"@type\":\"ListItem\",\"position\":1,\"name\":\"Home\",\"item\":\"https:\/\/ifesworld.org\/fr\/\"},{\"@type\":\"ListItem\",\"position\":2,\"name\":\"Conexi\u00f3n\",\"item\":\"https:\/\/ifesworld.org\/es\/blog\/\"},{\"@type\":\"ListItem\",\"position\":3,\"name\":\"Faire de la place\"}]},{\"@type\":\"WebSite\",\"@id\":\"https:\/\/ifesworld.org\/es\/#website\",\"url\":\"https:\/\/ifesworld.org\/es\/\",\"name\":\"IFES\",\"description\":\"A movement of students sharing and living out the good news of Jesus Christ. Locally. Nationally. Globally.\",\"publisher\":{\"@id\":\"https:\/\/ifesworld.org\/es\/#organization\"},\"potentialAction\":[{\"@type\":\"SearchAction\",\"target\":{\"@type\":\"EntryPoint\",\"urlTemplate\":\"https:\/\/ifesworld.org\/es\/?s={search_term_string}\"},\"query-input\":{\"@type\":\"PropertyValueSpecification\",\"valueRequired\":true,\"valueName\":\"search_term_string\"}}],\"inLanguage\":\"fr-FR\"},{\"@type\":\"Organization\",\"@id\":\"https:\/\/ifesworld.org\/es\/#organization\",\"name\":\"IFES \u00b7 International Fellowship of Evangelical Students\",\"url\":\"https:\/\/ifesworld.org\/es\/\",\"logo\":{\"@type\":\"ImageObject\",\"inLanguage\":\"fr-FR\",\"@id\":\"https:\/\/ifesworld.org\/es\/#\/schema\/logo\/image\/\",\"url\":\"https:\/\/ifesworld.org\/wp-content\/uploads\/2019\/06\/ifeslogo.png\",\"contentUrl\":\"https:\/\/ifesworld.org\/wp-content\/uploads\/2019\/06\/ifeslogo.png\",\"width\":262,\"height\":262,\"caption\":\"IFES \u00b7 International Fellowship of Evangelical Students\"},\"image\":{\"@id\":\"https:\/\/ifesworld.org\/es\/#\/schema\/logo\/image\/\"}}]}<\/script>\n<!-- \/ Yoast SEO plugin. -->","yoast_head_json":{"title":"Faire de la place &#183; IFES Conexi\u00f3n Blog","description":"Le changement commence par l\u2019\u00e9coute. \u00c9couter peut se r\u00e9v\u00e9ler p\u00e9nible. Il est peut-\u00eatre plus facile d\u2019\u00e9viter cette g\u00eane en se retirant, mais nous risquons","robots":{"index":"index","follow":"follow","max-snippet":"max-snippet:-1","max-image-preview":"max-image-preview:large","max-video-preview":"max-video-preview:-1"},"canonical":"https:\/\/ifesworld.org\/en\/blog\/making-space\/","og_locale":"fr_FR","og_type":"article","og_title":"Faire de la place &#183; IFES Conexi\u00f3n Blog","og_description":"Le changement commence par l\u2019\u00e9coute. \u00c9couter peut se r\u00e9v\u00e9ler p\u00e9nible. Il est peut-\u00eatre plus facile d\u2019\u00e9viter cette g\u00eane en se retirant, mais nous risquons","og_url":"https:\/\/ifesworld.org\/en\/blog\/making-space\/","og_site_name":"IFES","og_image":[{"width":1920,"height":1280,"url":"https:\/\/ifesworld.org\/wp-content\/uploads\/2020\/07\/l-ormiston-ifes-wa-2019-daytime-020719-43.jpg","type":"image\/jpeg"}],"twitter_card":"summary_large_image","twitter_misc":{"Dur\u00e9e de lecture estim\u00e9e":"8 minutes"},"schema":{"@context":"https:\/\/schema.org","@graph":[{"@type":"WebPage","@id":"https:\/\/ifesworld.org\/en\/blog\/making-space\/","url":"https:\/\/ifesworld.org\/en\/blog\/making-space\/","name":"Faire de la place &#183; IFES Conexi\u00f3n Blog","isPartOf":{"@id":"https:\/\/ifesworld.org\/es\/#website"},"primaryImageOfPage":{"@id":"https:\/\/ifesworld.org\/en\/blog\/making-space\/#primaryimage"},"image":{"@id":"https:\/\/ifesworld.org\/en\/blog\/making-space\/#primaryimage"},"thumbnailUrl":"https:\/\/ifesworld.org\/wp-content\/uploads\/2020\/07\/l-ormiston-ifes-wa-2019-daytime-020719-43.jpg","datePublished":"2020-07-30T04:30:00+00:00","description":"Le changement commence par l\u2019\u00e9coute. \u00c9couter peut se r\u00e9v\u00e9ler p\u00e9nible. Il est peut-\u00eatre plus facile d\u2019\u00e9viter cette g\u00eane en se retirant, mais nous risquons","breadcrumb":{"@id":"https:\/\/ifesworld.org\/en\/blog\/making-space\/#breadcrumb"},"inLanguage":"fr-FR","potentialAction":[{"@type":"ReadAction","target":["https:\/\/ifesworld.org\/en\/blog\/making-space\/"]}]},{"@type":"ImageObject","inLanguage":"fr-FR","@id":"https:\/\/ifesworld.org\/en\/blog\/making-space\/#primaryimage","url":"https:\/\/ifesworld.org\/wp-content\/uploads\/2020\/07\/l-ormiston-ifes-wa-2019-daytime-020719-43.jpg","contentUrl":"https:\/\/ifesworld.org\/wp-content\/uploads\/2020\/07\/l-ormiston-ifes-wa-2019-daytime-020719-43.jpg","width":1920,"height":1280},{"@type":"BreadcrumbList","@id":"https:\/\/ifesworld.org\/en\/blog\/making-space\/#breadcrumb","itemListElement":[{"@type":"ListItem","position":1,"name":"Home","item":"https:\/\/ifesworld.org\/fr\/"},{"@type":"ListItem","position":2,"name":"Conexi\u00f3n","item":"https:\/\/ifesworld.org\/es\/blog\/"},{"@type":"ListItem","position":3,"name":"Faire de la place"}]},{"@type":"WebSite","@id":"https:\/\/ifesworld.org\/es\/#website","url":"https:\/\/ifesworld.org\/es\/","name":"IFES","description":"A movement of students sharing and living out the good news of Jesus Christ. Locally. Nationally. Globally.","publisher":{"@id":"https:\/\/ifesworld.org\/es\/#organization"},"potentialAction":[{"@type":"SearchAction","target":{"@type":"EntryPoint","urlTemplate":"https:\/\/ifesworld.org\/es\/?s={search_term_string}"},"query-input":{"@type":"PropertyValueSpecification","valueRequired":true,"valueName":"search_term_string"}}],"inLanguage":"fr-FR"},{"@type":"Organization","@id":"https:\/\/ifesworld.org\/es\/#organization","name":"IFES \u00b7 International Fellowship of Evangelical Students","url":"https:\/\/ifesworld.org\/es\/","logo":{"@type":"ImageObject","inLanguage":"fr-FR","@id":"https:\/\/ifesworld.org\/es\/#\/schema\/logo\/image\/","url":"https:\/\/ifesworld.org\/wp-content\/uploads\/2019\/06\/ifeslogo.png","contentUrl":"https:\/\/ifesworld.org\/wp-content\/uploads\/2019\/06\/ifeslogo.png","width":262,"height":262,"caption":"IFES \u00b7 International Fellowship of Evangelical Students"},"image":{"@id":"https:\/\/ifesworld.org\/es\/#\/schema\/logo\/image\/"}}]}},"_links":{"self":[{"href":"https:\/\/ifesworld.org\/fr\/wp-json\/wp\/v2\/conexion\/12885","targetHints":{"allow":["GET"]}}],"collection":[{"href":"https:\/\/ifesworld.org\/fr\/wp-json\/wp\/v2\/conexion"}],"about":[{"href":"https:\/\/ifesworld.org\/fr\/wp-json\/wp\/v2\/types\/conexion"}],"wp:featuredmedia":[{"embeddable":true,"href":"https:\/\/ifesworld.org\/fr\/wp-json\/wp\/v2\/media\/12882"}],"wp:attachment":[{"href":"https:\/\/ifesworld.org\/fr\/wp-json\/wp\/v2\/media?parent=12885"}],"wp:term":[{"taxonomy":"area","embeddable":true,"href":"https:\/\/ifesworld.org\/fr\/wp-json\/wp\/v2\/area?post=12885"},{"taxonomy":"theme","embeddable":true,"href":"https:\/\/ifesworld.org\/fr\/wp-json\/wp\/v2\/theme?post=12885"}],"curies":[{"name":"wp","href":"https:\/\/api.w.org\/{rel}","templated":true}]}}