{"id":12122,"date":"2020-05-14T05:30:00","date_gmt":"2020-05-14T04:30:00","guid":{"rendered":"https:\/\/ifesworld.org\/?post_type=conexion&#038;p=12122"},"modified":"2020-05-13T10:55:39","modified_gmt":"2020-05-13T09:55:39","slug":"la-famille-ou-dieu-tu-dois-choisir","status":"publish","type":"conexion","link":"https:\/\/ifesworld.org\/fr\/blog\/la-famille-ou-dieu-tu-dois-choisir\/","title":{"rendered":"\u00ab\u202fLa famille ou Dieu : tu dois choisir.\u202f\u00bb"},"content":{"rendered":"<div class=\"wp-block block-core-paragraph\">\n<p class=\"has-text-color has-accent-light-color wp-block-paragraph\"><em>L&rsquo;\u00e9tudiant eurasien Miraz* avait presque tout ce qu&rsquo;un jeune homme pouvait souhaiter. Il \u00e9tait brillant. Il avait un emploi \u00e0 temps partiel bien r\u00e9mun\u00e9r\u00e9. Il \u00e9tait un tr\u00e8s bon athl\u00e8te. Et pourtant, au fond de lui, c\u2019\u00e9tait une autre histoire. Malgr\u00e9 toutes ses r\u00e9ussites, Miraz se sentait d\u00e9sesp\u00e9r\u00e9. Il voulait que sa vie se termine.<\/em>&nbsp;<\/p>\n<\/div>\n\n<div class=\"wp-block block-core-paragraph\">\n<p class=\"has-text-color has-accent-light-color wp-block-paragraph\"><em>Mais alors Dieu est intervenu, d&rsquo;une mani\u00e8re extraordinaire. Miraz nous raconte son histoire :<\/em>&nbsp;<\/p>\n<\/div>\n\n<div class=\"wp-block block-core-paragraph\">\n<p class=\"wp-block-paragraph\">\u00ab\u202fJe n\u2019\u00e9tais&nbsp;pas en train de chercher Dieu &#8230; C\u2019est lui qui m&rsquo;a trouv\u00e9 &#8211; au moment le plus difficile de ma vie.&nbsp;<\/p>\n<\/div>\n\n<div class=\"wp-block block-core-paragraph\">\n<p class=\"wp-block-paragraph\">Un jour, je passais devant mon universit\u00e9 et j\u2019ai vu une \u00e9tudiante qui distribuait des flyers. Jamais de ma vie je ne serais all\u00e9 vers quelqu&rsquo;un qui distribuait des flyers, surtout en dehors de l&rsquo;universit\u00e9. Je ne peux pas expliquer pourquoi, mais ce jour-l\u00e0 je suis all\u00e9 vers elle. Elle resplendissait. Alors j\u2019ai pris le flyer &#8211; il parlait d\u2019un \u00e9v\u00e9nement organis\u00e9 par le mouvement de l\u2019IFES dans mon pays.&nbsp;<\/p>\n<\/div>\n\n<div class=\"wp-block block-core-paragraph\">\n<p class=\"wp-block-paragraph\">Je me suis assis sur le campus avec le flyer, et j\u2019ai r\u00e9fl\u00e9chi pendant longtemps pour savoir si je devais y aller ou non. L\u2019autre pens\u00e9e qui envahissait mon esprit pendant que j\u2019\u00e9tais assis \u00e9tait de savoir comment mettre fin \u00e0 ma vie, comment finir avec cette souffrance. J\u2019en avais assez de la vie. Je ne voulais plus vivre.&nbsp;<\/p>\n<\/div>\n\n<div class=\"wp-block block-core-paragraph\">\n<p class=\"wp-block-paragraph\">Mais j\u2019y suis all\u00e9. Et c\u2019\u00e9tait extraordinaire. Dieu \u00e9tait \u00e0 l&rsquo;\u0153uvre dans cet&nbsp;endroit-l\u00e0.&nbsp;&nbsp;<\/p>\n<\/div>\n\n<div class=\"wp-block block-core-paragraph\">\n<p class=\"wp-block-paragraph\">Si seulement j&rsquo;avais su \u00e0 quel point Dieu m&rsquo;aimait ! \u00bb&nbsp;<\/p>\n<\/div>\n\n<div class=\"wp-block block-core-paragraph\">\n<p class=\"has-text-color has-accent-light-color wp-block-paragraph\"><em>Lors de ce premier \u00e9v\u00e9nement, le message qui a frapp\u00e9 Miraz \u00e9tait \u00ab la v\u00e9rit\u00e9 vous rendra libres \u00bb. Il a t\u00e9l\u00e9charg\u00e9 la Bible dans son t\u00e9l\u00e9phone et il a commenc\u00e9 \u00e0 lire l\u2019\u00c9vangile de Jean&#8230;<\/em>&nbsp;<\/p>\n<\/div>\n\n<div class=\"wp-block block-core-paragraph\">\n<p class=\"wp-block-paragraph\">\u00ab\u202fPeu de temps apr\u00e8s, j\u2019ai pris une d\u00e9cision :&nbsp;<em>Je veux conna\u00eetre Dieu, je veux savoir qui est J\u00e9sus. Je veux grandir en Lui.<\/em>&nbsp;\u00c0 partir de ce&nbsp;moment-l\u00e0, Dieu a commenc\u00e9 \u00e0 tout changer dans ma vie. Quand j\u2019ai racont\u00e9 \u00e0 mes amis ma d\u00e9cision, ils m\u2019ont rejet\u00e9. Un jour, lorsque je suis rentr\u00e9 de l\u2019\u00e9tude biblique, j\u2019ai vu mon p\u00e8re, qui est musulman, assis en train de m\u2019attendre. Ils avaient remarqu\u00e9 un changement en moi et avaient commenc\u00e9 \u00e0 soup\u00e7onner que quelque chose n&rsquo;allait pas. Il m\u2019a demand\u00e9 : \u00ab O\u00f9 \u00e9tais-tu ?\u202f\u00bb Je lui ai&nbsp;dit&nbsp;que j&rsquo;\u00e9tais avec des amis.&nbsp;<em>\u00ab\u202fO\u00f9 \u00e9tiez-vous ? Qu&rsquo;avez-vous fait ?\u202f\u00bb<\/em>&nbsp;<\/p>\n<\/div>\n\n<div class=\"wp-block block-core-paragraph\">\n<p class=\"wp-block-paragraph\">J&rsquo;ai essay\u00e9 d&rsquo;utiliser toute la sagesse que Dieu m&rsquo;avait donn\u00e9e, tout en sachant que je ne pouvais pas mentir. \u00ab\u202fP\u00e8re, je suis all\u00e9 \u00e0 l&rsquo;\u00e9glise. J\u2019ai particip\u00e9 \u00e0 une \u00e9tude biblique.\u202f\u00bb&nbsp;<\/p>\n<\/div>\n\n<div class=\"wp-block block-core-heading\">\n<h2 class=\"has-accent-color has-text-color wp-block-heading\">Mes parents d\u00e9couvrent la v\u00e9rit\u00e9&nbsp;<\/h2>\n<\/div>\n\n<div class=\"wp-block block-core-paragraph\">\n<p class=\"wp-block-paragraph\">Ce fut un choc pour eux : \u00ab\u202fNous ne pensions pas que tu deviendrais comme \u00e7a ; et que tu serais l&rsquo;un d&rsquo;eux. Nous n&rsquo;avons pas besoin d&rsquo;un fils comme \u00e7a.\u202f\u00bb&nbsp;&nbsp;<\/p>\n<\/div>\n\n<div class=\"wp-block block-core-paragraph\">\n<p class=\"wp-block-paragraph\">Que devrais-je faire ? Mon p\u00e8re m\u2019a dit : \u00ab\u202fLa famille ou Dieu : tu dois choisir.\u202f\u00bb J&rsquo;ai donc commenc\u00e9 \u00e0 rassembler mes affaires. Ce fut un moment vraiment difficile. J&rsquo;\u00e9tais en larmes. Alors j&rsquo;ai pri\u00e9,&nbsp;<em>Dieu, que ta volont\u00e9 soit faite<\/em>. Mes parents m&rsquo;ont demand\u00e9 de renoncer \u00e0 ma foi, mais c\u2019\u00e9tait impossible pour moi. Comment peut-on rejeter celui qui nous a sauv\u00e9 ? Ce fut le d\u00e9but d&rsquo;une longue p\u00e9riode d&rsquo;opposition. Tant de larmes, tant de cris. Ils m&rsquo;ont oblig\u00e9 \u00e0 aller \u00e0 la mosqu\u00e9e pour rencontrer un chef musulman afin de me persuader de revenir dans le droit chemin. Mais je sentais toujours que Dieu \u00e9tait pr\u00e8s de moi et qu\u2019il me disait \u00ab\u202fN\u2019aie pas peur, crois seulement.\u202f\u00bb&nbsp;&nbsp;<\/p>\n<\/div>\n\n<div class=\"wp-block block-core-heading\">\n<h2 class=\"has-accent-color has-text-color wp-block-heading\">Pertes et gains&nbsp;<\/h2>\n<\/div>\n\n<div class=\"wp-block block-core-paragraph\">\n<p class=\"wp-block-paragraph\">Bien que tout le monde m\u2019ait rejet\u00e9, j&rsquo;ai compris combien Dieu m&rsquo;aime parce que Sa Parole agit. Elle a&nbsp;agi&nbsp;dans ma vie. Je savais que, m\u00eame si rien ne changeait, je devais rester ferme et surmonter ces difficult\u00e9s. Pendant tout ce temps, je savais dans mon c\u0153ur que Dieu m&rsquo;avait sauv\u00e9.&nbsp;<\/p>\n<\/div>\n\n<div class=\"wp-block block-core-paragraph\">\n<p class=\"wp-block-paragraph\">Maintenant, le temps a pass\u00e9 et j&rsquo;ai une nouvelle famille. Je ne d\u00e9sire rien dans ce monde. Je n&rsquo;ai besoin de rien &#8211; j&rsquo;ai seulement besoin de Dieu. Remercions Dieu pour l&rsquo;\u00e9glise ici et pour le minist\u00e8re \u00e9tudiant par lequel je suis venu \u00e0 Lui. Merci Seigneur, ils n&rsquo;ont pas eu peur de partager la v\u00e9rit\u00e9 avec moi, m\u00eame si cela aurait pu leur causer des probl\u00e8mes. Dieu est vivant.\u202f\u00bb\u00a0<\/p>\n<\/div>\n\n<div class=\"wp-block block-core-paragraph\">\n<p class=\"wp-block-paragraph\">*Le nom a \u00e9t\u00e9 chang\u00e9\u00a0<\/p>\n<\/div>","protected":false},"featured_media":12121,"template":"","area":[457],"theme":[1248],"class_list":["post-12122","conexion","type-conexion","status-publish","has-post-thumbnail","hentry","area-eurasia","theme-evangelisation"],"acf":[],"yoast_head":"<!-- This site is optimized with the Yoast SEO plugin v27.2 - https:\/\/yoast.com\/product\/yoast-seo-wordpress\/ -->\n<title>\u00ab\u202fLa famille ou Dieu : tu dois choisir.\u202f\u00bb &#183; IFES Conexi\u00f3n Blog<\/title>\n<meta name=\"description\" content=\"L&#039;\u00e9tudiant eurasien Miraz* avait presque tout ce qu&#039;un jeune homme pouvait souhaiter. Il \u00e9tait brillant. Il avait un emploi \u00e0 temps partiel bien r\u00e9mun\u00e9r\u00e9.\" \/>\n<meta name=\"robots\" content=\"index, follow, max-snippet:-1, max-image-preview:large, max-video-preview:-1\" \/>\n<link rel=\"canonical\" href=\"https:\/\/ifesworld.org\/fr\/blog\/la-famille-ou-dieu-tu-dois-choisir\/\" \/>\n<meta property=\"og:locale\" content=\"fr_FR\" \/>\n<meta property=\"og:type\" content=\"article\" \/>\n<meta property=\"og:title\" content=\"\u00ab\u202fLa famille ou Dieu : tu dois choisir.\u202f\u00bb &#183; IFES Conexi\u00f3n Blog\" \/>\n<meta property=\"og:description\" content=\"L&#039;\u00e9tudiant eurasien Miraz* avait presque tout ce qu&#039;un jeune homme pouvait souhaiter. Il \u00e9tait brillant. Il avait un emploi \u00e0 temps partiel bien r\u00e9mun\u00e9r\u00e9.\" \/>\n<meta property=\"og:url\" content=\"https:\/\/ifesworld.org\/fr\/blog\/la-famille-ou-dieu-tu-dois-choisir\/\" \/>\n<meta property=\"og:site_name\" content=\"IFES\" \/>\n<meta property=\"og:image\" content=\"https:\/\/ifesworld.org\/wp-content\/uploads\/2020\/05\/200512-1.jpg\" \/>\n\t<meta property=\"og:image:width\" content=\"1200\" \/>\n\t<meta property=\"og:image:height\" content=\"675\" \/>\n\t<meta property=\"og:image:type\" content=\"image\/jpeg\" \/>\n<meta name=\"twitter:card\" content=\"summary_large_image\" \/>\n<meta name=\"twitter:label1\" content=\"Dur\u00e9e de lecture estim\u00e9e\" \/>\n\t<meta name=\"twitter:data1\" content=\"4 minutes\" \/>\n<script type=\"application\/ld+json\" class=\"yoast-schema-graph\">{\"@context\":\"https:\/\/schema.org\",\"@graph\":[{\"@type\":\"WebPage\",\"@id\":\"https:\/\/ifesworld.org\/fr\/blog\/la-famille-ou-dieu-tu-dois-choisir\/\",\"url\":\"https:\/\/ifesworld.org\/fr\/blog\/la-famille-ou-dieu-tu-dois-choisir\/\",\"name\":\"\u00ab\u202fLa famille ou Dieu : tu dois choisir.\u202f\u00bb &#183; IFES Conexi\u00f3n Blog\",\"isPartOf\":{\"@id\":\"https:\/\/ifesworld.org\/es\/#website\"},\"primaryImageOfPage\":{\"@id\":\"https:\/\/ifesworld.org\/fr\/blog\/la-famille-ou-dieu-tu-dois-choisir\/#primaryimage\"},\"image\":{\"@id\":\"https:\/\/ifesworld.org\/fr\/blog\/la-famille-ou-dieu-tu-dois-choisir\/#primaryimage\"},\"thumbnailUrl\":\"https:\/\/ifesworld.org\/wp-content\/uploads\/2020\/05\/200512-1.jpg\",\"datePublished\":\"2020-05-14T04:30:00+00:00\",\"description\":\"L'\u00e9tudiant eurasien Miraz* avait presque tout ce qu'un jeune homme pouvait souhaiter. Il \u00e9tait brillant. Il avait un emploi \u00e0 temps partiel bien r\u00e9mun\u00e9r\u00e9.\",\"breadcrumb\":{\"@id\":\"https:\/\/ifesworld.org\/fr\/blog\/la-famille-ou-dieu-tu-dois-choisir\/#breadcrumb\"},\"inLanguage\":\"fr-FR\",\"potentialAction\":[{\"@type\":\"ReadAction\",\"target\":[\"https:\/\/ifesworld.org\/fr\/blog\/la-famille-ou-dieu-tu-dois-choisir\/\"]}]},{\"@type\":\"ImageObject\",\"inLanguage\":\"fr-FR\",\"@id\":\"https:\/\/ifesworld.org\/fr\/blog\/la-famille-ou-dieu-tu-dois-choisir\/#primaryimage\",\"url\":\"https:\/\/ifesworld.org\/wp-content\/uploads\/2020\/05\/200512-1.jpg\",\"contentUrl\":\"https:\/\/ifesworld.org\/wp-content\/uploads\/2020\/05\/200512-1.jpg\",\"width\":1200,\"height\":675},{\"@type\":\"BreadcrumbList\",\"@id\":\"https:\/\/ifesworld.org\/fr\/blog\/la-famille-ou-dieu-tu-dois-choisir\/#breadcrumb\",\"itemListElement\":[{\"@type\":\"ListItem\",\"position\":1,\"name\":\"Home\",\"item\":\"https:\/\/ifesworld.org\/fr\/\"},{\"@type\":\"ListItem\",\"position\":2,\"name\":\"Conexi\u00f3n\",\"item\":\"https:\/\/ifesworld.org\/es\/blog\/\"},{\"@type\":\"ListItem\",\"position\":3,\"name\":\"\u00ab\u202fLa famille ou Dieu : tu dois choisir.\u202f\u00bb\"}]},{\"@type\":\"WebSite\",\"@id\":\"https:\/\/ifesworld.org\/es\/#website\",\"url\":\"https:\/\/ifesworld.org\/es\/\",\"name\":\"IFES\",\"description\":\"A movement of students sharing and living out the good news of Jesus Christ. Locally. Nationally. Globally.\",\"publisher\":{\"@id\":\"https:\/\/ifesworld.org\/es\/#organization\"},\"potentialAction\":[{\"@type\":\"SearchAction\",\"target\":{\"@type\":\"EntryPoint\",\"urlTemplate\":\"https:\/\/ifesworld.org\/es\/?s={search_term_string}\"},\"query-input\":{\"@type\":\"PropertyValueSpecification\",\"valueRequired\":true,\"valueName\":\"search_term_string\"}}],\"inLanguage\":\"fr-FR\"},{\"@type\":\"Organization\",\"@id\":\"https:\/\/ifesworld.org\/es\/#organization\",\"name\":\"IFES \u00b7 International Fellowship of Evangelical Students\",\"url\":\"https:\/\/ifesworld.org\/es\/\",\"logo\":{\"@type\":\"ImageObject\",\"inLanguage\":\"fr-FR\",\"@id\":\"https:\/\/ifesworld.org\/es\/#\/schema\/logo\/image\/\",\"url\":\"https:\/\/ifesworld.org\/wp-content\/uploads\/2019\/06\/ifeslogo.png\",\"contentUrl\":\"https:\/\/ifesworld.org\/wp-content\/uploads\/2019\/06\/ifeslogo.png\",\"width\":262,\"height\":262,\"caption\":\"IFES \u00b7 International Fellowship of Evangelical Students\"},\"image\":{\"@id\":\"https:\/\/ifesworld.org\/es\/#\/schema\/logo\/image\/\"}}]}<\/script>\n<!-- \/ Yoast SEO plugin. -->","yoast_head_json":{"title":"\u00ab\u202fLa famille ou Dieu : tu dois choisir.\u202f\u00bb &#183; IFES Conexi\u00f3n Blog","description":"L'\u00e9tudiant eurasien Miraz* avait presque tout ce qu'un jeune homme pouvait souhaiter. Il \u00e9tait brillant. Il avait un emploi \u00e0 temps partiel bien r\u00e9mun\u00e9r\u00e9.","robots":{"index":"index","follow":"follow","max-snippet":"max-snippet:-1","max-image-preview":"max-image-preview:large","max-video-preview":"max-video-preview:-1"},"canonical":"https:\/\/ifesworld.org\/fr\/blog\/la-famille-ou-dieu-tu-dois-choisir\/","og_locale":"fr_FR","og_type":"article","og_title":"\u00ab\u202fLa famille ou Dieu : tu dois choisir.\u202f\u00bb &#183; IFES Conexi\u00f3n Blog","og_description":"L'\u00e9tudiant eurasien Miraz* avait presque tout ce qu'un jeune homme pouvait souhaiter. Il \u00e9tait brillant. Il avait un emploi \u00e0 temps partiel bien r\u00e9mun\u00e9r\u00e9.","og_url":"https:\/\/ifesworld.org\/fr\/blog\/la-famille-ou-dieu-tu-dois-choisir\/","og_site_name":"IFES","og_image":[{"width":1200,"height":675,"url":"https:\/\/ifesworld.org\/wp-content\/uploads\/2020\/05\/200512-1.jpg","type":"image\/jpeg"}],"twitter_card":"summary_large_image","twitter_misc":{"Dur\u00e9e de lecture estim\u00e9e":"4 minutes"},"schema":{"@context":"https:\/\/schema.org","@graph":[{"@type":"WebPage","@id":"https:\/\/ifesworld.org\/fr\/blog\/la-famille-ou-dieu-tu-dois-choisir\/","url":"https:\/\/ifesworld.org\/fr\/blog\/la-famille-ou-dieu-tu-dois-choisir\/","name":"\u00ab\u202fLa famille ou Dieu : tu dois choisir.\u202f\u00bb &#183; IFES Conexi\u00f3n Blog","isPartOf":{"@id":"https:\/\/ifesworld.org\/es\/#website"},"primaryImageOfPage":{"@id":"https:\/\/ifesworld.org\/fr\/blog\/la-famille-ou-dieu-tu-dois-choisir\/#primaryimage"},"image":{"@id":"https:\/\/ifesworld.org\/fr\/blog\/la-famille-ou-dieu-tu-dois-choisir\/#primaryimage"},"thumbnailUrl":"https:\/\/ifesworld.org\/wp-content\/uploads\/2020\/05\/200512-1.jpg","datePublished":"2020-05-14T04:30:00+00:00","description":"L'\u00e9tudiant eurasien Miraz* avait presque tout ce qu'un jeune homme pouvait souhaiter. Il \u00e9tait brillant. Il avait un emploi \u00e0 temps partiel bien r\u00e9mun\u00e9r\u00e9.","breadcrumb":{"@id":"https:\/\/ifesworld.org\/fr\/blog\/la-famille-ou-dieu-tu-dois-choisir\/#breadcrumb"},"inLanguage":"fr-FR","potentialAction":[{"@type":"ReadAction","target":["https:\/\/ifesworld.org\/fr\/blog\/la-famille-ou-dieu-tu-dois-choisir\/"]}]},{"@type":"ImageObject","inLanguage":"fr-FR","@id":"https:\/\/ifesworld.org\/fr\/blog\/la-famille-ou-dieu-tu-dois-choisir\/#primaryimage","url":"https:\/\/ifesworld.org\/wp-content\/uploads\/2020\/05\/200512-1.jpg","contentUrl":"https:\/\/ifesworld.org\/wp-content\/uploads\/2020\/05\/200512-1.jpg","width":1200,"height":675},{"@type":"BreadcrumbList","@id":"https:\/\/ifesworld.org\/fr\/blog\/la-famille-ou-dieu-tu-dois-choisir\/#breadcrumb","itemListElement":[{"@type":"ListItem","position":1,"name":"Home","item":"https:\/\/ifesworld.org\/fr\/"},{"@type":"ListItem","position":2,"name":"Conexi\u00f3n","item":"https:\/\/ifesworld.org\/es\/blog\/"},{"@type":"ListItem","position":3,"name":"\u00ab\u202fLa famille ou Dieu : tu dois choisir.\u202f\u00bb"}]},{"@type":"WebSite","@id":"https:\/\/ifesworld.org\/es\/#website","url":"https:\/\/ifesworld.org\/es\/","name":"IFES","description":"A movement of students sharing and living out the good news of Jesus Christ. Locally. Nationally. Globally.","publisher":{"@id":"https:\/\/ifesworld.org\/es\/#organization"},"potentialAction":[{"@type":"SearchAction","target":{"@type":"EntryPoint","urlTemplate":"https:\/\/ifesworld.org\/es\/?s={search_term_string}"},"query-input":{"@type":"PropertyValueSpecification","valueRequired":true,"valueName":"search_term_string"}}],"inLanguage":"fr-FR"},{"@type":"Organization","@id":"https:\/\/ifesworld.org\/es\/#organization","name":"IFES \u00b7 International Fellowship of Evangelical Students","url":"https:\/\/ifesworld.org\/es\/","logo":{"@type":"ImageObject","inLanguage":"fr-FR","@id":"https:\/\/ifesworld.org\/es\/#\/schema\/logo\/image\/","url":"https:\/\/ifesworld.org\/wp-content\/uploads\/2019\/06\/ifeslogo.png","contentUrl":"https:\/\/ifesworld.org\/wp-content\/uploads\/2019\/06\/ifeslogo.png","width":262,"height":262,"caption":"IFES \u00b7 International Fellowship of Evangelical Students"},"image":{"@id":"https:\/\/ifesworld.org\/es\/#\/schema\/logo\/image\/"}}]}},"_links":{"self":[{"href":"https:\/\/ifesworld.org\/fr\/wp-json\/wp\/v2\/conexion\/12122","targetHints":{"allow":["GET"]}}],"collection":[{"href":"https:\/\/ifesworld.org\/fr\/wp-json\/wp\/v2\/conexion"}],"about":[{"href":"https:\/\/ifesworld.org\/fr\/wp-json\/wp\/v2\/types\/conexion"}],"wp:featuredmedia":[{"embeddable":true,"href":"https:\/\/ifesworld.org\/fr\/wp-json\/wp\/v2\/media\/12121"}],"wp:attachment":[{"href":"https:\/\/ifesworld.org\/fr\/wp-json\/wp\/v2\/media?parent=12122"}],"wp:term":[{"taxonomy":"area","embeddable":true,"href":"https:\/\/ifesworld.org\/fr\/wp-json\/wp\/v2\/area?post=12122"},{"taxonomy":"theme","embeddable":true,"href":"https:\/\/ifesworld.org\/fr\/wp-json\/wp\/v2\/theme?post=12122"}],"curies":[{"name":"wp","href":"https:\/\/api.w.org\/{rel}","templated":true}]}}