{"id":2087,"date":"2019-05-22T14:30:31","date_gmt":"2019-05-22T14:30:31","guid":{"rendered":"https:\/\/ifesworld.org\/?post_type=word_world&#038;p=2087"},"modified":"2020-01-27T11:10:25","modified_gmt":"2020-01-27T11:10:25","slug":"nos-convertimos-en-sonadores-imagenes-de-la-vida-de-una-estudiante-universitaria-esther-phua","status":"publish","type":"word_world","link":"https:\/\/ifesworld.org\/es\/journal\/nos-convertimos-en-sonadores-imagenes-de-la-vida-de-una-estudiante-universitaria-esther-phua\/","title":{"rendered":"Nos convertimos en so\u00f1adores:"},"content":{"rendered":"<div class=\"wp-block block-core-paragraph\">\n<p class=\"wp-block-paragraph\"><strong>Traducido por Laia Martinez<\/strong>&nbsp;<\/p>\n<\/div>\n\n<div class=\"wp-block block-core-paragraph\">\n<p class=\"wp-block-paragraph\">\u201c\u00bfPara qu\u00e9 sirve&nbsp;la&nbsp;universidad?\u201d Donde vivo, la gente no suele hacer esta pregunta. Si lo hacen, la respuesta es pr\u00e1ctica. Tener estudios universitarios es el camino para conseguir un trabajo bien remunerado y, por tanto, una vida c\u00f3moda, una buena vida.&nbsp;Sin embargo, en mi fuero interno albergo un pensamiento que no desaparece: \u201cSin duda, hay algo m\u00e1s!\u201d.&nbsp;&nbsp;<\/p>\n<\/div>\n\n<div class=\"wp-block block-core-paragraph\">\n<p class=\"wp-block-paragraph\"><em>&#8212;&nbsp;<\/em>&nbsp;<\/p>\n<\/div>\n\n<div class=\"wp-block block-core-paragraph\">\n<p class=\"wp-block-paragraph\">Tomo asiento en la que es mi primera clase de filosof\u00eda. La sala es grande y, sorprendentemente, est\u00e1 llena.&nbsp;Este m\u00f3dulo tiene \u00e9xito porque el examen es en formato de opci\u00f3n m\u00faltiple, lo que es pr\u00e1cticamente ins\u00f3lito.&nbsp;La mayor\u00eda de los estudiantes lo eligen para cumplir los requisitos de la universidad.&nbsp;Yo, en cambio, lo hago porque me interesa.&nbsp;Me distraigo un poco cuando el profesor empieza a hablar del concepto de la metaf\u00edsica.&nbsp;Miro a mi alrededor y la mayor\u00eda est\u00e1 mirando sus dispositivos. Es una pena, porque el profesor es muy inteligente y la clase, bastante interesante.&nbsp;Entonces, dice algo que no solo moldear\u00e1 mi filosof\u00eda, sino tambi\u00e9n mi teolog\u00eda durante mucho tiempo. \u201c\u00a1Utiliza tu mente! No pares de hacer preguntas dif\u00edciles, busca la verdad, y as\u00ed, podr\u00e1s llegar a un punto en que te dar\u00e1s cuenta de que hay misterios en este mundo. Entonces, te quedas sentado, en silencio y maravillado\u201d.&nbsp;&nbsp;<\/p>\n<\/div>\n\n<div class=\"wp-block block-core-paragraph\">\n<p class=\"wp-block-paragraph\"><em>&#8212;&nbsp;<\/em>&nbsp;<\/p>\n<\/div>\n\n<div class=\"wp-block block-core-paragraph\">\n<p class=\"wp-block-paragraph\">\u201cHe o\u00eddo que quieres servir en el grupo de estudiantes cristianos&#8230; \u00bfPor qu\u00e9? \u00bfQu\u00e9 ves en la universidad?\u201d Una estudiante mayor que yo se sienta conmigo para tomar un caf\u00e9 y empieza a hablar as\u00ed. Confieso que me coge un poco desprevenida. Fijo mis ojos en la distancia y examino mi mente. Exploro c\u00f3mo me siento y analizo mis pensamientos.&nbsp;&nbsp;<\/p>\n<\/div>\n\n<div class=\"wp-block block-core-paragraph\">\n<p class=\"wp-block-paragraph\">La miro a ella.&nbsp;&nbsp;<\/p>\n<\/div>\n\n<div class=\"wp-block block-core-paragraph\">\n<p class=\"wp-block-paragraph\">\u201cEl potencial\u201d.&nbsp;<\/p>\n<\/div>\n\n<div class=\"wp-block block-core-paragraph\">\n<p class=\"wp-block-paragraph\">Ella arquea las cejas.&nbsp;&nbsp;<\/p>\n<\/div>\n\n<div class=\"wp-block block-core-paragraph\">\n<p class=\"wp-block-paragraph\">\u201cEl potencial de moldear corazones y de moldear los pensamientos. Este potencial me entusiasma\u201d.&nbsp;<\/p>\n<\/div>\n\n<div class=\"wp-block block-core-paragraph\">\n<p class=\"wp-block-paragraph\">En aquel momento no lo sab\u00eda, pero estar\u00eda sirviendo a estudiantes universitarios durante los ocho a\u00f1os siguientes.&nbsp;&nbsp;<\/p>\n<\/div>\n\n<div class=\"wp-block block-core-paragraph\">\n<p class=\"wp-block-paragraph\">&#8212;&nbsp;<\/p>\n<\/div>\n\n<div class=\"wp-block block-core-paragraph\">\n<p class=\"wp-block-paragraph\">\u201cOdio la biblioteca\u201d le comento a mi amigo mientras entramos en aquel lugar lleno de gente y de un silencio antinatural.&nbsp;&nbsp;<\/p>\n<\/div>\n\n<div class=\"wp-block block-core-paragraph\">\n<p class=\"wp-block-paragraph\">\u201c\u00bfPor qu\u00e9? Pensaba que te gustaban los lugares tranquilos y el olor a libros\u201d.&nbsp;&nbsp;<\/p>\n<\/div>\n\n<div class=\"wp-block block-core-paragraph\">\n<p class=\"wp-block-paragraph\">\u201cEs forzado; opresivo\u201d. Respondo de mal humor.&nbsp;&nbsp;<\/p>\n<\/div>\n\n<div class=\"wp-block block-core-paragraph\">\n<p class=\"wp-block-paragraph\">Avanzamos hacia las mesas de estudio, donde vemos algunos amigos nuestros.&nbsp;Paso por delante de estantes y estantes de libros que siempre hab\u00eda ignorado. De reojo, veo un t\u00edtulo que me llama la atenci\u00f3n. Lo ignoro y me siento al lado de la ventana.&nbsp;Con un aire sombr\u00edo, miro a los estudiantes que corren de un lado a otro para ir a clase o a otras actividades. Quiz\u00e1s es la luz o, a lo mejor, el momento del&nbsp;d\u00eda&nbsp;pero, a lo Proust, me transporto de nuevo a mi escuela secundaria.&nbsp;&nbsp;<\/p>\n<\/div>\n\n<div class=\"wp-block block-core-paragraph\">\n<p class=\"wp-block-paragraph\">Era despu\u00e9s de clase. Estaba con unos amigos cuando un profesor, el Sr. H., se nos acerc\u00f3 y nos pregunt\u00f3 si est\u00e1bamos preparados para la universidad. Me encog\u00ed de hombros y murmur\u00e9 algo asi como que no ten\u00eda grandes expectativas.&nbsp;Fij\u00f3 su mirada en la distancia y, alegremente, dijo: \u201c\u00a1Yo nunca fui a ninguna de mis clases! Me pas\u00e9 todo el tiempo en la biblioteca. Quer\u00eda leer todo lo que pudiera sobre lo que fuera, especialmente todo aquello que no formaba parte de mi especialidad\u201d. Baj\u00f3 la voz y dijo: \u201cIntentad bajaros todos los art\u00edculos de revistas en l\u00ednea que pod\u00e1is. Jam\u00e1s volver\u00e9is a tener un acceso tan f\u00e1cil a ellos\u201d.&nbsp;<\/p>\n<\/div>\n\n<div class=\"wp-block block-core-paragraph\">\n<p class=\"wp-block-paragraph\">Me levanto y me dirijo a aquel t\u00edtulo que me hab\u00eda llamado la atenci\u00f3n. Leo:&nbsp;<em>Entre declaraciones y sue\u00f1os:&nbsp;<\/em><em>El arte del sudeste asi\u00e1tico<\/em>.&nbsp;&nbsp;<\/p>\n<\/div>\n\n<div class=\"wp-block block-core-paragraph\">\n<p class=\"wp-block-paragraph\">&#8212;&nbsp;&nbsp;<\/p>\n<\/div>\n\n<div class=\"wp-block block-core-paragraph\">\n<p class=\"wp-block-paragraph\">Soy introvertida.&nbsp;Me gusta asistir a clase yo sola. Hab\u00eda un chico que parec\u00eda querer seguirme a todas partes. En otras circunstancias, me habr\u00eda dado miedo, pero era encantador, generoso y amable y lo conoc\u00eda del grupo cristiano de la universidad. Me inundaba de preguntas. \u00bfQu\u00e9 hora has elegido para la tutor\u00eda? \u00bfPor qu\u00e9 vas sola a las clases? \u00bfQuieres que hagamos juntos la tarea sobre Plat\u00f3n? \u00bfHas le\u00eddo al fil\u00f3sofo Martin Buber? A m\u00ed me gusta mucho Heidegger. \u00bfQu\u00e9 piensas de la \u00e9tica confuciana?&nbsp;&nbsp;<\/p>\n<\/div>\n\n<div class=\"wp-block block-core-paragraph\">\n<p class=\"wp-block-paragraph\">Empec\u00e9 a entender que, en el mundo, hay personas que son diferentes a m\u00ed y empec\u00e9 a disfrutar de la compa\u00f1\u00eda de toda clase de personas.&nbsp;Este amigo me ense\u00f1\u00f3 a leer siempre a las personas de la forma m\u00e1s caritativa posible.&nbsp;A menudo, yo a\u00f1ad\u00eda con tono p\u00edcaro que lo har\u00eda despu\u00e9s de derribar su argumento m\u00e1s fuerte.&nbsp;Este amigo tambi\u00e9n me ense\u00f1\u00f3 que todos estamos rotos, pero que hay poder en el amor hacia alguien que sufre. Es un poder que transforma y renueva.&nbsp;Cuando me enfrent\u00e9 a mi propio quebrantamiento, fue al observar su vida que encontr\u00e9 una fe renovada en un Dios que hace de nosotros algo maravilloso. El pan fue partido y despu\u00e9s fue multiplicado y sirvi\u00f3 de alimento. El frasco de alabastro fue quebrantado para que su aroma y belleza inundaran la estancia.&nbsp;Cristo mismo fue quebrantado, \u00a1para que nosotros vi\u00e9ramos! Dios hace todas las cosas nuevas.&nbsp;&nbsp;<\/p>\n<\/div>\n\n<div class=\"wp-block block-core-paragraph\">\n<p class=\"wp-block-paragraph\">PD: Me cas\u00e9 con \u00e9l.&nbsp;&nbsp;<\/p>\n<\/div>\n\n<div class=\"wp-block block-core-paragraph\">\n<p class=\"wp-block-paragraph\">&#8212;&nbsp;&nbsp;<\/p>\n<\/div>\n\n<div class=\"wp-block block-core-paragraph\">\n<p class=\"wp-block-paragraph\">Est\u00e1 oscuro y estoy a punto de salir de la cafeter\u00eda, que est\u00e1 vac\u00eda, para irme a casa cuando veo a una amiga.&nbsp;Los \u00faltimos clientes se han ido hace rato, pero ella est\u00e0 sentada acabando su trabajo. Me dirijo hacia ella y me siento a su lado.&nbsp;Hablamos de cosas superficiales hasta que nuestra conversaci\u00f3n empieza a tomar un car\u00e1cter m\u00e1s profundo.&nbsp;&nbsp;<\/p>\n<\/div>\n\n<div class=\"wp-block block-core-paragraph\">\n<p class=\"wp-block-paragraph\">\u201cNo se trata de pornograf\u00eda, pero creo que es igual de malo. Tengo problemas con la literatura er\u00f3tica, y no ayuda el hecho de que, a veces, tengo que estudiarla para una asignatura. \u00bfPuede Cristo redimir esto? \u00bfO, incluso, la literatura como campo? No lo s\u00e9.&nbsp;Es dif\u00edcil, y quiz\u00e1s no s\u00e9 demasiada teolog\u00eda\u201d.&nbsp;<\/p>\n<\/div>\n\n<div class=\"wp-block block-core-paragraph\">\n<p class=\"wp-block-paragraph\">\u201cQuiz\u00e1s. Nuestra teolog\u00eda se estanc\u00f3 en la escuela dominical. En cambio, nuestros estudios han avanzado hasta llegar a la universidad. No s\u00e9 por qu\u00e9 no avanza como los estudios\u201d.&nbsp;<\/p>\n<\/div>\n\n<div class=\"wp-block block-core-paragraph\">\n<p class=\"wp-block-paragraph\">Nos quedamos en silencio durante un rato.&nbsp;&nbsp;<\/p>\n<\/div>\n\n<div class=\"wp-block block-core-paragraph\">\n<p class=\"wp-block-paragraph\">\u201c\u00bfPodr\u00edas orar por m\u00ed? Estoy tan avergonzada que siento que no puedo acudir a Dios\u201d.&nbsp;<\/p>\n<\/div>\n\n<div class=\"wp-block block-core-paragraph\">\n<p class=\"wp-block-paragraph\">\u201c\u00bfPuedo cantar?\u201d.&nbsp;<\/p>\n<\/div>\n\n<div class=\"wp-block block-core-paragraph\">\n<p class=\"wp-block-paragraph\">\u201cClaro\u201d.&nbsp;<\/p>\n<\/div>\n\n<div class=\"wp-block block-core-paragraph\">\n<p class=\"wp-block-paragraph\">La noche es cada vez m\u00e1s pesada, y nos pasamos el resto de la noche en una cafeter\u00eda vac\u00eda, cantando luz.&nbsp;&nbsp;<\/p>\n<\/div>\n\n<div class=\"wp-block block-core-paragraph\">\n<p class=\"wp-block-paragraph\">&#8212;&nbsp;&nbsp;<\/p>\n<\/div>\n\n<div class=\"wp-block block-core-paragraph\">\n<p class=\"wp-block-paragraph\">\u201c\u00a1Ve a por ello!\u201d. Me sorprendi\u00f3 un poco. Yo era joven y mujer y, por alguna raz\u00f3n, realmente no cre\u00eda que este comit\u00e9 me iba a tomar en serio. Sin embargo, el presidente me estaba animando a hacerlo.&nbsp;&nbsp;<\/p>\n<\/div>\n\n<div class=\"wp-block block-core-paragraph\">\n<p class=\"wp-block-paragraph\">\u201cEres una so\u00f1adora, \u00a1As\u00ed que ve e int\u00e9ntalo!\u201d&nbsp;&nbsp;<\/p>\n<\/div>\n\n<div class=\"wp-block block-core-paragraph\">\n<p class=\"wp-block-paragraph\">Fue entonces cuando descubr\u00ed que la universidad era un lugar donde pod\u00eda probar mis ideas para cambiar el mundo. Como un caj\u00f3n de arena, por as\u00ed decirlo. Porque, en la universidad, todav\u00eda pensamos que podemos cambiar el mundo, de la misma forma que los ni\u00f1os creen en la magia. Lo que lo hace a\u00fan m\u00e1s m\u00e1gico es que \u00a1<em>tambi\u00e9n<\/em>&nbsp;creemos que podemos hacerlo!&nbsp;&nbsp;<\/p>\n<\/div>\n\n<div class=\"wp-block block-core-paragraph\">\n<p class=\"wp-block-paragraph\">&#8212;&nbsp;<\/p>\n<\/div>\n\n<div class=\"wp-block block-core-paragraph\">\n<p class=\"wp-block-paragraph\">Llegaba quince minutos tarde. Camin\u00e9 r\u00e1pidamente hacia la cafeter\u00eda donde hab\u00edamos quedado. Me par\u00e9 unos instantes para hacer una peque\u00f1a oraci\u00f3n. Ya hab\u00eda pospuesto nuestro encuentro dos veces y, cada vez, un sentimiento de culpa y de desesperaci\u00f3n resignada daba paso a una ansiedad creciente ante la perspectiva de encontrarme con ella.&nbsp;Yo no hab\u00eda dicho nada. Sin embargo, como la gracia, era ella la que se hab\u00eda acercado primero. Sus preguntas eran amables y reconfortantes y mi ansiedad se disipaba al encontrarse con su compasi\u00f3n. Sent\u00eda que pod\u00eda decirle que prefer\u00eda que no nos&nbsp;reuni\u00e9ramos ese d\u00eda. Sin embargo, hoy era el d\u00eda. Ten\u00eda el coraje suficiente como para enfrentarme al mundo. Bueno, en este caso, para quedar con una amiga.&nbsp;&nbsp;<\/p>\n<\/div>\n\n<div class=\"wp-block block-core-paragraph\">\n<p class=\"wp-block-paragraph\">&#8212;&nbsp;&nbsp;<\/p>\n<\/div>\n\n<div class=\"wp-block block-core-paragraph\">\n<p class=\"wp-block-paragraph\">Estamos sentados, en silencio, alrededor de una mesa con nuestro profesor y tutor. Mi profesor se levanta al ver aparecer a la madre. \u201cSra. T, siento much\u00edsimo su p\u00e9rdida\u201d. Mientras hablan en un tono muy bajo, yo me siento algo apagada.&nbsp;La semana pasada hab\u00edamos almorzado juntos y parec\u00eda que se encontraba bien. Era surreal estar, ahora, en su funeral. Su hermana se acerca y le damos nuestro p\u00e9same. Nadie lo vio venir.&nbsp;Era bastante reservado.&nbsp;\u00bfQu\u00e9 lo provoc\u00f3? Nadie lo sabe realmente. Mi profesor nos recuerda todos los servicios de terapia que est\u00e1n disponibles en la universidad.&nbsp;Un compa\u00f1ero de clase dice que se hab\u00eda sentido muy mal por haber fallado a su grupo en un videojuego al que jugaba. Discretamente, lo busco en Facebook y entro en su perfil. Quiz\u00e1s hab\u00eda sido demasiado.&nbsp;&nbsp;<\/p>\n<\/div>\n\n<div class=\"wp-block block-core-paragraph\">\n<p class=\"wp-block-paragraph\">&#8212;&nbsp;&nbsp;<\/p>\n<\/div>\n\n<div class=\"wp-block block-core-paragraph\">\n<p class=\"wp-block-paragraph\">Envi\u00e9 un mensaje: \u201cHola R, \u00bfpuedo pasar la noche en tu habitaci\u00f3n? Es una larga historia\u00bb. Hice la maleta y me fui de casa, en silencio y enfadada.&nbsp;Jam\u00e1s hab\u00eda hecho algo as\u00ed, pero esa noche estaba realmente enfadada. En retrospectiva, pienso que quiz\u00e1s la parte de mi cerebro que regula el&nbsp;auto-control&nbsp;y las emociones todav\u00eda no se hab\u00eda formado por completo pero, en aquel momento de ira, la \u00fanica opci\u00f3n v\u00e1lida para m\u00ed fue irme.&nbsp;Camin\u00e9 hacia la universidad y me dirig\u00ed al dormitorio de mi amiga, ya un poco m\u00e1s tranquila.&nbsp;Conoc\u00eda los hechos, pero ello no me ayudaba a regular mis emociones. Sab\u00eda que estaba pasando por una etapa en la que estaba descubriendo qui\u00e9n era yo respecto a mis padres y mi familia de origen, pero nadie me hab\u00eda dicho que los desacuerdos ser\u00edan tan intensos.&nbsp;De hecho, estoy descubriendo qui\u00e9n soy en respuesta a todas estas voces y encuentros tan emocionantes.&nbsp;\u00bfQui\u00e9n soy? \u00bfPor qu\u00e9 estoy aqu\u00ed? \u00bfQui\u00e9n soy respecto a mi familia? \u00bfMi nacionalidad? \u00bfMi pa\u00eds? \u00bfMi disciplina? Cuando me voy, \u00bfdeber\u00eda volver? Y, cuando vuelvo, \u00bfpor qu\u00e9 a pesar de haber cambiado y de que ellos hayan cambiado, todo sigue igual y ya no estoy segura de d\u00f3nde o qu\u00e9 es mi hogar? \u00bfOye Dios todo esto? \u00bfLe interesa? \u00bfQui\u00e9n es Dios? \u00bfQu\u00e9 creo?&nbsp;<\/p>\n<\/div>\n\n<div class=\"wp-block block-core-paragraph\">\n<p class=\"wp-block-paragraph\">\u201cHola Esther\u201d. Su voz amable corta mi avalancha de pensamientos. \u201cTengo que entregar un trabajo esta noche y me quedar\u00e9 aqu\u00ed trabajando, pero el ba\u00f1o est\u00e1 al final del pasillo y puedes usar mis cosas\u201d. Asent\u00ed y, obedientemente, fui a darme una ducha.&nbsp;Mi mente airada se tranquiliz\u00f3 y, en aquella peque\u00f1a habitaci\u00f3n, me sent\u00ed segura. Segura de poder ser yo misma y de no tener que ser perfecta.&nbsp;Mientras me dorm\u00eda, recuerdo pensar que los amigos son lugares seguros a los que uno puede acudir.&nbsp;Tengo amigos.&nbsp;&nbsp;<\/p>\n<\/div>\n\n<div class=\"wp-block block-core-paragraph\">\n<p class=\"wp-block-paragraph\">Finalmente aprender\u00eda a c\u00f3mo interactuar de una forma saludable y \u00fatil con mi familia y a regular mis emociones.&nbsp;Ellos pueden ser ellos y yo puedo ser yo y, aun as\u00ed, podemos seguir siendo una familia.&nbsp;&nbsp;<\/p>\n<\/div>\n\n<div class=\"wp-block block-core-paragraph\">\n<p class=\"wp-block-paragraph\">&#8212;&nbsp;&nbsp;<\/p>\n<\/div>\n\n<div class=\"wp-block block-core-paragraph\">\n<p class=\"wp-block-paragraph\">Cuando acab\u00e9 la universidad, me sent\u00ed muy apenada. Sentada en un aparcamiento y entre sollozos, le dije a Dios y al coche que estaba aparcado delante de m\u00ed que esto se parec\u00eda a una ruptura muy muy dolorosa.&nbsp;\u00bfC\u00f3mo pod\u00eda dejar un lugar al que amaba tanto? No puede ser solo el espacio f\u00edsico, \u00bfquiz\u00e1s eran las personas? \u00bfLa exploraci\u00f3n y el rigor intelectual? \u00bfLa libertad de preguntar y de que te pregunten?&nbsp;La seguridad de saber que no pasa nada si caes o fracasas?&nbsp;Llegar a descubrir que soy amada, que existe gente que ve algo de valor en m\u00ed y que tengo un papel que desempe\u00f1ar en este ancho y extra\u00f1o mundo. Era esto y mucho m\u00e1s, estoy segura.&nbsp;&nbsp;<\/p>\n<\/div>\n\n<div class=\"wp-block block-core-paragraph\">\n<p class=\"wp-block-paragraph\">&#8212;&nbsp;&nbsp;<\/p>\n<\/div>\n\n<div class=\"wp-block block-core-paragraph\">\n<p class=\"wp-block-paragraph\">Tenemos miedo. Estamos aterrados de lo que est\u00e1 por venir y lo expresamos haciendo planes y haciendo todo lo que podamos, pero siempre queda una incertidumbre silenciosa, aquel primer rechazo o fracaso.&nbsp;El temor de perder a alguien o algo que amamos. Perder la esperanza en un sue\u00f1o. Tener miedo de no saber. No tener el control. Tener miedo de que nadie se interese por nosotros y de que cuando finalmente nos levantemos volvamos a caer.&nbsp;&nbsp;<\/p>\n<\/div>\n\n<div class=\"wp-block block-core-paragraph\">\n<p class=\"wp-block-paragraph\">Pero tambi\u00e9n estamos emocionados. La universidad ofrece un lugar para nuevas aventuras. Nuevas ideas, nuevas personas, nuevas tierras. Nuevas cosmovisiones que nos retan y nos estimulan. Un mundo que no es solo lo que es, sino lo que podr\u00eda ser.&nbsp;Nos convertimos, por as\u00ed decirlo, en so\u00f1adores.&nbsp;&nbsp;<\/p>\n<\/div>\n\n<div class=\"wp-block block-core-paragraph\">\n<p class=\"wp-block-paragraph\">Al miedo y a los sue\u00f1os, o\u00edmos que se les dice: la Palabra se convierte en carne y vive entre nosotros. Emmanuel. Cristo con nosotros. Adem\u00e1s, o\u00edmos y tenemos esperanza: Hago nuevas todas las cosas. Qu\u00e9 misterio tan dif\u00edcil y, a la vez, tan glorioso.&nbsp;&nbsp;<\/p>\n<\/div>\n\n<div class=\"wp-block block-acf-ifesbutton\">\n<div class=\"\">\n    <a id=\"btn-block_5dbaf2c046b88\" target=\"\" href=\"https:\/\/ifes.world\/palabraymundo7\" class=\"btn btn--cta-link\">\n        <span>\n                    <span class=\"icon\"><svg class=\"icon\"><use xlink:href=\"#chevron-circle-right-solid\"\/><\/svg><\/span>\n        Descargar N\u00famero 7 de Palabra y Mundo (PDF)         <\/span>\n    <\/a>\n<\/div>\n\n<\/div>\n\n<div class=\"wp-block block-core-heading\">\n<h3 class=\"wp-block-heading\"><strong>Preguntas para debatir&nbsp;<\/strong><\/h3>\n<\/div>\n\n<div class=\"wp-block block-core-list\">\n<ol class=\"wp-block-list\"><li>\u00bfSe pregunta la gente que hay a tu alrededor para qu\u00e9 sirve la universidad?&nbsp;<\/li><li>Los estudiantes de tu universidad (o de una universidad cercana), \u00bfcu\u00e1l creen que es el prop\u00f3sito de la universidad?&nbsp;<\/li><li>\u00bfQu\u00e9 aspecto de tu universidad (u hogar o pa\u00eds) necesita escuchar las nuevas de que Cristo fue hecho carne y que est\u00e1 con nosotros?&nbsp;<\/li><li>\u00bfQu\u00e9 aspecto de tu universidad (u hogar o pa\u00eds) necesita escuchar que Dios est\u00e1 haciendo nuevas todas las cosas?&nbsp;<\/li><li>\u00bfQu\u00e9 sue\u00f1as que sea la universidad?&nbsp;<\/li><\/ol>\n<\/div>\n\n<div class=\"wp-block block-core-heading\">\n<h3 class=\"wp-block-heading\"><strong>Lecturas adicionales&nbsp;<\/strong><\/h3>\n<\/div>\n\n<div class=\"wp-block block-core-list\">\n<ul class=\"wp-block-list\"><li><em>Why Study? Exploring the Face of God in the Academy<\/em>.&nbsp;Singapur: FES, 2017.&nbsp;<\/li><li>Brueggemann, Walter.&nbsp;<em>The Prophetic Imagination<\/em>.&nbsp;Philadelphia: Fortress Press, 1978.&nbsp;<\/li><\/ul>\n<\/div>","protected":false},"featured_media":2084,"template":"","area":[],"theme":[],"class_list":["post-2087","word_world","type-word_world","status-publish","has-post-thumbnail","hentry"],"acf":[],"yoast_head":"<!-- This site is optimized with the Yoast SEO plugin v27.2 - https:\/\/yoast.com\/product\/yoast-seo-wordpress\/ -->\n<title>Nos convertimos en so\u00f1adores: &#183; IFES<\/title>\n<meta name=\"description\" content=\"Traducido por Laia Martinez&nbsp; \u201c\u00bfPara qu\u00e9 sirve&nbsp;la&nbsp;universidad?\u201d Donde vivo, la gente no suele hacer esta pregunta. Si lo hacen, la respuesta\" \/>\n<meta name=\"robots\" content=\"index, follow, max-snippet:-1, max-image-preview:large, max-video-preview:-1\" \/>\n<link rel=\"canonical\" href=\"https:\/\/ifesworld.org\/es\/journal\/nos-convertimos-en-sonadores-imagenes-de-la-vida-de-una-estudiante-universitaria-esther-phua\/\" \/>\n<meta property=\"og:locale\" content=\"es_ES\" \/>\n<meta property=\"og:type\" content=\"article\" \/>\n<meta property=\"og:title\" content=\"Nos convertimos en so\u00f1adores: &#183; IFES\" \/>\n<meta property=\"og:description\" content=\"Traducido por Laia Martinez&nbsp; \u201c\u00bfPara qu\u00e9 sirve&nbsp;la&nbsp;universidad?\u201d Donde vivo, la gente no suele hacer esta pregunta. Si lo hacen, la respuesta\" \/>\n<meta property=\"og:url\" content=\"https:\/\/ifesworld.org\/es\/journal\/nos-convertimos-en-sonadores-imagenes-de-la-vida-de-una-estudiante-universitaria-esther-phua\/\" \/>\n<meta property=\"og:site_name\" content=\"IFES\" \/>\n<meta property=\"article:modified_time\" content=\"2020-01-27T11:10:25+00:00\" \/>\n<meta property=\"og:image\" content=\"https:\/\/ifesworld.org\/wp-content\/uploads\/2019\/05\/190502_Girl-in-Car2.jpg\" \/>\n\t<meta property=\"og:image:width\" content=\"3840\" \/>\n\t<meta property=\"og:image:height\" content=\"2160\" \/>\n\t<meta property=\"og:image:type\" content=\"image\/jpeg\" \/>\n<meta name=\"twitter:card\" content=\"summary_large_image\" \/>\n<meta name=\"twitter:label1\" content=\"Tiempo de lectura\" \/>\n\t<meta name=\"twitter:data1\" content=\"12 minutos\" \/>\n<script type=\"application\/ld+json\" class=\"yoast-schema-graph\">{\"@context\":\"https:\/\/schema.org\",\"@graph\":[{\"@type\":\"WebPage\",\"@id\":\"https:\/\/ifesworld.org\/es\/journal\/nos-convertimos-en-sonadores-imagenes-de-la-vida-de-una-estudiante-universitaria-esther-phua\/\",\"url\":\"https:\/\/ifesworld.org\/es\/journal\/nos-convertimos-en-sonadores-imagenes-de-la-vida-de-una-estudiante-universitaria-esther-phua\/\",\"name\":\"Nos convertimos en so\u00f1adores: &#183; IFES\",\"isPartOf\":{\"@id\":\"https:\/\/ifesworld.org\/es\/#website\"},\"primaryImageOfPage\":{\"@id\":\"https:\/\/ifesworld.org\/es\/journal\/nos-convertimos-en-sonadores-imagenes-de-la-vida-de-una-estudiante-universitaria-esther-phua\/#primaryimage\"},\"image\":{\"@id\":\"https:\/\/ifesworld.org\/es\/journal\/nos-convertimos-en-sonadores-imagenes-de-la-vida-de-una-estudiante-universitaria-esther-phua\/#primaryimage\"},\"thumbnailUrl\":\"https:\/\/ifesworld.org\/wp-content\/uploads\/2019\/05\/190502_Girl-in-Car2.jpg\",\"datePublished\":\"2019-05-22T14:30:31+00:00\",\"dateModified\":\"2020-01-27T11:10:25+00:00\",\"description\":\"Traducido por Laia Martinez&nbsp; \u201c\u00bfPara qu\u00e9 sirve&nbsp;la&nbsp;universidad?\u201d Donde vivo, la gente no suele hacer esta pregunta. Si lo hacen, la respuesta\",\"breadcrumb\":{\"@id\":\"https:\/\/ifesworld.org\/es\/journal\/nos-convertimos-en-sonadores-imagenes-de-la-vida-de-una-estudiante-universitaria-esther-phua\/#breadcrumb\"},\"inLanguage\":\"es\",\"potentialAction\":[{\"@type\":\"ReadAction\",\"target\":[\"https:\/\/ifesworld.org\/es\/journal\/nos-convertimos-en-sonadores-imagenes-de-la-vida-de-una-estudiante-universitaria-esther-phua\/\"]}]},{\"@type\":\"ImageObject\",\"inLanguage\":\"es\",\"@id\":\"https:\/\/ifesworld.org\/es\/journal\/nos-convertimos-en-sonadores-imagenes-de-la-vida-de-una-estudiante-universitaria-esther-phua\/#primaryimage\",\"url\":\"https:\/\/ifesworld.org\/wp-content\/uploads\/2019\/05\/190502_Girl-in-Car2.jpg\",\"contentUrl\":\"https:\/\/ifesworld.org\/wp-content\/uploads\/2019\/05\/190502_Girl-in-Car2.jpg\",\"width\":3840,\"height\":2160,\"caption\":\"190502_Girl in Car2\"},{\"@type\":\"BreadcrumbList\",\"@id\":\"https:\/\/ifesworld.org\/es\/journal\/nos-convertimos-en-sonadores-imagenes-de-la-vida-de-una-estudiante-universitaria-esther-phua\/#breadcrumb\",\"itemListElement\":[{\"@type\":\"ListItem\",\"position\":1,\"name\":\"Home\",\"item\":\"https:\/\/ifesworld.org\/es\/\"},{\"@type\":\"ListItem\",\"position\":2,\"name\":\"Parole et Monde\",\"item\":\"https:\/\/ifesworld.org\/fr\/journal\/\"},{\"@type\":\"ListItem\",\"position\":3,\"name\":\"Nos convertimos en so\u00f1adores:\"}]},{\"@type\":\"WebSite\",\"@id\":\"https:\/\/ifesworld.org\/es\/#website\",\"url\":\"https:\/\/ifesworld.org\/es\/\",\"name\":\"IFES\",\"description\":\"A movement of students sharing and living out the good news of Jesus Christ. Locally. Nationally. Globally.\",\"publisher\":{\"@id\":\"https:\/\/ifesworld.org\/es\/#organization\"},\"potentialAction\":[{\"@type\":\"SearchAction\",\"target\":{\"@type\":\"EntryPoint\",\"urlTemplate\":\"https:\/\/ifesworld.org\/es\/?s={search_term_string}\"},\"query-input\":{\"@type\":\"PropertyValueSpecification\",\"valueRequired\":true,\"valueName\":\"search_term_string\"}}],\"inLanguage\":\"es\"},{\"@type\":\"Organization\",\"@id\":\"https:\/\/ifesworld.org\/es\/#organization\",\"name\":\"IFES \u00b7 International Fellowship of Evangelical Students\",\"url\":\"https:\/\/ifesworld.org\/es\/\",\"logo\":{\"@type\":\"ImageObject\",\"inLanguage\":\"es\",\"@id\":\"https:\/\/ifesworld.org\/es\/#\/schema\/logo\/image\/\",\"url\":\"https:\/\/ifesworld.org\/wp-content\/uploads\/2019\/06\/ifeslogo.png\",\"contentUrl\":\"https:\/\/ifesworld.org\/wp-content\/uploads\/2019\/06\/ifeslogo.png\",\"width\":262,\"height\":262,\"caption\":\"IFES \u00b7 International Fellowship of Evangelical Students\"},\"image\":{\"@id\":\"https:\/\/ifesworld.org\/es\/#\/schema\/logo\/image\/\"}}]}<\/script>\n<!-- \/ Yoast SEO plugin. -->","yoast_head_json":{"title":"Nos convertimos en so\u00f1adores: &#183; IFES","description":"Traducido por Laia Martinez&nbsp; \u201c\u00bfPara qu\u00e9 sirve&nbsp;la&nbsp;universidad?\u201d Donde vivo, la gente no suele hacer esta pregunta. Si lo hacen, la respuesta","robots":{"index":"index","follow":"follow","max-snippet":"max-snippet:-1","max-image-preview":"max-image-preview:large","max-video-preview":"max-video-preview:-1"},"canonical":"https:\/\/ifesworld.org\/es\/journal\/nos-convertimos-en-sonadores-imagenes-de-la-vida-de-una-estudiante-universitaria-esther-phua\/","og_locale":"es_ES","og_type":"article","og_title":"Nos convertimos en so\u00f1adores: &#183; IFES","og_description":"Traducido por Laia Martinez&nbsp; \u201c\u00bfPara qu\u00e9 sirve&nbsp;la&nbsp;universidad?\u201d Donde vivo, la gente no suele hacer esta pregunta. Si lo hacen, la respuesta","og_url":"https:\/\/ifesworld.org\/es\/journal\/nos-convertimos-en-sonadores-imagenes-de-la-vida-de-una-estudiante-universitaria-esther-phua\/","og_site_name":"IFES","article_modified_time":"2020-01-27T11:10:25+00:00","og_image":[{"width":3840,"height":2160,"url":"https:\/\/ifesworld.org\/wp-content\/uploads\/2019\/05\/190502_Girl-in-Car2.jpg","type":"image\/jpeg"}],"twitter_card":"summary_large_image","twitter_misc":{"Tiempo de lectura":"12 minutos"},"schema":{"@context":"https:\/\/schema.org","@graph":[{"@type":"WebPage","@id":"https:\/\/ifesworld.org\/es\/journal\/nos-convertimos-en-sonadores-imagenes-de-la-vida-de-una-estudiante-universitaria-esther-phua\/","url":"https:\/\/ifesworld.org\/es\/journal\/nos-convertimos-en-sonadores-imagenes-de-la-vida-de-una-estudiante-universitaria-esther-phua\/","name":"Nos convertimos en so\u00f1adores: &#183; IFES","isPartOf":{"@id":"https:\/\/ifesworld.org\/es\/#website"},"primaryImageOfPage":{"@id":"https:\/\/ifesworld.org\/es\/journal\/nos-convertimos-en-sonadores-imagenes-de-la-vida-de-una-estudiante-universitaria-esther-phua\/#primaryimage"},"image":{"@id":"https:\/\/ifesworld.org\/es\/journal\/nos-convertimos-en-sonadores-imagenes-de-la-vida-de-una-estudiante-universitaria-esther-phua\/#primaryimage"},"thumbnailUrl":"https:\/\/ifesworld.org\/wp-content\/uploads\/2019\/05\/190502_Girl-in-Car2.jpg","datePublished":"2019-05-22T14:30:31+00:00","dateModified":"2020-01-27T11:10:25+00:00","description":"Traducido por Laia Martinez&nbsp; \u201c\u00bfPara qu\u00e9 sirve&nbsp;la&nbsp;universidad?\u201d Donde vivo, la gente no suele hacer esta pregunta. Si lo hacen, la respuesta","breadcrumb":{"@id":"https:\/\/ifesworld.org\/es\/journal\/nos-convertimos-en-sonadores-imagenes-de-la-vida-de-una-estudiante-universitaria-esther-phua\/#breadcrumb"},"inLanguage":"es","potentialAction":[{"@type":"ReadAction","target":["https:\/\/ifesworld.org\/es\/journal\/nos-convertimos-en-sonadores-imagenes-de-la-vida-de-una-estudiante-universitaria-esther-phua\/"]}]},{"@type":"ImageObject","inLanguage":"es","@id":"https:\/\/ifesworld.org\/es\/journal\/nos-convertimos-en-sonadores-imagenes-de-la-vida-de-una-estudiante-universitaria-esther-phua\/#primaryimage","url":"https:\/\/ifesworld.org\/wp-content\/uploads\/2019\/05\/190502_Girl-in-Car2.jpg","contentUrl":"https:\/\/ifesworld.org\/wp-content\/uploads\/2019\/05\/190502_Girl-in-Car2.jpg","width":3840,"height":2160,"caption":"190502_Girl in Car2"},{"@type":"BreadcrumbList","@id":"https:\/\/ifesworld.org\/es\/journal\/nos-convertimos-en-sonadores-imagenes-de-la-vida-de-una-estudiante-universitaria-esther-phua\/#breadcrumb","itemListElement":[{"@type":"ListItem","position":1,"name":"Home","item":"https:\/\/ifesworld.org\/es\/"},{"@type":"ListItem","position":2,"name":"Parole et Monde","item":"https:\/\/ifesworld.org\/fr\/journal\/"},{"@type":"ListItem","position":3,"name":"Nos convertimos en so\u00f1adores:"}]},{"@type":"WebSite","@id":"https:\/\/ifesworld.org\/es\/#website","url":"https:\/\/ifesworld.org\/es\/","name":"IFES","description":"A movement of students sharing and living out the good news of Jesus Christ. Locally. Nationally. Globally.","publisher":{"@id":"https:\/\/ifesworld.org\/es\/#organization"},"potentialAction":[{"@type":"SearchAction","target":{"@type":"EntryPoint","urlTemplate":"https:\/\/ifesworld.org\/es\/?s={search_term_string}"},"query-input":{"@type":"PropertyValueSpecification","valueRequired":true,"valueName":"search_term_string"}}],"inLanguage":"es"},{"@type":"Organization","@id":"https:\/\/ifesworld.org\/es\/#organization","name":"IFES \u00b7 International Fellowship of Evangelical Students","url":"https:\/\/ifesworld.org\/es\/","logo":{"@type":"ImageObject","inLanguage":"es","@id":"https:\/\/ifesworld.org\/es\/#\/schema\/logo\/image\/","url":"https:\/\/ifesworld.org\/wp-content\/uploads\/2019\/06\/ifeslogo.png","contentUrl":"https:\/\/ifesworld.org\/wp-content\/uploads\/2019\/06\/ifeslogo.png","width":262,"height":262,"caption":"IFES \u00b7 International Fellowship of Evangelical Students"},"image":{"@id":"https:\/\/ifesworld.org\/es\/#\/schema\/logo\/image\/"}}]}},"_links":{"self":[{"href":"https:\/\/ifesworld.org\/es\/wp-json\/wp\/v2\/word_world\/2087","targetHints":{"allow":["GET"]}}],"collection":[{"href":"https:\/\/ifesworld.org\/es\/wp-json\/wp\/v2\/word_world"}],"about":[{"href":"https:\/\/ifesworld.org\/es\/wp-json\/wp\/v2\/types\/word_world"}],"wp:featuredmedia":[{"embeddable":true,"href":"https:\/\/ifesworld.org\/es\/wp-json\/wp\/v2\/media\/2084"}],"wp:attachment":[{"href":"https:\/\/ifesworld.org\/es\/wp-json\/wp\/v2\/media?parent=2087"}],"wp:term":[{"taxonomy":"area","embeddable":true,"href":"https:\/\/ifesworld.org\/es\/wp-json\/wp\/v2\/area?post=2087"},{"taxonomy":"theme","embeddable":true,"href":"https:\/\/ifesworld.org\/es\/wp-json\/wp\/v2\/theme?post=2087"}],"curies":[{"name":"wp","href":"https:\/\/api.w.org\/{rel}","templated":true}]}}