{"id":54552,"date":"2026-09-01T10:53:44","date_gmt":"2026-09-01T09:53:44","guid":{"rendered":"https:\/\/ifesworld.org\/?post_type=prayerline&#038;p=54552"},"modified":"2026-09-01T10:53:45","modified_gmt":"2026-09-01T09:53:45","slug":"cortando-la-ansiedad","status":"publish","type":"prayerline","link":"https:\/\/ifesworld.org\/es\/prayerline\/cortando-la-ansiedad\/","title":{"rendered":"Cortando la ansiedad"},"content":{"rendered":"<div class=\"wp-block block-core-paragraph\">\n<p class=\"wp-block-paragraph\">Steve* se ha sentido ansioso durante d\u00edas, est\u00e1 apesadumbrado por la presi\u00f3n de encontrar trabajo como estudiante. El curr\u00edculum perfecto. Infinidad de solicitudes de empleo. La tensa espera. Entrevistas aterradoras. Una competencia clara.<\/p>\n<\/div>\n\n<div class=\"wp-block block-core-paragraph\">\n<p class=\"wp-block-paragraph\">Entonces, vio una publicaci\u00f3n de Instagram:<\/p>\n<\/div>\n\n<div class=\"wp-block block-core-paragraph\">\n<p class=\"wp-block-paragraph\"><a href=\"https:\/\/www.instagram.com\/p\/C9n47yKtYp_\/?utm_source=ig_web_copy_link&amp;igsh=MzRlODBiNWFlZA==\" target=\"_blank\" rel=\"noopener\"><em>Una oraci\u00f3n cuando solicitas cooperaci\u00f3n o trabajos.<\/em><\/a><\/p>\n<\/div>\n\n<div class=\"wp-block block-core-paragraph\">\n<p class=\"wp-block-paragraph\">La publicaci\u00f3n era de la cuenta de su grupo local de IFES, el grupo de <a href=\"https:\/\/ivcf.ca\/\">IVCF Canad\u00e1<\/a> en la Universidad de Victoria.<\/p>\n<\/div>\n\n<div class=\"wp-block block-core-paragraph\">\n<p class=\"wp-block-paragraph\">Mientras la le\u00eda, se dio cuenta de algo.<\/p>\n<\/div>\n\n<div class=\"wp-block block-core-heading wp-elements-18eb73758ff758afdff061da4bb88e5a\">\n<h2 class=\"wp-block-heading has-north-america-color has-text-color has-link-color wp-elements-18eb73758ff758afdff061da4bb88e5a\"><strong>Una oraci\u00f3n en el \u00abFeed\u00bb<\/strong><\/h2>\n<\/div>\n\n<div class=\"wp-block block-core-paragraph\">\n<p class=\"wp-block-paragraph\">El lamento le lleg\u00f3 al alma:<\/p>\n<\/div>\n\n<div class=\"wp-block block-core-paragraph\">\n<p class=\"wp-block-paragraph\"><em>\u00ab\u00bfPor qu\u00e9 es tan agotador solicitar colaboraciones?\u00bb\u2026 \u00ab\u00bfNo deseabas que el trabajo fuera significativo? \/ Todo esto parece ser espinas y cardos\u00bb.<\/em><\/p>\n<\/div>\n\n<div class=\"wp-block block-core-paragraph\">\n<p class=\"wp-block-paragraph\">Se sum\u00f3 a su arrepentimiento:<\/p>\n<\/div>\n\n<div class=\"wp-block block-core-paragraph\">\n<p class=\"wp-block-paragraph\"><em>\u00abConfieso mi necesidad de dominar la creaci\u00f3n\u2026 Confieso mi miedo a mi vocaci\u00f3n humana, con su mortalidad y sus limitaciones\u2026 Confieso los temores que albergan mis cavilaciones\u00bb<\/em><\/p>\n<\/div>\n\n<div class=\"wp-block block-core-paragraph\">\n<p class=\"wp-block-paragraph\">Y descans\u00f3 en esta confianza:<\/p>\n<\/div>\n\n<div class=\"wp-block block-core-paragraph\">\n<p class=\"wp-block-paragraph\"><em>\u00abTu amor es firme, tu ira tard\u00eda; rev\u00edsteme con tu paciencia \/ Como Pastor Supremo, tu reino est\u00e1 lleno de bondad\u00bb.<\/em><\/p>\n<\/div>\n\n<div class=\"wp-block block-core-heading wp-elements-ab5652fe7529534b930ec12165eb913a\">\n<h2 class=\"wp-block-heading has-north-america-color has-text-color has-link-color wp-elements-ab5652fe7529534b930ec12165eb913a\"><strong>La omnipresencia de Dios<\/strong><\/h2>\n<\/div>\n\n<div class=\"wp-block block-core-paragraph\">\n<p class=\"wp-block-paragraph\">Steve envi\u00f3 un mensaje de texto al obrero de su grupo, Alan.<\/p>\n<\/div>\n\n<div class=\"wp-block block-core-paragraph\">\n<p class=\"wp-block-paragraph\">Quer\u00eda que supiera que aquella oraci\u00f3n hab\u00eda cortado su ansiedad. Las palabras en la pantalla le hab\u00edan ayudado a reconocer que Dios estaba con \u00e9l en su b\u00fasqueda de un empleo.<\/p>\n<\/div>\n\n<div class=\"wp-block block-core-paragraph\">\n<p class=\"wp-block-paragraph\">A lo largo de la siguiente semana, Steve repiti\u00f3 esas palabras en sus oraciones mientras esperaba respuestas. Encontr\u00f3 fuerzas para perseverar otros dos meses.<\/p>\n<\/div>\n\n<div class=\"wp-block block-core-paragraph\">\n<p class=\"wp-block-paragraph\">Como autor de la oraci\u00f3n, Alan estaba encantado. Durante los \u00faltimos dos a\u00f1os, se han publicado unas 30 de sus oraciones en el perfil de <a href=\"https:\/\/www.instagram.com\/uvic_ivcf\/\">uvic_ivcf<\/a>. Nos relata:<\/p>\n<\/div>\n\n<div class=\"wp-block block-core-paragraph\">\n<p class=\"wp-block-paragraph\"><em>\u00abLa era digital nos ha brindado nuevas oportunidades. Los espacios personales y privados de los estudiantes \u2014sus habitaciones, cocinas y desplazamientos\u2014 pueden convertirse en lugares similares a un templo donde se siente la presencia de Dios y se responde a dicha presencia\u00bb<\/em>.<\/p>\n<\/div>\n\n<div class=\"wp-block block-core-heading wp-elements-2bfdd9d8d31f610e450d0f11d74ac9c1\">\n<h2 class=\"wp-block-heading has-north-america-color has-text-color has-link-color wp-elements-2bfdd9d8d31f610e450d0f11d74ac9c1\"><strong>Una buena conexi\u00f3n<\/strong><\/h2>\n<\/div>\n\n<div class=\"wp-block block-core-paragraph\">\n<p class=\"wp-block-paragraph\">Alan no pretende que estas \u00abliturgias digitales\u00bb sustituyan al ministerio presencial, sino que las ve como \u00abun puente\u00bb que ayuda a su querida comunidad universitaria a conectar la fe con todos los aspectos de la vida; ya sea <a href=\"https:\/\/www.instagram.com\/p\/DFDrnAHReqY\/?utm_source=ig_web_copy_link&amp;igsh=MzRlODBiNWFlZA==\">uno de esos lunes en los que parece que todo se desmorona<\/a> o <a href=\"https:\/\/www.instagram.com\/p\/DDQLeTXSgjn\/?utm_source=ig_web_copy_link&amp;igsh=MzRlODBiNWFlZA==\">uno de esos momentos en los que sientes que no has estudiado suficiente.<\/a><\/p>\n<\/div>\n\n<div class=\"wp-block block-core-paragraph\">\n<p class=\"wp-block-paragraph\">Nos explica:<\/p>\n<\/div>\n\n<div class=\"wp-block block-core-paragraph\">\n<p class=\"wp-block-paragraph\"><em>\u00abEmpiezo por escuchar a los estudiantes con los que me re\u00fano, sus historias y sus miedos. Mientras intercedo por ellos, el Esp\u00edritu Santo me impulsa a empezar a escribir. Intento entretejer sus historias con los relatos b\u00edblicos acerca de qui\u00e9n es Dios y c\u00f3mo sus vidas se relacionan con Su historia\u00bb.<\/em><\/p>\n<\/div>\n\n<div class=\"wp-block block-core-paragraph\">\n<p class=\"wp-block-paragraph\">El medio digital ofrece una ventaja adicional:<\/p>\n<\/div>\n\n<div class=\"wp-block block-core-paragraph\">\n<p class=\"wp-block-paragraph\"><em>\u00abUn papel impreso puede acabar metido en un bolsillo y olvidarse, pero, ahora, estas oraciones est\u00e1n en un lugar donde no se pierden tan f\u00e1cilmente. Como un fresco en una bas\u00edlica, son de acceso p\u00fablico, tanto para esta generaci\u00f3n como para las futuras\u00bb.<\/em><\/p>\n<\/div>\n\n<div class=\"wp-block block-core-paragraph\">\n<p class=\"wp-block-paragraph\">Por tanto, tenemos una oportunidad para que se corte la ansiedad de m\u00e1s personas y encuentren una mayor paz en Cristo.<\/p>\n<\/div>\n\n<div class=\"wp-block block-core-heading wp-elements-1aa722e807236f4e323ee5860245fdd3\">\n<h2 class=\"wp-block-heading has-north-america-color has-text-color has-link-color wp-elements-1aa722e807236f4e323ee5860245fdd3\"><strong>Ora<\/strong><\/h2>\n<\/div>\n\n<div class=\"wp-block block-core-list\">\n<ul class=\"wp-block-list\"><div class=\"wp-block block-core-list-item\">\n<li>Demos gracias porque esta comunidad universitaria combina la vida comunitaria presencial con el ministerio digital en su aprendizaje y su testimonio. Demos gracias a Dios por el testimonio de Steve y por las oraciones de Alan en Instagram.<\/li>\n<\/div><\/ul>\n<\/div>\n\n<div class=\"wp-block block-core-list\">\n<ul class=\"wp-block-list\"><div class=\"wp-block block-core-list-item\">\n<li>Oremos por las cinco \u00abcasas comunitarias\u00bb que sirven de centros para la evangelizaci\u00f3n a trav\u00e9s de la hospitalidad. \u00abSon un espacio para que los nuevos estudiantes se sumerjan en el testimonio vivo de la obra de Cristo en la cruz\u00bb. Oremos para que los estudiantes con curiosidad espiritual y quienes no son religiosos participen en estudios b\u00edblicos y se comprometan a seguir a Jes\u00fas.<\/li>\n<\/div><\/ul>\n<\/div>\n\n<div class=\"wp-block block-core-list\">\n<ul class=\"wp-block-list\"><div class=\"wp-block block-core-list-item\">\n<li>Oremos por los estudiantes cristianos que luchan contra una mentalidad \u00abde supervivencia\u00bb, para que imaginen c\u00f3mo convertirse en comunidades pr\u00f3speras y fieles, empoderadas por el Esp\u00edritu Santo.<\/li>\n<\/div><\/ul>\n<\/div>\n\n<div class=\"wp-block block-core-paragraph\">\n<p class=\"wp-block-paragraph\">*Se ha modificado el nombre por motivos de privacidad.<\/p>\n<\/div>","protected":false},"featured_media":54550,"template":"","area":[710,906],"theme":[],"class_list":["post-54552","prayerline","type-prayerline","status-publish","has-post-thumbnail","hentry","area-america-del-norte","area-canada-america-del-norte"],"acf":[],"yoast_head":"<!-- This site is optimized with the Yoast SEO plugin v27.8 - https:\/\/yoast.com\/product\/yoast-seo-wordpress\/ -->\n<title>Cortando la ansiedad &#183; IFES Prayerline<\/title>\n<meta name=\"description\" content=\"Steve* se ha sentido ansioso durante d\u00edas, est\u00e1 apesadumbrado por la presi\u00f3n de encontrar trabajo como estudiante. El curr\u00edculum perfecto. Infinidad de\" \/>\n<meta name=\"robots\" content=\"index, follow, max-snippet:-1, max-image-preview:large, max-video-preview:-1\" \/>\n<link rel=\"canonical\" href=\"https:\/\/ifesworld.org\/es\/prayerline\/cortando-la-ansiedad\/\" \/>\n<meta property=\"og:locale\" content=\"es_ES\" \/>\n<meta property=\"og:type\" content=\"article\" \/>\n<meta property=\"og:title\" content=\"Cortando la ansiedad &#183; IFES Prayerline\" \/>\n<meta property=\"og:description\" content=\"Steve* se ha sentido ansioso durante d\u00edas, est\u00e1 apesadumbrado por la presi\u00f3n de encontrar trabajo como estudiante. El curr\u00edculum perfecto. Infinidad de\" \/>\n<meta property=\"og:url\" content=\"https:\/\/ifesworld.org\/es\/prayerline\/cortando-la-ansiedad\/\" \/>\n<meta property=\"og:site_name\" content=\"IFES\" \/>\n<meta property=\"article:modified_time\" content=\"2026-09-01T09:53:45+00:00\" \/>\n<meta property=\"og:image\" content=\"https:\/\/ifesworld.org\/wp-content\/uploads\/2026\/08\/Fall-retreat-group.jpg\" \/>\n\t<meta property=\"og:image:width\" content=\"1976\" \/>\n\t<meta property=\"og:image:height\" content=\"1318\" \/>\n\t<meta property=\"og:image:type\" content=\"image\/jpeg\" \/>\n<meta name=\"twitter:card\" content=\"summary_large_image\" \/>\n<meta name=\"twitter:label1\" content=\"Tiempo de lectura\" \/>\n\t<meta name=\"twitter:data1\" content=\"3 minutos\" \/>\n<script type=\"application\/ld+json\" class=\"yoast-schema-graph\">{\"@context\":\"https:\\\/\\\/schema.org\",\"@graph\":[{\"@type\":\"WebPage\",\"@id\":\"https:\\\/\\\/ifesworld.org\\\/es\\\/prayerline\\\/cortando-la-ansiedad\\\/\",\"url\":\"https:\\\/\\\/ifesworld.org\\\/es\\\/prayerline\\\/cortando-la-ansiedad\\\/\",\"name\":\"Cortando la ansiedad &#183; IFES Prayerline\",\"isPartOf\":{\"@id\":\"https:\\\/\\\/ifesworld.org\\\/es\\\/#website\"},\"primaryImageOfPage\":{\"@id\":\"https:\\\/\\\/ifesworld.org\\\/es\\\/prayerline\\\/cortando-la-ansiedad\\\/#primaryimage\"},\"image\":{\"@id\":\"https:\\\/\\\/ifesworld.org\\\/es\\\/prayerline\\\/cortando-la-ansiedad\\\/#primaryimage\"},\"thumbnailUrl\":\"https:\\\/\\\/ifesworld.org\\\/wp-content\\\/uploads\\\/2026\\\/08\\\/Fall-retreat-group.jpg\",\"datePublished\":\"2026-09-01T09:53:44+00:00\",\"dateModified\":\"2026-09-01T09:53:45+00:00\",\"description\":\"Steve* se ha sentido ansioso durante d\u00edas, est\u00e1 apesadumbrado por la presi\u00f3n de encontrar trabajo como estudiante. El curr\u00edculum perfecto. Infinidad de\",\"breadcrumb\":{\"@id\":\"https:\\\/\\\/ifesworld.org\\\/es\\\/prayerline\\\/cortando-la-ansiedad\\\/#breadcrumb\"},\"inLanguage\":\"es\",\"potentialAction\":[{\"@type\":\"ReadAction\",\"target\":[\"https:\\\/\\\/ifesworld.org\\\/es\\\/prayerline\\\/cortando-la-ansiedad\\\/\"]}]},{\"@type\":\"ImageObject\",\"inLanguage\":\"es\",\"@id\":\"https:\\\/\\\/ifesworld.org\\\/es\\\/prayerline\\\/cortando-la-ansiedad\\\/#primaryimage\",\"url\":\"https:\\\/\\\/ifesworld.org\\\/wp-content\\\/uploads\\\/2026\\\/08\\\/Fall-retreat-group.jpg\",\"contentUrl\":\"https:\\\/\\\/ifesworld.org\\\/wp-content\\\/uploads\\\/2026\\\/08\\\/Fall-retreat-group.jpg\",\"width\":1976,\"height\":1318},{\"@type\":\"BreadcrumbList\",\"@id\":\"https:\\\/\\\/ifesworld.org\\\/es\\\/prayerline\\\/cortando-la-ansiedad\\\/#breadcrumb\",\"itemListElement\":[{\"@type\":\"ListItem\",\"position\":1,\"name\":\"Home\",\"item\":\"https:\\\/\\\/ifesworld.org\\\/es\\\/\"},{\"@type\":\"ListItem\",\"position\":2,\"name\":\"Prayerline\",\"item\":\"https:\\\/\\\/ifesworld.org\\\/en\\\/prayerline\\\/\"},{\"@type\":\"ListItem\",\"position\":3,\"name\":\"Cortando la ansiedad\"}]},{\"@type\":\"WebSite\",\"@id\":\"https:\\\/\\\/ifesworld.org\\\/es\\\/#website\",\"url\":\"https:\\\/\\\/ifesworld.org\\\/es\\\/\",\"name\":\"IFES\",\"description\":\"A movement of students sharing and living out the good news of Jesus Christ. Locally. Nationally. Globally.\",\"publisher\":{\"@id\":\"https:\\\/\\\/ifesworld.org\\\/es\\\/#organization\"},\"potentialAction\":[{\"@type\":\"SearchAction\",\"target\":{\"@type\":\"EntryPoint\",\"urlTemplate\":\"https:\\\/\\\/ifesworld.org\\\/es\\\/?s={search_term_string}\"},\"query-input\":{\"@type\":\"PropertyValueSpecification\",\"valueRequired\":true,\"valueName\":\"search_term_string\"}}],\"inLanguage\":\"es\"},{\"@type\":\"Organization\",\"@id\":\"https:\\\/\\\/ifesworld.org\\\/es\\\/#organization\",\"name\":\"IFES \u00b7 International Fellowship of Evangelical Students\",\"url\":\"https:\\\/\\\/ifesworld.org\\\/es\\\/\",\"logo\":{\"@type\":\"ImageObject\",\"inLanguage\":\"es\",\"@id\":\"https:\\\/\\\/ifesworld.org\\\/es\\\/#\\\/schema\\\/logo\\\/image\\\/\",\"url\":\"https:\\\/\\\/ifesworld.org\\\/wp-content\\\/uploads\\\/2019\\\/06\\\/ifeslogo.png\",\"contentUrl\":\"https:\\\/\\\/ifesworld.org\\\/wp-content\\\/uploads\\\/2019\\\/06\\\/ifeslogo.png\",\"width\":262,\"height\":262,\"caption\":\"IFES \u00b7 International Fellowship of Evangelical Students\"},\"image\":{\"@id\":\"https:\\\/\\\/ifesworld.org\\\/es\\\/#\\\/schema\\\/logo\\\/image\\\/\"}}]}<\/script>\n<!-- \/ Yoast SEO plugin. -->","yoast_head_json":{"title":"Cortando la ansiedad &#183; IFES Prayerline","description":"Steve* se ha sentido ansioso durante d\u00edas, est\u00e1 apesadumbrado por la presi\u00f3n de encontrar trabajo como estudiante. El curr\u00edculum perfecto. Infinidad de","robots":{"index":"index","follow":"follow","max-snippet":"max-snippet:-1","max-image-preview":"max-image-preview:large","max-video-preview":"max-video-preview:-1"},"canonical":"https:\/\/ifesworld.org\/es\/prayerline\/cortando-la-ansiedad\/","og_locale":"es_ES","og_type":"article","og_title":"Cortando la ansiedad &#183; IFES Prayerline","og_description":"Steve* se ha sentido ansioso durante d\u00edas, est\u00e1 apesadumbrado por la presi\u00f3n de encontrar trabajo como estudiante. El curr\u00edculum perfecto. Infinidad de","og_url":"https:\/\/ifesworld.org\/es\/prayerline\/cortando-la-ansiedad\/","og_site_name":"IFES","article_modified_time":"2026-09-01T09:53:45+00:00","og_image":[{"width":1976,"height":1318,"url":"https:\/\/ifesworld.org\/wp-content\/uploads\/2026\/08\/Fall-retreat-group.jpg","type":"image\/jpeg"}],"twitter_card":"summary_large_image","twitter_misc":{"Tiempo de lectura":"3 minutos"},"schema":{"@context":"https:\/\/schema.org","@graph":[{"@type":"WebPage","@id":"https:\/\/ifesworld.org\/es\/prayerline\/cortando-la-ansiedad\/","url":"https:\/\/ifesworld.org\/es\/prayerline\/cortando-la-ansiedad\/","name":"Cortando la ansiedad &#183; IFES Prayerline","isPartOf":{"@id":"https:\/\/ifesworld.org\/es\/#website"},"primaryImageOfPage":{"@id":"https:\/\/ifesworld.org\/es\/prayerline\/cortando-la-ansiedad\/#primaryimage"},"image":{"@id":"https:\/\/ifesworld.org\/es\/prayerline\/cortando-la-ansiedad\/#primaryimage"},"thumbnailUrl":"https:\/\/ifesworld.org\/wp-content\/uploads\/2026\/08\/Fall-retreat-group.jpg","datePublished":"2026-09-01T09:53:44+00:00","dateModified":"2026-09-01T09:53:45+00:00","description":"Steve* se ha sentido ansioso durante d\u00edas, est\u00e1 apesadumbrado por la presi\u00f3n de encontrar trabajo como estudiante. El curr\u00edculum perfecto. Infinidad de","breadcrumb":{"@id":"https:\/\/ifesworld.org\/es\/prayerline\/cortando-la-ansiedad\/#breadcrumb"},"inLanguage":"es","potentialAction":[{"@type":"ReadAction","target":["https:\/\/ifesworld.org\/es\/prayerline\/cortando-la-ansiedad\/"]}]},{"@type":"ImageObject","inLanguage":"es","@id":"https:\/\/ifesworld.org\/es\/prayerline\/cortando-la-ansiedad\/#primaryimage","url":"https:\/\/ifesworld.org\/wp-content\/uploads\/2026\/08\/Fall-retreat-group.jpg","contentUrl":"https:\/\/ifesworld.org\/wp-content\/uploads\/2026\/08\/Fall-retreat-group.jpg","width":1976,"height":1318},{"@type":"BreadcrumbList","@id":"https:\/\/ifesworld.org\/es\/prayerline\/cortando-la-ansiedad\/#breadcrumb","itemListElement":[{"@type":"ListItem","position":1,"name":"Home","item":"https:\/\/ifesworld.org\/es\/"},{"@type":"ListItem","position":2,"name":"Prayerline","item":"https:\/\/ifesworld.org\/en\/prayerline\/"},{"@type":"ListItem","position":3,"name":"Cortando la ansiedad"}]},{"@type":"WebSite","@id":"https:\/\/ifesworld.org\/es\/#website","url":"https:\/\/ifesworld.org\/es\/","name":"IFES","description":"A movement of students sharing and living out the good news of Jesus Christ. Locally. Nationally. Globally.","publisher":{"@id":"https:\/\/ifesworld.org\/es\/#organization"},"potentialAction":[{"@type":"SearchAction","target":{"@type":"EntryPoint","urlTemplate":"https:\/\/ifesworld.org\/es\/?s={search_term_string}"},"query-input":{"@type":"PropertyValueSpecification","valueRequired":true,"valueName":"search_term_string"}}],"inLanguage":"es"},{"@type":"Organization","@id":"https:\/\/ifesworld.org\/es\/#organization","name":"IFES \u00b7 International Fellowship of Evangelical Students","url":"https:\/\/ifesworld.org\/es\/","logo":{"@type":"ImageObject","inLanguage":"es","@id":"https:\/\/ifesworld.org\/es\/#\/schema\/logo\/image\/","url":"https:\/\/ifesworld.org\/wp-content\/uploads\/2019\/06\/ifeslogo.png","contentUrl":"https:\/\/ifesworld.org\/wp-content\/uploads\/2019\/06\/ifeslogo.png","width":262,"height":262,"caption":"IFES \u00b7 International Fellowship of Evangelical Students"},"image":{"@id":"https:\/\/ifesworld.org\/es\/#\/schema\/logo\/image\/"}}]}},"_links":{"self":[{"href":"https:\/\/ifesworld.org\/es\/wp-json\/wp\/v2\/prayerline\/54552","targetHints":{"allow":["GET"]}}],"collection":[{"href":"https:\/\/ifesworld.org\/es\/wp-json\/wp\/v2\/prayerline"}],"about":[{"href":"https:\/\/ifesworld.org\/es\/wp-json\/wp\/v2\/types\/prayerline"}],"wp:featuredmedia":[{"embeddable":true,"href":"https:\/\/ifesworld.org\/es\/wp-json\/wp\/v2\/media\/54550"}],"wp:attachment":[{"href":"https:\/\/ifesworld.org\/es\/wp-json\/wp\/v2\/media?parent=54552"}],"wp:term":[{"taxonomy":"area","embeddable":true,"href":"https:\/\/ifesworld.org\/es\/wp-json\/wp\/v2\/area?post=54552"},{"taxonomy":"theme","embeddable":true,"href":"https:\/\/ifesworld.org\/es\/wp-json\/wp\/v2\/theme?post=54552"}],"curies":[{"name":"wp","href":"https:\/\/api.w.org\/{rel}","templated":true}]}}