{"id":51997,"date":"2026-04-28T08:24:44","date_gmt":"2026-04-28T07:24:44","guid":{"rendered":"https:\/\/ifesworld.org\/?post_type=prayerline&#038;p=51997"},"modified":"2026-04-28T08:24:45","modified_gmt":"2026-04-28T07:24:45","slug":"una-evangelizacion-renovada","status":"publish","type":"prayerline","link":"https:\/\/ifesworld.org\/es\/prayerline\/una-evangelizacion-renovada\/","title":{"rendered":"Una evangelizaci\u00f3n renovada"},"content":{"rendered":"<div class=\"wp-block block-core-paragraph\">\n<p class=\"wp-block-paragraph\"><em>\u201cPens\u00e9 en los m\u00e9todos agresivos que se llevan usando desde hace d\u00e9cadas, como las amenazas de que vamos a arder en el infierno. Me plante\u00e9 por qu\u00e9 la gente desconf\u00eda de la iglesia coreana. Y me asaltaba una duda en lo m\u00e1s profundo de mi ser: \u2018\u00bfNo es quedarse callado una forma mejor de compartir el evangelio?\u2019\u201d<\/em>&nbsp;<\/p>\n<\/div>\n\n<div class=\"wp-block block-core-paragraph\">\n<p class=\"wp-block-paragraph\">Este sentimiento honesto lo comparti\u00f3 un obrero de&nbsp;<a href=\"https:\/\/ivf.or.kr\/\" target=\"_blank\" rel=\"noreferrer noopener\">IVF, el movimiento de IFES de Corea del Sur.<\/a>&nbsp;Esta reticencia a entablar conversaciones sobre Cristo es algo que pasa a menudo en el campus.&nbsp;&nbsp;<\/p>\n<\/div>\n\n<div class=\"wp-block block-core-paragraph\">\n<p class=\"wp-block-paragraph\">Por eso,&nbsp;<em>Confirmar el ADN de un evangelista dentro de m\u00ed<\/em>&nbsp;fue el tema de un campamento de IVF en enero. \u00bfPodr\u00edan los estudiantes y obreros volver a descubrir el gozo del evangelio y adquirir m\u00e1s confianza para compartirlo?&nbsp;<\/p>\n<\/div>\n\n<div class=\"wp-block block-core-heading wp-elements-b45a358b514c72ac9b06384f7281feb8\">\n<h2 class=\"wp-block-heading has-east-asia-color has-text-color has-link-color wp-elements-b45a358b514c72ac9b06384f7281feb8\"><strong>Encontrar las palabras<\/strong>&nbsp;<\/h2>\n<\/div>\n\n<div class=\"wp-block block-core-paragraph\">\n<p class=\"wp-block-paragraph\">Para promover la participaci\u00f3n individual, se organizaron sesiones interactivas con las Escrituras en lugar de unas charlas tradicionales dadas por conferenciantes. De esta manera, los 130 participantes (estudiantes, obreros y graduados de todo el pa\u00eds) no solo estudiaron ejemplos b\u00edblicos de evangelistas, sino que tambi\u00e9n exploraron c\u00f3mo estas historias estaban conectadas con la suya.&nbsp;<\/p>\n<\/div>\n\n<div class=\"wp-block block-core-paragraph\">\n<p class=\"wp-block-paragraph\">En los talleres se habl\u00f3 de c\u00f3mo el vocabulario evangel\u00edstico ha evolucionado y buscado formas de expresar el mensaje del evangelio en las conversaciones del d\u00eda a d\u00eda. Los obreros que organizaron el campamento comparten:&nbsp;<\/p>\n<\/div>\n\n<div class=\"wp-block block-core-paragraph\">\n<p class=\"wp-block-paragraph\"><em>Los estudiantes superaron sus miedos vagos a la evangelizaci\u00f3n. Empezaron a expresar el evangelio en un lenguaje m\u00e1s familiar, no como un dogma abstracto, sino como amor que se comparte por medio de una relaci\u00f3n\u201d.<\/em>&nbsp;<\/p>\n<\/div>\n\n<div class=\"wp-block block-core-heading wp-elements-4fe5ac939dfb580c49a3fa584a4a88db\">\n<h2 class=\"wp-block-heading has-east-asia-color has-text-color has-link-color wp-elements-4fe5ac939dfb580c49a3fa584a4a88db\"><strong>Preparados para hablar<\/strong>&nbsp;<\/h2>\n<\/div>\n\n<div class=\"wp-block block-core-paragraph\">\n<p class=\"wp-block-paragraph\">Se nota que ha habido un cambio en la actitud de los estudiantes:&nbsp;<\/p>\n<\/div>\n\n<div class=\"wp-block block-core-paragraph\">\n<p class=\"wp-block-paragraph\"><em>\u201cMe sol\u00eda sentir inc\u00f3modo hasta con la palabra \u2018evangelizaci\u00f3n\u2019. Pero ahora siento curiosidad acerca de las formas espec\u00edficas de ponerla en pr\u00e1ctica\u201d.<\/em>&nbsp;<\/p>\n<\/div>\n\n<div class=\"wp-block block-core-paragraph\">\n<p class=\"wp-block-paragraph\"><em>\u201cComo&nbsp;l\u00edder&nbsp;estudiantil,&nbsp;sol\u00eda&nbsp;pensar&nbsp;solo&nbsp;en&nbsp;hacer&nbsp;lo&nbsp;m\u00ednimo,&nbsp;como, \u2018\u00bfcu\u00e1nto&nbsp;tenemos&nbsp;que&nbsp;hacer?<\/em><em>\u2019.<\/em><em>&nbsp;Pero&nbsp;ahora&nbsp;me&nbsp;pregunto: \u2018\u00bfHasta&nbsp;d\u00f3nde&nbsp;podemos&nbsp;llegar?\u2019\u201d.<\/em>&nbsp;<\/p>\n<\/div>\n\n<div class=\"wp-block block-core-paragraph\">\n<p class=\"wp-block-paragraph\">\u00bfY los obreros?&nbsp;<\/p>\n<\/div>\n\n<div class=\"wp-block block-core-paragraph\">\n<p class=\"wp-block-paragraph\"><em>\u201cDurante estos cuatro d\u00edas, me met\u00ed de lleno en el estudio y en la experiencia de la evangelizaci\u00f3n. Los corazones sinceros de los obreros y su mensaje -que el evangelio se comparte por medio de la \u2018presencia\u2019 y de \u2018invertir tiempo\u2019- hicieron desaparecer toda mi incertidumbre\u201d.<\/em>&nbsp;<\/p>\n<\/div>\n\n<div class=\"wp-block block-core-heading wp-elements-4d7fc3cca59b237e95d629fec2de2dde\">\n<h2 class=\"wp-block-heading has-east-asia-color has-text-color has-link-color wp-elements-4d7fc3cca59b237e95d629fec2de2dde\"><strong>Una conversaci\u00f3n continua<\/strong>&nbsp;<\/h2>\n<\/div>\n\n<div class=\"wp-block block-core-paragraph\">\n<p class=\"wp-block-paragraph\">El&nbsp;campamento&nbsp;de&nbsp;evangelizaci\u00f3n&nbsp;de&nbsp;enero&nbsp;fue&nbsp;un paso&nbsp;importante&nbsp;hacia&nbsp;la&nbsp;visi\u00f3n&nbsp;de IVF para&nbsp;el&nbsp;2030 de ser&nbsp;una&nbsp;\u201cComunidad de&nbsp;evangelizaci\u00f3n\u201d. El&nbsp;campamento&nbsp;nacional&nbsp;de&nbsp;evangelizaci\u00f3n&nbsp;del&nbsp;a\u00f1o&nbsp;que&nbsp;viene&nbsp;tambi\u00e9n lo&nbsp;ser\u00e1. Y,&nbsp;en&nbsp;mayo,&nbsp;los&nbsp;estudiantes&nbsp;y&nbsp;obreros&nbsp;de&nbsp;muchos&nbsp;de&nbsp;los&nbsp;campus&nbsp;tendr\u00e1n&nbsp;la&nbsp;oportunidad&nbsp;de&nbsp;expresar&nbsp;su&nbsp;\u201cADN de&nbsp;evangelista\u201d&nbsp;durante&nbsp;la \u201cSemana de&nbsp;misiones\u201d.&nbsp;<\/p>\n<\/div>\n\n<div class=\"wp-block block-core-paragraph\">\n<p class=\"wp-block-paragraph\">Una de las herramientas que podr\u00e1n utilizar ser\u00e1 una serie de tarjetas de evangelizaci\u00f3n. La versi\u00f3n beta ha sido probada y mejorada por los participantes del campamento y ahora se est\u00e1 distribuyendo a los grupos de IVF. Esperan que esta ayuda pr\u00e1ctica para contar las historias de los evangelios canalizar\u00e1 el entusiasmo por la evangelizaci\u00f3n continua en el campus que surgi\u00f3 en el campamento.&nbsp;<\/p>\n<\/div>\n\n<div class=\"wp-block block-core-heading wp-elements-dfe55e7a33dc97bce7eccfbd6a258785\">\n<h2 class=\"wp-block-heading has-east-asia-color has-text-color has-link-color wp-elements-dfe55e7a33dc97bce7eccfbd6a258785\"><strong>Ora&nbsp;<\/strong>&nbsp;<\/h2>\n<\/div>\n\n<div class=\"wp-block block-core-list\">\n<ul class=\"wp-block-list\"><div class=\"wp-block block-core-list-item\">\n<li>Da gracias por la forma en la que el campamento renov\u00f3 las perspectivas sobre la evangelizaci\u00f3n. Ora para que los participantes acepten firmemente su llamado a ser misioneros en el campus. Ora para que sean empoderados y puedan compartir sus experiencias con el evangelio en un lenguaje del d\u00eda a d\u00eda.\u00a0<\/li>\n<\/div><\/ul>\n<\/div>\n\n<div class=\"wp-block block-core-list\">\n<ul class=\"wp-block-list\"><div class=\"wp-block block-core-list-item\">\n<li>Da gracias a Dios por el desarrollo continuo de las herramientas evangel\u00edsticas contextuales. Ora para que tengan sabidur\u00eda a medida que se crean y se van mejorando estos recursos. Que los materiales sean pertinentes para la realidad espiritual que hay en los campus del pa\u00eds.\u00a0<\/li>\n<\/div><\/ul>\n<\/div>\n\n<div class=\"wp-block block-core-list\">\n<ul class=\"wp-block-list\"><div class=\"wp-block block-core-list-item\">\n<li>Ora para que la pasi\u00f3n que surgi\u00f3 en el campamento fluya a la Semana de misiones y tenga mucho fruto. Y ora por los preparativos para el campamento nacional del a\u00f1o que viene, que este encuentro tambi\u00e9n sea instrumental a la hora de catalizar la comunidad evangel\u00edstica.\u00a0<\/li>\n<\/div><\/ul>\n<\/div>","protected":false},"featured_media":51993,"template":"","area":[703,742],"theme":[],"class_list":["post-51997","prayerline","type-prayerline","status-publish","has-post-thumbnail","hentry","area-asia-del-este","area-corea-del-sur"],"acf":[],"yoast_head":"<!-- This site is optimized with the Yoast SEO plugin v27.2 - https:\/\/yoast.com\/product\/yoast-seo-wordpress\/ -->\n<title>Una evangelizaci\u00f3n renovada &#183; IFES Prayerline<\/title>\n<meta name=\"description\" content=\"\u201cPens\u00e9 en los m\u00e9todos agresivos que se llevan usando desde hace d\u00e9cadas, como las amenazas de que vamos a arder en el infierno. Me plante\u00e9 por qu\u00e9 la\" \/>\n<meta name=\"robots\" content=\"index, follow, max-snippet:-1, max-image-preview:large, max-video-preview:-1\" \/>\n<link rel=\"canonical\" href=\"https:\/\/ifesworld.org\/es\/prayerline\/una-evangelizacion-renovada\/\" \/>\n<meta property=\"og:locale\" content=\"es_ES\" \/>\n<meta property=\"og:type\" content=\"article\" \/>\n<meta property=\"og:title\" content=\"Una evangelizaci\u00f3n renovada &#183; IFES Prayerline\" \/>\n<meta property=\"og:description\" content=\"\u201cPens\u00e9 en los m\u00e9todos agresivos que se llevan usando desde hace d\u00e9cadas, como las amenazas de que vamos a arder en el infierno. Me plante\u00e9 por qu\u00e9 la\" \/>\n<meta property=\"og:url\" content=\"https:\/\/ifesworld.org\/es\/prayerline\/una-evangelizacion-renovada\/\" \/>\n<meta property=\"og:site_name\" content=\"IFES\" \/>\n<meta property=\"article:modified_time\" content=\"2026-04-28T07:24:45+00:00\" \/>\n<meta property=\"og:image\" content=\"https:\/\/ifesworld.org\/wp-content\/uploads\/2026\/04\/banner-option-1-scaled.jpg\" \/>\n\t<meta property=\"og:image:width\" content=\"2560\" \/>\n\t<meta property=\"og:image:height\" content=\"1707\" \/>\n\t<meta property=\"og:image:type\" content=\"image\/jpeg\" \/>\n<meta name=\"twitter:card\" content=\"summary_large_image\" \/>\n<meta name=\"twitter:label1\" content=\"Tiempo de lectura\" \/>\n\t<meta name=\"twitter:data1\" content=\"4 minutos\" \/>\n<script type=\"application\/ld+json\" class=\"yoast-schema-graph\">{\"@context\":\"https:\/\/schema.org\",\"@graph\":[{\"@type\":\"WebPage\",\"@id\":\"https:\/\/ifesworld.org\/es\/prayerline\/una-evangelizacion-renovada\/\",\"url\":\"https:\/\/ifesworld.org\/es\/prayerline\/una-evangelizacion-renovada\/\",\"name\":\"Una evangelizaci\u00f3n renovada &#183; IFES Prayerline\",\"isPartOf\":{\"@id\":\"https:\/\/ifesworld.org\/es\/#website\"},\"primaryImageOfPage\":{\"@id\":\"https:\/\/ifesworld.org\/es\/prayerline\/una-evangelizacion-renovada\/#primaryimage\"},\"image\":{\"@id\":\"https:\/\/ifesworld.org\/es\/prayerline\/una-evangelizacion-renovada\/#primaryimage\"},\"thumbnailUrl\":\"https:\/\/ifesworld.org\/wp-content\/uploads\/2026\/04\/banner-option-1-scaled.jpg\",\"datePublished\":\"2026-04-28T07:24:44+00:00\",\"dateModified\":\"2026-04-28T07:24:45+00:00\",\"description\":\"\u201cPens\u00e9 en los m\u00e9todos agresivos que se llevan usando desde hace d\u00e9cadas, como las amenazas de que vamos a arder en el infierno. Me plante\u00e9 por qu\u00e9 la\",\"breadcrumb\":{\"@id\":\"https:\/\/ifesworld.org\/es\/prayerline\/una-evangelizacion-renovada\/#breadcrumb\"},\"inLanguage\":\"es\",\"potentialAction\":[{\"@type\":\"ReadAction\",\"target\":[\"https:\/\/ifesworld.org\/es\/prayerline\/una-evangelizacion-renovada\/\"]}]},{\"@type\":\"ImageObject\",\"inLanguage\":\"es\",\"@id\":\"https:\/\/ifesworld.org\/es\/prayerline\/una-evangelizacion-renovada\/#primaryimage\",\"url\":\"https:\/\/ifesworld.org\/wp-content\/uploads\/2026\/04\/banner-option-1-scaled.jpg\",\"contentUrl\":\"https:\/\/ifesworld.org\/wp-content\/uploads\/2026\/04\/banner-option-1-scaled.jpg\",\"width\":2560,\"height\":1707},{\"@type\":\"BreadcrumbList\",\"@id\":\"https:\/\/ifesworld.org\/es\/prayerline\/una-evangelizacion-renovada\/#breadcrumb\",\"itemListElement\":[{\"@type\":\"ListItem\",\"position\":1,\"name\":\"Home\",\"item\":\"https:\/\/ifesworld.org\/es\/\"},{\"@type\":\"ListItem\",\"position\":2,\"name\":\"Prayerline\",\"item\":\"https:\/\/ifesworld.org\/en\/prayerline\/\"},{\"@type\":\"ListItem\",\"position\":3,\"name\":\"Una evangelizaci\u00f3n renovada\"}]},{\"@type\":\"WebSite\",\"@id\":\"https:\/\/ifesworld.org\/es\/#website\",\"url\":\"https:\/\/ifesworld.org\/es\/\",\"name\":\"IFES\",\"description\":\"A movement of students sharing and living out the good news of Jesus Christ. Locally. Nationally. Globally.\",\"publisher\":{\"@id\":\"https:\/\/ifesworld.org\/es\/#organization\"},\"potentialAction\":[{\"@type\":\"SearchAction\",\"target\":{\"@type\":\"EntryPoint\",\"urlTemplate\":\"https:\/\/ifesworld.org\/es\/?s={search_term_string}\"},\"query-input\":{\"@type\":\"PropertyValueSpecification\",\"valueRequired\":true,\"valueName\":\"search_term_string\"}}],\"inLanguage\":\"es\"},{\"@type\":\"Organization\",\"@id\":\"https:\/\/ifesworld.org\/es\/#organization\",\"name\":\"IFES \u00b7 International Fellowship of Evangelical Students\",\"url\":\"https:\/\/ifesworld.org\/es\/\",\"logo\":{\"@type\":\"ImageObject\",\"inLanguage\":\"es\",\"@id\":\"https:\/\/ifesworld.org\/es\/#\/schema\/logo\/image\/\",\"url\":\"https:\/\/ifesworld.org\/wp-content\/uploads\/2019\/06\/ifeslogo.png\",\"contentUrl\":\"https:\/\/ifesworld.org\/wp-content\/uploads\/2019\/06\/ifeslogo.png\",\"width\":262,\"height\":262,\"caption\":\"IFES \u00b7 International Fellowship of Evangelical Students\"},\"image\":{\"@id\":\"https:\/\/ifesworld.org\/es\/#\/schema\/logo\/image\/\"}}]}<\/script>\n<!-- \/ Yoast SEO plugin. -->","yoast_head_json":{"title":"Una evangelizaci\u00f3n renovada &#183; IFES Prayerline","description":"\u201cPens\u00e9 en los m\u00e9todos agresivos que se llevan usando desde hace d\u00e9cadas, como las amenazas de que vamos a arder en el infierno. Me plante\u00e9 por qu\u00e9 la","robots":{"index":"index","follow":"follow","max-snippet":"max-snippet:-1","max-image-preview":"max-image-preview:large","max-video-preview":"max-video-preview:-1"},"canonical":"https:\/\/ifesworld.org\/es\/prayerline\/una-evangelizacion-renovada\/","og_locale":"es_ES","og_type":"article","og_title":"Una evangelizaci\u00f3n renovada &#183; IFES Prayerline","og_description":"\u201cPens\u00e9 en los m\u00e9todos agresivos que se llevan usando desde hace d\u00e9cadas, como las amenazas de que vamos a arder en el infierno. Me plante\u00e9 por qu\u00e9 la","og_url":"https:\/\/ifesworld.org\/es\/prayerline\/una-evangelizacion-renovada\/","og_site_name":"IFES","article_modified_time":"2026-04-28T07:24:45+00:00","og_image":[{"width":2560,"height":1707,"url":"https:\/\/ifesworld.org\/wp-content\/uploads\/2026\/04\/banner-option-1-scaled.jpg","type":"image\/jpeg"}],"twitter_card":"summary_large_image","twitter_misc":{"Tiempo de lectura":"4 minutos"},"schema":{"@context":"https:\/\/schema.org","@graph":[{"@type":"WebPage","@id":"https:\/\/ifesworld.org\/es\/prayerline\/una-evangelizacion-renovada\/","url":"https:\/\/ifesworld.org\/es\/prayerline\/una-evangelizacion-renovada\/","name":"Una evangelizaci\u00f3n renovada &#183; IFES Prayerline","isPartOf":{"@id":"https:\/\/ifesworld.org\/es\/#website"},"primaryImageOfPage":{"@id":"https:\/\/ifesworld.org\/es\/prayerline\/una-evangelizacion-renovada\/#primaryimage"},"image":{"@id":"https:\/\/ifesworld.org\/es\/prayerline\/una-evangelizacion-renovada\/#primaryimage"},"thumbnailUrl":"https:\/\/ifesworld.org\/wp-content\/uploads\/2026\/04\/banner-option-1-scaled.jpg","datePublished":"2026-04-28T07:24:44+00:00","dateModified":"2026-04-28T07:24:45+00:00","description":"\u201cPens\u00e9 en los m\u00e9todos agresivos que se llevan usando desde hace d\u00e9cadas, como las amenazas de que vamos a arder en el infierno. Me plante\u00e9 por qu\u00e9 la","breadcrumb":{"@id":"https:\/\/ifesworld.org\/es\/prayerline\/una-evangelizacion-renovada\/#breadcrumb"},"inLanguage":"es","potentialAction":[{"@type":"ReadAction","target":["https:\/\/ifesworld.org\/es\/prayerline\/una-evangelizacion-renovada\/"]}]},{"@type":"ImageObject","inLanguage":"es","@id":"https:\/\/ifesworld.org\/es\/prayerline\/una-evangelizacion-renovada\/#primaryimage","url":"https:\/\/ifesworld.org\/wp-content\/uploads\/2026\/04\/banner-option-1-scaled.jpg","contentUrl":"https:\/\/ifesworld.org\/wp-content\/uploads\/2026\/04\/banner-option-1-scaled.jpg","width":2560,"height":1707},{"@type":"BreadcrumbList","@id":"https:\/\/ifesworld.org\/es\/prayerline\/una-evangelizacion-renovada\/#breadcrumb","itemListElement":[{"@type":"ListItem","position":1,"name":"Home","item":"https:\/\/ifesworld.org\/es\/"},{"@type":"ListItem","position":2,"name":"Prayerline","item":"https:\/\/ifesworld.org\/en\/prayerline\/"},{"@type":"ListItem","position":3,"name":"Una evangelizaci\u00f3n renovada"}]},{"@type":"WebSite","@id":"https:\/\/ifesworld.org\/es\/#website","url":"https:\/\/ifesworld.org\/es\/","name":"IFES","description":"A movement of students sharing and living out the good news of Jesus Christ. Locally. Nationally. Globally.","publisher":{"@id":"https:\/\/ifesworld.org\/es\/#organization"},"potentialAction":[{"@type":"SearchAction","target":{"@type":"EntryPoint","urlTemplate":"https:\/\/ifesworld.org\/es\/?s={search_term_string}"},"query-input":{"@type":"PropertyValueSpecification","valueRequired":true,"valueName":"search_term_string"}}],"inLanguage":"es"},{"@type":"Organization","@id":"https:\/\/ifesworld.org\/es\/#organization","name":"IFES \u00b7 International Fellowship of Evangelical Students","url":"https:\/\/ifesworld.org\/es\/","logo":{"@type":"ImageObject","inLanguage":"es","@id":"https:\/\/ifesworld.org\/es\/#\/schema\/logo\/image\/","url":"https:\/\/ifesworld.org\/wp-content\/uploads\/2019\/06\/ifeslogo.png","contentUrl":"https:\/\/ifesworld.org\/wp-content\/uploads\/2019\/06\/ifeslogo.png","width":262,"height":262,"caption":"IFES \u00b7 International Fellowship of Evangelical Students"},"image":{"@id":"https:\/\/ifesworld.org\/es\/#\/schema\/logo\/image\/"}}]}},"_links":{"self":[{"href":"https:\/\/ifesworld.org\/es\/wp-json\/wp\/v2\/prayerline\/51997","targetHints":{"allow":["GET"]}}],"collection":[{"href":"https:\/\/ifesworld.org\/es\/wp-json\/wp\/v2\/prayerline"}],"about":[{"href":"https:\/\/ifesworld.org\/es\/wp-json\/wp\/v2\/types\/prayerline"}],"wp:featuredmedia":[{"embeddable":true,"href":"https:\/\/ifesworld.org\/es\/wp-json\/wp\/v2\/media\/51993"}],"wp:attachment":[{"href":"https:\/\/ifesworld.org\/es\/wp-json\/wp\/v2\/media?parent=51997"}],"wp:term":[{"taxonomy":"area","embeddable":true,"href":"https:\/\/ifesworld.org\/es\/wp-json\/wp\/v2\/area?post=51997"},{"taxonomy":"theme","embeddable":true,"href":"https:\/\/ifesworld.org\/es\/wp-json\/wp\/v2\/theme?post=51997"}],"curies":[{"name":"wp","href":"https:\/\/api.w.org\/{rel}","templated":true}]}}