{"id":49959,"date":"2025-12-09T13:48:16","date_gmt":"2025-12-09T13:48:16","guid":{"rendered":"https:\/\/ifesworld.org\/?post_type=prayerline&#038;p=49959"},"modified":"2025-12-09T13:48:18","modified_gmt":"2025-12-09T13:48:18","slug":"en-medio-de-la-tormenta","status":"publish","type":"prayerline","link":"https:\/\/ifesworld.org\/es\/prayerline\/en-medio-de-la-tormenta\/","title":{"rendered":"En medio de la tormenta"},"content":{"rendered":"<div class=\"wp-block block-core-quote\">\n<blockquote class=\"wp-block-quote is-layout-flow wp-block-quote-is-layout-flow\"><div class=\"wp-block block-core-paragraph\">\n<p class=\"wp-block-paragraph\"><em>\u201cTodos pasamos por tormentas en la vida: retos, luchas, momentos en los que no entendemos lo que est\u00e1 pasando. En este encuentro, juntos aprenderemos a enfrentarnos a las tormentas con una fe inquebrantable, un coraz\u00f3n que no decae y una esperanza que no se desvanece\u201d.<\/em>&nbsp;<\/p>\n<\/div><\/blockquote>\n<\/div>\n\n<div class=\"wp-block block-core-paragraph\">\n<p class=\"wp-block-paragraph\">Esta fue la invitaci\u00f3n al encuentro anual de <a href=\"https:\/\/www.eus.rs\/\" target=\"_blank\" rel=\"noreferrer noopener\">EUS Serbia<\/a>. El mes pasado los estudiantes se reunieron para tener un tiempo de renovaci\u00f3n despu\u00e9s de pasar un a\u00f1o especialmente duro. Desde el derrumbe de una marquesina de hormig\u00f3n en la estaci\u00f3n de tren de Novi Sad, en el que fallecieron m\u00e1s de una decena de personas en noviembre 2024, en el pa\u00eds ha habido protestas encabezadas por estudiantes en contra de la corrupci\u00f3n, adem\u00e1s de amenazas de violencia y una campa\u00f1a para contener a los manifestantes por parte de las fuerzas del gobierno.&nbsp;<\/p>\n<\/div>\n\n<div class=\"wp-block block-core-paragraph\">\n<p class=\"wp-block-paragraph\">En medio de esta dif\u00edcil situaci\u00f3n, \u00bfc\u00f3mo han vivido una vida para Jes\u00fas en la universidad?&nbsp;<\/p>\n<\/div>\n\n<div class=\"wp-block block-core-heading wp-elements-1eb190ff7566600b4747a7547db4c1a8\">\n<h2 class=\"wp-block-heading has-europe-color has-text-color has-link-color wp-elements-1eb190ff7566600b4747a7547db4c1a8\"><strong>Transmitir esperanza<\/strong>&nbsp;<\/h2>\n<\/div>\n\n<div class=\"wp-block block-core-paragraph\">\n<p class=\"wp-block-paragraph\">\u201cOrganizamos una semana de actividades en marzo porque muchos estudiantes estaban cansados y ten\u00edan miedo despu\u00e9s de pasar semanas de bloqueos y huelgas\u201d, explica Kristina Te\u0161i\u0107, una l\u00edder estudiantil del n\u00facleo de EUS en Belgrado. Sintieron que era un momento clave para conectar con sus compa\u00f1eros, que estaban haciendo preguntas y buscando.&nbsp;<\/p>\n<\/div>\n\n<div class=\"wp-block block-core-paragraph\">\n<p class=\"wp-block-paragraph\">El equipo organiz\u00f3 conferencias sobre el tema: \u201cEl dilema de la esperanza: \u00bfPodemos arreglar el mundo?\u201d.&nbsp;<\/p>\n<\/div>\n\n<div class=\"wp-block block-core-paragraph\">\n<p class=\"wp-block-paragraph\"><em>\u201cQuer\u00edamos mostrar que el evangelio es relevante para lo que estaban viviendo los estudiantes. Apoyamos a la gente que ped\u00eda justicia y tambi\u00e9n participamos defendiendo lo correcto. Pero necesit\u00e1bamos proclamar que el ser humano siempre acabar\u00e1 decepcionado, que la esperanza no se encuentra en un nuevo gobierno, sino en Cristo\u201d.<\/em>&nbsp;<\/p>\n<\/div>\n\n<div class=\"wp-block block-core-heading wp-elements-715ebac5db78d9f2e2dbe0d2b1e080ac\">\n<h2 class=\"wp-block-heading has-europe-color has-text-color has-link-color wp-elements-715ebac5db78d9f2e2dbe0d2b1e080ac\"><strong>Buscar justicia<\/strong>&nbsp;<\/h2>\n<\/div>\n\n<div class=\"wp-block block-core-paragraph\">\n<p class=\"wp-block-paragraph\">Esa semana de marzo coincidi\u00f3 con el punto \u00e1lgido de las manifestaciones, en las que cientos de miles de personas salieron a la calle. En medio de todo esto, el n\u00facleo de EUS reparti\u00f3 bebidas y mantas entre los manifestantes y la oficina permaneci\u00f3 abierta para que los estudiantes pudieran mantenerse al d\u00eda con sus estudios mientras el campus permanec\u00eda cerrado. Kristina explica:&nbsp;<\/p>\n<\/div>\n\n<div class=\"wp-block block-core-paragraph\">\n<p class=\"wp-block-paragraph\"><em>\u201cServimos caf\u00e9. Organizamos juegos. Ofrecimos amistad y apoyo. Fue una forma muy pr\u00e1ctica de demostrar que Dios estaba presente, ah\u00ed en medio de su situaci\u00f3n\u201d.<\/em>&nbsp;<\/p>\n<\/div>\n\n<div class=\"wp-block block-core-paragraph\">\n<p class=\"wp-block-paragraph\">El activismo no violento no ha sido algo com\u00fan en las iglesias, pero Kristina dice que la participaci\u00f3n estudiantil los ha ayudado a replantearse la responsabilidad social. Los estudiantes de escuela secundaria est\u00e1n especialmente activos: \u201canhelan ser sal y luz para Jes\u00fas\u201d.&nbsp;<\/p>\n<\/div>\n\n<div class=\"wp-block block-core-paragraph\">\n<p class=\"wp-block-paragraph\">En abril, EUS organiz\u00f3 un debate para promover la participaci\u00f3n fiel: \u201cObediencia b\u00edblica y activismo civil: \u00bfD\u00f3nde est\u00e1 el l\u00edmite?\u201d, con un pastor americano y activista cristiano y un investigador local del Instituto de Estudios Balc\u00e1nicos.&nbsp;<\/p>\n<\/div>\n\n<div class=\"wp-block block-core-heading wp-elements-0ae4cd63eb51f9540b2ebe651d9afbeb\">\n<h2 class=\"wp-block-heading has-europe-color has-text-color has-link-color wp-elements-0ae4cd63eb51f9540b2ebe651d9afbeb\"><strong>Mantenerse firmes<\/strong>&nbsp;<\/h2>\n<\/div>\n\n<div class=\"wp-block block-core-paragraph\">\n<p class=\"wp-block-paragraph\">Ya se han reanudado las clases en la universidad. En septiembre, algunos personajes p\u00fablicos fueron nombrados como culpables del derrumbe de la marquesina de Novi Sad y el mes pasado la vigilia del aniversario transcurri\u00f3 pac\u00edficamente. No obstante, a\u00fan se est\u00e1 exigiendo justicia y que alguien se haga responsable completamente, as\u00ed que la tormenta contin\u00faa.&nbsp;&nbsp;<\/p>\n<\/div>\n\n<div class=\"wp-block block-core-paragraph\">\n<p class=\"wp-block-paragraph\">En medio de esta situaci\u00f3n, Kristina habl\u00f3 delante de 120 estudiantes en un encuentro que se celebr\u00f3 hace poco y comparti\u00f3 c\u00f3mo su fe la hab\u00eda ayudado a encontrar paz en medio de estos tiempos turbulentos.&nbsp;&nbsp;<\/p>\n<\/div>\n\n<div class=\"wp-block block-core-heading wp-elements-3be26c3f1c654edda414e2517ea2b0e2\">\n<h2 class=\"wp-block-heading has-europe-color has-text-color has-link-color wp-elements-3be26c3f1c654edda414e2517ea2b0e2\"><strong>Ora<\/strong>&nbsp;<\/h2>\n<\/div>\n\n<div class=\"wp-block block-core-list\">\n<ul class=\"wp-block-list\"><div class=\"wp-block block-core-list-item\">\n<li>Da gracias a Dios porque los estudiantes de EUS han compartido el evangelio, mostrado amor y defendido la justicia durante el \u00faltimo a\u00f1o. Da gracias por el encuentro que tuvo lugar hace poco y ora para que los estudiantes tengan \u201cuna fe inquebrantable, un coraz\u00f3n que no decae y una esperanza que no se desvanece\u201d. Ora para que haya paz duradera.\u00a0<\/li>\n<\/div><\/ul>\n<\/div>\n\n<div class=\"wp-block block-core-list\">\n<ul class=\"wp-block-list\"><div class=\"wp-block block-core-list-item\">\n<li>Da gracias por los muchos estudiantes que han mostrado inter\u00e9s. Ora especialmente por aquellos que han empezado a leer la Biblia y a asistir a las actividades de EUS, para que encuentren verdadero refugio en Cristo.\u00a0\u00a0<\/li>\n<\/div><\/ul>\n<\/div>\n\n<div class=\"wp-block block-core-list\">\n<ul class=\"wp-block-list\"><div class=\"wp-block block-core-list-item\">\n<li>Ora por: Los estudios b\u00edblicos en varias facultades (y por los estudiantes que esperan empezar uno); un curso Alpha con alumnos de una escuela de Kragujevac; una semana de actividades en Novi Sad (15 de diciembre), en la que tendr\u00e1n al profesor David Glass como conferenciante; la fiesta de Navidad en Belgrado con una charla evangel\u00edstica.<\/li>\n<\/div><\/ul>\n<\/div>","protected":false},"featured_media":49957,"template":"","area":[706,838],"theme":[1232],"class_list":["post-49959","prayerline","type-prayerline","status-publish","has-post-thumbnail","hentry","area-europa","area-serbia-europa","theme-conectar-con-la-universidad"],"acf":[],"yoast_head":"<!-- This site is optimized with the Yoast SEO plugin v27.2 - https:\/\/yoast.com\/product\/yoast-seo-wordpress\/ -->\n<title>En medio de la tormenta &#183; IFES Prayerline<\/title>\n<meta name=\"description\" content=\"\u201cTodos pasamos por tormentas en la vida: retos, luchas, momentos en los que no entendemos lo que est\u00e1 pasando. En este encuentro, juntos aprenderemos a\" \/>\n<meta name=\"robots\" content=\"index, follow, max-snippet:-1, max-image-preview:large, max-video-preview:-1\" \/>\n<link rel=\"canonical\" href=\"https:\/\/ifesworld.org\/es\/prayerline\/en-medio-de-la-tormenta\/\" \/>\n<meta property=\"og:locale\" content=\"es_ES\" \/>\n<meta property=\"og:type\" content=\"article\" \/>\n<meta property=\"og:title\" content=\"En medio de la tormenta &#183; IFES Prayerline\" \/>\n<meta property=\"og:description\" content=\"\u201cTodos pasamos por tormentas en la vida: retos, luchas, momentos en los que no entendemos lo que est\u00e1 pasando. En este encuentro, juntos aprenderemos a\" \/>\n<meta property=\"og:url\" content=\"https:\/\/ifesworld.org\/es\/prayerline\/en-medio-de-la-tormenta\/\" \/>\n<meta property=\"og:site_name\" content=\"IFES\" \/>\n<meta property=\"article:modified_time\" content=\"2025-12-09T13:48:18+00:00\" \/>\n<meta property=\"og:image\" content=\"https:\/\/ifesworld.org\/wp-content\/uploads\/2025\/12\/EUS-conference-participants-crop.jpg\" \/>\n\t<meta property=\"og:image:width\" content=\"1781\" \/>\n\t<meta property=\"og:image:height\" content=\"1328\" \/>\n\t<meta property=\"og:image:type\" content=\"image\/jpeg\" \/>\n<meta name=\"twitter:card\" content=\"summary_large_image\" \/>\n<meta name=\"twitter:label1\" content=\"Tiempo de lectura\" \/>\n\t<meta name=\"twitter:data1\" content=\"4 minutos\" \/>\n<script type=\"application\/ld+json\" class=\"yoast-schema-graph\">{\"@context\":\"https:\/\/schema.org\",\"@graph\":[{\"@type\":\"WebPage\",\"@id\":\"https:\/\/ifesworld.org\/es\/prayerline\/en-medio-de-la-tormenta\/\",\"url\":\"https:\/\/ifesworld.org\/es\/prayerline\/en-medio-de-la-tormenta\/\",\"name\":\"En medio de la tormenta &#183; IFES Prayerline\",\"isPartOf\":{\"@id\":\"https:\/\/ifesworld.org\/es\/#website\"},\"primaryImageOfPage\":{\"@id\":\"https:\/\/ifesworld.org\/es\/prayerline\/en-medio-de-la-tormenta\/#primaryimage\"},\"image\":{\"@id\":\"https:\/\/ifesworld.org\/es\/prayerline\/en-medio-de-la-tormenta\/#primaryimage\"},\"thumbnailUrl\":\"https:\/\/ifesworld.org\/wp-content\/uploads\/2025\/12\/EUS-conference-participants-crop.jpg\",\"datePublished\":\"2025-12-09T13:48:16+00:00\",\"dateModified\":\"2025-12-09T13:48:18+00:00\",\"description\":\"\u201cTodos pasamos por tormentas en la vida: retos, luchas, momentos en los que no entendemos lo que est\u00e1 pasando. En este encuentro, juntos aprenderemos a\",\"breadcrumb\":{\"@id\":\"https:\/\/ifesworld.org\/es\/prayerline\/en-medio-de-la-tormenta\/#breadcrumb\"},\"inLanguage\":\"es\",\"potentialAction\":[{\"@type\":\"ReadAction\",\"target\":[\"https:\/\/ifesworld.org\/es\/prayerline\/en-medio-de-la-tormenta\/\"]}]},{\"@type\":\"ImageObject\",\"inLanguage\":\"es\",\"@id\":\"https:\/\/ifesworld.org\/es\/prayerline\/en-medio-de-la-tormenta\/#primaryimage\",\"url\":\"https:\/\/ifesworld.org\/wp-content\/uploads\/2025\/12\/EUS-conference-participants-crop.jpg\",\"contentUrl\":\"https:\/\/ifesworld.org\/wp-content\/uploads\/2025\/12\/EUS-conference-participants-crop.jpg\",\"width\":1781,\"height\":1328},{\"@type\":\"BreadcrumbList\",\"@id\":\"https:\/\/ifesworld.org\/es\/prayerline\/en-medio-de-la-tormenta\/#breadcrumb\",\"itemListElement\":[{\"@type\":\"ListItem\",\"position\":1,\"name\":\"Home\",\"item\":\"https:\/\/ifesworld.org\/es\/\"},{\"@type\":\"ListItem\",\"position\":2,\"name\":\"Prayerline\",\"item\":\"https:\/\/ifesworld.org\/en\/prayerline\/\"},{\"@type\":\"ListItem\",\"position\":3,\"name\":\"En medio de la tormenta\"}]},{\"@type\":\"WebSite\",\"@id\":\"https:\/\/ifesworld.org\/es\/#website\",\"url\":\"https:\/\/ifesworld.org\/es\/\",\"name\":\"IFES\",\"description\":\"A movement of students sharing and living out the good news of Jesus Christ. Locally. Nationally. Globally.\",\"publisher\":{\"@id\":\"https:\/\/ifesworld.org\/es\/#organization\"},\"potentialAction\":[{\"@type\":\"SearchAction\",\"target\":{\"@type\":\"EntryPoint\",\"urlTemplate\":\"https:\/\/ifesworld.org\/es\/?s={search_term_string}\"},\"query-input\":{\"@type\":\"PropertyValueSpecification\",\"valueRequired\":true,\"valueName\":\"search_term_string\"}}],\"inLanguage\":\"es\"},{\"@type\":\"Organization\",\"@id\":\"https:\/\/ifesworld.org\/es\/#organization\",\"name\":\"IFES \u00b7 International Fellowship of Evangelical Students\",\"url\":\"https:\/\/ifesworld.org\/es\/\",\"logo\":{\"@type\":\"ImageObject\",\"inLanguage\":\"es\",\"@id\":\"https:\/\/ifesworld.org\/es\/#\/schema\/logo\/image\/\",\"url\":\"https:\/\/ifesworld.org\/wp-content\/uploads\/2019\/06\/ifeslogo.png\",\"contentUrl\":\"https:\/\/ifesworld.org\/wp-content\/uploads\/2019\/06\/ifeslogo.png\",\"width\":262,\"height\":262,\"caption\":\"IFES \u00b7 International Fellowship of Evangelical Students\"},\"image\":{\"@id\":\"https:\/\/ifesworld.org\/es\/#\/schema\/logo\/image\/\"}}]}<\/script>\n<!-- \/ Yoast SEO plugin. -->","yoast_head_json":{"title":"En medio de la tormenta &#183; IFES Prayerline","description":"\u201cTodos pasamos por tormentas en la vida: retos, luchas, momentos en los que no entendemos lo que est\u00e1 pasando. En este encuentro, juntos aprenderemos a","robots":{"index":"index","follow":"follow","max-snippet":"max-snippet:-1","max-image-preview":"max-image-preview:large","max-video-preview":"max-video-preview:-1"},"canonical":"https:\/\/ifesworld.org\/es\/prayerline\/en-medio-de-la-tormenta\/","og_locale":"es_ES","og_type":"article","og_title":"En medio de la tormenta &#183; IFES Prayerline","og_description":"\u201cTodos pasamos por tormentas en la vida: retos, luchas, momentos en los que no entendemos lo que est\u00e1 pasando. En este encuentro, juntos aprenderemos a","og_url":"https:\/\/ifesworld.org\/es\/prayerline\/en-medio-de-la-tormenta\/","og_site_name":"IFES","article_modified_time":"2025-12-09T13:48:18+00:00","og_image":[{"width":1781,"height":1328,"url":"https:\/\/ifesworld.org\/wp-content\/uploads\/2025\/12\/EUS-conference-participants-crop.jpg","type":"image\/jpeg"}],"twitter_card":"summary_large_image","twitter_misc":{"Tiempo de lectura":"4 minutos"},"schema":{"@context":"https:\/\/schema.org","@graph":[{"@type":"WebPage","@id":"https:\/\/ifesworld.org\/es\/prayerline\/en-medio-de-la-tormenta\/","url":"https:\/\/ifesworld.org\/es\/prayerline\/en-medio-de-la-tormenta\/","name":"En medio de la tormenta &#183; IFES Prayerline","isPartOf":{"@id":"https:\/\/ifesworld.org\/es\/#website"},"primaryImageOfPage":{"@id":"https:\/\/ifesworld.org\/es\/prayerline\/en-medio-de-la-tormenta\/#primaryimage"},"image":{"@id":"https:\/\/ifesworld.org\/es\/prayerline\/en-medio-de-la-tormenta\/#primaryimage"},"thumbnailUrl":"https:\/\/ifesworld.org\/wp-content\/uploads\/2025\/12\/EUS-conference-participants-crop.jpg","datePublished":"2025-12-09T13:48:16+00:00","dateModified":"2025-12-09T13:48:18+00:00","description":"\u201cTodos pasamos por tormentas en la vida: retos, luchas, momentos en los que no entendemos lo que est\u00e1 pasando. En este encuentro, juntos aprenderemos a","breadcrumb":{"@id":"https:\/\/ifesworld.org\/es\/prayerline\/en-medio-de-la-tormenta\/#breadcrumb"},"inLanguage":"es","potentialAction":[{"@type":"ReadAction","target":["https:\/\/ifesworld.org\/es\/prayerline\/en-medio-de-la-tormenta\/"]}]},{"@type":"ImageObject","inLanguage":"es","@id":"https:\/\/ifesworld.org\/es\/prayerline\/en-medio-de-la-tormenta\/#primaryimage","url":"https:\/\/ifesworld.org\/wp-content\/uploads\/2025\/12\/EUS-conference-participants-crop.jpg","contentUrl":"https:\/\/ifesworld.org\/wp-content\/uploads\/2025\/12\/EUS-conference-participants-crop.jpg","width":1781,"height":1328},{"@type":"BreadcrumbList","@id":"https:\/\/ifesworld.org\/es\/prayerline\/en-medio-de-la-tormenta\/#breadcrumb","itemListElement":[{"@type":"ListItem","position":1,"name":"Home","item":"https:\/\/ifesworld.org\/es\/"},{"@type":"ListItem","position":2,"name":"Prayerline","item":"https:\/\/ifesworld.org\/en\/prayerline\/"},{"@type":"ListItem","position":3,"name":"En medio de la tormenta"}]},{"@type":"WebSite","@id":"https:\/\/ifesworld.org\/es\/#website","url":"https:\/\/ifesworld.org\/es\/","name":"IFES","description":"A movement of students sharing and living out the good news of Jesus Christ. Locally. Nationally. Globally.","publisher":{"@id":"https:\/\/ifesworld.org\/es\/#organization"},"potentialAction":[{"@type":"SearchAction","target":{"@type":"EntryPoint","urlTemplate":"https:\/\/ifesworld.org\/es\/?s={search_term_string}"},"query-input":{"@type":"PropertyValueSpecification","valueRequired":true,"valueName":"search_term_string"}}],"inLanguage":"es"},{"@type":"Organization","@id":"https:\/\/ifesworld.org\/es\/#organization","name":"IFES \u00b7 International Fellowship of Evangelical Students","url":"https:\/\/ifesworld.org\/es\/","logo":{"@type":"ImageObject","inLanguage":"es","@id":"https:\/\/ifesworld.org\/es\/#\/schema\/logo\/image\/","url":"https:\/\/ifesworld.org\/wp-content\/uploads\/2019\/06\/ifeslogo.png","contentUrl":"https:\/\/ifesworld.org\/wp-content\/uploads\/2019\/06\/ifeslogo.png","width":262,"height":262,"caption":"IFES \u00b7 International Fellowship of Evangelical Students"},"image":{"@id":"https:\/\/ifesworld.org\/es\/#\/schema\/logo\/image\/"}}]}},"_links":{"self":[{"href":"https:\/\/ifesworld.org\/es\/wp-json\/wp\/v2\/prayerline\/49959","targetHints":{"allow":["GET"]}}],"collection":[{"href":"https:\/\/ifesworld.org\/es\/wp-json\/wp\/v2\/prayerline"}],"about":[{"href":"https:\/\/ifesworld.org\/es\/wp-json\/wp\/v2\/types\/prayerline"}],"wp:featuredmedia":[{"embeddable":true,"href":"https:\/\/ifesworld.org\/es\/wp-json\/wp\/v2\/media\/49957"}],"wp:attachment":[{"href":"https:\/\/ifesworld.org\/es\/wp-json\/wp\/v2\/media?parent=49959"}],"wp:term":[{"taxonomy":"area","embeddable":true,"href":"https:\/\/ifesworld.org\/es\/wp-json\/wp\/v2\/area?post=49959"},{"taxonomy":"theme","embeddable":true,"href":"https:\/\/ifesworld.org\/es\/wp-json\/wp\/v2\/theme?post=49959"}],"curies":[{"name":"wp","href":"https:\/\/api.w.org\/{rel}","templated":true}]}}