{"id":49676,"date":"2025-11-25T16:33:23","date_gmt":"2025-11-25T16:33:23","guid":{"rendered":"https:\/\/ifesworld.org\/?post_type=prayerline&#038;p=49676"},"modified":"2025-11-25T16:33:25","modified_gmt":"2025-11-25T16:33:25","slug":"nadie-es-una-isla","status":"publish","type":"prayerline","link":"https:\/\/ifesworld.org\/es\/prayerline\/nadie-es-una-isla\/","title":{"rendered":"Nadie es una isla"},"content":{"rendered":"<div class=\"wp-block block-core-paragraph\">\n<p class=\"wp-block-paragraph\">La mayor\u00eda de los <a href=\"https:\/\/ifescaribbean.org\/\" target=\"_blank\" rel=\"noreferrer noopener\">movimientos de IFES en el Caribe (CARIFES)<\/a> se encuentran en islas. Pero ninguno de estos movimientos debe ser como una isla: aislado, desconectado, vulnerable. Cuatro l\u00edderes estudiantiles de Barbados, Guyana, las Islas Caim\u00e1n y Guadalupe est\u00e1n asegur\u00e1ndose de que esto no ocurra.&nbsp;&nbsp;<\/p>\n<\/div>\n\n<div class=\"wp-block block-core-paragraph\">\n<p class=\"wp-block-paragraph\">Desde que asistieron a la <a href=\"https:\/\/ifescaribbean.org\/en\/carifes-academy-2024\/\" target=\"_blank\" rel=\"noreferrer noopener\">Academia CARIFES<\/a> del a\u00f1o pasado, han estado liderando un proyecto \u201cpara fomentar y fortalecer el ministerio estudiantil en territorios donde este sea peque\u00f1o o incipiente\u201d. Nadie es una isla.&nbsp;<\/p>\n<\/div>\n\n<div class=\"wp-block block-core-heading\">\n<h2 class=\"wp-block-heading\"><strong><mark style=\"background-color:#FFE81A\" class=\"has-inline-color\">Un sue\u00f1o hecho realidad<\/mark><\/strong>\u00a0<\/h2>\n<\/div>\n\n<div class=\"wp-block block-core-paragraph\">\n<p class=\"wp-block-paragraph\">Todo empez\u00f3 en la Academia CARIFES. El equipo regional de IFES ten\u00eda un sue\u00f1o: que la iniciativa fuera una herramienta para identificar, formar y conectar a los obreros y a los l\u00edderes estudiantiles de los veinte movimientos de la regi\u00f3n. Los resultados han sido muy positivos.&nbsp;&nbsp;&nbsp;<\/p>\n<\/div>\n\n<div class=\"wp-block block-core-paragraph\">\n<p class=\"wp-block-paragraph\">Despu\u00e9s de recibir formaci\u00f3n online, m\u00e1s de cincuenta estudiantes se reunieron en Trinidad durante seis d\u00edas en agosto de 2024, entre ellos Angel, Rekey, Lucas y Abygale. Estos cuatro estudiantes ten\u00edan ganas de poner en pr\u00e1ctica las capacidades que estaban adquiriendo y se apuntaron para servir en un proyecto que surgi\u00f3, llamado la Iniciativa Pionera Caribe\u00f1a (CPI, por sus siglas en ingl\u00e9s).&nbsp;<\/p>\n<\/div>\n\n<div class=\"wp-block block-core-paragraph\">\n<p class=\"wp-block-paragraph\">Kerwin Stuart, Secretario Regional Asociado, est\u00e1 encantado con el desarrollo del proyecto: \u201c\u00a1Durante los \u00faltimos meses, la CPI se ha convertido en un laboratorio pr\u00e1ctico de liderazgo para estos l\u00edderes estudiantiles comprometidos!\u201d&nbsp;<\/p>\n<\/div>\n\n<div class=\"wp-block block-core-heading\">\n<h2 class=\"wp-block-heading\"><strong><mark style=\"background-color:#FFE81A\" class=\"has-inline-color\">De la Academia a Antigua<\/mark><\/strong>\u00a0<\/h2>\n<\/div>\n\n<div class=\"wp-block block-core-paragraph\">\n<p class=\"wp-block-paragraph\">Los estudiantes se han reunido regularmente de forma virtual con el obrero nacional y con los obreros de CARIFES para ayudar a planificar un proyecto misionero en Antigua y Barbuda, donde <a href=\"https:\/\/ifesworld.org\/es\/prayerline\/dando-un-paso-hacia-atras-para-avanzar\/?switch_language=es\" target=\"_blank\" rel=\"noreferrer noopener\">el equipo de CARIFES lleva un tiempo intentando revitalizar el movimiento<\/a>.&nbsp;&nbsp;<\/p>\n<\/div>\n\n<div class=\"wp-block block-core-paragraph\">\n<p class=\"wp-block-paragraph\">El proyecto misionero de la CPI reunir\u00e1 a 25 estudiantes de diferentes partes de la regi\u00f3n, que pasar\u00e1n nueve d\u00edas en Antigua en enero. Participar\u00e1n en la evangelizaci\u00f3n, campa\u00f1as evangel\u00edsticas en las escuelas, discipulado y actos de servicio. Este programa lo est\u00e1n dirigiendo los graduados de la Academia CARIFES. Han planificado el contenido y lo est\u00e1n promocionando entre los compa\u00f1eros de toda la regi\u00f3n.&nbsp;<\/p>\n<\/div>\n\n<div class=\"wp-block block-core-paragraph\">\n<p class=\"wp-block-paragraph\">Angel dice: \u201cYo espero que los estudiantes que se unan al equipo del proyecto den pasos valientes de fe e inspiren a los estudiantes de Antigua a hacer lo mismo\u201d.&nbsp;<\/p>\n<\/div>\n\n<div class=\"wp-block block-core-paragraph\">\n<p class=\"wp-block-paragraph\">Ha habido mucho inter\u00e9s en este proyecto que ha unificado a la regi\u00f3n. A pesar de que los estudiantes est\u00e1n teniendo dificultades para recaudar los fondos necesarios para asistir, ya se han apuntado 24 personas. Hace poco se puso en contacto con Kerwin un estudiante de Guadalupe: \u201c\u00bfEs demasiado tarde para apuntarse?\u201d&nbsp;<\/p>\n<\/div>\n\n<div class=\"wp-block block-core-heading\">\n<h2 class=\"wp-block-heading\"><strong><mark style=\"background-color:#FFE81A\" class=\"has-inline-color\">De isla a isla<\/mark><\/strong>\u00a0<\/h2>\n<\/div>\n\n<div class=\"wp-block block-core-paragraph\">\n<p class=\"wp-block-paragraph\">Para poder apoyar al ministerio local cuando termine el proyecto, el equipo de planificaci\u00f3n se ha asegurado de que se reserven cinco plazas para estudiantes de Antigua. Tambi\u00e9n terminar\u00e1n con un d\u00eda de comuni\u00f3n para que todas las personas locales que participen puedan mantener el contacto.&nbsp;<\/p>\n<\/div>\n\n<div class=\"wp-block block-core-paragraph\">\n<p class=\"wp-block-paragraph\">El equipo regional espera que la CPI de Antigua sirva como modelo para el ministerio pionero en otros lugares como Anguila y las islas ABC. Puede que est\u00e9n separados por el oc\u00e9ano, pero estos proyectos est\u00e1n desafiando la geograf\u00eda a medida que los movimientos trabajan codo con codo, conectados y fortalecidos.&nbsp;<\/p>\n<\/div>\n\n<div class=\"wp-block block-core-heading\">\n<h2 class=\"wp-block-heading\"><strong><mark style=\"background-color:#FFE81A\" class=\"has-inline-color\">Ora<\/mark><\/strong>\u00a0<\/h2>\n<\/div>\n\n<div class=\"wp-block block-core-list\">\n<ul class=\"wp-block-list\"><div class=\"wp-block block-core-list-item\">\n<li>Da gracias a Dios por la visi\u00f3n, iniciativa y crecimiento de estos cuadros l\u00edderes estudiantiles y por el fruto que ha producido en otras \u00e1reas la Academia CARIFES. Da gracias tambi\u00e9n por el equipo regional de IFES y ora para que haya una buena respuesta a la <a href=\"https:\/\/ifescaribbean.org\/en\/carifesgiftweek2025\/\" target=\"_blank\" rel=\"noreferrer noopener\">Semana de oraci\u00f3n<\/a> (del 24 al 30 de noviembre), que va a buscar apoyo para la obra.\u00a0<\/li>\n<\/div><\/ul>\n<\/div>\n\n<div class=\"wp-block block-core-list\">\n<ul class=\"wp-block-list\"><div class=\"wp-block block-core-list-item\">\n<li>Ora por el proyecto de la CPI en Antigua, entre el 11 y el 20 de enero de 2026: que haya unidad entre los 25 estudiantes (algunos hablan ingl\u00e9s, otros franc\u00e9s), que tengan un coraz\u00f3n de servicio, que haya oportunidades guiadas por el Esp\u00edritu Santo para hablar de Cristo, que los estudiantes de Antigua respondan al evangelio.\u00a0<\/li>\n<\/div><\/ul>\n<\/div>\n\n<div class=\"wp-block block-core-list\">\n<ul class=\"wp-block-list\"><div class=\"wp-block block-core-list-item\">\n<li>Ora por las personas que todav\u00eda est\u00e1n sufriendo los estragos del hurac\u00e1n Melissa, que provoc\u00f3 muerte y destrucci\u00f3n en Jamaica, la Rep\u00fablica Dominicana y Hait\u00ed, y despu\u00e9s pas\u00f3 por Cuba, las Bahamas y Bermuda. Que los movimientos relevantes puedan encontrar nuevas fuerzas para compartir la paz de Cristo y ofrecer formas pr\u00e1cticas de cuidar a las personas.\u00a0<\/li>\n<\/div><\/ul>\n<\/div>\n\n<div class=\"wp-block block-core-separator\">\n<hr class=\"wp-block-separator has-alpha-channel-opacity\"\/>\n<\/div>\n\n<div class=\"wp-block block-core-paragraph\">\n<p class=\"has-caribbean-background-color has-background wp-block-paragraph\"><strong><em>COLABORA CON NOSOTROS: SEMANA DE DONATIVOS DE CARIFES\u00a0<\/em><\/strong>\u00a0<br><br>Este mes, el equipo de IFES del Caribe quiere invitar a los estudiantes, obreros, personas que apoyan a IFES e iglesias de todas las islas a que \u201ccolaboren con nosotros\u201d. T\u00fa tambi\u00e9n puedes colaborar con ellos. Durante su semana de donativos (entre el 24 y el 30 de noviembre), van a recaudar fondos para apoyar su obra vital. \u00bfColaborar\u00e1s con ellos?\u00a0\u00a0<br><br>Puedes encontrar m\u00e1s informaci\u00f3n <a href=\"https:\/\/ifescaribbean.org\/en\/carifesgiftweek2025\/\" target=\"_blank\" rel=\"noreferrer noopener\">aqu\u00ed<\/a> o <a href=\"https:\/\/ifesworld.org\/es\/donar\/?switch_language=en&#038;source=SUPPORT&#038;destination=CR000_STEAM\" target=\"_blank\" rel=\"noreferrer noopener\">donar ahora<\/a>.\u00a0<\/p>\n<\/div>","protected":false},"featured_media":49667,"template":"","area":[702],"theme":[],"class_list":["post-49676","prayerline","type-prayerline","status-publish","has-post-thumbnail","hentry","area-caribe"],"acf":[],"yoast_head":"<!-- This site is optimized with the Yoast SEO plugin v27.2 - https:\/\/yoast.com\/product\/yoast-seo-wordpress\/ -->\n<title>Nadie es una isla &#183; IFES Prayerline<\/title>\n<meta name=\"description\" content=\"La mayor\u00eda de los movimientos de IFES en el Caribe (CARIFES) se encuentran en islas. Pero ninguno de estos movimientos debe ser como una isla: aislado,\" \/>\n<meta name=\"robots\" content=\"index, follow, max-snippet:-1, max-image-preview:large, max-video-preview:-1\" \/>\n<link rel=\"canonical\" href=\"https:\/\/ifesworld.org\/es\/prayerline\/nadie-es-una-isla\/\" \/>\n<meta property=\"og:locale\" content=\"es_ES\" \/>\n<meta property=\"og:type\" content=\"article\" \/>\n<meta property=\"og:title\" content=\"Nadie es una isla &#183; IFES Prayerline\" \/>\n<meta property=\"og:description\" content=\"La mayor\u00eda de los movimientos de IFES en el Caribe (CARIFES) se encuentran en islas. Pero ninguno de estos movimientos debe ser como una isla: aislado,\" \/>\n<meta property=\"og:url\" content=\"https:\/\/ifesworld.org\/es\/prayerline\/nadie-es-una-isla\/\" \/>\n<meta property=\"og:site_name\" content=\"IFES\" \/>\n<meta property=\"article:modified_time\" content=\"2025-11-25T16:33:25+00:00\" \/>\n<meta property=\"og:image\" content=\"https:\/\/ifesworld.org\/wp-content\/uploads\/2025\/11\/CARIFES-Academy-Group-Shot.jpg\" \/>\n\t<meta property=\"og:image:width\" content=\"2048\" \/>\n\t<meta property=\"og:image:height\" content=\"1365\" \/>\n\t<meta property=\"og:image:type\" content=\"image\/jpeg\" \/>\n<meta name=\"twitter:card\" content=\"summary_large_image\" \/>\n<meta name=\"twitter:label1\" content=\"Tiempo de lectura\" \/>\n\t<meta name=\"twitter:data1\" content=\"4 minutos\" \/>\n<script type=\"application\/ld+json\" class=\"yoast-schema-graph\">{\"@context\":\"https:\/\/schema.org\",\"@graph\":[{\"@type\":\"WebPage\",\"@id\":\"https:\/\/ifesworld.org\/es\/prayerline\/nadie-es-una-isla\/\",\"url\":\"https:\/\/ifesworld.org\/es\/prayerline\/nadie-es-una-isla\/\",\"name\":\"Nadie es una isla &#183; IFES Prayerline\",\"isPartOf\":{\"@id\":\"https:\/\/ifesworld.org\/es\/#website\"},\"primaryImageOfPage\":{\"@id\":\"https:\/\/ifesworld.org\/es\/prayerline\/nadie-es-una-isla\/#primaryimage\"},\"image\":{\"@id\":\"https:\/\/ifesworld.org\/es\/prayerline\/nadie-es-una-isla\/#primaryimage\"},\"thumbnailUrl\":\"https:\/\/ifesworld.org\/wp-content\/uploads\/2025\/11\/CARIFES-Academy-Group-Shot.jpg\",\"datePublished\":\"2025-11-25T16:33:23+00:00\",\"dateModified\":\"2025-11-25T16:33:25+00:00\",\"description\":\"La mayor\u00eda de los movimientos de IFES en el Caribe (CARIFES) se encuentran en islas. Pero ninguno de estos movimientos debe ser como una isla: aislado,\",\"breadcrumb\":{\"@id\":\"https:\/\/ifesworld.org\/es\/prayerline\/nadie-es-una-isla\/#breadcrumb\"},\"inLanguage\":\"es\",\"potentialAction\":[{\"@type\":\"ReadAction\",\"target\":[\"https:\/\/ifesworld.org\/es\/prayerline\/nadie-es-una-isla\/\"]}]},{\"@type\":\"ImageObject\",\"inLanguage\":\"es\",\"@id\":\"https:\/\/ifesworld.org\/es\/prayerline\/nadie-es-una-isla\/#primaryimage\",\"url\":\"https:\/\/ifesworld.org\/wp-content\/uploads\/2025\/11\/CARIFES-Academy-Group-Shot.jpg\",\"contentUrl\":\"https:\/\/ifesworld.org\/wp-content\/uploads\/2025\/11\/CARIFES-Academy-Group-Shot.jpg\",\"width\":2048,\"height\":1365},{\"@type\":\"BreadcrumbList\",\"@id\":\"https:\/\/ifesworld.org\/es\/prayerline\/nadie-es-una-isla\/#breadcrumb\",\"itemListElement\":[{\"@type\":\"ListItem\",\"position\":1,\"name\":\"Home\",\"item\":\"https:\/\/ifesworld.org\/es\/\"},{\"@type\":\"ListItem\",\"position\":2,\"name\":\"Prayerline\",\"item\":\"https:\/\/ifesworld.org\/en\/prayerline\/\"},{\"@type\":\"ListItem\",\"position\":3,\"name\":\"Nadie es una isla\"}]},{\"@type\":\"WebSite\",\"@id\":\"https:\/\/ifesworld.org\/es\/#website\",\"url\":\"https:\/\/ifesworld.org\/es\/\",\"name\":\"IFES\",\"description\":\"A movement of students sharing and living out the good news of Jesus Christ. Locally. Nationally. Globally.\",\"publisher\":{\"@id\":\"https:\/\/ifesworld.org\/es\/#organization\"},\"potentialAction\":[{\"@type\":\"SearchAction\",\"target\":{\"@type\":\"EntryPoint\",\"urlTemplate\":\"https:\/\/ifesworld.org\/es\/?s={search_term_string}\"},\"query-input\":{\"@type\":\"PropertyValueSpecification\",\"valueRequired\":true,\"valueName\":\"search_term_string\"}}],\"inLanguage\":\"es\"},{\"@type\":\"Organization\",\"@id\":\"https:\/\/ifesworld.org\/es\/#organization\",\"name\":\"IFES \u00b7 International Fellowship of Evangelical Students\",\"url\":\"https:\/\/ifesworld.org\/es\/\",\"logo\":{\"@type\":\"ImageObject\",\"inLanguage\":\"es\",\"@id\":\"https:\/\/ifesworld.org\/es\/#\/schema\/logo\/image\/\",\"url\":\"https:\/\/ifesworld.org\/wp-content\/uploads\/2019\/06\/ifeslogo.png\",\"contentUrl\":\"https:\/\/ifesworld.org\/wp-content\/uploads\/2019\/06\/ifeslogo.png\",\"width\":262,\"height\":262,\"caption\":\"IFES \u00b7 International Fellowship of Evangelical Students\"},\"image\":{\"@id\":\"https:\/\/ifesworld.org\/es\/#\/schema\/logo\/image\/\"}}]}<\/script>\n<!-- \/ Yoast SEO plugin. -->","yoast_head_json":{"title":"Nadie es una isla &#183; IFES Prayerline","description":"La mayor\u00eda de los movimientos de IFES en el Caribe (CARIFES) se encuentran en islas. Pero ninguno de estos movimientos debe ser como una isla: aislado,","robots":{"index":"index","follow":"follow","max-snippet":"max-snippet:-1","max-image-preview":"max-image-preview:large","max-video-preview":"max-video-preview:-1"},"canonical":"https:\/\/ifesworld.org\/es\/prayerline\/nadie-es-una-isla\/","og_locale":"es_ES","og_type":"article","og_title":"Nadie es una isla &#183; IFES Prayerline","og_description":"La mayor\u00eda de los movimientos de IFES en el Caribe (CARIFES) se encuentran en islas. Pero ninguno de estos movimientos debe ser como una isla: aislado,","og_url":"https:\/\/ifesworld.org\/es\/prayerline\/nadie-es-una-isla\/","og_site_name":"IFES","article_modified_time":"2025-11-25T16:33:25+00:00","og_image":[{"width":2048,"height":1365,"url":"https:\/\/ifesworld.org\/wp-content\/uploads\/2025\/11\/CARIFES-Academy-Group-Shot.jpg","type":"image\/jpeg"}],"twitter_card":"summary_large_image","twitter_misc":{"Tiempo de lectura":"4 minutos"},"schema":{"@context":"https:\/\/schema.org","@graph":[{"@type":"WebPage","@id":"https:\/\/ifesworld.org\/es\/prayerline\/nadie-es-una-isla\/","url":"https:\/\/ifesworld.org\/es\/prayerline\/nadie-es-una-isla\/","name":"Nadie es una isla &#183; IFES Prayerline","isPartOf":{"@id":"https:\/\/ifesworld.org\/es\/#website"},"primaryImageOfPage":{"@id":"https:\/\/ifesworld.org\/es\/prayerline\/nadie-es-una-isla\/#primaryimage"},"image":{"@id":"https:\/\/ifesworld.org\/es\/prayerline\/nadie-es-una-isla\/#primaryimage"},"thumbnailUrl":"https:\/\/ifesworld.org\/wp-content\/uploads\/2025\/11\/CARIFES-Academy-Group-Shot.jpg","datePublished":"2025-11-25T16:33:23+00:00","dateModified":"2025-11-25T16:33:25+00:00","description":"La mayor\u00eda de los movimientos de IFES en el Caribe (CARIFES) se encuentran en islas. Pero ninguno de estos movimientos debe ser como una isla: aislado,","breadcrumb":{"@id":"https:\/\/ifesworld.org\/es\/prayerline\/nadie-es-una-isla\/#breadcrumb"},"inLanguage":"es","potentialAction":[{"@type":"ReadAction","target":["https:\/\/ifesworld.org\/es\/prayerline\/nadie-es-una-isla\/"]}]},{"@type":"ImageObject","inLanguage":"es","@id":"https:\/\/ifesworld.org\/es\/prayerline\/nadie-es-una-isla\/#primaryimage","url":"https:\/\/ifesworld.org\/wp-content\/uploads\/2025\/11\/CARIFES-Academy-Group-Shot.jpg","contentUrl":"https:\/\/ifesworld.org\/wp-content\/uploads\/2025\/11\/CARIFES-Academy-Group-Shot.jpg","width":2048,"height":1365},{"@type":"BreadcrumbList","@id":"https:\/\/ifesworld.org\/es\/prayerline\/nadie-es-una-isla\/#breadcrumb","itemListElement":[{"@type":"ListItem","position":1,"name":"Home","item":"https:\/\/ifesworld.org\/es\/"},{"@type":"ListItem","position":2,"name":"Prayerline","item":"https:\/\/ifesworld.org\/en\/prayerline\/"},{"@type":"ListItem","position":3,"name":"Nadie es una isla"}]},{"@type":"WebSite","@id":"https:\/\/ifesworld.org\/es\/#website","url":"https:\/\/ifesworld.org\/es\/","name":"IFES","description":"A movement of students sharing and living out the good news of Jesus Christ. Locally. Nationally. Globally.","publisher":{"@id":"https:\/\/ifesworld.org\/es\/#organization"},"potentialAction":[{"@type":"SearchAction","target":{"@type":"EntryPoint","urlTemplate":"https:\/\/ifesworld.org\/es\/?s={search_term_string}"},"query-input":{"@type":"PropertyValueSpecification","valueRequired":true,"valueName":"search_term_string"}}],"inLanguage":"es"},{"@type":"Organization","@id":"https:\/\/ifesworld.org\/es\/#organization","name":"IFES \u00b7 International Fellowship of Evangelical Students","url":"https:\/\/ifesworld.org\/es\/","logo":{"@type":"ImageObject","inLanguage":"es","@id":"https:\/\/ifesworld.org\/es\/#\/schema\/logo\/image\/","url":"https:\/\/ifesworld.org\/wp-content\/uploads\/2019\/06\/ifeslogo.png","contentUrl":"https:\/\/ifesworld.org\/wp-content\/uploads\/2019\/06\/ifeslogo.png","width":262,"height":262,"caption":"IFES \u00b7 International Fellowship of Evangelical Students"},"image":{"@id":"https:\/\/ifesworld.org\/es\/#\/schema\/logo\/image\/"}}]}},"_links":{"self":[{"href":"https:\/\/ifesworld.org\/es\/wp-json\/wp\/v2\/prayerline\/49676","targetHints":{"allow":["GET"]}}],"collection":[{"href":"https:\/\/ifesworld.org\/es\/wp-json\/wp\/v2\/prayerline"}],"about":[{"href":"https:\/\/ifesworld.org\/es\/wp-json\/wp\/v2\/types\/prayerline"}],"wp:featuredmedia":[{"embeddable":true,"href":"https:\/\/ifesworld.org\/es\/wp-json\/wp\/v2\/media\/49667"}],"wp:attachment":[{"href":"https:\/\/ifesworld.org\/es\/wp-json\/wp\/v2\/media?parent=49676"}],"wp:term":[{"taxonomy":"area","embeddable":true,"href":"https:\/\/ifesworld.org\/es\/wp-json\/wp\/v2\/area?post=49676"},{"taxonomy":"theme","embeddable":true,"href":"https:\/\/ifesworld.org\/es\/wp-json\/wp\/v2\/theme?post=49676"}],"curies":[{"name":"wp","href":"https:\/\/api.w.org\/{rel}","templated":true}]}}