{"id":44884,"date":"2025-02-04T08:00:00","date_gmt":"2025-02-04T08:00:00","guid":{"rendered":"https:\/\/ifesworld.org\/?post_type=prayerline&#038;p=44884"},"modified":"2025-02-01T09:22:31","modified_gmt":"2025-02-01T09:22:31","slug":"la-palabra-se-desata","status":"publish","type":"prayerline","link":"https:\/\/ifesworld.org\/es\/prayerline\/la-palabra-se-desata\/","title":{"rendered":"La Palabra se desata"},"content":{"rendered":"<div class=\"wp-block block-core-paragraph\">\n<p class=\"wp-block-paragraph\">Cuando se coloca en las paredes de los pasillos, produce gran una conmoci\u00f3n. Cuando se representa como una entrevista de televisi\u00f3n, ofrece nuevas perspectivas. Esto es lo que ocurre cuando se desata la Palabra de Dios.&nbsp;<\/p>\n<\/div>\n\n<div class=\"wp-block block-core-paragraph\">\n<p class=\"wp-block-paragraph\">En Armenia, aunque un 95% de la poblaci\u00f3n se identifica como cristiana, la Biblia a menudo se queda como un libro cerrado. Pero los estudiantes de <a href=\"https:\/\/www.instagram.com\/crossroad_initiative\/\" target=\"_blank\" rel=\"noreferrer noopener\">CICI<\/a>, el movimiento de IFES de este pa\u00eds, lo han estado abriendo a otras personas de una forma valiente y creativa.&nbsp;<\/p>\n<\/div>\n\n<div class=\"wp-block block-core-heading wp-elements-b61fcdaaa8b667812de9c87d820ad2b4\">\n<h2 class=\"wp-block-heading has-eurasia-color has-text-color has-link-color wp-elements-b61fcdaaa8b667812de9c87d820ad2b4\"><strong>Palabras en la pared<\/strong>&nbsp;<\/h2>\n<\/div>\n\n<div class=\"wp-block block-core-paragraph\">\n<p class=\"wp-block-paragraph\">En octubre del a\u00f1o pasado, el encuentro de oraci\u00f3n que celebraron en CICI durante el <a href=\"https:\/\/ifesworld.org\/es\/dme\/\" target=\"_blank\" rel=\"noreferrer noopener\">D\u00eda Mundial del Estudiante<\/a> inspir\u00f3 a los estudiantes a interceder por sus campus. Ese d\u00eda se encendi\u00f3 una llama en tres estudiantes de una universidad en Yerevan: sintieron que quer\u00edan que se leyera la Palabra de Dios en la facultad.&nbsp;<\/p>\n<\/div>\n\n<div class=\"wp-block block-core-paragraph\">\n<p class=\"wp-block-paragraph\">El problema es que los grupos de estudio b\u00edblico no est\u00e1n permitidos en el campus. Aquellos que quieran leer las Escrituras deben salir del recinto y reunirse en la oficina del movimiento. As\u00ed que los estudiantes decidieron escribir vers\u00edculos de \u00e1nimo como Juan 3:16 y Filipenses 4:13 en post-it y pegarlos en las paredes de la facultad. Los estudiantes empezaron a leerlos, a sonre\u00edr y a hablar del amor de Dios y de la fortaleza de Cristo.&nbsp;<\/p>\n<\/div>\n\n<div class=\"wp-block block-core-paragraph\">\n<p class=\"wp-block-paragraph\">Pero los guardias de seguridad no estaban tan contentos. Despu\u00e9s de revisar las c\u00e1maras de seguridad, llamaron a una de las estudiantes a su oficina. La interrogaron sobre su fe y le prohibieron que pegara m\u00e1s vers\u00edculos. Respetuosamente accedi\u00f3 a dejar de hacerlo en el campus, pero con actitud desafiante anunci\u00f3 que seguir\u00edan con su actividad en las paredes p\u00fablicas que se encuentran justo a las afueras del recinto. Y eso es lo que hicieron.&nbsp;<\/p>\n<\/div>\n\n<div class=\"wp-block block-core-paragraph\">\n<p class=\"wp-block-paragraph\">Los obreros del movimiento nacional cuentan:&nbsp;<\/p>\n<\/div>\n\n<div class=\"wp-block block-core-paragraph\">\n<p class=\"wp-block-paragraph\"><em>\u201cEsto fue totalmente una iniciativa estudiantil. Sent\u00edan pasi\u00f3n por algo y actuaron. \u00a1Es emocionante ver que Jes\u00fas les est\u00e1 dando valor en su fe!\u201d<\/em>&nbsp;<\/p>\n<\/div>\n\n<div class=\"wp-block block-core-heading wp-elements-0532e0d6a362e460e050b2f4ce9a743a\">\n<h2 class=\"wp-block-heading has-eurasia-color has-text-color has-link-color wp-elements-0532e0d6a362e460e050b2f4ce9a743a\"><strong>Luces, Biblia, acci\u00f3n&#8230;<\/strong>&nbsp;<\/h2>\n<\/div>\n\n<div class=\"wp-block block-core-paragraph\">\n<p class=\"wp-block-paragraph\">Mientras tanto, en la oficina, los estudiantes estudian a fondo la Palabra. El a\u00f1o pasado recibieron una visita del equipo del <a href=\"https:\/\/scriptureengagement.ifesworld.org\/es\/\" target=\"_blank\" rel=\"noreferrer noopener\">Compromiso con las Escrituras de IFES<\/a> y, desde entonces, el movimiento ha seguido desarrollando y utilizando un formato de estudio \u201cde teatro participativo y entrevista de televisi\u00f3n\u201d.&nbsp;<\/p>\n<\/div>\n\n<div class=\"wp-block block-core-paragraph\">\n<p class=\"wp-block-paragraph\">Despu\u00e9s de leer un pasaje narrativo en grupo, los participantes son invitados a analizar el texto m\u00e1s de cerca en grupos peque\u00f1os, imaginando que ellos son uno de los personas de la historia. Despu\u00e9s hacen preguntas como si fuera una entrevista de televisi\u00f3n, para sacar la importancia de lo que est\u00e1n pensando y sintiendo, y c\u00f3mo se aplica esto a la vida actual. (Puedes ver el proceso por completo <a href=\"https:\/\/scriptureengagement.ifesworld.org\/2024\/10\/contextualizacion-y-creatividad\/\" target=\"_blank\" rel=\"noreferrer noopener\">aqu\u00ed<\/a>).&nbsp;<\/p>\n<\/div>\n\n<div class=\"wp-block block-core-paragraph\">\n<p class=\"wp-block-paragraph\">Los obreros se\u00f1alan que tanto a los creyentes comprometidos como a los amigos que est\u00e1n buscando les encanta profundizar en la Palabra de esta forma y a menudo quieren dramatizar la entrevista. En un estudio reciente sobre Jes\u00fas lavando los pies a sus disc\u00edpulos, uno de los estudiantes coment\u00f3:&nbsp;<\/p>\n<\/div>\n\n<div class=\"wp-block block-core-paragraph\">\n<p class=\"wp-block-paragraph\"><em>\u201cFue emocionante leer la historia a trav\u00e9s de los ojos de Jes\u00fas. Me hizo sentir el amor y el cari\u00f1o que sent\u00eda hacia sus disc\u00edpulos, y tambi\u00e9n hacia nosotros\u201d.<\/em>&nbsp;<\/p>\n<\/div>\n\n<div class=\"wp-block block-core-paragraph\">\n<p class=\"wp-block-paragraph\">Gracias a que los estudiantes han alcanzado a otros estudiantes, se ha abierto un libro que antes estaba cerrado. La Palabra de Dios se ha desatado para ser le\u00edda y considerada. Vamos a orar por una respuesta:&nbsp;<\/p>\n<\/div>\n\n<div class=\"wp-block block-core-heading wp-elements-efb6bd0324e1c6d9a899350c6f21a55b\">\n<h2 class=\"wp-block-heading has-eurasia-color has-text-color has-link-color wp-elements-efb6bd0324e1c6d9a899350c6f21a55b\"><strong>Ora<\/strong>&nbsp;<\/h2>\n<\/div>\n\n<div class=\"wp-block block-core-list\">\n<ul class=\"wp-block-list\"><div class=\"wp-block block-core-list-item\">\n<li>Da gracias por la pasi\u00f3n y el valor de los tres estudiantes que compartieron vers\u00edculos en el campus. Ora para que el inter\u00e9s que ha generado la Palabra llevar\u00e1 a tener conversaciones importantes y a hacer contactos que duren.\u00a0<\/li>\n<\/div><\/ul>\n<\/div>\n\n<div class=\"wp-block block-core-list\">\n<ul class=\"wp-block-list\"><div class=\"wp-block block-core-list-item\">\n<li>Pide a Dios que sigan los estudios b\u00edblicos dramatizados\/de entrevista para conectar con los estudiantes que est\u00e1n buscando, y que el Esp\u00edritu Santo los gu\u00ede a tener un encuentro personal con Jes\u00fas, la Palabra Viva.\u00a0<\/li>\n<\/div><\/ul>\n<\/div>\n\n<div class=\"wp-block block-core-list\">\n<ul class=\"wp-block-list\"><div class=\"wp-block block-core-list-item\">\n<li>Ora por los l\u00edderes de grupo peque\u00f1o de CICI a medida que aprenden m\u00e1s y m\u00e1s a manejar la Biblia. Pide al Se\u00f1or que bendiga a los campus y a las iglesias por medio del estudio regular, creativo y fiel de las Escrituras.\u00a0<\/li>\n<\/div><\/ul>\n<\/div>","protected":false},"featured_media":44835,"template":"","area":[538,457],"theme":[],"class_list":["post-44884","prayerline","type-prayerline","status-publish","has-post-thumbnail","hentry","area-armenia","area-eurasia"],"acf":[],"yoast_head":"<!-- This site is optimized with the Yoast SEO plugin v27.2 - https:\/\/yoast.com\/product\/yoast-seo-wordpress\/ -->\n<title>La Palabra se desata &#183; IFES Prayerline<\/title>\n<meta name=\"description\" content=\"Cuando se coloca en las paredes de los pasillos, produce gran una conmoci\u00f3n. Cuando se representa como una entrevista de televisi\u00f3n, ofrece nuevas\" \/>\n<meta name=\"robots\" content=\"index, follow, max-snippet:-1, max-image-preview:large, max-video-preview:-1\" \/>\n<link rel=\"canonical\" href=\"https:\/\/ifesworld.org\/es\/prayerline\/la-palabra-se-desata\/\" \/>\n<meta property=\"og:locale\" content=\"es_ES\" \/>\n<meta property=\"og:type\" content=\"article\" \/>\n<meta property=\"og:title\" content=\"La Palabra se desata &#183; IFES Prayerline\" \/>\n<meta property=\"og:description\" content=\"Cuando se coloca en las paredes de los pasillos, produce gran una conmoci\u00f3n. Cuando se representa como una entrevista de televisi\u00f3n, ofrece nuevas\" \/>\n<meta property=\"og:url\" content=\"https:\/\/ifesworld.org\/es\/prayerline\/la-palabra-se-desata\/\" \/>\n<meta property=\"og:site_name\" content=\"IFES\" \/>\n<meta property=\"og:image\" content=\"https:\/\/ifesworld.org\/wp-content\/uploads\/2025\/01\/Armenia-PL-e1738320898556.jpg\" \/>\n\t<meta property=\"og:image:width\" content=\"1280\" \/>\n\t<meta property=\"og:image:height\" content=\"787\" \/>\n\t<meta property=\"og:image:type\" content=\"image\/jpeg\" \/>\n<meta name=\"twitter:card\" content=\"summary_large_image\" \/>\n<meta name=\"twitter:label1\" content=\"Tiempo de lectura\" \/>\n\t<meta name=\"twitter:data1\" content=\"4 minutos\" \/>\n<script type=\"application\/ld+json\" class=\"yoast-schema-graph\">{\"@context\":\"https:\/\/schema.org\",\"@graph\":[{\"@type\":\"WebPage\",\"@id\":\"https:\/\/ifesworld.org\/es\/prayerline\/la-palabra-se-desata\/\",\"url\":\"https:\/\/ifesworld.org\/es\/prayerline\/la-palabra-se-desata\/\",\"name\":\"La Palabra se desata &#183; IFES Prayerline\",\"isPartOf\":{\"@id\":\"https:\/\/ifesworld.org\/es\/#website\"},\"primaryImageOfPage\":{\"@id\":\"https:\/\/ifesworld.org\/es\/prayerline\/la-palabra-se-desata\/#primaryimage\"},\"image\":{\"@id\":\"https:\/\/ifesworld.org\/es\/prayerline\/la-palabra-se-desata\/#primaryimage\"},\"thumbnailUrl\":\"https:\/\/ifesworld.org\/wp-content\/uploads\/2025\/01\/Armenia-PL-e1738320898556.jpg\",\"datePublished\":\"2025-02-04T08:00:00+00:00\",\"description\":\"Cuando se coloca en las paredes de los pasillos, produce gran una conmoci\u00f3n. Cuando se representa como una entrevista de televisi\u00f3n, ofrece nuevas\",\"breadcrumb\":{\"@id\":\"https:\/\/ifesworld.org\/es\/prayerline\/la-palabra-se-desata\/#breadcrumb\"},\"inLanguage\":\"es\",\"potentialAction\":[{\"@type\":\"ReadAction\",\"target\":[\"https:\/\/ifesworld.org\/es\/prayerline\/la-palabra-se-desata\/\"]}]},{\"@type\":\"ImageObject\",\"inLanguage\":\"es\",\"@id\":\"https:\/\/ifesworld.org\/es\/prayerline\/la-palabra-se-desata\/#primaryimage\",\"url\":\"https:\/\/ifesworld.org\/wp-content\/uploads\/2025\/01\/Armenia-PL-e1738320898556.jpg\",\"contentUrl\":\"https:\/\/ifesworld.org\/wp-content\/uploads\/2025\/01\/Armenia-PL-e1738320898556.jpg\",\"width\":1280,\"height\":787},{\"@type\":\"BreadcrumbList\",\"@id\":\"https:\/\/ifesworld.org\/es\/prayerline\/la-palabra-se-desata\/#breadcrumb\",\"itemListElement\":[{\"@type\":\"ListItem\",\"position\":1,\"name\":\"Home\",\"item\":\"https:\/\/ifesworld.org\/es\/\"},{\"@type\":\"ListItem\",\"position\":2,\"name\":\"Prayerline\",\"item\":\"https:\/\/ifesworld.org\/en\/prayerline\/\"},{\"@type\":\"ListItem\",\"position\":3,\"name\":\"La Palabra se desata\"}]},{\"@type\":\"WebSite\",\"@id\":\"https:\/\/ifesworld.org\/es\/#website\",\"url\":\"https:\/\/ifesworld.org\/es\/\",\"name\":\"IFES\",\"description\":\"A movement of students sharing and living out the good news of Jesus Christ. Locally. Nationally. Globally.\",\"publisher\":{\"@id\":\"https:\/\/ifesworld.org\/es\/#organization\"},\"potentialAction\":[{\"@type\":\"SearchAction\",\"target\":{\"@type\":\"EntryPoint\",\"urlTemplate\":\"https:\/\/ifesworld.org\/es\/?s={search_term_string}\"},\"query-input\":{\"@type\":\"PropertyValueSpecification\",\"valueRequired\":true,\"valueName\":\"search_term_string\"}}],\"inLanguage\":\"es\"},{\"@type\":\"Organization\",\"@id\":\"https:\/\/ifesworld.org\/es\/#organization\",\"name\":\"IFES \u00b7 International Fellowship of Evangelical Students\",\"url\":\"https:\/\/ifesworld.org\/es\/\",\"logo\":{\"@type\":\"ImageObject\",\"inLanguage\":\"es\",\"@id\":\"https:\/\/ifesworld.org\/es\/#\/schema\/logo\/image\/\",\"url\":\"https:\/\/ifesworld.org\/wp-content\/uploads\/2019\/06\/ifeslogo.png\",\"contentUrl\":\"https:\/\/ifesworld.org\/wp-content\/uploads\/2019\/06\/ifeslogo.png\",\"width\":262,\"height\":262,\"caption\":\"IFES \u00b7 International Fellowship of Evangelical Students\"},\"image\":{\"@id\":\"https:\/\/ifesworld.org\/es\/#\/schema\/logo\/image\/\"}}]}<\/script>\n<!-- \/ Yoast SEO plugin. -->","yoast_head_json":{"title":"La Palabra se desata &#183; IFES Prayerline","description":"Cuando se coloca en las paredes de los pasillos, produce gran una conmoci\u00f3n. Cuando se representa como una entrevista de televisi\u00f3n, ofrece nuevas","robots":{"index":"index","follow":"follow","max-snippet":"max-snippet:-1","max-image-preview":"max-image-preview:large","max-video-preview":"max-video-preview:-1"},"canonical":"https:\/\/ifesworld.org\/es\/prayerline\/la-palabra-se-desata\/","og_locale":"es_ES","og_type":"article","og_title":"La Palabra se desata &#183; IFES Prayerline","og_description":"Cuando se coloca en las paredes de los pasillos, produce gran una conmoci\u00f3n. Cuando se representa como una entrevista de televisi\u00f3n, ofrece nuevas","og_url":"https:\/\/ifesworld.org\/es\/prayerline\/la-palabra-se-desata\/","og_site_name":"IFES","og_image":[{"width":1280,"height":787,"url":"https:\/\/ifesworld.org\/wp-content\/uploads\/2025\/01\/Armenia-PL-e1738320898556.jpg","type":"image\/jpeg"}],"twitter_card":"summary_large_image","twitter_misc":{"Tiempo de lectura":"4 minutos"},"schema":{"@context":"https:\/\/schema.org","@graph":[{"@type":"WebPage","@id":"https:\/\/ifesworld.org\/es\/prayerline\/la-palabra-se-desata\/","url":"https:\/\/ifesworld.org\/es\/prayerline\/la-palabra-se-desata\/","name":"La Palabra se desata &#183; IFES Prayerline","isPartOf":{"@id":"https:\/\/ifesworld.org\/es\/#website"},"primaryImageOfPage":{"@id":"https:\/\/ifesworld.org\/es\/prayerline\/la-palabra-se-desata\/#primaryimage"},"image":{"@id":"https:\/\/ifesworld.org\/es\/prayerline\/la-palabra-se-desata\/#primaryimage"},"thumbnailUrl":"https:\/\/ifesworld.org\/wp-content\/uploads\/2025\/01\/Armenia-PL-e1738320898556.jpg","datePublished":"2025-02-04T08:00:00+00:00","description":"Cuando se coloca en las paredes de los pasillos, produce gran una conmoci\u00f3n. Cuando se representa como una entrevista de televisi\u00f3n, ofrece nuevas","breadcrumb":{"@id":"https:\/\/ifesworld.org\/es\/prayerline\/la-palabra-se-desata\/#breadcrumb"},"inLanguage":"es","potentialAction":[{"@type":"ReadAction","target":["https:\/\/ifesworld.org\/es\/prayerline\/la-palabra-se-desata\/"]}]},{"@type":"ImageObject","inLanguage":"es","@id":"https:\/\/ifesworld.org\/es\/prayerline\/la-palabra-se-desata\/#primaryimage","url":"https:\/\/ifesworld.org\/wp-content\/uploads\/2025\/01\/Armenia-PL-e1738320898556.jpg","contentUrl":"https:\/\/ifesworld.org\/wp-content\/uploads\/2025\/01\/Armenia-PL-e1738320898556.jpg","width":1280,"height":787},{"@type":"BreadcrumbList","@id":"https:\/\/ifesworld.org\/es\/prayerline\/la-palabra-se-desata\/#breadcrumb","itemListElement":[{"@type":"ListItem","position":1,"name":"Home","item":"https:\/\/ifesworld.org\/es\/"},{"@type":"ListItem","position":2,"name":"Prayerline","item":"https:\/\/ifesworld.org\/en\/prayerline\/"},{"@type":"ListItem","position":3,"name":"La Palabra se desata"}]},{"@type":"WebSite","@id":"https:\/\/ifesworld.org\/es\/#website","url":"https:\/\/ifesworld.org\/es\/","name":"IFES","description":"A movement of students sharing and living out the good news of Jesus Christ. Locally. Nationally. Globally.","publisher":{"@id":"https:\/\/ifesworld.org\/es\/#organization"},"potentialAction":[{"@type":"SearchAction","target":{"@type":"EntryPoint","urlTemplate":"https:\/\/ifesworld.org\/es\/?s={search_term_string}"},"query-input":{"@type":"PropertyValueSpecification","valueRequired":true,"valueName":"search_term_string"}}],"inLanguage":"es"},{"@type":"Organization","@id":"https:\/\/ifesworld.org\/es\/#organization","name":"IFES \u00b7 International Fellowship of Evangelical Students","url":"https:\/\/ifesworld.org\/es\/","logo":{"@type":"ImageObject","inLanguage":"es","@id":"https:\/\/ifesworld.org\/es\/#\/schema\/logo\/image\/","url":"https:\/\/ifesworld.org\/wp-content\/uploads\/2019\/06\/ifeslogo.png","contentUrl":"https:\/\/ifesworld.org\/wp-content\/uploads\/2019\/06\/ifeslogo.png","width":262,"height":262,"caption":"IFES \u00b7 International Fellowship of Evangelical Students"},"image":{"@id":"https:\/\/ifesworld.org\/es\/#\/schema\/logo\/image\/"}}]}},"_links":{"self":[{"href":"https:\/\/ifesworld.org\/es\/wp-json\/wp\/v2\/prayerline\/44884","targetHints":{"allow":["GET"]}}],"collection":[{"href":"https:\/\/ifesworld.org\/es\/wp-json\/wp\/v2\/prayerline"}],"about":[{"href":"https:\/\/ifesworld.org\/es\/wp-json\/wp\/v2\/types\/prayerline"}],"wp:featuredmedia":[{"embeddable":true,"href":"https:\/\/ifesworld.org\/es\/wp-json\/wp\/v2\/media\/44835"}],"wp:attachment":[{"href":"https:\/\/ifesworld.org\/es\/wp-json\/wp\/v2\/media?parent=44884"}],"wp:term":[{"taxonomy":"area","embeddable":true,"href":"https:\/\/ifesworld.org\/es\/wp-json\/wp\/v2\/area?post=44884"},{"taxonomy":"theme","embeddable":true,"href":"https:\/\/ifesworld.org\/es\/wp-json\/wp\/v2\/theme?post=44884"}],"curies":[{"name":"wp","href":"https:\/\/api.w.org\/{rel}","templated":true}]}}