{"id":44369,"date":"2025-01-07T08:00:00","date_gmt":"2025-01-07T08:00:00","guid":{"rendered":"https:\/\/ifesworld.org\/?post_type=prayerline&#038;p=44369"},"modified":"2025-01-06T22:14:34","modified_gmt":"2025-01-06T22:14:34","slug":"esperanzados-con-motivo","status":"publish","type":"prayerline","link":"https:\/\/ifesworld.org\/es\/prayerline\/esperanzados-con-motivo\/","title":{"rendered":"Esperanzados con motivo"},"content":{"rendered":"<div class=\"wp-block block-core-paragraph\">\n<p class=\"wp-block-paragraph\">Querido\/a amigo\/a:&nbsp;<\/p>\n<\/div>\n\n<div class=\"wp-block block-core-paragraph\">\n<p class=\"wp-block-paragraph\">\u201c<em>Pero algo m\u00e1s me viene a la memoria, lo cual me llena de esperanza: Por el gran amor del Se\u00f1or no hemos sido consumidos y su compasi\u00f3n jam\u00e1s se agota. Cada ma\u00f1ana se renuevan sus bondades; \u00a1muy grande es su fidelidad!<\/em><em>\u201d <\/em>(Lamentaciones 3:21-23, NVI)&nbsp;<\/p>\n<\/div>\n\n<div class=\"wp-block block-core-paragraph\">\n<p class=\"wp-block-paragraph\">Seg\u00fan nos adentramos en un a\u00f1o nuevo, con todos sus retos y oportunidades, me acuerdo de una profunda distinci\u00f3n. Como seguidores de Jes\u00fas, no somos optimistas de forma ingenua, esperando un futuro que no podemos crear. Sino que, m\u00e1s bien, somos personas esperanzadas y arraigadas en la certeza de que Dios est\u00e1 obrando en este mundo para Su gloria.&nbsp;&nbsp;<\/p>\n<\/div>\n\n<div class=\"wp-block block-core-paragraph\">\n<p class=\"wp-block-paragraph\">Por ello, estamos expectantes en oraci\u00f3n lo que har\u00e1 en el a\u00f1o 2025.&nbsp;<\/p>\n<\/div>\n\n<div class=\"wp-block block-core-paragraph\">\n<p class=\"wp-block-paragraph\">Seg\u00fan damos paso a este a\u00f1o, nos animo a seguir el ejemplo de Jerem\u00edas en Lamentaciones y tomarnos un tiempo para traer \u201ca la memoria\u201d intencionalmente el \u201cgran amor\u201d y las \u201cbondades\u201d de Dios para ti, a nivel personal y para el movimiento estudiantil alrededor del mundo. Prestemos atenci\u00f3n a d\u00f3nde nos est\u00e1 llamando Dios a unirnos a \u00c9l. Pidamos sabidur\u00eda para saber c\u00f3mo debemos obrar juntos para responder a ese llamamiento para que cada parte de la familia global florezca y traiga fruto.&nbsp;<\/p>\n<\/div>\n\n<div class=\"wp-block block-core-paragraph\">\n<p class=\"wp-block-paragraph\">Aqu\u00ed hay tres \u00e1reas en las que puedo ver a Dios obrando, tres oportunidades en las que podemos unirnos a \u00c9l y unirnos los unos con los otros y tener esperanza por lo que har\u00e1 en el futuro:&nbsp;<\/p>\n<\/div>\n\n<div class=\"wp-block block-core-heading wp-elements-40737a96ce03d7331cb446833c555999\">\n<h2 class=\"wp-block-heading has-primary-color has-text-color has-link-color wp-elements-40737a96ce03d7331cb446833c555999\"><strong>Moldeando l\u00edderes<\/strong>&nbsp;<\/h2>\n<\/div>\n\n<div class=\"wp-block block-core-paragraph\">\n<p class=\"wp-block-paragraph\">Dios est\u00e1 moldeando l\u00edderes. En Isa\u00edas 64, el profeta confiesa: \u201cNosotros somos el barro y t\u00fa el alfarero. Todos somos obra de tu mano\u201d. Pero Dios tambi\u00e9n nos invita a formar parte de este proceso de \u201cmoldeado\u201d. En el <a href=\"https:\/\/ifesworld.org\/es\/dmg-24\/\" target=\"_blank\" rel=\"noreferrer noopener\">D\u00eda Mundial de la Generosidad<\/a> que se celebrar\u00e1 el d\u00eda 2 de abril, tendremos la oportunidad de implicarnos y moldear a los l\u00edderes de nuestra comunidad.&nbsp;&nbsp;<\/p>\n<\/div>\n\n<div class=\"wp-block block-core-paragraph\">\n<p class=\"wp-block-paragraph\">Una de las formas en las que se moldean los lideres es mediante la formaci\u00f3n, los recursos y el apoyo que IFES ofrece a los movimientos nacionales. Tan solo en el mes de agosto, tendremos varios eventos de formaci\u00f3n. Estamos organizando una conferencia para los estudiantes en la regi\u00f3n de <a href=\"https:\/\/ifesworld.org\/es\/region\/mena\/\" target=\"_blank\" rel=\"noreferrer noopener\">Oriente Medio y \u00c1frica del Norte<\/a>, donde la persecuci\u00f3n y la oposici\u00f3n forman parte de sus vidas diarias. En Letonia, el <a href=\"https:\/\/ifesworld.org\/es\/festival-estudiantil-europeo\/\" target=\"_blank\" rel=\"noreferrer noopener\">Festival Estudiantil Europeo<\/a> explorar\u00e1 lo que implica impactar a la universidad en una regi\u00f3n que ha sido testigo de un declive espiritual generalizado y muestras de su renovaci\u00f3n. Y un <a href=\"https:\/\/ifesworld.org\/es\/panaf\/\" target=\"_blank\" rel=\"noreferrer noopener\">congreso Pan-Africano<\/a> que reunir\u00e1 a los estudiantes y profesionales del \u00c1frica franc\u00f3fona para afrontar asuntos cr\u00edticos como la educaci\u00f3n, el cuidado de la creaci\u00f3n y el desarrollo sostenible.&nbsp;&nbsp;<\/p>\n<\/div>\n\n<div class=\"wp-block block-core-list\">\n<ul class=\"wp-block-list\"><div class=\"wp-block block-core-list-item\">\n<li><em>Demos gracias por c\u00f3mo Dios, el alfarero, est\u00e1 moldeando l\u00edderes. Oremos por los estudiantes y graduados que servir\u00e1n a sus prop\u00f3sitos en roles de liderazgo a nivel local, nacional y global. Le pedimos a Dios que utilice estos eventos, y otros eventos similares, para equipar a la nueva generaci\u00f3n para dirigir con visi\u00f3n, humildad, valor, fe y amor.<\/em>\u00a0<\/li>\n<\/div><\/ul>\n<\/div>\n\n<div class=\"wp-block block-core-heading wp-elements-e946c044cbeee67422059bb2066c43b1\">\n<h2 class=\"wp-block-heading has-primary-color has-text-color has-link-color wp-elements-e946c044cbeee67422059bb2066c43b1\"><strong>Iniciativa empoderada<\/strong>&nbsp;<\/h2>\n<\/div>\n\n<div class=\"wp-block block-core-paragraph\">\n<p class=\"wp-block-paragraph\">Dios ha provisto recursos para las iniciativas locales. Gracias a nuestros generosos donantes, disponemos de recursos para ayudar a los movimientos nacionales en nuestra estrategia <a href=\"https:\/\/ifesworld.org\/es\/la-estrategia-de-ifes\/\" target=\"_blank\" rel=\"noreferrer noopener\">Creciendo Juntos<\/a>. Pod\u00e9is solicitar becas para apoyar proyectos, campamentos, conferencias e infraestructuras como libros y tecnolog\u00eda.&nbsp;&nbsp;<\/p>\n<\/div>\n\n<div class=\"wp-block block-core-paragraph\">\n<p class=\"wp-block-paragraph\">En el Caribe, sin ir m\u00e1s lejos, una beca Creciendo Juntos permiti\u00f3 que ISCCF San Vicente crease un curso de discipulado en l\u00ednea para hacer el seguimiento de unos 3.000 estudiantes que entregaron sus vidas a Cristo mediante las giras de evangelizaci\u00f3n a principios de a\u00f1o. Por otro lado, una beca para CEC Panam\u00e1, ha ayudado a financiar una iniciativa de dos semanas como parte de sus planes para una obra pionera en la provincia de Col\u00f3n. Esperamos ver a Dios obrando m\u00e1s seg\u00fan recibamos <a href=\"https:\/\/ifesworld.org\/es\/subvenciones-de-creciendo-juntos\/\" target=\"_blank\" rel=\"noreferrer noopener\">m\u00e1s solicitudes este a\u00f1o<\/a><em>.<\/em>&nbsp;<\/p>\n<\/div>\n\n<div class=\"wp-block block-core-list\">\n<ul class=\"wp-block-list\"><div class=\"wp-block block-core-list-item\">\n<li><em>Demos gracias a Dios por estas becas y por las iniciativas locales que est\u00e1n fortaleciendo. Oremos para que las vidas sean tocadas, los campus bendecidos y las comunidades transformadas.<\/em>\u00a0<\/li>\n<\/div><\/ul>\n<\/div>\n\n<div class=\"wp-block block-core-heading wp-elements-362052bcd579751385d9313af9103645\">\n<h2 class=\"wp-block-heading has-primary-color has-text-color has-link-color wp-elements-362052bcd579751385d9313af9103645\"><strong>Enriquecimiento del ministerio<\/strong>&nbsp;<\/h2>\n<\/div>\n\n<div class=\"wp-block block-core-paragraph\">\n<p class=\"wp-block-paragraph\">Dios est\u00e1 fortaleciendo nuestro esp\u00edritu colaborador. Cuando los ministerios locales, nacionales y regionales se unen, vemos que podemos hacer mucho m\u00e1s juntos de lo que hac\u00edamos por nuestra cuenta. Nuestros <a href=\"https:\/\/ifesworld.org\/es\/blog\/conexiones-colaboracion-y-creatividad\/\" target=\"_blank\" rel=\"noreferrer noopener\">programas del Ministerio de recursos globales<\/a> son grandes ejemplos de este enriquecimiento, facilitando la colaboraci\u00f3n en la comunidad en \u00e1reas tales como la gobernanza, el ministerio de estudiantes internacionales, la obra de los graduados y el desarrollo de apoyo aut\u00f3ctono.&nbsp;<\/p>\n<\/div>\n\n<div class=\"wp-block block-core-paragraph\">\n<p class=\"wp-block-paragraph\">Te recomiendo que leas la publicaci\u00f3n en el <a href=\"https:\/\/ifesworld.org\/es\/blog\/\" target=\"_blank\" rel=\"noreferrer noopener\">blog de Conexi\u00f3n <\/a>que se publicar\u00e1 a lo largo de esta semana. Ilustra poderosamente c\u00f3mo IFES est\u00e1 fomentando a diversas comunidades de colaboraci\u00f3n en un mundo que se siente cada vez m\u00e1s divido y aislacionista.&nbsp;&nbsp;&nbsp;<\/p>\n<\/div>\n\n<div class=\"wp-block block-core-list\">\n<ul class=\"wp-block-list\"><div class=\"wp-block block-core-list-item\">\n<li><em>Por tanto, demos gracias por esta unidad y por la cooperaci\u00f3n eficiente y oremos por un mayor enriquecimiento seg\u00fan trabajamos juntos, compartimos recursos, ideas y nos apoyamos unos a otros.\u00a0<\/em>\u00a0<\/li>\n<\/div><\/ul>\n<\/div>\n\n<div class=\"wp-block block-core-paragraph\">\n<p class=\"wp-block-paragraph\">Gracias por ser un pueblo de esperanza. Tu compromiso, fe y visi\u00f3n me son de inspiraci\u00f3n. Juntos, con el amor obrando entre nosotros, \u00a1tenemos grandes motivos para sentirnos esperanzados!&nbsp;<\/p>\n<\/div>\n\n<div class=\"wp-block block-core-paragraph\">\n<p class=\"wp-block-paragraph\">En el poder y el amor de Cristo;&nbsp;<\/p>\n<\/div>\n\n<div class=\"wp-block block-core-paragraph\">\n<p class=\"wp-block-paragraph\">Tim Adams&nbsp;<\/p>\n<\/div>\n\n<div class=\"wp-block block-core-paragraph\">\n<p class=\"wp-block-paragraph\">Secretario General IFES<\/p>\n<\/div>","protected":false},"featured_media":44367,"template":"","area":[],"theme":[],"class_list":["post-44369","prayerline","type-prayerline","status-publish","has-post-thumbnail","hentry"],"acf":[],"yoast_head":"<!-- This site is optimized with the Yoast SEO plugin v27.2 - https:\/\/yoast.com\/product\/yoast-seo-wordpress\/ -->\n<title>Esperanzados con motivo &#183; IFES Prayerline<\/title>\n<meta name=\"description\" content=\"Querido\/a amigo\/a:&nbsp; \u201cPero algo m\u00e1s me viene a la memoria, lo cual me llena de esperanza: Por el gran amor del Se\u00f1or no hemos sido consumidos y su\" \/>\n<meta name=\"robots\" content=\"index, follow, max-snippet:-1, max-image-preview:large, max-video-preview:-1\" \/>\n<link rel=\"canonical\" href=\"https:\/\/ifesworld.org\/es\/prayerline\/esperanzados-con-motivo\/\" \/>\n<meta property=\"og:locale\" content=\"es_ES\" \/>\n<meta property=\"og:type\" content=\"article\" \/>\n<meta property=\"og:title\" content=\"Esperanzados con motivo &#183; IFES Prayerline\" \/>\n<meta property=\"og:description\" content=\"Querido\/a amigo\/a:&nbsp; \u201cPero algo m\u00e1s me viene a la memoria, lo cual me llena de esperanza: Por el gran amor del Se\u00f1or no hemos sido consumidos y su\" \/>\n<meta property=\"og:url\" content=\"https:\/\/ifesworld.org\/es\/prayerline\/esperanzados-con-motivo\/\" \/>\n<meta property=\"og:site_name\" content=\"IFES\" \/>\n<meta property=\"og:image\" content=\"https:\/\/ifesworld.org\/wp-content\/uploads\/2025\/01\/Tim-in-Chile-could-use-as-banner.jpg\" \/>\n\t<meta property=\"og:image:width\" content=\"1024\" \/>\n\t<meta property=\"og:image:height\" content=\"768\" \/>\n\t<meta property=\"og:image:type\" content=\"image\/jpeg\" \/>\n<meta name=\"twitter:card\" content=\"summary_large_image\" \/>\n<meta name=\"twitter:label1\" content=\"Tiempo de lectura\" \/>\n\t<meta name=\"twitter:data1\" content=\"4 minutos\" \/>\n<script type=\"application\/ld+json\" class=\"yoast-schema-graph\">{\"@context\":\"https:\/\/schema.org\",\"@graph\":[{\"@type\":\"WebPage\",\"@id\":\"https:\/\/ifesworld.org\/es\/prayerline\/esperanzados-con-motivo\/\",\"url\":\"https:\/\/ifesworld.org\/es\/prayerline\/esperanzados-con-motivo\/\",\"name\":\"Esperanzados con motivo &#183; IFES Prayerline\",\"isPartOf\":{\"@id\":\"https:\/\/ifesworld.org\/es\/#website\"},\"primaryImageOfPage\":{\"@id\":\"https:\/\/ifesworld.org\/es\/prayerline\/esperanzados-con-motivo\/#primaryimage\"},\"image\":{\"@id\":\"https:\/\/ifesworld.org\/es\/prayerline\/esperanzados-con-motivo\/#primaryimage\"},\"thumbnailUrl\":\"https:\/\/ifesworld.org\/wp-content\/uploads\/2025\/01\/Tim-in-Chile-could-use-as-banner.jpg\",\"datePublished\":\"2025-01-07T08:00:00+00:00\",\"description\":\"Querido\/a amigo\/a:&nbsp; \u201cPero algo m\u00e1s me viene a la memoria, lo cual me llena de esperanza: Por el gran amor del Se\u00f1or no hemos sido consumidos y su\",\"breadcrumb\":{\"@id\":\"https:\/\/ifesworld.org\/es\/prayerline\/esperanzados-con-motivo\/#breadcrumb\"},\"inLanguage\":\"es\",\"potentialAction\":[{\"@type\":\"ReadAction\",\"target\":[\"https:\/\/ifesworld.org\/es\/prayerline\/esperanzados-con-motivo\/\"]}]},{\"@type\":\"ImageObject\",\"inLanguage\":\"es\",\"@id\":\"https:\/\/ifesworld.org\/es\/prayerline\/esperanzados-con-motivo\/#primaryimage\",\"url\":\"https:\/\/ifesworld.org\/wp-content\/uploads\/2025\/01\/Tim-in-Chile-could-use-as-banner.jpg\",\"contentUrl\":\"https:\/\/ifesworld.org\/wp-content\/uploads\/2025\/01\/Tim-in-Chile-could-use-as-banner.jpg\",\"width\":1024,\"height\":768},{\"@type\":\"BreadcrumbList\",\"@id\":\"https:\/\/ifesworld.org\/es\/prayerline\/esperanzados-con-motivo\/#breadcrumb\",\"itemListElement\":[{\"@type\":\"ListItem\",\"position\":1,\"name\":\"Home\",\"item\":\"https:\/\/ifesworld.org\/es\/\"},{\"@type\":\"ListItem\",\"position\":2,\"name\":\"Prayerline\",\"item\":\"https:\/\/ifesworld.org\/en\/prayerline\/\"},{\"@type\":\"ListItem\",\"position\":3,\"name\":\"Esperanzados con motivo\"}]},{\"@type\":\"WebSite\",\"@id\":\"https:\/\/ifesworld.org\/es\/#website\",\"url\":\"https:\/\/ifesworld.org\/es\/\",\"name\":\"IFES\",\"description\":\"A movement of students sharing and living out the good news of Jesus Christ. Locally. Nationally. Globally.\",\"publisher\":{\"@id\":\"https:\/\/ifesworld.org\/es\/#organization\"},\"potentialAction\":[{\"@type\":\"SearchAction\",\"target\":{\"@type\":\"EntryPoint\",\"urlTemplate\":\"https:\/\/ifesworld.org\/es\/?s={search_term_string}\"},\"query-input\":{\"@type\":\"PropertyValueSpecification\",\"valueRequired\":true,\"valueName\":\"search_term_string\"}}],\"inLanguage\":\"es\"},{\"@type\":\"Organization\",\"@id\":\"https:\/\/ifesworld.org\/es\/#organization\",\"name\":\"IFES \u00b7 International Fellowship of Evangelical Students\",\"url\":\"https:\/\/ifesworld.org\/es\/\",\"logo\":{\"@type\":\"ImageObject\",\"inLanguage\":\"es\",\"@id\":\"https:\/\/ifesworld.org\/es\/#\/schema\/logo\/image\/\",\"url\":\"https:\/\/ifesworld.org\/wp-content\/uploads\/2019\/06\/ifeslogo.png\",\"contentUrl\":\"https:\/\/ifesworld.org\/wp-content\/uploads\/2019\/06\/ifeslogo.png\",\"width\":262,\"height\":262,\"caption\":\"IFES \u00b7 International Fellowship of Evangelical Students\"},\"image\":{\"@id\":\"https:\/\/ifesworld.org\/es\/#\/schema\/logo\/image\/\"}}]}<\/script>\n<!-- \/ Yoast SEO plugin. -->","yoast_head_json":{"title":"Esperanzados con motivo &#183; IFES Prayerline","description":"Querido\/a amigo\/a:&nbsp; \u201cPero algo m\u00e1s me viene a la memoria, lo cual me llena de esperanza: Por el gran amor del Se\u00f1or no hemos sido consumidos y su","robots":{"index":"index","follow":"follow","max-snippet":"max-snippet:-1","max-image-preview":"max-image-preview:large","max-video-preview":"max-video-preview:-1"},"canonical":"https:\/\/ifesworld.org\/es\/prayerline\/esperanzados-con-motivo\/","og_locale":"es_ES","og_type":"article","og_title":"Esperanzados con motivo &#183; IFES Prayerline","og_description":"Querido\/a amigo\/a:&nbsp; \u201cPero algo m\u00e1s me viene a la memoria, lo cual me llena de esperanza: Por el gran amor del Se\u00f1or no hemos sido consumidos y su","og_url":"https:\/\/ifesworld.org\/es\/prayerline\/esperanzados-con-motivo\/","og_site_name":"IFES","og_image":[{"width":1024,"height":768,"url":"https:\/\/ifesworld.org\/wp-content\/uploads\/2025\/01\/Tim-in-Chile-could-use-as-banner.jpg","type":"image\/jpeg"}],"twitter_card":"summary_large_image","twitter_misc":{"Tiempo de lectura":"4 minutos"},"schema":{"@context":"https:\/\/schema.org","@graph":[{"@type":"WebPage","@id":"https:\/\/ifesworld.org\/es\/prayerline\/esperanzados-con-motivo\/","url":"https:\/\/ifesworld.org\/es\/prayerline\/esperanzados-con-motivo\/","name":"Esperanzados con motivo &#183; IFES Prayerline","isPartOf":{"@id":"https:\/\/ifesworld.org\/es\/#website"},"primaryImageOfPage":{"@id":"https:\/\/ifesworld.org\/es\/prayerline\/esperanzados-con-motivo\/#primaryimage"},"image":{"@id":"https:\/\/ifesworld.org\/es\/prayerline\/esperanzados-con-motivo\/#primaryimage"},"thumbnailUrl":"https:\/\/ifesworld.org\/wp-content\/uploads\/2025\/01\/Tim-in-Chile-could-use-as-banner.jpg","datePublished":"2025-01-07T08:00:00+00:00","description":"Querido\/a amigo\/a:&nbsp; \u201cPero algo m\u00e1s me viene a la memoria, lo cual me llena de esperanza: Por el gran amor del Se\u00f1or no hemos sido consumidos y su","breadcrumb":{"@id":"https:\/\/ifesworld.org\/es\/prayerline\/esperanzados-con-motivo\/#breadcrumb"},"inLanguage":"es","potentialAction":[{"@type":"ReadAction","target":["https:\/\/ifesworld.org\/es\/prayerline\/esperanzados-con-motivo\/"]}]},{"@type":"ImageObject","inLanguage":"es","@id":"https:\/\/ifesworld.org\/es\/prayerline\/esperanzados-con-motivo\/#primaryimage","url":"https:\/\/ifesworld.org\/wp-content\/uploads\/2025\/01\/Tim-in-Chile-could-use-as-banner.jpg","contentUrl":"https:\/\/ifesworld.org\/wp-content\/uploads\/2025\/01\/Tim-in-Chile-could-use-as-banner.jpg","width":1024,"height":768},{"@type":"BreadcrumbList","@id":"https:\/\/ifesworld.org\/es\/prayerline\/esperanzados-con-motivo\/#breadcrumb","itemListElement":[{"@type":"ListItem","position":1,"name":"Home","item":"https:\/\/ifesworld.org\/es\/"},{"@type":"ListItem","position":2,"name":"Prayerline","item":"https:\/\/ifesworld.org\/en\/prayerline\/"},{"@type":"ListItem","position":3,"name":"Esperanzados con motivo"}]},{"@type":"WebSite","@id":"https:\/\/ifesworld.org\/es\/#website","url":"https:\/\/ifesworld.org\/es\/","name":"IFES","description":"A movement of students sharing and living out the good news of Jesus Christ. Locally. Nationally. Globally.","publisher":{"@id":"https:\/\/ifesworld.org\/es\/#organization"},"potentialAction":[{"@type":"SearchAction","target":{"@type":"EntryPoint","urlTemplate":"https:\/\/ifesworld.org\/es\/?s={search_term_string}"},"query-input":{"@type":"PropertyValueSpecification","valueRequired":true,"valueName":"search_term_string"}}],"inLanguage":"es"},{"@type":"Organization","@id":"https:\/\/ifesworld.org\/es\/#organization","name":"IFES \u00b7 International Fellowship of Evangelical Students","url":"https:\/\/ifesworld.org\/es\/","logo":{"@type":"ImageObject","inLanguage":"es","@id":"https:\/\/ifesworld.org\/es\/#\/schema\/logo\/image\/","url":"https:\/\/ifesworld.org\/wp-content\/uploads\/2019\/06\/ifeslogo.png","contentUrl":"https:\/\/ifesworld.org\/wp-content\/uploads\/2019\/06\/ifeslogo.png","width":262,"height":262,"caption":"IFES \u00b7 International Fellowship of Evangelical Students"},"image":{"@id":"https:\/\/ifesworld.org\/es\/#\/schema\/logo\/image\/"}}]}},"_links":{"self":[{"href":"https:\/\/ifesworld.org\/es\/wp-json\/wp\/v2\/prayerline\/44369","targetHints":{"allow":["GET"]}}],"collection":[{"href":"https:\/\/ifesworld.org\/es\/wp-json\/wp\/v2\/prayerline"}],"about":[{"href":"https:\/\/ifesworld.org\/es\/wp-json\/wp\/v2\/types\/prayerline"}],"wp:featuredmedia":[{"embeddable":true,"href":"https:\/\/ifesworld.org\/es\/wp-json\/wp\/v2\/media\/44367"}],"wp:attachment":[{"href":"https:\/\/ifesworld.org\/es\/wp-json\/wp\/v2\/media?parent=44369"}],"wp:term":[{"taxonomy":"area","embeddable":true,"href":"https:\/\/ifesworld.org\/es\/wp-json\/wp\/v2\/area?post=44369"},{"taxonomy":"theme","embeddable":true,"href":"https:\/\/ifesworld.org\/es\/wp-json\/wp\/v2\/theme?post=44369"}],"curies":[{"name":"wp","href":"https:\/\/api.w.org\/{rel}","templated":true}]}}