{"id":41975,"date":"2016-02-11T08:00:00","date_gmt":"2016-02-11T08:00:00","guid":{"rendered":"https:\/\/ifesworld.org\/?post_type=prayerline&#038;p=41975"},"modified":"2024-09-05T17:36:28","modified_gmt":"2024-09-05T16:36:28","slug":"filipinas-cuida-la-creacion","status":"publish","type":"prayerline","link":"https:\/\/ifesworld.org\/es\/prayerline\/filipinas-cuida-la-creacion\/","title":{"rendered":"Filipinas cuida la creaci\u00f3n!"},"content":{"rendered":"<div class=\"wp-block block-core-paragraph\">\n<p class=\"wp-block-paragraph\"><em>\u2018Est\u00e1bamos a unos metros pero ya pod\u00eda oler el mar. Estaba tan emocionada la noche antes de nuestro viaje a la costa porque iba a poder ayudar a la naturaleza y restaurar su belleza. Pero tambi\u00e9n sent\u00ed pena porque nunca pens\u00e9 que fuera posible que personas como nosotros pudieran destruir algo tan precioso que Dios nos hab\u00eda dado.\u2019&nbsp;<\/em>(Mae, una estudiante)<\/p>\n<\/div>\n\n<div class=\"wp-block block-core-paragraph\">\n<p class=\"wp-block-paragraph\">Cada a\u00f1o, la regi\u00f3n de IVCF Filipinas de Mindanao Sur celebra un evento que se centra en cuidar de la creaci\u00f3n de Dios. Este a\u00f1o, participaron tres grupos. Un grupo limpi\u00f3 la zona costera, mientras que otros barrieron y recogieron desperdicios en un mercado p\u00fablico y el tercer grupo plant\u00f3 803 semillas de cacao.<\/p>\n<\/div>\n\n<div class=\"wp-block block-core-paragraph\">\n<p class=\"wp-block-paragraph\">\u00a1Es un trabajo mi duro! Kimberly dijo que estaba\u00a0<em>\u2018cansada y exhausta\u2019<\/em>\u00a0al final del d\u00eda, \u2013 <\/p>\n<\/div>\n\n<div class=\"wp-block block-core-quote\">\n<blockquote class=\"wp-block-quote is-layout-flow wp-block-quote-is-layout-flow\"><div class=\"wp-block block-core-paragraph\">\n<p class=\"wp-block-paragraph\"><em>\u2018Cuesta mucho trabajo plantar una peque\u00f1a semilla. Escalar hasta la plantaci\u00f3n requiere un esfuerzo enorme. Hace falta valor para terminar el trabajo antes de que termine el d\u00eda. Hace falta perseverancia. Hace falta fuerza.\u2019<\/em><\/p>\n<\/div><\/blockquote>\n<\/div>\n\n<div class=\"wp-block block-core-paragraph\">\n<p class=\"wp-block-paragraph\"><\/p>\n<\/div>\n\n<div class=\"wp-block-image\">\n<figure class=\"aligncenter\"><img decoding=\"async\" src=\"https:\/\/gallery.mailchimp.com\/5a0f7f0908df46b0b54cab07d\/images\/4e138856-faad-4420-acd9-e82e258832a3.jpg\" alt=\"\"\/><\/figure>\n<\/div>\n\n<div class=\"wp-block block-core-paragraph\">\n<p class=\"wp-block-paragraph\"><\/p>\n<\/div>\n\n<div class=\"wp-block block-core-paragraph\">\n<p class=\"wp-block-paragraph\">\u00bfPor qu\u00e9 lo hacen? \u00bfNo deber\u00edan estar celebrando estudios b\u00edblicos con sus amigos o asistiendo a conferencias para el desarrollo del liderazgo?<\/p>\n<\/div>\n\n<div class=\"wp-block block-core-paragraph\">\n<p class=\"wp-block-paragraph\">\u00bfO acaso cuidar del mundo de Dios moldea a los l\u00edderes estudiantiles y equipa a los j\u00f3venes para alcanzar a otros?<\/p>\n<\/div>\n\n<div class=\"wp-block block-core-paragraph\">\n<p class=\"wp-block-paragraph\">Ruth, otra estudiante que particip\u00f3, nos relata lo que Dios le ense\u00f1\u00f3 durante este evento:<em>&nbsp;\u2018Aprend\u00ed que ser cristiano no implica estar centrada \u00fanicamente en nuestro propio crecimiento espiritual. Ser cristiano implica que tenemos la responsabilidad de involucrarnos en la comunidad.<\/em><\/p>\n<\/div>\n\n<div class=\"wp-block block-core-paragraph\">\n<p class=\"wp-block-paragraph\"><em>\u2018Algunas de las personas que viven en la costa no eran responsables y no cuidaban de su propia zona, y eso es muy triste. La basura que hab\u00edan generado probablemente les afectar\u00eda, da\u00f1ando especialmente a su salud. Me abri\u00f3 los ojos como cristiana. Debo orar por estas personas y no pensar solo en orar por m\u00ed,&nbsp;<\/em><\/p>\n<\/div>\n\n<div class=\"wp-block block-core-paragraph\">\n<p class=\"wp-block-paragraph\"><em>\u2018A veces solo podemos ver las cosas que tenemos cerca a diario. Podr\u00eda ser el n\u00famero limitado de amigos con los que charlamos o las cosas que hacemos habitualmente. A veces, en la vida, tenemos que ver la imagen completa para ver lo que est\u00e1 pasando fuera de nuestro mundo.\u2019<\/em><\/p>\n<\/div>\n\n<div class=\"wp-block block-core-paragraph\">\n<p class=\"wp-block-paragraph\">Merit clasific\u00f3 los residuos para su reciclado y record\u00f3 la necesidad de ser mayordomos y cuidar de la creaci\u00f3n de Dios:<\/p>\n<\/div>\n\n<div class=\"wp-block block-core-quote\">\n<blockquote class=\"wp-block-quote is-layout-flow wp-block-quote-is-layout-flow\"><div class=\"wp-block block-core-paragraph\">\n<p class=\"wp-block-paragraph\"><em>&#8216;Mi participaci\u00f3n en el evento de limpieza me record\u00f3 que hasta las cosas m\u00e1s peque\u00f1as pueden tener un efecto desastroso si se acumulan. Eso me anim\u00f3, no solo a tener un papel activo como mayordomo sino a influir a las personas que me rodean para que hagan lo mismo.\u2019<\/em><\/p>\n<\/div><\/blockquote>\n<\/div>\n\n<div class=\"wp-block block-core-paragraph\">\n<p class=\"wp-block-paragraph\">Podemos aprende muchas lecciones mientras cuidamos del mundo que nos rodea. Oremos por los estudiantes, mientras se esfuerzan en mostrar el amor de Dios en las comunidades que les rodean trayendo las restauraci\u00f3n al mundo creado. Oremos tambi\u00e9n para que podamos saber c\u00f3mo cuidar mejor del mundo que Dios nos ha confiado.<\/p>\n<\/div>\n\n<div class=\"wp-block block-core-paragraph\">\n<p class=\"wp-block-paragraph\">Bendiciones.<\/p>\n<\/div>\n\n<div class=\"wp-block block-core-paragraph\">\n<p class=\"wp-block-paragraph\"><em>Escrito por Penny Vinden para IFES<\/em><\/p>\n<\/div>","protected":false},"featured_media":41969,"template":"","area":[703,743],"theme":[],"class_list":["post-41975","prayerline","type-prayerline","status-publish","has-post-thumbnail","hentry","area-asia-del-este","area-filipinas"],"acf":[],"yoast_head":"<!-- This site is optimized with the Yoast SEO plugin v27.2 - https:\/\/yoast.com\/product\/yoast-seo-wordpress\/ -->\n<title>Filipinas cuida la creaci\u00f3n! &#183; IFES Prayerline<\/title>\n<meta name=\"description\" content=\"\u2018Est\u00e1bamos a unos metros pero ya pod\u00eda oler el mar. Estaba tan emocionada la noche antes de nuestro viaje a la costa porque iba a poder ayudar a la\" \/>\n<meta name=\"robots\" content=\"index, follow, max-snippet:-1, max-image-preview:large, max-video-preview:-1\" \/>\n<link rel=\"canonical\" href=\"https:\/\/ifesworld.org\/en\/prayerline\/creation-care\/\" \/>\n<meta property=\"og:locale\" content=\"es_ES\" \/>\n<meta property=\"og:type\" content=\"article\" \/>\n<meta property=\"og:title\" content=\"Filipinas cuida la creaci\u00f3n! &#183; IFES Prayerline\" \/>\n<meta property=\"og:description\" content=\"\u2018Est\u00e1bamos a unos metros pero ya pod\u00eda oler el mar. Estaba tan emocionada la noche antes de nuestro viaje a la costa porque iba a poder ayudar a la\" \/>\n<meta property=\"og:url\" content=\"https:\/\/ifesworld.org\/en\/prayerline\/creation-care\/\" \/>\n<meta property=\"og:site_name\" content=\"IFES\" \/>\n<meta property=\"article:modified_time\" content=\"2024-09-05T16:36:28+00:00\" \/>\n<meta property=\"og:image\" content=\"https:\/\/ifesworld.org\/wp-content\/uploads\/2024\/09\/ivcf.jpg\" \/>\n\t<meta property=\"og:image:width\" content=\"850\" \/>\n\t<meta property=\"og:image:height\" content=\"300\" \/>\n\t<meta property=\"og:image:type\" content=\"image\/jpeg\" \/>\n<meta name=\"twitter:card\" content=\"summary_large_image\" \/>\n<script type=\"application\/ld+json\" class=\"yoast-schema-graph\">{\"@context\":\"https:\/\/schema.org\",\"@graph\":[{\"@type\":\"WebPage\",\"@id\":\"https:\/\/ifesworld.org\/en\/prayerline\/creation-care\/\",\"url\":\"https:\/\/ifesworld.org\/en\/prayerline\/creation-care\/\",\"name\":\"Filipinas cuida la creaci\u00f3n! &#183; IFES Prayerline\",\"isPartOf\":{\"@id\":\"https:\/\/ifesworld.org\/es\/#website\"},\"primaryImageOfPage\":{\"@id\":\"https:\/\/ifesworld.org\/en\/prayerline\/creation-care\/#primaryimage\"},\"image\":{\"@id\":\"https:\/\/ifesworld.org\/en\/prayerline\/creation-care\/#primaryimage\"},\"thumbnailUrl\":\"https:\/\/ifesworld.org\/wp-content\/uploads\/2024\/09\/ivcf.jpg\",\"datePublished\":\"2016-02-11T08:00:00+00:00\",\"dateModified\":\"2024-09-05T16:36:28+00:00\",\"description\":\"\u2018Est\u00e1bamos a unos metros pero ya pod\u00eda oler el mar. Estaba tan emocionada la noche antes de nuestro viaje a la costa porque iba a poder ayudar a la\",\"breadcrumb\":{\"@id\":\"https:\/\/ifesworld.org\/en\/prayerline\/creation-care\/#breadcrumb\"},\"inLanguage\":\"es\",\"potentialAction\":[{\"@type\":\"ReadAction\",\"target\":[\"https:\/\/ifesworld.org\/en\/prayerline\/creation-care\/\"]}]},{\"@type\":\"ImageObject\",\"inLanguage\":\"es\",\"@id\":\"https:\/\/ifesworld.org\/en\/prayerline\/creation-care\/#primaryimage\",\"url\":\"https:\/\/ifesworld.org\/wp-content\/uploads\/2024\/09\/ivcf.jpg\",\"contentUrl\":\"https:\/\/ifesworld.org\/wp-content\/uploads\/2024\/09\/ivcf.jpg\",\"width\":850,\"height\":300},{\"@type\":\"BreadcrumbList\",\"@id\":\"https:\/\/ifesworld.org\/en\/prayerline\/creation-care\/#breadcrumb\",\"itemListElement\":[{\"@type\":\"ListItem\",\"position\":1,\"name\":\"Home\",\"item\":\"https:\/\/ifesworld.org\/es\/\"},{\"@type\":\"ListItem\",\"position\":2,\"name\":\"Prayerline\",\"item\":\"https:\/\/ifesworld.org\/en\/prayerline\/\"},{\"@type\":\"ListItem\",\"position\":3,\"name\":\"Filipinas cuida la creaci\u00f3n!\"}]},{\"@type\":\"WebSite\",\"@id\":\"https:\/\/ifesworld.org\/es\/#website\",\"url\":\"https:\/\/ifesworld.org\/es\/\",\"name\":\"IFES\",\"description\":\"A movement of students sharing and living out the good news of Jesus Christ. Locally. Nationally. Globally.\",\"publisher\":{\"@id\":\"https:\/\/ifesworld.org\/es\/#organization\"},\"potentialAction\":[{\"@type\":\"SearchAction\",\"target\":{\"@type\":\"EntryPoint\",\"urlTemplate\":\"https:\/\/ifesworld.org\/es\/?s={search_term_string}\"},\"query-input\":{\"@type\":\"PropertyValueSpecification\",\"valueRequired\":true,\"valueName\":\"search_term_string\"}}],\"inLanguage\":\"es\"},{\"@type\":\"Organization\",\"@id\":\"https:\/\/ifesworld.org\/es\/#organization\",\"name\":\"IFES \u00b7 International Fellowship of Evangelical Students\",\"url\":\"https:\/\/ifesworld.org\/es\/\",\"logo\":{\"@type\":\"ImageObject\",\"inLanguage\":\"es\",\"@id\":\"https:\/\/ifesworld.org\/es\/#\/schema\/logo\/image\/\",\"url\":\"https:\/\/ifesworld.org\/wp-content\/uploads\/2019\/06\/ifeslogo.png\",\"contentUrl\":\"https:\/\/ifesworld.org\/wp-content\/uploads\/2019\/06\/ifeslogo.png\",\"width\":262,\"height\":262,\"caption\":\"IFES \u00b7 International Fellowship of Evangelical Students\"},\"image\":{\"@id\":\"https:\/\/ifesworld.org\/es\/#\/schema\/logo\/image\/\"}}]}<\/script>\n<!-- \/ Yoast SEO plugin. -->","yoast_head_json":{"title":"Filipinas cuida la creaci\u00f3n! &#183; IFES Prayerline","description":"\u2018Est\u00e1bamos a unos metros pero ya pod\u00eda oler el mar. Estaba tan emocionada la noche antes de nuestro viaje a la costa porque iba a poder ayudar a la","robots":{"index":"index","follow":"follow","max-snippet":"max-snippet:-1","max-image-preview":"max-image-preview:large","max-video-preview":"max-video-preview:-1"},"canonical":"https:\/\/ifesworld.org\/en\/prayerline\/creation-care\/","og_locale":"es_ES","og_type":"article","og_title":"Filipinas cuida la creaci\u00f3n! &#183; IFES Prayerline","og_description":"\u2018Est\u00e1bamos a unos metros pero ya pod\u00eda oler el mar. Estaba tan emocionada la noche antes de nuestro viaje a la costa porque iba a poder ayudar a la","og_url":"https:\/\/ifesworld.org\/en\/prayerline\/creation-care\/","og_site_name":"IFES","article_modified_time":"2024-09-05T16:36:28+00:00","og_image":[{"width":850,"height":300,"url":"https:\/\/ifesworld.org\/wp-content\/uploads\/2024\/09\/ivcf.jpg","type":"image\/jpeg"}],"twitter_card":"summary_large_image","schema":{"@context":"https:\/\/schema.org","@graph":[{"@type":"WebPage","@id":"https:\/\/ifesworld.org\/en\/prayerline\/creation-care\/","url":"https:\/\/ifesworld.org\/en\/prayerline\/creation-care\/","name":"Filipinas cuida la creaci\u00f3n! &#183; IFES Prayerline","isPartOf":{"@id":"https:\/\/ifesworld.org\/es\/#website"},"primaryImageOfPage":{"@id":"https:\/\/ifesworld.org\/en\/prayerline\/creation-care\/#primaryimage"},"image":{"@id":"https:\/\/ifesworld.org\/en\/prayerline\/creation-care\/#primaryimage"},"thumbnailUrl":"https:\/\/ifesworld.org\/wp-content\/uploads\/2024\/09\/ivcf.jpg","datePublished":"2016-02-11T08:00:00+00:00","dateModified":"2024-09-05T16:36:28+00:00","description":"\u2018Est\u00e1bamos a unos metros pero ya pod\u00eda oler el mar. Estaba tan emocionada la noche antes de nuestro viaje a la costa porque iba a poder ayudar a la","breadcrumb":{"@id":"https:\/\/ifesworld.org\/en\/prayerline\/creation-care\/#breadcrumb"},"inLanguage":"es","potentialAction":[{"@type":"ReadAction","target":["https:\/\/ifesworld.org\/en\/prayerline\/creation-care\/"]}]},{"@type":"ImageObject","inLanguage":"es","@id":"https:\/\/ifesworld.org\/en\/prayerline\/creation-care\/#primaryimage","url":"https:\/\/ifesworld.org\/wp-content\/uploads\/2024\/09\/ivcf.jpg","contentUrl":"https:\/\/ifesworld.org\/wp-content\/uploads\/2024\/09\/ivcf.jpg","width":850,"height":300},{"@type":"BreadcrumbList","@id":"https:\/\/ifesworld.org\/en\/prayerline\/creation-care\/#breadcrumb","itemListElement":[{"@type":"ListItem","position":1,"name":"Home","item":"https:\/\/ifesworld.org\/es\/"},{"@type":"ListItem","position":2,"name":"Prayerline","item":"https:\/\/ifesworld.org\/en\/prayerline\/"},{"@type":"ListItem","position":3,"name":"Filipinas cuida la creaci\u00f3n!"}]},{"@type":"WebSite","@id":"https:\/\/ifesworld.org\/es\/#website","url":"https:\/\/ifesworld.org\/es\/","name":"IFES","description":"A movement of students sharing and living out the good news of Jesus Christ. Locally. Nationally. Globally.","publisher":{"@id":"https:\/\/ifesworld.org\/es\/#organization"},"potentialAction":[{"@type":"SearchAction","target":{"@type":"EntryPoint","urlTemplate":"https:\/\/ifesworld.org\/es\/?s={search_term_string}"},"query-input":{"@type":"PropertyValueSpecification","valueRequired":true,"valueName":"search_term_string"}}],"inLanguage":"es"},{"@type":"Organization","@id":"https:\/\/ifesworld.org\/es\/#organization","name":"IFES \u00b7 International Fellowship of Evangelical Students","url":"https:\/\/ifesworld.org\/es\/","logo":{"@type":"ImageObject","inLanguage":"es","@id":"https:\/\/ifesworld.org\/es\/#\/schema\/logo\/image\/","url":"https:\/\/ifesworld.org\/wp-content\/uploads\/2019\/06\/ifeslogo.png","contentUrl":"https:\/\/ifesworld.org\/wp-content\/uploads\/2019\/06\/ifeslogo.png","width":262,"height":262,"caption":"IFES \u00b7 International Fellowship of Evangelical Students"},"image":{"@id":"https:\/\/ifesworld.org\/es\/#\/schema\/logo\/image\/"}}]}},"_links":{"self":[{"href":"https:\/\/ifesworld.org\/es\/wp-json\/wp\/v2\/prayerline\/41975","targetHints":{"allow":["GET"]}}],"collection":[{"href":"https:\/\/ifesworld.org\/es\/wp-json\/wp\/v2\/prayerline"}],"about":[{"href":"https:\/\/ifesworld.org\/es\/wp-json\/wp\/v2\/types\/prayerline"}],"wp:featuredmedia":[{"embeddable":true,"href":"https:\/\/ifesworld.org\/es\/wp-json\/wp\/v2\/media\/41969"}],"wp:attachment":[{"href":"https:\/\/ifesworld.org\/es\/wp-json\/wp\/v2\/media?parent=41975"}],"wp:term":[{"taxonomy":"area","embeddable":true,"href":"https:\/\/ifesworld.org\/es\/wp-json\/wp\/v2\/area?post=41975"},{"taxonomy":"theme","embeddable":true,"href":"https:\/\/ifesworld.org\/es\/wp-json\/wp\/v2\/theme?post=41975"}],"curies":[{"name":"wp","href":"https:\/\/api.w.org\/{rel}","templated":true}]}}