{"id":39637,"date":"2015-02-05T16:44:00","date_gmt":"2015-02-05T16:44:00","guid":{"rendered":"https:\/\/ifesworld.org\/?post_type=prayerline&#038;p=39637"},"modified":"2024-07-23T16:47:05","modified_gmt":"2024-07-23T15:47:05","slug":"una-expo-erotica-esta-preparado-para-esto","status":"publish","type":"prayerline","link":"https:\/\/ifesworld.org\/es\/prayerline\/una-expo-erotica-esta-preparado-para-esto\/","title":{"rendered":"Una expo er\u00f3tica &#8211; \u00bfEst\u00e1 preparado para esto?"},"content":{"rendered":"<div class=\"wp-block block-core-paragraph\">\n<p class=\"wp-block-paragraph\">\u00bfEstudiantes cristianos organizando una Exposici\u00f3n Er\u00f3tica? \u00a1\u00bfPor qu\u00e9 har\u00edan tal cosa en AGEUP Per\u00fa?!<br>\u00a0<br>Porque en Am\u00e9rica Latina hay entre 1,4 y 1,7 millones de personas viviendo con el VIH\/SIDA.<br>Porque ven c\u00f3mo los j\u00f3venes se vuelven sexualmente activos sin pararse a considerar las consecuencias.<br>Porque quieren promover el di\u00e1logo, compartir los valores cristianos y ofrecer esperanza.<br>Porque quieren cumplir el llamado del Se\u00f1or de ser agentes de transformaci\u00f3n.<br>\u00a0<br>\u00a1Su ExpoEr\u00f3tica evidentemente capt\u00f3 la atenci\u00f3n de los estudiantes! Varias zonas ten\u00edan carteles que rezaban:\u00a0<em>Sexpr\u00e9sate, Sexpertos, Sexperimento, Sex in the City<\/em>\u00a0y\u00a0<em>No hay Cond\u00f3n Pa&#8217;l Alma<\/em>.<\/p>\n<\/div>\n\n<div class=\"wp-block block-core-paragraph\">\n<p class=\"wp-block-paragraph\">Pero lo que ocurri\u00f3 en estas 16 zonas fue un gran reto para los estudiantes. En\u00a0<em>Sexpr\u00e9sate<\/em>, los estudiantes compartieron su visi\u00f3n acerca del sexo, el amor y la muerte y escucharon una charla acerca de los mitos del VIH y las enfermedades de transmisi\u00f3n sexual. Mientras que en\u00a0<em>No Hay Cond\u00f3n Pa&#8217;l Alma<\/em>, aprendieron acerca de la escasa protecci\u00f3n f\u00edsica que ofrecen los condones para algunas enfermedades. Tambi\u00e9n escucharon acerca de los riesgos del sexo casual para el coraz\u00f3n y el alma.\u00a0 Los estudiantes se detuvieron en\u00a0<em>Espera sin Sexcusas<\/em>\u00a0para hablar acerca de la importancia de esperar al matrimonio para tener relaciones sexuales. Informaci\u00f3n que ten\u00eda el respaldo de evidencias de estudios de investigaci\u00f3n y debatieron acerca de las consecuencias de no esperar.<br>\u00a0<br>Los estudiantes de AGEUP Per\u00fa se vieron muy afectados por su participaci\u00f3n en el evento. Raquel ha viajado para ayudar con la Expo en varias universidades y espera poder celebrarla en la suya.\u00a0<em>\u00abLo aprendido te\u00f3rico debe de ser pr\u00e1ctico. Necesitamos estar preparado para todo tipo de necesidad espiritual, ya que los temas emocionales son muy delicados de tratar y a\u00fan m\u00e1s definir los propios.<\/em><br>\u00a0<br><em>\u00abFue un proceso personal de identificarme y agradecer a Dios por crearme como mujer cristiana. Estoy convencida que cada cosa que Dios nos muestra y deja que aprendamos, es un punto de soporte para alguien que est\u00e1 sufriendo por lo mismo.\u00bb<\/em><br>\u00a0<br>Delia, una estudiante de Ciencias de la Educaci\u00f3n, espera poder usar su carrera para promover una educaci\u00f3n sexual sana.\u00a0<em>\u00abQuiero evitar los \u00abtab\u00fas\u00bb que se ha ido teniendo a trav\u00e9s del tiempo para abordar estos temas. As\u00ed mismo buscando y tratando de tener cuidado de mi sexualidad; y apoyando a tomar las cuidados necesarias para luchar contra el VIH\/SIDA.\u00bb<\/em><br>\u00a0<br>Pero ExpoErotica solo es una parte del programa completo de AGEUP acerca de la salud sexual y la lucha contra el VIH\/Sida (llamado Lazos de VIHDA). Colaboran con iglesias, universidades y escuelas secundarias para concienciar, informar e involucrar a los l\u00edderes para que afronten la sexualidad de una forma b\u00edblica y clara.<br>\u00a0<br>Otra Delia, que estudia obstetricia, dice que Lazos le est\u00e1 ayudando a confrontar la perspectiva de las ciencias de la salud, que dicen que lo m\u00e1s importante es darle al cuerpo lo que pide. Los profesionales de la salud solo est\u00e1n ah\u00ed para ofrecer la mejor protecci\u00f3n posible. Ahora se plantea la pregunta crucial: \u00bfCu\u00e1l es la posici\u00f3n y qu\u00e9 responsabilidad tiene la iglesia en relaci\u00f3n con el VIH\/SIDA?<br>\u00a0<br>Ella nos escribe:<em>\u00a0\u00abComo j\u00f3venes universitarios tenemos en objetivo de informar y sensibilizar a pastores y l\u00edderes para que asuman el compromiso de ense\u00f1ar a los j\u00f3venes sobre sexo y sexualidad y evitar que el VIH se siga propagando. Esta labor demanda de nosotros una coherencia mayor y que seamos \u00edntegros que tengamos dentro de nuestro coraz\u00f3n alguien muy especial que nos permite mostrar con libertad lo fr\u00e1giles que realmente somos. De esta manera la ExpoEr\u00f3tica se constituye en un espacio de confesi\u00f3n ante la universidad.<\/em><br>\u00a0<br><em>\u00abSi permites que tu pasado entre en tu presente, destruir\u00e1 tu futuro. Nuestra condici\u00f3n de fragilidad sin Dios, nos nuestra heridas, el da\u00f1o que el pecado ha hecho en nuestra vida\u2026 pero a pesar de todo esto, \u00a1mira lo que Jes\u00fas ha hecho en mi! \u00a1Esta es la buena noticia.\u00bb<\/em><br>\u00a0<br>\u00bfPueden orar por valent\u00eda entre los estudiantes, en la iglesia y en su propia vida en lo concerniente al sexo y la sexualidad? \u00bfPueden orar por una sanidad profunda y un cambio radical en los estudiantes, la iglesia y su propia vida?<\/p>\n<\/div>","protected":false},"featured_media":39636,"template":"","area":[460,637],"theme":[1232],"class_list":["post-39637","prayerline","type-prayerline","status-publish","has-post-thumbnail","hentry","area-latin-america","area-peru","theme-conectar-con-la-universidad"],"acf":[],"yoast_head":"<!-- This site is optimized with the Yoast SEO plugin v27.2 - https:\/\/yoast.com\/product\/yoast-seo-wordpress\/ -->\n<title>Una expo er\u00f3tica - \u00bfEst\u00e1 preparado para esto? &#183; IFES Prayerline<\/title>\n<meta name=\"description\" content=\"\u00bfEstudiantes cristianos organizando una Exposici\u00f3n Er\u00f3tica? \u00a1\u00bfPor qu\u00e9 har\u00edan tal cosa en AGEUP Per\u00fa?!\u00a0Porque en Am\u00e9rica Latina hay entre 1,4 y 1,7\" \/>\n<meta name=\"robots\" content=\"index, follow, max-snippet:-1, max-image-preview:large, max-video-preview:-1\" \/>\n<link rel=\"canonical\" href=\"https:\/\/ifesworld.org\/es\/prayerline\/una-expo-erotica-esta-preparado-para-esto\/\" \/>\n<meta property=\"og:locale\" content=\"es_ES\" \/>\n<meta property=\"og:type\" content=\"article\" \/>\n<meta property=\"og:title\" content=\"Una expo er\u00f3tica - \u00bfEst\u00e1 preparado para esto? &#183; IFES Prayerline\" \/>\n<meta property=\"og:description\" content=\"\u00bfEstudiantes cristianos organizando una Exposici\u00f3n Er\u00f3tica? \u00a1\u00bfPor qu\u00e9 har\u00edan tal cosa en AGEUP Per\u00fa?!\u00a0Porque en Am\u00e9rica Latina hay entre 1,4 y 1,7\" \/>\n<meta property=\"og:url\" content=\"https:\/\/ifesworld.org\/es\/prayerline\/una-expo-erotica-esta-preparado-para-esto\/\" \/>\n<meta property=\"og:site_name\" content=\"IFES\" \/>\n<meta property=\"article:modified_time\" content=\"2024-07-23T15:47:05+00:00\" \/>\n<meta property=\"og:image\" content=\"https:\/\/ifesworld.org\/wp-content\/uploads\/2015\/02\/expo.jpg\" \/>\n\t<meta property=\"og:image:width\" content=\"850\" \/>\n\t<meta property=\"og:image:height\" content=\"300\" \/>\n\t<meta property=\"og:image:type\" content=\"image\/jpeg\" \/>\n<meta name=\"twitter:card\" content=\"summary_large_image\" \/>\n<meta name=\"twitter:label1\" content=\"Tiempo de lectura\" \/>\n\t<meta name=\"twitter:data1\" content=\"4 minutos\" \/>\n<script type=\"application\/ld+json\" class=\"yoast-schema-graph\">{\"@context\":\"https:\/\/schema.org\",\"@graph\":[{\"@type\":\"WebPage\",\"@id\":\"https:\/\/ifesworld.org\/es\/prayerline\/una-expo-erotica-esta-preparado-para-esto\/\",\"url\":\"https:\/\/ifesworld.org\/es\/prayerline\/una-expo-erotica-esta-preparado-para-esto\/\",\"name\":\"Una expo er\u00f3tica - \u00bfEst\u00e1 preparado para esto? &#183; IFES Prayerline\",\"isPartOf\":{\"@id\":\"https:\/\/ifesworld.org\/es\/#website\"},\"primaryImageOfPage\":{\"@id\":\"https:\/\/ifesworld.org\/es\/prayerline\/una-expo-erotica-esta-preparado-para-esto\/#primaryimage\"},\"image\":{\"@id\":\"https:\/\/ifesworld.org\/es\/prayerline\/una-expo-erotica-esta-preparado-para-esto\/#primaryimage\"},\"thumbnailUrl\":\"https:\/\/ifesworld.org\/wp-content\/uploads\/2015\/02\/expo.jpg\",\"datePublished\":\"2015-02-05T16:44:00+00:00\",\"dateModified\":\"2024-07-23T15:47:05+00:00\",\"description\":\"\u00bfEstudiantes cristianos organizando una Exposici\u00f3n Er\u00f3tica? \u00a1\u00bfPor qu\u00e9 har\u00edan tal cosa en AGEUP Per\u00fa?!\u00a0Porque en Am\u00e9rica Latina hay entre 1,4 y 1,7\",\"breadcrumb\":{\"@id\":\"https:\/\/ifesworld.org\/es\/prayerline\/una-expo-erotica-esta-preparado-para-esto\/#breadcrumb\"},\"inLanguage\":\"es\",\"potentialAction\":[{\"@type\":\"ReadAction\",\"target\":[\"https:\/\/ifesworld.org\/es\/prayerline\/una-expo-erotica-esta-preparado-para-esto\/\"]}]},{\"@type\":\"ImageObject\",\"inLanguage\":\"es\",\"@id\":\"https:\/\/ifesworld.org\/es\/prayerline\/una-expo-erotica-esta-preparado-para-esto\/#primaryimage\",\"url\":\"https:\/\/ifesworld.org\/wp-content\/uploads\/2015\/02\/expo.jpg\",\"contentUrl\":\"https:\/\/ifesworld.org\/wp-content\/uploads\/2015\/02\/expo.jpg\",\"width\":850,\"height\":300},{\"@type\":\"BreadcrumbList\",\"@id\":\"https:\/\/ifesworld.org\/es\/prayerline\/una-expo-erotica-esta-preparado-para-esto\/#breadcrumb\",\"itemListElement\":[{\"@type\":\"ListItem\",\"position\":1,\"name\":\"Home\",\"item\":\"https:\/\/ifesworld.org\/es\/\"},{\"@type\":\"ListItem\",\"position\":2,\"name\":\"Prayerline\",\"item\":\"https:\/\/ifesworld.org\/en\/prayerline\/\"},{\"@type\":\"ListItem\",\"position\":3,\"name\":\"Una expo er\u00f3tica &#8211; \u00bfEst\u00e1 preparado para esto?\"}]},{\"@type\":\"WebSite\",\"@id\":\"https:\/\/ifesworld.org\/es\/#website\",\"url\":\"https:\/\/ifesworld.org\/es\/\",\"name\":\"IFES\",\"description\":\"A movement of students sharing and living out the good news of Jesus Christ. Locally. Nationally. Globally.\",\"publisher\":{\"@id\":\"https:\/\/ifesworld.org\/es\/#organization\"},\"potentialAction\":[{\"@type\":\"SearchAction\",\"target\":{\"@type\":\"EntryPoint\",\"urlTemplate\":\"https:\/\/ifesworld.org\/es\/?s={search_term_string}\"},\"query-input\":{\"@type\":\"PropertyValueSpecification\",\"valueRequired\":true,\"valueName\":\"search_term_string\"}}],\"inLanguage\":\"es\"},{\"@type\":\"Organization\",\"@id\":\"https:\/\/ifesworld.org\/es\/#organization\",\"name\":\"IFES \u00b7 International Fellowship of Evangelical Students\",\"url\":\"https:\/\/ifesworld.org\/es\/\",\"logo\":{\"@type\":\"ImageObject\",\"inLanguage\":\"es\",\"@id\":\"https:\/\/ifesworld.org\/es\/#\/schema\/logo\/image\/\",\"url\":\"https:\/\/ifesworld.org\/wp-content\/uploads\/2019\/06\/ifeslogo.png\",\"contentUrl\":\"https:\/\/ifesworld.org\/wp-content\/uploads\/2019\/06\/ifeslogo.png\",\"width\":262,\"height\":262,\"caption\":\"IFES \u00b7 International Fellowship of Evangelical Students\"},\"image\":{\"@id\":\"https:\/\/ifesworld.org\/es\/#\/schema\/logo\/image\/\"}}]}<\/script>\n<!-- \/ Yoast SEO plugin. -->","yoast_head_json":{"title":"Una expo er\u00f3tica - \u00bfEst\u00e1 preparado para esto? &#183; IFES Prayerline","description":"\u00bfEstudiantes cristianos organizando una Exposici\u00f3n Er\u00f3tica? \u00a1\u00bfPor qu\u00e9 har\u00edan tal cosa en AGEUP Per\u00fa?!\u00a0Porque en Am\u00e9rica Latina hay entre 1,4 y 1,7","robots":{"index":"index","follow":"follow","max-snippet":"max-snippet:-1","max-image-preview":"max-image-preview:large","max-video-preview":"max-video-preview:-1"},"canonical":"https:\/\/ifesworld.org\/es\/prayerline\/una-expo-erotica-esta-preparado-para-esto\/","og_locale":"es_ES","og_type":"article","og_title":"Una expo er\u00f3tica - \u00bfEst\u00e1 preparado para esto? &#183; IFES Prayerline","og_description":"\u00bfEstudiantes cristianos organizando una Exposici\u00f3n Er\u00f3tica? \u00a1\u00bfPor qu\u00e9 har\u00edan tal cosa en AGEUP Per\u00fa?!\u00a0Porque en Am\u00e9rica Latina hay entre 1,4 y 1,7","og_url":"https:\/\/ifesworld.org\/es\/prayerline\/una-expo-erotica-esta-preparado-para-esto\/","og_site_name":"IFES","article_modified_time":"2024-07-23T15:47:05+00:00","og_image":[{"width":850,"height":300,"url":"https:\/\/ifesworld.org\/wp-content\/uploads\/2015\/02\/expo.jpg","type":"image\/jpeg"}],"twitter_card":"summary_large_image","twitter_misc":{"Tiempo de lectura":"4 minutos"},"schema":{"@context":"https:\/\/schema.org","@graph":[{"@type":"WebPage","@id":"https:\/\/ifesworld.org\/es\/prayerline\/una-expo-erotica-esta-preparado-para-esto\/","url":"https:\/\/ifesworld.org\/es\/prayerline\/una-expo-erotica-esta-preparado-para-esto\/","name":"Una expo er\u00f3tica - \u00bfEst\u00e1 preparado para esto? &#183; IFES Prayerline","isPartOf":{"@id":"https:\/\/ifesworld.org\/es\/#website"},"primaryImageOfPage":{"@id":"https:\/\/ifesworld.org\/es\/prayerline\/una-expo-erotica-esta-preparado-para-esto\/#primaryimage"},"image":{"@id":"https:\/\/ifesworld.org\/es\/prayerline\/una-expo-erotica-esta-preparado-para-esto\/#primaryimage"},"thumbnailUrl":"https:\/\/ifesworld.org\/wp-content\/uploads\/2015\/02\/expo.jpg","datePublished":"2015-02-05T16:44:00+00:00","dateModified":"2024-07-23T15:47:05+00:00","description":"\u00bfEstudiantes cristianos organizando una Exposici\u00f3n Er\u00f3tica? \u00a1\u00bfPor qu\u00e9 har\u00edan tal cosa en AGEUP Per\u00fa?!\u00a0Porque en Am\u00e9rica Latina hay entre 1,4 y 1,7","breadcrumb":{"@id":"https:\/\/ifesworld.org\/es\/prayerline\/una-expo-erotica-esta-preparado-para-esto\/#breadcrumb"},"inLanguage":"es","potentialAction":[{"@type":"ReadAction","target":["https:\/\/ifesworld.org\/es\/prayerline\/una-expo-erotica-esta-preparado-para-esto\/"]}]},{"@type":"ImageObject","inLanguage":"es","@id":"https:\/\/ifesworld.org\/es\/prayerline\/una-expo-erotica-esta-preparado-para-esto\/#primaryimage","url":"https:\/\/ifesworld.org\/wp-content\/uploads\/2015\/02\/expo.jpg","contentUrl":"https:\/\/ifesworld.org\/wp-content\/uploads\/2015\/02\/expo.jpg","width":850,"height":300},{"@type":"BreadcrumbList","@id":"https:\/\/ifesworld.org\/es\/prayerline\/una-expo-erotica-esta-preparado-para-esto\/#breadcrumb","itemListElement":[{"@type":"ListItem","position":1,"name":"Home","item":"https:\/\/ifesworld.org\/es\/"},{"@type":"ListItem","position":2,"name":"Prayerline","item":"https:\/\/ifesworld.org\/en\/prayerline\/"},{"@type":"ListItem","position":3,"name":"Una expo er\u00f3tica &#8211; \u00bfEst\u00e1 preparado para esto?"}]},{"@type":"WebSite","@id":"https:\/\/ifesworld.org\/es\/#website","url":"https:\/\/ifesworld.org\/es\/","name":"IFES","description":"A movement of students sharing and living out the good news of Jesus Christ. Locally. Nationally. Globally.","publisher":{"@id":"https:\/\/ifesworld.org\/es\/#organization"},"potentialAction":[{"@type":"SearchAction","target":{"@type":"EntryPoint","urlTemplate":"https:\/\/ifesworld.org\/es\/?s={search_term_string}"},"query-input":{"@type":"PropertyValueSpecification","valueRequired":true,"valueName":"search_term_string"}}],"inLanguage":"es"},{"@type":"Organization","@id":"https:\/\/ifesworld.org\/es\/#organization","name":"IFES \u00b7 International Fellowship of Evangelical Students","url":"https:\/\/ifesworld.org\/es\/","logo":{"@type":"ImageObject","inLanguage":"es","@id":"https:\/\/ifesworld.org\/es\/#\/schema\/logo\/image\/","url":"https:\/\/ifesworld.org\/wp-content\/uploads\/2019\/06\/ifeslogo.png","contentUrl":"https:\/\/ifesworld.org\/wp-content\/uploads\/2019\/06\/ifeslogo.png","width":262,"height":262,"caption":"IFES \u00b7 International Fellowship of Evangelical Students"},"image":{"@id":"https:\/\/ifesworld.org\/es\/#\/schema\/logo\/image\/"}}]}},"_links":{"self":[{"href":"https:\/\/ifesworld.org\/es\/wp-json\/wp\/v2\/prayerline\/39637","targetHints":{"allow":["GET"]}}],"collection":[{"href":"https:\/\/ifesworld.org\/es\/wp-json\/wp\/v2\/prayerline"}],"about":[{"href":"https:\/\/ifesworld.org\/es\/wp-json\/wp\/v2\/types\/prayerline"}],"wp:featuredmedia":[{"embeddable":true,"href":"https:\/\/ifesworld.org\/es\/wp-json\/wp\/v2\/media\/39636"}],"wp:attachment":[{"href":"https:\/\/ifesworld.org\/es\/wp-json\/wp\/v2\/media?parent=39637"}],"wp:term":[{"taxonomy":"area","embeddable":true,"href":"https:\/\/ifesworld.org\/es\/wp-json\/wp\/v2\/area?post=39637"},{"taxonomy":"theme","embeddable":true,"href":"https:\/\/ifesworld.org\/es\/wp-json\/wp\/v2\/theme?post=39637"}],"curies":[{"name":"wp","href":"https:\/\/api.w.org\/{rel}","templated":true}]}}