{"id":39632,"date":"2016-12-08T16:20:00","date_gmt":"2016-12-08T16:20:00","guid":{"rendered":"https:\/\/ifesworld.org\/?post_type=prayerline&#038;p=39632"},"modified":"2024-07-23T16:24:43","modified_gmt":"2024-07-23T15:24:43","slug":"protestando-contra-las-tasas-universitarias-posicionandose-como-cristiano","status":"publish","type":"prayerline","link":"https:\/\/ifesworld.org\/es\/prayerline\/protestando-contra-las-tasas-universitarias-posicionandose-como-cristiano\/","title":{"rendered":"Protestando contra las tasas universitarias &#8211; posicionandose como cristiano"},"content":{"rendered":"<div class=\"wp-block block-core-paragraph\">\n<p class=\"wp-block-paragraph\">\u00bfHay estudiantes que no pueden ir a la universidad porque no pueden pagar las tasas? Sabemos que es una realidad en todo el mundo.<\/p>\n<\/div>\n\n<div class=\"wp-block block-core-paragraph\">\n<p class=\"wp-block-paragraph\">En el pasado a\u00f1o, han habido protestas acerca de las tasas universitarias en Sud\u00e1frica bajo la bandera #FeesMustFall (las tasas deben caer). En los pasados dos meses, las revoluciones se volvieron m\u00e1s violentas en algunos puntos.&nbsp;<\/p>\n<\/div>\n\n<div class=\"wp-block block-core-paragraph\">\n<p class=\"wp-block-paragraph\">Pero las protestas no son solo por las tasas universitarias, me dijo Zuko Gabela, Secretario General de SCO. \u201cSud\u00e1frica tiene la mayor tasas de desigualdad econ\u00f3mica, seg\u00fan se mide por medio del conocido\u00a0<a href=\"http:\/\/www.bbc.co.uk\/news\/blogs-magazine-monitor-31847943\" target=\"_blank\" rel=\"noreferrer noopener\">Coeficiente Gini<\/a>.<\/p>\n<\/div>\n\n<div class=\"wp-block block-core-paragraph\">\n<p class=\"wp-block-paragraph\">\u201cNuestra pobreza tiene color. La educaci\u00f3n es una herramienta que resulta en autoestima, dignidad y autosuficiencia de la gente ind\u00edgena de \u00c1frica. Desafortunadamente, actualmente la educaci\u00f3n superior es muy cara y solo es accesible a unos pocos, de ah\u00ed las protestas.\u201d<\/p>\n<\/div>\n\n<div class=\"wp-block block-core-paragraph\">\n<p class=\"wp-block-paragraph\">Zuko denuncia este hecho, sin embargo, \u201cla acci\u00f3n temeraria de la comunidad estudiantil ha enturbiado una causa noble y limpia y los desgraciados incendios y la destrucci\u00f3n de la propiedad privada se han visto exacerbadas por la mano fuerte de la polic\u00eda y de las fuerzas de seguridad.\u201d<\/p>\n<\/div>\n\n<div class=\"wp-block block-core-paragraph\">\n<p class=\"wp-block-paragraph\">Pero SCO se mantiene firme frente a la violencia. El obrero de SCO Motseki Sosibo y algunos asociados de de SCO se han mantenido en la brecha en los campus como Testigos de la Paz y de la Justicia bajo la bandera de la South African Christian Leadership Initiative (Iniciativa Sudafricana de Liderazgo Cristiano). Tener observadores presentes ha representado un papel significativo en la reducci\u00f3n de la violencia y algunos est\u00e1n sirviendo como mediadores, involucr\u00e1ndose tanto con los estudiantes como con los gestores universitarios.<\/p>\n<\/div>\n\n<div class=\"wp-block block-core-paragraph\">\n<p class=\"wp-block-paragraph\">Sibabalo Mtonga, un estudiante de segundo a\u00f1o de derecho de la Universidad de Western Cape y miembro de SCO nos dijo: \u201cEn el pasado, los cristianos eran considerados como personas que se aislaban de estas iniciativas por lo que estoy orgulloso de decir que se est\u00e1n desmantelando estas narrativas y estereotipos.\u201d<\/p>\n<\/div>\n\n<div class=\"wp-block block-core-paragraph\">\n<p class=\"wp-block-paragraph\">\u201cAhora la gente aprecia el papel de los cristianos. Los miembros de SCO est\u00e1n formando un camino y contribuyendo positivamente al \u00e9xito del movimiento actual. Habitualmente, los cristianos tienen la mala costumbre de permanecer invisibles. Estamos contentos que este no ha sido el caso de SCO. Estamos orgullosos y no nos avergonzamos de ser cristianos.\u201d<\/p>\n<\/div>\n\n<div class=\"wp-block block-core-paragraph\">\n<p class=\"wp-block-paragraph\">Motseki a\u00f1ade, \u201cLa meta principal de SCO es estar involucrado activamente en los asuntos que afrontan los estudiantes en sus respectivas instituciones. Creemos que el cambio llega con oraci\u00f3n y unidad, por lo que les rogamos que oren por nosotros mientras buscamos servir a Cristo siendo comunidades relevantes en distintas universidades.\u201d<\/p>\n<\/div>\n\n<div class=\"wp-block block-core-paragraph\">\n<p class=\"wp-block-paragraph\">Emma Brewster, antigua obrera de SCO, se ha mantenido junto a Motseki y los dem\u00e1s en los \u00faltimos d\u00edas, y est\u00e1 junto a \u00e9l ahora pidi\u00e9ndole a la familia de IFES que se una a ellos en oraci\u00f3n. \u201cEn los \u00faltimos meses, muchos estudiantes y acad\u00e9micos han pasado por momentos traum\u00e1ticos. Necesitan consejo y espacios para escuchar y sanar. Oren tambi\u00e9n para que los estudiantes cristianos sean sal y luz. Oren para los muchos pr\u00f3digos que hemos conocido, que vuelvan al Padre y oren por los no-cristianos que han sido tocados por el testimonio cristiano en el campus y esto ha resultado en muchas conversaciones.&nbsp;<\/p>\n<\/div>\n\n<div class=\"wp-block block-core-paragraph\">\n<p class=\"wp-block-paragraph\">Y adem\u00e1s, en palabras de Zuko: \u201coren por la implementaci\u00f3n pac\u00edfica de una educaci\u00f3n de calidad, inclusiva y accesible.\u201d<\/p>\n<\/div>","protected":false},"featured_media":39626,"template":"","area":[704,776],"theme":[1232],"class_list":["post-39632","prayerline","type-prayerline","status-publish","has-post-thumbnail","hentry","area-africa-anglofona-y-lusofona","area-sudafrica","theme-conectar-con-la-universidad"],"acf":[],"yoast_head":"<!-- This site is optimized with the Yoast SEO plugin v27.2 - https:\/\/yoast.com\/product\/yoast-seo-wordpress\/ -->\n<title>Protestando contra las tasas universitarias - posicionandose como cristiano &#183; IFES Prayerline<\/title>\n<meta name=\"description\" content=\"\u00bfHay estudiantes que no pueden ir a la universidad porque no pueden pagar las tasas? Sabemos que es una realidad en todo el mundo. En el pasado a\u00f1o, han\" \/>\n<meta name=\"robots\" content=\"index, follow, max-snippet:-1, max-image-preview:large, max-video-preview:-1\" \/>\n<link rel=\"canonical\" href=\"https:\/\/ifesworld.org\/es\/prayerline\/protestando-contra-las-tasas-universitarias-posicionandose-como-cristiano\/\" \/>\n<meta property=\"og:locale\" content=\"es_ES\" \/>\n<meta property=\"og:type\" content=\"article\" \/>\n<meta property=\"og:title\" content=\"Protestando contra las tasas universitarias - posicionandose como cristiano &#183; IFES Prayerline\" \/>\n<meta property=\"og:description\" content=\"\u00bfHay estudiantes que no pueden ir a la universidad porque no pueden pagar las tasas? Sabemos que es una realidad en todo el mundo. En el pasado a\u00f1o, han\" \/>\n<meta property=\"og:url\" content=\"https:\/\/ifesworld.org\/es\/prayerline\/protestando-contra-las-tasas-universitarias-posicionandose-como-cristiano\/\" \/>\n<meta property=\"og:site_name\" content=\"IFES\" \/>\n<meta property=\"article:modified_time\" content=\"2024-07-23T15:24:43+00:00\" \/>\n<meta property=\"og:image\" content=\"https:\/\/ifesworld.org\/wp-content\/uploads\/2016\/12\/protests.jpg\" \/>\n\t<meta property=\"og:image:width\" content=\"850\" \/>\n\t<meta property=\"og:image:height\" content=\"300\" \/>\n\t<meta property=\"og:image:type\" content=\"image\/jpeg\" \/>\n<meta name=\"twitter:card\" content=\"summary_large_image\" \/>\n<meta name=\"twitter:label1\" content=\"Tiempo de lectura\" \/>\n\t<meta name=\"twitter:data1\" content=\"1 minuto\" \/>\n<script type=\"application\/ld+json\" class=\"yoast-schema-graph\">{\"@context\":\"https:\/\/schema.org\",\"@graph\":[{\"@type\":\"WebPage\",\"@id\":\"https:\/\/ifesworld.org\/es\/prayerline\/protestando-contra-las-tasas-universitarias-posicionandose-como-cristiano\/\",\"url\":\"https:\/\/ifesworld.org\/es\/prayerline\/protestando-contra-las-tasas-universitarias-posicionandose-como-cristiano\/\",\"name\":\"Protestando contra las tasas universitarias - posicionandose como cristiano &#183; IFES Prayerline\",\"isPartOf\":{\"@id\":\"https:\/\/ifesworld.org\/es\/#website\"},\"primaryImageOfPage\":{\"@id\":\"https:\/\/ifesworld.org\/es\/prayerline\/protestando-contra-las-tasas-universitarias-posicionandose-como-cristiano\/#primaryimage\"},\"image\":{\"@id\":\"https:\/\/ifesworld.org\/es\/prayerline\/protestando-contra-las-tasas-universitarias-posicionandose-como-cristiano\/#primaryimage\"},\"thumbnailUrl\":\"https:\/\/ifesworld.org\/wp-content\/uploads\/2016\/12\/protests.jpg\",\"datePublished\":\"2016-12-08T16:20:00+00:00\",\"dateModified\":\"2024-07-23T15:24:43+00:00\",\"description\":\"\u00bfHay estudiantes que no pueden ir a la universidad porque no pueden pagar las tasas? Sabemos que es una realidad en todo el mundo. En el pasado a\u00f1o, han\",\"breadcrumb\":{\"@id\":\"https:\/\/ifesworld.org\/es\/prayerline\/protestando-contra-las-tasas-universitarias-posicionandose-como-cristiano\/#breadcrumb\"},\"inLanguage\":\"es\",\"potentialAction\":[{\"@type\":\"ReadAction\",\"target\":[\"https:\/\/ifesworld.org\/es\/prayerline\/protestando-contra-las-tasas-universitarias-posicionandose-como-cristiano\/\"]}]},{\"@type\":\"ImageObject\",\"inLanguage\":\"es\",\"@id\":\"https:\/\/ifesworld.org\/es\/prayerline\/protestando-contra-las-tasas-universitarias-posicionandose-como-cristiano\/#primaryimage\",\"url\":\"https:\/\/ifesworld.org\/wp-content\/uploads\/2016\/12\/protests.jpg\",\"contentUrl\":\"https:\/\/ifesworld.org\/wp-content\/uploads\/2016\/12\/protests.jpg\",\"width\":850,\"height\":300},{\"@type\":\"BreadcrumbList\",\"@id\":\"https:\/\/ifesworld.org\/es\/prayerline\/protestando-contra-las-tasas-universitarias-posicionandose-como-cristiano\/#breadcrumb\",\"itemListElement\":[{\"@type\":\"ListItem\",\"position\":1,\"name\":\"Home\",\"item\":\"https:\/\/ifesworld.org\/es\/\"},{\"@type\":\"ListItem\",\"position\":2,\"name\":\"Prayerline\",\"item\":\"https:\/\/ifesworld.org\/en\/prayerline\/\"},{\"@type\":\"ListItem\",\"position\":3,\"name\":\"Protestando contra las tasas universitarias &#8211; posicionandose como cristiano\"}]},{\"@type\":\"WebSite\",\"@id\":\"https:\/\/ifesworld.org\/es\/#website\",\"url\":\"https:\/\/ifesworld.org\/es\/\",\"name\":\"IFES\",\"description\":\"A movement of students sharing and living out the good news of Jesus Christ. Locally. Nationally. Globally.\",\"publisher\":{\"@id\":\"https:\/\/ifesworld.org\/es\/#organization\"},\"potentialAction\":[{\"@type\":\"SearchAction\",\"target\":{\"@type\":\"EntryPoint\",\"urlTemplate\":\"https:\/\/ifesworld.org\/es\/?s={search_term_string}\"},\"query-input\":{\"@type\":\"PropertyValueSpecification\",\"valueRequired\":true,\"valueName\":\"search_term_string\"}}],\"inLanguage\":\"es\"},{\"@type\":\"Organization\",\"@id\":\"https:\/\/ifesworld.org\/es\/#organization\",\"name\":\"IFES \u00b7 International Fellowship of Evangelical Students\",\"url\":\"https:\/\/ifesworld.org\/es\/\",\"logo\":{\"@type\":\"ImageObject\",\"inLanguage\":\"es\",\"@id\":\"https:\/\/ifesworld.org\/es\/#\/schema\/logo\/image\/\",\"url\":\"https:\/\/ifesworld.org\/wp-content\/uploads\/2019\/06\/ifeslogo.png\",\"contentUrl\":\"https:\/\/ifesworld.org\/wp-content\/uploads\/2019\/06\/ifeslogo.png\",\"width\":262,\"height\":262,\"caption\":\"IFES \u00b7 International Fellowship of Evangelical Students\"},\"image\":{\"@id\":\"https:\/\/ifesworld.org\/es\/#\/schema\/logo\/image\/\"}}]}<\/script>\n<!-- \/ Yoast SEO plugin. -->","yoast_head_json":{"title":"Protestando contra las tasas universitarias - posicionandose como cristiano &#183; IFES Prayerline","description":"\u00bfHay estudiantes que no pueden ir a la universidad porque no pueden pagar las tasas? Sabemos que es una realidad en todo el mundo. En el pasado a\u00f1o, han","robots":{"index":"index","follow":"follow","max-snippet":"max-snippet:-1","max-image-preview":"max-image-preview:large","max-video-preview":"max-video-preview:-1"},"canonical":"https:\/\/ifesworld.org\/es\/prayerline\/protestando-contra-las-tasas-universitarias-posicionandose-como-cristiano\/","og_locale":"es_ES","og_type":"article","og_title":"Protestando contra las tasas universitarias - posicionandose como cristiano &#183; IFES Prayerline","og_description":"\u00bfHay estudiantes que no pueden ir a la universidad porque no pueden pagar las tasas? Sabemos que es una realidad en todo el mundo. En el pasado a\u00f1o, han","og_url":"https:\/\/ifesworld.org\/es\/prayerline\/protestando-contra-las-tasas-universitarias-posicionandose-como-cristiano\/","og_site_name":"IFES","article_modified_time":"2024-07-23T15:24:43+00:00","og_image":[{"width":850,"height":300,"url":"https:\/\/ifesworld.org\/wp-content\/uploads\/2016\/12\/protests.jpg","type":"image\/jpeg"}],"twitter_card":"summary_large_image","twitter_misc":{"Tiempo de lectura":"1 minuto"},"schema":{"@context":"https:\/\/schema.org","@graph":[{"@type":"WebPage","@id":"https:\/\/ifesworld.org\/es\/prayerline\/protestando-contra-las-tasas-universitarias-posicionandose-como-cristiano\/","url":"https:\/\/ifesworld.org\/es\/prayerline\/protestando-contra-las-tasas-universitarias-posicionandose-como-cristiano\/","name":"Protestando contra las tasas universitarias - posicionandose como cristiano &#183; IFES Prayerline","isPartOf":{"@id":"https:\/\/ifesworld.org\/es\/#website"},"primaryImageOfPage":{"@id":"https:\/\/ifesworld.org\/es\/prayerline\/protestando-contra-las-tasas-universitarias-posicionandose-como-cristiano\/#primaryimage"},"image":{"@id":"https:\/\/ifesworld.org\/es\/prayerline\/protestando-contra-las-tasas-universitarias-posicionandose-como-cristiano\/#primaryimage"},"thumbnailUrl":"https:\/\/ifesworld.org\/wp-content\/uploads\/2016\/12\/protests.jpg","datePublished":"2016-12-08T16:20:00+00:00","dateModified":"2024-07-23T15:24:43+00:00","description":"\u00bfHay estudiantes que no pueden ir a la universidad porque no pueden pagar las tasas? Sabemos que es una realidad en todo el mundo. En el pasado a\u00f1o, han","breadcrumb":{"@id":"https:\/\/ifesworld.org\/es\/prayerline\/protestando-contra-las-tasas-universitarias-posicionandose-como-cristiano\/#breadcrumb"},"inLanguage":"es","potentialAction":[{"@type":"ReadAction","target":["https:\/\/ifesworld.org\/es\/prayerline\/protestando-contra-las-tasas-universitarias-posicionandose-como-cristiano\/"]}]},{"@type":"ImageObject","inLanguage":"es","@id":"https:\/\/ifesworld.org\/es\/prayerline\/protestando-contra-las-tasas-universitarias-posicionandose-como-cristiano\/#primaryimage","url":"https:\/\/ifesworld.org\/wp-content\/uploads\/2016\/12\/protests.jpg","contentUrl":"https:\/\/ifesworld.org\/wp-content\/uploads\/2016\/12\/protests.jpg","width":850,"height":300},{"@type":"BreadcrumbList","@id":"https:\/\/ifesworld.org\/es\/prayerline\/protestando-contra-las-tasas-universitarias-posicionandose-como-cristiano\/#breadcrumb","itemListElement":[{"@type":"ListItem","position":1,"name":"Home","item":"https:\/\/ifesworld.org\/es\/"},{"@type":"ListItem","position":2,"name":"Prayerline","item":"https:\/\/ifesworld.org\/en\/prayerline\/"},{"@type":"ListItem","position":3,"name":"Protestando contra las tasas universitarias &#8211; posicionandose como cristiano"}]},{"@type":"WebSite","@id":"https:\/\/ifesworld.org\/es\/#website","url":"https:\/\/ifesworld.org\/es\/","name":"IFES","description":"A movement of students sharing and living out the good news of Jesus Christ. Locally. Nationally. Globally.","publisher":{"@id":"https:\/\/ifesworld.org\/es\/#organization"},"potentialAction":[{"@type":"SearchAction","target":{"@type":"EntryPoint","urlTemplate":"https:\/\/ifesworld.org\/es\/?s={search_term_string}"},"query-input":{"@type":"PropertyValueSpecification","valueRequired":true,"valueName":"search_term_string"}}],"inLanguage":"es"},{"@type":"Organization","@id":"https:\/\/ifesworld.org\/es\/#organization","name":"IFES \u00b7 International Fellowship of Evangelical Students","url":"https:\/\/ifesworld.org\/es\/","logo":{"@type":"ImageObject","inLanguage":"es","@id":"https:\/\/ifesworld.org\/es\/#\/schema\/logo\/image\/","url":"https:\/\/ifesworld.org\/wp-content\/uploads\/2019\/06\/ifeslogo.png","contentUrl":"https:\/\/ifesworld.org\/wp-content\/uploads\/2019\/06\/ifeslogo.png","width":262,"height":262,"caption":"IFES \u00b7 International Fellowship of Evangelical Students"},"image":{"@id":"https:\/\/ifesworld.org\/es\/#\/schema\/logo\/image\/"}}]}},"_links":{"self":[{"href":"https:\/\/ifesworld.org\/es\/wp-json\/wp\/v2\/prayerline\/39632","targetHints":{"allow":["GET"]}}],"collection":[{"href":"https:\/\/ifesworld.org\/es\/wp-json\/wp\/v2\/prayerline"}],"about":[{"href":"https:\/\/ifesworld.org\/es\/wp-json\/wp\/v2\/types\/prayerline"}],"wp:featuredmedia":[{"embeddable":true,"href":"https:\/\/ifesworld.org\/es\/wp-json\/wp\/v2\/media\/39626"}],"wp:attachment":[{"href":"https:\/\/ifesworld.org\/es\/wp-json\/wp\/v2\/media?parent=39632"}],"wp:term":[{"taxonomy":"area","embeddable":true,"href":"https:\/\/ifesworld.org\/es\/wp-json\/wp\/v2\/area?post=39632"},{"taxonomy":"theme","embeddable":true,"href":"https:\/\/ifesworld.org\/es\/wp-json\/wp\/v2\/theme?post=39632"}],"curies":[{"name":"wp","href":"https:\/\/api.w.org\/{rel}","templated":true}]}}