{"id":36754,"date":"2024-05-14T10:25:47","date_gmt":"2024-05-14T09:25:47","guid":{"rendered":"https:\/\/ifesworld.org\/?post_type=prayerline&#038;p=36754"},"modified":"2024-05-24T10:16:41","modified_gmt":"2024-05-24T09:16:41","slug":"cafe-y-fuego","status":"publish","type":"prayerline","link":"https:\/\/ifesworld.org\/es\/prayerline\/cafe-y-fuego\/","title":{"rendered":"Caf\u00e9 y fuego"},"content":{"rendered":"<div class=\"wp-block block-core-paragraph\">\n<p class=\"wp-block-paragraph\">Una charla sobre discipulado tomando un caf\u00e9 reci\u00e9n hecho, oraciones al aire libre en torno a una hoguera encendida&#8230; a muchos de nosotros nos puede parecer id\u00edlico.&nbsp;&nbsp;<\/p>\n<\/div>\n\n<div class=\"wp-block block-core-paragraph\">\n<p class=\"wp-block-paragraph\">Pero este ambiente distaba mucho de ser relajado para Karim*, porque se estaba reuniendo en secreto con obreros de IFES. \u00ab\u00c9sta es la \u00fanica forma en la que podemos prestar apoyo al ministerio en su pa\u00eds sin poner en peligro al grupo local\u00bb, afirma Jamil, secretario regional para la regi\u00f3n de <a href=\"https:\/\/ifesworld.org\/es\/region\/mena\/\" target=\"_blank\" rel=\"noreferrer noopener\">Oriente Medio y Norte de \u00c1frica (MENA)<\/a>.&nbsp;<\/p>\n<\/div>\n\n<div class=\"wp-block block-core-heading\">\n<h3 class=\"wp-block-heading\"><strong>El precio de seguir a Cristo<\/strong>&nbsp;<\/h3>\n<\/div>\n\n<div class=\"wp-block block-core-paragraph\">\n<p class=\"wp-block-paragraph\">En los \u00faltimos meses, una joven, que asist\u00eda en secreto a su grupo, qued\u00f3 al descubierto cuando su familia vio un mensaje en su tel\u00e9fono. Ahora est\u00e1 \u00absancionada\u00bb en casa.&nbsp;&nbsp;<\/p>\n<\/div>\n\n<div class=\"wp-block block-core-paragraph\">\n<p class=\"wp-block-paragraph\">Karim tambi\u00e9n se ha enfrentado a la hostilidad a causa de su fe. Cuando tan solo ten\u00eda 16 a\u00f1os, su familia le rehuy\u00f3 por abandonar el Islam y seguir a Jes\u00fas. Le abandonaron a su suerte en la calle.&nbsp;<\/p>\n<\/div>\n\n<div class=\"wp-block block-core-heading\">\n<h3 class=\"wp-block-heading\"><strong>Un grupo y una necesidad crecientes&nbsp;<\/strong>&nbsp;<\/h3>\n<\/div>\n\n<div class=\"wp-block block-core-paragraph\">\n<p class=\"wp-block-paragraph\">Pero Dios es fiel. Gracias a la amabilidad de los amigos de la escuela, a Karim le invitaban peri\u00f3dicamente a lavar la ropa, comer una buena comida y tener una cama en la que pasar la noche. Mientras ellos le ofrec\u00edan cuidados, \u00e9l les ofrec\u00eda fe, llevando a los seis amigos a conocer a Cristo.&nbsp;&nbsp;<\/p>\n<\/div>\n\n<div class=\"wp-block block-core-paragraph\">\n<p class=\"wp-block-paragraph\">Como estudiantes, estos amigos vivieron su fe y conectaron con los dem\u00e1s; ahora, el ministerio en su ciudad alcanza a unos 16 estudiantes y graduados.&nbsp;&nbsp;<\/p>\n<\/div>\n\n<div class=\"wp-block block-core-paragraph\">\n<p class=\"wp-block-paragraph\">Con tanto crecimiento, la necesidad de compa\u00f1erismo y discipulado es grande, sobre todo porque no pueden asistir a las pocas iglesias que existen dado que, como conversos, pondr\u00edan a la iglesia en peligro de ser perseguida por tener pros\u00e9litos. As\u00ed que, en febrero, Karim se puso en contacto con Jamil para pedirle ayuda para la formaci\u00f3n de l\u00edderes.&nbsp;&nbsp;<\/p>\n<\/div>\n\n<div class=\"wp-block block-core-heading\">\n<h3 class=\"wp-block-heading\"><strong>Soluciones creativas para un futuro brillante&nbsp;&nbsp;<\/strong>&nbsp;<\/h3>\n<\/div>\n\n<div class=\"wp-block block-core-paragraph\">\n<p class=\"wp-block-paragraph\">Un mes despu\u00e9s, siete estudiantes y graduados fueron invitados a otro pa\u00eds de mayor\u00eda musulmana, donde el personal de IFES MENA pudo impartir formaci\u00f3n sobre el liderazgo y el estudio b\u00edblico. Al ver su entusiasmo y su fe, Jamil anticipa el impacto estrat\u00e9gico que pueden tener los l\u00edderes reci\u00e9n equipados: \u00ab\u00a1Estos creyentes representan el futuro de la Iglesia en esa ciudad!\u00bb&nbsp;<\/p>\n<\/div>\n\n<div class=\"wp-block block-core-paragraph\">\n<p class=\"wp-block-paragraph\">La formaci\u00f3n formal fue seguida de una visita informal del personal del IFES al pa\u00eds. El mentorazgo continu\u00f3, pero discretamente, en una cafeter\u00eda, tomando caf\u00e9.&nbsp;&nbsp;<\/p>\n<\/div>\n\n<div class=\"wp-block block-core-paragraph\">\n<p class=\"wp-block-paragraph\">Cuando terminaron, quisieron orar juntos, por lo que condujeron durante una hora en direcci\u00f3n al desierto para alejarse de la ciudad. Ah\u00ed, lejos de miradas indiscretas, encendieron un fuego y oraron para que la llama de Dios ardiera entre ellos.&nbsp;&nbsp;<\/p>\n<\/div>\n\n<div class=\"wp-block block-core-heading\">\n<h3 class=\"wp-block-heading\"><strong>Ora<\/strong>&nbsp;<\/h3>\n<\/div>\n\n<div class=\"wp-block block-core-paragraph\">\n<p class=\"wp-block-paragraph\">Oremos por este grupo y por su testimonio en este pa\u00eds de Oriente Medio:&nbsp;&nbsp;<\/p>\n<\/div>\n\n<div class=\"wp-block block-core-list\">\n<ul class=\"wp-block-list\"><div class=\"wp-block block-core-list-item\">\n<li>Demos gracias por Karim* y por la forma en la que Dios le utiliz\u00f3 para levantar el testimonio estudiantil en su ciudad.\u00a0<\/li>\n<\/div>\n\n<div class=\"wp-block block-core-list-item\">\n<li>Oremos para que Dios proteja a todos los que participan en el grupo y cambie los corazones de los miembros de la familia que se oponen a Cristo.\u00a0\u00a0<\/li>\n<\/div><\/ul>\n<\/div>\n\n<div class=\"wp-block block-core-list\">\n<ul class=\"wp-block-list\"><div class=\"wp-block block-core-list-item\">\n<li>Oremos por los siete l\u00edderes que han recibido formaci\u00f3n recientemente, para que permanezcan firmes en su fe y sean utilizados por Dios para multiplicar el grupo y establecer su testimonio.\u00a0<\/li>\n<\/div><\/ul>\n<\/div>\n\n<div class=\"wp-block block-core-paragraph\">\n<p class=\"wp-block-paragraph\">*Se ha cambiado el nombre para proteger su identidad.&nbsp;<\/p>\n<\/div>","protected":false},"featured_media":36654,"template":"","area":[461],"theme":[],"class_list":["post-36754","prayerline","type-prayerline","status-publish","has-post-thumbnail","hentry","area-mena"],"acf":[],"yoast_head":"<!-- This site is optimized with the Yoast SEO plugin v27.2 - https:\/\/yoast.com\/product\/yoast-seo-wordpress\/ -->\n<title>Caf\u00e9 y fuego &#183; IFES Prayerline<\/title>\n<meta name=\"description\" content=\"Una charla sobre discipulado tomando un caf\u00e9 reci\u00e9n hecho, oraciones al aire libre en torno a una hoguera encendida... a muchos de nosotros nos puede\" \/>\n<meta name=\"robots\" content=\"index, follow, max-snippet:-1, max-image-preview:large, max-video-preview:-1\" \/>\n<link rel=\"canonical\" href=\"https:\/\/ifesworld.org\/es\/prayerline\/cafe-y-fuego\/\" \/>\n<meta property=\"og:locale\" content=\"es_ES\" \/>\n<meta property=\"og:type\" content=\"article\" \/>\n<meta property=\"og:title\" content=\"Caf\u00e9 y fuego &#183; IFES Prayerline\" \/>\n<meta property=\"og:description\" content=\"Una charla sobre discipulado tomando un caf\u00e9 reci\u00e9n hecho, oraciones al aire libre en torno a una hoguera encendida... a muchos de nosotros nos puede\" \/>\n<meta property=\"og:url\" content=\"https:\/\/ifesworld.org\/es\/prayerline\/cafe-y-fuego\/\" \/>\n<meta property=\"og:site_name\" content=\"IFES\" \/>\n<meta property=\"article:modified_time\" content=\"2024-05-24T09:16:41+00:00\" \/>\n<meta property=\"og:image\" content=\"https:\/\/ifesworld.org\/wp-content\/uploads\/2024\/05\/joris-voeten-gL84ogFsV6s-unsplash-e1716542153366.jpg\" \/>\n\t<meta property=\"og:image:width\" content=\"1920\" \/>\n\t<meta property=\"og:image:height\" content=\"937\" \/>\n\t<meta property=\"og:image:type\" content=\"image\/jpeg\" \/>\n<meta name=\"twitter:card\" content=\"summary_large_image\" \/>\n<meta name=\"twitter:label1\" content=\"Tiempo de lectura\" \/>\n\t<meta name=\"twitter:data1\" content=\"3 minutos\" \/>\n<script type=\"application\/ld+json\" class=\"yoast-schema-graph\">{\"@context\":\"https:\/\/schema.org\",\"@graph\":[{\"@type\":\"WebPage\",\"@id\":\"https:\/\/ifesworld.org\/es\/prayerline\/cafe-y-fuego\/\",\"url\":\"https:\/\/ifesworld.org\/es\/prayerline\/cafe-y-fuego\/\",\"name\":\"Caf\u00e9 y fuego &#183; IFES Prayerline\",\"isPartOf\":{\"@id\":\"https:\/\/ifesworld.org\/es\/#website\"},\"primaryImageOfPage\":{\"@id\":\"https:\/\/ifesworld.org\/es\/prayerline\/cafe-y-fuego\/#primaryimage\"},\"image\":{\"@id\":\"https:\/\/ifesworld.org\/es\/prayerline\/cafe-y-fuego\/#primaryimage\"},\"thumbnailUrl\":\"https:\/\/ifesworld.org\/wp-content\/uploads\/2024\/05\/joris-voeten-gL84ogFsV6s-unsplash-e1716542153366.jpg\",\"datePublished\":\"2024-05-14T09:25:47+00:00\",\"dateModified\":\"2024-05-24T09:16:41+00:00\",\"description\":\"Una charla sobre discipulado tomando un caf\u00e9 reci\u00e9n hecho, oraciones al aire libre en torno a una hoguera encendida... a muchos de nosotros nos puede\",\"breadcrumb\":{\"@id\":\"https:\/\/ifesworld.org\/es\/prayerline\/cafe-y-fuego\/#breadcrumb\"},\"inLanguage\":\"es\",\"potentialAction\":[{\"@type\":\"ReadAction\",\"target\":[\"https:\/\/ifesworld.org\/es\/prayerline\/cafe-y-fuego\/\"]}]},{\"@type\":\"ImageObject\",\"inLanguage\":\"es\",\"@id\":\"https:\/\/ifesworld.org\/es\/prayerline\/cafe-y-fuego\/#primaryimage\",\"url\":\"https:\/\/ifesworld.org\/wp-content\/uploads\/2024\/05\/joris-voeten-gL84ogFsV6s-unsplash-e1716542153366.jpg\",\"contentUrl\":\"https:\/\/ifesworld.org\/wp-content\/uploads\/2024\/05\/joris-voeten-gL84ogFsV6s-unsplash-e1716542153366.jpg\",\"width\":1920,\"height\":937},{\"@type\":\"BreadcrumbList\",\"@id\":\"https:\/\/ifesworld.org\/es\/prayerline\/cafe-y-fuego\/#breadcrumb\",\"itemListElement\":[{\"@type\":\"ListItem\",\"position\":1,\"name\":\"Home\",\"item\":\"https:\/\/ifesworld.org\/es\/\"},{\"@type\":\"ListItem\",\"position\":2,\"name\":\"Prayerline\",\"item\":\"https:\/\/ifesworld.org\/en\/prayerline\/\"},{\"@type\":\"ListItem\",\"position\":3,\"name\":\"Caf\u00e9 y fuego\"}]},{\"@type\":\"WebSite\",\"@id\":\"https:\/\/ifesworld.org\/es\/#website\",\"url\":\"https:\/\/ifesworld.org\/es\/\",\"name\":\"IFES\",\"description\":\"A movement of students sharing and living out the good news of Jesus Christ. Locally. Nationally. Globally.\",\"publisher\":{\"@id\":\"https:\/\/ifesworld.org\/es\/#organization\"},\"potentialAction\":[{\"@type\":\"SearchAction\",\"target\":{\"@type\":\"EntryPoint\",\"urlTemplate\":\"https:\/\/ifesworld.org\/es\/?s={search_term_string}\"},\"query-input\":{\"@type\":\"PropertyValueSpecification\",\"valueRequired\":true,\"valueName\":\"search_term_string\"}}],\"inLanguage\":\"es\"},{\"@type\":\"Organization\",\"@id\":\"https:\/\/ifesworld.org\/es\/#organization\",\"name\":\"IFES \u00b7 International Fellowship of Evangelical Students\",\"url\":\"https:\/\/ifesworld.org\/es\/\",\"logo\":{\"@type\":\"ImageObject\",\"inLanguage\":\"es\",\"@id\":\"https:\/\/ifesworld.org\/es\/#\/schema\/logo\/image\/\",\"url\":\"https:\/\/ifesworld.org\/wp-content\/uploads\/2019\/06\/ifeslogo.png\",\"contentUrl\":\"https:\/\/ifesworld.org\/wp-content\/uploads\/2019\/06\/ifeslogo.png\",\"width\":262,\"height\":262,\"caption\":\"IFES \u00b7 International Fellowship of Evangelical Students\"},\"image\":{\"@id\":\"https:\/\/ifesworld.org\/es\/#\/schema\/logo\/image\/\"}}]}<\/script>\n<!-- \/ Yoast SEO plugin. -->","yoast_head_json":{"title":"Caf\u00e9 y fuego &#183; IFES Prayerline","description":"Una charla sobre discipulado tomando un caf\u00e9 reci\u00e9n hecho, oraciones al aire libre en torno a una hoguera encendida... a muchos de nosotros nos puede","robots":{"index":"index","follow":"follow","max-snippet":"max-snippet:-1","max-image-preview":"max-image-preview:large","max-video-preview":"max-video-preview:-1"},"canonical":"https:\/\/ifesworld.org\/es\/prayerline\/cafe-y-fuego\/","og_locale":"es_ES","og_type":"article","og_title":"Caf\u00e9 y fuego &#183; IFES Prayerline","og_description":"Una charla sobre discipulado tomando un caf\u00e9 reci\u00e9n hecho, oraciones al aire libre en torno a una hoguera encendida... a muchos de nosotros nos puede","og_url":"https:\/\/ifesworld.org\/es\/prayerline\/cafe-y-fuego\/","og_site_name":"IFES","article_modified_time":"2024-05-24T09:16:41+00:00","og_image":[{"width":1920,"height":937,"url":"https:\/\/ifesworld.org\/wp-content\/uploads\/2024\/05\/joris-voeten-gL84ogFsV6s-unsplash-e1716542153366.jpg","type":"image\/jpeg"}],"twitter_card":"summary_large_image","twitter_misc":{"Tiempo de lectura":"3 minutos"},"schema":{"@context":"https:\/\/schema.org","@graph":[{"@type":"WebPage","@id":"https:\/\/ifesworld.org\/es\/prayerline\/cafe-y-fuego\/","url":"https:\/\/ifesworld.org\/es\/prayerline\/cafe-y-fuego\/","name":"Caf\u00e9 y fuego &#183; IFES Prayerline","isPartOf":{"@id":"https:\/\/ifesworld.org\/es\/#website"},"primaryImageOfPage":{"@id":"https:\/\/ifesworld.org\/es\/prayerline\/cafe-y-fuego\/#primaryimage"},"image":{"@id":"https:\/\/ifesworld.org\/es\/prayerline\/cafe-y-fuego\/#primaryimage"},"thumbnailUrl":"https:\/\/ifesworld.org\/wp-content\/uploads\/2024\/05\/joris-voeten-gL84ogFsV6s-unsplash-e1716542153366.jpg","datePublished":"2024-05-14T09:25:47+00:00","dateModified":"2024-05-24T09:16:41+00:00","description":"Una charla sobre discipulado tomando un caf\u00e9 reci\u00e9n hecho, oraciones al aire libre en torno a una hoguera encendida... a muchos de nosotros nos puede","breadcrumb":{"@id":"https:\/\/ifesworld.org\/es\/prayerline\/cafe-y-fuego\/#breadcrumb"},"inLanguage":"es","potentialAction":[{"@type":"ReadAction","target":["https:\/\/ifesworld.org\/es\/prayerline\/cafe-y-fuego\/"]}]},{"@type":"ImageObject","inLanguage":"es","@id":"https:\/\/ifesworld.org\/es\/prayerline\/cafe-y-fuego\/#primaryimage","url":"https:\/\/ifesworld.org\/wp-content\/uploads\/2024\/05\/joris-voeten-gL84ogFsV6s-unsplash-e1716542153366.jpg","contentUrl":"https:\/\/ifesworld.org\/wp-content\/uploads\/2024\/05\/joris-voeten-gL84ogFsV6s-unsplash-e1716542153366.jpg","width":1920,"height":937},{"@type":"BreadcrumbList","@id":"https:\/\/ifesworld.org\/es\/prayerline\/cafe-y-fuego\/#breadcrumb","itemListElement":[{"@type":"ListItem","position":1,"name":"Home","item":"https:\/\/ifesworld.org\/es\/"},{"@type":"ListItem","position":2,"name":"Prayerline","item":"https:\/\/ifesworld.org\/en\/prayerline\/"},{"@type":"ListItem","position":3,"name":"Caf\u00e9 y fuego"}]},{"@type":"WebSite","@id":"https:\/\/ifesworld.org\/es\/#website","url":"https:\/\/ifesworld.org\/es\/","name":"IFES","description":"A movement of students sharing and living out the good news of Jesus Christ. Locally. Nationally. Globally.","publisher":{"@id":"https:\/\/ifesworld.org\/es\/#organization"},"potentialAction":[{"@type":"SearchAction","target":{"@type":"EntryPoint","urlTemplate":"https:\/\/ifesworld.org\/es\/?s={search_term_string}"},"query-input":{"@type":"PropertyValueSpecification","valueRequired":true,"valueName":"search_term_string"}}],"inLanguage":"es"},{"@type":"Organization","@id":"https:\/\/ifesworld.org\/es\/#organization","name":"IFES \u00b7 International Fellowship of Evangelical Students","url":"https:\/\/ifesworld.org\/es\/","logo":{"@type":"ImageObject","inLanguage":"es","@id":"https:\/\/ifesworld.org\/es\/#\/schema\/logo\/image\/","url":"https:\/\/ifesworld.org\/wp-content\/uploads\/2019\/06\/ifeslogo.png","contentUrl":"https:\/\/ifesworld.org\/wp-content\/uploads\/2019\/06\/ifeslogo.png","width":262,"height":262,"caption":"IFES \u00b7 International Fellowship of Evangelical Students"},"image":{"@id":"https:\/\/ifesworld.org\/es\/#\/schema\/logo\/image\/"}}]}},"_links":{"self":[{"href":"https:\/\/ifesworld.org\/es\/wp-json\/wp\/v2\/prayerline\/36754","targetHints":{"allow":["GET"]}}],"collection":[{"href":"https:\/\/ifesworld.org\/es\/wp-json\/wp\/v2\/prayerline"}],"about":[{"href":"https:\/\/ifesworld.org\/es\/wp-json\/wp\/v2\/types\/prayerline"}],"wp:featuredmedia":[{"embeddable":true,"href":"https:\/\/ifesworld.org\/es\/wp-json\/wp\/v2\/media\/36654"}],"wp:attachment":[{"href":"https:\/\/ifesworld.org\/es\/wp-json\/wp\/v2\/media?parent=36754"}],"wp:term":[{"taxonomy":"area","embeddable":true,"href":"https:\/\/ifesworld.org\/es\/wp-json\/wp\/v2\/area?post=36754"},{"taxonomy":"theme","embeddable":true,"href":"https:\/\/ifesworld.org\/es\/wp-json\/wp\/v2\/theme?post=36754"}],"curies":[{"name":"wp","href":"https:\/\/api.w.org\/{rel}","templated":true}]}}