{"id":2277,"date":"2018-01-16T20:00:00","date_gmt":"2018-01-16T20:00:00","guid":{"rendered":"https:\/\/ifesworld.org\/prayerline\/oren-por-una-nueva-iniciativa-audiovisual-de-ifes\/"},"modified":"2018-01-16T20:00:00","modified_gmt":"2018-01-16T20:00:00","slug":"oren-por-una-nueva-iniciativa-audiovisual-de-ifes","status":"publish","type":"prayerline","link":"https:\/\/ifesworld.org\/es\/prayerline\/oren-por-una-nueva-iniciativa-audiovisual-de-ifes\/","title":{"rendered":"Oren por una nueva iniciativa audiovisual de IFES"},"content":{"rendered":"<table>\n<tbody>\n<tr>\n<td>\n<table>\n<tbody>\n<tr>\n<td>\n<p>\nLa semana pasada, IFES lanz\u00f3 <a href=\"https:\/\/medium.com\/ifesopen\/12palabras\" target=\"_blank\">The Open Project<\/a> \u2013 una nueva iniciativa para crear un contenido visual atractivo y usar las herramientas digitales actuales para abrir la Biblia a la nueva generaci\u00f3n de estudiantes. <\/p>\n<\/td>\n<\/tr>\n<\/tbody>\n<\/table>\n<\/td>\n<\/tr>\n<\/tbody>\n<\/table>\n<table>\n<tbody>\n<tr>\n<td>\n<table>\n<tbody>\n<tr>\n<td>\n<p>                                        <img decoding=\"async\" align=\"center\" alt=\"\" src=\"https:\/\/ifesworld.org\/wp-content\/uploads\/2019\/05\/deb1e631-746b-4d2f-901a-227694e79380.jpg\" class=\"mcnImage\"><\/p>\n<\/td>\n<\/tr>\n<\/tbody>\n<\/table>\n<\/td>\n<\/tr>\n<\/tbody>\n<\/table>\n<table>\n<tbody>\n<tr>\n<td>\n<table>\n<tbody>\n<tr>\n<td>\n<h2> <\/h2>\n<p>El primer v\u00eddeo se presentar\u00e1 en doce breves segmentos que culminar\u00e1n en el domingo de Pascua, el 1 de abril, y tendr\u00e1n un peque\u00f1o estudio b\u00edblico a modo de introducci\u00f3n. El filme usa 12 palabras normales para relatarnos partes importantes de la historia de la Biblia y se publicar\u00e1 en las redes sociales. <\/p>\n<ul>\n<li>\n<p>Los segmentos del v\u00eddeo conectar\u00e1n con algunas personas m\u00e1s que con otras. Por favor, ora para que el Se\u00f1or use estos segmentos para invitar a los estudiantes a formar parte de su gran historia. <\/p>\n<\/li>\n<li>\n<p>Ora por los estudiantes en distintos movimientos de IFES y en contextos nacionales diferentes para que vean esto y se contagien de la visi\u00f3n de usar estas herramientas para iniciar conversaciones y abrir la Biblia con sus amigos. <\/p>\n<\/li>\n<\/ul>\n<ul>\n<li>\n<p>Ora para que los estudios b\u00edblicos se usen bien y que ayuden a llevar a los estudiantes a conocer y confiar en Jes\u00fas. <\/p>\n<\/li>\n<li>\n<p>Ora para que este proyecto inspire a los estudiantes a ser creativos cuando compartan el Evangelio.  <\/p>\n<\/li>\n<\/ul>\n<\/td>\n<\/tr>\n<\/tbody>\n<\/table>\n<\/td>\n<\/tr>\n<\/tbody>\n<\/table>\n<table>\n<tbody>\n<tr>\n<td>\n<table>\n<tbody>\n<tr>\n<td>\n                                <a class=\"mcnButton \" title=\"Descubre m\u00e1s y empieza a ver los contenidos \" href=\"https:\/\/medium.com\/ifesopen\/empieza-aqu%C3%AD-d9d7172443fd\" target=\"_blank\">Descubre m\u00e1s y empieza a ver los contenidos <\/a>\n                            <\/td>\n<\/tr>\n<\/tbody>\n<\/table>\n<\/td>\n<\/tr>\n<\/tbody>\n<\/table>\n<table>\n<tbody>\n<tr>\n<td>\n<table>\n<tbody>\n<tr>\n<td>\n<table>\n<tbody>\n<tr>\n<td>\n<p>                        <a href=\"https:\/\/es.ifesprayerline.org\/los-estudiantes-se-forman-para-vivir-vidas-moldeadas-por-el-evangelio-d2e482ccd12b\" title=\"\" class=\"\" target=\"_blank\"><\/p>\n<p>                        <img decoding=\"async\" alt=\"\" src=\"https:\/\/ifesworld.org\/wp-content\/uploads\/2019\/05\/9289a2fe-5526-421a-a2eb-bdb3ee103a17.jpg\" class=\"mcnImage\"><br \/>\n                        <\/a><\/p>\n<\/td>\n<\/tr>\n<\/tbody>\n<\/table>\n<table>\n<tbody>\n<tr>\n<td>\n<div>\n<h2>Los estudiantes se forman para vivir vidas moldeadas por el Evangelio<\/h2>\n<p>Trayendo las \u00abnoticias transcendentales para la vida\u00bb a los campus australianos. <br \/>\n<a href=\"https:\/\/es.ifesprayerline.org\/los-estudiantes-se-forman-para-vivir-vidas-moldeadas-por-el-evangelio-d2e482ccd12b\" target=\"_blank\">Sigve leyendo<\/a><\/div>\n<\/td>\n<\/tr>\n<\/tbody>\n<\/table>\n<\/td>\n<\/tr>\n<\/tbody>\n<\/table>\n<\/td>\n<\/tr>\n<\/tbody>\n<\/table>\n<table>\n<tbody>\n<tr>\n<td>\n<table>\n<tbody>\n<tr>\n<td>\n<table>\n<tbody>\n<tr>\n<td>\n<p>                        <a href=\"https:\/\/es.ifesprayerline.org\/el-don-de-la-fragilidad-en-navidad-42238f4e1d76\" title=\"\" class=\"\" target=\"_blank\"><\/p>\n<p>                        <img decoding=\"async\" alt=\"\" src=\"https:\/\/ifesworld.org\/wp-content\/uploads\/2019\/05\/63151bfe-7b03-46c2-9837-2939944b3b4e.jpg\" class=\"mcnImage\"><br \/>\n                        <\/a><\/p>\n<\/td>\n<\/tr>\n<\/tbody>\n<\/table>\n<table>\n<tbody>\n<tr>\n<td>\n<div>\n<h2>El don de la fragilidad en Navidad<\/h2>\n<p>Nuestro Emmanuel ha escuchado nuestro clamor <br \/>\n<a href=\"https:\/\/es.ifesprayerline.org\/el-don-de-la-fragilidad-en-navidad-42238f4e1d76\" target=\"_blank\">Sigve leyendo<\/a><\/div>\n<\/td>\n<\/tr>\n<\/tbody>\n<\/table>\n<\/td>\n<\/tr>\n<\/tbody>\n<\/table>\n<\/td>\n<\/tr>\n<\/tbody>\n<\/table>\n<table>\n<tbody>\n<tr>\n<td>\n<table>\n<tbody>\n<tr>\n<td>\n<table>\n<tbody>\n<tr>\n<td>\n<p>                        <a href=\"https:\/\/es.ifesprayerline.org\/oren-por-todo-lo-que-ha-ocurrido-este-a%C3%B1o-53fb9c890273\" title=\"\" class=\"\" target=\"_blank\"><\/p>\n<p>                        <img decoding=\"async\" alt=\"\" src=\"https:\/\/ifesworld.org\/wp-content\/uploads\/2019\/05\/f999bd21-540b-4ac6-8df9-4ab0bc19a5c1.jpg\" class=\"mcnImage\"><br \/>\n                        <\/a><\/p>\n<\/td>\n<\/tr>\n<\/tbody>\n<\/table>\n<table>\n<tbody>\n<tr>\n<td>\n<div>\n<h2>Oren por todo lo que ha occurido este a\u00f1o<\/h2>\n<p>Trayendo las buenas nuevas a los titulares internacionales de 2017<br \/>\n<a href=\"https:\/\/es.ifesprayerline.org\/oren-por-todo-lo-que-ha-ocurrido-este-a%C3%B1o-53fb9c890273\" target=\"_blank\">Sigve leyendo<\/a><\/div>\n<\/td>\n<\/tr>\n<\/tbody>\n<\/table>\n<\/td>\n<\/tr>\n<\/tbody>\n<\/table>\n<\/td>\n<\/tr>\n<\/tbody>\n<\/table>\n","protected":false},"featured_media":2123,"template":"","area":[],"theme":[],"class_list":["post-2277","prayerline","type-prayerline","status-publish","has-post-thumbnail","hentry"],"acf":[],"yoast_head":"<!-- This site is optimized with the Yoast SEO plugin v27.2 - https:\/\/yoast.com\/product\/yoast-seo-wordpress\/ -->\n<title>Oren por una nueva iniciativa audiovisual de IFES &#183; IFES Prayerline<\/title>\n<meta name=\"description\" content=\"La semana pasada, IFES lanz\u00f3 The Open Project \u2013 una nueva iniciativa para crear un contenido visual atractivo y usar las herramientas digitales actuales\" \/>\n<meta name=\"robots\" content=\"index, follow, max-snippet:-1, max-image-preview:large, max-video-preview:-1\" \/>\n<link rel=\"canonical\" href=\"https:\/\/ifesworld.org\/es\/prayerline\/oren-por-una-nueva-iniciativa-audiovisual-de-ifes\/\" \/>\n<meta property=\"og:locale\" content=\"es_ES\" \/>\n<meta property=\"og:type\" content=\"article\" \/>\n<meta property=\"og:title\" content=\"Oren por una nueva iniciativa audiovisual de IFES &#183; IFES Prayerline\" \/>\n<meta property=\"og:description\" content=\"La semana pasada, IFES lanz\u00f3 The Open Project \u2013 una nueva iniciativa para crear un contenido visual atractivo y usar las herramientas digitales actuales\" \/>\n<meta property=\"og:url\" content=\"https:\/\/ifesworld.org\/es\/prayerline\/oren-por-una-nueva-iniciativa-audiovisual-de-ifes\/\" \/>\n<meta property=\"og:site_name\" content=\"IFES\" \/>\n<meta property=\"og:image\" content=\"https:\/\/ifesworld.org\/wp-content\/uploads\/2019\/05\/deb1e631-746b-4d2f-901a-227694e79380.jpg\" \/>\n\t<meta property=\"og:image:width\" content=\"1080\" \/>\n\t<meta property=\"og:image:height\" content=\"459\" \/>\n\t<meta property=\"og:image:type\" content=\"image\/jpeg\" \/>\n<meta name=\"twitter:card\" content=\"summary_large_image\" \/>\n<meta name=\"twitter:label1\" content=\"Tiempo de lectura\" \/>\n\t<meta name=\"twitter:data1\" content=\"1 minuto\" \/>\n<script type=\"application\/ld+json\" class=\"yoast-schema-graph\">{\"@context\":\"https:\/\/schema.org\",\"@graph\":[{\"@type\":\"WebPage\",\"@id\":\"https:\/\/ifesworld.org\/es\/prayerline\/oren-por-una-nueva-iniciativa-audiovisual-de-ifes\/\",\"url\":\"https:\/\/ifesworld.org\/es\/prayerline\/oren-por-una-nueva-iniciativa-audiovisual-de-ifes\/\",\"name\":\"Oren por una nueva iniciativa audiovisual de IFES &#183; IFES Prayerline\",\"isPartOf\":{\"@id\":\"https:\/\/ifesworld.org\/es\/#website\"},\"primaryImageOfPage\":{\"@id\":\"https:\/\/ifesworld.org\/es\/prayerline\/oren-por-una-nueva-iniciativa-audiovisual-de-ifes\/#primaryimage\"},\"image\":{\"@id\":\"https:\/\/ifesworld.org\/es\/prayerline\/oren-por-una-nueva-iniciativa-audiovisual-de-ifes\/#primaryimage\"},\"thumbnailUrl\":\"https:\/\/ifesworld.org\/wp-content\/uploads\/2019\/05\/deb1e631-746b-4d2f-901a-227694e79380.jpg\",\"datePublished\":\"2018-01-16T20:00:00+00:00\",\"description\":\"La semana pasada, IFES lanz\u00f3 The Open Project \u2013 una nueva iniciativa para crear un contenido visual atractivo y usar las herramientas digitales actuales\",\"breadcrumb\":{\"@id\":\"https:\/\/ifesworld.org\/es\/prayerline\/oren-por-una-nueva-iniciativa-audiovisual-de-ifes\/#breadcrumb\"},\"inLanguage\":\"es\",\"potentialAction\":[{\"@type\":\"ReadAction\",\"target\":[\"https:\/\/ifesworld.org\/es\/prayerline\/oren-por-una-nueva-iniciativa-audiovisual-de-ifes\/\"]}]},{\"@type\":\"ImageObject\",\"inLanguage\":\"es\",\"@id\":\"https:\/\/ifesworld.org\/es\/prayerline\/oren-por-una-nueva-iniciativa-audiovisual-de-ifes\/#primaryimage\",\"url\":\"https:\/\/ifesworld.org\/wp-content\/uploads\/2019\/05\/deb1e631-746b-4d2f-901a-227694e79380.jpg\",\"contentUrl\":\"https:\/\/ifesworld.org\/wp-content\/uploads\/2019\/05\/deb1e631-746b-4d2f-901a-227694e79380.jpg\",\"width\":1080,\"height\":459},{\"@type\":\"BreadcrumbList\",\"@id\":\"https:\/\/ifesworld.org\/es\/prayerline\/oren-por-una-nueva-iniciativa-audiovisual-de-ifes\/#breadcrumb\",\"itemListElement\":[{\"@type\":\"ListItem\",\"position\":1,\"name\":\"Home\",\"item\":\"https:\/\/ifesworld.org\/es\/\"},{\"@type\":\"ListItem\",\"position\":2,\"name\":\"Prayerline\",\"item\":\"https:\/\/ifesworld.org\/en\/prayerline\/\"},{\"@type\":\"ListItem\",\"position\":3,\"name\":\"Oren por una nueva iniciativa audiovisual de IFES\"}]},{\"@type\":\"WebSite\",\"@id\":\"https:\/\/ifesworld.org\/es\/#website\",\"url\":\"https:\/\/ifesworld.org\/es\/\",\"name\":\"IFES\",\"description\":\"A movement of students sharing and living out the good news of Jesus Christ. Locally. Nationally. Globally.\",\"publisher\":{\"@id\":\"https:\/\/ifesworld.org\/es\/#organization\"},\"potentialAction\":[{\"@type\":\"SearchAction\",\"target\":{\"@type\":\"EntryPoint\",\"urlTemplate\":\"https:\/\/ifesworld.org\/es\/?s={search_term_string}\"},\"query-input\":{\"@type\":\"PropertyValueSpecification\",\"valueRequired\":true,\"valueName\":\"search_term_string\"}}],\"inLanguage\":\"es\"},{\"@type\":\"Organization\",\"@id\":\"https:\/\/ifesworld.org\/es\/#organization\",\"name\":\"IFES \u00b7 International Fellowship of Evangelical Students\",\"url\":\"https:\/\/ifesworld.org\/es\/\",\"logo\":{\"@type\":\"ImageObject\",\"inLanguage\":\"es\",\"@id\":\"https:\/\/ifesworld.org\/es\/#\/schema\/logo\/image\/\",\"url\":\"https:\/\/ifesworld.org\/wp-content\/uploads\/2019\/06\/ifeslogo.png\",\"contentUrl\":\"https:\/\/ifesworld.org\/wp-content\/uploads\/2019\/06\/ifeslogo.png\",\"width\":262,\"height\":262,\"caption\":\"IFES \u00b7 International Fellowship of Evangelical Students\"},\"image\":{\"@id\":\"https:\/\/ifesworld.org\/es\/#\/schema\/logo\/image\/\"}}]}<\/script>\n<!-- \/ Yoast SEO plugin. -->","yoast_head_json":{"title":"Oren por una nueva iniciativa audiovisual de IFES &#183; IFES Prayerline","description":"La semana pasada, IFES lanz\u00f3 The Open Project \u2013 una nueva iniciativa para crear un contenido visual atractivo y usar las herramientas digitales actuales","robots":{"index":"index","follow":"follow","max-snippet":"max-snippet:-1","max-image-preview":"max-image-preview:large","max-video-preview":"max-video-preview:-1"},"canonical":"https:\/\/ifesworld.org\/es\/prayerline\/oren-por-una-nueva-iniciativa-audiovisual-de-ifes\/","og_locale":"es_ES","og_type":"article","og_title":"Oren por una nueva iniciativa audiovisual de IFES &#183; IFES Prayerline","og_description":"La semana pasada, IFES lanz\u00f3 The Open Project \u2013 una nueva iniciativa para crear un contenido visual atractivo y usar las herramientas digitales actuales","og_url":"https:\/\/ifesworld.org\/es\/prayerline\/oren-por-una-nueva-iniciativa-audiovisual-de-ifes\/","og_site_name":"IFES","og_image":[{"width":1080,"height":459,"url":"https:\/\/ifesworld.org\/wp-content\/uploads\/2019\/05\/deb1e631-746b-4d2f-901a-227694e79380.jpg","type":"image\/jpeg"}],"twitter_card":"summary_large_image","twitter_misc":{"Tiempo de lectura":"1 minuto"},"schema":{"@context":"https:\/\/schema.org","@graph":[{"@type":"WebPage","@id":"https:\/\/ifesworld.org\/es\/prayerline\/oren-por-una-nueva-iniciativa-audiovisual-de-ifes\/","url":"https:\/\/ifesworld.org\/es\/prayerline\/oren-por-una-nueva-iniciativa-audiovisual-de-ifes\/","name":"Oren por una nueva iniciativa audiovisual de IFES &#183; IFES Prayerline","isPartOf":{"@id":"https:\/\/ifesworld.org\/es\/#website"},"primaryImageOfPage":{"@id":"https:\/\/ifesworld.org\/es\/prayerline\/oren-por-una-nueva-iniciativa-audiovisual-de-ifes\/#primaryimage"},"image":{"@id":"https:\/\/ifesworld.org\/es\/prayerline\/oren-por-una-nueva-iniciativa-audiovisual-de-ifes\/#primaryimage"},"thumbnailUrl":"https:\/\/ifesworld.org\/wp-content\/uploads\/2019\/05\/deb1e631-746b-4d2f-901a-227694e79380.jpg","datePublished":"2018-01-16T20:00:00+00:00","description":"La semana pasada, IFES lanz\u00f3 The Open Project \u2013 una nueva iniciativa para crear un contenido visual atractivo y usar las herramientas digitales actuales","breadcrumb":{"@id":"https:\/\/ifesworld.org\/es\/prayerline\/oren-por-una-nueva-iniciativa-audiovisual-de-ifes\/#breadcrumb"},"inLanguage":"es","potentialAction":[{"@type":"ReadAction","target":["https:\/\/ifesworld.org\/es\/prayerline\/oren-por-una-nueva-iniciativa-audiovisual-de-ifes\/"]}]},{"@type":"ImageObject","inLanguage":"es","@id":"https:\/\/ifesworld.org\/es\/prayerline\/oren-por-una-nueva-iniciativa-audiovisual-de-ifes\/#primaryimage","url":"https:\/\/ifesworld.org\/wp-content\/uploads\/2019\/05\/deb1e631-746b-4d2f-901a-227694e79380.jpg","contentUrl":"https:\/\/ifesworld.org\/wp-content\/uploads\/2019\/05\/deb1e631-746b-4d2f-901a-227694e79380.jpg","width":1080,"height":459},{"@type":"BreadcrumbList","@id":"https:\/\/ifesworld.org\/es\/prayerline\/oren-por-una-nueva-iniciativa-audiovisual-de-ifes\/#breadcrumb","itemListElement":[{"@type":"ListItem","position":1,"name":"Home","item":"https:\/\/ifesworld.org\/es\/"},{"@type":"ListItem","position":2,"name":"Prayerline","item":"https:\/\/ifesworld.org\/en\/prayerline\/"},{"@type":"ListItem","position":3,"name":"Oren por una nueva iniciativa audiovisual de IFES"}]},{"@type":"WebSite","@id":"https:\/\/ifesworld.org\/es\/#website","url":"https:\/\/ifesworld.org\/es\/","name":"IFES","description":"A movement of students sharing and living out the good news of Jesus Christ. Locally. Nationally. Globally.","publisher":{"@id":"https:\/\/ifesworld.org\/es\/#organization"},"potentialAction":[{"@type":"SearchAction","target":{"@type":"EntryPoint","urlTemplate":"https:\/\/ifesworld.org\/es\/?s={search_term_string}"},"query-input":{"@type":"PropertyValueSpecification","valueRequired":true,"valueName":"search_term_string"}}],"inLanguage":"es"},{"@type":"Organization","@id":"https:\/\/ifesworld.org\/es\/#organization","name":"IFES \u00b7 International Fellowship of Evangelical Students","url":"https:\/\/ifesworld.org\/es\/","logo":{"@type":"ImageObject","inLanguage":"es","@id":"https:\/\/ifesworld.org\/es\/#\/schema\/logo\/image\/","url":"https:\/\/ifesworld.org\/wp-content\/uploads\/2019\/06\/ifeslogo.png","contentUrl":"https:\/\/ifesworld.org\/wp-content\/uploads\/2019\/06\/ifeslogo.png","width":262,"height":262,"caption":"IFES \u00b7 International Fellowship of Evangelical Students"},"image":{"@id":"https:\/\/ifesworld.org\/es\/#\/schema\/logo\/image\/"}}]}},"_links":{"self":[{"href":"https:\/\/ifesworld.org\/es\/wp-json\/wp\/v2\/prayerline\/2277","targetHints":{"allow":["GET"]}}],"collection":[{"href":"https:\/\/ifesworld.org\/es\/wp-json\/wp\/v2\/prayerline"}],"about":[{"href":"https:\/\/ifesworld.org\/es\/wp-json\/wp\/v2\/types\/prayerline"}],"wp:featuredmedia":[{"embeddable":true,"href":"https:\/\/ifesworld.org\/es\/wp-json\/wp\/v2\/media\/2123"}],"wp:attachment":[{"href":"https:\/\/ifesworld.org\/es\/wp-json\/wp\/v2\/media?parent=2277"}],"wp:term":[{"taxonomy":"area","embeddable":true,"href":"https:\/\/ifesworld.org\/es\/wp-json\/wp\/v2\/area?post=2277"},{"taxonomy":"theme","embeddable":true,"href":"https:\/\/ifesworld.org\/es\/wp-json\/wp\/v2\/theme?post=2277"}],"curies":[{"name":"wp","href":"https:\/\/api.w.org\/{rel}","templated":true}]}}