{"id":21898,"date":"2023-02-07T14:32:59","date_gmt":"2023-02-07T14:32:59","guid":{"rendered":"https:\/\/ifesworld.org\/?post_type=prayerline&#038;p=21898"},"modified":"2023-02-07T14:33:01","modified_gmt":"2023-02-07T14:33:01","slug":"latavia-se-va-a-otro-pais","status":"publish","type":"prayerline","link":"https:\/\/ifesworld.org\/es\/prayerline\/latavia-se-va-a-otro-pais\/","title":{"rendered":"Latavia se va a otro pa\u00eds"},"content":{"rendered":"<div class=\"wp-block block-core-paragraph\">\n<p class=\"wp-block-paragraph\">\u201cOren por las Islas Caim\u00e1n, por favor env\u00eden obreros\u201d.<\/p>\n<\/div>\n\n<div class=\"wp-block block-core-paragraph\">\n<p class=\"wp-block-paragraph\">Latavia, una obrera que llevaba muchos a\u00f1os trabajado con <a href=\"https:\/\/scfsu.org\/\">ISCF, el movimiento estudiantil de Jamaica,<\/a> hab\u00eda estado orando por la oportunidad de servir en otro pa\u00eds. Cuando vio este mensaje posteado durante un evento virtual de ISCF, se pregunt\u00f3 si ten\u00eda ah\u00ed su respuesta.<\/p>\n<\/div>\n\n<div class=\"wp-block block-core-paragraph\">\n<p class=\"wp-block-paragraph\">Despu\u00e9s de unos meses, Dios confirm\u00f3 el llamado de Latavia de irse a las Islas Caim\u00e1n con un sue\u00f1o sobre el paisaje y la geograf\u00eda de la isla de Gran Caim\u00e1n, aunque nunca hab\u00eda estado all\u00ed anteriormente. Esto tambi\u00e9n fue confirmado con una palabra prof\u00e9tica de parte de su pastor. En junio su mud\u00f3 a la isla para ser la primera obrera de <a href=\"https:\/\/www.isivcfky.com\/\">IS\/IVCF Islas Caim\u00e1n<\/a> contratada a tiempo total por el ministerio.<\/p>\n<\/div>\n\n<div class=\"wp-block block-core-paragraph\">\n<p class=\"wp-block-paragraph\">Un lugar nuevo siempre trae nuevos desaf\u00edos. \u201cLas Islas Caim\u00e1n son una naci\u00f3n cristiana como Jamaica y la verdad es que pensaba que iba a ser m\u00e1s f\u00e1cil, porque solo iba a estar a cargo de supervisar seis escuelas y una universidad\u201d. En Jamaica, Latavia hab\u00eda estado supervisando personalmente el ministerio en unos cien centros y, en esta nueva situaci\u00f3n, ten\u00eda ganas de entablar relaciones m\u00e1s cercanas con un n\u00famero menor de estudiantes. Pero Latavia descubri\u00f3 que la cultura de este pa\u00eds se muestra mucho m\u00e1s indiferente hacia el cristianismo de lo que pensaba.<\/p>\n<\/div>\n\n<div class=\"wp-block block-core-paragraph\">\n<p class=\"wp-block-paragraph\">En las Islas Caim\u00e1n, hay m\u00e1s de 130 nacionalidades representadas en una poblaci\u00f3n de tan solo 70.000 y muchos estudiantes se identifican como ateos o siguen religiones diferentes. Por contraste, Latavia explica que en Jamaica \u201cquiz\u00e1s no todo el mundo tenga una fe personal en Jes\u00fas, pero existe una reverencia por Dios y un apoyo general al ministerio\u201d. El ministerio estudiantil en Jamaica est\u00e1 bien establecido: tiene m\u00e1s de 70 a\u00f1os. Los grupos est\u00e1n dirigidos por estudiantes, pero supervisados por un \u201cpatrocinador\u201d (un profesor cristiano). Los estudiantes cristianos no se muestran tan abiertos en las Islas Caim\u00e1n. \u201cMuchos de ellos parecen estar escondidos\u201d, observa Latavia.<\/p>\n<\/div>\n\n<div class=\"wp-block block-core-paragraph\">\n<p class=\"wp-block-paragraph\">No obstante, lleg\u00f3 all\u00ed pensando que se iba a ser como una extra\u00f1a y extranjera en un pa\u00eds nuevo. \u201cEl Se\u00f1or me ha dado muchos amigos y una verdadera comunidad de cristianos\u201d, cuenta. Y adem\u00e1s, \u201clos miembros del comit\u00e9 de IS\/IVCF ofrecen mucho apoyo\u201d.<\/p>\n<\/div>\n\n<div class=\"wp-block block-core-paragraph\">\n<p class=\"wp-block-paragraph\">Como centro financiero, las Islas Caim\u00e1n son un lugar \u00fanico e interesante para el ministerio estudiantil. Latavia dice que \u201caqu\u00ed tenemos el potencial de tener un impacto en el mundo. Con tantos estudiantes de otros pa\u00edses, podemos tener un impacto en su familia cuando regresen a su pa\u00eds natal\u201d. Latavia quiere aprovechar esta situaci\u00f3n al m\u00e1ximo y el lema de 2023 es <em>Iluminando a nuestras escuelas con el evangelio de Jesucristo<\/em>. \u201cSiempre me sorprende encontrarme con estudiantes que nunca han escuchado el evangelio\u201d, dice. \u201cUna estudiante me pregunt\u00f3: \u2018\u00bfQu\u00e9 es Cristo?\u2019 Es dif\u00edcil invertir en los estudiantes que vienen a pasar per\u00edodos cortos de tiempo y no pueden tener un gran impacto en la isla, pero quiero que los estudiantes sean testigos de palabra y de hecho\u201d.<\/p>\n<\/div>\n\n<div class=\"wp-block block-core-paragraph\">\n<p class=\"wp-block-paragraph\">Oremos por Latavia y los estudiantes de las Islas Caim\u00e1n.<\/p>\n<\/div>\n\n<div class=\"wp-block block-core-list\">\n<ul class=\"wp-block-list\"><li>Ora por el retiro de discipulado que tendr\u00e1 lugar el 18 de febrero, que los estudiantes sigan fortaleci\u00e9ndose en su fe y siendo capacitados para vivir esta fe entre sus amigos.<\/li><li>Ora por el trabajo de Latavia a medida que conecta con m\u00e1s iglesias para que asuman la visi\u00f3n: para que muchas iglesias vean y entiendan el valor estrat\u00e9gico del ministerio entre los estudiantes y que apoyen a Latavia de forma econ\u00f3mica, con recursos, mentorazgo y cuidado pastoral.<\/li><li>Ora para que Dios bendiga el trabajo de Latavia a medida que se esfuerza por establecer el ministerio estudiantil, entablar relaciones y hacer disc\u00edpulos (Deuteronomio 28:12). Ora para que \u00c9l haga surgir m\u00e1s l\u00edderes estudiantiles en las Islas Caim\u00e1n.<\/li><\/ul>\n<\/div>","protected":false},"featured_media":21523,"template":"","area":[702,726],"theme":[],"class_list":["post-21898","prayerline","type-prayerline","status-publish","has-post-thumbnail","hentry","area-caribe","area-isla-caiman"],"acf":[],"yoast_head":"<!-- This site is optimized with the Yoast SEO plugin v27.2 - https:\/\/yoast.com\/product\/yoast-seo-wordpress\/ -->\n<title>Latavia se va a otro pa\u00eds &#183; IFES Prayerline<\/title>\n<meta name=\"description\" content=\"\u201cOren por las Islas Caim\u00e1n, por favor env\u00eden obreros\u201d. Latavia, una obrera que llevaba muchos a\u00f1os trabajado con ISCF, el movimiento estudiantil de\" \/>\n<meta name=\"robots\" content=\"index, follow, max-snippet:-1, max-image-preview:large, max-video-preview:-1\" \/>\n<link rel=\"canonical\" href=\"https:\/\/ifesworld.org\/es\/prayerline\/latavia-se-va-a-otro-pais\/\" \/>\n<meta property=\"og:locale\" content=\"es_ES\" \/>\n<meta property=\"og:type\" content=\"article\" \/>\n<meta property=\"og:title\" content=\"Latavia se va a otro pa\u00eds &#183; IFES Prayerline\" \/>\n<meta property=\"og:description\" content=\"\u201cOren por las Islas Caim\u00e1n, por favor env\u00eden obreros\u201d. Latavia, una obrera que llevaba muchos a\u00f1os trabajado con ISCF, el movimiento estudiantil de\" \/>\n<meta property=\"og:url\" content=\"https:\/\/ifesworld.org\/es\/prayerline\/latavia-se-va-a-otro-pais\/\" \/>\n<meta property=\"og:site_name\" content=\"IFES\" \/>\n<meta property=\"article:modified_time\" content=\"2023-02-07T14:33:01+00:00\" \/>\n<meta property=\"og:image\" content=\"https:\/\/ifesworld.org\/wp-content\/uploads\/2023\/02\/IMG-20230125-WA0010.jpg\" \/>\n\t<meta property=\"og:image:width\" content=\"1600\" \/>\n\t<meta property=\"og:image:height\" content=\"629\" \/>\n\t<meta property=\"og:image:type\" content=\"image\/jpeg\" \/>\n<meta name=\"twitter:card\" content=\"summary_large_image\" \/>\n<meta name=\"twitter:label1\" content=\"Tiempo de lectura\" \/>\n\t<meta name=\"twitter:data1\" content=\"3 minutos\" \/>\n<script type=\"application\/ld+json\" class=\"yoast-schema-graph\">{\"@context\":\"https:\/\/schema.org\",\"@graph\":[{\"@type\":\"WebPage\",\"@id\":\"https:\/\/ifesworld.org\/es\/prayerline\/latavia-se-va-a-otro-pais\/\",\"url\":\"https:\/\/ifesworld.org\/es\/prayerline\/latavia-se-va-a-otro-pais\/\",\"name\":\"Latavia se va a otro pa\u00eds &#183; IFES Prayerline\",\"isPartOf\":{\"@id\":\"https:\/\/ifesworld.org\/es\/#website\"},\"primaryImageOfPage\":{\"@id\":\"https:\/\/ifesworld.org\/es\/prayerline\/latavia-se-va-a-otro-pais\/#primaryimage\"},\"image\":{\"@id\":\"https:\/\/ifesworld.org\/es\/prayerline\/latavia-se-va-a-otro-pais\/#primaryimage\"},\"thumbnailUrl\":\"https:\/\/ifesworld.org\/wp-content\/uploads\/2023\/02\/IMG-20230125-WA0010.jpg\",\"datePublished\":\"2023-02-07T14:32:59+00:00\",\"dateModified\":\"2023-02-07T14:33:01+00:00\",\"description\":\"\u201cOren por las Islas Caim\u00e1n, por favor env\u00eden obreros\u201d. Latavia, una obrera que llevaba muchos a\u00f1os trabajado con ISCF, el movimiento estudiantil de\",\"breadcrumb\":{\"@id\":\"https:\/\/ifesworld.org\/es\/prayerline\/latavia-se-va-a-otro-pais\/#breadcrumb\"},\"inLanguage\":\"es\",\"potentialAction\":[{\"@type\":\"ReadAction\",\"target\":[\"https:\/\/ifesworld.org\/es\/prayerline\/latavia-se-va-a-otro-pais\/\"]}]},{\"@type\":\"ImageObject\",\"inLanguage\":\"es\",\"@id\":\"https:\/\/ifesworld.org\/es\/prayerline\/latavia-se-va-a-otro-pais\/#primaryimage\",\"url\":\"https:\/\/ifesworld.org\/wp-content\/uploads\/2023\/02\/IMG-20230125-WA0010.jpg\",\"contentUrl\":\"https:\/\/ifesworld.org\/wp-content\/uploads\/2023\/02\/IMG-20230125-WA0010.jpg\",\"width\":1600,\"height\":629},{\"@type\":\"BreadcrumbList\",\"@id\":\"https:\/\/ifesworld.org\/es\/prayerline\/latavia-se-va-a-otro-pais\/#breadcrumb\",\"itemListElement\":[{\"@type\":\"ListItem\",\"position\":1,\"name\":\"Home\",\"item\":\"https:\/\/ifesworld.org\/es\/\"},{\"@type\":\"ListItem\",\"position\":2,\"name\":\"Prayerline\",\"item\":\"https:\/\/ifesworld.org\/en\/prayerline\/\"},{\"@type\":\"ListItem\",\"position\":3,\"name\":\"Latavia se va a otro pa\u00eds\"}]},{\"@type\":\"WebSite\",\"@id\":\"https:\/\/ifesworld.org\/es\/#website\",\"url\":\"https:\/\/ifesworld.org\/es\/\",\"name\":\"IFES\",\"description\":\"A movement of students sharing and living out the good news of Jesus Christ. Locally. Nationally. Globally.\",\"publisher\":{\"@id\":\"https:\/\/ifesworld.org\/es\/#organization\"},\"potentialAction\":[{\"@type\":\"SearchAction\",\"target\":{\"@type\":\"EntryPoint\",\"urlTemplate\":\"https:\/\/ifesworld.org\/es\/?s={search_term_string}\"},\"query-input\":{\"@type\":\"PropertyValueSpecification\",\"valueRequired\":true,\"valueName\":\"search_term_string\"}}],\"inLanguage\":\"es\"},{\"@type\":\"Organization\",\"@id\":\"https:\/\/ifesworld.org\/es\/#organization\",\"name\":\"IFES \u00b7 International Fellowship of Evangelical Students\",\"url\":\"https:\/\/ifesworld.org\/es\/\",\"logo\":{\"@type\":\"ImageObject\",\"inLanguage\":\"es\",\"@id\":\"https:\/\/ifesworld.org\/es\/#\/schema\/logo\/image\/\",\"url\":\"https:\/\/ifesworld.org\/wp-content\/uploads\/2019\/06\/ifeslogo.png\",\"contentUrl\":\"https:\/\/ifesworld.org\/wp-content\/uploads\/2019\/06\/ifeslogo.png\",\"width\":262,\"height\":262,\"caption\":\"IFES \u00b7 International Fellowship of Evangelical Students\"},\"image\":{\"@id\":\"https:\/\/ifesworld.org\/es\/#\/schema\/logo\/image\/\"}}]}<\/script>\n<!-- \/ Yoast SEO plugin. -->","yoast_head_json":{"title":"Latavia se va a otro pa\u00eds &#183; IFES Prayerline","description":"\u201cOren por las Islas Caim\u00e1n, por favor env\u00eden obreros\u201d. Latavia, una obrera que llevaba muchos a\u00f1os trabajado con ISCF, el movimiento estudiantil de","robots":{"index":"index","follow":"follow","max-snippet":"max-snippet:-1","max-image-preview":"max-image-preview:large","max-video-preview":"max-video-preview:-1"},"canonical":"https:\/\/ifesworld.org\/es\/prayerline\/latavia-se-va-a-otro-pais\/","og_locale":"es_ES","og_type":"article","og_title":"Latavia se va a otro pa\u00eds &#183; IFES Prayerline","og_description":"\u201cOren por las Islas Caim\u00e1n, por favor env\u00eden obreros\u201d. Latavia, una obrera que llevaba muchos a\u00f1os trabajado con ISCF, el movimiento estudiantil de","og_url":"https:\/\/ifesworld.org\/es\/prayerline\/latavia-se-va-a-otro-pais\/","og_site_name":"IFES","article_modified_time":"2023-02-07T14:33:01+00:00","og_image":[{"width":1600,"height":629,"url":"https:\/\/ifesworld.org\/wp-content\/uploads\/2023\/02\/IMG-20230125-WA0010.jpg","type":"image\/jpeg"}],"twitter_card":"summary_large_image","twitter_misc":{"Tiempo de lectura":"3 minutos"},"schema":{"@context":"https:\/\/schema.org","@graph":[{"@type":"WebPage","@id":"https:\/\/ifesworld.org\/es\/prayerline\/latavia-se-va-a-otro-pais\/","url":"https:\/\/ifesworld.org\/es\/prayerline\/latavia-se-va-a-otro-pais\/","name":"Latavia se va a otro pa\u00eds &#183; IFES Prayerline","isPartOf":{"@id":"https:\/\/ifesworld.org\/es\/#website"},"primaryImageOfPage":{"@id":"https:\/\/ifesworld.org\/es\/prayerline\/latavia-se-va-a-otro-pais\/#primaryimage"},"image":{"@id":"https:\/\/ifesworld.org\/es\/prayerline\/latavia-se-va-a-otro-pais\/#primaryimage"},"thumbnailUrl":"https:\/\/ifesworld.org\/wp-content\/uploads\/2023\/02\/IMG-20230125-WA0010.jpg","datePublished":"2023-02-07T14:32:59+00:00","dateModified":"2023-02-07T14:33:01+00:00","description":"\u201cOren por las Islas Caim\u00e1n, por favor env\u00eden obreros\u201d. Latavia, una obrera que llevaba muchos a\u00f1os trabajado con ISCF, el movimiento estudiantil de","breadcrumb":{"@id":"https:\/\/ifesworld.org\/es\/prayerline\/latavia-se-va-a-otro-pais\/#breadcrumb"},"inLanguage":"es","potentialAction":[{"@type":"ReadAction","target":["https:\/\/ifesworld.org\/es\/prayerline\/latavia-se-va-a-otro-pais\/"]}]},{"@type":"ImageObject","inLanguage":"es","@id":"https:\/\/ifesworld.org\/es\/prayerline\/latavia-se-va-a-otro-pais\/#primaryimage","url":"https:\/\/ifesworld.org\/wp-content\/uploads\/2023\/02\/IMG-20230125-WA0010.jpg","contentUrl":"https:\/\/ifesworld.org\/wp-content\/uploads\/2023\/02\/IMG-20230125-WA0010.jpg","width":1600,"height":629},{"@type":"BreadcrumbList","@id":"https:\/\/ifesworld.org\/es\/prayerline\/latavia-se-va-a-otro-pais\/#breadcrumb","itemListElement":[{"@type":"ListItem","position":1,"name":"Home","item":"https:\/\/ifesworld.org\/es\/"},{"@type":"ListItem","position":2,"name":"Prayerline","item":"https:\/\/ifesworld.org\/en\/prayerline\/"},{"@type":"ListItem","position":3,"name":"Latavia se va a otro pa\u00eds"}]},{"@type":"WebSite","@id":"https:\/\/ifesworld.org\/es\/#website","url":"https:\/\/ifesworld.org\/es\/","name":"IFES","description":"A movement of students sharing and living out the good news of Jesus Christ. Locally. Nationally. Globally.","publisher":{"@id":"https:\/\/ifesworld.org\/es\/#organization"},"potentialAction":[{"@type":"SearchAction","target":{"@type":"EntryPoint","urlTemplate":"https:\/\/ifesworld.org\/es\/?s={search_term_string}"},"query-input":{"@type":"PropertyValueSpecification","valueRequired":true,"valueName":"search_term_string"}}],"inLanguage":"es"},{"@type":"Organization","@id":"https:\/\/ifesworld.org\/es\/#organization","name":"IFES \u00b7 International Fellowship of Evangelical Students","url":"https:\/\/ifesworld.org\/es\/","logo":{"@type":"ImageObject","inLanguage":"es","@id":"https:\/\/ifesworld.org\/es\/#\/schema\/logo\/image\/","url":"https:\/\/ifesworld.org\/wp-content\/uploads\/2019\/06\/ifeslogo.png","contentUrl":"https:\/\/ifesworld.org\/wp-content\/uploads\/2019\/06\/ifeslogo.png","width":262,"height":262,"caption":"IFES \u00b7 International Fellowship of Evangelical Students"},"image":{"@id":"https:\/\/ifesworld.org\/es\/#\/schema\/logo\/image\/"}}]}},"_links":{"self":[{"href":"https:\/\/ifesworld.org\/es\/wp-json\/wp\/v2\/prayerline\/21898","targetHints":{"allow":["GET"]}}],"collection":[{"href":"https:\/\/ifesworld.org\/es\/wp-json\/wp\/v2\/prayerline"}],"about":[{"href":"https:\/\/ifesworld.org\/es\/wp-json\/wp\/v2\/types\/prayerline"}],"wp:featuredmedia":[{"embeddable":true,"href":"https:\/\/ifesworld.org\/es\/wp-json\/wp\/v2\/media\/21523"}],"wp:attachment":[{"href":"https:\/\/ifesworld.org\/es\/wp-json\/wp\/v2\/media?parent=21898"}],"wp:term":[{"taxonomy":"area","embeddable":true,"href":"https:\/\/ifesworld.org\/es\/wp-json\/wp\/v2\/area?post=21898"},{"taxonomy":"theme","embeddable":true,"href":"https:\/\/ifesworld.org\/es\/wp-json\/wp\/v2\/theme?post=21898"}],"curies":[{"name":"wp","href":"https:\/\/api.w.org\/{rel}","templated":true}]}}