{"id":19455,"date":"2022-08-16T06:35:00","date_gmt":"2022-08-16T05:35:00","guid":{"rendered":"https:\/\/ifesworld.org\/?post_type=prayerline&#038;p=19455"},"modified":"2022-08-15T13:38:25","modified_gmt":"2022-08-15T12:38:25","slug":"sin-embargo-dios-se-esta-moviendo","status":"publish","type":"prayerline","link":"https:\/\/ifesworld.org\/es\/prayerline\/sin-embargo-dios-se-esta-moviendo\/","title":{"rendered":"Sin embargo, Dios se est\u00e1 moviendo\u00a0"},"content":{"rendered":"<div class=\"wp-block block-core-paragraph\">\n<p class=\"wp-block-paragraph\">Desde el golpe militar en febrero del a\u00f1o pasado, los habitantes de Myanmar han sufrido una violencia generalizada por parte de la junta militar.&nbsp; El conflicto b\u00e9lico ha resultado en miles de personas desplazadas y, <a href=\"https:\/\/www.ohchr.org\/es\/statements\/2022\/06\/50th-session-human-rights-council-oral-update-myanmar\" target=\"_blank\" rel=\"noreferrer noopener\">seg\u00fan la Alta Comisionada de la ONU para los Derechos Humanos<\/a>, la naci\u00f3n permanece \u201catrapada en un ciclo de pobreza y desplazamiento, abusos y violaciones de los derechos humanos&#8230; Las vidas y el futuro de los habitantes de Myanmar penden de un hilo\u201d.&nbsp;<\/p>\n<\/div>\n\n<div class=\"wp-block block-core-paragraph\">\n<p class=\"wp-block-paragraph\">Sawm es el Secretario General de MFES,&nbsp; <a href=\"https:\/\/www.facebook.com\/Myanmar-Fellowship-of-Evangelical-Students-MFES-1709327376022006\/\" target=\"_blank\" rel=\"noreferrer noopener\">el movimiento estudiantil de Myanmar<\/a>.&nbsp; \u00c9l nos cuenta que, a pesar de que ha pasado m\u00e1s de un a\u00f1o desde el golpe que result\u00f3 en la \u201cRevoluci\u00f3n de Primavera\u201d y de que muchos est\u00e1n volviendo al trabajo, la vida sigue siendo inestable.&nbsp; \u201cLos militares arrestan a los j\u00f3venes que est\u00e1n en las proximidades de cualquier ataque llevado a cabo por el brazo armado del exiliado Gobierno de Unidad Nacional, la Fuerza de Defensa del Pueblo, incluso cuando no han tenido nada que ver con el ataque\u201d, afirma Sawm.&nbsp; \u201cEn muchos pueblos, la gente no se atreve a salir por la tarde y sus casas est\u00e1n a oscuras por la noche. Algunas personas, entre ellas adolescentes, no pueden quedarse en su propio pueblo porque se las acusa de estar involucradas con la resistencia armada.&nbsp; Los militares arrestan a cualquiera que les parezca sospechoso, sin pruebas\u201d.&nbsp;&nbsp;<\/p>\n<\/div>\n\n<div class=\"wp-block block-core-paragraph\">\n<p class=\"wp-block-paragraph\">Los j\u00f3venes no tienen muchas opciones. Tal y como afirma Sawm, \u201co bien se unen a la FDP, encuentran un trabajo mal pagado en alguna f\u00e1brica de la ciudad o se van del pa\u00eds\u201d. La violencia y la injusticia generalizadas y continuas como, por ejemplo, el asesinato de un vecino de Sawm, tambi\u00e9n han impactado profundamente a los estudiantes.&nbsp; Muchos futuros estudiantes <a href=\"https:\/\/www.aljazeera.com\/news\/2021\/11\/3\/military-coup-kills-higher-education-dreams-in-myanmar\" target=\"_blank\" rel=\"noreferrer noopener\">se han unido a grupos de resistencia armada<\/a> en vez de ir a la universidad. \u201cLa semana pasada, uno de nuestros estudiantes desapareci\u00f3 mientras iba de camino a la iglesia.&nbsp; Todav\u00eda no sabemos exactamente d\u00f3nde est\u00e1, pero parece ser que los militares se lo han llevado. En la misma semana, unos ladrones robaron los celulares y las bolsas de tres estudiantes que iban en autob\u00fas\u201d, nos cuenta Sawm.&nbsp;&nbsp;&nbsp;<\/p>\n<\/div>\n\n<div class=\"wp-block block-core-paragraph\">\n<p class=\"wp-block-paragraph\">Sin embargo, en medio del desconcierto y el sufrimiento, Dios se est\u00e1 moviendo y el ministerio estudiantil contin\u00faa.&nbsp;&nbsp;<\/p>\n<\/div>\n\n<div class=\"wp-block block-core-paragraph\">\n<p class=\"wp-block-paragraph\">\u201cDios ha respondido a nuestras oraciones y nos ha dado un centro para nuestro ministerio, un lugar c\u00f3modo y seguro para formar amistades y compartir el evangelio\u201d, testifica Sawm. \u201cHemos empezado un nuevo club de ingl\u00e9s, as\u00ed como nuestro estudio b\u00edblico y las reuniones de comunidad\u201d. MFES tiene una visi\u00f3n basada en el \u00e9xito inicial del centro: \u201cQueremos crear un espacio neutral para todos los estudiantes, donde les ayudemos tanto acad\u00e9mica como emocionalmente durante este tiempo de crisis, adem\u00e1s de compartir el evangelio. Lo que realmente necesitamos es oraci\u00f3n, consejo y ayuda para que el ministerio sea significativo, eficaz y siga creciendo, incluso ahora\u201d.&nbsp;<\/p>\n<\/div>\n\n<div class=\"wp-block block-core-paragraph\">\n<p class=\"wp-block-paragraph\">A pesar de todo, el ministerio no hace m\u00e1s que crecer. Recientemente, Sawm pas\u00f3 tres d\u00edas visitando a estudiantes en una ciudad al otro lado del pa\u00eds.&nbsp; \u201cFue un verdadero privilegio explicar la importancia del ministerio estudiantil para extender el evangelio por todo Myanmar y observar un cambio en la sociedad,\u201d afirma. \u201cJuntos, hemos reinventado las posibilidades para un ministerio estudiantil eficaz\u201d. A medida que estudiaban Colosenses, el grupo de Sawm reconsider\u00f3 la soberan\u00eda de Jes\u00fas en todos los aspectos de sus vidas y oraron para que esta verdad los moldeara para que fueran \u2018sal y luz\u2019 en este mundo ca\u00f3tico.&nbsp;<\/p>\n<\/div>\n\n<div class=\"wp-block block-core-paragraph\">\n<p class=\"wp-block-paragraph\">Ora con nosotros por Sawm y los estudiantes de MFES.&nbsp;&nbsp;<\/p>\n<\/div>\n\n<div class=\"wp-block block-core-list\">\n<ul class=\"wp-block-list\"><li>Sawm nos pide: \u201cPor favor, sigan orando para que Dios sane pronto a nuestro colapsado pa\u00eds\u201d.\u00a0<\/li><li>Ora para que Dios d\u00e9 sabidur\u00eda y fuerza a MFES, a fin de que pueda servirle de manera eficaz.\u00a0\u00a0<\/li><li>Alaba a Dios por el centro, que \u00c9l ha prove\u00eddo para el ministerio, y sigue orando por las finanzas del mismo.\u00a0\u00a0\u00a0<\/li><li>Ora para que un estudiante de MFES que ha sido arrestado por los militares quede en libertad pronto y pueda volver a casa sano y salvo.\u00a0<\/li><\/ul>\n<\/div>","protected":false},"featured_media":19389,"template":"","area":[463,669],"theme":[],"class_list":["post-19455","prayerline","type-prayerline","status-publish","has-post-thumbnail","hentry","area-south-asia","area-myanmar"],"acf":[],"yoast_head":"<!-- This site is optimized with the Yoast SEO plugin v27.2 - https:\/\/yoast.com\/product\/yoast-seo-wordpress\/ -->\n<title>Sin embargo, Dios se est\u00e1 moviendo\u00a0 &#183; IFES Prayerline<\/title>\n<meta name=\"description\" content=\"Desde el golpe militar en febrero del a\u00f1o pasado, los habitantes de Myanmar han sufrido una violencia generalizada por parte de la junta militar.&nbsp; El\" \/>\n<meta name=\"robots\" content=\"index, follow, max-snippet:-1, max-image-preview:large, max-video-preview:-1\" \/>\n<link rel=\"canonical\" href=\"https:\/\/ifesworld.org\/en\/prayerline\/nonetheless-god-is-moving\/\" \/>\n<meta property=\"og:locale\" content=\"es_ES\" \/>\n<meta property=\"og:type\" content=\"article\" \/>\n<meta property=\"og:title\" content=\"Sin embargo, Dios se est\u00e1 moviendo\u00a0 &#183; IFES Prayerline\" \/>\n<meta property=\"og:description\" content=\"Desde el golpe militar en febrero del a\u00f1o pasado, los habitantes de Myanmar han sufrido una violencia generalizada por parte de la junta militar.&nbsp; El\" \/>\n<meta property=\"og:url\" content=\"https:\/\/ifesworld.org\/en\/prayerline\/nonetheless-god-is-moving\/\" \/>\n<meta property=\"og:site_name\" content=\"IFES\" \/>\n<meta property=\"og:image\" content=\"https:\/\/ifesworld.org\/wp-content\/uploads\/2022\/08\/myanmar.jpg\" \/>\n\t<meta property=\"og:image:width\" content=\"2048\" \/>\n\t<meta property=\"og:image:height\" content=\"1155\" \/>\n\t<meta property=\"og:image:type\" content=\"image\/jpeg\" \/>\n<meta name=\"twitter:card\" content=\"summary_large_image\" \/>\n<meta name=\"twitter:label1\" content=\"Tiempo de lectura\" \/>\n\t<meta name=\"twitter:data1\" content=\"3 minutos\" \/>\n<script type=\"application\/ld+json\" class=\"yoast-schema-graph\">{\"@context\":\"https:\/\/schema.org\",\"@graph\":[{\"@type\":\"WebPage\",\"@id\":\"https:\/\/ifesworld.org\/en\/prayerline\/nonetheless-god-is-moving\/\",\"url\":\"https:\/\/ifesworld.org\/en\/prayerline\/nonetheless-god-is-moving\/\",\"name\":\"Sin embargo, Dios se est\u00e1 moviendo\u00a0 &#183; IFES Prayerline\",\"isPartOf\":{\"@id\":\"https:\/\/ifesworld.org\/es\/#website\"},\"primaryImageOfPage\":{\"@id\":\"https:\/\/ifesworld.org\/en\/prayerline\/nonetheless-god-is-moving\/#primaryimage\"},\"image\":{\"@id\":\"https:\/\/ifesworld.org\/en\/prayerline\/nonetheless-god-is-moving\/#primaryimage\"},\"thumbnailUrl\":\"https:\/\/ifesworld.org\/wp-content\/uploads\/2022\/08\/myanmar.jpg\",\"datePublished\":\"2022-08-16T05:35:00+00:00\",\"description\":\"Desde el golpe militar en febrero del a\u00f1o pasado, los habitantes de Myanmar han sufrido una violencia generalizada por parte de la junta militar.&nbsp; El\",\"breadcrumb\":{\"@id\":\"https:\/\/ifesworld.org\/en\/prayerline\/nonetheless-god-is-moving\/#breadcrumb\"},\"inLanguage\":\"es\",\"potentialAction\":[{\"@type\":\"ReadAction\",\"target\":[\"https:\/\/ifesworld.org\/en\/prayerline\/nonetheless-god-is-moving\/\"]}]},{\"@type\":\"ImageObject\",\"inLanguage\":\"es\",\"@id\":\"https:\/\/ifesworld.org\/en\/prayerline\/nonetheless-god-is-moving\/#primaryimage\",\"url\":\"https:\/\/ifesworld.org\/wp-content\/uploads\/2022\/08\/myanmar.jpg\",\"contentUrl\":\"https:\/\/ifesworld.org\/wp-content\/uploads\/2022\/08\/myanmar.jpg\",\"width\":2048,\"height\":1155},{\"@type\":\"BreadcrumbList\",\"@id\":\"https:\/\/ifesworld.org\/en\/prayerline\/nonetheless-god-is-moving\/#breadcrumb\",\"itemListElement\":[{\"@type\":\"ListItem\",\"position\":1,\"name\":\"Home\",\"item\":\"https:\/\/ifesworld.org\/es\/\"},{\"@type\":\"ListItem\",\"position\":2,\"name\":\"Prayerline\",\"item\":\"https:\/\/ifesworld.org\/en\/prayerline\/\"},{\"@type\":\"ListItem\",\"position\":3,\"name\":\"Sin embargo, Dios se est\u00e1 moviendo\u00a0\"}]},{\"@type\":\"WebSite\",\"@id\":\"https:\/\/ifesworld.org\/es\/#website\",\"url\":\"https:\/\/ifesworld.org\/es\/\",\"name\":\"IFES\",\"description\":\"A movement of students sharing and living out the good news of Jesus Christ. Locally. Nationally. Globally.\",\"publisher\":{\"@id\":\"https:\/\/ifesworld.org\/es\/#organization\"},\"potentialAction\":[{\"@type\":\"SearchAction\",\"target\":{\"@type\":\"EntryPoint\",\"urlTemplate\":\"https:\/\/ifesworld.org\/es\/?s={search_term_string}\"},\"query-input\":{\"@type\":\"PropertyValueSpecification\",\"valueRequired\":true,\"valueName\":\"search_term_string\"}}],\"inLanguage\":\"es\"},{\"@type\":\"Organization\",\"@id\":\"https:\/\/ifesworld.org\/es\/#organization\",\"name\":\"IFES \u00b7 International Fellowship of Evangelical Students\",\"url\":\"https:\/\/ifesworld.org\/es\/\",\"logo\":{\"@type\":\"ImageObject\",\"inLanguage\":\"es\",\"@id\":\"https:\/\/ifesworld.org\/es\/#\/schema\/logo\/image\/\",\"url\":\"https:\/\/ifesworld.org\/wp-content\/uploads\/2019\/06\/ifeslogo.png\",\"contentUrl\":\"https:\/\/ifesworld.org\/wp-content\/uploads\/2019\/06\/ifeslogo.png\",\"width\":262,\"height\":262,\"caption\":\"IFES \u00b7 International Fellowship of Evangelical Students\"},\"image\":{\"@id\":\"https:\/\/ifesworld.org\/es\/#\/schema\/logo\/image\/\"}}]}<\/script>\n<!-- \/ Yoast SEO plugin. -->","yoast_head_json":{"title":"Sin embargo, Dios se est\u00e1 moviendo\u00a0 &#183; IFES Prayerline","description":"Desde el golpe militar en febrero del a\u00f1o pasado, los habitantes de Myanmar han sufrido una violencia generalizada por parte de la junta militar.&nbsp; El","robots":{"index":"index","follow":"follow","max-snippet":"max-snippet:-1","max-image-preview":"max-image-preview:large","max-video-preview":"max-video-preview:-1"},"canonical":"https:\/\/ifesworld.org\/en\/prayerline\/nonetheless-god-is-moving\/","og_locale":"es_ES","og_type":"article","og_title":"Sin embargo, Dios se est\u00e1 moviendo\u00a0 &#183; IFES Prayerline","og_description":"Desde el golpe militar en febrero del a\u00f1o pasado, los habitantes de Myanmar han sufrido una violencia generalizada por parte de la junta militar.&nbsp; El","og_url":"https:\/\/ifesworld.org\/en\/prayerline\/nonetheless-god-is-moving\/","og_site_name":"IFES","og_image":[{"width":2048,"height":1155,"url":"https:\/\/ifesworld.org\/wp-content\/uploads\/2022\/08\/myanmar.jpg","type":"image\/jpeg"}],"twitter_card":"summary_large_image","twitter_misc":{"Tiempo de lectura":"3 minutos"},"schema":{"@context":"https:\/\/schema.org","@graph":[{"@type":"WebPage","@id":"https:\/\/ifesworld.org\/en\/prayerline\/nonetheless-god-is-moving\/","url":"https:\/\/ifesworld.org\/en\/prayerline\/nonetheless-god-is-moving\/","name":"Sin embargo, Dios se est\u00e1 moviendo\u00a0 &#183; IFES Prayerline","isPartOf":{"@id":"https:\/\/ifesworld.org\/es\/#website"},"primaryImageOfPage":{"@id":"https:\/\/ifesworld.org\/en\/prayerline\/nonetheless-god-is-moving\/#primaryimage"},"image":{"@id":"https:\/\/ifesworld.org\/en\/prayerline\/nonetheless-god-is-moving\/#primaryimage"},"thumbnailUrl":"https:\/\/ifesworld.org\/wp-content\/uploads\/2022\/08\/myanmar.jpg","datePublished":"2022-08-16T05:35:00+00:00","description":"Desde el golpe militar en febrero del a\u00f1o pasado, los habitantes de Myanmar han sufrido una violencia generalizada por parte de la junta militar.&nbsp; El","breadcrumb":{"@id":"https:\/\/ifesworld.org\/en\/prayerline\/nonetheless-god-is-moving\/#breadcrumb"},"inLanguage":"es","potentialAction":[{"@type":"ReadAction","target":["https:\/\/ifesworld.org\/en\/prayerline\/nonetheless-god-is-moving\/"]}]},{"@type":"ImageObject","inLanguage":"es","@id":"https:\/\/ifesworld.org\/en\/prayerline\/nonetheless-god-is-moving\/#primaryimage","url":"https:\/\/ifesworld.org\/wp-content\/uploads\/2022\/08\/myanmar.jpg","contentUrl":"https:\/\/ifesworld.org\/wp-content\/uploads\/2022\/08\/myanmar.jpg","width":2048,"height":1155},{"@type":"BreadcrumbList","@id":"https:\/\/ifesworld.org\/en\/prayerline\/nonetheless-god-is-moving\/#breadcrumb","itemListElement":[{"@type":"ListItem","position":1,"name":"Home","item":"https:\/\/ifesworld.org\/es\/"},{"@type":"ListItem","position":2,"name":"Prayerline","item":"https:\/\/ifesworld.org\/en\/prayerline\/"},{"@type":"ListItem","position":3,"name":"Sin embargo, Dios se est\u00e1 moviendo\u00a0"}]},{"@type":"WebSite","@id":"https:\/\/ifesworld.org\/es\/#website","url":"https:\/\/ifesworld.org\/es\/","name":"IFES","description":"A movement of students sharing and living out the good news of Jesus Christ. Locally. Nationally. Globally.","publisher":{"@id":"https:\/\/ifesworld.org\/es\/#organization"},"potentialAction":[{"@type":"SearchAction","target":{"@type":"EntryPoint","urlTemplate":"https:\/\/ifesworld.org\/es\/?s={search_term_string}"},"query-input":{"@type":"PropertyValueSpecification","valueRequired":true,"valueName":"search_term_string"}}],"inLanguage":"es"},{"@type":"Organization","@id":"https:\/\/ifesworld.org\/es\/#organization","name":"IFES \u00b7 International Fellowship of Evangelical Students","url":"https:\/\/ifesworld.org\/es\/","logo":{"@type":"ImageObject","inLanguage":"es","@id":"https:\/\/ifesworld.org\/es\/#\/schema\/logo\/image\/","url":"https:\/\/ifesworld.org\/wp-content\/uploads\/2019\/06\/ifeslogo.png","contentUrl":"https:\/\/ifesworld.org\/wp-content\/uploads\/2019\/06\/ifeslogo.png","width":262,"height":262,"caption":"IFES \u00b7 International Fellowship of Evangelical Students"},"image":{"@id":"https:\/\/ifesworld.org\/es\/#\/schema\/logo\/image\/"}}]}},"_links":{"self":[{"href":"https:\/\/ifesworld.org\/es\/wp-json\/wp\/v2\/prayerline\/19455","targetHints":{"allow":["GET"]}}],"collection":[{"href":"https:\/\/ifesworld.org\/es\/wp-json\/wp\/v2\/prayerline"}],"about":[{"href":"https:\/\/ifesworld.org\/es\/wp-json\/wp\/v2\/types\/prayerline"}],"wp:featuredmedia":[{"embeddable":true,"href":"https:\/\/ifesworld.org\/es\/wp-json\/wp\/v2\/media\/19389"}],"wp:attachment":[{"href":"https:\/\/ifesworld.org\/es\/wp-json\/wp\/v2\/media?parent=19455"}],"wp:term":[{"taxonomy":"area","embeddable":true,"href":"https:\/\/ifesworld.org\/es\/wp-json\/wp\/v2\/area?post=19455"},{"taxonomy":"theme","embeddable":true,"href":"https:\/\/ifesworld.org\/es\/wp-json\/wp\/v2\/theme?post=19455"}],"curies":[{"name":"wp","href":"https:\/\/api.w.org\/{rel}","templated":true}]}}